{"id":30339006,"date":"2026-09-02T05:03:22","date_gmt":"2026-09-02T05:03:22","guid":{"rendered":"https:\/\/www.gestpropiedad.com\/inmueble\/venta\/piso\/illes-balears\/inca\/08jt056\/"},"modified":"2026-09-01T18:43:05","modified_gmt":"2026-09-01T18:43:05","slug":"first-floor-no-lift-rented-in-inca-08jt056","status":"publish","type":"property","link":"https:\/\/gestpropiedad.com\/en\/inmueble\/venta\/piso\/illes-balears\/inca\/08jt056\/","title":{"rendered":"FIRST FLOOR, NO LIFT, RENTED, IN INCA."},"content":{"rendered":"<p>Unique opportunity in the heart of Inca!<\/p>\n<p>Reference: 08JT056<\/p>\n<p>great investment opportunity<br \/>It is sold rented, (with current rental contract until 08.04.2028), (income of &euro;784 per month), (there has never been delays in payments, demonstrable).<\/p>\n<p>Surfaces:<br \/>Built: 126.80 m\u00b2 (simple note).<br \/>Built: 94 m\u00b2 (catastro).<br \/>Year of construction: 1980<\/p>\n<p>Presentation:<br \/>Spacious and cozy first urban floor, exclusively, with wonderful unobstructed views of the Tramuntana mountains from the community terrace, located in the central town of Inca, a few meters from the Inca Regional Hospital.<\/p>\n<p>It has 4 bedrooms, 1 bathroom, large dining room, separate kitchen, hall, laundry-pantry, and large communal solarium terrace.<\/p>\n<p>DOCUMENTATION:<br \/>CERTIFICATE OF HABITABILITY.<br \/>Energy certificate.<br \/>complying with legal requirements.<\/p>\n<p>Main features:<br \/>Southwest orientation: The house receives natural light throughout the day.<br \/>Its state of conservation is to reform.<\/p>\n<p>Distribution:<br \/>Receiver of 5.50 m\u00b2.<br \/>4 rooms, 3 doubles of 10 m\u00b2, 11 m\u00b2 and 18.50 m\u00b2, and 1 single of 7.30 m\u00b2 currently equipped as a dining room in the kitchen.<br \/>1 bathroom of 5 m\u00b2 with bathtub.<br \/>Kitchen of 8 m\u00b2, is delivered fully equipped and furnished with all appliances, including the washing machine, (dryer does not have).<br \/>Laundry-pantry of 2.80 m\u00b2 and electric thermos.<br \/>Living room of 24 m\u00b2.<br \/>cistern with community drinking water tank with extraction and pressure engine for the farm, of the 19 neighbors.<\/p>\n<p>Exteriors:<br \/>Spacious community terrace-solarium of approximately 220 m\u00b2 with unobstructed and panoramic views of the entire Sierra de Tramuntana.<\/p>\n<p>Air conditioning:<br \/>2 Split type machines for hot\/cold air conditioning, distributed in the main room, and in the living room.<\/p>\n<p>FINISHES AND EQUIPMENT:<br \/>stoneware floors.<br \/>Exterior carpentry: Mallorcan wood blinds in white (exterior) and green (interior) and windows in aluminum and wood.<br \/>North wood interior, varnished and lacquered carpentry.<br \/>Armored front door, with three-point security lock.<br \/>Telephone, television and fiber optic sockets (Internet).<\/p>\n<p>Extras:<br \/>Possibility to make another bathroom.<br \/>Possibility of installing city gas in the house.<br \/>Private independent DTT antenna.<\/p>\n<p>Location and services nearby:<br \/>Public parking at 100 meters.<br \/>Excellent public transport: TIP bus line, radio taxi and train.<br \/>Doctors: Regional Hospital of Inca, Hospital San Juan de Dios, Medical Center, Juaneda Inca, Horm\u00e9a Health Center.<br \/>Supermarkets: Hipercentro, various Mercadona and Erosky, Lidl, D\u00eda, Aldi, Ca,N Coric.<br \/>Schools: IES Berenguer, Pau Casesnoves, CEIP Miquel Duran, Blessed Franciscan Cirer, Saint Thomas Aquinas, Purity of Mary, Public Llevant, Blessed Ram\u00f3n Llull, Saint Vincent de Paul, Concertado La Salle, Sant Francesc.<br \/>Iglesias: Santa Maria la Mayor, Cristo Rey, Santo Domingo, San Francisco.<br \/>Places of general interest: Inca City Council, Local Police, Civil Guard, Plaza de Espa\u00f1a, Plaza Libertad, Museum of Footwear and Industry; Mateo Ca\u00f1ellas Sports Center, Municipal Sports Palace, Pavilion de la Cruz, Municipal Pools Catalina Corr\u00f3 Lorente.<\/p>\n<p>It is located just 25 minutes from the center of the city of Palma de Mallorca, the Son Espases Hospital, the airport.<br \/>And, approximately 40 minutes away, from all the wonderful beaches and coves of crystalline waters that surround our wonderful island.<\/p>\n<p>It is ideal for those looking for the quiet lifestyle of the Mallorcan town, one step away from all services, ideal to live all year round and with a privileged location in the center of the island of Mallorca.<\/p>\n<p>Don&#8217;t miss this opportunity!<br \/>Contact us to request more information or arrange a visit.<\/p>\n<p>Real estate agents registered in ROAIIB GOIBE65280\/2024.<\/p>\n","protected":false},"excerpt":{"rendered":"<p>Unique opportunity in the heart of Inca!~~Reference: 08JT056~~great investment opportunity~It is sold rented, (with current rental contract until 08.04.2028), (income of &euro;784 per month), (there has never been delays in payments, demonstrable).~~Surfaces:~Built: 126.80 m\u00b2 (simple note).~Built: 94 m\u00b2 (catastro).~Year of construction: <\/p>\n","protected":false},"author":4,"featured_media":30339008,"parent":0,"menu_order":0,"template":"","property_type":[1194],"property_status":[437],"property_feature":[1242,1234,1226,1247,1239,1224,1251,1255,1200,1290],"property_label":[],"property_state":[901],"property_city":[908],"property_area":[1343],"acf":[],"property_meta":{"fave_agent":["10014858"],"fave_agents":["10014858"],"fave_agent_display_option":["agent_info"],"fave_agency":["13003314"],"property_agent":["10014858"],"custom_permalink":["inmueble\/venta\/piso\/illes-balears\/inca\/08jt056\/"],"goapis_id_inmueble":["6629797976"],"goapis_images_hash":["195403cf3074cb696c984b596d5f8a8d"],"_thumbnail_id":["30339008"],"post_id":["Array"],"original_author":["4"],"_edit_lock":["1604137107:1"],"_edit_last":["1"],"fave_property_map_street_view":["show"],"fave_payment_status":["not_paid"],"fave_single_top_area":["global"],"fave_single_content_area":["global"],"houzez_manual_expire":["0"],"fave_property_size_prefix":["m&sup2;"],"fave_property_map":["1"],"fave_additional_features_enable":["disable"],"fave_floor_plans_enable":["disable"],"fave_multiunit_plans_enable":["disable"],"fave_prop_homeslider":["no"],"fave_featured":["3"],"fave_property_address":["Inca,Illes Balears"],"fave_property_zip":["07300"],"houzez_geolocation_lat":["39.724896025"],"houzez_geolocation_long":["2.918698223"],"fave_property_location":["39.724896025,2.918698223"],"fave_property_country":["ES"],"fave_property_map_address":["Inca,Illes Balears,Spain"],"referencia":["08jt056"],"fave_property_id":["08jt056"],"fave_property_bedrooms":["4"],"fave_property_bathrooms":["1"],"fave_property_garage":["0"],"fave_property_land":["0"],"ave_property_land_postfix":["m&sup2;"],"fave_property_size":["127"],"fave_property_year":["1980"],"fave_energy_global_index":["275.3 kWh\/m&sup2; \/79.69 Kg CO2\/m&sup2;"],"fave_energy_class":["G"],"estate_attr_energy_class":["G"],"REAL_HOMES_property_emisiones":["79.69"],"REAL_HOMES_property_consumo":["275.3"],"REAL_HOMES_property_letra":["G"],"estate_video":[""],"fave_virtual_tour":["<iframe src=\"https:\/\/crm.inmovilla.com\/fotosvr\/tour.php?cod=29797976.10961\" width=\"820\" height=\"500\" frameborder=\"0\" style=\"border:0\"><\/iframe><div class=\"enlacetour\"><a class=\"enlacetour2\" title=\"Ver tour virtual\" href=\"https:\/\/crm.inmovilla.com\/fotosvr\/tour.php?cod=29797976.10961\" target=\"_blank\">FULL SCREEN<\/a><\/div>"],"vendidoInmueble":[""],"fave_property_price":["279000"],"fave_property_price_postfix":[""],"fave_property_images":["30339008","30339009","30339010","30339011","30339012","30339013","30339014","30339015","30339016","30339017","30339018","30339019","30339020","30339021","30339022","30339023","30339024","30339025","30339026","30339027","30339028","30339029","30339030","30339031","30339032","30339033","30339034","30339035","30339036","30339037","30339038","30339039","30339040","30339041"],"houzez_total_property_views":["1"],"houzez_views_by_date":["a:1:{s:10:\"09-02-2026\";i:1;}"],"houzez_recently_viewed":["2026-09-02 19:58:08"]},"yoast_head":"<!-- This site is optimized with the Yoast SEO plugin v18.6 - https:\/\/yoast.com\/wordpress\/plugins\/seo\/ -->\n<title>FIRST FLOOR, NO LIFT, RENTED, IN INCA. - Gestpropiedad<\/title>\n<meta name=\"robots\" content=\"index, follow, max-snippet:-1, max-image-preview:large, max-video-preview:-1\" \/>\n<link rel=\"canonical\" href=\"https:\/\/gestpropiedad.com\/en\/inmueble\/venta\/piso\/illes-balears\/inca\/08jt056\/\" \/>\n<meta property=\"og:locale\" content=\"en_US\" \/>\n<meta property=\"og:type\" content=\"article\" \/>\n<meta property=\"og:title\" content=\"FIRST FLOOR, NO LIFT, RENTED, IN INCA. - Gestpropiedad\" \/>\n<meta property=\"og:description\" content=\"Unique opportunity in the heart of Inca!~~Reference: 08JT056~~great investment opportunity~It is sold rented, (with current rental contract until 08.04.2028), (income of &euro;784 per month), (there has never been delays in payments, demonstrable).~~Surfaces:~Built: 126.80 m\u00b2 (simple note).~Built: 94 m\u00b2 (catastro).~Year of construction:\" \/>\n<meta property=\"og:url\" content=\"https:\/\/gestpropiedad.com\/en\/inmueble\/venta\/piso\/illes-balears\/inca\/08jt056\/\" \/>\n<meta property=\"og:site_name\" content=\"Gestpropiedad\" \/>\n<meta property=\"article:modified_time\" content=\"2026-09-01T18:43:05+00:00\" \/>\n<meta property=\"og:image\" content=\"https:\/\/fotos15.apinmo.com\/10961\/29797976\/6-1.jpg\" \/>\n\t<meta property=\"og:image:width\" content=\"850\" \/>\n\t<meta property=\"og:image:height\" content=\"426\" \/>\n\t<meta property=\"og:image:type\" content=\"image\/jpeg\" \/>\n<meta name=\"twitter:card\" content=\"summary_large_image\" \/>\n<meta name=\"twitter:label1\" content=\"Est. reading time\" \/>\n\t<meta name=\"twitter:data1\" content=\"3 minutes\" \/>\n<script type=\"application\/ld+json\" class=\"yoast-schema-graph\">{\"@context\":\"https:\/\/schema.org\",\"@graph\":[{\"@type\":\"Organization\",\"@id\":\"https:\/\/gestpropiedad.com\/#organization\",\"name\":\"Gestpropiedad\",\"url\":\"https:\/\/gestpropiedad.com\/\",\"sameAs\":[],\"logo\":{\"@type\":\"ImageObject\",\"@id\":\"https:\/\/gestpropiedad.com\/#logo\",\"inLanguage\":\"en-US\",\"url\":\"https:\/\/gestpropiedad.com\/wp-content\/uploads\/2021\/11\/logogp-b.svg\",\"contentUrl\":\"https:\/\/gestpropiedad.com\/wp-content\/uploads\/2021\/11\/logogp-b.svg\",\"width\":115,\"height\":60,\"caption\":\"Gestpropiedad\"},\"image\":{\"@id\":\"https:\/\/gestpropiedad.com\/#logo\"}},{\"@type\":\"WebSite\",\"@id\":\"https:\/\/gestpropiedad.com\/#website\",\"url\":\"https:\/\/gestpropiedad.com\/\",\"name\":\"Gestpropiedad\",\"description\":\"Inmobiliaria especializada en Mallorca. Islas Baleares\",\"publisher\":{\"@id\":\"https:\/\/gestpropiedad.com\/#organization\"},\"potentialAction\":[{\"@type\":\"SearchAction\",\"target\":{\"@type\":\"EntryPoint\",\"urlTemplate\":\"https:\/\/gestpropiedad.com\/?s={search_term_string}\"},\"query-input\":\"required name=search_term_string\"}],\"inLanguage\":\"en-US\"},{\"@type\":\"ImageObject\",\"@id\":\"https:\/\/gestpropiedad.com\/en\/inmueble\/venta\/piso\/illes-balears\/inca\/08jt056\/#primaryimage\",\"inLanguage\":\"en-US\",\"url\":\"https:\/\/fotos15.apinmo.com\/10961\/29797976\/6-1.jpg\",\"contentUrl\":\"https:\/\/fotos15.apinmo.com\/10961\/29797976\/6-1.jpg\",\"width\":850,\"height\":426,\"caption\":\"Primer piso, sin ascensor, alquilado, en inca. - imagenInmueble0\"},{\"@type\":[\"WebPage\",\"RealEstateListing\"],\"@id\":\"https:\/\/gestpropiedad.com\/en\/inmueble\/venta\/piso\/illes-balears\/inca\/08jt056\/#webpage\",\"url\":\"https:\/\/gestpropiedad.com\/en\/inmueble\/venta\/piso\/illes-balears\/inca\/08jt056\/\",\"name\":\"FIRST FLOOR, NO LIFT, RENTED, IN INCA. - Gestpropiedad\",\"isPartOf\":{\"@id\":\"https:\/\/gestpropiedad.com\/#website\"},\"primaryImageOfPage\":{\"@id\":\"https:\/\/gestpropiedad.com\/en\/inmueble\/venta\/piso\/illes-balears\/inca\/08jt056\/#primaryimage\"},\"datePublished\":\"2026-09-02T05:03:22+00:00\",\"dateModified\":\"2026-09-01T18:43:05+00:00\",\"breadcrumb\":{\"@id\":\"https:\/\/gestpropiedad.com\/en\/inmueble\/venta\/piso\/illes-balears\/inca\/08jt056\/#breadcrumb\"},\"inLanguage\":\"en-US\",\"potentialAction\":[{\"@type\":\"ReadAction\",\"target\":[\"https:\/\/gestpropiedad.com\/en\/inmueble\/venta\/piso\/illes-balears\/inca\/08jt056\/\"]}]},{\"@type\":\"BreadcrumbList\",\"@id\":\"https:\/\/gestpropiedad.com\/en\/inmueble\/venta\/piso\/illes-balears\/inca\/08jt056\/#breadcrumb\",\"itemListElement\":[{\"@type\":\"ListItem\",\"position\":1,\"name\":\"Portada\",\"item\":\"https:\/\/gestpropiedad.com\/\"},{\"@type\":\"ListItem\",\"position\":2,\"name\":\"Eigenschaften\",\"item\":\"https:\/\/gestpropiedad.com\/de\/inmueble\/\"},{\"@type\":\"ListItem\",\"position\":3,\"name\":\"FIRST FLOOR, NO LIFT, RENTED, IN INCA.\"}]}]}<\/script>\n<!-- \/ Yoast SEO plugin. -->","yoast_head_json":{"title":"FIRST FLOOR, NO LIFT, RENTED, IN INCA. - Gestpropiedad","robots":{"index":"index","follow":"follow","max-snippet":"max-snippet:-1","max-image-preview":"max-image-preview:large","max-video-preview":"max-video-preview:-1"},"canonical":"https:\/\/gestpropiedad.com\/en\/inmueble\/venta\/piso\/illes-balears\/inca\/08jt056\/","og_locale":"en_US","og_type":"article","og_title":"FIRST FLOOR, NO LIFT, RENTED, IN INCA. - Gestpropiedad","og_description":"Unique opportunity in the heart of Inca!~~Reference: 08JT056~~great investment opportunity~It is sold rented, (with current rental contract until 08.04.2028), (income of &euro;784 per month), (there has never been delays in payments, demonstrable).~~Surfaces:~Built: 126.80 m\u00b2 (simple note).~Built: 94 m\u00b2 (catastro).~Year of construction:","og_url":"https:\/\/gestpropiedad.com\/en\/inmueble\/venta\/piso\/illes-balears\/inca\/08jt056\/","og_site_name":"Gestpropiedad","article_modified_time":"2026-09-01T18:43:05+00:00","og_image":[{"width":850,"height":426,"url":"https:\/\/fotos15.apinmo.com\/10961\/29797976\/6-1.jpg","type":"image\/jpeg"}],"twitter_card":"summary_large_image","twitter_misc":{"Est. reading time":"3 minutes"},"schema":{"@context":"https:\/\/schema.org","@graph":[{"@type":"Organization","@id":"https:\/\/gestpropiedad.com\/#organization","name":"Gestpropiedad","url":"https:\/\/gestpropiedad.com\/","sameAs":[],"logo":{"@type":"ImageObject","@id":"https:\/\/gestpropiedad.com\/#logo","inLanguage":"en-US","url":"https:\/\/gestpropiedad.com\/wp-content\/uploads\/2021\/11\/logogp-b.svg","contentUrl":"https:\/\/gestpropiedad.com\/wp-content\/uploads\/2021\/11\/logogp-b.svg","width":115,"height":60,"caption":"Gestpropiedad"},"image":{"@id":"https:\/\/gestpropiedad.com\/#logo"}},{"@type":"WebSite","@id":"https:\/\/gestpropiedad.com\/#website","url":"https:\/\/gestpropiedad.com\/","name":"Gestpropiedad","description":"Inmobiliaria especializada en Mallorca. Islas Baleares","publisher":{"@id":"https:\/\/gestpropiedad.com\/#organization"},"potentialAction":[{"@type":"SearchAction","target":{"@type":"EntryPoint","urlTemplate":"https:\/\/gestpropiedad.com\/?s={search_term_string}"},"query-input":"required name=search_term_string"}],"inLanguage":"en-US"},{"@type":"ImageObject","@id":"https:\/\/gestpropiedad.com\/en\/inmueble\/venta\/piso\/illes-balears\/inca\/08jt056\/#primaryimage","inLanguage":"en-US","url":"https:\/\/fotos15.apinmo.com\/10961\/29797976\/6-1.jpg","contentUrl":"https:\/\/fotos15.apinmo.com\/10961\/29797976\/6-1.jpg","width":850,"height":426,"caption":"Primer piso, sin ascensor, alquilado, en inca. - imagenInmueble0"},{"@type":["WebPage","RealEstateListing"],"@id":"https:\/\/gestpropiedad.com\/en\/inmueble\/venta\/piso\/illes-balears\/inca\/08jt056\/#webpage","url":"https:\/\/gestpropiedad.com\/en\/inmueble\/venta\/piso\/illes-balears\/inca\/08jt056\/","name":"FIRST FLOOR, NO LIFT, RENTED, IN INCA. - Gestpropiedad","isPartOf":{"@id":"https:\/\/gestpropiedad.com\/#website"},"primaryImageOfPage":{"@id":"https:\/\/gestpropiedad.com\/en\/inmueble\/venta\/piso\/illes-balears\/inca\/08jt056\/#primaryimage"},"datePublished":"2026-09-02T05:03:22+00:00","dateModified":"2026-09-01T18:43:05+00:00","breadcrumb":{"@id":"https:\/\/gestpropiedad.com\/en\/inmueble\/venta\/piso\/illes-balears\/inca\/08jt056\/#breadcrumb"},"inLanguage":"en-US","potentialAction":[{"@type":"ReadAction","target":["https:\/\/gestpropiedad.com\/en\/inmueble\/venta\/piso\/illes-balears\/inca\/08jt056\/"]}]},{"@type":"BreadcrumbList","@id":"https:\/\/gestpropiedad.com\/en\/inmueble\/venta\/piso\/illes-balears\/inca\/08jt056\/#breadcrumb","itemListElement":[{"@type":"ListItem","position":1,"name":"Portada","item":"https:\/\/gestpropiedad.com\/"},{"@type":"ListItem","position":2,"name":"Eigenschaften","item":"https:\/\/gestpropiedad.com\/de\/inmueble\/"},{"@type":"ListItem","position":3,"name":"FIRST FLOOR, NO LIFT, RENTED, IN INCA."}]}]}},"_links":{"self":[{"href":"https:\/\/gestpropiedad.com\/en\/wp-json\/wp\/v2\/properties\/30339006"}],"collection":[{"href":"https:\/\/gestpropiedad.com\/en\/wp-json\/wp\/v2\/properties"}],"about":[{"href":"https:\/\/gestpropiedad.com\/en\/wp-json\/wp\/v2\/types\/property"}],"author":[{"embeddable":true,"href":"https:\/\/gestpropiedad.com\/en\/wp-json\/wp\/v2\/users\/4"}],"version-history":[{"count":0,"href":"https:\/\/gestpropiedad.com\/en\/wp-json\/wp\/v2\/properties\/30339006\/revisions"}],"wp:featuredmedia":[{"embeddable":true,"href":"https:\/\/gestpropiedad.com\/en\/wp-json\/wp\/v2\/media\/30339008"}],"wp:attachment":[{"href":"https:\/\/gestpropiedad.com\/en\/wp-json\/wp\/v2\/media?parent=30339006"}],"wp:term":[{"taxonomy":"property_type","embeddable":true,"href":"https:\/\/gestpropiedad.com\/en\/wp-json\/wp\/v2\/property_type?post=30339006"},{"taxonomy":"property_status","embeddable":true,"href":"https:\/\/gestpropiedad.com\/en\/wp-json\/wp\/v2\/property_status?post=30339006"},{"taxonomy":"property_feature","embeddable":true,"href":"https:\/\/gestpropiedad.com\/en\/wp-json\/wp\/v2\/property_feature?post=30339006"},{"taxonomy":"property_label","embeddable":true,"href":"https:\/\/gestpropiedad.com\/en\/wp-json\/wp\/v2\/property_label?post=30339006"},{"taxonomy":"property_state","embeddable":true,"href":"https:\/\/gestpropiedad.com\/en\/wp-json\/wp\/v2\/property_state?post=30339006"},{"taxonomy":"property_city","embeddable":true,"href":"https:\/\/gestpropiedad.com\/en\/wp-json\/wp\/v2\/property_city?post=30339006"},{"taxonomy":"property_area","embeddable":true,"href":"https:\/\/gestpropiedad.com\/en\/wp-json\/wp\/v2\/property_area?post=30339006"}],"curies":[{"name":"wp","href":"https:\/\/api.w.org\/{rel}","templated":true}]}}