{"id":30338794,"date":"2026-09-01T05:03:15","date_gmt":"2026-09-01T05:03:15","guid":{"rendered":"https:\/\/www.gestpropiedad.com\/inmueble\/venta\/piso\/illes-balears\/palma\/01kdpa029\/"},"modified":"2026-08-28T11:03:49","modified_gmt":"2026-08-28T11:03:49","slug":"planta-baja-en-reforma-con-amplia-terraza-exterior-en-01kdpa029","status":"publish","type":"property","link":"https:\/\/gestpropiedad.com\/en\/inmueble\/venta\/piso\/illes-balears\/palma\/01kdpa029\/","title":{"rendered":"Planta baja en reforma con amplia terraza exterior"},"content":{"rendered":"<p>REFERENCIA: 01KDPA029<\/p>\n<p>Planta baja en reforma con amplia terraza exterior. <\/p>\n<p>Im\u00e1genes realizadas con Inteligencia artificial.<\/p>\n<p>Os presentamos esta exclusiva planta baja actualmente en proceso de reforma, dise\u00f1ada para ofrecer un hogar c\u00f3modo y acogedor, combinando espacios interiores amplios con una espectacular zona exterior privada.<\/p>\n<p>La vivienda contar\u00e1 con una distribuci\u00f3n funcional compuesta por:<br \/>&#8211; Amplio sal\u00f3n-comedor<br \/>&#8211; Cocina independiente con zona de comedor<br \/>&#8211; Tres dormitorios dobles<br \/>&#8211; Dos ba\u00f1os completos<br \/>&#8211; Terraza interior<br \/>&#8211; Amplia terraza exterior privada con c\u00e9sped artificial, zona de estar y comedor exterior<\/p>\n<p>El dise\u00f1o apuesta por un estilo mediterr\u00e1neo contempor\u00e1neo, con tonos naturales, madera, iluminaci\u00f3n c\u00e1lida y materiales que aportan una gran sensaci\u00f3n de confort y elegancia.<\/p>\n<p>Entre sus principales calidades destacan la cocina de dise\u00f1o con electrodom\u00e9sticos, carpinter\u00eda interior de madera, suelos en tonos naturales, iluminaci\u00f3n y amplios armarios empotrados.<\/p>\n<p>Uno de los grandes atractivos de la propiedad es su amplia terraza exterior, concebida como una extensi\u00f3n de la vivienda y equipada con diferentes ambientes para disfrutar del descanso, las comidas al aire libre y el clima mediterr\u00e1neo.<\/p>\n<p>Actualmente se encuentra en proceso de reforma, ofreciendo la oportunidad de adquirir una vivienda completamente renovada y con un dise\u00f1o cuidado hasta el \u00faltimo detalle.<\/p>\n<p>Si est\u00e1s buscando una vivienda, con espacios exteriores privados y un marcado car\u00e1cter mediterr\u00e1neo, no pierdas la oportunidad de conocerla y solicitar m\u00e1s informaci\u00f3n.<\/p>\n","protected":false},"excerpt":{"rendered":"<p>REFERENCIA: 01KDPA029~~Planta baja en reforma con amplia terraza exterior. ~~Im\u00e1genes realizadas con Inteligencia artificial.~~Os presentamos esta exclusiva planta baja actualmente en proceso de reforma, dise\u00f1ada para ofrecer un hogar c\u00f3modo y acogedor, combinando espacios interiores amplios con una espectacular zona exterior privada.<\/p>\n","protected":false},"author":4,"featured_media":30338796,"parent":0,"menu_order":0,"template":"","property_type":[1194],"property_status":[437],"property_feature":[1279,1234,1224,1230,1200],"property_label":[],"property_state":[901],"property_city":[902],"property_area":[996],"acf":[],"property_meta":{"fave_agent":["19569251"],"fave_agents":["19569251"],"fave_agent_display_option":["agent_info"],"fave_agency":["3010"],"property_agent":["19569251"],"custom_permalink":["inmueble\/venta\/piso\/illes-balears\/palma\/01kdpa029\/"],"goapis_id_inmueble":["6630027388"],"goapis_images_hash":["37da74477f2522cce738fec4d1fd79d6"],"_thumbnail_id":["30338796"],"post_id":["Array"],"original_author":["4"],"_edit_lock":["1604137107:1"],"_edit_last":["1"],"fave_property_map_street_view":["show"],"fave_payment_status":["not_paid"],"fave_single_top_area":["global"],"fave_single_content_area":["global"],"houzez_manual_expire":["0"],"fave_property_size_prefix":["m&sup2;"],"fave_property_map":["1"],"fave_additional_features_enable":["disable"],"fave_floor_plans_enable":["disable"],"fave_multiunit_plans_enable":["disable"],"fave_prop_homeslider":["no"],"fave_featured":["0"],"fave_property_address":["Palma,Illes Balears"],"fave_property_zip":["07004"],"houzez_geolocation_lat":["39.581260267"],"houzez_geolocation_long":["2.652976562"],"fave_property_location":["39.581260267,2.652976562"],"fave_property_country":["ES"],"fave_property_map_address":["Palma,Illes Balears,Spain"],"referencia":["01kdpa029"],"fave_property_id":["01kdpa029"],"fave_property_bedrooms":["3"],"fave_property_bathrooms":["2"],"fave_property_garage":["0"],"fave_property_land":["0"],"ave_property_land_postfix":["m&sup2;"],"fave_property_size":["118"],"fave_property_year":["1935"],"fave_energy_global_index":["0 kWh\/m&sup2; \/0 Kg CO2\/m&sup2;"],"fave_energy_class":["G"],"estate_attr_energy_class":["G"],"REAL_HOMES_property_emisiones":["0"],"REAL_HOMES_property_consumo":["0"],"REAL_HOMES_property_letra":["G"],"estate_video":[""],"fave_virtual_tour":[""],"vendidoInmueble":[""],"fave_property_price":["590000"],"fave_property_price_postfix":[""],"fave_property_images":["30338796","30338797","30338798","30338799","30338800","30338801","30338802","30338803","30338804","30338805","30338806","30338807","30338808","30338809","30338810","30338811","30338812","30338813"],"houzez_total_property_views":["13"],"houzez_views_by_date":["a:5:{s:10:\"08-28-2026\";i:1;s:10:\"08-29-2026\";i:4;s:10:\"08-30-2026\";i:4;s:10:\"08-31-2026\";i:3;s:10:\"09-01-2026\";i:1;}"],"houzez_recently_viewed":["2026-09-01 04:15:43"]},"yoast_head":"<!-- This site is optimized with the Yoast SEO plugin v18.6 - https:\/\/yoast.com\/wordpress\/plugins\/seo\/ -->\n<title>Planta baja en reforma con amplia terraza exterior - Gestpropiedad<\/title>\n<meta name=\"robots\" content=\"index, follow, max-snippet:-1, max-image-preview:large, max-video-preview:-1\" \/>\n<link rel=\"canonical\" href=\"https:\/\/gestpropiedad.com\/en\/inmueble\/venta\/piso\/illes-balears\/palma\/01kdpa029\/\" \/>\n<meta property=\"og:locale\" content=\"en_US\" \/>\n<meta property=\"og:type\" content=\"article\" \/>\n<meta property=\"og:title\" content=\"Planta baja en reforma con amplia terraza exterior - Gestpropiedad\" \/>\n<meta property=\"og:description\" content=\"REFERENCIA: 01KDPA029~~Planta baja en reforma con amplia terraza exterior. ~~Im\u00e1genes realizadas con Inteligencia artificial.~~Os presentamos esta exclusiva planta baja actualmente en proceso de reforma, dise\u00f1ada para ofrecer un hogar c\u00f3modo y acogedor, combinando espacios interiores amplios con una espectacular zona exterior privada.\" \/>\n<meta property=\"og:url\" content=\"https:\/\/gestpropiedad.com\/en\/inmueble\/venta\/piso\/illes-balears\/palma\/01kdpa029\/\" \/>\n<meta property=\"og:site_name\" content=\"Gestpropiedad\" \/>\n<meta property=\"article:modified_time\" content=\"2026-08-28T11:03:49+00:00\" \/>\n<meta property=\"og:image\" content=\"https:\/\/fotos15.apinmo.com\/3010\/30027388\/8-1.jpg\" \/>\n\t<meta property=\"og:image:width\" content=\"850\" \/>\n\t<meta property=\"og:image:height\" content=\"426\" \/>\n\t<meta property=\"og:image:type\" content=\"image\/jpeg\" \/>\n<meta name=\"twitter:card\" content=\"summary_large_image\" \/>\n<meta name=\"twitter:label1\" content=\"Est. reading time\" \/>\n\t<meta name=\"twitter:data1\" content=\"1 minute\" \/>\n<script type=\"application\/ld+json\" class=\"yoast-schema-graph\">{\"@context\":\"https:\/\/schema.org\",\"@graph\":[{\"@type\":\"Organization\",\"@id\":\"https:\/\/gestpropiedad.com\/#organization\",\"name\":\"Gestpropiedad\",\"url\":\"https:\/\/gestpropiedad.com\/\",\"sameAs\":[],\"logo\":{\"@type\":\"ImageObject\",\"@id\":\"https:\/\/gestpropiedad.com\/#logo\",\"inLanguage\":\"en-US\",\"url\":\"https:\/\/gestpropiedad.com\/wp-content\/uploads\/2021\/11\/logogp-b.svg\",\"contentUrl\":\"https:\/\/gestpropiedad.com\/wp-content\/uploads\/2021\/11\/logogp-b.svg\",\"width\":115,\"height\":60,\"caption\":\"Gestpropiedad\"},\"image\":{\"@id\":\"https:\/\/gestpropiedad.com\/#logo\"}},{\"@type\":\"WebSite\",\"@id\":\"https:\/\/gestpropiedad.com\/#website\",\"url\":\"https:\/\/gestpropiedad.com\/\",\"name\":\"Gestpropiedad\",\"description\":\"Inmobiliaria especializada en Mallorca. Islas Baleares\",\"publisher\":{\"@id\":\"https:\/\/gestpropiedad.com\/#organization\"},\"potentialAction\":[{\"@type\":\"SearchAction\",\"target\":{\"@type\":\"EntryPoint\",\"urlTemplate\":\"https:\/\/gestpropiedad.com\/?s={search_term_string}\"},\"query-input\":\"required name=search_term_string\"}],\"inLanguage\":\"en-US\"},{\"@type\":\"ImageObject\",\"@id\":\"https:\/\/gestpropiedad.com\/en\/inmueble\/venta\/piso\/illes-balears\/palma\/01kdpa029\/#primaryimage\",\"inLanguage\":\"en-US\",\"url\":\"https:\/\/fotos15.apinmo.com\/3010\/30027388\/8-1.jpg\",\"contentUrl\":\"https:\/\/fotos15.apinmo.com\/3010\/30027388\/8-1.jpg\",\"width\":850,\"height\":426,\"caption\":\"Planta baja en reforma con amplia terraza exterior - imagenInmueble0\"},{\"@type\":[\"WebPage\",\"RealEstateListing\"],\"@id\":\"https:\/\/gestpropiedad.com\/en\/inmueble\/venta\/piso\/illes-balears\/palma\/01kdpa029\/#webpage\",\"url\":\"https:\/\/gestpropiedad.com\/en\/inmueble\/venta\/piso\/illes-balears\/palma\/01kdpa029\/\",\"name\":\"Planta baja en reforma con amplia terraza exterior - Gestpropiedad\",\"isPartOf\":{\"@id\":\"https:\/\/gestpropiedad.com\/#website\"},\"primaryImageOfPage\":{\"@id\":\"https:\/\/gestpropiedad.com\/en\/inmueble\/venta\/piso\/illes-balears\/palma\/01kdpa029\/#primaryimage\"},\"datePublished\":\"2026-09-01T05:03:15+00:00\",\"dateModified\":\"2026-08-28T11:03:49+00:00\",\"breadcrumb\":{\"@id\":\"https:\/\/gestpropiedad.com\/en\/inmueble\/venta\/piso\/illes-balears\/palma\/01kdpa029\/#breadcrumb\"},\"inLanguage\":\"en-US\",\"potentialAction\":[{\"@type\":\"ReadAction\",\"target\":[\"https:\/\/gestpropiedad.com\/en\/inmueble\/venta\/piso\/illes-balears\/palma\/01kdpa029\/\"]}]},{\"@type\":\"BreadcrumbList\",\"@id\":\"https:\/\/gestpropiedad.com\/en\/inmueble\/venta\/piso\/illes-balears\/palma\/01kdpa029\/#breadcrumb\",\"itemListElement\":[{\"@type\":\"ListItem\",\"position\":1,\"name\":\"Portada\",\"item\":\"https:\/\/gestpropiedad.com\/\"},{\"@type\":\"ListItem\",\"position\":2,\"name\":\"Eigenschaften\",\"item\":\"https:\/\/gestpropiedad.com\/de\/inmueble\/\"},{\"@type\":\"ListItem\",\"position\":3,\"name\":\"Planta baja en reforma con amplia terraza exterior\"}]}]}<\/script>\n<!-- \/ Yoast SEO plugin. -->","yoast_head_json":{"title":"Planta baja en reforma con amplia terraza exterior - Gestpropiedad","robots":{"index":"index","follow":"follow","max-snippet":"max-snippet:-1","max-image-preview":"max-image-preview:large","max-video-preview":"max-video-preview:-1"},"canonical":"https:\/\/gestpropiedad.com\/en\/inmueble\/venta\/piso\/illes-balears\/palma\/01kdpa029\/","og_locale":"en_US","og_type":"article","og_title":"Planta baja en reforma con amplia terraza exterior - Gestpropiedad","og_description":"REFERENCIA: 01KDPA029~~Planta baja en reforma con amplia terraza exterior. ~~Im\u00e1genes realizadas con Inteligencia artificial.~~Os presentamos esta exclusiva planta baja actualmente en proceso de reforma, dise\u00f1ada para ofrecer un hogar c\u00f3modo y acogedor, combinando espacios interiores amplios con una espectacular zona exterior privada.","og_url":"https:\/\/gestpropiedad.com\/en\/inmueble\/venta\/piso\/illes-balears\/palma\/01kdpa029\/","og_site_name":"Gestpropiedad","article_modified_time":"2026-08-28T11:03:49+00:00","og_image":[{"width":850,"height":426,"url":"https:\/\/fotos15.apinmo.com\/3010\/30027388\/8-1.jpg","type":"image\/jpeg"}],"twitter_card":"summary_large_image","twitter_misc":{"Est. reading time":"1 minute"},"schema":{"@context":"https:\/\/schema.org","@graph":[{"@type":"Organization","@id":"https:\/\/gestpropiedad.com\/#organization","name":"Gestpropiedad","url":"https:\/\/gestpropiedad.com\/","sameAs":[],"logo":{"@type":"ImageObject","@id":"https:\/\/gestpropiedad.com\/#logo","inLanguage":"en-US","url":"https:\/\/gestpropiedad.com\/wp-content\/uploads\/2021\/11\/logogp-b.svg","contentUrl":"https:\/\/gestpropiedad.com\/wp-content\/uploads\/2021\/11\/logogp-b.svg","width":115,"height":60,"caption":"Gestpropiedad"},"image":{"@id":"https:\/\/gestpropiedad.com\/#logo"}},{"@type":"WebSite","@id":"https:\/\/gestpropiedad.com\/#website","url":"https:\/\/gestpropiedad.com\/","name":"Gestpropiedad","description":"Inmobiliaria especializada en Mallorca. Islas Baleares","publisher":{"@id":"https:\/\/gestpropiedad.com\/#organization"},"potentialAction":[{"@type":"SearchAction","target":{"@type":"EntryPoint","urlTemplate":"https:\/\/gestpropiedad.com\/?s={search_term_string}"},"query-input":"required name=search_term_string"}],"inLanguage":"en-US"},{"@type":"ImageObject","@id":"https:\/\/gestpropiedad.com\/en\/inmueble\/venta\/piso\/illes-balears\/palma\/01kdpa029\/#primaryimage","inLanguage":"en-US","url":"https:\/\/fotos15.apinmo.com\/3010\/30027388\/8-1.jpg","contentUrl":"https:\/\/fotos15.apinmo.com\/3010\/30027388\/8-1.jpg","width":850,"height":426,"caption":"Planta baja en reforma con amplia terraza exterior - imagenInmueble0"},{"@type":["WebPage","RealEstateListing"],"@id":"https:\/\/gestpropiedad.com\/en\/inmueble\/venta\/piso\/illes-balears\/palma\/01kdpa029\/#webpage","url":"https:\/\/gestpropiedad.com\/en\/inmueble\/venta\/piso\/illes-balears\/palma\/01kdpa029\/","name":"Planta baja en reforma con amplia terraza exterior - Gestpropiedad","isPartOf":{"@id":"https:\/\/gestpropiedad.com\/#website"},"primaryImageOfPage":{"@id":"https:\/\/gestpropiedad.com\/en\/inmueble\/venta\/piso\/illes-balears\/palma\/01kdpa029\/#primaryimage"},"datePublished":"2026-09-01T05:03:15+00:00","dateModified":"2026-08-28T11:03:49+00:00","breadcrumb":{"@id":"https:\/\/gestpropiedad.com\/en\/inmueble\/venta\/piso\/illes-balears\/palma\/01kdpa029\/#breadcrumb"},"inLanguage":"en-US","potentialAction":[{"@type":"ReadAction","target":["https:\/\/gestpropiedad.com\/en\/inmueble\/venta\/piso\/illes-balears\/palma\/01kdpa029\/"]}]},{"@type":"BreadcrumbList","@id":"https:\/\/gestpropiedad.com\/en\/inmueble\/venta\/piso\/illes-balears\/palma\/01kdpa029\/#breadcrumb","itemListElement":[{"@type":"ListItem","position":1,"name":"Portada","item":"https:\/\/gestpropiedad.com\/"},{"@type":"ListItem","position":2,"name":"Eigenschaften","item":"https:\/\/gestpropiedad.com\/de\/inmueble\/"},{"@type":"ListItem","position":3,"name":"Planta baja en reforma con amplia terraza exterior"}]}]}},"_links":{"self":[{"href":"https:\/\/gestpropiedad.com\/en\/wp-json\/wp\/v2\/properties\/30338794"}],"collection":[{"href":"https:\/\/gestpropiedad.com\/en\/wp-json\/wp\/v2\/properties"}],"about":[{"href":"https:\/\/gestpropiedad.com\/en\/wp-json\/wp\/v2\/types\/property"}],"author":[{"embeddable":true,"href":"https:\/\/gestpropiedad.com\/en\/wp-json\/wp\/v2\/users\/4"}],"version-history":[{"count":0,"href":"https:\/\/gestpropiedad.com\/en\/wp-json\/wp\/v2\/properties\/30338794\/revisions"}],"wp:featuredmedia":[{"embeddable":true,"href":"https:\/\/gestpropiedad.com\/en\/wp-json\/wp\/v2\/media\/30338796"}],"wp:attachment":[{"href":"https:\/\/gestpropiedad.com\/en\/wp-json\/wp\/v2\/media?parent=30338794"}],"wp:term":[{"taxonomy":"property_type","embeddable":true,"href":"https:\/\/gestpropiedad.com\/en\/wp-json\/wp\/v2\/property_type?post=30338794"},{"taxonomy":"property_status","embeddable":true,"href":"https:\/\/gestpropiedad.com\/en\/wp-json\/wp\/v2\/property_status?post=30338794"},{"taxonomy":"property_feature","embeddable":true,"href":"https:\/\/gestpropiedad.com\/en\/wp-json\/wp\/v2\/property_feature?post=30338794"},{"taxonomy":"property_label","embeddable":true,"href":"https:\/\/gestpropiedad.com\/en\/wp-json\/wp\/v2\/property_label?post=30338794"},{"taxonomy":"property_state","embeddable":true,"href":"https:\/\/gestpropiedad.com\/en\/wp-json\/wp\/v2\/property_state?post=30338794"},{"taxonomy":"property_city","embeddable":true,"href":"https:\/\/gestpropiedad.com\/en\/wp-json\/wp\/v2\/property_city?post=30338794"},{"taxonomy":"property_area","embeddable":true,"href":"https:\/\/gestpropiedad.com\/en\/wp-json\/wp\/v2\/property_area?post=30338794"}],"curies":[{"name":"wp","href":"https:\/\/api.w.org\/{rel}","templated":true}]}}