

{"id":28496649,"date":"2026-04-28T13:57:31","date_gmt":"2026-04-28T13:57:31","guid":{"rendered":"https:\/\/www.gestpropiedad.com\/inmueble\/alquiler\/piso\/illes-balears\/calvia\/01pa015\/"},"modified":"2026-04-28T13:57:31","modified_gmt":"2026-04-28T13:57:31","slug":"piso-de-dos-habitaciones-con-vistas-al-puerto-en-santa-ponca-en-01pa015","status":"publish","type":"property","link":"https:\/\/gestpropiedad.com\/en\/inmueble\/alquiler\/piso\/illes-balears\/calvia\/01pa015\/","title":{"rendered":"Piso de dos habitaciones con vistas al puerto en Santa Pon\u00e7a"},"content":{"rendered":"<p>Piso de dos habitaciones con vistas al puerto en Santa Pon\u00e7a.<\/p>\n<p>Descubre este acogedor y luminoso piso, ideal para quienes buscan tranquilidad, comodidad y unas vistas privilegiadas al puerto de Santa Pon\u00e7a. Una vivienda perfecta para disfrutar del entorno mediterr\u00e1neo durante todo el a\u00f1o.<\/p>\n<p>La propiedad  es un tercer piso con ascensor, cuenta con dos habitaciones, espaciosas y bien distribuidas, adem\u00e1s de un ba\u00f1o completo, funcional y c\u00f3modo. El sal\u00f3n se convierte en el coraz\u00f3n del hogar, con acceso a las vistas al puerto que aportan luz natural y una sensaci\u00f3n \u00fanica de amplitud.<\/p>\n<p>El edificio ofrece excelentes zonas comunes, incluyendo piscina comunitaria y acceso directo al puerto mediante una bajada privada, lo que convierte esta vivienda en una opci\u00f3n exclusiva.<\/p>\n<p>&#8211; Caracter\u00edsticas principales:<br \/>* 2 habitaciones<br \/>* 1 ba\u00f1o completo<br \/>* Vistas al puerto de Santa Pon\u00e7a<br \/>* Piscina comunitaria<br \/>* Trastero<br \/>* Bajada privada al puerto<br \/>* Parking exterior en zona comunitaria (seg\u00fan disponibilidad)<\/p>\n<p>&#8211; Condiciones del alquiler:<br \/>* Precio: 2.300 &euro; al mes<br \/>* Fianza: 2 meses (4.600&euro;) Garant\u00eda y fianza<br \/>* Se priorizan contratos de larga duraci\u00f3n<br \/>  *(Para estancias inferiores a 1 a\u00f1o, el precio mensual ser\u00e1 superior \u2014 a consultar seg\u00fan perfil)*<\/p>\n<p>&#8211; Incluido en el precio:<br \/>* Gastos de comunidad<br \/>* Consumo de agua<br \/>* Acceso a piscina comunitaria y al puerto<br \/>* IBI<br \/>* Seguro del piso (no incluye objetos personales)<br \/>* Parking exterior comunitario (seg\u00fan disponibilidad)<br \/>* Trastero<\/p>\n<p>&#8211; A cargo del inquilino:<br \/>* Electricidad (a su nombre, salvo alquileres de corta duraci\u00f3n)<br \/>* Tel\u00e9fono \/ Fibra \u00f3ptica (actualmente no instalada, con posibilidad de gesti\u00f3n r\u00e1pida)<br \/>* Impuesto de basuras (150&euro; anuales)<\/p>\n<p>Ubicado en Santa Pon\u00e7a, una de las zonas m\u00e1s demandadas del suroeste de Mallorca, donde podr\u00e1s disfrutar de la cercan\u00eda al mar, servicios y un entorno privilegiado.<\/p>\n<p>Una oportunidad \u00fanica para vivir junto al puerto, con acceso directo al mar y todas las comodidades.<\/p>\n<p>Para m\u00e1s informaci\u00f3n o visitas, no dudes en contactar.<\/p>\n<p>REFERENCIA: 01PA015<\/p>\n","protected":false},"excerpt":{"rendered":"<p>Piso de dos habitaciones con vistas al puerto en Santa Pon\u00e7a.~~Descubre este acogedor y luminoso piso, ideal para quienes buscan tranquilidad, comodidad y unas vistas privilegiadas al puerto de Santa Pon\u00e7a. Una vivienda perfecta para disfrutar del entorno mediterr\u00e1neo durante todo el a\u00f1o.~~La propiedad  es un tercer piso con ascensor, <\/p>\n","protected":false},"author":4,"featured_media":28496651,"parent":0,"menu_order":0,"template":"","property_type":[1194],"property_status":[419],"property_feature":[1242,1197,1234,1226,1224,1217],"property_label":[],"property_state":[901],"property_city":[931],"property_area":[1893],"acf":[],"property_meta":{"fave_agent":["19569251"],"fave_agents":["19569251"],"fave_agent_display_option":["agent_info"],"fave_agency":["3010"],"property_agent":["19569251"],"custom_permalink":["inmueble\/alquiler\/piso\/illes-balears\/calvia\/01pa015\/"],"_thumbnail_id":["28496651"],"post_id":["Array"],"original_author":["4"],"_edit_lock":["1604137107:1"],"_edit_last":["1"],"fave_property_map_street_view":["show"],"fave_payment_status":["not_paid"],"fave_single_top_area":["global"],"fave_single_content_area":["global"],"houzez_manual_expire":["0"],"fave_property_size_prefix":["m&sup2;"],"fave_property_map":["1"],"fave_additional_features_enable":["disable"],"fave_floor_plans_enable":["disable"],"fave_multiunit_plans_enable":["disable"],"fave_prop_homeslider":["no"],"fave_featured":["0"],"fave_property_address":["Calvi\u00e0,Illes Balears"],"fave_property_zip":["07180"],"houzez_geolocation_lat":["39.510968318"],"houzez_geolocation_long":["2.466046135"],"fave_property_location":["39.510968318,2.466046135"],"fave_property_country":["ES"],"fave_property_map_address":["Calvi\u00e0,Illes Balears,Spain"],"referencia":["01pa015"],"fave_property_id":["01pa015"],"fave_property_bedrooms":["2"],"fave_property_bathrooms":["1"],"fave_property_garage":["0"],"fave_property_land":["0"],"ave_property_land_postfix":["m&sup2;"],"fave_property_size":["97"],"fave_property_year":["1978"],"fave_energy_global_index":["0 kWh\/m&sup2; \/1234.99 Kg CO2\/m&sup2;"],"fave_energy_class":["N"],"estate_attr_energy_class":["N"],"REAL_HOMES_property_emisiones":["1234.99"],"REAL_HOMES_property_consumo":["0"],"REAL_HOMES_property_letra":["N"],"estate_video":[""],"fave_virtual_tour":["<iframe src=\"https:\/\/crm.inmovilla.com\/fotosvr\/tour.php?cod=28902362.3010\" width=\"820\" height=\"500\" frameborder=\"0\" style=\"border:0\"><\/iframe><div class=\"enlacetour\"><a class=\"enlacetour2\" title=\"Ver tour virtual\" href=\"https:\/\/crm.inmovilla.com\/fotosvr\/tour.php?cod=28902362.3010\" target=\"_blank\">FULL SCREEN<\/a><\/div>"],"vendidoInmueble":[""],"fave_property_price":["2300"],"fave_property_price_postfix":["mes"],"fave_property_images":["28496651","28496652","28496653","28496654","28496655","28496656","28496657","28496658","28496659","28496660","28496661","28496662","28496663","28496664","28496665","28496666","28496667","28496668","28496669","28496670","28496671","28496672","28496673","28496674","28496675","28496676"],"houzez_total_property_views":["2"],"houzez_views_by_date":["a:1:{s:10:\"05-02-2026\";i:2;}"],"houzez_recently_viewed":["2026-05-02 13:16:09"]},"yoast_head":"<!-- This site is optimized with the Yoast SEO plugin v18.6 - https:\/\/yoast.com\/wordpress\/plugins\/seo\/ -->\n<title>Piso de dos habitaciones con vistas al puerto en Santa Pon\u00e7a - Gestpropiedad<\/title>\n<meta name=\"robots\" content=\"index, follow, max-snippet:-1, max-image-preview:large, max-video-preview:-1\" \/>\n<link rel=\"canonical\" href=\"https:\/\/gestpropiedad.com\/en\/inmueble\/alquiler\/piso\/illes-balears\/calvia\/01pa015\/\" \/>\n<meta property=\"og:locale\" content=\"en_US\" \/>\n<meta property=\"og:type\" content=\"article\" \/>\n<meta property=\"og:title\" content=\"Piso de dos habitaciones con vistas al puerto en Santa Pon\u00e7a - Gestpropiedad\" \/>\n<meta property=\"og:description\" content=\"Piso de dos habitaciones con vistas al puerto en Santa Pon\u00e7a.~~Descubre este acogedor y luminoso piso, ideal para quienes buscan tranquilidad, comodidad y unas vistas privilegiadas al puerto de Santa Pon\u00e7a. Una vivienda perfecta para disfrutar del entorno mediterr\u00e1neo durante todo el a\u00f1o.~~La propiedad es un tercer piso con ascensor,\" \/>\n<meta property=\"og:url\" content=\"https:\/\/gestpropiedad.com\/en\/inmueble\/alquiler\/piso\/illes-balears\/calvia\/01pa015\/\" \/>\n<meta property=\"og:site_name\" content=\"Gestpropiedad\" \/>\n<meta property=\"og:image\" content=\"https:\/\/fotos15.apinmo.com\/3010\/28902362\/3-1.jpg\" \/>\n\t<meta property=\"og:image:width\" content=\"850\" \/>\n\t<meta property=\"og:image:height\" content=\"426\" \/>\n\t<meta property=\"og:image:type\" content=\"image\/jpeg\" \/>\n<meta name=\"twitter:card\" content=\"summary_large_image\" \/>\n<meta name=\"twitter:label1\" content=\"Est. reading time\" \/>\n\t<meta name=\"twitter:data1\" content=\"2 minutes\" \/>\n<script type=\"application\/ld+json\" class=\"yoast-schema-graph\">{\"@context\":\"https:\/\/schema.org\",\"@graph\":[{\"@type\":\"Organization\",\"@id\":\"https:\/\/gestpropiedad.com\/#organization\",\"name\":\"Gestpropiedad\",\"url\":\"https:\/\/gestpropiedad.com\/\",\"sameAs\":[],\"logo\":{\"@type\":\"ImageObject\",\"@id\":\"https:\/\/gestpropiedad.com\/#logo\",\"inLanguage\":\"en-US\",\"url\":\"https:\/\/gestpropiedad.com\/wp-content\/uploads\/2021\/11\/logogp-b.svg\",\"contentUrl\":\"https:\/\/gestpropiedad.com\/wp-content\/uploads\/2021\/11\/logogp-b.svg\",\"width\":115,\"height\":60,\"caption\":\"Gestpropiedad\"},\"image\":{\"@id\":\"https:\/\/gestpropiedad.com\/#logo\"}},{\"@type\":\"WebSite\",\"@id\":\"https:\/\/gestpropiedad.com\/#website\",\"url\":\"https:\/\/gestpropiedad.com\/\",\"name\":\"Gestpropiedad\",\"description\":\"Inmobiliaria especializada en Mallorca. Islas Baleares\",\"publisher\":{\"@id\":\"https:\/\/gestpropiedad.com\/#organization\"},\"potentialAction\":[{\"@type\":\"SearchAction\",\"target\":{\"@type\":\"EntryPoint\",\"urlTemplate\":\"https:\/\/gestpropiedad.com\/?s={search_term_string}\"},\"query-input\":\"required name=search_term_string\"}],\"inLanguage\":\"en-US\"},{\"@type\":\"ImageObject\",\"@id\":\"https:\/\/gestpropiedad.com\/en\/inmueble\/alquiler\/piso\/illes-balears\/calvia\/01pa015\/#primaryimage\",\"inLanguage\":\"en-US\",\"url\":\"https:\/\/fotos15.apinmo.com\/3010\/28902362\/3-1.jpg\",\"contentUrl\":\"https:\/\/fotos15.apinmo.com\/3010\/28902362\/3-1.jpg\",\"width\":850,\"height\":426,\"caption\":\"Piso de dos habitaciones con vistas al puerto en santa pon\u00e7a - imagenInmueble0\"},{\"@type\":[\"WebPage\",\"RealEstateListing\"],\"@id\":\"https:\/\/gestpropiedad.com\/en\/inmueble\/alquiler\/piso\/illes-balears\/calvia\/01pa015\/#webpage\",\"url\":\"https:\/\/gestpropiedad.com\/en\/inmueble\/alquiler\/piso\/illes-balears\/calvia\/01pa015\/\",\"name\":\"Piso de dos habitaciones con vistas al puerto en Santa Pon\u00e7a - Gestpropiedad\",\"isPartOf\":{\"@id\":\"https:\/\/gestpropiedad.com\/#website\"},\"primaryImageOfPage\":{\"@id\":\"https:\/\/gestpropiedad.com\/en\/inmueble\/alquiler\/piso\/illes-balears\/calvia\/01pa015\/#primaryimage\"},\"datePublished\":\"2026-04-28T13:57:31+00:00\",\"dateModified\":\"2026-04-28T13:57:31+00:00\",\"breadcrumb\":{\"@id\":\"https:\/\/gestpropiedad.com\/en\/inmueble\/alquiler\/piso\/illes-balears\/calvia\/01pa015\/#breadcrumb\"},\"inLanguage\":\"en-US\",\"potentialAction\":[{\"@type\":\"ReadAction\",\"target\":[\"https:\/\/gestpropiedad.com\/en\/inmueble\/alquiler\/piso\/illes-balears\/calvia\/01pa015\/\"]}]},{\"@type\":\"BreadcrumbList\",\"@id\":\"https:\/\/gestpropiedad.com\/en\/inmueble\/alquiler\/piso\/illes-balears\/calvia\/01pa015\/#breadcrumb\",\"itemListElement\":[{\"@type\":\"ListItem\",\"position\":1,\"name\":\"Portada\",\"item\":\"https:\/\/gestpropiedad.com\/\"},{\"@type\":\"ListItem\",\"position\":2,\"name\":\"Eigenschaften\",\"item\":\"https:\/\/gestpropiedad.com\/de\/inmueble\/\"},{\"@type\":\"ListItem\",\"position\":3,\"name\":\"Piso de dos habitaciones con vistas al puerto en Santa Pon\u00e7a\"}]}]}<\/script>\n<!-- \/ Yoast SEO plugin. -->","yoast_head_json":{"title":"Piso de dos habitaciones con vistas al puerto en Santa Pon\u00e7a - Gestpropiedad","robots":{"index":"index","follow":"follow","max-snippet":"max-snippet:-1","max-image-preview":"max-image-preview:large","max-video-preview":"max-video-preview:-1"},"canonical":"https:\/\/gestpropiedad.com\/en\/inmueble\/alquiler\/piso\/illes-balears\/calvia\/01pa015\/","og_locale":"en_US","og_type":"article","og_title":"Piso de dos habitaciones con vistas al puerto en Santa Pon\u00e7a - Gestpropiedad","og_description":"Piso de dos habitaciones con vistas al puerto en Santa Pon\u00e7a.~~Descubre este acogedor y luminoso piso, ideal para quienes buscan tranquilidad, comodidad y unas vistas privilegiadas al puerto de Santa Pon\u00e7a. Una vivienda perfecta para disfrutar del entorno mediterr\u00e1neo durante todo el a\u00f1o.~~La propiedad es un tercer piso con ascensor,","og_url":"https:\/\/gestpropiedad.com\/en\/inmueble\/alquiler\/piso\/illes-balears\/calvia\/01pa015\/","og_site_name":"Gestpropiedad","og_image":[{"width":850,"height":426,"url":"https:\/\/fotos15.apinmo.com\/3010\/28902362\/3-1.jpg","type":"image\/jpeg"}],"twitter_card":"summary_large_image","twitter_misc":{"Est. reading time":"2 minutes"},"schema":{"@context":"https:\/\/schema.org","@graph":[{"@type":"Organization","@id":"https:\/\/gestpropiedad.com\/#organization","name":"Gestpropiedad","url":"https:\/\/gestpropiedad.com\/","sameAs":[],"logo":{"@type":"ImageObject","@id":"https:\/\/gestpropiedad.com\/#logo","inLanguage":"en-US","url":"https:\/\/gestpropiedad.com\/wp-content\/uploads\/2021\/11\/logogp-b.svg","contentUrl":"https:\/\/gestpropiedad.com\/wp-content\/uploads\/2021\/11\/logogp-b.svg","width":115,"height":60,"caption":"Gestpropiedad"},"image":{"@id":"https:\/\/gestpropiedad.com\/#logo"}},{"@type":"WebSite","@id":"https:\/\/gestpropiedad.com\/#website","url":"https:\/\/gestpropiedad.com\/","name":"Gestpropiedad","description":"Inmobiliaria especializada en Mallorca. Islas Baleares","publisher":{"@id":"https:\/\/gestpropiedad.com\/#organization"},"potentialAction":[{"@type":"SearchAction","target":{"@type":"EntryPoint","urlTemplate":"https:\/\/gestpropiedad.com\/?s={search_term_string}"},"query-input":"required name=search_term_string"}],"inLanguage":"en-US"},{"@type":"ImageObject","@id":"https:\/\/gestpropiedad.com\/en\/inmueble\/alquiler\/piso\/illes-balears\/calvia\/01pa015\/#primaryimage","inLanguage":"en-US","url":"https:\/\/fotos15.apinmo.com\/3010\/28902362\/3-1.jpg","contentUrl":"https:\/\/fotos15.apinmo.com\/3010\/28902362\/3-1.jpg","width":850,"height":426,"caption":"Piso de dos habitaciones con vistas al puerto en santa pon\u00e7a - imagenInmueble0"},{"@type":["WebPage","RealEstateListing"],"@id":"https:\/\/gestpropiedad.com\/en\/inmueble\/alquiler\/piso\/illes-balears\/calvia\/01pa015\/#webpage","url":"https:\/\/gestpropiedad.com\/en\/inmueble\/alquiler\/piso\/illes-balears\/calvia\/01pa015\/","name":"Piso de dos habitaciones con vistas al puerto en Santa Pon\u00e7a - Gestpropiedad","isPartOf":{"@id":"https:\/\/gestpropiedad.com\/#website"},"primaryImageOfPage":{"@id":"https:\/\/gestpropiedad.com\/en\/inmueble\/alquiler\/piso\/illes-balears\/calvia\/01pa015\/#primaryimage"},"datePublished":"2026-04-28T13:57:31+00:00","dateModified":"2026-04-28T13:57:31+00:00","breadcrumb":{"@id":"https:\/\/gestpropiedad.com\/en\/inmueble\/alquiler\/piso\/illes-balears\/calvia\/01pa015\/#breadcrumb"},"inLanguage":"en-US","potentialAction":[{"@type":"ReadAction","target":["https:\/\/gestpropiedad.com\/en\/inmueble\/alquiler\/piso\/illes-balears\/calvia\/01pa015\/"]}]},{"@type":"BreadcrumbList","@id":"https:\/\/gestpropiedad.com\/en\/inmueble\/alquiler\/piso\/illes-balears\/calvia\/01pa015\/#breadcrumb","itemListElement":[{"@type":"ListItem","position":1,"name":"Portada","item":"https:\/\/gestpropiedad.com\/"},{"@type":"ListItem","position":2,"name":"Eigenschaften","item":"https:\/\/gestpropiedad.com\/de\/inmueble\/"},{"@type":"ListItem","position":3,"name":"Piso de dos habitaciones con vistas al puerto en Santa Pon\u00e7a"}]}]}},"_links":{"self":[{"href":"https:\/\/gestpropiedad.com\/en\/wp-json\/wp\/v2\/properties\/28496649"}],"collection":[{"href":"https:\/\/gestpropiedad.com\/en\/wp-json\/wp\/v2\/properties"}],"about":[{"href":"https:\/\/gestpropiedad.com\/en\/wp-json\/wp\/v2\/types\/property"}],"author":[{"embeddable":true,"href":"https:\/\/gestpropiedad.com\/en\/wp-json\/wp\/v2\/users\/4"}],"version-history":[{"count":0,"href":"https:\/\/gestpropiedad.com\/en\/wp-json\/wp\/v2\/properties\/28496649\/revisions"}],"wp:featuredmedia":[{"embeddable":true,"href":"https:\/\/gestpropiedad.com\/en\/wp-json\/wp\/v2\/media\/28496651"}],"wp:attachment":[{"href":"https:\/\/gestpropiedad.com\/en\/wp-json\/wp\/v2\/media?parent=28496649"}],"wp:term":[{"taxonomy":"property_type","embeddable":true,"href":"https:\/\/gestpropiedad.com\/en\/wp-json\/wp\/v2\/property_type?post=28496649"},{"taxonomy":"property_status","embeddable":true,"href":"https:\/\/gestpropiedad.com\/en\/wp-json\/wp\/v2\/property_status?post=28496649"},{"taxonomy":"property_feature","embeddable":true,"href":"https:\/\/gestpropiedad.com\/en\/wp-json\/wp\/v2\/property_feature?post=28496649"},{"taxonomy":"property_label","embeddable":true,"href":"https:\/\/gestpropiedad.com\/en\/wp-json\/wp\/v2\/property_label?post=28496649"},{"taxonomy":"property_state","embeddable":true,"href":"https:\/\/gestpropiedad.com\/en\/wp-json\/wp\/v2\/property_state?post=28496649"},{"taxonomy":"property_city","embeddable":true,"href":"https:\/\/gestpropiedad.com\/en\/wp-json\/wp\/v2\/property_city?post=28496649"},{"taxonomy":"property_area","embeddable":true,"href":"https:\/\/gestpropiedad.com\/en\/wp-json\/wp\/v2\/property_area?post=28496649"}],"curies":[{"name":"wp","href":"https:\/\/api.w.org\/{rel}","templated":true}]}}