

{"id":28496104,"date":"2026-04-30T21:01:35","date_gmt":"2026-04-30T21:01:35","guid":{"rendered":"https:\/\/www.gestpropiedad.com\/inmueble\/venta\/atico\/illes-balears\/calvia\/01imjp3021\/"},"modified":"2026-04-30T21:01:35","modified_gmt":"2026-04-30T21:01:35","slug":"atico-con-vista-al-mar-con-ascensor-de-3-dormitorios-terraza-parking-y-trastero-en-ca-s-en-01imjp3021","status":"publish","type":"property","link":"https:\/\/gestpropiedad.com\/en\/inmueble\/venta\/atico\/illes-balears\/calvia\/01imjp3021\/","title":{"rendered":"\u00c1tico con vista al mar con ascensor de 3 dormitorios, terraza, parking y trastero en Ca&#8217;s"},"content":{"rendered":"<p>\u00c1tico con vista al mar con ascensor de 3 dormitorios, terraza, parking y trastero en Ca&#8217;s Catal\u00e0<\/p>\n<p>Se vende este magn\u00edfico \u00e1tico con vistas al mar en cuarta planta con ascensor situado en una de las zonas m\u00e1s demandadas de Ca&#8217;s Catal\u00e0, a pocos minutos de la costa y con todos los servicios cercanos.<\/p>\n<p>La vivienda cuenta con 90 m\u00b2 \u00fatiles perfectamente distribuidos. Dispone de un recibidor que da acceso a un luminoso sal\u00f3n-comedor con salida directa a una espectacular terraza privada de 90 m\u00b2, ideal para disfrutar de las vistas al mar, el clima mediterr\u00e1neo y momentos al aire libre.<\/p>\n<p>La propiedad se distribuye en tres dormitorios, dos de ellos dobles, y dos ba\u00f1os completos, uno equipado con ba\u00f1era y otro con plato de ducha. La cocina es independiente y cuenta con una pr\u00e1ctica zona de lavander\u00eda.<\/p>\n<p>El inmueble incluye adem\u00e1s plaza de parking privado y trastero, aportando un extra de comodidad y espacio de almacenamiento.<\/p>\n<p>La propiedad se encuentra lista para entrar a vivir y, actualmente, cuenta con las siguientes calidades:<br \/>&#8211; Carpinter\u00eda exterior de aluminio<br \/>&#8211; Carpinter\u00eda interior de madera<br \/>&#8211; Suelos de baldosa<br \/>&#8211; Armarios empotrados<br \/>&#8211; Split aire acondicionado en sal\u00f3n<br \/>&#8211; Termo el\u00e9ctrico<br \/>&#8211; Orientaci\u00f3n Sur<br \/>&#8211; Parking privado<br \/>&#8211; Trastero<br \/>&#8211; Finca dotada de ascensor<\/p>\n<p>Ca&#8217;s Catal\u00e0 es una de las zonas residenciales m\u00e1s valoradas del municipio de Calvi\u00e0, situada entre Palma de Mallorca e Illetes. Destaca por su combinaci\u00f3n de tranquilidad, cercan\u00eda al mar y excelente conexi\u00f3n con la ciudad. Una oportunidad \u00fanica para vivir o invertir en una ubicaci\u00f3n privilegiada, combinando tranquilidad, amplitud y unas vistas excepcionales al mar.<\/p>\n<p>\u00a1No pierdas esta oportunidad y solicita tu visita!<\/p>\n<p>REFERENCIA: 01IMJP3021 <\/p>\n","protected":false},"excerpt":{"rendered":"<p>\u00c1tico con vista al mar con ascensor de 3 dormitorios, terraza, parking y trastero en Ca&#8217;s Catal\u00e0~~Se vende este magn\u00edfico \u00e1tico con vistas al mar en cuarta planta con ascensor situado en una de las zonas m\u00e1s demandadas de Ca&#8217;s Catal\u00e0, a pocos minutos de la costa y con todos los servicios cercanos.~~La vivienda cuenta con 90 m\u00b2 <\/p>\n","protected":false},"author":4,"featured_media":28496106,"parent":0,"menu_order":0,"template":"","property_type":[1298],"property_status":[437],"property_feature":[1242,1197,1234,1226,1249,1224,1251,1215,1230,1265,1232,1206,1200,1260],"property_label":[],"property_state":[901],"property_city":[931],"property_area":[1161],"acf":[],"property_meta":{"fave_agent":["8484787"],"fave_agents":["8484787"],"fave_agent_display_option":["agent_info"],"fave_agency":["3010"],"property_agent":["8484787"],"custom_permalink":["inmueble\/venta\/atico\/illes-balears\/calvia\/01imjp3021\/"],"_thumbnail_id":["28496106"],"post_id":["Array"],"original_author":["4"],"_edit_lock":["1604137107:1"],"_edit_last":["1"],"fave_property_map_street_view":["show"],"fave_payment_status":["not_paid"],"fave_single_top_area":["global"],"fave_single_content_area":["global"],"houzez_manual_expire":["0"],"fave_property_size_prefix":["m&sup2;"],"fave_property_map":["1"],"fave_additional_features_enable":["disable"],"fave_floor_plans_enable":["disable"],"fave_multiunit_plans_enable":["disable"],"fave_prop_homeslider":["no"],"fave_featured":["0"],"fave_property_address":["Calvi\u00e0,Illes Balears"],"fave_property_zip":["07181"],"houzez_geolocation_lat":["39.547893707858"],"houzez_geolocation_long":["2.5941779069677"],"fave_property_location":["39.547893707858,2.5941779069677"],"fave_property_country":["ES"],"fave_property_map_address":["Calvi\u00e0,Illes Balears,Spain"],"referencia":["01imjp3021"],"fave_property_id":["01imjp3021"],"fave_property_bedrooms":["3"],"fave_property_bathrooms":["2"],"fave_property_garage":["1"],"fave_property_land":["0"],"ave_property_land_postfix":["m&sup2;"],"fave_property_size":["97"],"fave_property_year":["1987"],"fave_energy_global_index":["0 kWh\/m&sup2; \/1234.99 Kg CO2\/m&sup2;"],"fave_energy_class":["N"],"estate_attr_energy_class":["N"],"REAL_HOMES_property_emisiones":["1234.99"],"REAL_HOMES_property_consumo":["0"],"REAL_HOMES_property_letra":["N"],"estate_video":[""],"fave_virtual_tour":["<iframe src=\"https:\/\/crm.inmovilla.com\/fotosvr\/tour.php?cod=28842846.3010\" width=\"820\" height=\"500\" frameborder=\"0\" style=\"border:0\"><\/iframe><div class=\"enlacetour\"><a class=\"enlacetour2\" title=\"Ver tour virtual\" href=\"https:\/\/crm.inmovilla.com\/fotosvr\/tour.php?cod=28842846.3010\" target=\"_blank\">FULL SCREEN<\/a><\/div>"],"vendidoInmueble":[""],"fave_property_price":["849900"],"fave_property_price_postfix":[""],"fave_property_images":["28496106","28496107","28496108","28496109","28496110","28496111","28496112","28496113","28496114","28496115","28496116","28496117","28496118","28496119","28496120","28496121","28496122","28496123","28496124","28496125","28496126","28496127","28496128","28496129","28496130","28496131","28496132","28496133","28496134"],"houzez_total_property_views":["1"],"houzez_views_by_date":["a:1:{s:10:\"05-02-2026\";i:1;}"],"houzez_recently_viewed":["2026-05-02 08:16:27"]},"yoast_head":"<!-- This site is optimized with the Yoast SEO plugin v18.6 - https:\/\/yoast.com\/wordpress\/plugins\/seo\/ -->\n<title>\u00c1tico con vista al mar con ascensor de 3 dormitorios, terraza, parking y trastero en Ca&#039;s  - Gestpropiedad<\/title>\n<meta name=\"robots\" content=\"index, follow, max-snippet:-1, max-image-preview:large, max-video-preview:-1\" \/>\n<link rel=\"canonical\" href=\"https:\/\/gestpropiedad.com\/en\/inmueble\/venta\/atico\/illes-balears\/calvia\/01imjp3021\/\" \/>\n<meta property=\"og:locale\" content=\"en_US\" \/>\n<meta property=\"og:type\" content=\"article\" \/>\n<meta property=\"og:title\" content=\"\u00c1tico con vista al mar con ascensor de 3 dormitorios, terraza, parking y trastero en Ca&#039;s  - Gestpropiedad\" \/>\n<meta property=\"og:description\" content=\"\u00c1tico con vista al mar con ascensor de 3 dormitorios, terraza, parking y trastero en Ca&#039;s Catal\u00e0~~Se vende este magn\u00edfico \u00e1tico con vistas al mar en cuarta planta con ascensor situado en una de las zonas m\u00e1s demandadas de Ca&#039;s Catal\u00e0, a pocos minutos de la costa y con todos los servicios cercanos.~~La vivienda cuenta con 90 m\u00b2\" \/>\n<meta property=\"og:url\" content=\"https:\/\/gestpropiedad.com\/en\/inmueble\/venta\/atico\/illes-balears\/calvia\/01imjp3021\/\" \/>\n<meta property=\"og:site_name\" content=\"Gestpropiedad\" \/>\n<meta property=\"og:image\" content=\"https:\/\/fotos15.apinmo.com\/3010\/28842846\/4-1.jpg\" \/>\n\t<meta property=\"og:image:width\" content=\"850\" \/>\n\t<meta property=\"og:image:height\" content=\"426\" \/>\n\t<meta property=\"og:image:type\" content=\"image\/jpeg\" \/>\n<meta name=\"twitter:card\" content=\"summary_large_image\" \/>\n<meta name=\"twitter:label1\" content=\"Est. reading time\" \/>\n\t<meta name=\"twitter:data1\" content=\"1 minute\" \/>\n<script type=\"application\/ld+json\" class=\"yoast-schema-graph\">{\"@context\":\"https:\/\/schema.org\",\"@graph\":[{\"@type\":\"Organization\",\"@id\":\"https:\/\/gestpropiedad.com\/#organization\",\"name\":\"Gestpropiedad\",\"url\":\"https:\/\/gestpropiedad.com\/\",\"sameAs\":[],\"logo\":{\"@type\":\"ImageObject\",\"@id\":\"https:\/\/gestpropiedad.com\/#logo\",\"inLanguage\":\"en-US\",\"url\":\"https:\/\/gestpropiedad.com\/wp-content\/uploads\/2021\/11\/logogp-b.svg\",\"contentUrl\":\"https:\/\/gestpropiedad.com\/wp-content\/uploads\/2021\/11\/logogp-b.svg\",\"width\":115,\"height\":60,\"caption\":\"Gestpropiedad\"},\"image\":{\"@id\":\"https:\/\/gestpropiedad.com\/#logo\"}},{\"@type\":\"WebSite\",\"@id\":\"https:\/\/gestpropiedad.com\/#website\",\"url\":\"https:\/\/gestpropiedad.com\/\",\"name\":\"Gestpropiedad\",\"description\":\"Inmobiliaria especializada en Mallorca. Islas Baleares\",\"publisher\":{\"@id\":\"https:\/\/gestpropiedad.com\/#organization\"},\"potentialAction\":[{\"@type\":\"SearchAction\",\"target\":{\"@type\":\"EntryPoint\",\"urlTemplate\":\"https:\/\/gestpropiedad.com\/?s={search_term_string}\"},\"query-input\":\"required name=search_term_string\"}],\"inLanguage\":\"en-US\"},{\"@type\":\"ImageObject\",\"@id\":\"https:\/\/gestpropiedad.com\/en\/inmueble\/venta\/atico\/illes-balears\/calvia\/01imjp3021\/#primaryimage\",\"inLanguage\":\"en-US\",\"url\":\"https:\/\/fotos15.apinmo.com\/3010\/28842846\/4-1.jpg\",\"contentUrl\":\"https:\/\/fotos15.apinmo.com\/3010\/28842846\/4-1.jpg\",\"width\":850,\"height\":426},{\"@type\":[\"WebPage\",\"RealEstateListing\"],\"@id\":\"https:\/\/gestpropiedad.com\/en\/inmueble\/venta\/atico\/illes-balears\/calvia\/01imjp3021\/#webpage\",\"url\":\"https:\/\/gestpropiedad.com\/en\/inmueble\/venta\/atico\/illes-balears\/calvia\/01imjp3021\/\",\"name\":\"\u00c1tico con vista al mar con ascensor de 3 dormitorios, terraza, parking y trastero en Ca's - Gestpropiedad\",\"isPartOf\":{\"@id\":\"https:\/\/gestpropiedad.com\/#website\"},\"primaryImageOfPage\":{\"@id\":\"https:\/\/gestpropiedad.com\/en\/inmueble\/venta\/atico\/illes-balears\/calvia\/01imjp3021\/#primaryimage\"},\"datePublished\":\"2026-04-30T21:01:35+00:00\",\"dateModified\":\"2026-04-30T21:01:35+00:00\",\"breadcrumb\":{\"@id\":\"https:\/\/gestpropiedad.com\/en\/inmueble\/venta\/atico\/illes-balears\/calvia\/01imjp3021\/#breadcrumb\"},\"inLanguage\":\"en-US\",\"potentialAction\":[{\"@type\":\"ReadAction\",\"target\":[\"https:\/\/gestpropiedad.com\/en\/inmueble\/venta\/atico\/illes-balears\/calvia\/01imjp3021\/\"]}]},{\"@type\":\"BreadcrumbList\",\"@id\":\"https:\/\/gestpropiedad.com\/en\/inmueble\/venta\/atico\/illes-balears\/calvia\/01imjp3021\/#breadcrumb\",\"itemListElement\":[{\"@type\":\"ListItem\",\"position\":1,\"name\":\"Portada\",\"item\":\"https:\/\/gestpropiedad.com\/\"},{\"@type\":\"ListItem\",\"position\":2,\"name\":\"Eigenschaften\",\"item\":\"https:\/\/gestpropiedad.com\/de\/inmueble\/\"},{\"@type\":\"ListItem\",\"position\":3,\"name\":\"\u00c1tico con vista al mar con ascensor de 3 dormitorios, terraza, parking y trastero en Ca&#8217;s\"}]}]}<\/script>\n<!-- \/ Yoast SEO plugin. -->","yoast_head_json":{"title":"\u00c1tico con vista al mar con ascensor de 3 dormitorios, terraza, parking y trastero en Ca's  - Gestpropiedad","robots":{"index":"index","follow":"follow","max-snippet":"max-snippet:-1","max-image-preview":"max-image-preview:large","max-video-preview":"max-video-preview:-1"},"canonical":"https:\/\/gestpropiedad.com\/en\/inmueble\/venta\/atico\/illes-balears\/calvia\/01imjp3021\/","og_locale":"en_US","og_type":"article","og_title":"\u00c1tico con vista al mar con ascensor de 3 dormitorios, terraza, parking y trastero en Ca's  - Gestpropiedad","og_description":"\u00c1tico con vista al mar con ascensor de 3 dormitorios, terraza, parking y trastero en Ca's Catal\u00e0~~Se vende este magn\u00edfico \u00e1tico con vistas al mar en cuarta planta con ascensor situado en una de las zonas m\u00e1s demandadas de Ca's Catal\u00e0, a pocos minutos de la costa y con todos los servicios cercanos.~~La vivienda cuenta con 90 m\u00b2","og_url":"https:\/\/gestpropiedad.com\/en\/inmueble\/venta\/atico\/illes-balears\/calvia\/01imjp3021\/","og_site_name":"Gestpropiedad","og_image":[{"width":850,"height":426,"url":"https:\/\/fotos15.apinmo.com\/3010\/28842846\/4-1.jpg","type":"image\/jpeg"}],"twitter_card":"summary_large_image","twitter_misc":{"Est. reading time":"1 minute"},"schema":{"@context":"https:\/\/schema.org","@graph":[{"@type":"Organization","@id":"https:\/\/gestpropiedad.com\/#organization","name":"Gestpropiedad","url":"https:\/\/gestpropiedad.com\/","sameAs":[],"logo":{"@type":"ImageObject","@id":"https:\/\/gestpropiedad.com\/#logo","inLanguage":"en-US","url":"https:\/\/gestpropiedad.com\/wp-content\/uploads\/2021\/11\/logogp-b.svg","contentUrl":"https:\/\/gestpropiedad.com\/wp-content\/uploads\/2021\/11\/logogp-b.svg","width":115,"height":60,"caption":"Gestpropiedad"},"image":{"@id":"https:\/\/gestpropiedad.com\/#logo"}},{"@type":"WebSite","@id":"https:\/\/gestpropiedad.com\/#website","url":"https:\/\/gestpropiedad.com\/","name":"Gestpropiedad","description":"Inmobiliaria especializada en Mallorca. Islas Baleares","publisher":{"@id":"https:\/\/gestpropiedad.com\/#organization"},"potentialAction":[{"@type":"SearchAction","target":{"@type":"EntryPoint","urlTemplate":"https:\/\/gestpropiedad.com\/?s={search_term_string}"},"query-input":"required name=search_term_string"}],"inLanguage":"en-US"},{"@type":"ImageObject","@id":"https:\/\/gestpropiedad.com\/en\/inmueble\/venta\/atico\/illes-balears\/calvia\/01imjp3021\/#primaryimage","inLanguage":"en-US","url":"https:\/\/fotos15.apinmo.com\/3010\/28842846\/4-1.jpg","contentUrl":"https:\/\/fotos15.apinmo.com\/3010\/28842846\/4-1.jpg","width":850,"height":426},{"@type":["WebPage","RealEstateListing"],"@id":"https:\/\/gestpropiedad.com\/en\/inmueble\/venta\/atico\/illes-balears\/calvia\/01imjp3021\/#webpage","url":"https:\/\/gestpropiedad.com\/en\/inmueble\/venta\/atico\/illes-balears\/calvia\/01imjp3021\/","name":"\u00c1tico con vista al mar con ascensor de 3 dormitorios, terraza, parking y trastero en Ca's - Gestpropiedad","isPartOf":{"@id":"https:\/\/gestpropiedad.com\/#website"},"primaryImageOfPage":{"@id":"https:\/\/gestpropiedad.com\/en\/inmueble\/venta\/atico\/illes-balears\/calvia\/01imjp3021\/#primaryimage"},"datePublished":"2026-04-30T21:01:35+00:00","dateModified":"2026-04-30T21:01:35+00:00","breadcrumb":{"@id":"https:\/\/gestpropiedad.com\/en\/inmueble\/venta\/atico\/illes-balears\/calvia\/01imjp3021\/#breadcrumb"},"inLanguage":"en-US","potentialAction":[{"@type":"ReadAction","target":["https:\/\/gestpropiedad.com\/en\/inmueble\/venta\/atico\/illes-balears\/calvia\/01imjp3021\/"]}]},{"@type":"BreadcrumbList","@id":"https:\/\/gestpropiedad.com\/en\/inmueble\/venta\/atico\/illes-balears\/calvia\/01imjp3021\/#breadcrumb","itemListElement":[{"@type":"ListItem","position":1,"name":"Portada","item":"https:\/\/gestpropiedad.com\/"},{"@type":"ListItem","position":2,"name":"Eigenschaften","item":"https:\/\/gestpropiedad.com\/de\/inmueble\/"},{"@type":"ListItem","position":3,"name":"\u00c1tico con vista al mar con ascensor de 3 dormitorios, terraza, parking y trastero en Ca&#8217;s"}]}]}},"_links":{"self":[{"href":"https:\/\/gestpropiedad.com\/en\/wp-json\/wp\/v2\/properties\/28496104"}],"collection":[{"href":"https:\/\/gestpropiedad.com\/en\/wp-json\/wp\/v2\/properties"}],"about":[{"href":"https:\/\/gestpropiedad.com\/en\/wp-json\/wp\/v2\/types\/property"}],"author":[{"embeddable":true,"href":"https:\/\/gestpropiedad.com\/en\/wp-json\/wp\/v2\/users\/4"}],"version-history":[{"count":0,"href":"https:\/\/gestpropiedad.com\/en\/wp-json\/wp\/v2\/properties\/28496104\/revisions"}],"wp:featuredmedia":[{"embeddable":true,"href":"https:\/\/gestpropiedad.com\/en\/wp-json\/wp\/v2\/media\/28496106"}],"wp:attachment":[{"href":"https:\/\/gestpropiedad.com\/en\/wp-json\/wp\/v2\/media?parent=28496104"}],"wp:term":[{"taxonomy":"property_type","embeddable":true,"href":"https:\/\/gestpropiedad.com\/en\/wp-json\/wp\/v2\/property_type?post=28496104"},{"taxonomy":"property_status","embeddable":true,"href":"https:\/\/gestpropiedad.com\/en\/wp-json\/wp\/v2\/property_status?post=28496104"},{"taxonomy":"property_feature","embeddable":true,"href":"https:\/\/gestpropiedad.com\/en\/wp-json\/wp\/v2\/property_feature?post=28496104"},{"taxonomy":"property_label","embeddable":true,"href":"https:\/\/gestpropiedad.com\/en\/wp-json\/wp\/v2\/property_label?post=28496104"},{"taxonomy":"property_state","embeddable":true,"href":"https:\/\/gestpropiedad.com\/en\/wp-json\/wp\/v2\/property_state?post=28496104"},{"taxonomy":"property_city","embeddable":true,"href":"https:\/\/gestpropiedad.com\/en\/wp-json\/wp\/v2\/property_city?post=28496104"},{"taxonomy":"property_area","embeddable":true,"href":"https:\/\/gestpropiedad.com\/en\/wp-json\/wp\/v2\/property_area?post=28496104"}],"curies":[{"name":"wp","href":"https:\/\/api.w.org\/{rel}","templated":true}]}}