

{"id":28437550,"date":"2026-04-27T13:17:37","date_gmt":"2026-04-27T13:17:37","guid":{"rendered":"https:\/\/www.gestpropiedad.com\/inmueble\/venta\/piso\/illes-balears\/palma\/01gdcp011\/"},"modified":"2026-04-27T13:17:37","modified_gmt":"2026-04-27T13:17:37","slug":"se-vende-edificio-de-420m2-en-coll-d-en-rabassa-2-locales-comerciales-piso-y-solar-en-01gdcp011","status":"publish","type":"property","link":"https:\/\/gestpropiedad.com\/en\/inmueble\/venta\/piso\/illes-balears\/palma\/01gdcp011\/","title":{"rendered":"Se vende edificio de 420m2 en Coll d&#8217;en Rabassa &#8211; 2 locales comerciales, piso y solar"},"content":{"rendered":"<p>Se vende edificio de 420m2 en Coll d&#8217;en Rabassa &#8211; 2 locales comerciales, piso y solar<\/p>\n<p>\u00a1\u00a1GRAN OPORTUNIDAD!! <\/p>\n<p>Te presentamos en exclusiva esta gran oportunidad tanto para inversores o para quienes busquen una ubicaci\u00f3n estrat\u00e9gica para montar un negocio en una de las zonas m\u00e1s tradicionales y demandadas de Palma, El Coll d&#8217;en Rabassa. Gracias a su ubicaci\u00f3n estrat\u00e9gica y conectividad, el Coll se posiciona como una zona en pleno auge y desarrollo. Su importante afluencia tanto de peatones como de coches, brinda una gran visibilidad, aunque conservando su perfil residencial y tradicional.<\/p>\n<p>Se venden 420m2 distribuidos en: <\/p>\n<p>&#8211; Local comercial compuesto de 164m2, antiguamente funcionaba como bar, ofrece grandes posibilidades de montar negocio. Necesita reforma. Se distribuye en zona de barra, dos ba\u00f1os, almac\u00e9n, amplia cocina que comunica con un patio interno.<\/p>\n<p>&#8211; Piso en Primera Planta de 84m2 compuesto de 3 habitaciones, 1 ba\u00f1o completo, cocina y terraza. Cuenta con entrada independiente y NO tiene ascensor.<\/p>\n<p>&#8211; Local de 160 m2, grandes posibilidades de proyectos inmobiliarios y\/o parkings, etc. <\/p>\n<p>&#8211; Adem\u00e1s cuenta con un solar que actualmente forma el patio del edificio.<\/p>\n<p>\u00a1No dudes en solicitar tu visita y ven a visitarlo!<\/p>\n<p>REFERENCIA: 01GDCP011<\/p>\n","protected":false},"excerpt":{"rendered":"<p>Se vende edificio de 420m2 en Coll d&#8217;en Rabassa &#8211; 2 locales comerciales, piso y solar~~\u00a1\u00a1GRAN OPORTUNIDAD!! ~~Te presentamos en exclusiva esta gran oportunidad tanto para inversores o para quienes busquen una ubicaci\u00f3n estrat\u00e9gica para montar un negocio en una de las zonas m\u00e1s tradicionales y demandadas de Palma, El Coll d&#8217;en Rabassa. <\/p>\n","protected":false},"author":4,"featured_media":28437552,"parent":0,"menu_order":0,"template":"","property_type":[1194],"property_status":[437],"property_feature":[1267,1222,1234,1224,1230,1265,1272,1206,1200],"property_label":[],"property_state":[901],"property_city":[902],"property_area":[995],"acf":[],"property_meta":{"fave_agent":["5090184"],"fave_agents":["5090184"],"fave_agent_display_option":["agent_info"],"fave_agency":["3010"],"property_agent":["5090184"],"custom_permalink":["inmueble\/venta\/piso\/illes-balears\/palma\/01gdcp011\/"],"_thumbnail_id":["28437552"],"post_id":["Array"],"original_author":["4"],"_edit_lock":["1604137107:1"],"_edit_last":["1"],"fave_property_map_street_view":["show"],"fave_payment_status":["not_paid"],"fave_single_top_area":["global"],"fave_single_content_area":["global"],"houzez_manual_expire":["0"],"fave_property_size_prefix":["m&sup2;"],"fave_property_map":["1"],"fave_additional_features_enable":["disable"],"fave_floor_plans_enable":["disable"],"fave_multiunit_plans_enable":["disable"],"fave_prop_homeslider":["no"],"fave_featured":["0"],"fave_property_address":["Palma,Illes Balears"],"fave_property_zip":["07007"],"houzez_geolocation_lat":["39.551058145746"],"houzez_geolocation_long":["2.6982807013144"],"fave_property_location":["39.551058145746,2.6982807013144"],"fave_property_country":["ES"],"fave_property_map_address":["Palma,Illes Balears,Spain"],"referencia":["01gdcp011"],"fave_property_id":["01gdcp011"],"fave_property_bedrooms":["3"],"fave_property_bathrooms":["3"],"fave_property_garage":["0"],"fave_property_land":["0"],"ave_property_land_postfix":["m&sup2;"],"fave_property_size":["420"],"fave_property_year":["1890"],"fave_energy_global_index":["0 kWh\/m&sup2; \/1234.99 Kg CO2\/m&sup2;"],"fave_energy_class":["N"],"estate_attr_energy_class":["N"],"REAL_HOMES_property_emisiones":["1234.99"],"REAL_HOMES_property_consumo":["0"],"REAL_HOMES_property_letra":["N"],"estate_video":[""],"fave_virtual_tour":["<iframe src=\"https:\/\/crm.inmovilla.com\/fotosvr\/tour.php?cod=28900103.3010\" width=\"820\" height=\"500\" frameborder=\"0\" style=\"border:0\"><\/iframe><div class=\"enlacetour\"><a class=\"enlacetour2\" title=\"Ver tour virtual\" href=\"https:\/\/crm.inmovilla.com\/fotosvr\/tour.php?cod=28900103.3010\" target=\"_blank\">FULL SCREEN<\/a><\/div>"],"vendidoInmueble":[""],"fave_property_price":["649000"],"fave_property_price_postfix":[""],"fave_property_images":["28437552","28437553","28437554","28437555","28437556","28437557","28437558","28437559","28437560","28437561","28437562","28437563","28437564","28437565","28437566","28437567","28437568","28437569","28437570","28437571","28437572","28437573","28437574","28437575","28437576","28437577","28437578","28437579","28437580","28437581","28437582","28437583","28437584","28437585","28437586","28437587","28437588","28437589","28437590","28437591","28437592","28437593","28437594","28437595","28437596","28437597","28437598","28437599","28437600","28437601"],"houzez_total_property_views":["1"],"houzez_views_by_date":["a:1:{s:10:\"04-28-2026\";i:1;}"],"houzez_recently_viewed":["2026-04-28 06:39:36"]},"yoast_head":"<!-- This site is optimized with the Yoast SEO plugin v18.6 - https:\/\/yoast.com\/wordpress\/plugins\/seo\/ -->\n<title>Se vende edificio de 420m2 en Coll d&#039;en Rabassa - 2 locales comerciales, piso y solar - Gestpropiedad<\/title>\n<meta name=\"robots\" content=\"index, follow, max-snippet:-1, max-image-preview:large, max-video-preview:-1\" \/>\n<link rel=\"canonical\" href=\"https:\/\/gestpropiedad.com\/en\/inmueble\/venta\/piso\/illes-balears\/palma\/01gdcp011\/\" \/>\n<meta property=\"og:locale\" content=\"en_US\" \/>\n<meta property=\"og:type\" content=\"article\" \/>\n<meta property=\"og:title\" content=\"Se vende edificio de 420m2 en Coll d&#039;en Rabassa - 2 locales comerciales, piso y solar - Gestpropiedad\" \/>\n<meta property=\"og:description\" content=\"Se vende edificio de 420m2 en Coll d&#039;en Rabassa - 2 locales comerciales, piso y solar~~\u00a1\u00a1GRAN OPORTUNIDAD!! ~~Te presentamos en exclusiva esta gran oportunidad tanto para inversores o para quienes busquen una ubicaci\u00f3n estrat\u00e9gica para montar un negocio en una de las zonas m\u00e1s tradicionales y demandadas de Palma, El Coll d&#039;en Rabassa.\" \/>\n<meta property=\"og:url\" content=\"https:\/\/gestpropiedad.com\/en\/inmueble\/venta\/piso\/illes-balears\/palma\/01gdcp011\/\" \/>\n<meta property=\"og:site_name\" content=\"Gestpropiedad\" \/>\n<meta property=\"og:image\" content=\"https:\/\/fotos15.apinmo.com\/3010\/28900103\/4-1.jpg\" \/>\n\t<meta property=\"og:image:width\" content=\"850\" \/>\n\t<meta property=\"og:image:height\" content=\"426\" \/>\n\t<meta property=\"og:image:type\" content=\"image\/jpeg\" \/>\n<meta name=\"twitter:card\" content=\"summary_large_image\" \/>\n<meta name=\"twitter:label1\" content=\"Est. reading time\" \/>\n\t<meta name=\"twitter:data1\" content=\"1 minute\" \/>\n<script type=\"application\/ld+json\" class=\"yoast-schema-graph\">{\"@context\":\"https:\/\/schema.org\",\"@graph\":[{\"@type\":\"Organization\",\"@id\":\"https:\/\/gestpropiedad.com\/#organization\",\"name\":\"Gestpropiedad\",\"url\":\"https:\/\/gestpropiedad.com\/\",\"sameAs\":[],\"logo\":{\"@type\":\"ImageObject\",\"@id\":\"https:\/\/gestpropiedad.com\/#logo\",\"inLanguage\":\"en-US\",\"url\":\"https:\/\/gestpropiedad.com\/wp-content\/uploads\/2021\/11\/logogp-b.svg\",\"contentUrl\":\"https:\/\/gestpropiedad.com\/wp-content\/uploads\/2021\/11\/logogp-b.svg\",\"width\":115,\"height\":60,\"caption\":\"Gestpropiedad\"},\"image\":{\"@id\":\"https:\/\/gestpropiedad.com\/#logo\"}},{\"@type\":\"WebSite\",\"@id\":\"https:\/\/gestpropiedad.com\/#website\",\"url\":\"https:\/\/gestpropiedad.com\/\",\"name\":\"Gestpropiedad\",\"description\":\"Inmobiliaria especializada en Mallorca. Islas Baleares\",\"publisher\":{\"@id\":\"https:\/\/gestpropiedad.com\/#organization\"},\"potentialAction\":[{\"@type\":\"SearchAction\",\"target\":{\"@type\":\"EntryPoint\",\"urlTemplate\":\"https:\/\/gestpropiedad.com\/?s={search_term_string}\"},\"query-input\":\"required name=search_term_string\"}],\"inLanguage\":\"en-US\"},{\"@type\":\"ImageObject\",\"@id\":\"https:\/\/gestpropiedad.com\/en\/inmueble\/venta\/piso\/illes-balears\/palma\/01gdcp011\/#primaryimage\",\"inLanguage\":\"en-US\",\"url\":\"https:\/\/fotos15.apinmo.com\/3010\/28900103\/4-1.jpg\",\"contentUrl\":\"https:\/\/fotos15.apinmo.com\/3010\/28900103\/4-1.jpg\",\"width\":850,\"height\":426},{\"@type\":[\"WebPage\",\"RealEstateListing\"],\"@id\":\"https:\/\/gestpropiedad.com\/en\/inmueble\/venta\/piso\/illes-balears\/palma\/01gdcp011\/#webpage\",\"url\":\"https:\/\/gestpropiedad.com\/en\/inmueble\/venta\/piso\/illes-balears\/palma\/01gdcp011\/\",\"name\":\"Se vende edificio de 420m2 en Coll d'en Rabassa - 2 locales comerciales, piso y solar - Gestpropiedad\",\"isPartOf\":{\"@id\":\"https:\/\/gestpropiedad.com\/#website\"},\"primaryImageOfPage\":{\"@id\":\"https:\/\/gestpropiedad.com\/en\/inmueble\/venta\/piso\/illes-balears\/palma\/01gdcp011\/#primaryimage\"},\"datePublished\":\"2026-04-27T13:17:37+00:00\",\"dateModified\":\"2026-04-27T13:17:37+00:00\",\"breadcrumb\":{\"@id\":\"https:\/\/gestpropiedad.com\/en\/inmueble\/venta\/piso\/illes-balears\/palma\/01gdcp011\/#breadcrumb\"},\"inLanguage\":\"en-US\",\"potentialAction\":[{\"@type\":\"ReadAction\",\"target\":[\"https:\/\/gestpropiedad.com\/en\/inmueble\/venta\/piso\/illes-balears\/palma\/01gdcp011\/\"]}]},{\"@type\":\"BreadcrumbList\",\"@id\":\"https:\/\/gestpropiedad.com\/en\/inmueble\/venta\/piso\/illes-balears\/palma\/01gdcp011\/#breadcrumb\",\"itemListElement\":[{\"@type\":\"ListItem\",\"position\":1,\"name\":\"Portada\",\"item\":\"https:\/\/gestpropiedad.com\/\"},{\"@type\":\"ListItem\",\"position\":2,\"name\":\"Eigenschaften\",\"item\":\"https:\/\/gestpropiedad.com\/de\/inmueble\/\"},{\"@type\":\"ListItem\",\"position\":3,\"name\":\"Se vende edificio de 420m2 en Coll d&#8217;en Rabassa &#8211; 2 locales comerciales, piso y solar\"}]}]}<\/script>\n<!-- \/ Yoast SEO plugin. -->","yoast_head_json":{"title":"Se vende edificio de 420m2 en Coll d'en Rabassa - 2 locales comerciales, piso y solar - Gestpropiedad","robots":{"index":"index","follow":"follow","max-snippet":"max-snippet:-1","max-image-preview":"max-image-preview:large","max-video-preview":"max-video-preview:-1"},"canonical":"https:\/\/gestpropiedad.com\/en\/inmueble\/venta\/piso\/illes-balears\/palma\/01gdcp011\/","og_locale":"en_US","og_type":"article","og_title":"Se vende edificio de 420m2 en Coll d'en Rabassa - 2 locales comerciales, piso y solar - Gestpropiedad","og_description":"Se vende edificio de 420m2 en Coll d'en Rabassa - 2 locales comerciales, piso y solar~~\u00a1\u00a1GRAN OPORTUNIDAD!! ~~Te presentamos en exclusiva esta gran oportunidad tanto para inversores o para quienes busquen una ubicaci\u00f3n estrat\u00e9gica para montar un negocio en una de las zonas m\u00e1s tradicionales y demandadas de Palma, El Coll d'en Rabassa.","og_url":"https:\/\/gestpropiedad.com\/en\/inmueble\/venta\/piso\/illes-balears\/palma\/01gdcp011\/","og_site_name":"Gestpropiedad","og_image":[{"width":850,"height":426,"url":"https:\/\/fotos15.apinmo.com\/3010\/28900103\/4-1.jpg","type":"image\/jpeg"}],"twitter_card":"summary_large_image","twitter_misc":{"Est. reading time":"1 minute"},"schema":{"@context":"https:\/\/schema.org","@graph":[{"@type":"Organization","@id":"https:\/\/gestpropiedad.com\/#organization","name":"Gestpropiedad","url":"https:\/\/gestpropiedad.com\/","sameAs":[],"logo":{"@type":"ImageObject","@id":"https:\/\/gestpropiedad.com\/#logo","inLanguage":"en-US","url":"https:\/\/gestpropiedad.com\/wp-content\/uploads\/2021\/11\/logogp-b.svg","contentUrl":"https:\/\/gestpropiedad.com\/wp-content\/uploads\/2021\/11\/logogp-b.svg","width":115,"height":60,"caption":"Gestpropiedad"},"image":{"@id":"https:\/\/gestpropiedad.com\/#logo"}},{"@type":"WebSite","@id":"https:\/\/gestpropiedad.com\/#website","url":"https:\/\/gestpropiedad.com\/","name":"Gestpropiedad","description":"Inmobiliaria especializada en Mallorca. Islas Baleares","publisher":{"@id":"https:\/\/gestpropiedad.com\/#organization"},"potentialAction":[{"@type":"SearchAction","target":{"@type":"EntryPoint","urlTemplate":"https:\/\/gestpropiedad.com\/?s={search_term_string}"},"query-input":"required name=search_term_string"}],"inLanguage":"en-US"},{"@type":"ImageObject","@id":"https:\/\/gestpropiedad.com\/en\/inmueble\/venta\/piso\/illes-balears\/palma\/01gdcp011\/#primaryimage","inLanguage":"en-US","url":"https:\/\/fotos15.apinmo.com\/3010\/28900103\/4-1.jpg","contentUrl":"https:\/\/fotos15.apinmo.com\/3010\/28900103\/4-1.jpg","width":850,"height":426},{"@type":["WebPage","RealEstateListing"],"@id":"https:\/\/gestpropiedad.com\/en\/inmueble\/venta\/piso\/illes-balears\/palma\/01gdcp011\/#webpage","url":"https:\/\/gestpropiedad.com\/en\/inmueble\/venta\/piso\/illes-balears\/palma\/01gdcp011\/","name":"Se vende edificio de 420m2 en Coll d'en Rabassa - 2 locales comerciales, piso y solar - Gestpropiedad","isPartOf":{"@id":"https:\/\/gestpropiedad.com\/#website"},"primaryImageOfPage":{"@id":"https:\/\/gestpropiedad.com\/en\/inmueble\/venta\/piso\/illes-balears\/palma\/01gdcp011\/#primaryimage"},"datePublished":"2026-04-27T13:17:37+00:00","dateModified":"2026-04-27T13:17:37+00:00","breadcrumb":{"@id":"https:\/\/gestpropiedad.com\/en\/inmueble\/venta\/piso\/illes-balears\/palma\/01gdcp011\/#breadcrumb"},"inLanguage":"en-US","potentialAction":[{"@type":"ReadAction","target":["https:\/\/gestpropiedad.com\/en\/inmueble\/venta\/piso\/illes-balears\/palma\/01gdcp011\/"]}]},{"@type":"BreadcrumbList","@id":"https:\/\/gestpropiedad.com\/en\/inmueble\/venta\/piso\/illes-balears\/palma\/01gdcp011\/#breadcrumb","itemListElement":[{"@type":"ListItem","position":1,"name":"Portada","item":"https:\/\/gestpropiedad.com\/"},{"@type":"ListItem","position":2,"name":"Eigenschaften","item":"https:\/\/gestpropiedad.com\/de\/inmueble\/"},{"@type":"ListItem","position":3,"name":"Se vende edificio de 420m2 en Coll d&#8217;en Rabassa &#8211; 2 locales comerciales, piso y solar"}]}]}},"_links":{"self":[{"href":"https:\/\/gestpropiedad.com\/en\/wp-json\/wp\/v2\/properties\/28437550"}],"collection":[{"href":"https:\/\/gestpropiedad.com\/en\/wp-json\/wp\/v2\/properties"}],"about":[{"href":"https:\/\/gestpropiedad.com\/en\/wp-json\/wp\/v2\/types\/property"}],"author":[{"embeddable":true,"href":"https:\/\/gestpropiedad.com\/en\/wp-json\/wp\/v2\/users\/4"}],"version-history":[{"count":0,"href":"https:\/\/gestpropiedad.com\/en\/wp-json\/wp\/v2\/properties\/28437550\/revisions"}],"wp:featuredmedia":[{"embeddable":true,"href":"https:\/\/gestpropiedad.com\/en\/wp-json\/wp\/v2\/media\/28437552"}],"wp:attachment":[{"href":"https:\/\/gestpropiedad.com\/en\/wp-json\/wp\/v2\/media?parent=28437550"}],"wp:term":[{"taxonomy":"property_type","embeddable":true,"href":"https:\/\/gestpropiedad.com\/en\/wp-json\/wp\/v2\/property_type?post=28437550"},{"taxonomy":"property_status","embeddable":true,"href":"https:\/\/gestpropiedad.com\/en\/wp-json\/wp\/v2\/property_status?post=28437550"},{"taxonomy":"property_feature","embeddable":true,"href":"https:\/\/gestpropiedad.com\/en\/wp-json\/wp\/v2\/property_feature?post=28437550"},{"taxonomy":"property_label","embeddable":true,"href":"https:\/\/gestpropiedad.com\/en\/wp-json\/wp\/v2\/property_label?post=28437550"},{"taxonomy":"property_state","embeddable":true,"href":"https:\/\/gestpropiedad.com\/en\/wp-json\/wp\/v2\/property_state?post=28437550"},{"taxonomy":"property_city","embeddable":true,"href":"https:\/\/gestpropiedad.com\/en\/wp-json\/wp\/v2\/property_city?post=28437550"},{"taxonomy":"property_area","embeddable":true,"href":"https:\/\/gestpropiedad.com\/en\/wp-json\/wp\/v2\/property_area?post=28437550"}],"curies":[{"name":"wp","href":"https:\/\/api.w.org\/{rel}","templated":true}]}}