

{"id":28437457,"date":"2026-04-27T17:14:17","date_gmt":"2026-04-27T17:14:17","guid":{"rendered":"https:\/\/www.gestpropiedad.com\/inmueble\/venta\/negocio\/illes-balears\/palma\/01rmnu061\/"},"modified":"2026-04-27T17:14:17","modified_gmt":"2026-04-27T17:14:17","slug":"traspaso-bar-mas-que-tapas-con-licencia-salida-de-humos-y-terraza-en-poligono-son-caste-en-01rmnu061","status":"publish","type":"property","link":"https:\/\/gestpropiedad.com\/en\/inmueble\/venta\/negocio\/illes-balears\/palma\/01rmnu061\/","title":{"rendered":"Traspaso bar &#8216;M\u00e1s que tapas&#8217; con licencia, salida de humos y terraza en pol\u00edgono Son Caste"},"content":{"rendered":"<p>Traspaso bar &#8216;M\u00e1s que tapas&#8217; con licencia, salida de humos y terraza en pol\u00edgono Son Castell\u00f3.<\/p>\n<p>Se traspasa amplio bar completamente reformado hace 2 a\u00f1os con salida de humos, licencia de bar\/cafeter\u00eda y terraza en pol\u00edgono Son Castell\u00f3. Se ubica en el pol\u00edgono m\u00e1s grande de la isla y en una de las calles m\u00e1s transitadas, Gremi Tintorers. El precio del traspaso es de 59.000&euro; y con un alquiler mensual de 1.250&euro; + IVA<\/p>\n<p>El negocio se traspasa reformado, completamente amueblado, equipado y con todo lo necesario para su apertura. <\/p>\n<p>El local dispone de 167m2 con un gran sal\u00f3n de 92m2 con capacidad para 60 comensales. Zona de barra, cocina independiente, 2 ba\u00f1os, uno de ellos adaptado a personas con movilidad reducida, aseo de personal, zonas de almacenaje y por \u00faltimo amplia terraza cubierta con toldos que se le puede dar uso todo el a\u00f1o capacidad para 20 comensales, en total 80.<\/p>\n<p>El local dispone de calidades como:<br \/>&#8211; Salida de humos<br \/>&#8211; Campana extractora<br \/>&#8211; Aire acondicionado central y dos splits<br \/>&#8211; Suelos de baldosa<br \/>&#8211; Terraza cubierta<br \/>&#8211; Altavoces<br \/>&#8211; Mobiliario<br \/>&#8211; Reformado<br \/>&#8211; Alarma<br \/>&#8211; C\u00e1maras de vigilancia<br \/>&#8211; TPV <br \/>-Techo ac\u00fastico<\/p>\n<p>Es un local perfecto para un negocio de restauraci\u00f3n en una ubicaci\u00f3n privilegiada en uno de los mayores pol\u00edgonos industriales de la isla de Mallorca. Adem\u00e1s al encontrarse completamente reformado hace 2 a\u00f1os tendr\u00e1 la comodidad de adquirirlo y poder abrir enseguida. <\/p>\n<p>No pierdas tu oportunidad y \u00a1solicita tu visita!<\/p>\n<p>REFERENCIA: 01RMNU061<\/p>\n","protected":false},"excerpt":{"rendered":"<p>Traspaso bar &#8216;M\u00e1s que tapas&#8217; con licencia, salida de humos y terraza en pol\u00edgono Son Castell\u00f3.~~Se traspasa amplio bar completamente reformado hace 2 a\u00f1os con salida de humos, licencia de bar\/cafeter\u00eda y terraza en pol\u00edgono Son Castell\u00f3. Se ubica en el pol\u00edgono m\u00e1s grande de la isla y en una de las calles m\u00e1s transitadas, Gremi <\/p>\n","protected":false},"author":4,"featured_media":28437459,"parent":0,"menu_order":0,"template":"","property_type":[1319],"property_status":[1644],"property_feature":[1242,1226,1224,1206,1200],"property_label":[],"property_state":[901],"property_city":[902],"property_area":[1970],"acf":[],"property_meta":{"fave_agent":["5611526"],"fave_agents":["5611526"],"fave_agent_display_option":["agent_info"],"fave_agency":["3010"],"property_agent":["5611526"],"custom_permalink":["inmueble\/venta\/negocio\/illes-balears\/palma\/01rmnu061\/"],"_thumbnail_id":["28437459"],"post_id":["Array"],"original_author":["4"],"_edit_lock":["1604137107:1"],"_edit_last":["1"],"fave_property_map_street_view":["show"],"fave_payment_status":["not_paid"],"fave_single_top_area":["global"],"fave_single_content_area":["global"],"houzez_manual_expire":["0"],"fave_property_size_prefix":["m&sup2;"],"fave_property_map":["1"],"fave_additional_features_enable":["disable"],"fave_floor_plans_enable":["disable"],"fave_multiunit_plans_enable":["disable"],"fave_prop_homeslider":["no"],"fave_featured":["0"],"fave_property_address":["Palma,Illes Balears"],"fave_property_zip":["07009"],"houzez_geolocation_lat":["39.608316071"],"houzez_geolocation_long":["2.672892212"],"fave_property_location":["39.608316071,2.672892212"],"fave_property_country":["ES"],"fave_property_map_address":["Palma,Illes Balears,Spain"],"referencia":["01rmnu061"],"fave_property_id":["01rmnu061"],"fave_property_bedrooms":["0"],"fave_property_bathrooms":["0"],"fave_property_garage":["0"],"fave_property_land":["0"],"ave_property_land_postfix":["m&sup2;"],"fave_property_size":["168"],"fave_property_year":["0"],"fave_energy_global_index":["0 kWh\/m&sup2; \/0 Kg CO2\/m&sup2;"],"fave_energy_class":["N"],"estate_attr_energy_class":["N"],"REAL_HOMES_property_emisiones":["0"],"REAL_HOMES_property_consumo":["0"],"REAL_HOMES_property_letra":["N"],"estate_video":[""],"fave_virtual_tour":["<iframe src=\"https:\/\/crm.inmovilla.com\/fotosvr\/tour.php?cod=28898978.3010\" width=\"820\" height=\"500\" frameborder=\"0\" style=\"border:0\"><\/iframe><div class=\"enlacetour\"><a class=\"enlacetour2\" title=\"Ver tour virtual\" href=\"https:\/\/crm.inmovilla.com\/fotosvr\/tour.php?cod=28898978.3010\" target=\"_blank\">FULL SCREEN<\/a><\/div>"],"vendidoInmueble":[""],"fave_property_price":["Consultar"],"fave_property_price_postfix":[""],"fave_property_images":["28437459","28437460","28437461","28437462","28437463","28437464","28437465","28437466","28437467","28437468","28437469","28437470","28437471","28437472","28437473","28437474","28437475","28437476","28437477","28437478","28437479","28437480","28437481","28437482","28437483","28437484","28437485","28437486","28437487","28437488","28437489","28437490","28437491","28437492","28437493","28437494"],"houzez_total_property_views":["1"],"houzez_views_by_date":["a:1:{s:10:\"04-28-2026\";i:1;}"],"houzez_recently_viewed":["2026-04-28 08:12:54"]},"yoast_head":"<!-- This site is optimized with the Yoast SEO plugin v18.6 - https:\/\/yoast.com\/wordpress\/plugins\/seo\/ -->\n<title>Traspaso bar &#039;M\u00e1s que tapas&#039; con licencia, salida de humos y terraza en pol\u00edgono Son Caste - Gestpropiedad<\/title>\n<meta name=\"robots\" content=\"index, follow, max-snippet:-1, max-image-preview:large, max-video-preview:-1\" \/>\n<link rel=\"canonical\" href=\"https:\/\/gestpropiedad.com\/en\/inmueble\/venta\/negocio\/illes-balears\/palma\/01rmnu061\/\" \/>\n<meta property=\"og:locale\" content=\"en_US\" \/>\n<meta property=\"og:type\" content=\"article\" \/>\n<meta property=\"og:title\" content=\"Traspaso bar &#039;M\u00e1s que tapas&#039; con licencia, salida de humos y terraza en pol\u00edgono Son Caste - Gestpropiedad\" \/>\n<meta property=\"og:description\" content=\"Traspaso bar &#039;M\u00e1s que tapas&#039; con licencia, salida de humos y terraza en pol\u00edgono Son Castell\u00f3.~~Se traspasa amplio bar completamente reformado hace 2 a\u00f1os con salida de humos, licencia de bar\/cafeter\u00eda y terraza en pol\u00edgono Son Castell\u00f3. Se ubica en el pol\u00edgono m\u00e1s grande de la isla y en una de las calles m\u00e1s transitadas, Gremi\" \/>\n<meta property=\"og:url\" content=\"https:\/\/gestpropiedad.com\/en\/inmueble\/venta\/negocio\/illes-balears\/palma\/01rmnu061\/\" \/>\n<meta property=\"og:site_name\" content=\"Gestpropiedad\" \/>\n<meta property=\"og:image\" content=\"https:\/\/fotos15.apinmo.com\/3010\/28898978\/3-1.jpg\" \/>\n\t<meta property=\"og:image:width\" content=\"850\" \/>\n\t<meta property=\"og:image:height\" content=\"426\" \/>\n\t<meta property=\"og:image:type\" content=\"image\/jpeg\" \/>\n<meta name=\"twitter:card\" content=\"summary_large_image\" \/>\n<meta name=\"twitter:label1\" content=\"Est. reading time\" \/>\n\t<meta name=\"twitter:data1\" content=\"1 minute\" \/>\n<script type=\"application\/ld+json\" class=\"yoast-schema-graph\">{\"@context\":\"https:\/\/schema.org\",\"@graph\":[{\"@type\":\"Organization\",\"@id\":\"https:\/\/gestpropiedad.com\/#organization\",\"name\":\"Gestpropiedad\",\"url\":\"https:\/\/gestpropiedad.com\/\",\"sameAs\":[],\"logo\":{\"@type\":\"ImageObject\",\"@id\":\"https:\/\/gestpropiedad.com\/#logo\",\"inLanguage\":\"en-US\",\"url\":\"https:\/\/gestpropiedad.com\/wp-content\/uploads\/2021\/11\/logogp-b.svg\",\"contentUrl\":\"https:\/\/gestpropiedad.com\/wp-content\/uploads\/2021\/11\/logogp-b.svg\",\"width\":115,\"height\":60,\"caption\":\"Gestpropiedad\"},\"image\":{\"@id\":\"https:\/\/gestpropiedad.com\/#logo\"}},{\"@type\":\"WebSite\",\"@id\":\"https:\/\/gestpropiedad.com\/#website\",\"url\":\"https:\/\/gestpropiedad.com\/\",\"name\":\"Gestpropiedad\",\"description\":\"Inmobiliaria especializada en Mallorca. Islas Baleares\",\"publisher\":{\"@id\":\"https:\/\/gestpropiedad.com\/#organization\"},\"potentialAction\":[{\"@type\":\"SearchAction\",\"target\":{\"@type\":\"EntryPoint\",\"urlTemplate\":\"https:\/\/gestpropiedad.com\/?s={search_term_string}\"},\"query-input\":\"required name=search_term_string\"}],\"inLanguage\":\"en-US\"},{\"@type\":\"ImageObject\",\"@id\":\"https:\/\/gestpropiedad.com\/en\/inmueble\/venta\/negocio\/illes-balears\/palma\/01rmnu061\/#primaryimage\",\"inLanguage\":\"en-US\",\"url\":\"https:\/\/fotos15.apinmo.com\/3010\/28898978\/3-1.jpg\",\"contentUrl\":\"https:\/\/fotos15.apinmo.com\/3010\/28898978\/3-1.jpg\",\"width\":850,\"height\":426},{\"@type\":[\"WebPage\",\"RealEstateListing\"],\"@id\":\"https:\/\/gestpropiedad.com\/en\/inmueble\/venta\/negocio\/illes-balears\/palma\/01rmnu061\/#webpage\",\"url\":\"https:\/\/gestpropiedad.com\/en\/inmueble\/venta\/negocio\/illes-balears\/palma\/01rmnu061\/\",\"name\":\"Traspaso bar 'M\u00e1s que tapas' con licencia, salida de humos y terraza en pol\u00edgono Son Caste - Gestpropiedad\",\"isPartOf\":{\"@id\":\"https:\/\/gestpropiedad.com\/#website\"},\"primaryImageOfPage\":{\"@id\":\"https:\/\/gestpropiedad.com\/en\/inmueble\/venta\/negocio\/illes-balears\/palma\/01rmnu061\/#primaryimage\"},\"datePublished\":\"2026-04-27T17:14:17+00:00\",\"dateModified\":\"2026-04-27T17:14:17+00:00\",\"breadcrumb\":{\"@id\":\"https:\/\/gestpropiedad.com\/en\/inmueble\/venta\/negocio\/illes-balears\/palma\/01rmnu061\/#breadcrumb\"},\"inLanguage\":\"en-US\",\"potentialAction\":[{\"@type\":\"ReadAction\",\"target\":[\"https:\/\/gestpropiedad.com\/en\/inmueble\/venta\/negocio\/illes-balears\/palma\/01rmnu061\/\"]}]},{\"@type\":\"BreadcrumbList\",\"@id\":\"https:\/\/gestpropiedad.com\/en\/inmueble\/venta\/negocio\/illes-balears\/palma\/01rmnu061\/#breadcrumb\",\"itemListElement\":[{\"@type\":\"ListItem\",\"position\":1,\"name\":\"Portada\",\"item\":\"https:\/\/gestpropiedad.com\/\"},{\"@type\":\"ListItem\",\"position\":2,\"name\":\"Eigenschaften\",\"item\":\"https:\/\/gestpropiedad.com\/de\/inmueble\/\"},{\"@type\":\"ListItem\",\"position\":3,\"name\":\"Traspaso bar &#8216;M\u00e1s que tapas&#8217; con licencia, salida de humos y terraza en pol\u00edgono Son Caste\"}]}]}<\/script>\n<!-- \/ Yoast SEO plugin. -->","yoast_head_json":{"title":"Traspaso bar 'M\u00e1s que tapas' con licencia, salida de humos y terraza en pol\u00edgono Son Caste - Gestpropiedad","robots":{"index":"index","follow":"follow","max-snippet":"max-snippet:-1","max-image-preview":"max-image-preview:large","max-video-preview":"max-video-preview:-1"},"canonical":"https:\/\/gestpropiedad.com\/en\/inmueble\/venta\/negocio\/illes-balears\/palma\/01rmnu061\/","og_locale":"en_US","og_type":"article","og_title":"Traspaso bar 'M\u00e1s que tapas' con licencia, salida de humos y terraza en pol\u00edgono Son Caste - Gestpropiedad","og_description":"Traspaso bar 'M\u00e1s que tapas' con licencia, salida de humos y terraza en pol\u00edgono Son Castell\u00f3.~~Se traspasa amplio bar completamente reformado hace 2 a\u00f1os con salida de humos, licencia de bar\/cafeter\u00eda y terraza en pol\u00edgono Son Castell\u00f3. Se ubica en el pol\u00edgono m\u00e1s grande de la isla y en una de las calles m\u00e1s transitadas, Gremi","og_url":"https:\/\/gestpropiedad.com\/en\/inmueble\/venta\/negocio\/illes-balears\/palma\/01rmnu061\/","og_site_name":"Gestpropiedad","og_image":[{"width":850,"height":426,"url":"https:\/\/fotos15.apinmo.com\/3010\/28898978\/3-1.jpg","type":"image\/jpeg"}],"twitter_card":"summary_large_image","twitter_misc":{"Est. reading time":"1 minute"},"schema":{"@context":"https:\/\/schema.org","@graph":[{"@type":"Organization","@id":"https:\/\/gestpropiedad.com\/#organization","name":"Gestpropiedad","url":"https:\/\/gestpropiedad.com\/","sameAs":[],"logo":{"@type":"ImageObject","@id":"https:\/\/gestpropiedad.com\/#logo","inLanguage":"en-US","url":"https:\/\/gestpropiedad.com\/wp-content\/uploads\/2021\/11\/logogp-b.svg","contentUrl":"https:\/\/gestpropiedad.com\/wp-content\/uploads\/2021\/11\/logogp-b.svg","width":115,"height":60,"caption":"Gestpropiedad"},"image":{"@id":"https:\/\/gestpropiedad.com\/#logo"}},{"@type":"WebSite","@id":"https:\/\/gestpropiedad.com\/#website","url":"https:\/\/gestpropiedad.com\/","name":"Gestpropiedad","description":"Inmobiliaria especializada en Mallorca. Islas Baleares","publisher":{"@id":"https:\/\/gestpropiedad.com\/#organization"},"potentialAction":[{"@type":"SearchAction","target":{"@type":"EntryPoint","urlTemplate":"https:\/\/gestpropiedad.com\/?s={search_term_string}"},"query-input":"required name=search_term_string"}],"inLanguage":"en-US"},{"@type":"ImageObject","@id":"https:\/\/gestpropiedad.com\/en\/inmueble\/venta\/negocio\/illes-balears\/palma\/01rmnu061\/#primaryimage","inLanguage":"en-US","url":"https:\/\/fotos15.apinmo.com\/3010\/28898978\/3-1.jpg","contentUrl":"https:\/\/fotos15.apinmo.com\/3010\/28898978\/3-1.jpg","width":850,"height":426},{"@type":["WebPage","RealEstateListing"],"@id":"https:\/\/gestpropiedad.com\/en\/inmueble\/venta\/negocio\/illes-balears\/palma\/01rmnu061\/#webpage","url":"https:\/\/gestpropiedad.com\/en\/inmueble\/venta\/negocio\/illes-balears\/palma\/01rmnu061\/","name":"Traspaso bar 'M\u00e1s que tapas' con licencia, salida de humos y terraza en pol\u00edgono Son Caste - Gestpropiedad","isPartOf":{"@id":"https:\/\/gestpropiedad.com\/#website"},"primaryImageOfPage":{"@id":"https:\/\/gestpropiedad.com\/en\/inmueble\/venta\/negocio\/illes-balears\/palma\/01rmnu061\/#primaryimage"},"datePublished":"2026-04-27T17:14:17+00:00","dateModified":"2026-04-27T17:14:17+00:00","breadcrumb":{"@id":"https:\/\/gestpropiedad.com\/en\/inmueble\/venta\/negocio\/illes-balears\/palma\/01rmnu061\/#breadcrumb"},"inLanguage":"en-US","potentialAction":[{"@type":"ReadAction","target":["https:\/\/gestpropiedad.com\/en\/inmueble\/venta\/negocio\/illes-balears\/palma\/01rmnu061\/"]}]},{"@type":"BreadcrumbList","@id":"https:\/\/gestpropiedad.com\/en\/inmueble\/venta\/negocio\/illes-balears\/palma\/01rmnu061\/#breadcrumb","itemListElement":[{"@type":"ListItem","position":1,"name":"Portada","item":"https:\/\/gestpropiedad.com\/"},{"@type":"ListItem","position":2,"name":"Eigenschaften","item":"https:\/\/gestpropiedad.com\/de\/inmueble\/"},{"@type":"ListItem","position":3,"name":"Traspaso bar &#8216;M\u00e1s que tapas&#8217; con licencia, salida de humos y terraza en pol\u00edgono Son Caste"}]}]}},"_links":{"self":[{"href":"https:\/\/gestpropiedad.com\/en\/wp-json\/wp\/v2\/properties\/28437457"}],"collection":[{"href":"https:\/\/gestpropiedad.com\/en\/wp-json\/wp\/v2\/properties"}],"about":[{"href":"https:\/\/gestpropiedad.com\/en\/wp-json\/wp\/v2\/types\/property"}],"author":[{"embeddable":true,"href":"https:\/\/gestpropiedad.com\/en\/wp-json\/wp\/v2\/users\/4"}],"version-history":[{"count":0,"href":"https:\/\/gestpropiedad.com\/en\/wp-json\/wp\/v2\/properties\/28437457\/revisions"}],"wp:featuredmedia":[{"embeddable":true,"href":"https:\/\/gestpropiedad.com\/en\/wp-json\/wp\/v2\/media\/28437459"}],"wp:attachment":[{"href":"https:\/\/gestpropiedad.com\/en\/wp-json\/wp\/v2\/media?parent=28437457"}],"wp:term":[{"taxonomy":"property_type","embeddable":true,"href":"https:\/\/gestpropiedad.com\/en\/wp-json\/wp\/v2\/property_type?post=28437457"},{"taxonomy":"property_status","embeddable":true,"href":"https:\/\/gestpropiedad.com\/en\/wp-json\/wp\/v2\/property_status?post=28437457"},{"taxonomy":"property_feature","embeddable":true,"href":"https:\/\/gestpropiedad.com\/en\/wp-json\/wp\/v2\/property_feature?post=28437457"},{"taxonomy":"property_label","embeddable":true,"href":"https:\/\/gestpropiedad.com\/en\/wp-json\/wp\/v2\/property_label?post=28437457"},{"taxonomy":"property_state","embeddable":true,"href":"https:\/\/gestpropiedad.com\/en\/wp-json\/wp\/v2\/property_state?post=28437457"},{"taxonomy":"property_city","embeddable":true,"href":"https:\/\/gestpropiedad.com\/en\/wp-json\/wp\/v2\/property_city?post=28437457"},{"taxonomy":"property_area","embeddable":true,"href":"https:\/\/gestpropiedad.com\/en\/wp-json\/wp\/v2\/property_area?post=28437457"}],"curies":[{"name":"wp","href":"https:\/\/api.w.org\/{rel}","templated":true}]}}