

{"id":28437163,"date":"2026-04-27T17:58:42","date_gmt":"2026-04-27T17:58:42","guid":{"rendered":"https:\/\/www.gestpropiedad.com\/inmueble\/venta\/piso\/illes-balears\/palma\/01nu060\/"},"modified":"2026-04-27T17:58:42","modified_gmt":"2026-04-27T17:58:42","slug":"gran-oportunidad-en-zona-pere-garau-no-se-puede-visitar-en-01nu060","status":"publish","type":"property","link":"https:\/\/gestpropiedad.com\/en\/inmueble\/venta\/piso\/illes-balears\/palma\/01nu060\/","title":{"rendered":"Gran oportunidad en Zona Pere Garau \u00a1NO SE PUEDE VISITAR!"},"content":{"rendered":"<p>Gran oportunidad en Zona Pere Garau. \u00a1NO SE PUEDE VISITAR!<\/p>\n<p>\u00a1\u00a1\u00a1Atenci\u00f3n inversores!!! Os presentamos este quinto piso de 72 metros cuadrados ubicado en una finca SIN ASCENSOR y de s\u00f3lo un vecino por planta. La vivienda se encuentra alquilada hasta enero de 2027, se encuentra en una de las zonas con m\u00e1s proyecci\u00f3n de Palma, Pere Garau. Al encontrarse actualmente arrendado no se permiten visitas.<\/p>\n<p>Esta propiedad est\u00e1 distribuida en recibidor, cocina tipo office, sal\u00f3n comedor, tres habitaciones, dos de ellas dobles y un ba\u00f1o completo con plato de ducha. Adem\u00e1s dispone de dos balcones de aproximadamente 3m2 cada uno y un trastero en la zona de la azotea. <\/p>\n<p>Situada en una de las zonas m\u00e1s demandadas de Palma, cerca de todos los servicios necesarios para el d\u00eda a d\u00eda; restaurantes, supermercados, farmacias, centros m\u00e9dicos, colegios y parques. Cuenta adem\u00e1s con muy buena comunicaci\u00f3n con el transporte p\u00fablico y est\u00e1 a escasos 10 minutos del centro de Palma, lo que la convierte en una de las \u00e1reas m\u00e1s cotizadas y mejor posicionadas de la isla. <\/p>\n<p>Si quieres invertir en una propiedad con todas las comodidades y mejor rentabilidad de Palma, no pierdas tu oportunidad y cont\u00e1ctanos para m\u00e1s informaci\u00f3n.<\/p>\n<p>REFERENCIA: 01NU060<\/p>\n","protected":false},"excerpt":{"rendered":"<p>Gran oportunidad en Zona Pere Garau. \u00a1NO SE PUEDE VISITAR!~~\u00a1\u00a1\u00a1Atenci\u00f3n inversores!!! Os presentamos este quinto piso de 72 metros cuadrados ubicado en una finca SIN ASCENSOR y de s\u00f3lo un vecino por planta. La vivienda se encuentra alquilada hasta enero de 2027, se encuentra en una de las zonas con m\u00e1s proyecci\u00f3n de Palma, Pere <\/p>\n","protected":false},"author":4,"featured_media":28437165,"parent":0,"menu_order":0,"template":"","property_type":[1194],"property_status":[437],"property_feature":[1234,1206],"property_label":[],"property_state":[901],"property_city":[902],"property_area":[966],"acf":[],"property_meta":{"fave_agent":["5611526"],"fave_agents":["5611526"],"fave_agent_display_option":["agent_info"],"fave_agency":["3010"],"property_agent":["5611526"],"custom_permalink":["inmueble\/venta\/piso\/illes-balears\/palma\/01nu060\/"],"_thumbnail_id":["28437165"],"post_id":["Array"],"original_author":["4"],"_edit_lock":["1604137107:1"],"_edit_last":["1"],"fave_property_map_street_view":["show"],"fave_payment_status":["not_paid"],"fave_single_top_area":["global"],"fave_single_content_area":["global"],"houzez_manual_expire":["0"],"fave_property_size_prefix":["m&sup2;"],"fave_property_map":["1"],"fave_additional_features_enable":["disable"],"fave_floor_plans_enable":["disable"],"fave_multiunit_plans_enable":["disable"],"fave_prop_homeslider":["no"],"fave_featured":["0"],"fave_property_address":["Palma,Illes Balears"],"fave_property_zip":["07005"],"houzez_geolocation_lat":["39.576123117"],"houzez_geolocation_long":["2.666397393"],"fave_property_location":["39.576123117,2.666397393"],"fave_property_country":["ES"],"fave_property_map_address":["Palma,Illes Balears,Spain"],"referencia":["01nu060"],"fave_property_id":["01nu060"],"fave_property_bedrooms":["3"],"fave_property_bathrooms":["1"],"fave_property_garage":["0"],"fave_property_land":["0"],"ave_property_land_postfix":["m&sup2;"],"fave_property_size":["81"],"fave_property_year":["1970"],"fave_energy_global_index":["0 kWh\/m&sup2; \/1234.99 Kg CO2\/m&sup2;"],"fave_energy_class":["N"],"estate_attr_energy_class":["N"],"REAL_HOMES_property_emisiones":["1234.99"],"REAL_HOMES_property_consumo":["0"],"REAL_HOMES_property_letra":["N"],"estate_video":[""],"fave_virtual_tour":[""],"vendidoInmueble":[""],"fave_property_price":["150000"],"fave_property_price_postfix":[""],"fave_property_images":["28437165","28437166","28437167","28437168","28437169","28437170","28437171","28437172","28437173","28437174","28437175","28437176","28437177","28437178","28437179","28437180","28437181","28437182"],"houzez_total_property_views":["2"],"houzez_views_by_date":["a:1:{s:10:\"04-28-2026\";i:2;}"],"houzez_recently_viewed":["2026-04-28 10:13:39"]},"yoast_head":"<!-- This site is optimized with the Yoast SEO plugin v18.6 - https:\/\/yoast.com\/wordpress\/plugins\/seo\/ -->\n<title>Gran oportunidad en Zona Pere Garau \u00a1NO SE PUEDE VISITAR! - Gestpropiedad<\/title>\n<meta name=\"robots\" content=\"index, follow, max-snippet:-1, max-image-preview:large, max-video-preview:-1\" \/>\n<link rel=\"canonical\" href=\"https:\/\/gestpropiedad.com\/en\/inmueble\/venta\/piso\/illes-balears\/palma\/01nu060\/\" \/>\n<meta property=\"og:locale\" content=\"en_US\" \/>\n<meta property=\"og:type\" content=\"article\" \/>\n<meta property=\"og:title\" content=\"Gran oportunidad en Zona Pere Garau \u00a1NO SE PUEDE VISITAR! - Gestpropiedad\" \/>\n<meta property=\"og:description\" content=\"Gran oportunidad en Zona Pere Garau. \u00a1NO SE PUEDE VISITAR!~~\u00a1\u00a1\u00a1Atenci\u00f3n inversores!!! Os presentamos este quinto piso de 72 metros cuadrados ubicado en una finca SIN ASCENSOR y de s\u00f3lo un vecino por planta. La vivienda se encuentra alquilada hasta enero de 2027, se encuentra en una de las zonas con m\u00e1s proyecci\u00f3n de Palma, Pere\" \/>\n<meta property=\"og:url\" content=\"https:\/\/gestpropiedad.com\/en\/inmueble\/venta\/piso\/illes-balears\/palma\/01nu060\/\" \/>\n<meta property=\"og:site_name\" content=\"Gestpropiedad\" \/>\n<meta property=\"og:image\" content=\"https:\/\/fotos15.apinmo.com\/3010\/28831616\/2-1.jpg\" \/>\n\t<meta property=\"og:image:width\" content=\"850\" \/>\n\t<meta property=\"og:image:height\" content=\"426\" \/>\n\t<meta property=\"og:image:type\" content=\"image\/jpeg\" \/>\n<meta name=\"twitter:card\" content=\"summary_large_image\" \/>\n<meta name=\"twitter:label1\" content=\"Est. reading time\" \/>\n\t<meta name=\"twitter:data1\" content=\"1 minute\" \/>\n<script type=\"application\/ld+json\" class=\"yoast-schema-graph\">{\"@context\":\"https:\/\/schema.org\",\"@graph\":[{\"@type\":\"Organization\",\"@id\":\"https:\/\/gestpropiedad.com\/#organization\",\"name\":\"Gestpropiedad\",\"url\":\"https:\/\/gestpropiedad.com\/\",\"sameAs\":[],\"logo\":{\"@type\":\"ImageObject\",\"@id\":\"https:\/\/gestpropiedad.com\/#logo\",\"inLanguage\":\"en-US\",\"url\":\"https:\/\/gestpropiedad.com\/wp-content\/uploads\/2021\/11\/logogp-b.svg\",\"contentUrl\":\"https:\/\/gestpropiedad.com\/wp-content\/uploads\/2021\/11\/logogp-b.svg\",\"width\":115,\"height\":60,\"caption\":\"Gestpropiedad\"},\"image\":{\"@id\":\"https:\/\/gestpropiedad.com\/#logo\"}},{\"@type\":\"WebSite\",\"@id\":\"https:\/\/gestpropiedad.com\/#website\",\"url\":\"https:\/\/gestpropiedad.com\/\",\"name\":\"Gestpropiedad\",\"description\":\"Inmobiliaria especializada en Mallorca. Islas Baleares\",\"publisher\":{\"@id\":\"https:\/\/gestpropiedad.com\/#organization\"},\"potentialAction\":[{\"@type\":\"SearchAction\",\"target\":{\"@type\":\"EntryPoint\",\"urlTemplate\":\"https:\/\/gestpropiedad.com\/?s={search_term_string}\"},\"query-input\":\"required name=search_term_string\"}],\"inLanguage\":\"en-US\"},{\"@type\":\"ImageObject\",\"@id\":\"https:\/\/gestpropiedad.com\/en\/inmueble\/venta\/piso\/illes-balears\/palma\/01nu060\/#primaryimage\",\"inLanguage\":\"en-US\",\"url\":\"https:\/\/fotos15.apinmo.com\/3010\/28831616\/2-1.jpg\",\"contentUrl\":\"https:\/\/fotos15.apinmo.com\/3010\/28831616\/2-1.jpg\",\"width\":850,\"height\":426,\"caption\":\"Gran oportunidad en zona pere garau \u00a1no se puede visitar! - imagenInmueble0\"},{\"@type\":[\"WebPage\",\"RealEstateListing\"],\"@id\":\"https:\/\/gestpropiedad.com\/en\/inmueble\/venta\/piso\/illes-balears\/palma\/01nu060\/#webpage\",\"url\":\"https:\/\/gestpropiedad.com\/en\/inmueble\/venta\/piso\/illes-balears\/palma\/01nu060\/\",\"name\":\"Gran oportunidad en Zona Pere Garau \u00a1NO SE PUEDE VISITAR! - Gestpropiedad\",\"isPartOf\":{\"@id\":\"https:\/\/gestpropiedad.com\/#website\"},\"primaryImageOfPage\":{\"@id\":\"https:\/\/gestpropiedad.com\/en\/inmueble\/venta\/piso\/illes-balears\/palma\/01nu060\/#primaryimage\"},\"datePublished\":\"2026-04-27T17:58:42+00:00\",\"dateModified\":\"2026-04-27T17:58:42+00:00\",\"breadcrumb\":{\"@id\":\"https:\/\/gestpropiedad.com\/en\/inmueble\/venta\/piso\/illes-balears\/palma\/01nu060\/#breadcrumb\"},\"inLanguage\":\"en-US\",\"potentialAction\":[{\"@type\":\"ReadAction\",\"target\":[\"https:\/\/gestpropiedad.com\/en\/inmueble\/venta\/piso\/illes-balears\/palma\/01nu060\/\"]}]},{\"@type\":\"BreadcrumbList\",\"@id\":\"https:\/\/gestpropiedad.com\/en\/inmueble\/venta\/piso\/illes-balears\/palma\/01nu060\/#breadcrumb\",\"itemListElement\":[{\"@type\":\"ListItem\",\"position\":1,\"name\":\"Portada\",\"item\":\"https:\/\/gestpropiedad.com\/\"},{\"@type\":\"ListItem\",\"position\":2,\"name\":\"Eigenschaften\",\"item\":\"https:\/\/gestpropiedad.com\/de\/inmueble\/\"},{\"@type\":\"ListItem\",\"position\":3,\"name\":\"Gran oportunidad en Zona Pere Garau \u00a1NO SE PUEDE VISITAR!\"}]}]}<\/script>\n<!-- \/ Yoast SEO plugin. -->","yoast_head_json":{"title":"Gran oportunidad en Zona Pere Garau \u00a1NO SE PUEDE VISITAR! - Gestpropiedad","robots":{"index":"index","follow":"follow","max-snippet":"max-snippet:-1","max-image-preview":"max-image-preview:large","max-video-preview":"max-video-preview:-1"},"canonical":"https:\/\/gestpropiedad.com\/en\/inmueble\/venta\/piso\/illes-balears\/palma\/01nu060\/","og_locale":"en_US","og_type":"article","og_title":"Gran oportunidad en Zona Pere Garau \u00a1NO SE PUEDE VISITAR! - Gestpropiedad","og_description":"Gran oportunidad en Zona Pere Garau. \u00a1NO SE PUEDE VISITAR!~~\u00a1\u00a1\u00a1Atenci\u00f3n inversores!!! Os presentamos este quinto piso de 72 metros cuadrados ubicado en una finca SIN ASCENSOR y de s\u00f3lo un vecino por planta. La vivienda se encuentra alquilada hasta enero de 2027, se encuentra en una de las zonas con m\u00e1s proyecci\u00f3n de Palma, Pere","og_url":"https:\/\/gestpropiedad.com\/en\/inmueble\/venta\/piso\/illes-balears\/palma\/01nu060\/","og_site_name":"Gestpropiedad","og_image":[{"width":850,"height":426,"url":"https:\/\/fotos15.apinmo.com\/3010\/28831616\/2-1.jpg","type":"image\/jpeg"}],"twitter_card":"summary_large_image","twitter_misc":{"Est. reading time":"1 minute"},"schema":{"@context":"https:\/\/schema.org","@graph":[{"@type":"Organization","@id":"https:\/\/gestpropiedad.com\/#organization","name":"Gestpropiedad","url":"https:\/\/gestpropiedad.com\/","sameAs":[],"logo":{"@type":"ImageObject","@id":"https:\/\/gestpropiedad.com\/#logo","inLanguage":"en-US","url":"https:\/\/gestpropiedad.com\/wp-content\/uploads\/2021\/11\/logogp-b.svg","contentUrl":"https:\/\/gestpropiedad.com\/wp-content\/uploads\/2021\/11\/logogp-b.svg","width":115,"height":60,"caption":"Gestpropiedad"},"image":{"@id":"https:\/\/gestpropiedad.com\/#logo"}},{"@type":"WebSite","@id":"https:\/\/gestpropiedad.com\/#website","url":"https:\/\/gestpropiedad.com\/","name":"Gestpropiedad","description":"Inmobiliaria especializada en Mallorca. Islas Baleares","publisher":{"@id":"https:\/\/gestpropiedad.com\/#organization"},"potentialAction":[{"@type":"SearchAction","target":{"@type":"EntryPoint","urlTemplate":"https:\/\/gestpropiedad.com\/?s={search_term_string}"},"query-input":"required name=search_term_string"}],"inLanguage":"en-US"},{"@type":"ImageObject","@id":"https:\/\/gestpropiedad.com\/en\/inmueble\/venta\/piso\/illes-balears\/palma\/01nu060\/#primaryimage","inLanguage":"en-US","url":"https:\/\/fotos15.apinmo.com\/3010\/28831616\/2-1.jpg","contentUrl":"https:\/\/fotos15.apinmo.com\/3010\/28831616\/2-1.jpg","width":850,"height":426,"caption":"Gran oportunidad en zona pere garau \u00a1no se puede visitar! - imagenInmueble0"},{"@type":["WebPage","RealEstateListing"],"@id":"https:\/\/gestpropiedad.com\/en\/inmueble\/venta\/piso\/illes-balears\/palma\/01nu060\/#webpage","url":"https:\/\/gestpropiedad.com\/en\/inmueble\/venta\/piso\/illes-balears\/palma\/01nu060\/","name":"Gran oportunidad en Zona Pere Garau \u00a1NO SE PUEDE VISITAR! - Gestpropiedad","isPartOf":{"@id":"https:\/\/gestpropiedad.com\/#website"},"primaryImageOfPage":{"@id":"https:\/\/gestpropiedad.com\/en\/inmueble\/venta\/piso\/illes-balears\/palma\/01nu060\/#primaryimage"},"datePublished":"2026-04-27T17:58:42+00:00","dateModified":"2026-04-27T17:58:42+00:00","breadcrumb":{"@id":"https:\/\/gestpropiedad.com\/en\/inmueble\/venta\/piso\/illes-balears\/palma\/01nu060\/#breadcrumb"},"inLanguage":"en-US","potentialAction":[{"@type":"ReadAction","target":["https:\/\/gestpropiedad.com\/en\/inmueble\/venta\/piso\/illes-balears\/palma\/01nu060\/"]}]},{"@type":"BreadcrumbList","@id":"https:\/\/gestpropiedad.com\/en\/inmueble\/venta\/piso\/illes-balears\/palma\/01nu060\/#breadcrumb","itemListElement":[{"@type":"ListItem","position":1,"name":"Portada","item":"https:\/\/gestpropiedad.com\/"},{"@type":"ListItem","position":2,"name":"Eigenschaften","item":"https:\/\/gestpropiedad.com\/de\/inmueble\/"},{"@type":"ListItem","position":3,"name":"Gran oportunidad en Zona Pere Garau \u00a1NO SE PUEDE VISITAR!"}]}]}},"_links":{"self":[{"href":"https:\/\/gestpropiedad.com\/en\/wp-json\/wp\/v2\/properties\/28437163"}],"collection":[{"href":"https:\/\/gestpropiedad.com\/en\/wp-json\/wp\/v2\/properties"}],"about":[{"href":"https:\/\/gestpropiedad.com\/en\/wp-json\/wp\/v2\/types\/property"}],"author":[{"embeddable":true,"href":"https:\/\/gestpropiedad.com\/en\/wp-json\/wp\/v2\/users\/4"}],"version-history":[{"count":0,"href":"https:\/\/gestpropiedad.com\/en\/wp-json\/wp\/v2\/properties\/28437163\/revisions"}],"wp:featuredmedia":[{"embeddable":true,"href":"https:\/\/gestpropiedad.com\/en\/wp-json\/wp\/v2\/media\/28437165"}],"wp:attachment":[{"href":"https:\/\/gestpropiedad.com\/en\/wp-json\/wp\/v2\/media?parent=28437163"}],"wp:term":[{"taxonomy":"property_type","embeddable":true,"href":"https:\/\/gestpropiedad.com\/en\/wp-json\/wp\/v2\/property_type?post=28437163"},{"taxonomy":"property_status","embeddable":true,"href":"https:\/\/gestpropiedad.com\/en\/wp-json\/wp\/v2\/property_status?post=28437163"},{"taxonomy":"property_feature","embeddable":true,"href":"https:\/\/gestpropiedad.com\/en\/wp-json\/wp\/v2\/property_feature?post=28437163"},{"taxonomy":"property_label","embeddable":true,"href":"https:\/\/gestpropiedad.com\/en\/wp-json\/wp\/v2\/property_label?post=28437163"},{"taxonomy":"property_state","embeddable":true,"href":"https:\/\/gestpropiedad.com\/en\/wp-json\/wp\/v2\/property_state?post=28437163"},{"taxonomy":"property_city","embeddable":true,"href":"https:\/\/gestpropiedad.com\/en\/wp-json\/wp\/v2\/property_city?post=28437163"},{"taxonomy":"property_area","embeddable":true,"href":"https:\/\/gestpropiedad.com\/en\/wp-json\/wp\/v2\/property_area?post=28437163"}],"curies":[{"name":"wp","href":"https:\/\/api.w.org\/{rel}","templated":true}]}}