

{"id":28427253,"date":"2026-04-09T16:38:24","date_gmt":"2026-04-09T16:38:24","guid":{"rendered":"https:\/\/www.gestpropiedad.com\/inmueble\/venta\/piso\/illes-balears\/palma\/01jg058\/"},"modified":"2026-04-09T16:38:24","modified_gmt":"2026-04-09T16:38:24","slug":"piso-de-2-habitaciones-con-ascensor-en-zona-jaime-iii-palma-centro-en-01jg058","status":"publish","type":"property","link":"https:\/\/gestpropiedad.com\/en\/inmueble\/venta\/piso\/illes-balears\/palma\/01jg058\/","title":{"rendered":"Piso de 2 habitaciones con ascensor en zona Jaime III (Palma centro)"},"content":{"rendered":"<p>Piso de 2 habitaciones con ascensor en zona Jaime III (Palma centro)<\/p>\n<p>Vivir en el epicentro de Palma es un privilegio reservado a muy pocos, y este piso en Plaza del Mercat ofrece la oportunidad perfecta para crear un hogar o inversi\u00f3n a medida en una de las zonas m\u00e1s emblem\u00e1ticas de la ciudad.<\/p>\n<p>Situado en una finca con ascensor, este inmueble se encuentra en una segunda planta luminosa, con dos dormitorios dobles, ba\u00f1o completo y un aseo. Tiene un enorme potencial de reforma para adaptarlo al gusto y necesidades del nuevo propietario. Una vivienda muy tranquila, sin ruido, ya que no da a la plaza mercat. <\/p>\n<p>Lo verdaderamente especial de esta propiedad es su ubicaci\u00f3n incomparable:<br \/>*A pocos pasos del Paseo del Borne, Jaime III y la calle Uni\u00f3n, el epicentro comercial, cultural y social de Palma. Rodeado de boutiques exclusivas, restaurantes gourmet, cafeter\u00edas con encanto, galer\u00edas de arte y edificios hist\u00f3ricos que reflejan la esencia del casco antiguo.<\/p>\n<p>El entorno combina la elegancia de la arquitectura tradicional mallorquina con el dinamismo de una zona cosmopolita y vibrante, donde todo est\u00e1 al alcance: desde los mejores hoteles boutique hasta el Teatro Principal, la Catedral o el Paseo Mar\u00edtimo, todo a tan solo unos minutos a pie.<\/p>\n<p>Una propiedad con alma, ideal para quien busca una inversi\u00f3n segura en pleno centro hist\u00f3rico de Palma o para quien desea crear un hogar con car\u00e1cter y estilo en una ubicaci\u00f3n de prestigio.<\/p>\n<p>La zona donde se ubica esta joya, en pleno coraz\u00f3n de la ciudad, cuenta con todos los servicios tales como varias paradas de autob\u00fas con todas las conexiones, supermercados, farmacias, el Corte Ingl\u00e9s a escasos minutos caminando, tiendas con las mejores marcas, restaurantes, etc..  <\/p>\n<p>*El precio de la vivienda es sin la reforma.<\/p>\n<p>REFERENCIA: 01JG058<\/p>\n","protected":false},"excerpt":{"rendered":"<p>Piso de 2 habitaciones con ascensor en zona Jaime III (Palma centro)~~Vivir en el epicentro de Palma es un privilegio reservado a muy pocos, y este piso en Plaza del Mercat ofrece la oportunidad perfecta para crear un hogar o inversi\u00f3n a medida en una de las zonas m\u00e1s emblem\u00e1ticas de la ciudad.~~Situado en una finca con ascensor, este <\/p>\n","protected":false},"author":4,"featured_media":28427255,"parent":0,"menu_order":0,"template":"","property_type":[1194],"property_status":[437],"property_feature":[1279,1197,1234],"property_label":[],"property_state":[901],"property_city":[902],"property_area":[1190],"acf":[],"property_meta":{"fave_agent":["22256828"],"fave_agents":["22256828"],"fave_agent_display_option":["agent_info"],"fave_agency":["3010"],"property_agent":["22256828"],"custom_permalink":["inmueble\/venta\/piso\/illes-balears\/palma\/01jg058\/"],"_thumbnail_id":["28427255"],"post_id":["Array"],"original_author":["4"],"_edit_lock":["1604137107:1"],"_edit_last":["1"],"fave_property_map_street_view":["show"],"fave_payment_status":["not_paid"],"fave_single_top_area":["global"],"fave_single_content_area":["global"],"houzez_manual_expire":["0"],"fave_property_size_prefix":["m&sup2;"],"fave_property_map":["1"],"fave_additional_features_enable":["disable"],"fave_floor_plans_enable":["disable"],"fave_multiunit_plans_enable":["disable"],"fave_prop_homeslider":["no"],"fave_featured":["3"],"fave_property_address":["Palma,Illes Balears"],"fave_property_zip":["07001"],"houzez_geolocation_lat":["39.57125672"],"houzez_geolocation_long":["2.64855685"],"fave_property_location":["39.57125672,2.64855685"],"fave_property_country":["ES"],"fave_property_map_address":["Palma,Illes Balears,Spain"],"referencia":["01jg058"],"fave_property_id":["01jg058"],"fave_property_bedrooms":["2"],"fave_property_bathrooms":["1"],"fave_property_garage":["0"],"fave_property_land":["0"],"ave_property_land_postfix":["m&sup2;"],"fave_property_size":["79"],"fave_property_year":["1938"],"fave_energy_global_index":["0 kWh\/m&sup2; \/1234.99 Kg CO2\/m&sup2;"],"fave_energy_class":["N"],"estate_attr_energy_class":["N"],"REAL_HOMES_property_emisiones":["1234.99"],"REAL_HOMES_property_consumo":["0"],"REAL_HOMES_property_letra":["N"],"estate_video":[""],"fave_virtual_tour":["<iframe src=\"https:\/\/crm.inmovilla.com\/fotosvr\/tour.php?cod=26774268.3010\" width=\"820\" height=\"500\" frameborder=\"0\" style=\"border:0\"><\/iframe><div class=\"enlacetour\"><a class=\"enlacetour2\" title=\"Ver tour virtual\" href=\"https:\/\/crm.inmovilla.com\/fotosvr\/tour.php?cod=26774268.3010\" target=\"_blank\">FULL SCREEN<\/a><\/div>"],"vendidoInmueble":[""],"fave_property_price":["420000"],"fave_property_price_postfix":[""],"fave_property_images":["28427255","28427256","28427257","28427258","28427259","28427260","28427261","28427262","28427263","28427264","28427265","28427266","28427267","28427268","28427269","28427270","28427271","28427272","28427273","28427274","28427275","28427276","28427277","28427278"],"houzez_total_property_views":["1"],"houzez_views_by_date":["a:1:{s:10:\"04-28-2026\";i:1;}"],"houzez_recently_viewed":["2026-04-28 10:15:57"]},"yoast_head":"<!-- This site is optimized with the Yoast SEO plugin v18.6 - https:\/\/yoast.com\/wordpress\/plugins\/seo\/ -->\n<title>Piso de 2 habitaciones con ascensor en zona Jaime III (Palma centro) - Gestpropiedad<\/title>\n<meta name=\"robots\" content=\"index, follow, max-snippet:-1, max-image-preview:large, max-video-preview:-1\" \/>\n<link rel=\"canonical\" href=\"https:\/\/gestpropiedad.com\/en\/inmueble\/venta\/piso\/illes-balears\/palma\/01jg058\/\" \/>\n<meta property=\"og:locale\" content=\"en_US\" \/>\n<meta property=\"og:type\" content=\"article\" \/>\n<meta property=\"og:title\" content=\"Piso de 2 habitaciones con ascensor en zona Jaime III (Palma centro) - Gestpropiedad\" \/>\n<meta property=\"og:description\" content=\"Piso de 2 habitaciones con ascensor en zona Jaime III (Palma centro)~~Vivir en el epicentro de Palma es un privilegio reservado a muy pocos, y este piso en Plaza del Mercat ofrece la oportunidad perfecta para crear un hogar o inversi\u00f3n a medida en una de las zonas m\u00e1s emblem\u00e1ticas de la ciudad.~~Situado en una finca con ascensor, este\" \/>\n<meta property=\"og:url\" content=\"https:\/\/gestpropiedad.com\/en\/inmueble\/venta\/piso\/illes-balears\/palma\/01jg058\/\" \/>\n<meta property=\"og:site_name\" content=\"Gestpropiedad\" \/>\n<meta property=\"og:image\" content=\"https:\/\/fotos15.apinmo.com\/3010\/26774268\/5-1.jpg\" \/>\n\t<meta property=\"og:image:width\" content=\"850\" \/>\n\t<meta property=\"og:image:height\" content=\"426\" \/>\n\t<meta property=\"og:image:type\" content=\"image\/jpeg\" \/>\n<meta name=\"twitter:card\" content=\"summary_large_image\" \/>\n<meta name=\"twitter:label1\" content=\"Est. reading time\" \/>\n\t<meta name=\"twitter:data1\" content=\"2 minutes\" \/>\n<script type=\"application\/ld+json\" class=\"yoast-schema-graph\">{\"@context\":\"https:\/\/schema.org\",\"@graph\":[{\"@type\":\"Organization\",\"@id\":\"https:\/\/gestpropiedad.com\/#organization\",\"name\":\"Gestpropiedad\",\"url\":\"https:\/\/gestpropiedad.com\/\",\"sameAs\":[],\"logo\":{\"@type\":\"ImageObject\",\"@id\":\"https:\/\/gestpropiedad.com\/#logo\",\"inLanguage\":\"en-US\",\"url\":\"https:\/\/gestpropiedad.com\/wp-content\/uploads\/2021\/11\/logogp-b.svg\",\"contentUrl\":\"https:\/\/gestpropiedad.com\/wp-content\/uploads\/2021\/11\/logogp-b.svg\",\"width\":115,\"height\":60,\"caption\":\"Gestpropiedad\"},\"image\":{\"@id\":\"https:\/\/gestpropiedad.com\/#logo\"}},{\"@type\":\"WebSite\",\"@id\":\"https:\/\/gestpropiedad.com\/#website\",\"url\":\"https:\/\/gestpropiedad.com\/\",\"name\":\"Gestpropiedad\",\"description\":\"Inmobiliaria especializada en Mallorca. Islas Baleares\",\"publisher\":{\"@id\":\"https:\/\/gestpropiedad.com\/#organization\"},\"potentialAction\":[{\"@type\":\"SearchAction\",\"target\":{\"@type\":\"EntryPoint\",\"urlTemplate\":\"https:\/\/gestpropiedad.com\/?s={search_term_string}\"},\"query-input\":\"required name=search_term_string\"}],\"inLanguage\":\"en-US\"},{\"@type\":\"ImageObject\",\"@id\":\"https:\/\/gestpropiedad.com\/en\/inmueble\/venta\/piso\/illes-balears\/palma\/01jg058\/#primaryimage\",\"inLanguage\":\"en-US\",\"url\":\"https:\/\/fotos15.apinmo.com\/3010\/26774268\/5-1.jpg\",\"contentUrl\":\"https:\/\/fotos15.apinmo.com\/3010\/26774268\/5-1.jpg\",\"width\":850,\"height\":426,\"caption\":\"Piso de 2 habitaciones con ascensor en zona jaime iii (palma centro) - imagenInmueble0\"},{\"@type\":[\"WebPage\",\"RealEstateListing\"],\"@id\":\"https:\/\/gestpropiedad.com\/en\/inmueble\/venta\/piso\/illes-balears\/palma\/01jg058\/#webpage\",\"url\":\"https:\/\/gestpropiedad.com\/en\/inmueble\/venta\/piso\/illes-balears\/palma\/01jg058\/\",\"name\":\"Piso de 2 habitaciones con ascensor en zona Jaime III (Palma centro) - Gestpropiedad\",\"isPartOf\":{\"@id\":\"https:\/\/gestpropiedad.com\/#website\"},\"primaryImageOfPage\":{\"@id\":\"https:\/\/gestpropiedad.com\/en\/inmueble\/venta\/piso\/illes-balears\/palma\/01jg058\/#primaryimage\"},\"datePublished\":\"2026-04-09T16:38:24+00:00\",\"dateModified\":\"2026-04-09T16:38:24+00:00\",\"breadcrumb\":{\"@id\":\"https:\/\/gestpropiedad.com\/en\/inmueble\/venta\/piso\/illes-balears\/palma\/01jg058\/#breadcrumb\"},\"inLanguage\":\"en-US\",\"potentialAction\":[{\"@type\":\"ReadAction\",\"target\":[\"https:\/\/gestpropiedad.com\/en\/inmueble\/venta\/piso\/illes-balears\/palma\/01jg058\/\"]}]},{\"@type\":\"BreadcrumbList\",\"@id\":\"https:\/\/gestpropiedad.com\/en\/inmueble\/venta\/piso\/illes-balears\/palma\/01jg058\/#breadcrumb\",\"itemListElement\":[{\"@type\":\"ListItem\",\"position\":1,\"name\":\"Portada\",\"item\":\"https:\/\/gestpropiedad.com\/\"},{\"@type\":\"ListItem\",\"position\":2,\"name\":\"Eigenschaften\",\"item\":\"https:\/\/gestpropiedad.com\/de\/inmueble\/\"},{\"@type\":\"ListItem\",\"position\":3,\"name\":\"Piso de 2 habitaciones con ascensor en zona Jaime III (Palma centro)\"}]}]}<\/script>\n<!-- \/ Yoast SEO plugin. -->","yoast_head_json":{"title":"Piso de 2 habitaciones con ascensor en zona Jaime III (Palma centro) - Gestpropiedad","robots":{"index":"index","follow":"follow","max-snippet":"max-snippet:-1","max-image-preview":"max-image-preview:large","max-video-preview":"max-video-preview:-1"},"canonical":"https:\/\/gestpropiedad.com\/en\/inmueble\/venta\/piso\/illes-balears\/palma\/01jg058\/","og_locale":"en_US","og_type":"article","og_title":"Piso de 2 habitaciones con ascensor en zona Jaime III (Palma centro) - Gestpropiedad","og_description":"Piso de 2 habitaciones con ascensor en zona Jaime III (Palma centro)~~Vivir en el epicentro de Palma es un privilegio reservado a muy pocos, y este piso en Plaza del Mercat ofrece la oportunidad perfecta para crear un hogar o inversi\u00f3n a medida en una de las zonas m\u00e1s emblem\u00e1ticas de la ciudad.~~Situado en una finca con ascensor, este","og_url":"https:\/\/gestpropiedad.com\/en\/inmueble\/venta\/piso\/illes-balears\/palma\/01jg058\/","og_site_name":"Gestpropiedad","og_image":[{"width":850,"height":426,"url":"https:\/\/fotos15.apinmo.com\/3010\/26774268\/5-1.jpg","type":"image\/jpeg"}],"twitter_card":"summary_large_image","twitter_misc":{"Est. reading time":"2 minutes"},"schema":{"@context":"https:\/\/schema.org","@graph":[{"@type":"Organization","@id":"https:\/\/gestpropiedad.com\/#organization","name":"Gestpropiedad","url":"https:\/\/gestpropiedad.com\/","sameAs":[],"logo":{"@type":"ImageObject","@id":"https:\/\/gestpropiedad.com\/#logo","inLanguage":"en-US","url":"https:\/\/gestpropiedad.com\/wp-content\/uploads\/2021\/11\/logogp-b.svg","contentUrl":"https:\/\/gestpropiedad.com\/wp-content\/uploads\/2021\/11\/logogp-b.svg","width":115,"height":60,"caption":"Gestpropiedad"},"image":{"@id":"https:\/\/gestpropiedad.com\/#logo"}},{"@type":"WebSite","@id":"https:\/\/gestpropiedad.com\/#website","url":"https:\/\/gestpropiedad.com\/","name":"Gestpropiedad","description":"Inmobiliaria especializada en Mallorca. Islas Baleares","publisher":{"@id":"https:\/\/gestpropiedad.com\/#organization"},"potentialAction":[{"@type":"SearchAction","target":{"@type":"EntryPoint","urlTemplate":"https:\/\/gestpropiedad.com\/?s={search_term_string}"},"query-input":"required name=search_term_string"}],"inLanguage":"en-US"},{"@type":"ImageObject","@id":"https:\/\/gestpropiedad.com\/en\/inmueble\/venta\/piso\/illes-balears\/palma\/01jg058\/#primaryimage","inLanguage":"en-US","url":"https:\/\/fotos15.apinmo.com\/3010\/26774268\/5-1.jpg","contentUrl":"https:\/\/fotos15.apinmo.com\/3010\/26774268\/5-1.jpg","width":850,"height":426,"caption":"Piso de 2 habitaciones con ascensor en zona jaime iii (palma centro) - imagenInmueble0"},{"@type":["WebPage","RealEstateListing"],"@id":"https:\/\/gestpropiedad.com\/en\/inmueble\/venta\/piso\/illes-balears\/palma\/01jg058\/#webpage","url":"https:\/\/gestpropiedad.com\/en\/inmueble\/venta\/piso\/illes-balears\/palma\/01jg058\/","name":"Piso de 2 habitaciones con ascensor en zona Jaime III (Palma centro) - Gestpropiedad","isPartOf":{"@id":"https:\/\/gestpropiedad.com\/#website"},"primaryImageOfPage":{"@id":"https:\/\/gestpropiedad.com\/en\/inmueble\/venta\/piso\/illes-balears\/palma\/01jg058\/#primaryimage"},"datePublished":"2026-04-09T16:38:24+00:00","dateModified":"2026-04-09T16:38:24+00:00","breadcrumb":{"@id":"https:\/\/gestpropiedad.com\/en\/inmueble\/venta\/piso\/illes-balears\/palma\/01jg058\/#breadcrumb"},"inLanguage":"en-US","potentialAction":[{"@type":"ReadAction","target":["https:\/\/gestpropiedad.com\/en\/inmueble\/venta\/piso\/illes-balears\/palma\/01jg058\/"]}]},{"@type":"BreadcrumbList","@id":"https:\/\/gestpropiedad.com\/en\/inmueble\/venta\/piso\/illes-balears\/palma\/01jg058\/#breadcrumb","itemListElement":[{"@type":"ListItem","position":1,"name":"Portada","item":"https:\/\/gestpropiedad.com\/"},{"@type":"ListItem","position":2,"name":"Eigenschaften","item":"https:\/\/gestpropiedad.com\/de\/inmueble\/"},{"@type":"ListItem","position":3,"name":"Piso de 2 habitaciones con ascensor en zona Jaime III (Palma centro)"}]}]}},"_links":{"self":[{"href":"https:\/\/gestpropiedad.com\/en\/wp-json\/wp\/v2\/properties\/28427253"}],"collection":[{"href":"https:\/\/gestpropiedad.com\/en\/wp-json\/wp\/v2\/properties"}],"about":[{"href":"https:\/\/gestpropiedad.com\/en\/wp-json\/wp\/v2\/types\/property"}],"author":[{"embeddable":true,"href":"https:\/\/gestpropiedad.com\/en\/wp-json\/wp\/v2\/users\/4"}],"version-history":[{"count":0,"href":"https:\/\/gestpropiedad.com\/en\/wp-json\/wp\/v2\/properties\/28427253\/revisions"}],"wp:featuredmedia":[{"embeddable":true,"href":"https:\/\/gestpropiedad.com\/en\/wp-json\/wp\/v2\/media\/28427255"}],"wp:attachment":[{"href":"https:\/\/gestpropiedad.com\/en\/wp-json\/wp\/v2\/media?parent=28427253"}],"wp:term":[{"taxonomy":"property_type","embeddable":true,"href":"https:\/\/gestpropiedad.com\/en\/wp-json\/wp\/v2\/property_type?post=28427253"},{"taxonomy":"property_status","embeddable":true,"href":"https:\/\/gestpropiedad.com\/en\/wp-json\/wp\/v2\/property_status?post=28427253"},{"taxonomy":"property_feature","embeddable":true,"href":"https:\/\/gestpropiedad.com\/en\/wp-json\/wp\/v2\/property_feature?post=28427253"},{"taxonomy":"property_label","embeddable":true,"href":"https:\/\/gestpropiedad.com\/en\/wp-json\/wp\/v2\/property_label?post=28427253"},{"taxonomy":"property_state","embeddable":true,"href":"https:\/\/gestpropiedad.com\/en\/wp-json\/wp\/v2\/property_state?post=28427253"},{"taxonomy":"property_city","embeddable":true,"href":"https:\/\/gestpropiedad.com\/en\/wp-json\/wp\/v2\/property_city?post=28427253"},{"taxonomy":"property_area","embeddable":true,"href":"https:\/\/gestpropiedad.com\/en\/wp-json\/wp\/v2\/property_area?post=28427253"}],"curies":[{"name":"wp","href":"https:\/\/api.w.org\/{rel}","templated":true}]}}