

{"id":28393561,"date":"2026-04-24T17:19:26","date_gmt":"2026-04-24T17:19:26","guid":{"rendered":"https:\/\/www.gestpropiedad.com\/inmueble\/venta\/piso\/illes-balears\/palma\/01aqcp019\/"},"modified":"2026-04-24T17:19:26","modified_gmt":"2026-04-24T17:19:26","slug":"piso-de-95-m2-con-ascensor-y-balcon-en-jaume-balmes-en-01aqcp019","status":"publish","type":"property","link":"https:\/\/gestpropiedad.com\/en\/inmueble\/venta\/piso\/illes-balears\/palma\/01aqcp019\/","title":{"rendered":"Piso de 95 m2 con ascensor y balc\u00f3n en Jaume Balmes"},"content":{"rendered":"<p>Se vende piso de 95m2 con ascensor y balc\u00f3n en Jaume Balmes de dos habitaciones con posibilidad de habilitar una tercera, en la s\u00e9ptima planta de una finca tranquila.<\/p>\n<p>El piso est\u00e1 formado por un luminoso sal\u00f3n comedor con chimenea el\u00e9ctrica y aire acondicionado, amplios ventanales que aportan gran luminosidad y salida a un peque\u00f1o balc\u00f3n con vistas despejadas, cocina totalmente equipada con aire acondicionado y salida a la coladur\u00eda, dos habitaciones dobles con armarios empotrados, una de ellas con salida directa a un coqueto balc\u00f3n y por \u00faltimo, un ba\u00f1o totalmente equipado con plato de ducha. La propiedad cuenta tambi\u00e9n con la posibilidad de habilitar una tercera habitaci\u00f3n de forma sencilla de la cual actualmente se ha prescindido para dar un espacio extra al sal\u00f3n.<\/p>\n<p>Piso muy luminoso en una s\u00e9ptima planta con vistas pr\u00e1cticamente despejadas, listo para entrar a vivir y perfecto tanto como vivienda habitual como para inversi\u00f3n.<\/p>\n<p>La propiedad cuenta con las siguientes calidades:<br \/>&#8211; Ascensor<br \/>&#8211; Aire acondicionado F\/C<br \/>&#8211; PVC\/Climalit<br \/>&#8211; Gas ciudad<br \/>&#8211; Luminosidad<br \/>&#8211; Radiador el\u00e9ctrico<br \/>&#8211; Suelo laminado<br \/>&#8211; Armarios empotrados<br \/>&#8211; Posibilidad de una tercera habitaci\u00f3n <\/p>\n<p>Situado en el centro de Palma, en una de las calles mas conocidas y demandadas, con una perfecta comunicaci\u00f3n, cerca de todos los servicios necesarios para el d\u00eda a d\u00eda como supermercados, farmacias, centros m\u00e9dicos, transporte p\u00fablico, colegios&#8230; Adem\u00e1s, est\u00e1 muy bien conectada con arterias importantes lo que facilita moverse por la ciudad.<\/p>\n<p>\u00a1\u00a1\u00a1\u00a1No pierdas la oportunidad y ven a visitarla!!!!<\/p>\n<p>REFERENCIA: 01AQCP019<\/p>\n","protected":false},"excerpt":{"rendered":"<p>Se vende piso de 95m2 con ascensor y balc\u00f3n en Jaume Balmes de dos habitaciones con posibilidad de habilitar una tercera, en la s\u00e9ptima planta de una finca tranquila.~~El piso est\u00e1 formado por un luminoso sal\u00f3n comedor con chimenea el\u00e9ctrica y aire acondicionado, amplios ventanales que aportan gran luminosidad y salida a un peque\u00f1o <\/p>\n","protected":false},"author":4,"featured_media":28393563,"parent":0,"menu_order":0,"template":"","property_type":[1194],"property_status":[437],"property_feature":[1242,1222,1279,1197,1234,1226,1247,1239,1224,1265],"property_label":[],"property_state":[901],"property_city":[902],"property_area":[996],"acf":[],"property_meta":{"fave_agent":["5090184"],"fave_agents":["5090184"],"fave_agent_display_option":["agent_info"],"fave_agency":["3010"],"property_agent":["5090184"],"custom_permalink":["inmueble\/venta\/piso\/illes-balears\/palma\/01aqcp019\/"],"_thumbnail_id":["28393563"],"post_id":["Array"],"original_author":["4"],"_edit_lock":["1604137107:1"],"_edit_last":["1"],"fave_property_map_street_view":["show"],"fave_payment_status":["not_paid"],"fave_single_top_area":["global"],"fave_single_content_area":["global"],"houzez_manual_expire":["0"],"fave_property_size_prefix":["m&sup2;"],"fave_property_map":["1"],"fave_additional_features_enable":["disable"],"fave_floor_plans_enable":["disable"],"fave_multiunit_plans_enable":["disable"],"fave_prop_homeslider":["no"],"fave_featured":["0"],"fave_property_address":["Palma,Illes Balears"],"fave_property_zip":["07004"],"houzez_geolocation_lat":["39.58066941"],"houzez_geolocation_long":["2.656830335"],"fave_property_location":["39.58066941,2.656830335"],"fave_property_country":["ES"],"fave_property_map_address":["Palma,Illes Balears,Spain"],"referencia":["01aqcp019"],"fave_property_id":["01aqcp019"],"fave_property_bedrooms":["2"],"fave_property_bathrooms":["1"],"fave_property_garage":["0"],"fave_property_land":["0"],"ave_property_land_postfix":["m&sup2;"],"fave_property_size":["95"],"fave_property_year":["1965"],"fave_energy_global_index":["0 kWh\/m&sup2; \/1234.99 Kg CO2\/m&sup2;"],"fave_energy_class":["G"],"estate_attr_energy_class":["G"],"REAL_HOMES_property_emisiones":["1234.99"],"REAL_HOMES_property_consumo":["0"],"REAL_HOMES_property_letra":["G"],"estate_video":[""],"fave_virtual_tour":["<iframe src=\"https:\/\/crm.inmovilla.com\/fotosvr\/tour.php?cod=28822788.3010\" width=\"820\" height=\"500\" frameborder=\"0\" style=\"border:0\"><\/iframe><div class=\"enlacetour\"><a class=\"enlacetour2\" title=\"Ver tour virtual\" href=\"https:\/\/crm.inmovilla.com\/fotosvr\/tour.php?cod=28822788.3010\" target=\"_blank\">FULL SCREEN<\/a><\/div>"],"vendidoInmueble":[""],"fave_property_price":["399000"],"fave_property_price_postfix":[""],"fave_property_images":["28393563","28393564","28393565","28393566","28393567","28393568","28393569","28393570","28393571","28393572","28393573","28393574","28393575","28393576","28393577","28393578","28393579","28393580","28393581","28393582","28393583","28393584","28393585","28393586","28393587","28393588","28393589"],"houzez_total_property_views":["1"],"houzez_views_by_date":["a:1:{s:10:\"04-25-2026\";i:1;}"],"houzez_recently_viewed":["2026-04-25 07:39:00"]},"yoast_head":"<!-- This site is optimized with the Yoast SEO plugin v18.6 - https:\/\/yoast.com\/wordpress\/plugins\/seo\/ -->\n<title>Piso de 95 m2 con ascensor y balc\u00f3n en Jaume Balmes - Gestpropiedad<\/title>\n<meta name=\"robots\" content=\"index, follow, max-snippet:-1, max-image-preview:large, max-video-preview:-1\" \/>\n<link rel=\"canonical\" href=\"https:\/\/gestpropiedad.com\/en\/inmueble\/venta\/piso\/illes-balears\/palma\/01aqcp019\/\" \/>\n<meta property=\"og:locale\" content=\"en_US\" \/>\n<meta property=\"og:type\" content=\"article\" \/>\n<meta property=\"og:title\" content=\"Piso de 95 m2 con ascensor y balc\u00f3n en Jaume Balmes - Gestpropiedad\" \/>\n<meta property=\"og:description\" content=\"Se vende piso de 95m2 con ascensor y balc\u00f3n en Jaume Balmes de dos habitaciones con posibilidad de habilitar una tercera, en la s\u00e9ptima planta de una finca tranquila.~~El piso est\u00e1 formado por un luminoso sal\u00f3n comedor con chimenea el\u00e9ctrica y aire acondicionado, amplios ventanales que aportan gran luminosidad y salida a un peque\u00f1o\" \/>\n<meta property=\"og:url\" content=\"https:\/\/gestpropiedad.com\/en\/inmueble\/venta\/piso\/illes-balears\/palma\/01aqcp019\/\" \/>\n<meta property=\"og:site_name\" content=\"Gestpropiedad\" \/>\n<meta property=\"og:image\" content=\"https:\/\/fotos15.apinmo.com\/3010\/28822788\/8-1.jpg\" \/>\n\t<meta property=\"og:image:width\" content=\"850\" \/>\n\t<meta property=\"og:image:height\" content=\"426\" \/>\n\t<meta property=\"og:image:type\" content=\"image\/jpeg\" \/>\n<meta name=\"twitter:card\" content=\"summary_large_image\" \/>\n<meta name=\"twitter:label1\" content=\"Est. reading time\" \/>\n\t<meta name=\"twitter:data1\" content=\"1 minute\" \/>\n<script type=\"application\/ld+json\" class=\"yoast-schema-graph\">{\"@context\":\"https:\/\/schema.org\",\"@graph\":[{\"@type\":\"Organization\",\"@id\":\"https:\/\/gestpropiedad.com\/#organization\",\"name\":\"Gestpropiedad\",\"url\":\"https:\/\/gestpropiedad.com\/\",\"sameAs\":[],\"logo\":{\"@type\":\"ImageObject\",\"@id\":\"https:\/\/gestpropiedad.com\/#logo\",\"inLanguage\":\"en-US\",\"url\":\"https:\/\/gestpropiedad.com\/wp-content\/uploads\/2021\/11\/logogp-b.svg\",\"contentUrl\":\"https:\/\/gestpropiedad.com\/wp-content\/uploads\/2021\/11\/logogp-b.svg\",\"width\":115,\"height\":60,\"caption\":\"Gestpropiedad\"},\"image\":{\"@id\":\"https:\/\/gestpropiedad.com\/#logo\"}},{\"@type\":\"WebSite\",\"@id\":\"https:\/\/gestpropiedad.com\/#website\",\"url\":\"https:\/\/gestpropiedad.com\/\",\"name\":\"Gestpropiedad\",\"description\":\"Inmobiliaria especializada en Mallorca. Islas Baleares\",\"publisher\":{\"@id\":\"https:\/\/gestpropiedad.com\/#organization\"},\"potentialAction\":[{\"@type\":\"SearchAction\",\"target\":{\"@type\":\"EntryPoint\",\"urlTemplate\":\"https:\/\/gestpropiedad.com\/?s={search_term_string}\"},\"query-input\":\"required name=search_term_string\"}],\"inLanguage\":\"en-US\"},{\"@type\":\"ImageObject\",\"@id\":\"https:\/\/gestpropiedad.com\/en\/inmueble\/venta\/piso\/illes-balears\/palma\/01aqcp019\/#primaryimage\",\"inLanguage\":\"en-US\",\"url\":\"https:\/\/fotos15.apinmo.com\/3010\/28822788\/8-1.jpg\",\"contentUrl\":\"https:\/\/fotos15.apinmo.com\/3010\/28822788\/8-1.jpg\",\"width\":850,\"height\":426,\"caption\":\"Piso de 95 m2 con ascensor y balc\u00f3n en jaume balmes - imagenInmueble0\"},{\"@type\":[\"WebPage\",\"RealEstateListing\"],\"@id\":\"https:\/\/gestpropiedad.com\/en\/inmueble\/venta\/piso\/illes-balears\/palma\/01aqcp019\/#webpage\",\"url\":\"https:\/\/gestpropiedad.com\/en\/inmueble\/venta\/piso\/illes-balears\/palma\/01aqcp019\/\",\"name\":\"Piso de 95 m2 con ascensor y balc\u00f3n en Jaume Balmes - Gestpropiedad\",\"isPartOf\":{\"@id\":\"https:\/\/gestpropiedad.com\/#website\"},\"primaryImageOfPage\":{\"@id\":\"https:\/\/gestpropiedad.com\/en\/inmueble\/venta\/piso\/illes-balears\/palma\/01aqcp019\/#primaryimage\"},\"datePublished\":\"2026-04-24T17:19:26+00:00\",\"dateModified\":\"2026-04-24T17:19:26+00:00\",\"breadcrumb\":{\"@id\":\"https:\/\/gestpropiedad.com\/en\/inmueble\/venta\/piso\/illes-balears\/palma\/01aqcp019\/#breadcrumb\"},\"inLanguage\":\"en-US\",\"potentialAction\":[{\"@type\":\"ReadAction\",\"target\":[\"https:\/\/gestpropiedad.com\/en\/inmueble\/venta\/piso\/illes-balears\/palma\/01aqcp019\/\"]}]},{\"@type\":\"BreadcrumbList\",\"@id\":\"https:\/\/gestpropiedad.com\/en\/inmueble\/venta\/piso\/illes-balears\/palma\/01aqcp019\/#breadcrumb\",\"itemListElement\":[{\"@type\":\"ListItem\",\"position\":1,\"name\":\"Portada\",\"item\":\"https:\/\/gestpropiedad.com\/\"},{\"@type\":\"ListItem\",\"position\":2,\"name\":\"Eigenschaften\",\"item\":\"https:\/\/gestpropiedad.com\/de\/inmueble\/\"},{\"@type\":\"ListItem\",\"position\":3,\"name\":\"Piso de 95 m2 con ascensor y balc\u00f3n en Jaume Balmes\"}]}]}<\/script>\n<!-- \/ Yoast SEO plugin. -->","yoast_head_json":{"title":"Piso de 95 m2 con ascensor y balc\u00f3n en Jaume Balmes - Gestpropiedad","robots":{"index":"index","follow":"follow","max-snippet":"max-snippet:-1","max-image-preview":"max-image-preview:large","max-video-preview":"max-video-preview:-1"},"canonical":"https:\/\/gestpropiedad.com\/en\/inmueble\/venta\/piso\/illes-balears\/palma\/01aqcp019\/","og_locale":"en_US","og_type":"article","og_title":"Piso de 95 m2 con ascensor y balc\u00f3n en Jaume Balmes - Gestpropiedad","og_description":"Se vende piso de 95m2 con ascensor y balc\u00f3n en Jaume Balmes de dos habitaciones con posibilidad de habilitar una tercera, en la s\u00e9ptima planta de una finca tranquila.~~El piso est\u00e1 formado por un luminoso sal\u00f3n comedor con chimenea el\u00e9ctrica y aire acondicionado, amplios ventanales que aportan gran luminosidad y salida a un peque\u00f1o","og_url":"https:\/\/gestpropiedad.com\/en\/inmueble\/venta\/piso\/illes-balears\/palma\/01aqcp019\/","og_site_name":"Gestpropiedad","og_image":[{"width":850,"height":426,"url":"https:\/\/fotos15.apinmo.com\/3010\/28822788\/8-1.jpg","type":"image\/jpeg"}],"twitter_card":"summary_large_image","twitter_misc":{"Est. reading time":"1 minute"},"schema":{"@context":"https:\/\/schema.org","@graph":[{"@type":"Organization","@id":"https:\/\/gestpropiedad.com\/#organization","name":"Gestpropiedad","url":"https:\/\/gestpropiedad.com\/","sameAs":[],"logo":{"@type":"ImageObject","@id":"https:\/\/gestpropiedad.com\/#logo","inLanguage":"en-US","url":"https:\/\/gestpropiedad.com\/wp-content\/uploads\/2021\/11\/logogp-b.svg","contentUrl":"https:\/\/gestpropiedad.com\/wp-content\/uploads\/2021\/11\/logogp-b.svg","width":115,"height":60,"caption":"Gestpropiedad"},"image":{"@id":"https:\/\/gestpropiedad.com\/#logo"}},{"@type":"WebSite","@id":"https:\/\/gestpropiedad.com\/#website","url":"https:\/\/gestpropiedad.com\/","name":"Gestpropiedad","description":"Inmobiliaria especializada en Mallorca. Islas Baleares","publisher":{"@id":"https:\/\/gestpropiedad.com\/#organization"},"potentialAction":[{"@type":"SearchAction","target":{"@type":"EntryPoint","urlTemplate":"https:\/\/gestpropiedad.com\/?s={search_term_string}"},"query-input":"required name=search_term_string"}],"inLanguage":"en-US"},{"@type":"ImageObject","@id":"https:\/\/gestpropiedad.com\/en\/inmueble\/venta\/piso\/illes-balears\/palma\/01aqcp019\/#primaryimage","inLanguage":"en-US","url":"https:\/\/fotos15.apinmo.com\/3010\/28822788\/8-1.jpg","contentUrl":"https:\/\/fotos15.apinmo.com\/3010\/28822788\/8-1.jpg","width":850,"height":426,"caption":"Piso de 95 m2 con ascensor y balc\u00f3n en jaume balmes - imagenInmueble0"},{"@type":["WebPage","RealEstateListing"],"@id":"https:\/\/gestpropiedad.com\/en\/inmueble\/venta\/piso\/illes-balears\/palma\/01aqcp019\/#webpage","url":"https:\/\/gestpropiedad.com\/en\/inmueble\/venta\/piso\/illes-balears\/palma\/01aqcp019\/","name":"Piso de 95 m2 con ascensor y balc\u00f3n en Jaume Balmes - Gestpropiedad","isPartOf":{"@id":"https:\/\/gestpropiedad.com\/#website"},"primaryImageOfPage":{"@id":"https:\/\/gestpropiedad.com\/en\/inmueble\/venta\/piso\/illes-balears\/palma\/01aqcp019\/#primaryimage"},"datePublished":"2026-04-24T17:19:26+00:00","dateModified":"2026-04-24T17:19:26+00:00","breadcrumb":{"@id":"https:\/\/gestpropiedad.com\/en\/inmueble\/venta\/piso\/illes-balears\/palma\/01aqcp019\/#breadcrumb"},"inLanguage":"en-US","potentialAction":[{"@type":"ReadAction","target":["https:\/\/gestpropiedad.com\/en\/inmueble\/venta\/piso\/illes-balears\/palma\/01aqcp019\/"]}]},{"@type":"BreadcrumbList","@id":"https:\/\/gestpropiedad.com\/en\/inmueble\/venta\/piso\/illes-balears\/palma\/01aqcp019\/#breadcrumb","itemListElement":[{"@type":"ListItem","position":1,"name":"Portada","item":"https:\/\/gestpropiedad.com\/"},{"@type":"ListItem","position":2,"name":"Eigenschaften","item":"https:\/\/gestpropiedad.com\/de\/inmueble\/"},{"@type":"ListItem","position":3,"name":"Piso de 95 m2 con ascensor y balc\u00f3n en Jaume Balmes"}]}]}},"_links":{"self":[{"href":"https:\/\/gestpropiedad.com\/en\/wp-json\/wp\/v2\/properties\/28393561"}],"collection":[{"href":"https:\/\/gestpropiedad.com\/en\/wp-json\/wp\/v2\/properties"}],"about":[{"href":"https:\/\/gestpropiedad.com\/en\/wp-json\/wp\/v2\/types\/property"}],"author":[{"embeddable":true,"href":"https:\/\/gestpropiedad.com\/en\/wp-json\/wp\/v2\/users\/4"}],"version-history":[{"count":0,"href":"https:\/\/gestpropiedad.com\/en\/wp-json\/wp\/v2\/properties\/28393561\/revisions"}],"wp:featuredmedia":[{"embeddable":true,"href":"https:\/\/gestpropiedad.com\/en\/wp-json\/wp\/v2\/media\/28393563"}],"wp:attachment":[{"href":"https:\/\/gestpropiedad.com\/en\/wp-json\/wp\/v2\/media?parent=28393561"}],"wp:term":[{"taxonomy":"property_type","embeddable":true,"href":"https:\/\/gestpropiedad.com\/en\/wp-json\/wp\/v2\/property_type?post=28393561"},{"taxonomy":"property_status","embeddable":true,"href":"https:\/\/gestpropiedad.com\/en\/wp-json\/wp\/v2\/property_status?post=28393561"},{"taxonomy":"property_feature","embeddable":true,"href":"https:\/\/gestpropiedad.com\/en\/wp-json\/wp\/v2\/property_feature?post=28393561"},{"taxonomy":"property_label","embeddable":true,"href":"https:\/\/gestpropiedad.com\/en\/wp-json\/wp\/v2\/property_label?post=28393561"},{"taxonomy":"property_state","embeddable":true,"href":"https:\/\/gestpropiedad.com\/en\/wp-json\/wp\/v2\/property_state?post=28393561"},{"taxonomy":"property_city","embeddable":true,"href":"https:\/\/gestpropiedad.com\/en\/wp-json\/wp\/v2\/property_city?post=28393561"},{"taxonomy":"property_area","embeddable":true,"href":"https:\/\/gestpropiedad.com\/en\/wp-json\/wp\/v2\/property_area?post=28393561"}],"curies":[{"name":"wp","href":"https:\/\/api.w.org\/{rel}","templated":true}]}}