{"id":30339477,"date":"2026-09-06T05:03:19","date_gmt":"2026-09-06T05:03:19","guid":{"rendered":"https:\/\/www.gestpropiedad.com\/inmueble\/venta\/piso\/illes-balears\/palma\/03am138\/"},"modified":"2026-09-04T17:02:26","modified_gmt":"2026-09-04T17:02:26","slug":"wunderschone-wohnung-mit-terrasse-und-gemeinschaftspool-in-son-cladera-son-fuster-03am138","status":"publish","type":"property","link":"https:\/\/gestpropiedad.com\/de\/inmueble\/venta\/piso\/illes-balears\/palma\/03am138\/","title":{"rendered":"Wundersch\u00f6ne Wohnung mit Terrasse und Gemeinschaftspool in Son Cladera \u2013 Son Fuster."},"content":{"rendered":"<p>Wir freuen uns, Ihnen diese wundersch\u00f6ne Wohnung in einer der komfortabelsten und gefragtesten Gegenden von Son Fuster pr\u00e4sentieren zu d\u00fcrfen. Sie ist ideal f\u00fcr alle, die gro\u00dfz\u00fcgige R\u00e4ume, Komfort und hochwertige Ausstattungen in einer ruhigen und familienfreundlichen Umgebung suchen.<\/p>\n<p>Die Wohnung \u00fcberzeugt durch ihre hervorragende Raumaufteilung und ihre lichtdurchfluteten R\u00e4ume.<\/p>\n<p>Sie verf\u00fcgt \u00fcber 3 Schlafzimmer, die sich sowohl f\u00fcr Familien als auch f\u00fcr Personen eignen, die zus\u00e4tzlichen Platz f\u00fcr ein Homeoffice oder G\u00e4ste ben\u00f6tigen. Dar\u00fcber hinaus stehen 2 voll ausgestattete Badezimmer zur Verf\u00fcgung, die mit Handtuchheizk\u00f6rpern \u00fcber die Erdgasheizung ausgestattet sind und zus\u00e4tzlichen Komfort und Funktionalit\u00e4t bieten.<\/p>\n<p>Der Wohnbereich umfasst ein gro\u00dfz\u00fcgiges und gem\u00fctliches Wohn-Esszimmer mit direktem Zugang zu einer angenehmen privaten Terrasse mit freiem Blick auf den Gemeinschaftspool. Der perfekte Ort, um sich zu entspannen, Mahlzeiten im Freien zu genie\u00dfen oder sch\u00f6ne Momente mit der Familie zu verbringen.<\/p>\n<p>Die separate K\u00fcche verdient aufgrund ihres Designs und ihrer hochwertigen Ausstattung besondere Erw\u00e4hnung. Es handelt sich um eine elegante deutsche K\u00fcche der renommierten Marke Nobilia, ausgef\u00fchrt in hochgl\u00e4nzendem, alpinwei\u00df lackiertem Laminat und kombiniert mit einer spektakul\u00e4ren Arbeitsplatte von Sapienstone Rovere Bukskin. Diese hochwertige Feinsteinzeug-Oberfl\u00e4che in nat\u00fcrlicher Holzoptik verleiht der K\u00fcche Eleganz und Langlebigkeit. Zus\u00e4tzlich verf\u00fcgt die Wohnung \u00fcber einen praktischen separaten Hauswirtschaftsraum.<\/p>\n<p>Zu den Extras und Verbesserungen geh\u00f6ren:<\/p>\n<p>Inklusive Stellplatz.<br \/>Abstellraum.<br \/>Baxi-Brennwerttherme, erst vor 2 Jahren installiert.<br \/>Erdgasheizung.<br \/>Klimaanlage in allen Schlafzimmern und im Wohnzimmer.<br \/>Laminat-Parkettboden.<br \/>Hervorragender Erhaltungszustand.<\/p>\n<p>Eine ideale Immobilie, die sofort bezogen werden kann.<\/p>\n<p>Die Wohnanlage verf\u00fcgt \u00fcber einen Gemeinschaftspool, der ideal ist, um das sch\u00f6ne Wetter zu genie\u00dfen und der Immobilie einen zus\u00e4tzlichen Mehrwert zu verleihen.<\/p>\n<p>Eine einzigartige Gelegenheit, in einer modernen und funktionalen Wohnung mit hochwertigen Ausstattungen in hervorragender Lage zu wohnen.<\/p>\n<p>Lassen Sie sich diese gro\u00dfartige Gelegenheit nicht entgehen!<\/p>\n<p>Kontaktieren Sie uns f\u00fcr weitere Informationen.<\/p>\n","protected":false},"excerpt":{"rendered":"<p>Wir freuen uns, Ihnen diese wundersch\u00f6ne Wohnung in einer der komfortabelsten und gefragtesten Gegenden von Son Fuster pr\u00e4sentieren zu d\u00fcrfen. Sie ist ideal f\u00fcr alle, die gro\u00dfz\u00fcgige R\u00e4ume, Komfort und hochwertige Ausstattungen in einer ruhigen und familienfreundlichen Umgebung suchen.~~Die Wohnung \u00fcberzeugt durch ihre hervorragende <\/p>\n","protected":false},"author":4,"featured_media":30339478,"parent":0,"menu_order":0,"template":"","property_type":[1929],"property_status":[438],"property_feature":[1198,1207,1905,1240,1902,1913,1901,1918],"property_label":[],"property_state":[901],"property_city":[902],"property_area":[1884],"acf":[],"property_meta":{"fave_agent":["5701077"],"fave_agents":["5701077"],"fave_agent_display_option":["agent_info"],"fave_agency":["22941546"],"property_agent":["5701077"],"custom_permalink":["inmueble\/venta\/piso\/illes-balears\/palma\/03am138\/"],"goapis_id_inmueble":["6630140774"],"goapis_images_hash":["9935043977df13b0fdb532bf07f35ceb"],"_thumbnail_id":["30339478"],"post_id":["Array"],"original_author":["4"],"_edit_lock":["1604137107:1"],"_edit_last":["1"],"fave_property_map_street_view":["show"],"fave_payment_status":["not_paid"],"fave_single_top_area":["global"],"fave_single_content_area":["global"],"houzez_manual_expire":["0"],"fave_property_size_prefix":["m&sup2;"],"fave_property_map":["1"],"fave_additional_features_enable":["disable"],"fave_floor_plans_enable":["disable"],"fave_multiunit_plans_enable":["disable"],"fave_prop_homeslider":["no"],"fave_featured":["0"],"fave_property_address":["Palma,Illes Balears"],"fave_property_zip":["07009"],"houzez_geolocation_lat":["39.589765787274"],"houzez_geolocation_long":["2.6767757281306"],"fave_property_location":["39.589765787274,2.6767757281306"],"fave_property_country":["ES"],"fave_property_map_address":["Palma,Illes Balears,Spain"],"referencia":["03am138"],"fave_property_id":["03am138"],"fave_property_bedrooms":["3"],"fave_property_bathrooms":["2"],"fave_property_garage":["1"],"fave_property_land":["0"],"ave_property_land_postfix":["m&sup2;"],"fave_property_size":["105"],"fave_property_year":["2003"],"fave_energy_global_index":["0 kWh\/m&sup2; \/0 Kg CO2\/m&sup2;"],"fave_energy_class":["D"],"estate_attr_energy_class":["D"],"REAL_HOMES_property_emisiones":["0"],"REAL_HOMES_property_consumo":["0"],"REAL_HOMES_property_letra":["D"],"estate_video":[""],"fave_virtual_tour":["<iframe src=\"https:\/\/crm.inmovilla.com\/fotosvr\/tour.php?cod=30140774.3010\" width=\"820\" height=\"500\" frameborder=\"0\" style=\"border:0\"><\/iframe><div class=\"enlacetour\"><a class=\"enlacetour2\" title=\"Ver tour virtual\" href=\"https:\/\/crm.inmovilla.com\/fotosvr\/tour.php?cod=30140774.3010\" target=\"_blank\">FULL SCREEN<\/a><\/div>"],"vendidoInmueble":[""],"fave_property_price":["449900"],"fave_property_price_postfix":[""],"fave_property_images":["30339478","30339479","30339480","30339481","30339482","30339483","30339484","30339485","30339486","30339487","30339488","30339489","30339490","30339491","30339492","30339493","30339494","30339495","30339496","30339497","30339498","30339499","30339500","30339501","30339502","30339503","30339504","30339505","30339506","30339507"],"houzez_total_property_views":["2"],"houzez_views_by_date":["a:2:{s:10:\"09-05-2026\";i:1;s:10:\"09-06-2026\";i:1;}"],"houzez_recently_viewed":["2026-09-06 04:23:38"]},"yoast_head":"<!-- This site is optimized with the Yoast SEO plugin v18.6 - https:\/\/yoast.com\/wordpress\/plugins\/seo\/ -->\n<title>Wundersch\u00f6ne Wohnung mit Terrasse und Gemeinschaftspool in Son Cladera \u2013 Son Fuster. - Gestpropiedad<\/title>\n<meta name=\"robots\" content=\"index, follow, max-snippet:-1, max-image-preview:large, max-video-preview:-1\" \/>\n<link rel=\"canonical\" href=\"https:\/\/gestpropiedad.com\/de\/inmueble\/venta\/piso\/illes-balears\/palma\/03am138\/\" \/>\n<meta property=\"og:locale\" content=\"de_DE\" \/>\n<meta property=\"og:type\" content=\"article\" \/>\n<meta property=\"og:title\" content=\"Wundersch\u00f6ne Wohnung mit Terrasse und Gemeinschaftspool in Son Cladera \u2013 Son Fuster. - Gestpropiedad\" \/>\n<meta property=\"og:description\" content=\"Wir freuen uns, Ihnen diese wundersch\u00f6ne Wohnung in einer der komfortabelsten und gefragtesten Gegenden von Son Fuster pr\u00e4sentieren zu d\u00fcrfen. Sie ist ideal f\u00fcr alle, die gro\u00dfz\u00fcgige R\u00e4ume, Komfort und hochwertige Ausstattungen in einer ruhigen und familienfreundlichen Umgebung suchen.~~Die Wohnung \u00fcberzeugt durch ihre hervorragende\" \/>\n<meta property=\"og:url\" content=\"https:\/\/gestpropiedad.com\/de\/inmueble\/venta\/piso\/illes-balears\/palma\/03am138\/\" \/>\n<meta property=\"og:site_name\" content=\"Gestpropiedad\" \/>\n<meta property=\"article:modified_time\" content=\"2026-09-04T17:02:26+00:00\" \/>\n<meta property=\"og:image\" content=\"https:\/\/fotos15.apinmo.com\/3010\/30140774\/2-1.jpg\" \/>\n\t<meta property=\"og:image:width\" content=\"850\" \/>\n\t<meta property=\"og:image:height\" content=\"426\" \/>\n\t<meta property=\"og:image:type\" content=\"image\/jpeg\" \/>\n<meta name=\"twitter:card\" content=\"summary_large_image\" \/>\n<meta name=\"twitter:label1\" content=\"Gesch\u00e4tzte Lesezeit\" \/>\n\t<meta name=\"twitter:data1\" content=\"2\u00a0Minuten\" \/>\n<script type=\"application\/ld+json\" class=\"yoast-schema-graph\">{\"@context\":\"https:\/\/schema.org\",\"@graph\":[{\"@type\":\"Organization\",\"@id\":\"https:\/\/gestpropiedad.com\/#organization\",\"name\":\"Gestpropiedad\",\"url\":\"https:\/\/gestpropiedad.com\/\",\"sameAs\":[],\"logo\":{\"@type\":\"ImageObject\",\"@id\":\"https:\/\/gestpropiedad.com\/#logo\",\"inLanguage\":\"de\",\"url\":\"https:\/\/gestpropiedad.com\/wp-content\/uploads\/2021\/11\/logogp-b.svg\",\"contentUrl\":\"https:\/\/gestpropiedad.com\/wp-content\/uploads\/2021\/11\/logogp-b.svg\",\"width\":115,\"height\":60,\"caption\":\"Gestpropiedad\"},\"image\":{\"@id\":\"https:\/\/gestpropiedad.com\/#logo\"}},{\"@type\":\"WebSite\",\"@id\":\"https:\/\/gestpropiedad.com\/#website\",\"url\":\"https:\/\/gestpropiedad.com\/\",\"name\":\"Gestpropiedad\",\"description\":\"Inmobiliaria especializada en Mallorca. Islas Baleares\",\"publisher\":{\"@id\":\"https:\/\/gestpropiedad.com\/#organization\"},\"potentialAction\":[{\"@type\":\"SearchAction\",\"target\":{\"@type\":\"EntryPoint\",\"urlTemplate\":\"https:\/\/gestpropiedad.com\/?s={search_term_string}\"},\"query-input\":\"required name=search_term_string\"}],\"inLanguage\":\"de\"},{\"@type\":\"ImageObject\",\"@id\":\"https:\/\/gestpropiedad.com\/de\/inmueble\/venta\/piso\/illes-balears\/palma\/03am138\/#primaryimage\",\"inLanguage\":\"de\",\"url\":\"https:\/\/fotos15.apinmo.com\/3010\/30140774\/2-1.jpg\",\"contentUrl\":\"https:\/\/fotos15.apinmo.com\/3010\/30140774\/2-1.jpg\",\"width\":850,\"height\":426,\"caption\":\"Estupendo piso con terraza y piscina comunitaria en son cladera - son fuster. - imagenInmueble0\"},{\"@type\":[\"WebPage\",\"RealEstateListing\"],\"@id\":\"https:\/\/gestpropiedad.com\/de\/inmueble\/venta\/piso\/illes-balears\/palma\/03am138\/#webpage\",\"url\":\"https:\/\/gestpropiedad.com\/de\/inmueble\/venta\/piso\/illes-balears\/palma\/03am138\/\",\"name\":\"Wundersch\u00f6ne Wohnung mit Terrasse und Gemeinschaftspool in Son Cladera \u2013 Son Fuster. - Gestpropiedad\",\"isPartOf\":{\"@id\":\"https:\/\/gestpropiedad.com\/#website\"},\"primaryImageOfPage\":{\"@id\":\"https:\/\/gestpropiedad.com\/de\/inmueble\/venta\/piso\/illes-balears\/palma\/03am138\/#primaryimage\"},\"datePublished\":\"2026-09-06T05:03:19+00:00\",\"dateModified\":\"2026-09-04T17:02:26+00:00\",\"breadcrumb\":{\"@id\":\"https:\/\/gestpropiedad.com\/de\/inmueble\/venta\/piso\/illes-balears\/palma\/03am138\/#breadcrumb\"},\"inLanguage\":\"de\",\"potentialAction\":[{\"@type\":\"ReadAction\",\"target\":[\"https:\/\/gestpropiedad.com\/de\/inmueble\/venta\/piso\/illes-balears\/palma\/03am138\/\"]}]},{\"@type\":\"BreadcrumbList\",\"@id\":\"https:\/\/gestpropiedad.com\/de\/inmueble\/venta\/piso\/illes-balears\/palma\/03am138\/#breadcrumb\",\"itemListElement\":[{\"@type\":\"ListItem\",\"position\":1,\"name\":\"Portada\",\"item\":\"https:\/\/gestpropiedad.com\/\"},{\"@type\":\"ListItem\",\"position\":2,\"name\":\"Eigenschaften\",\"item\":\"https:\/\/gestpropiedad.com\/de\/inmueble\/\"},{\"@type\":\"ListItem\",\"position\":3,\"name\":\"Wundersch\u00f6ne Wohnung mit Terrasse und Gemeinschaftspool in Son Cladera \u2013 Son Fuster.\"}]}]}<\/script>\n<!-- \/ Yoast SEO plugin. -->","yoast_head_json":{"title":"Wundersch\u00f6ne Wohnung mit Terrasse und Gemeinschaftspool in Son Cladera \u2013 Son Fuster. - Gestpropiedad","robots":{"index":"index","follow":"follow","max-snippet":"max-snippet:-1","max-image-preview":"max-image-preview:large","max-video-preview":"max-video-preview:-1"},"canonical":"https:\/\/gestpropiedad.com\/de\/inmueble\/venta\/piso\/illes-balears\/palma\/03am138\/","og_locale":"de_DE","og_type":"article","og_title":"Wundersch\u00f6ne Wohnung mit Terrasse und Gemeinschaftspool in Son Cladera \u2013 Son Fuster. - Gestpropiedad","og_description":"Wir freuen uns, Ihnen diese wundersch\u00f6ne Wohnung in einer der komfortabelsten und gefragtesten Gegenden von Son Fuster pr\u00e4sentieren zu d\u00fcrfen. Sie ist ideal f\u00fcr alle, die gro\u00dfz\u00fcgige R\u00e4ume, Komfort und hochwertige Ausstattungen in einer ruhigen und familienfreundlichen Umgebung suchen.~~Die Wohnung \u00fcberzeugt durch ihre hervorragende","og_url":"https:\/\/gestpropiedad.com\/de\/inmueble\/venta\/piso\/illes-balears\/palma\/03am138\/","og_site_name":"Gestpropiedad","article_modified_time":"2026-09-04T17:02:26+00:00","og_image":[{"width":850,"height":426,"url":"https:\/\/fotos15.apinmo.com\/3010\/30140774\/2-1.jpg","type":"image\/jpeg"}],"twitter_card":"summary_large_image","twitter_misc":{"Gesch\u00e4tzte Lesezeit":"2\u00a0Minuten"},"schema":{"@context":"https:\/\/schema.org","@graph":[{"@type":"Organization","@id":"https:\/\/gestpropiedad.com\/#organization","name":"Gestpropiedad","url":"https:\/\/gestpropiedad.com\/","sameAs":[],"logo":{"@type":"ImageObject","@id":"https:\/\/gestpropiedad.com\/#logo","inLanguage":"de","url":"https:\/\/gestpropiedad.com\/wp-content\/uploads\/2021\/11\/logogp-b.svg","contentUrl":"https:\/\/gestpropiedad.com\/wp-content\/uploads\/2021\/11\/logogp-b.svg","width":115,"height":60,"caption":"Gestpropiedad"},"image":{"@id":"https:\/\/gestpropiedad.com\/#logo"}},{"@type":"WebSite","@id":"https:\/\/gestpropiedad.com\/#website","url":"https:\/\/gestpropiedad.com\/","name":"Gestpropiedad","description":"Inmobiliaria especializada en Mallorca. Islas Baleares","publisher":{"@id":"https:\/\/gestpropiedad.com\/#organization"},"potentialAction":[{"@type":"SearchAction","target":{"@type":"EntryPoint","urlTemplate":"https:\/\/gestpropiedad.com\/?s={search_term_string}"},"query-input":"required name=search_term_string"}],"inLanguage":"de"},{"@type":"ImageObject","@id":"https:\/\/gestpropiedad.com\/de\/inmueble\/venta\/piso\/illes-balears\/palma\/03am138\/#primaryimage","inLanguage":"de","url":"https:\/\/fotos15.apinmo.com\/3010\/30140774\/2-1.jpg","contentUrl":"https:\/\/fotos15.apinmo.com\/3010\/30140774\/2-1.jpg","width":850,"height":426,"caption":"Estupendo piso con terraza y piscina comunitaria en son cladera - son fuster. - imagenInmueble0"},{"@type":["WebPage","RealEstateListing"],"@id":"https:\/\/gestpropiedad.com\/de\/inmueble\/venta\/piso\/illes-balears\/palma\/03am138\/#webpage","url":"https:\/\/gestpropiedad.com\/de\/inmueble\/venta\/piso\/illes-balears\/palma\/03am138\/","name":"Wundersch\u00f6ne Wohnung mit Terrasse und Gemeinschaftspool in Son Cladera \u2013 Son Fuster. - Gestpropiedad","isPartOf":{"@id":"https:\/\/gestpropiedad.com\/#website"},"primaryImageOfPage":{"@id":"https:\/\/gestpropiedad.com\/de\/inmueble\/venta\/piso\/illes-balears\/palma\/03am138\/#primaryimage"},"datePublished":"2026-09-06T05:03:19+00:00","dateModified":"2026-09-04T17:02:26+00:00","breadcrumb":{"@id":"https:\/\/gestpropiedad.com\/de\/inmueble\/venta\/piso\/illes-balears\/palma\/03am138\/#breadcrumb"},"inLanguage":"de","potentialAction":[{"@type":"ReadAction","target":["https:\/\/gestpropiedad.com\/de\/inmueble\/venta\/piso\/illes-balears\/palma\/03am138\/"]}]},{"@type":"BreadcrumbList","@id":"https:\/\/gestpropiedad.com\/de\/inmueble\/venta\/piso\/illes-balears\/palma\/03am138\/#breadcrumb","itemListElement":[{"@type":"ListItem","position":1,"name":"Portada","item":"https:\/\/gestpropiedad.com\/"},{"@type":"ListItem","position":2,"name":"Eigenschaften","item":"https:\/\/gestpropiedad.com\/de\/inmueble\/"},{"@type":"ListItem","position":3,"name":"Wundersch\u00f6ne Wohnung mit Terrasse und Gemeinschaftspool in Son Cladera \u2013 Son Fuster."}]}]}},"_links":{"self":[{"href":"https:\/\/gestpropiedad.com\/de\/wp-json\/wp\/v2\/properties\/30339477"}],"collection":[{"href":"https:\/\/gestpropiedad.com\/de\/wp-json\/wp\/v2\/properties"}],"about":[{"href":"https:\/\/gestpropiedad.com\/de\/wp-json\/wp\/v2\/types\/property"}],"author":[{"embeddable":true,"href":"https:\/\/gestpropiedad.com\/de\/wp-json\/wp\/v2\/users\/4"}],"version-history":[{"count":0,"href":"https:\/\/gestpropiedad.com\/de\/wp-json\/wp\/v2\/properties\/30339477\/revisions"}],"wp:featuredmedia":[{"embeddable":true,"href":"https:\/\/gestpropiedad.com\/de\/wp-json\/wp\/v2\/media\/30339478"}],"wp:attachment":[{"href":"https:\/\/gestpropiedad.com\/de\/wp-json\/wp\/v2\/media?parent=30339477"}],"wp:term":[{"taxonomy":"property_type","embeddable":true,"href":"https:\/\/gestpropiedad.com\/de\/wp-json\/wp\/v2\/property_type?post=30339477"},{"taxonomy":"property_status","embeddable":true,"href":"https:\/\/gestpropiedad.com\/de\/wp-json\/wp\/v2\/property_status?post=30339477"},{"taxonomy":"property_feature","embeddable":true,"href":"https:\/\/gestpropiedad.com\/de\/wp-json\/wp\/v2\/property_feature?post=30339477"},{"taxonomy":"property_label","embeddable":true,"href":"https:\/\/gestpropiedad.com\/de\/wp-json\/wp\/v2\/property_label?post=30339477"},{"taxonomy":"property_state","embeddable":true,"href":"https:\/\/gestpropiedad.com\/de\/wp-json\/wp\/v2\/property_state?post=30339477"},{"taxonomy":"property_city","embeddable":true,"href":"https:\/\/gestpropiedad.com\/de\/wp-json\/wp\/v2\/property_city?post=30339477"},{"taxonomy":"property_area","embeddable":true,"href":"https:\/\/gestpropiedad.com\/de\/wp-json\/wp\/v2\/property_area?post=30339477"}],"curies":[{"name":"wp","href":"https:\/\/api.w.org\/{rel}","templated":true}]}}