{"id":30339312,"date":"2026-09-05T05:03:22","date_gmt":"2026-09-05T05:03:22","guid":{"rendered":"https:\/\/www.gestpropiedad.com\/inmueble\/alquiler\/apartamento\/illes-balears\/calvia\/11nita001\/"},"modified":"2026-09-03T17:43:03","modified_gmt":"2026-09-03T17:43:03","slug":"geraumige-wohnung-mit-terrasse-in-santa-ponca-11nita001","status":"publish","type":"property","link":"https:\/\/gestpropiedad.com\/de\/inmueble\/alquiler\/apartamento\/illes-balears\/calvia\/11nita001\/","title":{"rendered":"Ger\u00e4umige Wohnung mit Terrasse in Santa Pon\u00e7a"},"content":{"rendered":"<p>Kurzzeitvermietung.<br \/>Ger\u00e4umige 3\/2 Wohnung in Santa Pon\u00e7a, Mallorca &#8211; 400m vom Strand entfernt mit Sonnenterrasse<\/p>\n<p>Ger\u00e4umiges Apartment mit 3 Schlafzimmern und 2 B\u00e4dern in Santa Pon\u00e7a, Mallorca &#8211; 400 m vom Strand entfernt mit Sonnenterrasse und atemberaubender Aussicht<\/p>\n<p>In der begehrten Gegend von Santa Pon\u00e7a gelegen, bietet dieses ger\u00e4umige Apartment mit 3 Schlafzimmern und 2 B\u00e4dern ein au\u00dfergew\u00f6hnliches Wohnerlebnis nur 400 Meter vom Strand entfernt. Durch die Ausrichtung nach Westen genie\u00dft die Wohnung viel Sonnenlicht und einen atemberaubenden Teilblick auf die Berge und das Meer.<\/p>\n<p>Hauptmerkmale:<\/p>\n<p>3 ger\u00e4umige Schlafzimmer und 2 B\u00e4der, davon ein Schlafzimmer mit eigenem Bad.<br \/>Gro\u00dfe, sonnige Terrasse, die von zwei der Schlafzimmer aus zug\u00e4nglich ist, perfekt um das Leben im Freien und die sch\u00f6ne Umgebung zu genie\u00dfen.<br \/>Vollst\u00e4ndig ausgestattete K\u00fcche, die sofort benutzt werden kann.<br \/>Unm\u00f6bliert &#8211; ideal, um den Raum nach Ihrem Geschmack einzurichten.<br \/>Ein privater Parkplatz und ein sicherer Abstellraum sorgen f\u00fcr zus\u00e4tzlichen Komfort.<br \/>Westausrichtung, die sch\u00f6ne Sonnenunterg\u00e4nge und nat\u00fcrliches Licht garantiert.<br \/>Nur 400 Meter vom Strand entfernt, so dass die K\u00fcste und die \u00f6rtlichen Einrichtungen leicht zu erreichen sind.<\/p>\n<p>Diese Wohnung ist ideal f\u00fcr alle, die einen ruhigen R\u00fcckzugsort suchen und gleichzeitig das pulsierende Leben von Santa Pon\u00e7a mit seinen Gesch\u00e4ften, Restaurants und dem sch\u00f6nen Strand nicht weit entfernt haben m\u00f6chten.<\/p>\n<p>Kontaktieren Sie uns noch heute, um einen Besichtigungstermin zu vereinbaren und Ihr Traumhaus in Santa Pon\u00e7a, Mallorca, zu entdecken!<\/p>\n<p>(ROAIIB): GOIBE740280\/2024<\/p>\n","protected":false},"excerpt":{"rendered":"<p>Kurzzeitvermietung.~Ger\u00e4umige 3\/2 Wohnung in Santa Pon\u00e7a, Mallorca &#8211; 400m vom Strand entfernt mit Sonnenterrasse~~Ger\u00e4umiges Apartment mit 3 Schlafzimmern und 2 B\u00e4dern in Santa Pon\u00e7a, Mallorca &#8211; 400 m vom Strand entfernt mit Sonnenterrasse und atemberaubender Aussicht~~In der begehrten Gegend von Santa Pon\u00e7a gelegen, bietet dieses <\/p>\n","protected":false},"author":4,"featured_media":30339313,"parent":0,"menu_order":0,"template":"","property_type":[1934],"property_status":[1922],"property_feature":[1198,1207,1932,1905,1240,1902,1913,1201,1918],"property_label":[],"property_state":[901],"property_city":[931],"property_area":[1893],"acf":[],"property_meta":{"fave_agent":["45051"],"fave_agents":["45051"],"fave_agent_display_option":["agent_info"],"fave_agency":["23659022"],"property_agent":["45051"],"custom_permalink":["inmueble\/alquiler\/apartamento\/illes-balears\/calvia\/11nita001\/"],"goapis_id_inmueble":["6623850853"],"goapis_images_hash":["0b4ba576507f889f9f300f7dc56bb099"],"_thumbnail_id":["30339313"],"post_id":["Array"],"original_author":["4"],"_edit_lock":["1604137107:1"],"_edit_last":["1"],"fave_property_map_street_view":["show"],"fave_payment_status":["not_paid"],"fave_single_top_area":["global"],"fave_single_content_area":["global"],"houzez_manual_expire":["0"],"fave_property_size_prefix":["m&sup2;"],"fave_property_map":["1"],"fave_additional_features_enable":["disable"],"fave_floor_plans_enable":["disable"],"fave_multiunit_plans_enable":["disable"],"fave_prop_homeslider":["no"],"fave_featured":["0"],"fave_property_address":["Calvi\u00e0,Illes Balears"],"fave_property_zip":["07180"],"houzez_geolocation_lat":["39.512506091"],"houzez_geolocation_long":["2.475020305"],"fave_property_location":["39.512506091,2.475020305"],"fave_property_country":["ES"],"fave_property_map_address":["Calvi\u00e0,Illes Balears,Spain"],"referencia":["11nita001"],"fave_property_id":["11nita001"],"fave_property_bedrooms":["3"],"fave_property_bathrooms":["2"],"fave_property_garage":["1"],"fave_property_land":["0"],"ave_property_land_postfix":["m&sup2;"],"fave_property_size":["120"],"fave_property_year":["1986"],"fave_energy_global_index":["0 kWh\/m&sup2; \/0 Kg CO2\/m&sup2;"],"fave_energy_class":["N"],"estate_attr_energy_class":["N"],"REAL_HOMES_property_emisiones":["0"],"REAL_HOMES_property_consumo":["0"],"REAL_HOMES_property_letra":["N"],"estate_video":[""],"fave_virtual_tour":[""],"vendidoInmueble":[""],"fave_property_price":["1950"],"fave_property_price_postfix":["mes"],"fave_property_images":["30339313","30339314","30339315","30339316","30339317","30339318","30339319","30339320","30339321","30339322","30339323","30339324","30339325","30339326","30339327","30339328","30339329","30339330","30339331","30339332","30339333","30339334","30339335","30339336","30339337","30339338","30339339","30339340"],"houzez_total_property_views":["1"],"houzez_views_by_date":["a:1:{s:10:\"09-05-2026\";i:1;}"],"houzez_recently_viewed":["2026-09-05 06:21:52"]},"yoast_head":"<!-- This site is optimized with the Yoast SEO plugin v18.6 - https:\/\/yoast.com\/wordpress\/plugins\/seo\/ -->\n<title>Ger\u00e4umige Wohnung mit Terrasse in Santa Pon\u00e7a - Gestpropiedad<\/title>\n<meta name=\"robots\" content=\"index, follow, max-snippet:-1, max-image-preview:large, max-video-preview:-1\" \/>\n<link rel=\"canonical\" href=\"https:\/\/gestpropiedad.com\/de\/inmueble\/alquiler\/apartamento\/illes-balears\/calvia\/11nita001\/\" \/>\n<meta property=\"og:locale\" content=\"de_DE\" \/>\n<meta property=\"og:type\" content=\"article\" \/>\n<meta property=\"og:title\" content=\"Ger\u00e4umige Wohnung mit Terrasse in Santa Pon\u00e7a - Gestpropiedad\" \/>\n<meta property=\"og:description\" content=\"Kurzzeitvermietung.~Ger\u00e4umige 3\/2 Wohnung in Santa Pon\u00e7a, Mallorca - 400m vom Strand entfernt mit Sonnenterrasse~~Ger\u00e4umiges Apartment mit 3 Schlafzimmern und 2 B\u00e4dern in Santa Pon\u00e7a, Mallorca - 400 m vom Strand entfernt mit Sonnenterrasse und atemberaubender Aussicht~~In der begehrten Gegend von Santa Pon\u00e7a gelegen, bietet dieses\" \/>\n<meta property=\"og:url\" content=\"https:\/\/gestpropiedad.com\/de\/inmueble\/alquiler\/apartamento\/illes-balears\/calvia\/11nita001\/\" \/>\n<meta property=\"og:site_name\" content=\"Gestpropiedad\" \/>\n<meta property=\"article:modified_time\" content=\"2026-09-03T17:43:03+00:00\" \/>\n<meta property=\"og:image\" content=\"https:\/\/fotos15.apinmo.com\/12912\/23850853\/1-1.jpg\" \/>\n\t<meta property=\"og:image:width\" content=\"850\" \/>\n\t<meta property=\"og:image:height\" content=\"426\" \/>\n\t<meta property=\"og:image:type\" content=\"image\/jpeg\" \/>\n<meta name=\"twitter:card\" content=\"summary_large_image\" \/>\n<meta name=\"twitter:label1\" content=\"Gesch\u00e4tzte Lesezeit\" \/>\n\t<meta name=\"twitter:data1\" content=\"1\u00a0Minute\" \/>\n<script type=\"application\/ld+json\" class=\"yoast-schema-graph\">{\"@context\":\"https:\/\/schema.org\",\"@graph\":[{\"@type\":\"Organization\",\"@id\":\"https:\/\/gestpropiedad.com\/#organization\",\"name\":\"Gestpropiedad\",\"url\":\"https:\/\/gestpropiedad.com\/\",\"sameAs\":[],\"logo\":{\"@type\":\"ImageObject\",\"@id\":\"https:\/\/gestpropiedad.com\/#logo\",\"inLanguage\":\"de\",\"url\":\"https:\/\/gestpropiedad.com\/wp-content\/uploads\/2021\/11\/logogp-b.svg\",\"contentUrl\":\"https:\/\/gestpropiedad.com\/wp-content\/uploads\/2021\/11\/logogp-b.svg\",\"width\":115,\"height\":60,\"caption\":\"Gestpropiedad\"},\"image\":{\"@id\":\"https:\/\/gestpropiedad.com\/#logo\"}},{\"@type\":\"WebSite\",\"@id\":\"https:\/\/gestpropiedad.com\/#website\",\"url\":\"https:\/\/gestpropiedad.com\/\",\"name\":\"Gestpropiedad\",\"description\":\"Inmobiliaria especializada en Mallorca. Islas Baleares\",\"publisher\":{\"@id\":\"https:\/\/gestpropiedad.com\/#organization\"},\"potentialAction\":[{\"@type\":\"SearchAction\",\"target\":{\"@type\":\"EntryPoint\",\"urlTemplate\":\"https:\/\/gestpropiedad.com\/?s={search_term_string}\"},\"query-input\":\"required name=search_term_string\"}],\"inLanguage\":\"de\"},{\"@type\":\"ImageObject\",\"@id\":\"https:\/\/gestpropiedad.com\/de\/inmueble\/alquiler\/apartamento\/illes-balears\/calvia\/11nita001\/#primaryimage\",\"inLanguage\":\"de\",\"url\":\"https:\/\/fotos15.apinmo.com\/12912\/23850853\/1-1.jpg\",\"contentUrl\":\"https:\/\/fotos15.apinmo.com\/12912\/23850853\/1-1.jpg\",\"width\":850,\"height\":426,\"caption\":\"Amplio apartamento con terraza en santa pon\u00e7a - imagenInmueble0\"},{\"@type\":[\"WebPage\",\"RealEstateListing\"],\"@id\":\"https:\/\/gestpropiedad.com\/de\/inmueble\/alquiler\/apartamento\/illes-balears\/calvia\/11nita001\/#webpage\",\"url\":\"https:\/\/gestpropiedad.com\/de\/inmueble\/alquiler\/apartamento\/illes-balears\/calvia\/11nita001\/\",\"name\":\"Ger\u00e4umige Wohnung mit Terrasse in Santa Pon\u00e7a - Gestpropiedad\",\"isPartOf\":{\"@id\":\"https:\/\/gestpropiedad.com\/#website\"},\"primaryImageOfPage\":{\"@id\":\"https:\/\/gestpropiedad.com\/de\/inmueble\/alquiler\/apartamento\/illes-balears\/calvia\/11nita001\/#primaryimage\"},\"datePublished\":\"2026-09-05T05:03:22+00:00\",\"dateModified\":\"2026-09-03T17:43:03+00:00\",\"breadcrumb\":{\"@id\":\"https:\/\/gestpropiedad.com\/de\/inmueble\/alquiler\/apartamento\/illes-balears\/calvia\/11nita001\/#breadcrumb\"},\"inLanguage\":\"de\",\"potentialAction\":[{\"@type\":\"ReadAction\",\"target\":[\"https:\/\/gestpropiedad.com\/de\/inmueble\/alquiler\/apartamento\/illes-balears\/calvia\/11nita001\/\"]}]},{\"@type\":\"BreadcrumbList\",\"@id\":\"https:\/\/gestpropiedad.com\/de\/inmueble\/alquiler\/apartamento\/illes-balears\/calvia\/11nita001\/#breadcrumb\",\"itemListElement\":[{\"@type\":\"ListItem\",\"position\":1,\"name\":\"Portada\",\"item\":\"https:\/\/gestpropiedad.com\/\"},{\"@type\":\"ListItem\",\"position\":2,\"name\":\"Eigenschaften\",\"item\":\"https:\/\/gestpropiedad.com\/de\/inmueble\/\"},{\"@type\":\"ListItem\",\"position\":3,\"name\":\"Ger\u00e4umige Wohnung mit Terrasse in Santa Pon\u00e7a\"}]}]}<\/script>\n<!-- \/ Yoast SEO plugin. -->","yoast_head_json":{"title":"Ger\u00e4umige Wohnung mit Terrasse in Santa Pon\u00e7a - Gestpropiedad","robots":{"index":"index","follow":"follow","max-snippet":"max-snippet:-1","max-image-preview":"max-image-preview:large","max-video-preview":"max-video-preview:-1"},"canonical":"https:\/\/gestpropiedad.com\/de\/inmueble\/alquiler\/apartamento\/illes-balears\/calvia\/11nita001\/","og_locale":"de_DE","og_type":"article","og_title":"Ger\u00e4umige Wohnung mit Terrasse in Santa Pon\u00e7a - Gestpropiedad","og_description":"Kurzzeitvermietung.~Ger\u00e4umige 3\/2 Wohnung in Santa Pon\u00e7a, Mallorca - 400m vom Strand entfernt mit Sonnenterrasse~~Ger\u00e4umiges Apartment mit 3 Schlafzimmern und 2 B\u00e4dern in Santa Pon\u00e7a, Mallorca - 400 m vom Strand entfernt mit Sonnenterrasse und atemberaubender Aussicht~~In der begehrten Gegend von Santa Pon\u00e7a gelegen, bietet dieses","og_url":"https:\/\/gestpropiedad.com\/de\/inmueble\/alquiler\/apartamento\/illes-balears\/calvia\/11nita001\/","og_site_name":"Gestpropiedad","article_modified_time":"2026-09-03T17:43:03+00:00","og_image":[{"width":850,"height":426,"url":"https:\/\/fotos15.apinmo.com\/12912\/23850853\/1-1.jpg","type":"image\/jpeg"}],"twitter_card":"summary_large_image","twitter_misc":{"Gesch\u00e4tzte Lesezeit":"1\u00a0Minute"},"schema":{"@context":"https:\/\/schema.org","@graph":[{"@type":"Organization","@id":"https:\/\/gestpropiedad.com\/#organization","name":"Gestpropiedad","url":"https:\/\/gestpropiedad.com\/","sameAs":[],"logo":{"@type":"ImageObject","@id":"https:\/\/gestpropiedad.com\/#logo","inLanguage":"de","url":"https:\/\/gestpropiedad.com\/wp-content\/uploads\/2021\/11\/logogp-b.svg","contentUrl":"https:\/\/gestpropiedad.com\/wp-content\/uploads\/2021\/11\/logogp-b.svg","width":115,"height":60,"caption":"Gestpropiedad"},"image":{"@id":"https:\/\/gestpropiedad.com\/#logo"}},{"@type":"WebSite","@id":"https:\/\/gestpropiedad.com\/#website","url":"https:\/\/gestpropiedad.com\/","name":"Gestpropiedad","description":"Inmobiliaria especializada en Mallorca. Islas Baleares","publisher":{"@id":"https:\/\/gestpropiedad.com\/#organization"},"potentialAction":[{"@type":"SearchAction","target":{"@type":"EntryPoint","urlTemplate":"https:\/\/gestpropiedad.com\/?s={search_term_string}"},"query-input":"required name=search_term_string"}],"inLanguage":"de"},{"@type":"ImageObject","@id":"https:\/\/gestpropiedad.com\/de\/inmueble\/alquiler\/apartamento\/illes-balears\/calvia\/11nita001\/#primaryimage","inLanguage":"de","url":"https:\/\/fotos15.apinmo.com\/12912\/23850853\/1-1.jpg","contentUrl":"https:\/\/fotos15.apinmo.com\/12912\/23850853\/1-1.jpg","width":850,"height":426,"caption":"Amplio apartamento con terraza en santa pon\u00e7a - imagenInmueble0"},{"@type":["WebPage","RealEstateListing"],"@id":"https:\/\/gestpropiedad.com\/de\/inmueble\/alquiler\/apartamento\/illes-balears\/calvia\/11nita001\/#webpage","url":"https:\/\/gestpropiedad.com\/de\/inmueble\/alquiler\/apartamento\/illes-balears\/calvia\/11nita001\/","name":"Ger\u00e4umige Wohnung mit Terrasse in Santa Pon\u00e7a - Gestpropiedad","isPartOf":{"@id":"https:\/\/gestpropiedad.com\/#website"},"primaryImageOfPage":{"@id":"https:\/\/gestpropiedad.com\/de\/inmueble\/alquiler\/apartamento\/illes-balears\/calvia\/11nita001\/#primaryimage"},"datePublished":"2026-09-05T05:03:22+00:00","dateModified":"2026-09-03T17:43:03+00:00","breadcrumb":{"@id":"https:\/\/gestpropiedad.com\/de\/inmueble\/alquiler\/apartamento\/illes-balears\/calvia\/11nita001\/#breadcrumb"},"inLanguage":"de","potentialAction":[{"@type":"ReadAction","target":["https:\/\/gestpropiedad.com\/de\/inmueble\/alquiler\/apartamento\/illes-balears\/calvia\/11nita001\/"]}]},{"@type":"BreadcrumbList","@id":"https:\/\/gestpropiedad.com\/de\/inmueble\/alquiler\/apartamento\/illes-balears\/calvia\/11nita001\/#breadcrumb","itemListElement":[{"@type":"ListItem","position":1,"name":"Portada","item":"https:\/\/gestpropiedad.com\/"},{"@type":"ListItem","position":2,"name":"Eigenschaften","item":"https:\/\/gestpropiedad.com\/de\/inmueble\/"},{"@type":"ListItem","position":3,"name":"Ger\u00e4umige Wohnung mit Terrasse in Santa Pon\u00e7a"}]}]}},"_links":{"self":[{"href":"https:\/\/gestpropiedad.com\/de\/wp-json\/wp\/v2\/properties\/30339312"}],"collection":[{"href":"https:\/\/gestpropiedad.com\/de\/wp-json\/wp\/v2\/properties"}],"about":[{"href":"https:\/\/gestpropiedad.com\/de\/wp-json\/wp\/v2\/types\/property"}],"author":[{"embeddable":true,"href":"https:\/\/gestpropiedad.com\/de\/wp-json\/wp\/v2\/users\/4"}],"version-history":[{"count":0,"href":"https:\/\/gestpropiedad.com\/de\/wp-json\/wp\/v2\/properties\/30339312\/revisions"}],"wp:featuredmedia":[{"embeddable":true,"href":"https:\/\/gestpropiedad.com\/de\/wp-json\/wp\/v2\/media\/30339313"}],"wp:attachment":[{"href":"https:\/\/gestpropiedad.com\/de\/wp-json\/wp\/v2\/media?parent=30339312"}],"wp:term":[{"taxonomy":"property_type","embeddable":true,"href":"https:\/\/gestpropiedad.com\/de\/wp-json\/wp\/v2\/property_type?post=30339312"},{"taxonomy":"property_status","embeddable":true,"href":"https:\/\/gestpropiedad.com\/de\/wp-json\/wp\/v2\/property_status?post=30339312"},{"taxonomy":"property_feature","embeddable":true,"href":"https:\/\/gestpropiedad.com\/de\/wp-json\/wp\/v2\/property_feature?post=30339312"},{"taxonomy":"property_label","embeddable":true,"href":"https:\/\/gestpropiedad.com\/de\/wp-json\/wp\/v2\/property_label?post=30339312"},{"taxonomy":"property_state","embeddable":true,"href":"https:\/\/gestpropiedad.com\/de\/wp-json\/wp\/v2\/property_state?post=30339312"},{"taxonomy":"property_city","embeddable":true,"href":"https:\/\/gestpropiedad.com\/de\/wp-json\/wp\/v2\/property_city?post=30339312"},{"taxonomy":"property_area","embeddable":true,"href":"https:\/\/gestpropiedad.com\/de\/wp-json\/wp\/v2\/property_area?post=30339312"}],"curies":[{"name":"wp","href":"https:\/\/api.w.org\/{rel}","templated":true}]}}