{"id":30339253,"date":"2026-09-05T05:03:22","date_gmt":"2026-09-05T05:03:22","guid":{"rendered":"https:\/\/www.gestpropiedad.com\/inmueble\/venta\/piso\/illes-balears\/palma\/08jrmr011mr\/"},"modified":"2026-09-02T15:18:57","modified_gmt":"2026-09-02T15:18:57","slug":"groszugige-und-helle-129-m-grose-wohnung-mit-30-m-terrasse-aufzug-und-parkplatz-08jrmr011mr","status":"publish","type":"property","link":"https:\/\/gestpropiedad.com\/de\/inmueble\/venta\/piso\/illes-balears\/palma\/08jrmr011mr\/","title":{"rendered":"Gro\u00dfz\u00fcgige und helle 129 m\u00b2 gro\u00dfe Wohnung mit 30 m\u00b2 Terrasse, Aufzug und Parkplatz"},"content":{"rendered":"<p>Wir pr\u00e4sentieren Ihnen diese ger\u00e4umige und helle 129 m\u00b2 gro\u00dfe Wohnung \u2013 das ideale Zuhause f\u00fcr alle, die Wert auf Platz, Komfort und eine optimale Raumaufteilung legen, um den Alltag mit ihrer Familie zu genie\u00dfen.<\/p>\n<p>Die Wohnung verf\u00fcgt \u00fcber vier Schlafzimmer (zwei Doppelzimmer und zwei Einzelzimmer) sowie zwei Badezimmer und bietet somit Funktionalit\u00e4t und Komfort f\u00fcr die ganze Familie. Sie bietet eine separate, praktische und ger\u00e4umige K\u00fcche sowie ein gro\u00dfes, helles Wohn-Esszimmer, das sich perfekt f\u00fcr unterschiedliche Atmosph\u00e4ren eignet und sowohl f\u00fcr Familienfeiern als auch f\u00fcr entspannte Momente bietet. Ein besonderes Highlight dieser Immobilie ist die herrliche 30 m\u00b2 gro\u00dfe private Terrasse \u2013 der perfekte Ort, um die frische Luft zu genie\u00dfen, Mahlzeiten auszurichten, zu entspannen oder Zeit mit der Familie zu verbringen. Zus\u00e4tzlich verf\u00fcgt das Geb\u00e4ude \u00fcber eine gro\u00dfe Gemeinschaftsterrasse, die zus\u00e4tzlichen Platz im Freien bietet. Zur Wohnung geh\u00f6rt au\u00dferdem ein Stellplatz. Die Wohnung ist mit Erdgas und Heizk\u00f6rpern ausgestattet, was in den k\u00e4lteren Monaten f\u00fcr angenehme W\u00e4rme sorgt. Das Geb\u00e4ude verf\u00fcgt zudem \u00fcber einen Aufzug. Ein ger\u00e4umiges, helles Zuhause mit gro\u00dfem Potenzial \u2013 ideal f\u00fcr alle, die Wert auf Wohnfl\u00e4che, Au\u00dfenbereiche und einen eigenen Stellplatz legen. Ein zweiter Parkplatz kann f\u00fcr zus\u00e4tzliche 50.000 &euro; angemietet werden.<br \/>Dar\u00fcber hinaus steht Ihnen ein gemeinschaftlicher Abstellraum mit viel Stauraum zur Verf\u00fcgung.<\/p>\n<p>Eine ideale Gelegenheit, sich in Palma Ihren Wohntraum zu erf\u00fcllen.<\/p>\n<p>Registrierte Immobilienmakler ROAIIBE GOIBE65280\/2024.<\/p>\n","protected":false},"excerpt":{"rendered":"<p>Wir pr\u00e4sentieren Ihnen diese ger\u00e4umige und helle 129 m\u00b2 gro\u00dfe Wohnung \u2013 das ideale Zuhause f\u00fcr alle, die Wert auf Platz, Komfort und eine optimale Raumaufteilung legen, um den Alltag mit ihrer Familie zu genie\u00dfen.~~Die Wohnung verf\u00fcgt \u00fcber vier Schlafzimmer (zwei Doppelzimmer und zwei Einzelzimmer) sowie zwei Badezimmer und bietet <\/p>\n","protected":false},"author":4,"featured_media":30339254,"parent":0,"menu_order":0,"template":"","property_type":[1929],"property_status":[438],"property_feature":[1198,1905,1916,1240,1912,1902,1913,1719,1713,1910,1201],"property_label":[],"property_state":[901],"property_city":[902],"property_area":[1132],"acf":[],"property_meta":{"fave_agent":["21441091"],"fave_agents":["21441091"],"fave_agent_display_option":["agent_info"],"fave_agency":["13003314"],"property_agent":["21441091"],"custom_permalink":["inmueble\/venta\/piso\/illes-balears\/palma\/08jrmr011mr\/"],"goapis_id_inmueble":["6630107710"],"goapis_images_hash":["c08242b882dfe1597b227dc8b304734f"],"_thumbnail_id":["30339254"],"post_id":["Array"],"original_author":["4"],"_edit_lock":["1604137107:1"],"_edit_last":["1"],"fave_property_map_street_view":["show"],"fave_payment_status":["not_paid"],"fave_single_top_area":["global"],"fave_single_content_area":["global"],"houzez_manual_expire":["0"],"fave_property_size_prefix":["m&sup2;"],"fave_property_map":["1"],"fave_additional_features_enable":["disable"],"fave_floor_plans_enable":["disable"],"fave_multiunit_plans_enable":["disable"],"fave_prop_homeslider":["no"],"fave_featured":["3"],"fave_property_address":["Palma,Illes Balears"],"fave_property_zip":["07010"],"houzez_geolocation_lat":["39.586542997"],"houzez_geolocation_long":["2.652293843"],"fave_property_location":["39.586542997,2.652293843"],"fave_property_country":["ES"],"fave_property_map_address":["Palma,Illes Balears,Spain"],"referencia":["08jrmr011mr"],"fave_property_id":["08jrmr011mr"],"fave_property_bedrooms":["4"],"fave_property_bathrooms":["2"],"fave_property_garage":["1"],"fave_property_land":["0"],"ave_property_land_postfix":["m&sup2;"],"fave_property_size":["129"],"fave_property_year":["1983"],"fave_energy_global_index":["0 kWh\/m&sup2; \/0 Kg CO2\/m&sup2;"],"fave_energy_class":["N"],"estate_attr_energy_class":["N"],"REAL_HOMES_property_emisiones":["0"],"REAL_HOMES_property_consumo":["0"],"REAL_HOMES_property_letra":["N"],"estate_video":[""],"fave_virtual_tour":["<iframe src=\"https:\/\/crm.inmovilla.com\/fotosvr\/tour.php?cod=30107710.10961\" width=\"820\" height=\"500\" frameborder=\"0\" style=\"border:0\"><\/iframe><div class=\"enlacetour\"><a class=\"enlacetour2\" title=\"Ver tour virtual\" href=\"https:\/\/crm.inmovilla.com\/fotosvr\/tour.php?cod=30107710.10961\" target=\"_blank\">FULL SCREEN<\/a><\/div>"],"vendidoInmueble":[""],"fave_property_price":["469000"],"fave_property_price_postfix":[""],"fave_property_images":["30339254","30339255","30339256","30339257","30339258","30339259","30339260","30339261","30339262","30339263","30339264","30339265","30339266","30339267","30339268","30339269","30339270","30339271","30339272","30339273","30339274","30339275","30339276","30339277","30339278","30339279","30339280","30339281"],"houzez_total_property_views":["2"],"houzez_views_by_date":["a:1:{s:10:\"09-05-2026\";i:2;}"],"houzez_recently_viewed":["2026-09-05 12:09:07"]},"yoast_head":"<!-- This site is optimized with the Yoast SEO plugin v18.6 - https:\/\/yoast.com\/wordpress\/plugins\/seo\/ -->\n<title>Gro\u00dfz\u00fcgige und helle 129 m\u00b2 gro\u00dfe Wohnung mit 30 m\u00b2 Terrasse, Aufzug und Parkplatz - Gestpropiedad<\/title>\n<meta name=\"robots\" content=\"index, follow, max-snippet:-1, max-image-preview:large, max-video-preview:-1\" \/>\n<link rel=\"canonical\" href=\"https:\/\/gestpropiedad.com\/de\/inmueble\/venta\/piso\/illes-balears\/palma\/08jrmr011mr\/\" \/>\n<meta property=\"og:locale\" content=\"de_DE\" \/>\n<meta property=\"og:type\" content=\"article\" \/>\n<meta property=\"og:title\" content=\"Gro\u00dfz\u00fcgige und helle 129 m\u00b2 gro\u00dfe Wohnung mit 30 m\u00b2 Terrasse, Aufzug und Parkplatz - Gestpropiedad\" \/>\n<meta property=\"og:description\" content=\"Wir pr\u00e4sentieren Ihnen diese ger\u00e4umige und helle 129 m\u00b2 gro\u00dfe Wohnung \u2013 das ideale Zuhause f\u00fcr alle, die Wert auf Platz, Komfort und eine optimale Raumaufteilung legen, um den Alltag mit ihrer Familie zu genie\u00dfen.~~Die Wohnung verf\u00fcgt \u00fcber vier Schlafzimmer (zwei Doppelzimmer und zwei Einzelzimmer) sowie zwei Badezimmer und bietet\" \/>\n<meta property=\"og:url\" content=\"https:\/\/gestpropiedad.com\/de\/inmueble\/venta\/piso\/illes-balears\/palma\/08jrmr011mr\/\" \/>\n<meta property=\"og:site_name\" content=\"Gestpropiedad\" \/>\n<meta property=\"article:modified_time\" content=\"2026-09-02T15:18:57+00:00\" \/>\n<meta property=\"og:image\" content=\"https:\/\/fotos15.apinmo.com\/10961\/30107710\/2-1.jpg\" \/>\n\t<meta property=\"og:image:width\" content=\"850\" \/>\n\t<meta property=\"og:image:height\" content=\"426\" \/>\n\t<meta property=\"og:image:type\" content=\"image\/jpeg\" \/>\n<meta name=\"twitter:card\" content=\"summary_large_image\" \/>\n<meta name=\"twitter:label1\" content=\"Gesch\u00e4tzte Lesezeit\" \/>\n\t<meta name=\"twitter:data1\" content=\"1\u00a0Minute\" \/>\n<script type=\"application\/ld+json\" class=\"yoast-schema-graph\">{\"@context\":\"https:\/\/schema.org\",\"@graph\":[{\"@type\":\"Organization\",\"@id\":\"https:\/\/gestpropiedad.com\/#organization\",\"name\":\"Gestpropiedad\",\"url\":\"https:\/\/gestpropiedad.com\/\",\"sameAs\":[],\"logo\":{\"@type\":\"ImageObject\",\"@id\":\"https:\/\/gestpropiedad.com\/#logo\",\"inLanguage\":\"de\",\"url\":\"https:\/\/gestpropiedad.com\/wp-content\/uploads\/2021\/11\/logogp-b.svg\",\"contentUrl\":\"https:\/\/gestpropiedad.com\/wp-content\/uploads\/2021\/11\/logogp-b.svg\",\"width\":115,\"height\":60,\"caption\":\"Gestpropiedad\"},\"image\":{\"@id\":\"https:\/\/gestpropiedad.com\/#logo\"}},{\"@type\":\"WebSite\",\"@id\":\"https:\/\/gestpropiedad.com\/#website\",\"url\":\"https:\/\/gestpropiedad.com\/\",\"name\":\"Gestpropiedad\",\"description\":\"Inmobiliaria especializada en Mallorca. Islas Baleares\",\"publisher\":{\"@id\":\"https:\/\/gestpropiedad.com\/#organization\"},\"potentialAction\":[{\"@type\":\"SearchAction\",\"target\":{\"@type\":\"EntryPoint\",\"urlTemplate\":\"https:\/\/gestpropiedad.com\/?s={search_term_string}\"},\"query-input\":\"required name=search_term_string\"}],\"inLanguage\":\"de\"},{\"@type\":\"ImageObject\",\"@id\":\"https:\/\/gestpropiedad.com\/de\/inmueble\/venta\/piso\/illes-balears\/palma\/08jrmr011mr\/#primaryimage\",\"inLanguage\":\"de\",\"url\":\"https:\/\/fotos15.apinmo.com\/10961\/30107710\/2-1.jpg\",\"contentUrl\":\"https:\/\/fotos15.apinmo.com\/10961\/30107710\/2-1.jpg\",\"width\":850,\"height\":426,\"caption\":\"Amplio y luminoso piso de 129 m\u00b2 con terraza de 30 m\u00b2, ascensor y parking - imagenInmueble0\"},{\"@type\":[\"WebPage\",\"RealEstateListing\"],\"@id\":\"https:\/\/gestpropiedad.com\/de\/inmueble\/venta\/piso\/illes-balears\/palma\/08jrmr011mr\/#webpage\",\"url\":\"https:\/\/gestpropiedad.com\/de\/inmueble\/venta\/piso\/illes-balears\/palma\/08jrmr011mr\/\",\"name\":\"Gro\u00dfz\u00fcgige und helle 129 m\u00b2 gro\u00dfe Wohnung mit 30 m\u00b2 Terrasse, Aufzug und Parkplatz - Gestpropiedad\",\"isPartOf\":{\"@id\":\"https:\/\/gestpropiedad.com\/#website\"},\"primaryImageOfPage\":{\"@id\":\"https:\/\/gestpropiedad.com\/de\/inmueble\/venta\/piso\/illes-balears\/palma\/08jrmr011mr\/#primaryimage\"},\"datePublished\":\"2026-09-05T05:03:22+00:00\",\"dateModified\":\"2026-09-02T15:18:57+00:00\",\"breadcrumb\":{\"@id\":\"https:\/\/gestpropiedad.com\/de\/inmueble\/venta\/piso\/illes-balears\/palma\/08jrmr011mr\/#breadcrumb\"},\"inLanguage\":\"de\",\"potentialAction\":[{\"@type\":\"ReadAction\",\"target\":[\"https:\/\/gestpropiedad.com\/de\/inmueble\/venta\/piso\/illes-balears\/palma\/08jrmr011mr\/\"]}]},{\"@type\":\"BreadcrumbList\",\"@id\":\"https:\/\/gestpropiedad.com\/de\/inmueble\/venta\/piso\/illes-balears\/palma\/08jrmr011mr\/#breadcrumb\",\"itemListElement\":[{\"@type\":\"ListItem\",\"position\":1,\"name\":\"Portada\",\"item\":\"https:\/\/gestpropiedad.com\/\"},{\"@type\":\"ListItem\",\"position\":2,\"name\":\"Eigenschaften\",\"item\":\"https:\/\/gestpropiedad.com\/de\/inmueble\/\"},{\"@type\":\"ListItem\",\"position\":3,\"name\":\"Gro\u00dfz\u00fcgige und helle 129 m\u00b2 gro\u00dfe Wohnung mit 30 m\u00b2 Terrasse, Aufzug und Parkplatz\"}]}]}<\/script>\n<!-- \/ Yoast SEO plugin. -->","yoast_head_json":{"title":"Gro\u00dfz\u00fcgige und helle 129 m\u00b2 gro\u00dfe Wohnung mit 30 m\u00b2 Terrasse, Aufzug und Parkplatz - Gestpropiedad","robots":{"index":"index","follow":"follow","max-snippet":"max-snippet:-1","max-image-preview":"max-image-preview:large","max-video-preview":"max-video-preview:-1"},"canonical":"https:\/\/gestpropiedad.com\/de\/inmueble\/venta\/piso\/illes-balears\/palma\/08jrmr011mr\/","og_locale":"de_DE","og_type":"article","og_title":"Gro\u00dfz\u00fcgige und helle 129 m\u00b2 gro\u00dfe Wohnung mit 30 m\u00b2 Terrasse, Aufzug und Parkplatz - Gestpropiedad","og_description":"Wir pr\u00e4sentieren Ihnen diese ger\u00e4umige und helle 129 m\u00b2 gro\u00dfe Wohnung \u2013 das ideale Zuhause f\u00fcr alle, die Wert auf Platz, Komfort und eine optimale Raumaufteilung legen, um den Alltag mit ihrer Familie zu genie\u00dfen.~~Die Wohnung verf\u00fcgt \u00fcber vier Schlafzimmer (zwei Doppelzimmer und zwei Einzelzimmer) sowie zwei Badezimmer und bietet","og_url":"https:\/\/gestpropiedad.com\/de\/inmueble\/venta\/piso\/illes-balears\/palma\/08jrmr011mr\/","og_site_name":"Gestpropiedad","article_modified_time":"2026-09-02T15:18:57+00:00","og_image":[{"width":850,"height":426,"url":"https:\/\/fotos15.apinmo.com\/10961\/30107710\/2-1.jpg","type":"image\/jpeg"}],"twitter_card":"summary_large_image","twitter_misc":{"Gesch\u00e4tzte Lesezeit":"1\u00a0Minute"},"schema":{"@context":"https:\/\/schema.org","@graph":[{"@type":"Organization","@id":"https:\/\/gestpropiedad.com\/#organization","name":"Gestpropiedad","url":"https:\/\/gestpropiedad.com\/","sameAs":[],"logo":{"@type":"ImageObject","@id":"https:\/\/gestpropiedad.com\/#logo","inLanguage":"de","url":"https:\/\/gestpropiedad.com\/wp-content\/uploads\/2021\/11\/logogp-b.svg","contentUrl":"https:\/\/gestpropiedad.com\/wp-content\/uploads\/2021\/11\/logogp-b.svg","width":115,"height":60,"caption":"Gestpropiedad"},"image":{"@id":"https:\/\/gestpropiedad.com\/#logo"}},{"@type":"WebSite","@id":"https:\/\/gestpropiedad.com\/#website","url":"https:\/\/gestpropiedad.com\/","name":"Gestpropiedad","description":"Inmobiliaria especializada en Mallorca. Islas Baleares","publisher":{"@id":"https:\/\/gestpropiedad.com\/#organization"},"potentialAction":[{"@type":"SearchAction","target":{"@type":"EntryPoint","urlTemplate":"https:\/\/gestpropiedad.com\/?s={search_term_string}"},"query-input":"required name=search_term_string"}],"inLanguage":"de"},{"@type":"ImageObject","@id":"https:\/\/gestpropiedad.com\/de\/inmueble\/venta\/piso\/illes-balears\/palma\/08jrmr011mr\/#primaryimage","inLanguage":"de","url":"https:\/\/fotos15.apinmo.com\/10961\/30107710\/2-1.jpg","contentUrl":"https:\/\/fotos15.apinmo.com\/10961\/30107710\/2-1.jpg","width":850,"height":426,"caption":"Amplio y luminoso piso de 129 m\u00b2 con terraza de 30 m\u00b2, ascensor y parking - imagenInmueble0"},{"@type":["WebPage","RealEstateListing"],"@id":"https:\/\/gestpropiedad.com\/de\/inmueble\/venta\/piso\/illes-balears\/palma\/08jrmr011mr\/#webpage","url":"https:\/\/gestpropiedad.com\/de\/inmueble\/venta\/piso\/illes-balears\/palma\/08jrmr011mr\/","name":"Gro\u00dfz\u00fcgige und helle 129 m\u00b2 gro\u00dfe Wohnung mit 30 m\u00b2 Terrasse, Aufzug und Parkplatz - Gestpropiedad","isPartOf":{"@id":"https:\/\/gestpropiedad.com\/#website"},"primaryImageOfPage":{"@id":"https:\/\/gestpropiedad.com\/de\/inmueble\/venta\/piso\/illes-balears\/palma\/08jrmr011mr\/#primaryimage"},"datePublished":"2026-09-05T05:03:22+00:00","dateModified":"2026-09-02T15:18:57+00:00","breadcrumb":{"@id":"https:\/\/gestpropiedad.com\/de\/inmueble\/venta\/piso\/illes-balears\/palma\/08jrmr011mr\/#breadcrumb"},"inLanguage":"de","potentialAction":[{"@type":"ReadAction","target":["https:\/\/gestpropiedad.com\/de\/inmueble\/venta\/piso\/illes-balears\/palma\/08jrmr011mr\/"]}]},{"@type":"BreadcrumbList","@id":"https:\/\/gestpropiedad.com\/de\/inmueble\/venta\/piso\/illes-balears\/palma\/08jrmr011mr\/#breadcrumb","itemListElement":[{"@type":"ListItem","position":1,"name":"Portada","item":"https:\/\/gestpropiedad.com\/"},{"@type":"ListItem","position":2,"name":"Eigenschaften","item":"https:\/\/gestpropiedad.com\/de\/inmueble\/"},{"@type":"ListItem","position":3,"name":"Gro\u00dfz\u00fcgige und helle 129 m\u00b2 gro\u00dfe Wohnung mit 30 m\u00b2 Terrasse, Aufzug und Parkplatz"}]}]}},"_links":{"self":[{"href":"https:\/\/gestpropiedad.com\/de\/wp-json\/wp\/v2\/properties\/30339253"}],"collection":[{"href":"https:\/\/gestpropiedad.com\/de\/wp-json\/wp\/v2\/properties"}],"about":[{"href":"https:\/\/gestpropiedad.com\/de\/wp-json\/wp\/v2\/types\/property"}],"author":[{"embeddable":true,"href":"https:\/\/gestpropiedad.com\/de\/wp-json\/wp\/v2\/users\/4"}],"version-history":[{"count":0,"href":"https:\/\/gestpropiedad.com\/de\/wp-json\/wp\/v2\/properties\/30339253\/revisions"}],"wp:featuredmedia":[{"embeddable":true,"href":"https:\/\/gestpropiedad.com\/de\/wp-json\/wp\/v2\/media\/30339254"}],"wp:attachment":[{"href":"https:\/\/gestpropiedad.com\/de\/wp-json\/wp\/v2\/media?parent=30339253"}],"wp:term":[{"taxonomy":"property_type","embeddable":true,"href":"https:\/\/gestpropiedad.com\/de\/wp-json\/wp\/v2\/property_type?post=30339253"},{"taxonomy":"property_status","embeddable":true,"href":"https:\/\/gestpropiedad.com\/de\/wp-json\/wp\/v2\/property_status?post=30339253"},{"taxonomy":"property_feature","embeddable":true,"href":"https:\/\/gestpropiedad.com\/de\/wp-json\/wp\/v2\/property_feature?post=30339253"},{"taxonomy":"property_label","embeddable":true,"href":"https:\/\/gestpropiedad.com\/de\/wp-json\/wp\/v2\/property_label?post=30339253"},{"taxonomy":"property_state","embeddable":true,"href":"https:\/\/gestpropiedad.com\/de\/wp-json\/wp\/v2\/property_state?post=30339253"},{"taxonomy":"property_city","embeddable":true,"href":"https:\/\/gestpropiedad.com\/de\/wp-json\/wp\/v2\/property_city?post=30339253"},{"taxonomy":"property_area","embeddable":true,"href":"https:\/\/gestpropiedad.com\/de\/wp-json\/wp\/v2\/property_area?post=30339253"}],"curies":[{"name":"wp","href":"https:\/\/api.w.org\/{rel}","templated":true}]}}