{"id":30339199,"date":"2026-09-05T05:03:26","date_gmt":"2026-09-05T05:03:26","guid":{"rendered":"https:\/\/www.gestpropiedad.com\/inmueble\/alquiler\/local-comercial\/illes-balears\/manacor\/05mlsc034\/"},"modified":"2026-09-02T13:51:39","modified_gmt":"2026-09-02T13:51:39","slug":"geraumiges-geschaftslokal-im-zentrum-von-manacor-05mlsc034","status":"publish","type":"property","link":"https:\/\/gestpropiedad.com\/de\/inmueble\/alquiler\/local-comercial\/illes-balears\/manacor\/05mlsc034\/","title":{"rendered":"Ger\u00e4umiges Gesch\u00e4ftslokal im Zentrum von Manacor"},"content":{"rendered":"<p>Wir pr\u00e4sentieren Ihnen dieses hervorragende Gesch\u00e4ftslokal in der Hauptstra\u00dfe im Zentrum von Manacor, in einer stark frequentierten Lage mit hohem Fu\u00dfg\u00e4ngerverkehr und hervorragender Sichtbarkeit. Mit einer gesamten bebauten Fl\u00e4che von 182 m\u00b2 bietet diese Immobilie einen vielseitig nutzbaren Raum, der sich ideal f\u00fcr die Er\u00f6ffnung eines Gesch\u00e4fts jeder Art oder als Investitionsobjekt eignet.<\/p>\n<p>Die Immobilie bietet eine einzigartige Gelegenheit, die R\u00e4umlichkeiten ganz nach den individuellen Bed\u00fcrfnissen des zuk\u00fcnftigen Eigent\u00fcmers zu gestalten. Die bevorzugte Lage gew\u00e4hrleistet aufgrund der lebendigen Gesch\u00e4ftst\u00e4tigkeit in diesem Bereich einen kontinuierlichen Zustrom potenzieller Kunden.<\/p>\n<p>Nutzen Sie diese Gelegenheit, sich an einem der strategisch g\u00fcnstigsten und meist frequentierten Standorte der Gemeinde niederzulassen.<\/p>\n","protected":false},"excerpt":{"rendered":"<p>~~Wir pr\u00e4sentieren Ihnen dieses hervorragende Gesch\u00e4ftslokal in der Hauptstra\u00dfe im Zentrum von Manacor, in einer stark frequentierten Lage mit hohem Fu\u00dfg\u00e4ngerverkehr und hervorragender Sichtbarkeit. Mit einer gesamten bebauten Fl\u00e4che von 182 m\u00b2 bietet diese Immobilie einen vielseitig nutzbaren Raum, der sich ideal f\u00fcr die Er\u00f6ffnung <\/p>\n","protected":false},"author":4,"featured_media":30339200,"parent":0,"menu_order":0,"template":"","property_type":[1920],"property_status":[1922],"property_feature":[1913],"property_label":[],"property_state":[901],"property_city":[1028],"property_area":[1345],"acf":[],"property_meta":{"fave_agent":["13289503"],"fave_agents":["13289503"],"fave_agent_display_option":["agent_info"],"fave_agency":["22941544"],"property_agent":["13289503"],"custom_permalink":["inmueble\/alquiler\/local-comercial\/illes-balears\/manacor\/05mlsc034\/"],"goapis_id_inmueble":["6629521239"],"goapis_images_hash":["7d50da66004166ca0e26db7bc5398161"],"_thumbnail_id":["30339200"],"post_id":["Array"],"original_author":["4"],"_edit_lock":["1604137107:1"],"_edit_last":["1"],"fave_property_map_street_view":["show"],"fave_payment_status":["not_paid"],"fave_single_top_area":["global"],"fave_single_content_area":["global"],"houzez_manual_expire":["0"],"fave_property_size_prefix":["m&sup2;"],"fave_property_map":["1"],"fave_additional_features_enable":["disable"],"fave_floor_plans_enable":["disable"],"fave_multiunit_plans_enable":["disable"],"fave_prop_homeslider":["no"],"fave_featured":["0"],"fave_property_address":["Manacor,Illes Balears"],"fave_property_zip":["07500"],"houzez_geolocation_lat":["39.570582352"],"houzez_geolocation_long":["3.20819829"],"fave_property_location":["39.570582352,3.20819829"],"fave_property_country":["ES"],"fave_property_map_address":["Manacor,Illes Balears,Spain"],"referencia":["05mlsc034"],"fave_property_id":["05mlsc034"],"fave_property_bedrooms":["0"],"fave_property_bathrooms":["1"],"fave_property_garage":["0"],"fave_property_land":["0"],"ave_property_land_postfix":["m&sup2;"],"fave_property_size":["182"],"fave_property_year":["1967"],"fave_energy_global_index":["0 kWh\/m&sup2; \/0 Kg CO2\/m&sup2;"],"fave_energy_class":["E"],"estate_attr_energy_class":["E"],"REAL_HOMES_property_emisiones":["0"],"REAL_HOMES_property_consumo":["0"],"REAL_HOMES_property_letra":["E"],"estate_video":[""],"fave_virtual_tour":[""],"vendidoInmueble":[""],"fave_property_price":["1000"],"fave_property_price_postfix":["mes"],"fave_property_images":["30339200","30339201","30339202","30339203","30339204","30339205","30339206","30339207","30339208","30339209","30339210","30339211","30339212","30339213","30339214","30339215","30339216","30339217","30339218","30339219","30339220","30339221","30339222","30339223","30339224","30339225","30339226","30339227","30339228","30339229","30339230","30339231","30339232","30339233","30339234"],"houzez_total_property_views":["4"],"houzez_views_by_date":["a:3:{s:10:\"09-03-2026\";i:1;s:10:\"09-04-2026\";i:1;s:10:\"09-05-2026\";i:2;}"],"houzez_recently_viewed":["2026-09-05 11:16:30"]},"yoast_head":"<!-- This site is optimized with the Yoast SEO plugin v18.6 - https:\/\/yoast.com\/wordpress\/plugins\/seo\/ -->\n<title>Ger\u00e4umiges Gesch\u00e4ftslokal im Zentrum von Manacor - Gestpropiedad<\/title>\n<meta name=\"robots\" content=\"index, follow, max-snippet:-1, max-image-preview:large, max-video-preview:-1\" \/>\n<link rel=\"canonical\" href=\"https:\/\/gestpropiedad.com\/de\/inmueble\/alquiler\/local-comercial\/illes-balears\/manacor\/05mlsc034\/\" \/>\n<meta property=\"og:locale\" content=\"de_DE\" \/>\n<meta property=\"og:type\" content=\"article\" \/>\n<meta property=\"og:title\" content=\"Ger\u00e4umiges Gesch\u00e4ftslokal im Zentrum von Manacor - Gestpropiedad\" \/>\n<meta property=\"og:description\" content=\"~~Wir pr\u00e4sentieren Ihnen dieses hervorragende Gesch\u00e4ftslokal in der Hauptstra\u00dfe im Zentrum von Manacor, in einer stark frequentierten Lage mit hohem Fu\u00dfg\u00e4ngerverkehr und hervorragender Sichtbarkeit. Mit einer gesamten bebauten Fl\u00e4che von 182 m\u00b2 bietet diese Immobilie einen vielseitig nutzbaren Raum, der sich ideal f\u00fcr die Er\u00f6ffnung\" \/>\n<meta property=\"og:url\" content=\"https:\/\/gestpropiedad.com\/de\/inmueble\/alquiler\/local-comercial\/illes-balears\/manacor\/05mlsc034\/\" \/>\n<meta property=\"og:site_name\" content=\"Gestpropiedad\" \/>\n<meta property=\"article:modified_time\" content=\"2026-09-02T13:51:39+00:00\" \/>\n<meta property=\"og:image\" content=\"https:\/\/fotos15.apinmo.com\/3010\/29521239\/2-1.jpg\" \/>\n\t<meta property=\"og:image:width\" content=\"850\" \/>\n\t<meta property=\"og:image:height\" content=\"426\" \/>\n\t<meta property=\"og:image:type\" content=\"image\/jpeg\" \/>\n<meta name=\"twitter:card\" content=\"summary_large_image\" \/>\n<meta name=\"twitter:label1\" content=\"Gesch\u00e4tzte Lesezeit\" \/>\n\t<meta name=\"twitter:data1\" content=\"1\u00a0Minute\" \/>\n<script type=\"application\/ld+json\" class=\"yoast-schema-graph\">{\"@context\":\"https:\/\/schema.org\",\"@graph\":[{\"@type\":\"Organization\",\"@id\":\"https:\/\/gestpropiedad.com\/#organization\",\"name\":\"Gestpropiedad\",\"url\":\"https:\/\/gestpropiedad.com\/\",\"sameAs\":[],\"logo\":{\"@type\":\"ImageObject\",\"@id\":\"https:\/\/gestpropiedad.com\/#logo\",\"inLanguage\":\"de\",\"url\":\"https:\/\/gestpropiedad.com\/wp-content\/uploads\/2021\/11\/logogp-b.svg\",\"contentUrl\":\"https:\/\/gestpropiedad.com\/wp-content\/uploads\/2021\/11\/logogp-b.svg\",\"width\":115,\"height\":60,\"caption\":\"Gestpropiedad\"},\"image\":{\"@id\":\"https:\/\/gestpropiedad.com\/#logo\"}},{\"@type\":\"WebSite\",\"@id\":\"https:\/\/gestpropiedad.com\/#website\",\"url\":\"https:\/\/gestpropiedad.com\/\",\"name\":\"Gestpropiedad\",\"description\":\"Inmobiliaria especializada en Mallorca. Islas Baleares\",\"publisher\":{\"@id\":\"https:\/\/gestpropiedad.com\/#organization\"},\"potentialAction\":[{\"@type\":\"SearchAction\",\"target\":{\"@type\":\"EntryPoint\",\"urlTemplate\":\"https:\/\/gestpropiedad.com\/?s={search_term_string}\"},\"query-input\":\"required name=search_term_string\"}],\"inLanguage\":\"de\"},{\"@type\":\"ImageObject\",\"@id\":\"https:\/\/gestpropiedad.com\/de\/inmueble\/alquiler\/local-comercial\/illes-balears\/manacor\/05mlsc034\/#primaryimage\",\"inLanguage\":\"de\",\"url\":\"https:\/\/fotos15.apinmo.com\/3010\/29521239\/2-1.jpg\",\"contentUrl\":\"https:\/\/fotos15.apinmo.com\/3010\/29521239\/2-1.jpg\",\"width\":850,\"height\":426,\"caption\":\"Amplio local comercial en el centro de manacor - imagenInmueble0\"},{\"@type\":[\"WebPage\",\"RealEstateListing\"],\"@id\":\"https:\/\/gestpropiedad.com\/de\/inmueble\/alquiler\/local-comercial\/illes-balears\/manacor\/05mlsc034\/#webpage\",\"url\":\"https:\/\/gestpropiedad.com\/de\/inmueble\/alquiler\/local-comercial\/illes-balears\/manacor\/05mlsc034\/\",\"name\":\"Ger\u00e4umiges Gesch\u00e4ftslokal im Zentrum von Manacor - Gestpropiedad\",\"isPartOf\":{\"@id\":\"https:\/\/gestpropiedad.com\/#website\"},\"primaryImageOfPage\":{\"@id\":\"https:\/\/gestpropiedad.com\/de\/inmueble\/alquiler\/local-comercial\/illes-balears\/manacor\/05mlsc034\/#primaryimage\"},\"datePublished\":\"2026-09-05T05:03:26+00:00\",\"dateModified\":\"2026-09-02T13:51:39+00:00\",\"breadcrumb\":{\"@id\":\"https:\/\/gestpropiedad.com\/de\/inmueble\/alquiler\/local-comercial\/illes-balears\/manacor\/05mlsc034\/#breadcrumb\"},\"inLanguage\":\"de\",\"potentialAction\":[{\"@type\":\"ReadAction\",\"target\":[\"https:\/\/gestpropiedad.com\/de\/inmueble\/alquiler\/local-comercial\/illes-balears\/manacor\/05mlsc034\/\"]}]},{\"@type\":\"BreadcrumbList\",\"@id\":\"https:\/\/gestpropiedad.com\/de\/inmueble\/alquiler\/local-comercial\/illes-balears\/manacor\/05mlsc034\/#breadcrumb\",\"itemListElement\":[{\"@type\":\"ListItem\",\"position\":1,\"name\":\"Portada\",\"item\":\"https:\/\/gestpropiedad.com\/\"},{\"@type\":\"ListItem\",\"position\":2,\"name\":\"Eigenschaften\",\"item\":\"https:\/\/gestpropiedad.com\/de\/inmueble\/\"},{\"@type\":\"ListItem\",\"position\":3,\"name\":\"Ger\u00e4umiges Gesch\u00e4ftslokal im Zentrum von Manacor\"}]}]}<\/script>\n<!-- \/ Yoast SEO plugin. -->","yoast_head_json":{"title":"Ger\u00e4umiges Gesch\u00e4ftslokal im Zentrum von Manacor - Gestpropiedad","robots":{"index":"index","follow":"follow","max-snippet":"max-snippet:-1","max-image-preview":"max-image-preview:large","max-video-preview":"max-video-preview:-1"},"canonical":"https:\/\/gestpropiedad.com\/de\/inmueble\/alquiler\/local-comercial\/illes-balears\/manacor\/05mlsc034\/","og_locale":"de_DE","og_type":"article","og_title":"Ger\u00e4umiges Gesch\u00e4ftslokal im Zentrum von Manacor - Gestpropiedad","og_description":"~~Wir pr\u00e4sentieren Ihnen dieses hervorragende Gesch\u00e4ftslokal in der Hauptstra\u00dfe im Zentrum von Manacor, in einer stark frequentierten Lage mit hohem Fu\u00dfg\u00e4ngerverkehr und hervorragender Sichtbarkeit. Mit einer gesamten bebauten Fl\u00e4che von 182 m\u00b2 bietet diese Immobilie einen vielseitig nutzbaren Raum, der sich ideal f\u00fcr die Er\u00f6ffnung","og_url":"https:\/\/gestpropiedad.com\/de\/inmueble\/alquiler\/local-comercial\/illes-balears\/manacor\/05mlsc034\/","og_site_name":"Gestpropiedad","article_modified_time":"2026-09-02T13:51:39+00:00","og_image":[{"width":850,"height":426,"url":"https:\/\/fotos15.apinmo.com\/3010\/29521239\/2-1.jpg","type":"image\/jpeg"}],"twitter_card":"summary_large_image","twitter_misc":{"Gesch\u00e4tzte Lesezeit":"1\u00a0Minute"},"schema":{"@context":"https:\/\/schema.org","@graph":[{"@type":"Organization","@id":"https:\/\/gestpropiedad.com\/#organization","name":"Gestpropiedad","url":"https:\/\/gestpropiedad.com\/","sameAs":[],"logo":{"@type":"ImageObject","@id":"https:\/\/gestpropiedad.com\/#logo","inLanguage":"de","url":"https:\/\/gestpropiedad.com\/wp-content\/uploads\/2021\/11\/logogp-b.svg","contentUrl":"https:\/\/gestpropiedad.com\/wp-content\/uploads\/2021\/11\/logogp-b.svg","width":115,"height":60,"caption":"Gestpropiedad"},"image":{"@id":"https:\/\/gestpropiedad.com\/#logo"}},{"@type":"WebSite","@id":"https:\/\/gestpropiedad.com\/#website","url":"https:\/\/gestpropiedad.com\/","name":"Gestpropiedad","description":"Inmobiliaria especializada en Mallorca. Islas Baleares","publisher":{"@id":"https:\/\/gestpropiedad.com\/#organization"},"potentialAction":[{"@type":"SearchAction","target":{"@type":"EntryPoint","urlTemplate":"https:\/\/gestpropiedad.com\/?s={search_term_string}"},"query-input":"required name=search_term_string"}],"inLanguage":"de"},{"@type":"ImageObject","@id":"https:\/\/gestpropiedad.com\/de\/inmueble\/alquiler\/local-comercial\/illes-balears\/manacor\/05mlsc034\/#primaryimage","inLanguage":"de","url":"https:\/\/fotos15.apinmo.com\/3010\/29521239\/2-1.jpg","contentUrl":"https:\/\/fotos15.apinmo.com\/3010\/29521239\/2-1.jpg","width":850,"height":426,"caption":"Amplio local comercial en el centro de manacor - imagenInmueble0"},{"@type":["WebPage","RealEstateListing"],"@id":"https:\/\/gestpropiedad.com\/de\/inmueble\/alquiler\/local-comercial\/illes-balears\/manacor\/05mlsc034\/#webpage","url":"https:\/\/gestpropiedad.com\/de\/inmueble\/alquiler\/local-comercial\/illes-balears\/manacor\/05mlsc034\/","name":"Ger\u00e4umiges Gesch\u00e4ftslokal im Zentrum von Manacor - Gestpropiedad","isPartOf":{"@id":"https:\/\/gestpropiedad.com\/#website"},"primaryImageOfPage":{"@id":"https:\/\/gestpropiedad.com\/de\/inmueble\/alquiler\/local-comercial\/illes-balears\/manacor\/05mlsc034\/#primaryimage"},"datePublished":"2026-09-05T05:03:26+00:00","dateModified":"2026-09-02T13:51:39+00:00","breadcrumb":{"@id":"https:\/\/gestpropiedad.com\/de\/inmueble\/alquiler\/local-comercial\/illes-balears\/manacor\/05mlsc034\/#breadcrumb"},"inLanguage":"de","potentialAction":[{"@type":"ReadAction","target":["https:\/\/gestpropiedad.com\/de\/inmueble\/alquiler\/local-comercial\/illes-balears\/manacor\/05mlsc034\/"]}]},{"@type":"BreadcrumbList","@id":"https:\/\/gestpropiedad.com\/de\/inmueble\/alquiler\/local-comercial\/illes-balears\/manacor\/05mlsc034\/#breadcrumb","itemListElement":[{"@type":"ListItem","position":1,"name":"Portada","item":"https:\/\/gestpropiedad.com\/"},{"@type":"ListItem","position":2,"name":"Eigenschaften","item":"https:\/\/gestpropiedad.com\/de\/inmueble\/"},{"@type":"ListItem","position":3,"name":"Ger\u00e4umiges Gesch\u00e4ftslokal im Zentrum von Manacor"}]}]}},"_links":{"self":[{"href":"https:\/\/gestpropiedad.com\/de\/wp-json\/wp\/v2\/properties\/30339199"}],"collection":[{"href":"https:\/\/gestpropiedad.com\/de\/wp-json\/wp\/v2\/properties"}],"about":[{"href":"https:\/\/gestpropiedad.com\/de\/wp-json\/wp\/v2\/types\/property"}],"author":[{"embeddable":true,"href":"https:\/\/gestpropiedad.com\/de\/wp-json\/wp\/v2\/users\/4"}],"version-history":[{"count":0,"href":"https:\/\/gestpropiedad.com\/de\/wp-json\/wp\/v2\/properties\/30339199\/revisions"}],"wp:featuredmedia":[{"embeddable":true,"href":"https:\/\/gestpropiedad.com\/de\/wp-json\/wp\/v2\/media\/30339200"}],"wp:attachment":[{"href":"https:\/\/gestpropiedad.com\/de\/wp-json\/wp\/v2\/media?parent=30339199"}],"wp:term":[{"taxonomy":"property_type","embeddable":true,"href":"https:\/\/gestpropiedad.com\/de\/wp-json\/wp\/v2\/property_type?post=30339199"},{"taxonomy":"property_status","embeddable":true,"href":"https:\/\/gestpropiedad.com\/de\/wp-json\/wp\/v2\/property_status?post=30339199"},{"taxonomy":"property_feature","embeddable":true,"href":"https:\/\/gestpropiedad.com\/de\/wp-json\/wp\/v2\/property_feature?post=30339199"},{"taxonomy":"property_label","embeddable":true,"href":"https:\/\/gestpropiedad.com\/de\/wp-json\/wp\/v2\/property_label?post=30339199"},{"taxonomy":"property_state","embeddable":true,"href":"https:\/\/gestpropiedad.com\/de\/wp-json\/wp\/v2\/property_state?post=30339199"},{"taxonomy":"property_city","embeddable":true,"href":"https:\/\/gestpropiedad.com\/de\/wp-json\/wp\/v2\/property_city?post=30339199"},{"taxonomy":"property_area","embeddable":true,"href":"https:\/\/gestpropiedad.com\/de\/wp-json\/wp\/v2\/property_area?post=30339199"}],"curies":[{"name":"wp","href":"https:\/\/api.w.org\/{rel}","templated":true}]}}