{"id":30339106,"date":"2026-09-02T05:03:22","date_gmt":"2026-09-02T05:03:22","guid":{"rendered":"https:\/\/www.gestpropiedad.com\/inmueble\/venta\/piso\/illes-balears\/sa-pobla\/07cj092\/"},"modified":"2026-09-01T09:31:06","modified_gmt":"2026-09-01T09:31:06","slug":"vierstockiges-haus-im-duplex-stil-mit-acht-schlafzimmern-und-terrassen-in-sa-pobla-07cj092","status":"publish","type":"property","link":"https:\/\/gestpropiedad.com\/de\/inmueble\/venta\/piso\/illes-balears\/sa-pobla\/07cj092\/","title":{"rendered":"Vierst\u00f6ckiges Haus im Duplex-Stil mit acht Schlafzimmern und Terrassen in Sa Pobla"},"content":{"rendered":"<p>Wir freuen uns, Ihnen exklusiv dieses spektakul\u00e4re Haus im Duplex-Stil in der charmanten Stadt Sa Pobla pr\u00e4sentieren zu d\u00fcrfen.<\/p>\n<p>Die Immobilie verf\u00fcgt \u00fcber eine Gesamtwohnfl\u00e4che von 259 m\u00b2 und 250 m\u00b2 Nutzfl\u00e4che. Das teilweise renovierte Haus bietet gro\u00dfz\u00fcgigen Wohnraum, der sich auf insgesamt vier Etagen verteilt.<\/p>\n<p>Das Grundst\u00fcck umfasst gro\u00dfz\u00fcgige 121 m\u00b2 und eignet sich ideal, um die Zeit im Freien zu genie\u00dfen. Die Immobilie verf\u00fcgt \u00fcber bis zu acht Schlafzimmer \u2013 sechs Doppelzimmer und zwei Einzelzimmer \u2013 sowie drei voll ausgestattete Badezimmer und bietet somit ausreichend Platz und Komfort f\u00fcr eine gro\u00dfe Familie oder eine gr\u00f6\u00dfere Personengruppe.<\/p>\n<p>Das Haus \u00fcberzeugt zudem mit zus\u00e4tzlichen Ausstattungsmerkmalen wie einer Sicherheitst\u00fcr sowie mehreren Terrassen, die ideal zum Entspannen in der Sonne oder f\u00fcr gesellige Familientreffen im Freien geeignet sind.<\/p>\n<p>Auch die Lage ist hervorragend: Die Immobilie ist von gr\u00fcnen und bergigen Landschaften umgeben und bietet eine gute Anbindung an lokale Busverbindungen, renommierte Schulen sowie wichtige Einkaufszentren in der n\u00e4heren Umgebung.<\/p>\n<p>Eine einzigartige Gelegenheit, Ihr Traumhaus zu verwirklichen. Kontaktieren Sie uns noch heute f\u00fcr weitere Informationen.<\/p>\n<p>**Starten Sie die virtuelle Tour und entdecken Sie die Immobilie!**<\/p>\n<p>Im Video k\u00f6nnen Sie einen gef\u00fchrten Rundgang durch das gesamte Haus unternehmen. Weitere Informationen finden Sie auf unserer Website: [www.gestpropiedad.com](http:\/\/www.gestpropiedad.com)<\/p>\n<p>**Ref.: 07CJ092**<\/p>\n<p>Registrierte Immobilienmakler bei ROAIIBE<br \/>GOIBE722270\/2024<\/p>\n","protected":false},"excerpt":{"rendered":"<p>Wir freuen uns, Ihnen exklusiv dieses spektakul\u00e4re Haus im Duplex-Stil in der charmanten Stadt Sa Pobla pr\u00e4sentieren zu d\u00fcrfen.~~Die Immobilie verf\u00fcgt \u00fcber eine Gesamtwohnfl\u00e4che von 259 m\u00b2 und 250 m\u00b2 Nutzfl\u00e4che. Das teilweise renovierte Haus bietet gro\u00dfz\u00fcgigen Wohnraum, der sich auf insgesamt vier Etagen verteilt.~~Das <\/p>\n","protected":false},"author":4,"featured_media":30339107,"parent":0,"menu_order":0,"template":"","property_type":[1929],"property_status":[438],"property_feature":[1905,1912,1904,1913,1719,1906,1713,1201,1918,1717],"property_label":[],"property_state":[901],"property_city":[973],"property_area":[974],"acf":[],"property_meta":{"fave_agent":["6291919"],"fave_agents":["6291919"],"fave_agent_display_option":["agent_info"],"fave_agency":["22850344"],"property_agent":["6291919"],"custom_permalink":["inmueble\/venta\/piso\/illes-balears\/sa-pobla\/07cj092\/"],"goapis_id_inmueble":["6630098983"],"goapis_images_hash":["051e918cd40ba2952131042af65c4e60"],"_thumbnail_id":["30339107"],"post_id":["Array"],"original_author":["4"],"_edit_lock":["1604137107:1"],"_edit_last":["1"],"fave_property_map_street_view":["show"],"fave_payment_status":["not_paid"],"fave_single_top_area":["global"],"fave_single_content_area":["global"],"houzez_manual_expire":["0"],"fave_property_size_prefix":["m&sup2;"],"fave_property_map":["1"],"fave_additional_features_enable":["disable"],"fave_floor_plans_enable":["disable"],"fave_multiunit_plans_enable":["disable"],"fave_prop_homeslider":["no"],"fave_featured":["0"],"fave_property_address":["Sa Pobla,Illes Balears"],"fave_property_zip":["07420"],"houzez_geolocation_lat":["39.767217512"],"houzez_geolocation_long":["3.022956695"],"fave_property_location":["39.767217512,3.022956695"],"fave_property_country":["ES"],"fave_property_map_address":["Sa Pobla,Illes Balears,Spain"],"referencia":["07cj092"],"fave_property_id":["07cj092"],"fave_property_bedrooms":["8"],"fave_property_bathrooms":["3"],"fave_property_garage":["0"],"fave_property_land":["121"],"ave_property_land_postfix":["m&sup2;"],"fave_property_size":["259"],"fave_property_year":["1935"],"fave_energy_global_index":["0 kWh\/m&sup2; \/0 Kg CO2\/m&sup2;"],"fave_energy_class":["C"],"estate_attr_energy_class":["C"],"REAL_HOMES_property_emisiones":["0"],"REAL_HOMES_property_consumo":["0"],"REAL_HOMES_property_letra":["C"],"estate_video":[""],"fave_virtual_tour":["<iframe src=\"https:\/\/crm.inmovilla.com\/fotosvr\/tour.php?cod=30098983.3010\" width=\"820\" height=\"500\" frameborder=\"0\" style=\"border:0\"><\/iframe><div class=\"enlacetour\"><a class=\"enlacetour2\" title=\"Ver tour virtual\" href=\"https:\/\/crm.inmovilla.com\/fotosvr\/tour.php?cod=30098983.3010\" target=\"_blank\">FULL SCREEN<\/a><\/div>"],"vendidoInmueble":[""],"fave_property_price":["449000"],"fave_property_price_postfix":[""],"fave_property_images":["30339107","30339108","30339109","30339110","30339111","30339112","30339113","30339114","30339115","30339116","30339117","30339118","30339119","30339120","30339121","30339122","30339123","30339124","30339125","30339126","30339127","30339128","30339129","30339130","30339131","30339132","30339133","30339134","30339135","30339136","30339137","30339138","30339139"],"houzez_total_property_views":["1"],"houzez_views_by_date":["a:1:{s:10:\"09-02-2026\";i:1;}"],"houzez_recently_viewed":["2026-09-02 20:51:57"]},"yoast_head":"<!-- This site is optimized with the Yoast SEO plugin v18.6 - https:\/\/yoast.com\/wordpress\/plugins\/seo\/ -->\n<title>Vierst\u00f6ckiges Haus im Duplex-Stil mit acht Schlafzimmern und Terrassen in Sa Pobla - Gestpropiedad<\/title>\n<meta name=\"robots\" content=\"index, follow, max-snippet:-1, max-image-preview:large, max-video-preview:-1\" \/>\n<link rel=\"canonical\" href=\"https:\/\/gestpropiedad.com\/de\/inmueble\/venta\/piso\/illes-balears\/sa-pobla\/07cj092\/\" \/>\n<meta property=\"og:locale\" content=\"de_DE\" \/>\n<meta property=\"og:type\" content=\"article\" \/>\n<meta property=\"og:title\" content=\"Vierst\u00f6ckiges Haus im Duplex-Stil mit acht Schlafzimmern und Terrassen in Sa Pobla - Gestpropiedad\" \/>\n<meta property=\"og:description\" content=\"Wir freuen uns, Ihnen exklusiv dieses spektakul\u00e4re Haus im Duplex-Stil in der charmanten Stadt Sa Pobla pr\u00e4sentieren zu d\u00fcrfen.~~Die Immobilie verf\u00fcgt \u00fcber eine Gesamtwohnfl\u00e4che von 259 m\u00b2 und 250 m\u00b2 Nutzfl\u00e4che. Das teilweise renovierte Haus bietet gro\u00dfz\u00fcgigen Wohnraum, der sich auf insgesamt vier Etagen verteilt.~~Das\" \/>\n<meta property=\"og:url\" content=\"https:\/\/gestpropiedad.com\/de\/inmueble\/venta\/piso\/illes-balears\/sa-pobla\/07cj092\/\" \/>\n<meta property=\"og:site_name\" content=\"Gestpropiedad\" \/>\n<meta property=\"article:modified_time\" content=\"2026-09-01T09:31:06+00:00\" \/>\n<meta property=\"og:image\" content=\"https:\/\/fotos15.apinmo.com\/3010\/30098983\/3-1.jpg\" \/>\n\t<meta property=\"og:image:width\" content=\"850\" \/>\n\t<meta property=\"og:image:height\" content=\"426\" \/>\n\t<meta property=\"og:image:type\" content=\"image\/jpeg\" \/>\n<meta name=\"twitter:card\" content=\"summary_large_image\" \/>\n<meta name=\"twitter:label1\" content=\"Gesch\u00e4tzte Lesezeit\" \/>\n\t<meta name=\"twitter:data1\" content=\"1\u00a0Minute\" \/>\n<script type=\"application\/ld+json\" class=\"yoast-schema-graph\">{\"@context\":\"https:\/\/schema.org\",\"@graph\":[{\"@type\":\"Organization\",\"@id\":\"https:\/\/gestpropiedad.com\/#organization\",\"name\":\"Gestpropiedad\",\"url\":\"https:\/\/gestpropiedad.com\/\",\"sameAs\":[],\"logo\":{\"@type\":\"ImageObject\",\"@id\":\"https:\/\/gestpropiedad.com\/#logo\",\"inLanguage\":\"de\",\"url\":\"https:\/\/gestpropiedad.com\/wp-content\/uploads\/2021\/11\/logogp-b.svg\",\"contentUrl\":\"https:\/\/gestpropiedad.com\/wp-content\/uploads\/2021\/11\/logogp-b.svg\",\"width\":115,\"height\":60,\"caption\":\"Gestpropiedad\"},\"image\":{\"@id\":\"https:\/\/gestpropiedad.com\/#logo\"}},{\"@type\":\"WebSite\",\"@id\":\"https:\/\/gestpropiedad.com\/#website\",\"url\":\"https:\/\/gestpropiedad.com\/\",\"name\":\"Gestpropiedad\",\"description\":\"Inmobiliaria especializada en Mallorca. Islas Baleares\",\"publisher\":{\"@id\":\"https:\/\/gestpropiedad.com\/#organization\"},\"potentialAction\":[{\"@type\":\"SearchAction\",\"target\":{\"@type\":\"EntryPoint\",\"urlTemplate\":\"https:\/\/gestpropiedad.com\/?s={search_term_string}\"},\"query-input\":\"required name=search_term_string\"}],\"inLanguage\":\"de\"},{\"@type\":\"ImageObject\",\"@id\":\"https:\/\/gestpropiedad.com\/de\/inmueble\/venta\/piso\/illes-balears\/sa-pobla\/07cj092\/#primaryimage\",\"inLanguage\":\"de\",\"url\":\"https:\/\/fotos15.apinmo.com\/3010\/30098983\/3-1.jpg\",\"contentUrl\":\"https:\/\/fotos15.apinmo.com\/3010\/30098983\/3-1.jpg\",\"width\":850,\"height\":426,\"caption\":\"Vivienda tipo d\u00faplex de cuatro plantas con ocho habitaciones y terrazas en sa pobla - imagenInmueble0\"},{\"@type\":[\"WebPage\",\"RealEstateListing\"],\"@id\":\"https:\/\/gestpropiedad.com\/de\/inmueble\/venta\/piso\/illes-balears\/sa-pobla\/07cj092\/#webpage\",\"url\":\"https:\/\/gestpropiedad.com\/de\/inmueble\/venta\/piso\/illes-balears\/sa-pobla\/07cj092\/\",\"name\":\"Vierst\u00f6ckiges Haus im Duplex-Stil mit acht Schlafzimmern und Terrassen in Sa Pobla - Gestpropiedad\",\"isPartOf\":{\"@id\":\"https:\/\/gestpropiedad.com\/#website\"},\"primaryImageOfPage\":{\"@id\":\"https:\/\/gestpropiedad.com\/de\/inmueble\/venta\/piso\/illes-balears\/sa-pobla\/07cj092\/#primaryimage\"},\"datePublished\":\"2026-09-02T05:03:22+00:00\",\"dateModified\":\"2026-09-01T09:31:06+00:00\",\"breadcrumb\":{\"@id\":\"https:\/\/gestpropiedad.com\/de\/inmueble\/venta\/piso\/illes-balears\/sa-pobla\/07cj092\/#breadcrumb\"},\"inLanguage\":\"de\",\"potentialAction\":[{\"@type\":\"ReadAction\",\"target\":[\"https:\/\/gestpropiedad.com\/de\/inmueble\/venta\/piso\/illes-balears\/sa-pobla\/07cj092\/\"]}]},{\"@type\":\"BreadcrumbList\",\"@id\":\"https:\/\/gestpropiedad.com\/de\/inmueble\/venta\/piso\/illes-balears\/sa-pobla\/07cj092\/#breadcrumb\",\"itemListElement\":[{\"@type\":\"ListItem\",\"position\":1,\"name\":\"Portada\",\"item\":\"https:\/\/gestpropiedad.com\/\"},{\"@type\":\"ListItem\",\"position\":2,\"name\":\"Eigenschaften\",\"item\":\"https:\/\/gestpropiedad.com\/de\/inmueble\/\"},{\"@type\":\"ListItem\",\"position\":3,\"name\":\"Vierst\u00f6ckiges Haus im Duplex-Stil mit acht Schlafzimmern und Terrassen in Sa Pobla\"}]}]}<\/script>\n<!-- \/ Yoast SEO plugin. -->","yoast_head_json":{"title":"Vierst\u00f6ckiges Haus im Duplex-Stil mit acht Schlafzimmern und Terrassen in Sa Pobla - Gestpropiedad","robots":{"index":"index","follow":"follow","max-snippet":"max-snippet:-1","max-image-preview":"max-image-preview:large","max-video-preview":"max-video-preview:-1"},"canonical":"https:\/\/gestpropiedad.com\/de\/inmueble\/venta\/piso\/illes-balears\/sa-pobla\/07cj092\/","og_locale":"de_DE","og_type":"article","og_title":"Vierst\u00f6ckiges Haus im Duplex-Stil mit acht Schlafzimmern und Terrassen in Sa Pobla - Gestpropiedad","og_description":"Wir freuen uns, Ihnen exklusiv dieses spektakul\u00e4re Haus im Duplex-Stil in der charmanten Stadt Sa Pobla pr\u00e4sentieren zu d\u00fcrfen.~~Die Immobilie verf\u00fcgt \u00fcber eine Gesamtwohnfl\u00e4che von 259 m\u00b2 und 250 m\u00b2 Nutzfl\u00e4che. Das teilweise renovierte Haus bietet gro\u00dfz\u00fcgigen Wohnraum, der sich auf insgesamt vier Etagen verteilt.~~Das","og_url":"https:\/\/gestpropiedad.com\/de\/inmueble\/venta\/piso\/illes-balears\/sa-pobla\/07cj092\/","og_site_name":"Gestpropiedad","article_modified_time":"2026-09-01T09:31:06+00:00","og_image":[{"width":850,"height":426,"url":"https:\/\/fotos15.apinmo.com\/3010\/30098983\/3-1.jpg","type":"image\/jpeg"}],"twitter_card":"summary_large_image","twitter_misc":{"Gesch\u00e4tzte Lesezeit":"1\u00a0Minute"},"schema":{"@context":"https:\/\/schema.org","@graph":[{"@type":"Organization","@id":"https:\/\/gestpropiedad.com\/#organization","name":"Gestpropiedad","url":"https:\/\/gestpropiedad.com\/","sameAs":[],"logo":{"@type":"ImageObject","@id":"https:\/\/gestpropiedad.com\/#logo","inLanguage":"de","url":"https:\/\/gestpropiedad.com\/wp-content\/uploads\/2021\/11\/logogp-b.svg","contentUrl":"https:\/\/gestpropiedad.com\/wp-content\/uploads\/2021\/11\/logogp-b.svg","width":115,"height":60,"caption":"Gestpropiedad"},"image":{"@id":"https:\/\/gestpropiedad.com\/#logo"}},{"@type":"WebSite","@id":"https:\/\/gestpropiedad.com\/#website","url":"https:\/\/gestpropiedad.com\/","name":"Gestpropiedad","description":"Inmobiliaria especializada en Mallorca. Islas Baleares","publisher":{"@id":"https:\/\/gestpropiedad.com\/#organization"},"potentialAction":[{"@type":"SearchAction","target":{"@type":"EntryPoint","urlTemplate":"https:\/\/gestpropiedad.com\/?s={search_term_string}"},"query-input":"required name=search_term_string"}],"inLanguage":"de"},{"@type":"ImageObject","@id":"https:\/\/gestpropiedad.com\/de\/inmueble\/venta\/piso\/illes-balears\/sa-pobla\/07cj092\/#primaryimage","inLanguage":"de","url":"https:\/\/fotos15.apinmo.com\/3010\/30098983\/3-1.jpg","contentUrl":"https:\/\/fotos15.apinmo.com\/3010\/30098983\/3-1.jpg","width":850,"height":426,"caption":"Vivienda tipo d\u00faplex de cuatro plantas con ocho habitaciones y terrazas en sa pobla - imagenInmueble0"},{"@type":["WebPage","RealEstateListing"],"@id":"https:\/\/gestpropiedad.com\/de\/inmueble\/venta\/piso\/illes-balears\/sa-pobla\/07cj092\/#webpage","url":"https:\/\/gestpropiedad.com\/de\/inmueble\/venta\/piso\/illes-balears\/sa-pobla\/07cj092\/","name":"Vierst\u00f6ckiges Haus im Duplex-Stil mit acht Schlafzimmern und Terrassen in Sa Pobla - Gestpropiedad","isPartOf":{"@id":"https:\/\/gestpropiedad.com\/#website"},"primaryImageOfPage":{"@id":"https:\/\/gestpropiedad.com\/de\/inmueble\/venta\/piso\/illes-balears\/sa-pobla\/07cj092\/#primaryimage"},"datePublished":"2026-09-02T05:03:22+00:00","dateModified":"2026-09-01T09:31:06+00:00","breadcrumb":{"@id":"https:\/\/gestpropiedad.com\/de\/inmueble\/venta\/piso\/illes-balears\/sa-pobla\/07cj092\/#breadcrumb"},"inLanguage":"de","potentialAction":[{"@type":"ReadAction","target":["https:\/\/gestpropiedad.com\/de\/inmueble\/venta\/piso\/illes-balears\/sa-pobla\/07cj092\/"]}]},{"@type":"BreadcrumbList","@id":"https:\/\/gestpropiedad.com\/de\/inmueble\/venta\/piso\/illes-balears\/sa-pobla\/07cj092\/#breadcrumb","itemListElement":[{"@type":"ListItem","position":1,"name":"Portada","item":"https:\/\/gestpropiedad.com\/"},{"@type":"ListItem","position":2,"name":"Eigenschaften","item":"https:\/\/gestpropiedad.com\/de\/inmueble\/"},{"@type":"ListItem","position":3,"name":"Vierst\u00f6ckiges Haus im Duplex-Stil mit acht Schlafzimmern und Terrassen in Sa Pobla"}]}]}},"_links":{"self":[{"href":"https:\/\/gestpropiedad.com\/de\/wp-json\/wp\/v2\/properties\/30339106"}],"collection":[{"href":"https:\/\/gestpropiedad.com\/de\/wp-json\/wp\/v2\/properties"}],"about":[{"href":"https:\/\/gestpropiedad.com\/de\/wp-json\/wp\/v2\/types\/property"}],"author":[{"embeddable":true,"href":"https:\/\/gestpropiedad.com\/de\/wp-json\/wp\/v2\/users\/4"}],"version-history":[{"count":0,"href":"https:\/\/gestpropiedad.com\/de\/wp-json\/wp\/v2\/properties\/30339106\/revisions"}],"wp:featuredmedia":[{"embeddable":true,"href":"https:\/\/gestpropiedad.com\/de\/wp-json\/wp\/v2\/media\/30339107"}],"wp:attachment":[{"href":"https:\/\/gestpropiedad.com\/de\/wp-json\/wp\/v2\/media?parent=30339106"}],"wp:term":[{"taxonomy":"property_type","embeddable":true,"href":"https:\/\/gestpropiedad.com\/de\/wp-json\/wp\/v2\/property_type?post=30339106"},{"taxonomy":"property_status","embeddable":true,"href":"https:\/\/gestpropiedad.com\/de\/wp-json\/wp\/v2\/property_status?post=30339106"},{"taxonomy":"property_feature","embeddable":true,"href":"https:\/\/gestpropiedad.com\/de\/wp-json\/wp\/v2\/property_feature?post=30339106"},{"taxonomy":"property_label","embeddable":true,"href":"https:\/\/gestpropiedad.com\/de\/wp-json\/wp\/v2\/property_label?post=30339106"},{"taxonomy":"property_state","embeddable":true,"href":"https:\/\/gestpropiedad.com\/de\/wp-json\/wp\/v2\/property_state?post=30339106"},{"taxonomy":"property_city","embeddable":true,"href":"https:\/\/gestpropiedad.com\/de\/wp-json\/wp\/v2\/property_city?post=30339106"},{"taxonomy":"property_area","embeddable":true,"href":"https:\/\/gestpropiedad.com\/de\/wp-json\/wp\/v2\/property_area?post=30339106"}],"curies":[{"name":"wp","href":"https:\/\/api.w.org\/{rel}","templated":true}]}}