{"id":30339087,"date":"2026-09-02T05:03:11","date_gmt":"2026-09-02T05:03:11","guid":{"rendered":"https:\/\/www.gestpropiedad.com\/inmueble\/venta\/piso\/illes-balears\/sa-pobla\/07cj091\/"},"modified":"2026-09-01T09:56:59","modified_gmt":"2026-09-01T09:56:59","slug":"wohnung-im-ersten-obergeschoss-mit-drei-schlafzimmern-und-zwei-terrassen-in-sa-pobla-07cj091","status":"publish","type":"property","link":"https:\/\/gestpropiedad.com\/de\/inmueble\/venta\/piso\/illes-balears\/sa-pobla\/07cj091\/","title":{"rendered":"Wohnung im ersten Obergeschoss mit drei Schlafzimmern und zwei Terrassen in Sa Pobla"},"content":{"rendered":"<p>Wir pr\u00e4sentieren Ihnen exklusiv diese gro\u00dfz\u00fcgige Wohnung im ersten Obergeschoss, gelegen in der charmanten Stadt Sa Pobla.<\/p>\n<p>Die Immobilie verf\u00fcgt \u00fcber eine bebaute Fl\u00e4che von 259 m\u00b2, davon 114 m\u00b2 nutzbare Wohnfl\u00e4che. Die Wohnung ist auf drei ger\u00e4umige Schlafzimmer aufgeteilt: zwei Doppelzimmer und ein Einzelzimmer. Sie eignet sich ideal f\u00fcr Familien oder f\u00fcr alle, die zus\u00e4tzlichen Platz, beispielsweise f\u00fcr ein B\u00fcro, ben\u00f6tigen. Au\u00dferdem verf\u00fcgt sie \u00fcber ein voll ausgestattetes Badezimmer, das den Bewohnern zus\u00e4tzlichen Komfort bietet. Obwohl die Immobilie renovierungsbed\u00fcrftig ist, ist ihr Potenzial dank der vielf\u00e4ltigen Gestaltungsm\u00f6glichkeiten unbestreitbar.<\/p>\n<p>Besonders hervorzuheben sind die beiden privaten Terrassen, die perfekt dazu geeignet sind, das mediterrane Klima zu genie\u00dfen und dabei den wundersch\u00f6nen Blick auf die nahegelegenen Berge zu bewundern. Zus\u00e4tzlich verf\u00fcgt die Immobilie \u00fcber einen weiteren Balkon, der noch mehr M\u00f6glichkeiten bietet, die Zeit im Freien zu verbringen.<\/p>\n<p>Auch die Lage k\u00f6nnte kaum besser sein: Die Wohnung ist von \u00fcppigem Baumbestand umgeben und befindet sich in der N\u00e4he von Kinderspielpl\u00e4tzen, auf denen die Kleinen spielen k\u00f6nnen. In der n\u00e4heren Umgebung finden sich au\u00dferdem Einkaufszentren f\u00fcr den t\u00e4glichen Bedarf sowie renommierte Schulen im \u00f6rtlichen Bildungsangebot.<\/p>\n<p>Dank der guten Anbindung an nahegelegene Krankenh\u00e4user und der gut ausgebauten Infrastruktur ist diese Immobilie sowohl als dauerhafter Wohnsitz als auch als attraktive Investition interessant, da nach einer Renovierung ein erhebliches Wertsteigerungspotenzial besteht.<\/p>\n<p>Dies ist Ihre GELEGENHEIT \u2013 lassen Sie sie sich nicht entgehen!<\/p>\n<p>Starten Sie die virtuelle Tour und entdecken Sie die Immobilie.<\/p>\n<p>Im Video k\u00f6nnen Sie einen gef\u00fchrten Rundgang durch die gesamte Wohnung machen. Weitere Informationen finden Sie auf unserer Website: [www.gestpropiedad.com](http:\/\/www.gestpropiedad.com)<\/p>\n<p>Ref.: 07CJ091<\/p>\n<p>Bei ROAIIBE registrierte Immobilienmakler, GOIBE722270\/2024.<\/p>\n","protected":false},"excerpt":{"rendered":"<p>Wir pr\u00e4sentieren Ihnen exklusiv diese gro\u00dfz\u00fcgige Wohnung im ersten Obergeschoss, gelegen in der charmanten Stadt Sa Pobla.~~Die Immobilie verf\u00fcgt \u00fcber eine bebaute Fl\u00e4che von 259 m\u00b2, davon 114 m\u00b2 nutzbare Wohnfl\u00e4che. Die Wohnung ist auf drei ger\u00e4umige Schlafzimmer aufgeteilt: zwei Doppelzimmer und ein Einzelzimmer. Sie eignet sich <\/p>\n","protected":false},"author":4,"featured_media":30339088,"parent":0,"menu_order":0,"template":"","property_type":[1929],"property_status":[438],"property_feature":[1905,1913,1921,1719,1906,1713,1201,1717],"property_label":[],"property_state":[901],"property_city":[973],"property_area":[974],"acf":[],"property_meta":{"fave_agent":["6291919"],"fave_agents":["6291919"],"fave_agent_display_option":["agent_info"],"fave_agency":["22850344"],"property_agent":["6291919"],"custom_permalink":["inmueble\/venta\/piso\/illes-balears\/sa-pobla\/07cj091\/"],"goapis_id_inmueble":["6630098003"],"goapis_images_hash":["1fb6a6e70b29121632c06b5bd9e34a97"],"_thumbnail_id":["30339088"],"post_id":["Array"],"original_author":["4"],"_edit_lock":["1604137107:1"],"_edit_last":["1"],"fave_property_map_street_view":["show"],"fave_payment_status":["not_paid"],"fave_single_top_area":["global"],"fave_single_content_area":["global"],"houzez_manual_expire":["0"],"fave_property_size_prefix":["m&sup2;"],"fave_property_map":["1"],"fave_additional_features_enable":["disable"],"fave_floor_plans_enable":["disable"],"fave_multiunit_plans_enable":["disable"],"fave_prop_homeslider":["no"],"fave_featured":["0"],"fave_property_address":["Sa Pobla,Illes Balears"],"fave_property_zip":["07420"],"houzez_geolocation_lat":["39.767217512"],"houzez_geolocation_long":["3.022956695"],"fave_property_location":["39.767217512,3.022956695"],"fave_property_country":["ES"],"fave_property_map_address":["Sa Pobla,Illes Balears,Spain"],"referencia":["07cj091"],"fave_property_id":["07cj091"],"fave_property_bedrooms":["3"],"fave_property_bathrooms":["1"],"fave_property_garage":["0"],"fave_property_land":["121"],"ave_property_land_postfix":["m&sup2;"],"fave_property_size":["259"],"fave_property_year":["1935"],"fave_energy_global_index":["0 kWh\/m&sup2; \/0 Kg CO2\/m&sup2;"],"fave_energy_class":["C"],"estate_attr_energy_class":["C"],"REAL_HOMES_property_emisiones":["0"],"REAL_HOMES_property_consumo":["0"],"REAL_HOMES_property_letra":["C"],"estate_video":[""],"fave_virtual_tour":["<iframe src=\"https:\/\/crm.inmovilla.com\/fotosvr\/tour.php?cod=30098003.3010\" width=\"820\" height=\"500\" frameborder=\"0\" style=\"border:0\"><\/iframe><div class=\"enlacetour\"><a class=\"enlacetour2\" title=\"Ver tour virtual\" href=\"https:\/\/crm.inmovilla.com\/fotosvr\/tour.php?cod=30098003.3010\" target=\"_blank\">FULL SCREEN<\/a><\/div>"],"vendidoInmueble":[""],"fave_property_price":["198000"],"fave_property_price_postfix":[""],"fave_property_images":["30339088","30339089","30339090","30339091","30339092","30339093","30339094","30339095","30339096","30339097","30339098","30339099","30339100","30339101","30339102","30339103"],"houzez_total_property_views":["1"],"houzez_views_by_date":["a:1:{s:10:\"09-02-2026\";i:1;}"],"houzez_recently_viewed":["2026-09-02 20:52:32"]},"yoast_head":"<!-- This site is optimized with the Yoast SEO plugin v18.6 - https:\/\/yoast.com\/wordpress\/plugins\/seo\/ -->\n<title>Wohnung im ersten Obergeschoss mit drei Schlafzimmern und zwei Terrassen in Sa Pobla - Gestpropiedad<\/title>\n<meta name=\"robots\" content=\"index, follow, max-snippet:-1, max-image-preview:large, max-video-preview:-1\" \/>\n<link rel=\"canonical\" href=\"https:\/\/gestpropiedad.com\/de\/inmueble\/venta\/piso\/illes-balears\/sa-pobla\/07cj091\/\" \/>\n<meta property=\"og:locale\" content=\"de_DE\" \/>\n<meta property=\"og:type\" content=\"article\" \/>\n<meta property=\"og:title\" content=\"Wohnung im ersten Obergeschoss mit drei Schlafzimmern und zwei Terrassen in Sa Pobla - Gestpropiedad\" \/>\n<meta property=\"og:description\" content=\"Wir pr\u00e4sentieren Ihnen exklusiv diese gro\u00dfz\u00fcgige Wohnung im ersten Obergeschoss, gelegen in der charmanten Stadt Sa Pobla.~~Die Immobilie verf\u00fcgt \u00fcber eine bebaute Fl\u00e4che von 259 m\u00b2, davon 114 m\u00b2 nutzbare Wohnfl\u00e4che. Die Wohnung ist auf drei ger\u00e4umige Schlafzimmer aufgeteilt: zwei Doppelzimmer und ein Einzelzimmer. Sie eignet sich\" \/>\n<meta property=\"og:url\" content=\"https:\/\/gestpropiedad.com\/de\/inmueble\/venta\/piso\/illes-balears\/sa-pobla\/07cj091\/\" \/>\n<meta property=\"og:site_name\" content=\"Gestpropiedad\" \/>\n<meta property=\"article:modified_time\" content=\"2026-09-01T09:56:59+00:00\" \/>\n<meta property=\"og:image\" content=\"https:\/\/fotos15.apinmo.com\/3010\/30098003\/2-1.jpg\" \/>\n\t<meta property=\"og:image:width\" content=\"850\" \/>\n\t<meta property=\"og:image:height\" content=\"426\" \/>\n\t<meta property=\"og:image:type\" content=\"image\/jpeg\" \/>\n<meta name=\"twitter:card\" content=\"summary_large_image\" \/>\n<meta name=\"twitter:label1\" content=\"Gesch\u00e4tzte Lesezeit\" \/>\n\t<meta name=\"twitter:data1\" content=\"2\u00a0Minuten\" \/>\n<script type=\"application\/ld+json\" class=\"yoast-schema-graph\">{\"@context\":\"https:\/\/schema.org\",\"@graph\":[{\"@type\":\"Organization\",\"@id\":\"https:\/\/gestpropiedad.com\/#organization\",\"name\":\"Gestpropiedad\",\"url\":\"https:\/\/gestpropiedad.com\/\",\"sameAs\":[],\"logo\":{\"@type\":\"ImageObject\",\"@id\":\"https:\/\/gestpropiedad.com\/#logo\",\"inLanguage\":\"de\",\"url\":\"https:\/\/gestpropiedad.com\/wp-content\/uploads\/2021\/11\/logogp-b.svg\",\"contentUrl\":\"https:\/\/gestpropiedad.com\/wp-content\/uploads\/2021\/11\/logogp-b.svg\",\"width\":115,\"height\":60,\"caption\":\"Gestpropiedad\"},\"image\":{\"@id\":\"https:\/\/gestpropiedad.com\/#logo\"}},{\"@type\":\"WebSite\",\"@id\":\"https:\/\/gestpropiedad.com\/#website\",\"url\":\"https:\/\/gestpropiedad.com\/\",\"name\":\"Gestpropiedad\",\"description\":\"Inmobiliaria especializada en Mallorca. Islas Baleares\",\"publisher\":{\"@id\":\"https:\/\/gestpropiedad.com\/#organization\"},\"potentialAction\":[{\"@type\":\"SearchAction\",\"target\":{\"@type\":\"EntryPoint\",\"urlTemplate\":\"https:\/\/gestpropiedad.com\/?s={search_term_string}\"},\"query-input\":\"required name=search_term_string\"}],\"inLanguage\":\"de\"},{\"@type\":\"ImageObject\",\"@id\":\"https:\/\/gestpropiedad.com\/de\/inmueble\/venta\/piso\/illes-balears\/sa-pobla\/07cj091\/#primaryimage\",\"inLanguage\":\"de\",\"url\":\"https:\/\/fotos15.apinmo.com\/3010\/30098003\/2-1.jpg\",\"contentUrl\":\"https:\/\/fotos15.apinmo.com\/3010\/30098003\/2-1.jpg\",\"width\":850,\"height\":426,\"caption\":\"Primer piso de tres habitaciones y dos terrazas en sa pobla - imagenInmueble0\"},{\"@type\":[\"WebPage\",\"RealEstateListing\"],\"@id\":\"https:\/\/gestpropiedad.com\/de\/inmueble\/venta\/piso\/illes-balears\/sa-pobla\/07cj091\/#webpage\",\"url\":\"https:\/\/gestpropiedad.com\/de\/inmueble\/venta\/piso\/illes-balears\/sa-pobla\/07cj091\/\",\"name\":\"Wohnung im ersten Obergeschoss mit drei Schlafzimmern und zwei Terrassen in Sa Pobla - Gestpropiedad\",\"isPartOf\":{\"@id\":\"https:\/\/gestpropiedad.com\/#website\"},\"primaryImageOfPage\":{\"@id\":\"https:\/\/gestpropiedad.com\/de\/inmueble\/venta\/piso\/illes-balears\/sa-pobla\/07cj091\/#primaryimage\"},\"datePublished\":\"2026-09-02T05:03:11+00:00\",\"dateModified\":\"2026-09-01T09:56:59+00:00\",\"breadcrumb\":{\"@id\":\"https:\/\/gestpropiedad.com\/de\/inmueble\/venta\/piso\/illes-balears\/sa-pobla\/07cj091\/#breadcrumb\"},\"inLanguage\":\"de\",\"potentialAction\":[{\"@type\":\"ReadAction\",\"target\":[\"https:\/\/gestpropiedad.com\/de\/inmueble\/venta\/piso\/illes-balears\/sa-pobla\/07cj091\/\"]}]},{\"@type\":\"BreadcrumbList\",\"@id\":\"https:\/\/gestpropiedad.com\/de\/inmueble\/venta\/piso\/illes-balears\/sa-pobla\/07cj091\/#breadcrumb\",\"itemListElement\":[{\"@type\":\"ListItem\",\"position\":1,\"name\":\"Portada\",\"item\":\"https:\/\/gestpropiedad.com\/\"},{\"@type\":\"ListItem\",\"position\":2,\"name\":\"Eigenschaften\",\"item\":\"https:\/\/gestpropiedad.com\/de\/inmueble\/\"},{\"@type\":\"ListItem\",\"position\":3,\"name\":\"Wohnung im ersten Obergeschoss mit drei Schlafzimmern und zwei Terrassen in Sa Pobla\"}]}]}<\/script>\n<!-- \/ Yoast SEO plugin. -->","yoast_head_json":{"title":"Wohnung im ersten Obergeschoss mit drei Schlafzimmern und zwei Terrassen in Sa Pobla - Gestpropiedad","robots":{"index":"index","follow":"follow","max-snippet":"max-snippet:-1","max-image-preview":"max-image-preview:large","max-video-preview":"max-video-preview:-1"},"canonical":"https:\/\/gestpropiedad.com\/de\/inmueble\/venta\/piso\/illes-balears\/sa-pobla\/07cj091\/","og_locale":"de_DE","og_type":"article","og_title":"Wohnung im ersten Obergeschoss mit drei Schlafzimmern und zwei Terrassen in Sa Pobla - Gestpropiedad","og_description":"Wir pr\u00e4sentieren Ihnen exklusiv diese gro\u00dfz\u00fcgige Wohnung im ersten Obergeschoss, gelegen in der charmanten Stadt Sa Pobla.~~Die Immobilie verf\u00fcgt \u00fcber eine bebaute Fl\u00e4che von 259 m\u00b2, davon 114 m\u00b2 nutzbare Wohnfl\u00e4che. Die Wohnung ist auf drei ger\u00e4umige Schlafzimmer aufgeteilt: zwei Doppelzimmer und ein Einzelzimmer. Sie eignet sich","og_url":"https:\/\/gestpropiedad.com\/de\/inmueble\/venta\/piso\/illes-balears\/sa-pobla\/07cj091\/","og_site_name":"Gestpropiedad","article_modified_time":"2026-09-01T09:56:59+00:00","og_image":[{"width":850,"height":426,"url":"https:\/\/fotos15.apinmo.com\/3010\/30098003\/2-1.jpg","type":"image\/jpeg"}],"twitter_card":"summary_large_image","twitter_misc":{"Gesch\u00e4tzte Lesezeit":"2\u00a0Minuten"},"schema":{"@context":"https:\/\/schema.org","@graph":[{"@type":"Organization","@id":"https:\/\/gestpropiedad.com\/#organization","name":"Gestpropiedad","url":"https:\/\/gestpropiedad.com\/","sameAs":[],"logo":{"@type":"ImageObject","@id":"https:\/\/gestpropiedad.com\/#logo","inLanguage":"de","url":"https:\/\/gestpropiedad.com\/wp-content\/uploads\/2021\/11\/logogp-b.svg","contentUrl":"https:\/\/gestpropiedad.com\/wp-content\/uploads\/2021\/11\/logogp-b.svg","width":115,"height":60,"caption":"Gestpropiedad"},"image":{"@id":"https:\/\/gestpropiedad.com\/#logo"}},{"@type":"WebSite","@id":"https:\/\/gestpropiedad.com\/#website","url":"https:\/\/gestpropiedad.com\/","name":"Gestpropiedad","description":"Inmobiliaria especializada en Mallorca. Islas Baleares","publisher":{"@id":"https:\/\/gestpropiedad.com\/#organization"},"potentialAction":[{"@type":"SearchAction","target":{"@type":"EntryPoint","urlTemplate":"https:\/\/gestpropiedad.com\/?s={search_term_string}"},"query-input":"required name=search_term_string"}],"inLanguage":"de"},{"@type":"ImageObject","@id":"https:\/\/gestpropiedad.com\/de\/inmueble\/venta\/piso\/illes-balears\/sa-pobla\/07cj091\/#primaryimage","inLanguage":"de","url":"https:\/\/fotos15.apinmo.com\/3010\/30098003\/2-1.jpg","contentUrl":"https:\/\/fotos15.apinmo.com\/3010\/30098003\/2-1.jpg","width":850,"height":426,"caption":"Primer piso de tres habitaciones y dos terrazas en sa pobla - imagenInmueble0"},{"@type":["WebPage","RealEstateListing"],"@id":"https:\/\/gestpropiedad.com\/de\/inmueble\/venta\/piso\/illes-balears\/sa-pobla\/07cj091\/#webpage","url":"https:\/\/gestpropiedad.com\/de\/inmueble\/venta\/piso\/illes-balears\/sa-pobla\/07cj091\/","name":"Wohnung im ersten Obergeschoss mit drei Schlafzimmern und zwei Terrassen in Sa Pobla - Gestpropiedad","isPartOf":{"@id":"https:\/\/gestpropiedad.com\/#website"},"primaryImageOfPage":{"@id":"https:\/\/gestpropiedad.com\/de\/inmueble\/venta\/piso\/illes-balears\/sa-pobla\/07cj091\/#primaryimage"},"datePublished":"2026-09-02T05:03:11+00:00","dateModified":"2026-09-01T09:56:59+00:00","breadcrumb":{"@id":"https:\/\/gestpropiedad.com\/de\/inmueble\/venta\/piso\/illes-balears\/sa-pobla\/07cj091\/#breadcrumb"},"inLanguage":"de","potentialAction":[{"@type":"ReadAction","target":["https:\/\/gestpropiedad.com\/de\/inmueble\/venta\/piso\/illes-balears\/sa-pobla\/07cj091\/"]}]},{"@type":"BreadcrumbList","@id":"https:\/\/gestpropiedad.com\/de\/inmueble\/venta\/piso\/illes-balears\/sa-pobla\/07cj091\/#breadcrumb","itemListElement":[{"@type":"ListItem","position":1,"name":"Portada","item":"https:\/\/gestpropiedad.com\/"},{"@type":"ListItem","position":2,"name":"Eigenschaften","item":"https:\/\/gestpropiedad.com\/de\/inmueble\/"},{"@type":"ListItem","position":3,"name":"Wohnung im ersten Obergeschoss mit drei Schlafzimmern und zwei Terrassen in Sa Pobla"}]}]}},"_links":{"self":[{"href":"https:\/\/gestpropiedad.com\/de\/wp-json\/wp\/v2\/properties\/30339087"}],"collection":[{"href":"https:\/\/gestpropiedad.com\/de\/wp-json\/wp\/v2\/properties"}],"about":[{"href":"https:\/\/gestpropiedad.com\/de\/wp-json\/wp\/v2\/types\/property"}],"author":[{"embeddable":true,"href":"https:\/\/gestpropiedad.com\/de\/wp-json\/wp\/v2\/users\/4"}],"version-history":[{"count":0,"href":"https:\/\/gestpropiedad.com\/de\/wp-json\/wp\/v2\/properties\/30339087\/revisions"}],"wp:featuredmedia":[{"embeddable":true,"href":"https:\/\/gestpropiedad.com\/de\/wp-json\/wp\/v2\/media\/30339088"}],"wp:attachment":[{"href":"https:\/\/gestpropiedad.com\/de\/wp-json\/wp\/v2\/media?parent=30339087"}],"wp:term":[{"taxonomy":"property_type","embeddable":true,"href":"https:\/\/gestpropiedad.com\/de\/wp-json\/wp\/v2\/property_type?post=30339087"},{"taxonomy":"property_status","embeddable":true,"href":"https:\/\/gestpropiedad.com\/de\/wp-json\/wp\/v2\/property_status?post=30339087"},{"taxonomy":"property_feature","embeddable":true,"href":"https:\/\/gestpropiedad.com\/de\/wp-json\/wp\/v2\/property_feature?post=30339087"},{"taxonomy":"property_label","embeddable":true,"href":"https:\/\/gestpropiedad.com\/de\/wp-json\/wp\/v2\/property_label?post=30339087"},{"taxonomy":"property_state","embeddable":true,"href":"https:\/\/gestpropiedad.com\/de\/wp-json\/wp\/v2\/property_state?post=30339087"},{"taxonomy":"property_city","embeddable":true,"href":"https:\/\/gestpropiedad.com\/de\/wp-json\/wp\/v2\/property_city?post=30339087"},{"taxonomy":"property_area","embeddable":true,"href":"https:\/\/gestpropiedad.com\/de\/wp-json\/wp\/v2\/property_area?post=30339087"}],"curies":[{"name":"wp","href":"https:\/\/api.w.org\/{rel}","templated":true}]}}