{"id":30339067,"date":"2026-09-02T05:03:12","date_gmt":"2026-09-02T05:03:12","guid":{"rendered":"https:\/\/www.gestpropiedad.com\/inmueble\/venta\/piso\/illes-balears\/sa-pobla\/07cj090\/"},"modified":"2026-09-01T09:55:53","modified_gmt":"2026-09-01T09:55:53","slug":"erdgeschoss-mit-funf-schlafzimmern-und-terrasse-in-sa-pobla-07cj090","status":"publish","type":"property","link":"https:\/\/gestpropiedad.com\/de\/inmueble\/venta\/piso\/illes-balears\/sa-pobla\/07cj090\/","title":{"rendered":"Erdgeschoss mit f\u00fcnf Schlafzimmern und Terrasse in Sa Pobla"},"content":{"rendered":"<p>**EXKLUSIV ANGEBOTEN: Gro\u00dfz\u00fcgiges Erdgeschoss im Herzen von Sa Pobla**<\/p>\n<p>Wir freuen uns, Ihnen exklusiv dieses gro\u00dfz\u00fcgige Erdgeschoss im Herzen von Sa Pobla pr\u00e4sentieren zu d\u00fcrfen \u2013 einer charmanten Gemeinde, die Tradition und Moderne auf einzigartige Weise verbindet.<\/p>\n<p>Die Immobilie verf\u00fcgt \u00fcber eine beeindruckende **Gesamtwohn- und Nutzfl\u00e4che von 259 m\u00b2**, davon **145 m\u00b2 Wohnfl\u00e4che**, und bietet damit viel Platz und Komfort, um den mediterranen Lebensstil auf Mallorca zu genie\u00dfen.<\/p>\n<p>Das Haus verf\u00fcgt \u00fcber **f\u00fcnf vielseitig nutzbare Schlafzimmer**, die sich an unterschiedliche Bed\u00fcrfnisse anpassen lassen \u2013 ideal f\u00fcr Familienbereiche, separate R\u00e4ume oder Arbeitszimmer.<\/p>\n<p>Dar\u00fcber hinaus bietet die Immobilie eine **separate K\u00fcche, zwei komplette Badezimmer, ein zus\u00e4tzliches separates Wohnzimmer mit Kamin sowie einen Innenhof mit Waschk\u00fcche**.<\/p>\n<p>Die gro\u00dfz\u00fcgige Terrasse ist der perfekte Ort, um sich im Freien zu entspannen oder an den warmen, sonnigen Tagen Mallorcas Freunde und Familie zu empfangen.<\/p>\n<p>Die Immobilie befindet sich in ihrem **urspr\u00fcnglichen Zustand**. Dies bietet eine einzigartige Gelegenheit, jeden Raum ganz nach den eigenen Vorstellungen und pers\u00f6nlichen Vorlieben zu gestalten, ohne durch bereits vorgenommene Renovierungen eingeschr\u00e4nkt zu sein.<\/p>\n<p>Dank der strategischen Lage sind alle wichtigen Dienstleistungen und Einrichtungen bequem erreichbar. Gleichzeitig k\u00f6nnen Sie den authentischen und besonderen Charme von Sa Pobla genie\u00dfen.<\/p>\n<p>Die gro\u00dfz\u00fcgige Gr\u00f6\u00dfe der Immobilie bietet zudem zahlreiche M\u00f6glichkeiten f\u00fcr zuk\u00fcnftige Verbesserungen \u2013 sowohl zur Steigerung des eigenen Wohnkomforts als auch als interessante Immobilieninvestition. Diese Immobilie \u00fcberzeugt nicht nur durch ihre gro\u00dfz\u00fcgige Fl\u00e4che, sondern auch durch ihr **gro\u00dfes Potenzial aufgrund der urspr\u00fcnglichen Raumaufteilung**.<\/p>\n<p>**Fordern Sie noch heute weitere Informationen an und verpassen Sie diese EINMALIGE GELEGENHEIT NICHT!**<\/p>\n<p>**Entdecken Sie die virtuelle Tour und besichtigen Sie die Immobilie online.**<\/p>\n<p>Im Video k\u00f6nnen Sie einen gef\u00fchrten Rundgang durch die gesamte Immobilie machen.<br \/>Weitere Informationen finden Sie auf unserer Website: **[www.gestpropiedad.com](http:\/\/www.gestpropiedad.com)**<\/p>\n<p>**Ref.: 07CJ090**<\/p>\n<p>**Im ROAIIBE registrierte Immobilienmakler: GOIBE722270\/2024.**<\/p>\n","protected":false},"excerpt":{"rendered":"<p>**EXKLUSIV ANGEBOTEN: Gro\u00dfz\u00fcgiges Erdgeschoss im Herzen von Sa Pobla**~~Wir freuen uns, Ihnen exklusiv dieses gro\u00dfz\u00fcgige Erdgeschoss im Herzen von Sa Pobla pr\u00e4sentieren zu d\u00fcrfen \u2013 einer charmanten Gemeinde, die Tradition und Moderne auf einzigartige Weise verbindet.~~Die Immobilie verf\u00fcgt \u00fcber eine beeindruckende **Gesamtwohn- <\/p>\n","protected":false},"author":4,"featured_media":30339068,"parent":0,"menu_order":0,"template":"","property_type":[1929],"property_status":[438],"property_feature":[1905,1912,1904,1913,1719,1906,1713,1201,1918,1717],"property_label":[],"property_state":[901],"property_city":[973],"property_area":[974],"acf":[],"property_meta":{"fave_agent":["6291919"],"fave_agents":["6291919"],"fave_agent_display_option":["agent_info"],"fave_agency":["22850344"],"property_agent":["6291919"],"custom_permalink":["inmueble\/venta\/piso\/illes-balears\/sa-pobla\/07cj090\/"],"goapis_id_inmueble":["6630095144"],"goapis_images_hash":["1b728f2f0e620c3d9eceaad466f1765c"],"_thumbnail_id":["30339068"],"post_id":["Array"],"original_author":["4"],"_edit_lock":["1604137107:1"],"_edit_last":["1"],"fave_property_map_street_view":["show"],"fave_payment_status":["not_paid"],"fave_single_top_area":["global"],"fave_single_content_area":["global"],"houzez_manual_expire":["0"],"fave_property_size_prefix":["m&sup2;"],"fave_property_map":["1"],"fave_additional_features_enable":["disable"],"fave_floor_plans_enable":["disable"],"fave_multiunit_plans_enable":["disable"],"fave_prop_homeslider":["no"],"fave_featured":["0"],"fave_property_address":["Sa Pobla,Illes Balears"],"fave_property_zip":["07420"],"houzez_geolocation_lat":["39.767217512"],"houzez_geolocation_long":["3.022956695"],"fave_property_location":["39.767217512,3.022956695"],"fave_property_country":["ES"],"fave_property_map_address":["Sa Pobla,Illes Balears,Spain"],"referencia":["07cj090"],"fave_property_id":["07cj090"],"fave_property_bedrooms":["5"],"fave_property_bathrooms":["2"],"fave_property_garage":["0"],"fave_property_land":["121"],"ave_property_land_postfix":["m&sup2;"],"fave_property_size":["259"],"fave_property_year":["1935"],"fave_energy_global_index":["0 kWh\/m&sup2; \/0 Kg CO2\/m&sup2;"],"fave_energy_class":["C"],"estate_attr_energy_class":["C"],"REAL_HOMES_property_emisiones":["0"],"REAL_HOMES_property_consumo":["0"],"REAL_HOMES_property_letra":["C"],"estate_video":[""],"fave_virtual_tour":["<iframe src=\"https:\/\/crm.inmovilla.com\/fotosvr\/tour.php?cod=30095144.3010\" width=\"820\" height=\"500\" frameborder=\"0\" style=\"border:0\"><\/iframe><div class=\"enlacetour\"><a class=\"enlacetour2\" title=\"Ver tour virtual\" href=\"https:\/\/crm.inmovilla.com\/fotosvr\/tour.php?cod=30095144.3010\" target=\"_blank\">FULL SCREEN<\/a><\/div>"],"vendidoInmueble":[""],"fave_property_price":["251000"],"fave_property_price_postfix":[""],"fave_property_images":["30339068","30339069","30339070","30339071","30339072","30339073","30339074","30339075","30339076","30339077","30339078","30339079","30339080","30339081","30339082","30339083","30339084"],"houzez_total_property_views":["1"],"houzez_views_by_date":["a:1:{s:10:\"09-02-2026\";i:1;}"],"houzez_recently_viewed":["2026-09-02 20:52:01"]},"yoast_head":"<!-- This site is optimized with the Yoast SEO plugin v18.6 - https:\/\/yoast.com\/wordpress\/plugins\/seo\/ -->\n<title>Erdgeschoss mit f\u00fcnf Schlafzimmern und Terrasse in Sa Pobla - Gestpropiedad<\/title>\n<meta name=\"robots\" content=\"index, follow, max-snippet:-1, max-image-preview:large, max-video-preview:-1\" \/>\n<link rel=\"canonical\" href=\"https:\/\/gestpropiedad.com\/de\/inmueble\/venta\/piso\/illes-balears\/sa-pobla\/07cj090\/\" \/>\n<meta property=\"og:locale\" content=\"de_DE\" \/>\n<meta property=\"og:type\" content=\"article\" \/>\n<meta property=\"og:title\" content=\"Erdgeschoss mit f\u00fcnf Schlafzimmern und Terrasse in Sa Pobla - Gestpropiedad\" \/>\n<meta property=\"og:description\" content=\"**EXKLUSIV ANGEBOTEN: Gro\u00dfz\u00fcgiges Erdgeschoss im Herzen von Sa Pobla**~~Wir freuen uns, Ihnen exklusiv dieses gro\u00dfz\u00fcgige Erdgeschoss im Herzen von Sa Pobla pr\u00e4sentieren zu d\u00fcrfen \u2013 einer charmanten Gemeinde, die Tradition und Moderne auf einzigartige Weise verbindet.~~Die Immobilie verf\u00fcgt \u00fcber eine beeindruckende **Gesamtwohn-\" \/>\n<meta property=\"og:url\" content=\"https:\/\/gestpropiedad.com\/de\/inmueble\/venta\/piso\/illes-balears\/sa-pobla\/07cj090\/\" \/>\n<meta property=\"og:site_name\" content=\"Gestpropiedad\" \/>\n<meta property=\"article:modified_time\" content=\"2026-09-01T09:55:53+00:00\" \/>\n<meta property=\"og:image\" content=\"https:\/\/fotos15.apinmo.com\/3010\/30095144\/5-1.jpg\" \/>\n\t<meta property=\"og:image:width\" content=\"850\" \/>\n\t<meta property=\"og:image:height\" content=\"426\" \/>\n\t<meta property=\"og:image:type\" content=\"image\/jpeg\" \/>\n<meta name=\"twitter:card\" content=\"summary_large_image\" \/>\n<meta name=\"twitter:label1\" content=\"Gesch\u00e4tzte Lesezeit\" \/>\n\t<meta name=\"twitter:data1\" content=\"2\u00a0Minuten\" \/>\n<script type=\"application\/ld+json\" class=\"yoast-schema-graph\">{\"@context\":\"https:\/\/schema.org\",\"@graph\":[{\"@type\":\"Organization\",\"@id\":\"https:\/\/gestpropiedad.com\/#organization\",\"name\":\"Gestpropiedad\",\"url\":\"https:\/\/gestpropiedad.com\/\",\"sameAs\":[],\"logo\":{\"@type\":\"ImageObject\",\"@id\":\"https:\/\/gestpropiedad.com\/#logo\",\"inLanguage\":\"de\",\"url\":\"https:\/\/gestpropiedad.com\/wp-content\/uploads\/2021\/11\/logogp-b.svg\",\"contentUrl\":\"https:\/\/gestpropiedad.com\/wp-content\/uploads\/2021\/11\/logogp-b.svg\",\"width\":115,\"height\":60,\"caption\":\"Gestpropiedad\"},\"image\":{\"@id\":\"https:\/\/gestpropiedad.com\/#logo\"}},{\"@type\":\"WebSite\",\"@id\":\"https:\/\/gestpropiedad.com\/#website\",\"url\":\"https:\/\/gestpropiedad.com\/\",\"name\":\"Gestpropiedad\",\"description\":\"Inmobiliaria especializada en Mallorca. Islas Baleares\",\"publisher\":{\"@id\":\"https:\/\/gestpropiedad.com\/#organization\"},\"potentialAction\":[{\"@type\":\"SearchAction\",\"target\":{\"@type\":\"EntryPoint\",\"urlTemplate\":\"https:\/\/gestpropiedad.com\/?s={search_term_string}\"},\"query-input\":\"required name=search_term_string\"}],\"inLanguage\":\"de\"},{\"@type\":\"ImageObject\",\"@id\":\"https:\/\/gestpropiedad.com\/de\/inmueble\/venta\/piso\/illes-balears\/sa-pobla\/07cj090\/#primaryimage\",\"inLanguage\":\"de\",\"url\":\"https:\/\/fotos15.apinmo.com\/3010\/30095144\/5-1.jpg\",\"contentUrl\":\"https:\/\/fotos15.apinmo.com\/3010\/30095144\/5-1.jpg\",\"width\":850,\"height\":426,\"caption\":\"Planta baja con cinco habitaciones y terraza en sa pobla - imagenInmueble0\"},{\"@type\":[\"WebPage\",\"RealEstateListing\"],\"@id\":\"https:\/\/gestpropiedad.com\/de\/inmueble\/venta\/piso\/illes-balears\/sa-pobla\/07cj090\/#webpage\",\"url\":\"https:\/\/gestpropiedad.com\/de\/inmueble\/venta\/piso\/illes-balears\/sa-pobla\/07cj090\/\",\"name\":\"Erdgeschoss mit f\u00fcnf Schlafzimmern und Terrasse in Sa Pobla - Gestpropiedad\",\"isPartOf\":{\"@id\":\"https:\/\/gestpropiedad.com\/#website\"},\"primaryImageOfPage\":{\"@id\":\"https:\/\/gestpropiedad.com\/de\/inmueble\/venta\/piso\/illes-balears\/sa-pobla\/07cj090\/#primaryimage\"},\"datePublished\":\"2026-09-02T05:03:12+00:00\",\"dateModified\":\"2026-09-01T09:55:53+00:00\",\"breadcrumb\":{\"@id\":\"https:\/\/gestpropiedad.com\/de\/inmueble\/venta\/piso\/illes-balears\/sa-pobla\/07cj090\/#breadcrumb\"},\"inLanguage\":\"de\",\"potentialAction\":[{\"@type\":\"ReadAction\",\"target\":[\"https:\/\/gestpropiedad.com\/de\/inmueble\/venta\/piso\/illes-balears\/sa-pobla\/07cj090\/\"]}]},{\"@type\":\"BreadcrumbList\",\"@id\":\"https:\/\/gestpropiedad.com\/de\/inmueble\/venta\/piso\/illes-balears\/sa-pobla\/07cj090\/#breadcrumb\",\"itemListElement\":[{\"@type\":\"ListItem\",\"position\":1,\"name\":\"Portada\",\"item\":\"https:\/\/gestpropiedad.com\/\"},{\"@type\":\"ListItem\",\"position\":2,\"name\":\"Eigenschaften\",\"item\":\"https:\/\/gestpropiedad.com\/de\/inmueble\/\"},{\"@type\":\"ListItem\",\"position\":3,\"name\":\"Erdgeschoss mit f\u00fcnf Schlafzimmern und Terrasse in Sa Pobla\"}]}]}<\/script>\n<!-- \/ Yoast SEO plugin. -->","yoast_head_json":{"title":"Erdgeschoss mit f\u00fcnf Schlafzimmern und Terrasse in Sa Pobla - Gestpropiedad","robots":{"index":"index","follow":"follow","max-snippet":"max-snippet:-1","max-image-preview":"max-image-preview:large","max-video-preview":"max-video-preview:-1"},"canonical":"https:\/\/gestpropiedad.com\/de\/inmueble\/venta\/piso\/illes-balears\/sa-pobla\/07cj090\/","og_locale":"de_DE","og_type":"article","og_title":"Erdgeschoss mit f\u00fcnf Schlafzimmern und Terrasse in Sa Pobla - Gestpropiedad","og_description":"**EXKLUSIV ANGEBOTEN: Gro\u00dfz\u00fcgiges Erdgeschoss im Herzen von Sa Pobla**~~Wir freuen uns, Ihnen exklusiv dieses gro\u00dfz\u00fcgige Erdgeschoss im Herzen von Sa Pobla pr\u00e4sentieren zu d\u00fcrfen \u2013 einer charmanten Gemeinde, die Tradition und Moderne auf einzigartige Weise verbindet.~~Die Immobilie verf\u00fcgt \u00fcber eine beeindruckende **Gesamtwohn-","og_url":"https:\/\/gestpropiedad.com\/de\/inmueble\/venta\/piso\/illes-balears\/sa-pobla\/07cj090\/","og_site_name":"Gestpropiedad","article_modified_time":"2026-09-01T09:55:53+00:00","og_image":[{"width":850,"height":426,"url":"https:\/\/fotos15.apinmo.com\/3010\/30095144\/5-1.jpg","type":"image\/jpeg"}],"twitter_card":"summary_large_image","twitter_misc":{"Gesch\u00e4tzte Lesezeit":"2\u00a0Minuten"},"schema":{"@context":"https:\/\/schema.org","@graph":[{"@type":"Organization","@id":"https:\/\/gestpropiedad.com\/#organization","name":"Gestpropiedad","url":"https:\/\/gestpropiedad.com\/","sameAs":[],"logo":{"@type":"ImageObject","@id":"https:\/\/gestpropiedad.com\/#logo","inLanguage":"de","url":"https:\/\/gestpropiedad.com\/wp-content\/uploads\/2021\/11\/logogp-b.svg","contentUrl":"https:\/\/gestpropiedad.com\/wp-content\/uploads\/2021\/11\/logogp-b.svg","width":115,"height":60,"caption":"Gestpropiedad"},"image":{"@id":"https:\/\/gestpropiedad.com\/#logo"}},{"@type":"WebSite","@id":"https:\/\/gestpropiedad.com\/#website","url":"https:\/\/gestpropiedad.com\/","name":"Gestpropiedad","description":"Inmobiliaria especializada en Mallorca. Islas Baleares","publisher":{"@id":"https:\/\/gestpropiedad.com\/#organization"},"potentialAction":[{"@type":"SearchAction","target":{"@type":"EntryPoint","urlTemplate":"https:\/\/gestpropiedad.com\/?s={search_term_string}"},"query-input":"required name=search_term_string"}],"inLanguage":"de"},{"@type":"ImageObject","@id":"https:\/\/gestpropiedad.com\/de\/inmueble\/venta\/piso\/illes-balears\/sa-pobla\/07cj090\/#primaryimage","inLanguage":"de","url":"https:\/\/fotos15.apinmo.com\/3010\/30095144\/5-1.jpg","contentUrl":"https:\/\/fotos15.apinmo.com\/3010\/30095144\/5-1.jpg","width":850,"height":426,"caption":"Planta baja con cinco habitaciones y terraza en sa pobla - imagenInmueble0"},{"@type":["WebPage","RealEstateListing"],"@id":"https:\/\/gestpropiedad.com\/de\/inmueble\/venta\/piso\/illes-balears\/sa-pobla\/07cj090\/#webpage","url":"https:\/\/gestpropiedad.com\/de\/inmueble\/venta\/piso\/illes-balears\/sa-pobla\/07cj090\/","name":"Erdgeschoss mit f\u00fcnf Schlafzimmern und Terrasse in Sa Pobla - Gestpropiedad","isPartOf":{"@id":"https:\/\/gestpropiedad.com\/#website"},"primaryImageOfPage":{"@id":"https:\/\/gestpropiedad.com\/de\/inmueble\/venta\/piso\/illes-balears\/sa-pobla\/07cj090\/#primaryimage"},"datePublished":"2026-09-02T05:03:12+00:00","dateModified":"2026-09-01T09:55:53+00:00","breadcrumb":{"@id":"https:\/\/gestpropiedad.com\/de\/inmueble\/venta\/piso\/illes-balears\/sa-pobla\/07cj090\/#breadcrumb"},"inLanguage":"de","potentialAction":[{"@type":"ReadAction","target":["https:\/\/gestpropiedad.com\/de\/inmueble\/venta\/piso\/illes-balears\/sa-pobla\/07cj090\/"]}]},{"@type":"BreadcrumbList","@id":"https:\/\/gestpropiedad.com\/de\/inmueble\/venta\/piso\/illes-balears\/sa-pobla\/07cj090\/#breadcrumb","itemListElement":[{"@type":"ListItem","position":1,"name":"Portada","item":"https:\/\/gestpropiedad.com\/"},{"@type":"ListItem","position":2,"name":"Eigenschaften","item":"https:\/\/gestpropiedad.com\/de\/inmueble\/"},{"@type":"ListItem","position":3,"name":"Erdgeschoss mit f\u00fcnf Schlafzimmern und Terrasse in Sa Pobla"}]}]}},"_links":{"self":[{"href":"https:\/\/gestpropiedad.com\/de\/wp-json\/wp\/v2\/properties\/30339067"}],"collection":[{"href":"https:\/\/gestpropiedad.com\/de\/wp-json\/wp\/v2\/properties"}],"about":[{"href":"https:\/\/gestpropiedad.com\/de\/wp-json\/wp\/v2\/types\/property"}],"author":[{"embeddable":true,"href":"https:\/\/gestpropiedad.com\/de\/wp-json\/wp\/v2\/users\/4"}],"version-history":[{"count":0,"href":"https:\/\/gestpropiedad.com\/de\/wp-json\/wp\/v2\/properties\/30339067\/revisions"}],"wp:featuredmedia":[{"embeddable":true,"href":"https:\/\/gestpropiedad.com\/de\/wp-json\/wp\/v2\/media\/30339068"}],"wp:attachment":[{"href":"https:\/\/gestpropiedad.com\/de\/wp-json\/wp\/v2\/media?parent=30339067"}],"wp:term":[{"taxonomy":"property_type","embeddable":true,"href":"https:\/\/gestpropiedad.com\/de\/wp-json\/wp\/v2\/property_type?post=30339067"},{"taxonomy":"property_status","embeddable":true,"href":"https:\/\/gestpropiedad.com\/de\/wp-json\/wp\/v2\/property_status?post=30339067"},{"taxonomy":"property_feature","embeddable":true,"href":"https:\/\/gestpropiedad.com\/de\/wp-json\/wp\/v2\/property_feature?post=30339067"},{"taxonomy":"property_label","embeddable":true,"href":"https:\/\/gestpropiedad.com\/de\/wp-json\/wp\/v2\/property_label?post=30339067"},{"taxonomy":"property_state","embeddable":true,"href":"https:\/\/gestpropiedad.com\/de\/wp-json\/wp\/v2\/property_state?post=30339067"},{"taxonomy":"property_city","embeddable":true,"href":"https:\/\/gestpropiedad.com\/de\/wp-json\/wp\/v2\/property_city?post=30339067"},{"taxonomy":"property_area","embeddable":true,"href":"https:\/\/gestpropiedad.com\/de\/wp-json\/wp\/v2\/property_area?post=30339067"}],"curies":[{"name":"wp","href":"https:\/\/api.w.org\/{rel}","templated":true}]}}