{"id":30339007,"date":"2026-09-02T05:03:22","date_gmt":"2026-09-02T05:03:22","guid":{"rendered":"https:\/\/www.gestpropiedad.com\/inmueble\/venta\/piso\/illes-balears\/inca\/08jt056\/"},"modified":"2026-09-01T18:43:05","modified_gmt":"2026-09-01T18:43:05","slug":"erster-stock-ohne-aufzug-vermietet-in-inca-08jt056","status":"publish","type":"property","link":"https:\/\/gestpropiedad.com\/de\/inmueble\/venta\/piso\/illes-balears\/inca\/08jt056\/","title":{"rendered":"ERSTER STOCK, OHNE AUFZUG, VERMIETET, IN INCA."},"content":{"rendered":"<p>Einzigartige Gelegenheit im Herzen von Inka!<\/p>\n<p>Referenz: 08JT056<\/p>\n<p>Tolle Investitionsm\u00f6glichkeit<br \/>Es wird vermietet (mit aktuellem Mietvertrag bis zum 08.04.2028), (Einkommen von 784 &euro; pro Monat), (Es gab nie Zahlungsverz\u00f6gerungen, nachweisbar).<\/p>\n<p>Oberfl\u00e4chen:<br \/>Gebaut: 126,80 m\u00b2 (einfache Notiz).<br \/>Gebaut: 94 m\u00b2 (Catastro).<br \/>Baujahr: 1980<\/p>\n<p>Pr\u00e4sentation:<br \/>Ger\u00e4umige und gem\u00fctliche erste urbane Etage, exklusiv mit herrlichem Blick auf das Tramuntana-Gebirge von der Gemeinschaftsterrasse in der zentralen Stadt Inca, nur wenige Meter vom Regionalkrankenhaus Inka entfernt.<\/p>\n<p>Es verf\u00fcgt \u00fcber 4 Schlafzimmer, 1 Badezimmer, gro\u00dfes Esszimmer, separate K\u00fcche, Flur, Waschk\u00fcche und gro\u00dfe kommunale Solariumterrasse.<\/p>\n<p>Dokumentation:<br \/>Bewohnbarkeitsbescheinigung.<br \/>Energieausweis.<br \/>Einhaltung gesetzlicher Vorgaben.<\/p>\n<p>Hauptmerkmale:<br \/>S\u00fcdwestausrichtung: Das Haus erh\u00e4lt den ganzen Tag \u00fcber nat\u00fcrliches Licht.<br \/>Sein Erhaltungszustand ist zu reformieren.<\/p>\n<p>Verteilung:<br \/>Empf\u00e4nger von 5,50 m\u00b2.<br \/>4 Zimmer, 3 Doppelzimmer von 10 m\u00b2, 11 m\u00b2 und 18,50 m\u00b2 und 1 Einzelzimmer mit 7,30 m\u00b2 als Esszimmer in der K\u00fcche.<br \/>1 Badezimmer von 5 m\u00b2 mit Badewanne.<br \/>K\u00fcche von 8 m\u00b2, wird komplett ausgestattet und mit allen Ger\u00e4ten, einschlie\u00dflich der Waschmaschine, geliefert (Trockner hat nicht).<br \/>Waschk\u00fcche mit 2,80 m\u00b2 und elektrischer Thermoskanne.<br \/>Wohnzimmer von 24 m\u00b2.<br \/>Zisterne mit Gemeinschafts-Trinkwassertank mit Absaug- und Druckmaschine f\u00fcr die Farm, der 19 Nachbarn.<\/p>\n<p>\u00c4u\u00dfere:<br \/>Ger\u00e4umige Gemeinschaftsterrasse-Solarium von ca. 220 m\u00b2 mit unverbautem und Panoramablick auf die gesamte Sierra de Tramuntana.<\/p>\n<p>Klimaanlage:<br \/>2 Split-Maschinen f\u00fcr Warm-\/Kaltklimaanlage, verteilt im Hauptraum und im Wohnzimmer.<\/p>\n<p>Oberfl\u00e4chen und Ausr\u00fcstung:<br \/>Steinzeugb\u00f6den.<br \/>Schreinerei im Au\u00dfenbereich: Mallorquinische Holzjalousien in wei\u00df (au\u00dfen) und gr\u00fcn (Innenraum) sowie Fenster aus Aluminium und Holz.<br \/>Nordholz-Innenraum, lackierte und lackierte Schreinerei.<br \/>Gepanzerte Haust\u00fcr mit Dreipunkt-Sicherheitsschloss.<br \/>Telefon-, Fernseh- und Glasfasersteckdosen (Internet).<\/p>\n<p>Extras:<br \/>M\u00f6glichkeit, ein weiteres Badezimmer zu machen.<br \/>M\u00f6glichkeit der Installation von Stadtgas im Haus.<br \/>Private unabh\u00e4ngige DTT-Antenne.<\/p>\n<p>Lage und Dienstleistungen in der N\u00e4he:<br \/>\u00d6ffentliche Parkpl\u00e4tze auf 100 Metern.<br \/>Hervorragende \u00f6ffentliche Verkehrsmittel: Trinkgeldlinie, Radiotaxi und Zug.<br \/>\u00c4rzte: Regionales Krankenhaus von Inka, Krankenhaus San Juan de Dios, medizinisches Zentrum, Juaneda Inca, Horm\u00e9a Health Center.<br \/>Superm\u00e4rkte: Hipercentro, verschiedene Mercadona und Erosky, Lidl, D\u00eda, Aldi, Ca,n Coric.<br \/>Schulen: IES Berenguer, Pau Casesnoves, Ceip Miquel Duran, gesegneter Franziskaner-Kirrer, Saint Thomas Aquinas, Reinheit von Mary, \u00f6ffentlicher Llevant, gesegneter Ram\u00f3n Llull, Saint Vincent de Paul, Concertado la Salle, Sant Francesc.<br \/>Iglesias: B\u00fcrgermeister von Santa Maria La, Cristo Rey, Santo Domingo, San Francisco.<br \/>Orte von allgemeinem Interesse: Inka Stadtrat, Ortspolizei, Zivilbewachung, Plaza de Espa\u00f1a, Plaza Libertad, Museum f\u00fcr Schuhe und Industrie; Mateo Ca\u00f1ellas Sportzentrum, Stadtpalast, Pavillon de la Cruz, st\u00e4dtische Pools Catalina Corr\u00f3 Lorente.<\/p>\n<p>Es liegt nur 25 Minuten vom Zentrum der Stadt Palma de Mallorca, dem Son Espases Hospital, dem Flughafen.<br \/>Und ungef\u00e4hr 40 Minuten entfernt von all den wundervollen Str\u00e4nden und Buchten kristallklarem Wasser, die unsere wundervolle Insel umgeben.<\/p>\n<p>Es ist ideal f\u00fcr diejenigen, die den ruhigen Lebensstil der mallorquinischen Stadt suchen, einen Schritt von allen Dienstleistungen entfernt, ideal zum Leben das ganze Jahr \u00fcber und mit einer privilegierten Lage im Zentrum der Insel Mallorca.<\/p>\n<p>Verpassen Sie nicht diese Gelegenheit!<br \/>Kontaktieren Sie uns, um weitere Informationen anzufordern oder einen Besuch zu vereinbaren.<\/p>\n<p>Immobilienmakler in Roaiib Goibe65280\/2024 registriert.<\/p>\n","protected":false},"excerpt":{"rendered":"<p>Einzigartige Gelegenheit im Herzen von Inka!~~Referenz: 08JT056~~Tolle Investitionsm\u00f6glichkeit~Es wird vermietet (mit aktuellem Mietvertrag bis zum 08.04.2028), (Einkommen von 784 &euro; pro Monat), (Es gab nie Zahlungsverz\u00f6gerungen, nachweisbar).~~Oberfl\u00e4chen:~Gebaut: 126,80 m\u00b2 (einfache Notiz).~Gebaut: 94 m\u00b2 (Catastro).~Baujahr: <\/p>\n","protected":false},"author":4,"featured_media":30339008,"parent":0,"menu_order":0,"template":"","property_type":[1929],"property_status":[438],"property_feature":[1905,1916,1240,1902,1913,1911,1906,1201,1918,1717],"property_label":[],"property_state":[901],"property_city":[908],"property_area":[1343],"acf":[],"property_meta":{"fave_agent":["10014858"],"fave_agents":["10014858"],"fave_agent_display_option":["agent_info"],"fave_agency":["13003314"],"property_agent":["10014858"],"custom_permalink":["inmueble\/venta\/piso\/illes-balears\/inca\/08jt056\/"],"goapis_id_inmueble":["6629797976"],"goapis_images_hash":["195403cf3074cb696c984b596d5f8a8d"],"_thumbnail_id":["30339008"],"post_id":["Array"],"original_author":["4"],"_edit_lock":["1604137107:1"],"_edit_last":["1"],"fave_property_map_street_view":["show"],"fave_payment_status":["not_paid"],"fave_single_top_area":["global"],"fave_single_content_area":["global"],"houzez_manual_expire":["0"],"fave_property_size_prefix":["m&sup2;"],"fave_property_map":["1"],"fave_additional_features_enable":["disable"],"fave_floor_plans_enable":["disable"],"fave_multiunit_plans_enable":["disable"],"fave_prop_homeslider":["no"],"fave_featured":["3"],"fave_property_address":["Inca,Illes Balears"],"fave_property_zip":["07300"],"houzez_geolocation_lat":["39.724896025"],"houzez_geolocation_long":["2.918698223"],"fave_property_location":["39.724896025,2.918698223"],"fave_property_country":["ES"],"fave_property_map_address":["Inca,Illes Balears,Spain"],"referencia":["08jt056"],"fave_property_id":["08jt056"],"fave_property_bedrooms":["4"],"fave_property_bathrooms":["1"],"fave_property_garage":["0"],"fave_property_land":["0"],"ave_property_land_postfix":["m&sup2;"],"fave_property_size":["127"],"fave_property_year":["1980"],"fave_energy_global_index":["275.3 kWh\/m&sup2; \/79.69 Kg CO2\/m&sup2;"],"fave_energy_class":["G"],"estate_attr_energy_class":["G"],"REAL_HOMES_property_emisiones":["79.69"],"REAL_HOMES_property_consumo":["275.3"],"REAL_HOMES_property_letra":["G"],"estate_video":[""],"fave_virtual_tour":["<iframe src=\"https:\/\/crm.inmovilla.com\/fotosvr\/tour.php?cod=29797976.10961\" width=\"820\" height=\"500\" frameborder=\"0\" style=\"border:0\"><\/iframe><div class=\"enlacetour\"><a class=\"enlacetour2\" title=\"Ver tour virtual\" href=\"https:\/\/crm.inmovilla.com\/fotosvr\/tour.php?cod=29797976.10961\" target=\"_blank\">FULL SCREEN<\/a><\/div>"],"vendidoInmueble":[""],"fave_property_price":["279000"],"fave_property_price_postfix":[""],"fave_property_images":["30339008","30339009","30339010","30339011","30339012","30339013","30339014","30339015","30339016","30339017","30339018","30339019","30339020","30339021","30339022","30339023","30339024","30339025","30339026","30339027","30339028","30339029","30339030","30339031","30339032","30339033","30339034","30339035","30339036","30339037","30339038","30339039","30339040","30339041"],"houzez_total_property_views":["1"],"houzez_views_by_date":["a:1:{s:10:\"09-02-2026\";i:1;}"],"houzez_recently_viewed":["2026-09-02 19:59:22"]},"yoast_head":"<!-- This site is optimized with the Yoast SEO plugin v18.6 - https:\/\/yoast.com\/wordpress\/plugins\/seo\/ -->\n<title>ERSTER STOCK, OHNE AUFZUG, VERMIETET, IN INCA. - Gestpropiedad<\/title>\n<meta name=\"robots\" content=\"index, follow, max-snippet:-1, max-image-preview:large, max-video-preview:-1\" \/>\n<link rel=\"canonical\" href=\"https:\/\/gestpropiedad.com\/de\/inmueble\/venta\/piso\/illes-balears\/inca\/08jt056\/\" \/>\n<meta property=\"og:locale\" content=\"de_DE\" \/>\n<meta property=\"og:type\" content=\"article\" \/>\n<meta property=\"og:title\" content=\"ERSTER STOCK, OHNE AUFZUG, VERMIETET, IN INCA. - Gestpropiedad\" \/>\n<meta property=\"og:description\" content=\"Einzigartige Gelegenheit im Herzen von Inka!~~Referenz: 08JT056~~Tolle Investitionsm\u00f6glichkeit~Es wird vermietet (mit aktuellem Mietvertrag bis zum 08.04.2028), (Einkommen von 784 &euro; pro Monat), (Es gab nie Zahlungsverz\u00f6gerungen, nachweisbar).~~Oberfl\u00e4chen:~Gebaut: 126,80 m\u00b2 (einfache Notiz).~Gebaut: 94 m\u00b2 (Catastro).~Baujahr:\" \/>\n<meta property=\"og:url\" content=\"https:\/\/gestpropiedad.com\/de\/inmueble\/venta\/piso\/illes-balears\/inca\/08jt056\/\" \/>\n<meta property=\"og:site_name\" content=\"Gestpropiedad\" \/>\n<meta property=\"article:modified_time\" content=\"2026-09-01T18:43:05+00:00\" \/>\n<meta property=\"og:image\" content=\"https:\/\/fotos15.apinmo.com\/10961\/29797976\/6-1.jpg\" \/>\n\t<meta property=\"og:image:width\" content=\"850\" \/>\n\t<meta property=\"og:image:height\" content=\"426\" \/>\n\t<meta property=\"og:image:type\" content=\"image\/jpeg\" \/>\n<meta name=\"twitter:card\" content=\"summary_large_image\" \/>\n<meta name=\"twitter:label1\" content=\"Gesch\u00e4tzte Lesezeit\" \/>\n\t<meta name=\"twitter:data1\" content=\"3\u00a0Minuten\" \/>\n<script type=\"application\/ld+json\" class=\"yoast-schema-graph\">{\"@context\":\"https:\/\/schema.org\",\"@graph\":[{\"@type\":\"Organization\",\"@id\":\"https:\/\/gestpropiedad.com\/#organization\",\"name\":\"Gestpropiedad\",\"url\":\"https:\/\/gestpropiedad.com\/\",\"sameAs\":[],\"logo\":{\"@type\":\"ImageObject\",\"@id\":\"https:\/\/gestpropiedad.com\/#logo\",\"inLanguage\":\"de\",\"url\":\"https:\/\/gestpropiedad.com\/wp-content\/uploads\/2021\/11\/logogp-b.svg\",\"contentUrl\":\"https:\/\/gestpropiedad.com\/wp-content\/uploads\/2021\/11\/logogp-b.svg\",\"width\":115,\"height\":60,\"caption\":\"Gestpropiedad\"},\"image\":{\"@id\":\"https:\/\/gestpropiedad.com\/#logo\"}},{\"@type\":\"WebSite\",\"@id\":\"https:\/\/gestpropiedad.com\/#website\",\"url\":\"https:\/\/gestpropiedad.com\/\",\"name\":\"Gestpropiedad\",\"description\":\"Inmobiliaria especializada en Mallorca. Islas Baleares\",\"publisher\":{\"@id\":\"https:\/\/gestpropiedad.com\/#organization\"},\"potentialAction\":[{\"@type\":\"SearchAction\",\"target\":{\"@type\":\"EntryPoint\",\"urlTemplate\":\"https:\/\/gestpropiedad.com\/?s={search_term_string}\"},\"query-input\":\"required name=search_term_string\"}],\"inLanguage\":\"de\"},{\"@type\":\"ImageObject\",\"@id\":\"https:\/\/gestpropiedad.com\/de\/inmueble\/venta\/piso\/illes-balears\/inca\/08jt056\/#primaryimage\",\"inLanguage\":\"de\",\"url\":\"https:\/\/fotos15.apinmo.com\/10961\/29797976\/6-1.jpg\",\"contentUrl\":\"https:\/\/fotos15.apinmo.com\/10961\/29797976\/6-1.jpg\",\"width\":850,\"height\":426,\"caption\":\"Primer piso, sin ascensor, alquilado, en inca. - imagenInmueble0\"},{\"@type\":[\"WebPage\",\"RealEstateListing\"],\"@id\":\"https:\/\/gestpropiedad.com\/de\/inmueble\/venta\/piso\/illes-balears\/inca\/08jt056\/#webpage\",\"url\":\"https:\/\/gestpropiedad.com\/de\/inmueble\/venta\/piso\/illes-balears\/inca\/08jt056\/\",\"name\":\"ERSTER STOCK, OHNE AUFZUG, VERMIETET, IN INCA. - Gestpropiedad\",\"isPartOf\":{\"@id\":\"https:\/\/gestpropiedad.com\/#website\"},\"primaryImageOfPage\":{\"@id\":\"https:\/\/gestpropiedad.com\/de\/inmueble\/venta\/piso\/illes-balears\/inca\/08jt056\/#primaryimage\"},\"datePublished\":\"2026-09-02T05:03:22+00:00\",\"dateModified\":\"2026-09-01T18:43:05+00:00\",\"breadcrumb\":{\"@id\":\"https:\/\/gestpropiedad.com\/de\/inmueble\/venta\/piso\/illes-balears\/inca\/08jt056\/#breadcrumb\"},\"inLanguage\":\"de\",\"potentialAction\":[{\"@type\":\"ReadAction\",\"target\":[\"https:\/\/gestpropiedad.com\/de\/inmueble\/venta\/piso\/illes-balears\/inca\/08jt056\/\"]}]},{\"@type\":\"BreadcrumbList\",\"@id\":\"https:\/\/gestpropiedad.com\/de\/inmueble\/venta\/piso\/illes-balears\/inca\/08jt056\/#breadcrumb\",\"itemListElement\":[{\"@type\":\"ListItem\",\"position\":1,\"name\":\"Portada\",\"item\":\"https:\/\/gestpropiedad.com\/\"},{\"@type\":\"ListItem\",\"position\":2,\"name\":\"Eigenschaften\",\"item\":\"https:\/\/gestpropiedad.com\/de\/inmueble\/\"},{\"@type\":\"ListItem\",\"position\":3,\"name\":\"ERSTER STOCK, OHNE AUFZUG, VERMIETET, IN INCA.\"}]}]}<\/script>\n<!-- \/ Yoast SEO plugin. -->","yoast_head_json":{"title":"ERSTER STOCK, OHNE AUFZUG, VERMIETET, IN INCA. - Gestpropiedad","robots":{"index":"index","follow":"follow","max-snippet":"max-snippet:-1","max-image-preview":"max-image-preview:large","max-video-preview":"max-video-preview:-1"},"canonical":"https:\/\/gestpropiedad.com\/de\/inmueble\/venta\/piso\/illes-balears\/inca\/08jt056\/","og_locale":"de_DE","og_type":"article","og_title":"ERSTER STOCK, OHNE AUFZUG, VERMIETET, IN INCA. - Gestpropiedad","og_description":"Einzigartige Gelegenheit im Herzen von Inka!~~Referenz: 08JT056~~Tolle Investitionsm\u00f6glichkeit~Es wird vermietet (mit aktuellem Mietvertrag bis zum 08.04.2028), (Einkommen von 784 &euro; pro Monat), (Es gab nie Zahlungsverz\u00f6gerungen, nachweisbar).~~Oberfl\u00e4chen:~Gebaut: 126,80 m\u00b2 (einfache Notiz).~Gebaut: 94 m\u00b2 (Catastro).~Baujahr:","og_url":"https:\/\/gestpropiedad.com\/de\/inmueble\/venta\/piso\/illes-balears\/inca\/08jt056\/","og_site_name":"Gestpropiedad","article_modified_time":"2026-09-01T18:43:05+00:00","og_image":[{"width":850,"height":426,"url":"https:\/\/fotos15.apinmo.com\/10961\/29797976\/6-1.jpg","type":"image\/jpeg"}],"twitter_card":"summary_large_image","twitter_misc":{"Gesch\u00e4tzte Lesezeit":"3\u00a0Minuten"},"schema":{"@context":"https:\/\/schema.org","@graph":[{"@type":"Organization","@id":"https:\/\/gestpropiedad.com\/#organization","name":"Gestpropiedad","url":"https:\/\/gestpropiedad.com\/","sameAs":[],"logo":{"@type":"ImageObject","@id":"https:\/\/gestpropiedad.com\/#logo","inLanguage":"de","url":"https:\/\/gestpropiedad.com\/wp-content\/uploads\/2021\/11\/logogp-b.svg","contentUrl":"https:\/\/gestpropiedad.com\/wp-content\/uploads\/2021\/11\/logogp-b.svg","width":115,"height":60,"caption":"Gestpropiedad"},"image":{"@id":"https:\/\/gestpropiedad.com\/#logo"}},{"@type":"WebSite","@id":"https:\/\/gestpropiedad.com\/#website","url":"https:\/\/gestpropiedad.com\/","name":"Gestpropiedad","description":"Inmobiliaria especializada en Mallorca. Islas Baleares","publisher":{"@id":"https:\/\/gestpropiedad.com\/#organization"},"potentialAction":[{"@type":"SearchAction","target":{"@type":"EntryPoint","urlTemplate":"https:\/\/gestpropiedad.com\/?s={search_term_string}"},"query-input":"required name=search_term_string"}],"inLanguage":"de"},{"@type":"ImageObject","@id":"https:\/\/gestpropiedad.com\/de\/inmueble\/venta\/piso\/illes-balears\/inca\/08jt056\/#primaryimage","inLanguage":"de","url":"https:\/\/fotos15.apinmo.com\/10961\/29797976\/6-1.jpg","contentUrl":"https:\/\/fotos15.apinmo.com\/10961\/29797976\/6-1.jpg","width":850,"height":426,"caption":"Primer piso, sin ascensor, alquilado, en inca. - imagenInmueble0"},{"@type":["WebPage","RealEstateListing"],"@id":"https:\/\/gestpropiedad.com\/de\/inmueble\/venta\/piso\/illes-balears\/inca\/08jt056\/#webpage","url":"https:\/\/gestpropiedad.com\/de\/inmueble\/venta\/piso\/illes-balears\/inca\/08jt056\/","name":"ERSTER STOCK, OHNE AUFZUG, VERMIETET, IN INCA. - Gestpropiedad","isPartOf":{"@id":"https:\/\/gestpropiedad.com\/#website"},"primaryImageOfPage":{"@id":"https:\/\/gestpropiedad.com\/de\/inmueble\/venta\/piso\/illes-balears\/inca\/08jt056\/#primaryimage"},"datePublished":"2026-09-02T05:03:22+00:00","dateModified":"2026-09-01T18:43:05+00:00","breadcrumb":{"@id":"https:\/\/gestpropiedad.com\/de\/inmueble\/venta\/piso\/illes-balears\/inca\/08jt056\/#breadcrumb"},"inLanguage":"de","potentialAction":[{"@type":"ReadAction","target":["https:\/\/gestpropiedad.com\/de\/inmueble\/venta\/piso\/illes-balears\/inca\/08jt056\/"]}]},{"@type":"BreadcrumbList","@id":"https:\/\/gestpropiedad.com\/de\/inmueble\/venta\/piso\/illes-balears\/inca\/08jt056\/#breadcrumb","itemListElement":[{"@type":"ListItem","position":1,"name":"Portada","item":"https:\/\/gestpropiedad.com\/"},{"@type":"ListItem","position":2,"name":"Eigenschaften","item":"https:\/\/gestpropiedad.com\/de\/inmueble\/"},{"@type":"ListItem","position":3,"name":"ERSTER STOCK, OHNE AUFZUG, VERMIETET, IN INCA."}]}]}},"_links":{"self":[{"href":"https:\/\/gestpropiedad.com\/de\/wp-json\/wp\/v2\/properties\/30339007"}],"collection":[{"href":"https:\/\/gestpropiedad.com\/de\/wp-json\/wp\/v2\/properties"}],"about":[{"href":"https:\/\/gestpropiedad.com\/de\/wp-json\/wp\/v2\/types\/property"}],"author":[{"embeddable":true,"href":"https:\/\/gestpropiedad.com\/de\/wp-json\/wp\/v2\/users\/4"}],"version-history":[{"count":0,"href":"https:\/\/gestpropiedad.com\/de\/wp-json\/wp\/v2\/properties\/30339007\/revisions"}],"wp:featuredmedia":[{"embeddable":true,"href":"https:\/\/gestpropiedad.com\/de\/wp-json\/wp\/v2\/media\/30339008"}],"wp:attachment":[{"href":"https:\/\/gestpropiedad.com\/de\/wp-json\/wp\/v2\/media?parent=30339007"}],"wp:term":[{"taxonomy":"property_type","embeddable":true,"href":"https:\/\/gestpropiedad.com\/de\/wp-json\/wp\/v2\/property_type?post=30339007"},{"taxonomy":"property_status","embeddable":true,"href":"https:\/\/gestpropiedad.com\/de\/wp-json\/wp\/v2\/property_status?post=30339007"},{"taxonomy":"property_feature","embeddable":true,"href":"https:\/\/gestpropiedad.com\/de\/wp-json\/wp\/v2\/property_feature?post=30339007"},{"taxonomy":"property_label","embeddable":true,"href":"https:\/\/gestpropiedad.com\/de\/wp-json\/wp\/v2\/property_label?post=30339007"},{"taxonomy":"property_state","embeddable":true,"href":"https:\/\/gestpropiedad.com\/de\/wp-json\/wp\/v2\/property_state?post=30339007"},{"taxonomy":"property_city","embeddable":true,"href":"https:\/\/gestpropiedad.com\/de\/wp-json\/wp\/v2\/property_city?post=30339007"},{"taxonomy":"property_area","embeddable":true,"href":"https:\/\/gestpropiedad.com\/de\/wp-json\/wp\/v2\/property_area?post=30339007"}],"curies":[{"name":"wp","href":"https:\/\/api.w.org\/{rel}","templated":true}]}}