{"id":30338235,"date":"2026-09-01T05:03:16","date_gmt":"2026-09-01T05:03:16","guid":{"rendered":"https:\/\/www.gestpropiedad.com\/inmueble\/venta\/piso\/illes-balears\/palma\/10ta703adt\/"},"modified":"2026-08-26T11:37:02","modified_gmt":"2026-08-26T11:37:02","slug":"3-zimmer-wohnung-mit-balkon-und-meerblick-10ta703adt","status":"publish","type":"property","link":"https:\/\/gestpropiedad.com\/de\/inmueble\/venta\/piso\/illes-balears\/palma\/10ta703adt\/","title":{"rendered":"3-ZIMMER-WOHNUNG MIT BALKON UND MEERBLICK"},"content":{"rendered":"<p>Wohnung in S&#8217;Arenal \u2013 Platja de Palma, im dritten Stock und nur wenige Meter vom Meer entfernt.<\/p>\n<p>Die 80 m\u00b2 gro\u00dfe Wohnung ist \u00fcber einen Flur verteilt, der die verschiedenen R\u00e4ume bequem miteinander verbindet. Sie verf\u00fcgt \u00fcber ein gro\u00dfz\u00fcgiges und helles Wohn- und Esszimmer mit Klimaanlage und Zugang zum 5 m\u00b2 gro\u00dfen Balkon mit Meerblick. Die Wohnung bietet 3 Doppelzimmer mit Einbauschr\u00e4nken, von denen zwei ebenfalls direkten Zugang zum Balkon haben und dadurch von einem angenehmen nat\u00fcrlichen Lichteinfall profitieren.<\/p>\n<p>Dar\u00fcber hinaus verf\u00fcgt die Wohnung \u00fcber ein voll ausgestattetes Badezimmer mit Badewanne sowie eine separate, vollst\u00e4ndig ausgestattete K\u00fcche. Von der K\u00fcche aus gelangt man zu einem separaten Hauswirtschaftsraum und einem praktischen Vorratsbereich.<\/p>\n<p>Die Wohnung befindet sich in S&#8217;Arenal \u2013 Platja de Palma, einer Gegend, die f\u00fcr ihre mediterrane Atmosph\u00e4re und die unmittelbare N\u00e4he zum Strand und zur Strandpromenade bekannt ist. In der Umgebung finden Sie Superm\u00e4rkte, Gesch\u00e4fte, Restaurants, Caf\u00e9s, Apotheken und \u00f6ffentliche Verkehrsmittel sowie alle wichtigen Einrichtungen des t\u00e4glichen Bedarfs. Die Gegend l\u00e4dt au\u00dferdem zu angenehmen Spazierg\u00e4ngen am Meer ein und bietet ein vielf\u00e4ltiges Freizeit- und Gastronomieangebot.<\/p>\n<p>Die Lage ist zweifellos einer der gr\u00f6\u00dften Vorz\u00fcge dieser Immobilie: Das Meer befindet sich nur wenige Meter entfernt, sodass Sie den Strand und die mediterrane Umgebung bequem und praktisch ohne l\u00e4ngere Wege genie\u00dfen k\u00f6nnen.<\/p>\n<p>F\u00fcr weitere Informationen oder zur Vereinbarung eines Besichtigungstermins kontaktieren Sie uns gerne!<\/p>\n<p>Immobilienagentur, eingetragen im Offiziellen Register der Immobilienmakler der Balearen (ROAIIB), Registrierungsnummer GOIBE740280\/2024.<\/p>\n","protected":false},"excerpt":{"rendered":"<p>Wohnung in S&#8217;Arenal \u2013 Platja de Palma, im dritten Stock und nur wenige Meter vom Meer entfernt.~~Die 80 m\u00b2 gro\u00dfe Wohnung ist \u00fcber einen Flur verteilt, der die verschiedenen R\u00e4ume bequem miteinander verbindet. Sie verf\u00fcgt \u00fcber ein gro\u00dfz\u00fcgiges und helles Wohn- und Esszimmer mit Klimaanlage und Zugang zum 5 m\u00b2 gro\u00dfen Balkon mit <\/p>\n","protected":false},"author":4,"featured_media":30338236,"parent":0,"menu_order":0,"template":"","property_type":[1929],"property_status":[438],"property_feature":[1905,1720,1240,1902,1913,1911,1717],"property_label":[],"property_state":[901],"property_city":[902],"property_area":[965],"acf":[],"property_meta":{"fave_agent":["28244341"],"fave_agents":["28244341"],"fave_agent_display_option":["agent_info"],"fave_agency":["22941548"],"property_agent":["28244341"],"custom_permalink":["inmueble\/venta\/piso\/illes-balears\/palma\/10ta703adt\/"],"goapis_id_inmueble":["6630021286"],"goapis_images_hash":["19472ba0b48f4334b58bfbc76c30dd65"],"_thumbnail_id":["30338236"],"post_id":["Array"],"original_author":["4"],"_edit_lock":["1604137107:1"],"_edit_last":["1"],"fave_property_map_street_view":["show"],"fave_payment_status":["not_paid"],"fave_single_top_area":["global"],"fave_single_content_area":["global"],"houzez_manual_expire":["0"],"fave_property_size_prefix":["m&sup2;"],"fave_property_map":["1"],"fave_additional_features_enable":["disable"],"fave_floor_plans_enable":["disable"],"fave_multiunit_plans_enable":["disable"],"fave_prop_homeslider":["no"],"fave_featured":["0"],"fave_property_address":["Palma,Illes Balears"],"fave_property_zip":["07007"],"houzez_geolocation_lat":["39.508901663"],"houzez_geolocation_long":["2.752932104"],"fave_property_location":["39.508901663,2.752932104"],"fave_property_country":["ES"],"fave_property_map_address":["Palma,Illes Balears,Spain"],"referencia":["10ta703adt"],"fave_property_id":["10ta703adt"],"fave_property_bedrooms":["3"],"fave_property_bathrooms":["1"],"fave_property_garage":["0"],"fave_property_land":["0"],"ave_property_land_postfix":["m&sup2;"],"fave_property_size":["80"],"fave_property_year":["0"],"fave_energy_global_index":["0 kWh\/m&sup2; \/0 Kg CO2\/m&sup2;"],"fave_energy_class":["N"],"estate_attr_energy_class":["N"],"REAL_HOMES_property_emisiones":["0"],"REAL_HOMES_property_consumo":["0"],"REAL_HOMES_property_letra":["N"],"estate_video":[""],"fave_virtual_tour":["<iframe src=\"https:\/\/crm.inmovilla.com\/fotosvr\/tour.php?cod=30021286.10578\" width=\"820\" height=\"500\" frameborder=\"0\" style=\"border:0\"><\/iframe><div class=\"enlacetour\"><a class=\"enlacetour2\" title=\"Ver tour virtual\" href=\"https:\/\/crm.inmovilla.com\/fotosvr\/tour.php?cod=30021286.10578\" target=\"_blank\">FULL SCREEN<\/a><\/div>"],"vendidoInmueble":[""],"fave_property_price":["279000"],"fave_property_price_postfix":[""],"fave_property_images":["30338236","30338237","30338238","30338239","30338240","30338241","30338242","30338243","30338244","30338245","30338246","30338247","30338248","30338249","30338250","30338251","30338252","30338253","30338254","30338255","30338256"],"houzez_total_property_views":["16"],"houzez_views_by_date":["a:6:{s:10:\"08-27-2026\";i:2;s:10:\"08-28-2026\";i:5;s:10:\"08-29-2026\";i:3;s:10:\"08-30-2026\";i:3;s:10:\"08-31-2026\";i:2;s:10:\"09-01-2026\";i:1;}"],"houzez_recently_viewed":["2026-09-01 04:16:22"]},"yoast_head":"<!-- This site is optimized with the Yoast SEO plugin v18.6 - https:\/\/yoast.com\/wordpress\/plugins\/seo\/ -->\n<title>3-ZIMMER-WOHNUNG MIT BALKON UND MEERBLICK - Gestpropiedad<\/title>\n<meta name=\"robots\" content=\"index, follow, max-snippet:-1, max-image-preview:large, max-video-preview:-1\" \/>\n<link rel=\"canonical\" href=\"https:\/\/gestpropiedad.com\/de\/inmueble\/venta\/piso\/illes-balears\/palma\/10ta703adt\/\" \/>\n<meta property=\"og:locale\" content=\"de_DE\" \/>\n<meta property=\"og:type\" content=\"article\" \/>\n<meta property=\"og:title\" content=\"3-ZIMMER-WOHNUNG MIT BALKON UND MEERBLICK - Gestpropiedad\" \/>\n<meta property=\"og:description\" content=\"Wohnung in S&#039;Arenal \u2013 Platja de Palma, im dritten Stock und nur wenige Meter vom Meer entfernt.~~Die 80 m\u00b2 gro\u00dfe Wohnung ist \u00fcber einen Flur verteilt, der die verschiedenen R\u00e4ume bequem miteinander verbindet. Sie verf\u00fcgt \u00fcber ein gro\u00dfz\u00fcgiges und helles Wohn- und Esszimmer mit Klimaanlage und Zugang zum 5 m\u00b2 gro\u00dfen Balkon mit\" \/>\n<meta property=\"og:url\" content=\"https:\/\/gestpropiedad.com\/de\/inmueble\/venta\/piso\/illes-balears\/palma\/10ta703adt\/\" \/>\n<meta property=\"og:site_name\" content=\"Gestpropiedad\" \/>\n<meta property=\"article:modified_time\" content=\"2026-08-26T11:37:02+00:00\" \/>\n<meta property=\"og:image\" content=\"https:\/\/fotos15.apinmo.com\/10578\/30021286\/5-1.jpg\" \/>\n\t<meta property=\"og:image:width\" content=\"850\" \/>\n\t<meta property=\"og:image:height\" content=\"426\" \/>\n\t<meta property=\"og:image:type\" content=\"image\/jpeg\" \/>\n<meta name=\"twitter:card\" content=\"summary_large_image\" \/>\n<meta name=\"twitter:label1\" content=\"Gesch\u00e4tzte Lesezeit\" \/>\n\t<meta name=\"twitter:data1\" content=\"1\u00a0Minute\" \/>\n<script type=\"application\/ld+json\" class=\"yoast-schema-graph\">{\"@context\":\"https:\/\/schema.org\",\"@graph\":[{\"@type\":\"Organization\",\"@id\":\"https:\/\/gestpropiedad.com\/#organization\",\"name\":\"Gestpropiedad\",\"url\":\"https:\/\/gestpropiedad.com\/\",\"sameAs\":[],\"logo\":{\"@type\":\"ImageObject\",\"@id\":\"https:\/\/gestpropiedad.com\/#logo\",\"inLanguage\":\"de\",\"url\":\"https:\/\/gestpropiedad.com\/wp-content\/uploads\/2021\/11\/logogp-b.svg\",\"contentUrl\":\"https:\/\/gestpropiedad.com\/wp-content\/uploads\/2021\/11\/logogp-b.svg\",\"width\":115,\"height\":60,\"caption\":\"Gestpropiedad\"},\"image\":{\"@id\":\"https:\/\/gestpropiedad.com\/#logo\"}},{\"@type\":\"WebSite\",\"@id\":\"https:\/\/gestpropiedad.com\/#website\",\"url\":\"https:\/\/gestpropiedad.com\/\",\"name\":\"Gestpropiedad\",\"description\":\"Inmobiliaria especializada en Mallorca. Islas Baleares\",\"publisher\":{\"@id\":\"https:\/\/gestpropiedad.com\/#organization\"},\"potentialAction\":[{\"@type\":\"SearchAction\",\"target\":{\"@type\":\"EntryPoint\",\"urlTemplate\":\"https:\/\/gestpropiedad.com\/?s={search_term_string}\"},\"query-input\":\"required name=search_term_string\"}],\"inLanguage\":\"de\"},{\"@type\":\"ImageObject\",\"@id\":\"https:\/\/gestpropiedad.com\/de\/inmueble\/venta\/piso\/illes-balears\/palma\/10ta703adt\/#primaryimage\",\"inLanguage\":\"de\",\"url\":\"https:\/\/fotos15.apinmo.com\/10578\/30021286\/5-1.jpg\",\"contentUrl\":\"https:\/\/fotos15.apinmo.com\/10578\/30021286\/5-1.jpg\",\"width\":850,\"height\":426,\"caption\":\"Piso de 3 habitaciones con balc\u00d3n y vistas al mar - imagenInmueble0\"},{\"@type\":[\"WebPage\",\"RealEstateListing\"],\"@id\":\"https:\/\/gestpropiedad.com\/de\/inmueble\/venta\/piso\/illes-balears\/palma\/10ta703adt\/#webpage\",\"url\":\"https:\/\/gestpropiedad.com\/de\/inmueble\/venta\/piso\/illes-balears\/palma\/10ta703adt\/\",\"name\":\"3-ZIMMER-WOHNUNG MIT BALKON UND MEERBLICK - Gestpropiedad\",\"isPartOf\":{\"@id\":\"https:\/\/gestpropiedad.com\/#website\"},\"primaryImageOfPage\":{\"@id\":\"https:\/\/gestpropiedad.com\/de\/inmueble\/venta\/piso\/illes-balears\/palma\/10ta703adt\/#primaryimage\"},\"datePublished\":\"2026-09-01T05:03:16+00:00\",\"dateModified\":\"2026-08-26T11:37:02+00:00\",\"breadcrumb\":{\"@id\":\"https:\/\/gestpropiedad.com\/de\/inmueble\/venta\/piso\/illes-balears\/palma\/10ta703adt\/#breadcrumb\"},\"inLanguage\":\"de\",\"potentialAction\":[{\"@type\":\"ReadAction\",\"target\":[\"https:\/\/gestpropiedad.com\/de\/inmueble\/venta\/piso\/illes-balears\/palma\/10ta703adt\/\"]}]},{\"@type\":\"BreadcrumbList\",\"@id\":\"https:\/\/gestpropiedad.com\/de\/inmueble\/venta\/piso\/illes-balears\/palma\/10ta703adt\/#breadcrumb\",\"itemListElement\":[{\"@type\":\"ListItem\",\"position\":1,\"name\":\"Portada\",\"item\":\"https:\/\/gestpropiedad.com\/\"},{\"@type\":\"ListItem\",\"position\":2,\"name\":\"Eigenschaften\",\"item\":\"https:\/\/gestpropiedad.com\/de\/inmueble\/\"},{\"@type\":\"ListItem\",\"position\":3,\"name\":\"3-ZIMMER-WOHNUNG MIT BALKON UND MEERBLICK\"}]}]}<\/script>\n<!-- \/ Yoast SEO plugin. -->","yoast_head_json":{"title":"3-ZIMMER-WOHNUNG MIT BALKON UND MEERBLICK - Gestpropiedad","robots":{"index":"index","follow":"follow","max-snippet":"max-snippet:-1","max-image-preview":"max-image-preview:large","max-video-preview":"max-video-preview:-1"},"canonical":"https:\/\/gestpropiedad.com\/de\/inmueble\/venta\/piso\/illes-balears\/palma\/10ta703adt\/","og_locale":"de_DE","og_type":"article","og_title":"3-ZIMMER-WOHNUNG MIT BALKON UND MEERBLICK - Gestpropiedad","og_description":"Wohnung in S'Arenal \u2013 Platja de Palma, im dritten Stock und nur wenige Meter vom Meer entfernt.~~Die 80 m\u00b2 gro\u00dfe Wohnung ist \u00fcber einen Flur verteilt, der die verschiedenen R\u00e4ume bequem miteinander verbindet. Sie verf\u00fcgt \u00fcber ein gro\u00dfz\u00fcgiges und helles Wohn- und Esszimmer mit Klimaanlage und Zugang zum 5 m\u00b2 gro\u00dfen Balkon mit","og_url":"https:\/\/gestpropiedad.com\/de\/inmueble\/venta\/piso\/illes-balears\/palma\/10ta703adt\/","og_site_name":"Gestpropiedad","article_modified_time":"2026-08-26T11:37:02+00:00","og_image":[{"width":850,"height":426,"url":"https:\/\/fotos15.apinmo.com\/10578\/30021286\/5-1.jpg","type":"image\/jpeg"}],"twitter_card":"summary_large_image","twitter_misc":{"Gesch\u00e4tzte Lesezeit":"1\u00a0Minute"},"schema":{"@context":"https:\/\/schema.org","@graph":[{"@type":"Organization","@id":"https:\/\/gestpropiedad.com\/#organization","name":"Gestpropiedad","url":"https:\/\/gestpropiedad.com\/","sameAs":[],"logo":{"@type":"ImageObject","@id":"https:\/\/gestpropiedad.com\/#logo","inLanguage":"de","url":"https:\/\/gestpropiedad.com\/wp-content\/uploads\/2021\/11\/logogp-b.svg","contentUrl":"https:\/\/gestpropiedad.com\/wp-content\/uploads\/2021\/11\/logogp-b.svg","width":115,"height":60,"caption":"Gestpropiedad"},"image":{"@id":"https:\/\/gestpropiedad.com\/#logo"}},{"@type":"WebSite","@id":"https:\/\/gestpropiedad.com\/#website","url":"https:\/\/gestpropiedad.com\/","name":"Gestpropiedad","description":"Inmobiliaria especializada en Mallorca. Islas Baleares","publisher":{"@id":"https:\/\/gestpropiedad.com\/#organization"},"potentialAction":[{"@type":"SearchAction","target":{"@type":"EntryPoint","urlTemplate":"https:\/\/gestpropiedad.com\/?s={search_term_string}"},"query-input":"required name=search_term_string"}],"inLanguage":"de"},{"@type":"ImageObject","@id":"https:\/\/gestpropiedad.com\/de\/inmueble\/venta\/piso\/illes-balears\/palma\/10ta703adt\/#primaryimage","inLanguage":"de","url":"https:\/\/fotos15.apinmo.com\/10578\/30021286\/5-1.jpg","contentUrl":"https:\/\/fotos15.apinmo.com\/10578\/30021286\/5-1.jpg","width":850,"height":426,"caption":"Piso de 3 habitaciones con balc\u00d3n y vistas al mar - imagenInmueble0"},{"@type":["WebPage","RealEstateListing"],"@id":"https:\/\/gestpropiedad.com\/de\/inmueble\/venta\/piso\/illes-balears\/palma\/10ta703adt\/#webpage","url":"https:\/\/gestpropiedad.com\/de\/inmueble\/venta\/piso\/illes-balears\/palma\/10ta703adt\/","name":"3-ZIMMER-WOHNUNG MIT BALKON UND MEERBLICK - Gestpropiedad","isPartOf":{"@id":"https:\/\/gestpropiedad.com\/#website"},"primaryImageOfPage":{"@id":"https:\/\/gestpropiedad.com\/de\/inmueble\/venta\/piso\/illes-balears\/palma\/10ta703adt\/#primaryimage"},"datePublished":"2026-09-01T05:03:16+00:00","dateModified":"2026-08-26T11:37:02+00:00","breadcrumb":{"@id":"https:\/\/gestpropiedad.com\/de\/inmueble\/venta\/piso\/illes-balears\/palma\/10ta703adt\/#breadcrumb"},"inLanguage":"de","potentialAction":[{"@type":"ReadAction","target":["https:\/\/gestpropiedad.com\/de\/inmueble\/venta\/piso\/illes-balears\/palma\/10ta703adt\/"]}]},{"@type":"BreadcrumbList","@id":"https:\/\/gestpropiedad.com\/de\/inmueble\/venta\/piso\/illes-balears\/palma\/10ta703adt\/#breadcrumb","itemListElement":[{"@type":"ListItem","position":1,"name":"Portada","item":"https:\/\/gestpropiedad.com\/"},{"@type":"ListItem","position":2,"name":"Eigenschaften","item":"https:\/\/gestpropiedad.com\/de\/inmueble\/"},{"@type":"ListItem","position":3,"name":"3-ZIMMER-WOHNUNG MIT BALKON UND MEERBLICK"}]}]}},"_links":{"self":[{"href":"https:\/\/gestpropiedad.com\/de\/wp-json\/wp\/v2\/properties\/30338235"}],"collection":[{"href":"https:\/\/gestpropiedad.com\/de\/wp-json\/wp\/v2\/properties"}],"about":[{"href":"https:\/\/gestpropiedad.com\/de\/wp-json\/wp\/v2\/types\/property"}],"author":[{"embeddable":true,"href":"https:\/\/gestpropiedad.com\/de\/wp-json\/wp\/v2\/users\/4"}],"version-history":[{"count":0,"href":"https:\/\/gestpropiedad.com\/de\/wp-json\/wp\/v2\/properties\/30338235\/revisions"}],"wp:featuredmedia":[{"embeddable":true,"href":"https:\/\/gestpropiedad.com\/de\/wp-json\/wp\/v2\/media\/30338236"}],"wp:attachment":[{"href":"https:\/\/gestpropiedad.com\/de\/wp-json\/wp\/v2\/media?parent=30338235"}],"wp:term":[{"taxonomy":"property_type","embeddable":true,"href":"https:\/\/gestpropiedad.com\/de\/wp-json\/wp\/v2\/property_type?post=30338235"},{"taxonomy":"property_status","embeddable":true,"href":"https:\/\/gestpropiedad.com\/de\/wp-json\/wp\/v2\/property_status?post=30338235"},{"taxonomy":"property_feature","embeddable":true,"href":"https:\/\/gestpropiedad.com\/de\/wp-json\/wp\/v2\/property_feature?post=30338235"},{"taxonomy":"property_label","embeddable":true,"href":"https:\/\/gestpropiedad.com\/de\/wp-json\/wp\/v2\/property_label?post=30338235"},{"taxonomy":"property_state","embeddable":true,"href":"https:\/\/gestpropiedad.com\/de\/wp-json\/wp\/v2\/property_state?post=30338235"},{"taxonomy":"property_city","embeddable":true,"href":"https:\/\/gestpropiedad.com\/de\/wp-json\/wp\/v2\/property_city?post=30338235"},{"taxonomy":"property_area","embeddable":true,"href":"https:\/\/gestpropiedad.com\/de\/wp-json\/wp\/v2\/property_area?post=30338235"}],"curies":[{"name":"wp","href":"https:\/\/api.w.org\/{rel}","templated":true}]}}