{"id":30335295,"date":"2026-09-05T05:03:21","date_gmt":"2026-09-05T05:03:21","guid":{"rendered":"https:\/\/www.gestpropiedad.com\/inmueble\/alquiler\/atico\/illes-balears\/palma\/02l1201\/"},"modified":"2026-08-17T20:29:40","modified_gmt":"2026-08-17T20:29:40","slug":"wunderschones-penthouse-in-santa-catalina-02l1201","status":"publish","type":"property","link":"https:\/\/gestpropiedad.com\/de\/inmueble\/alquiler\/atico\/illes-balears\/palma\/02l1201\/","title":{"rendered":"Wundersch\u00f6nes Penthouse in Santa Catalina"},"content":{"rendered":"<p>Entdecken Sie dieses wundersch\u00f6ne Penthouse in der begehrten Gegend von Santa Catalina, Palma.<\/p>\n<p>Mit einer Wohnfl\u00e4che von 140 m\u00b2 und einer mehr als 70 m\u00b2 gro\u00dfen, sonnigen Terrasse bietet diese vollst\u00e4ndig renovierte Immobilie den idealen Raum, um den mediterranen Lebensstil zu genie\u00dfen.<\/p>\n<p>Die Wohnung verf\u00fcgt \u00fcber drei Schlafzimmer, zwei Doppelzimmer (eines davon mit eigenem Bad) sowie ein gro\u00dfz\u00fcgiges Einzelzimmer. Zus\u00e4tzlich steht ein weiteres voll ausgestattetes Badezimmer zur Verf\u00fcgung.<\/p>\n<p>Das beeindruckende Wohnzimmer verf\u00fcgt \u00fcber ein offenes Raumkonzept und gro\u00dfe Fenster, die viel Tageslicht hereinlassen und einen direkten Zugang zur wundersch\u00f6nen Au\u00dfenterrasse bieten.<\/p>\n<p>Die K\u00fcche ist vollst\u00e4ndig ausgestattet und bietet alles, was Sie f\u00fcr Ihre individuellen kulinarischen Bed\u00fcrfnisse ben\u00f6tigen.<\/p>\n<p>Strom und Wasser gehen zu Lasten des Mieters, und es ist eine Monatsmiete als Kaution zu hinterlegen.<\/p>\n<p>Verpassen Sie nicht diese Gelegenheit und kontaktieren Sie uns f\u00fcr weitere Informationen.<\/p>\n<p>Immobilienagentur, eingetragen im Offiziellen Register der Immobilienmakler der Balearen (ROAIIB) unter der Registrierungsnummer GOIBE740280\/2024.<\/p>\n","protected":false},"excerpt":{"rendered":"<p>Entdecken Sie dieses wundersch\u00f6ne Penthouse in der begehrten Gegend von Santa Catalina, Palma.~~Mit einer Wohnfl\u00e4che von 140 m\u00b2 und einer mehr als 70 m\u00b2 gro\u00dfen, sonnigen Terrasse bietet diese vollst\u00e4ndig renovierte Immobilie den idealen Raum, um den mediterranen Lebensstil zu genie\u00dfen.~~Die Wohnung verf\u00fcgt \u00fcber drei Schlafzimmer, <\/p>\n","protected":false},"author":4,"featured_media":30335296,"parent":0,"menu_order":0,"template":"","property_type":[1937],"property_status":[1922],"property_feature":[1913],"property_label":[],"property_state":[901],"property_city":[902],"property_area":[1886],"acf":[],"property_meta":{"fave_agent":["45051"],"fave_agents":["45051"],"fave_agent_display_option":["agent_info"],"fave_agency":["22941548"],"property_agent":["45051"],"custom_permalink":["inmueble\/alquiler\/atico\/illes-balears\/palma\/02l1201\/"],"goapis_id_inmueble":["6629930999"],"goapis_images_hash":["9a799334caf316aa8d76c0a5b95ba207"],"_thumbnail_id":["30335296"],"post_id":["Array"],"original_author":["4"],"_edit_lock":["1604137107:1"],"_edit_last":["1"],"fave_property_map_street_view":["show"],"fave_payment_status":["not_paid"],"fave_single_top_area":["global"],"fave_single_content_area":["global"],"houzez_manual_expire":["0"],"fave_property_size_prefix":["m&sup2;"],"fave_property_map":["1"],"fave_additional_features_enable":["disable"],"fave_floor_plans_enable":["disable"],"fave_multiunit_plans_enable":["disable"],"fave_prop_homeslider":["no"],"fave_featured":["0"],"fave_property_address":["Palma,Illes Balears"],"fave_property_zip":["07013"],"houzez_geolocation_lat":["39.572090986"],"houzez_geolocation_long":["2.633501087"],"fave_property_location":["39.572090986,2.633501087"],"fave_property_country":["ES"],"fave_property_map_address":["Palma,Illes Balears,Spain"],"referencia":["02l1201"],"fave_property_id":["02l1201"],"fave_property_bedrooms":["3"],"fave_property_bathrooms":["2"],"fave_property_garage":["0"],"fave_property_land":["0"],"ave_property_land_postfix":["m&sup2;"],"fave_property_size":["211"],"fave_property_year":["1963"],"fave_energy_global_index":["0 kWh\/m&sup2; \/0 Kg CO2\/m&sup2;"],"fave_energy_class":["N"],"estate_attr_energy_class":["N"],"REAL_HOMES_property_emisiones":["0"],"REAL_HOMES_property_consumo":["0"],"REAL_HOMES_property_letra":["N"],"estate_video":[""],"fave_virtual_tour":[""],"vendidoInmueble":[""],"fave_property_price":["2950"],"fave_property_price_postfix":["mes"],"fave_property_images":["30335296","30335297","30335298","30335299","30335300","30335301","30335302","30335303","30335304","30335305","30335306","30335307","30335308","30335309","30335310","30335311","30335312","30335313","30335314","30335315","30335316","30335317","30335318","30335319","30335320","30335321","30335322","30335323"],"houzez_total_property_views":["47"],"houzez_views_by_date":["a:19:{s:10:\"08-18-2026\";i:3;s:10:\"08-19-2026\";i:4;s:10:\"08-20-2026\";i:1;s:10:\"08-21-2026\";i:3;s:10:\"08-22-2026\";i:3;s:10:\"08-23-2026\";i:1;s:10:\"08-24-2026\";i:2;s:10:\"08-25-2026\";i:2;s:10:\"08-26-2026\";i:1;s:10:\"08-27-2026\";i:3;s:10:\"08-28-2026\";i:3;s:10:\"08-29-2026\";i:2;s:10:\"08-30-2026\";i:4;s:10:\"08-31-2026\";i:3;s:10:\"09-01-2026\";i:3;s:10:\"09-02-2026\";i:3;s:10:\"09-03-2026\";i:1;s:10:\"09-04-2026\";i:3;s:10:\"09-05-2026\";i:2;}"],"houzez_recently_viewed":["2026-09-05 11:16:30"]},"yoast_head":"<!-- This site is optimized with the Yoast SEO plugin v18.6 - https:\/\/yoast.com\/wordpress\/plugins\/seo\/ -->\n<title>Wundersch\u00f6nes Penthouse in Santa Catalina - Gestpropiedad<\/title>\n<meta name=\"robots\" content=\"index, follow, max-snippet:-1, max-image-preview:large, max-video-preview:-1\" \/>\n<link rel=\"canonical\" href=\"https:\/\/gestpropiedad.com\/de\/inmueble\/alquiler\/atico\/illes-balears\/palma\/02l1201\/\" \/>\n<meta property=\"og:locale\" content=\"de_DE\" \/>\n<meta property=\"og:type\" content=\"article\" \/>\n<meta property=\"og:title\" content=\"Wundersch\u00f6nes Penthouse in Santa Catalina - Gestpropiedad\" \/>\n<meta property=\"og:description\" content=\"Entdecken Sie dieses wundersch\u00f6ne Penthouse in der begehrten Gegend von Santa Catalina, Palma.~~Mit einer Wohnfl\u00e4che von 140 m\u00b2 und einer mehr als 70 m\u00b2 gro\u00dfen, sonnigen Terrasse bietet diese vollst\u00e4ndig renovierte Immobilie den idealen Raum, um den mediterranen Lebensstil zu genie\u00dfen.~~Die Wohnung verf\u00fcgt \u00fcber drei Schlafzimmer,\" \/>\n<meta property=\"og:url\" content=\"https:\/\/gestpropiedad.com\/de\/inmueble\/alquiler\/atico\/illes-balears\/palma\/02l1201\/\" \/>\n<meta property=\"og:site_name\" content=\"Gestpropiedad\" \/>\n<meta property=\"article:modified_time\" content=\"2026-08-17T20:29:40+00:00\" \/>\n<meta property=\"og:image\" content=\"https:\/\/fotos15.apinmo.com\/10578\/29930999\/3-1.jpg\" \/>\n\t<meta property=\"og:image:width\" content=\"850\" \/>\n\t<meta property=\"og:image:height\" content=\"426\" \/>\n\t<meta property=\"og:image:type\" content=\"image\/jpeg\" \/>\n<meta name=\"twitter:card\" content=\"summary_large_image\" \/>\n<meta name=\"twitter:label1\" content=\"Gesch\u00e4tzte Lesezeit\" \/>\n\t<meta name=\"twitter:data1\" content=\"1\u00a0Minute\" \/>\n<script type=\"application\/ld+json\" class=\"yoast-schema-graph\">{\"@context\":\"https:\/\/schema.org\",\"@graph\":[{\"@type\":\"Organization\",\"@id\":\"https:\/\/gestpropiedad.com\/#organization\",\"name\":\"Gestpropiedad\",\"url\":\"https:\/\/gestpropiedad.com\/\",\"sameAs\":[],\"logo\":{\"@type\":\"ImageObject\",\"@id\":\"https:\/\/gestpropiedad.com\/#logo\",\"inLanguage\":\"de\",\"url\":\"https:\/\/gestpropiedad.com\/wp-content\/uploads\/2021\/11\/logogp-b.svg\",\"contentUrl\":\"https:\/\/gestpropiedad.com\/wp-content\/uploads\/2021\/11\/logogp-b.svg\",\"width\":115,\"height\":60,\"caption\":\"Gestpropiedad\"},\"image\":{\"@id\":\"https:\/\/gestpropiedad.com\/#logo\"}},{\"@type\":\"WebSite\",\"@id\":\"https:\/\/gestpropiedad.com\/#website\",\"url\":\"https:\/\/gestpropiedad.com\/\",\"name\":\"Gestpropiedad\",\"description\":\"Inmobiliaria especializada en Mallorca. Islas Baleares\",\"publisher\":{\"@id\":\"https:\/\/gestpropiedad.com\/#organization\"},\"potentialAction\":[{\"@type\":\"SearchAction\",\"target\":{\"@type\":\"EntryPoint\",\"urlTemplate\":\"https:\/\/gestpropiedad.com\/?s={search_term_string}\"},\"query-input\":\"required name=search_term_string\"}],\"inLanguage\":\"de\"},{\"@type\":\"ImageObject\",\"@id\":\"https:\/\/gestpropiedad.com\/de\/inmueble\/alquiler\/atico\/illes-balears\/palma\/02l1201\/#primaryimage\",\"inLanguage\":\"de\",\"url\":\"https:\/\/fotos15.apinmo.com\/10578\/29930999\/3-1.jpg\",\"contentUrl\":\"https:\/\/fotos15.apinmo.com\/10578\/29930999\/3-1.jpg\",\"width\":850,\"height\":426,\"caption\":\"Magn\u00edfico \u00e1tico en santa catalina - imagenInmueble0\"},{\"@type\":[\"WebPage\",\"RealEstateListing\"],\"@id\":\"https:\/\/gestpropiedad.com\/de\/inmueble\/alquiler\/atico\/illes-balears\/palma\/02l1201\/#webpage\",\"url\":\"https:\/\/gestpropiedad.com\/de\/inmueble\/alquiler\/atico\/illes-balears\/palma\/02l1201\/\",\"name\":\"Wundersch\u00f6nes Penthouse in Santa Catalina - Gestpropiedad\",\"isPartOf\":{\"@id\":\"https:\/\/gestpropiedad.com\/#website\"},\"primaryImageOfPage\":{\"@id\":\"https:\/\/gestpropiedad.com\/de\/inmueble\/alquiler\/atico\/illes-balears\/palma\/02l1201\/#primaryimage\"},\"datePublished\":\"2026-09-05T05:03:21+00:00\",\"dateModified\":\"2026-08-17T20:29:40+00:00\",\"breadcrumb\":{\"@id\":\"https:\/\/gestpropiedad.com\/de\/inmueble\/alquiler\/atico\/illes-balears\/palma\/02l1201\/#breadcrumb\"},\"inLanguage\":\"de\",\"potentialAction\":[{\"@type\":\"ReadAction\",\"target\":[\"https:\/\/gestpropiedad.com\/de\/inmueble\/alquiler\/atico\/illes-balears\/palma\/02l1201\/\"]}]},{\"@type\":\"BreadcrumbList\",\"@id\":\"https:\/\/gestpropiedad.com\/de\/inmueble\/alquiler\/atico\/illes-balears\/palma\/02l1201\/#breadcrumb\",\"itemListElement\":[{\"@type\":\"ListItem\",\"position\":1,\"name\":\"Portada\",\"item\":\"https:\/\/gestpropiedad.com\/\"},{\"@type\":\"ListItem\",\"position\":2,\"name\":\"Eigenschaften\",\"item\":\"https:\/\/gestpropiedad.com\/de\/inmueble\/\"},{\"@type\":\"ListItem\",\"position\":3,\"name\":\"Wundersch\u00f6nes Penthouse in Santa Catalina\"}]}]}<\/script>\n<!-- \/ Yoast SEO plugin. -->","yoast_head_json":{"title":"Wundersch\u00f6nes Penthouse in Santa Catalina - Gestpropiedad","robots":{"index":"index","follow":"follow","max-snippet":"max-snippet:-1","max-image-preview":"max-image-preview:large","max-video-preview":"max-video-preview:-1"},"canonical":"https:\/\/gestpropiedad.com\/de\/inmueble\/alquiler\/atico\/illes-balears\/palma\/02l1201\/","og_locale":"de_DE","og_type":"article","og_title":"Wundersch\u00f6nes Penthouse in Santa Catalina - Gestpropiedad","og_description":"Entdecken Sie dieses wundersch\u00f6ne Penthouse in der begehrten Gegend von Santa Catalina, Palma.~~Mit einer Wohnfl\u00e4che von 140 m\u00b2 und einer mehr als 70 m\u00b2 gro\u00dfen, sonnigen Terrasse bietet diese vollst\u00e4ndig renovierte Immobilie den idealen Raum, um den mediterranen Lebensstil zu genie\u00dfen.~~Die Wohnung verf\u00fcgt \u00fcber drei Schlafzimmer,","og_url":"https:\/\/gestpropiedad.com\/de\/inmueble\/alquiler\/atico\/illes-balears\/palma\/02l1201\/","og_site_name":"Gestpropiedad","article_modified_time":"2026-08-17T20:29:40+00:00","og_image":[{"width":850,"height":426,"url":"https:\/\/fotos15.apinmo.com\/10578\/29930999\/3-1.jpg","type":"image\/jpeg"}],"twitter_card":"summary_large_image","twitter_misc":{"Gesch\u00e4tzte Lesezeit":"1\u00a0Minute"},"schema":{"@context":"https:\/\/schema.org","@graph":[{"@type":"Organization","@id":"https:\/\/gestpropiedad.com\/#organization","name":"Gestpropiedad","url":"https:\/\/gestpropiedad.com\/","sameAs":[],"logo":{"@type":"ImageObject","@id":"https:\/\/gestpropiedad.com\/#logo","inLanguage":"de","url":"https:\/\/gestpropiedad.com\/wp-content\/uploads\/2021\/11\/logogp-b.svg","contentUrl":"https:\/\/gestpropiedad.com\/wp-content\/uploads\/2021\/11\/logogp-b.svg","width":115,"height":60,"caption":"Gestpropiedad"},"image":{"@id":"https:\/\/gestpropiedad.com\/#logo"}},{"@type":"WebSite","@id":"https:\/\/gestpropiedad.com\/#website","url":"https:\/\/gestpropiedad.com\/","name":"Gestpropiedad","description":"Inmobiliaria especializada en Mallorca. Islas Baleares","publisher":{"@id":"https:\/\/gestpropiedad.com\/#organization"},"potentialAction":[{"@type":"SearchAction","target":{"@type":"EntryPoint","urlTemplate":"https:\/\/gestpropiedad.com\/?s={search_term_string}"},"query-input":"required name=search_term_string"}],"inLanguage":"de"},{"@type":"ImageObject","@id":"https:\/\/gestpropiedad.com\/de\/inmueble\/alquiler\/atico\/illes-balears\/palma\/02l1201\/#primaryimage","inLanguage":"de","url":"https:\/\/fotos15.apinmo.com\/10578\/29930999\/3-1.jpg","contentUrl":"https:\/\/fotos15.apinmo.com\/10578\/29930999\/3-1.jpg","width":850,"height":426,"caption":"Magn\u00edfico \u00e1tico en santa catalina - imagenInmueble0"},{"@type":["WebPage","RealEstateListing"],"@id":"https:\/\/gestpropiedad.com\/de\/inmueble\/alquiler\/atico\/illes-balears\/palma\/02l1201\/#webpage","url":"https:\/\/gestpropiedad.com\/de\/inmueble\/alquiler\/atico\/illes-balears\/palma\/02l1201\/","name":"Wundersch\u00f6nes Penthouse in Santa Catalina - Gestpropiedad","isPartOf":{"@id":"https:\/\/gestpropiedad.com\/#website"},"primaryImageOfPage":{"@id":"https:\/\/gestpropiedad.com\/de\/inmueble\/alquiler\/atico\/illes-balears\/palma\/02l1201\/#primaryimage"},"datePublished":"2026-09-05T05:03:21+00:00","dateModified":"2026-08-17T20:29:40+00:00","breadcrumb":{"@id":"https:\/\/gestpropiedad.com\/de\/inmueble\/alquiler\/atico\/illes-balears\/palma\/02l1201\/#breadcrumb"},"inLanguage":"de","potentialAction":[{"@type":"ReadAction","target":["https:\/\/gestpropiedad.com\/de\/inmueble\/alquiler\/atico\/illes-balears\/palma\/02l1201\/"]}]},{"@type":"BreadcrumbList","@id":"https:\/\/gestpropiedad.com\/de\/inmueble\/alquiler\/atico\/illes-balears\/palma\/02l1201\/#breadcrumb","itemListElement":[{"@type":"ListItem","position":1,"name":"Portada","item":"https:\/\/gestpropiedad.com\/"},{"@type":"ListItem","position":2,"name":"Eigenschaften","item":"https:\/\/gestpropiedad.com\/de\/inmueble\/"},{"@type":"ListItem","position":3,"name":"Wundersch\u00f6nes Penthouse in Santa Catalina"}]}]}},"_links":{"self":[{"href":"https:\/\/gestpropiedad.com\/de\/wp-json\/wp\/v2\/properties\/30335295"}],"collection":[{"href":"https:\/\/gestpropiedad.com\/de\/wp-json\/wp\/v2\/properties"}],"about":[{"href":"https:\/\/gestpropiedad.com\/de\/wp-json\/wp\/v2\/types\/property"}],"author":[{"embeddable":true,"href":"https:\/\/gestpropiedad.com\/de\/wp-json\/wp\/v2\/users\/4"}],"version-history":[{"count":0,"href":"https:\/\/gestpropiedad.com\/de\/wp-json\/wp\/v2\/properties\/30335295\/revisions"}],"wp:featuredmedia":[{"embeddable":true,"href":"https:\/\/gestpropiedad.com\/de\/wp-json\/wp\/v2\/media\/30335296"}],"wp:attachment":[{"href":"https:\/\/gestpropiedad.com\/de\/wp-json\/wp\/v2\/media?parent=30335295"}],"wp:term":[{"taxonomy":"property_type","embeddable":true,"href":"https:\/\/gestpropiedad.com\/de\/wp-json\/wp\/v2\/property_type?post=30335295"},{"taxonomy":"property_status","embeddable":true,"href":"https:\/\/gestpropiedad.com\/de\/wp-json\/wp\/v2\/property_status?post=30335295"},{"taxonomy":"property_feature","embeddable":true,"href":"https:\/\/gestpropiedad.com\/de\/wp-json\/wp\/v2\/property_feature?post=30335295"},{"taxonomy":"property_label","embeddable":true,"href":"https:\/\/gestpropiedad.com\/de\/wp-json\/wp\/v2\/property_label?post=30335295"},{"taxonomy":"property_state","embeddable":true,"href":"https:\/\/gestpropiedad.com\/de\/wp-json\/wp\/v2\/property_state?post=30335295"},{"taxonomy":"property_city","embeddable":true,"href":"https:\/\/gestpropiedad.com\/de\/wp-json\/wp\/v2\/property_city?post=30335295"},{"taxonomy":"property_area","embeddable":true,"href":"https:\/\/gestpropiedad.com\/de\/wp-json\/wp\/v2\/property_area?post=30335295"}],"curies":[{"name":"wp","href":"https:\/\/api.w.org\/{rel}","templated":true}]}}