{"id":30334944,"date":"2026-09-01T05:03:16","date_gmt":"2026-09-01T05:03:16","guid":{"rendered":"https:\/\/www.gestpropiedad.com\/inmueble\/venta\/villas\/illes-balears\/felanitx\/17kv050\/"},"modified":"2026-08-31T10:45:41","modified_gmt":"2026-08-31T10:45:41","slug":"luxuriose-neubaufinca-mit-panoramablick-auf-das-meer-bei-portocolom-17kv050","status":"publish","type":"property","link":"https:\/\/gestpropiedad.com\/de\/inmueble\/venta\/villas\/illes-balears\/felanitx\/17kv050\/","title":{"rendered":"Luxuri\u00f6se Neubaufinca mit Panoramablick auf das Meer bei Portocolom"},"content":{"rendered":"<p>Exklusive Neubaufinca mit Panoramablick bis zum Meer bei Portocolom<\/p>\n<p>Diese au\u00dfergew\u00f6hnliche, neu errichtete Finca befindet sich in privilegierter Lage im S\u00fcdosten Mallorcas, nahe dem charmanten K\u00fcstenort Portocolom und dem renommierten Golfplatz Vall d\u2019Or. Auf einer Anh\u00f6he gelegen, er\u00f6ffnet das Anwesen einen beeindruckenden Panoramablick \u00fcber die mediterrane Landschaft bis hin zum Meer.<\/p>\n<p>Das rund 15.883 m\u00b2 gro\u00dfe Grundst\u00fcck f\u00fcgt sich harmonisch in seine nat\u00fcrliche Umgebung ein. Mandel-, Oliven- und Johannisbrotb\u00e4ume sowie zahlreiche Blumen, mediterrane Pflanzen, Rasenfl\u00e4chen und Palmen verleihen dem Anwesen einen authentischen mallorquinischen Charakter und schaffen ein hohes Ma\u00df an Privatsph\u00e4re.<\/p>\n<p>Die Finca bietet eine reine Wohnfl\u00e4che von ca. 306 m\u00b2 sowie rund 243 m\u00b2 geflieste Au\u00dfenterrassen. Das Herzst\u00fcck des Hauses bildet der gro\u00dfz\u00fcgige Wohn- und Essbereich mit offenem Kamin, einer hellen Galerie von ca. 25 m\u00b2 und einer hochwertigen Designk\u00fcche. Diese ist mit erstklassigen Markenger\u00e4ten, einem Weink\u00fchlschrank und einem Miele-Dunstabzug ausgestattet.<\/p>\n<p>Insgesamt stehen f\u00fcnf Schlafzimmer und mehrere hochwertig ausgestattete Badezimmer zur Verf\u00fcgung. Die gro\u00dfz\u00fcgige Mastersuite begeistert mit freistehender Badewanne, offen gestaltetem Badezimmer, Einbauschr\u00e4nken und traumhaftem Meerblick. Ein weiteres Schlafzimmer verf\u00fcgt \u00fcber einen begehbaren Kleiderschrank, ein Bad en suite und ebenfalls einen herrlichen Blick auf das Meer. Die \u00fcbrigen Schlafzimmer bieten Einbauschr\u00e4nke, eigene oder angrenzende Badezimmer sowie direkten Zugang zu den Terrassen und dem Poolbereich.<\/p>\n<p>Ein zus\u00e4tzlicher Wohnbereich mit vorbereiteten Anschl\u00fcssen f\u00fcr eine K\u00fcche schafft flexible Nutzungsm\u00f6glichkeiten und eignet sich ideal als separater G\u00e4stebereich oder private Wohneinheit. Nahezu alle R\u00e4ume \u00f6ffnen sich zum Au\u00dfenbereich und genie\u00dfen einen wundersch\u00f6nen Blick auf die mediterrane Landschaft, den Pool oder das Meer.<\/p>\n<p>Der Au\u00dfenbereich wurde als private Ruheoase konzipiert. Ein ca. 62 m\u00b2 gro\u00dfer Salzwasserpool, gro\u00dfz\u00fcgige geflieste Terrassenfl\u00e4chen und der mediterran angelegte Garten bieten den perfekten Rahmen, um das milde Klima und den entspannten Lebensstil Mallorcas zu genie\u00dfen.<\/p>\n<p>Auch technisch erf\u00fcllt die Immobilie h\u00f6chste Anspr\u00fcche. Sie verf\u00fcgt \u00fcber ein Smart-Home-System mit komfortabler App-Steuerung, ein video\u00fcberwachtes Alarmsystem von Securitas Direct, Fu\u00dfbodenheizung, Klimatisierung im gesamten Haus sowie eine energieeffiziente W\u00e4rmepumpe. Doppelt verglaste Aluminiumfenster, eine hochwertige Innenausstattung und die elegante Natursteinfassade unterstreichen den exklusiven Charakter des Anwesens. Eine Solaranlage mit einer Leistung von 15 kW, die auf bis zu 21 kW erweitert werden kann, tr\u00e4gt zus\u00e4tzlich zur Energieeffizienz bei.<\/p>\n<p>Die Wasserversorgung erfolgt \u00fcber einen bestehenden Wasseranschluss und eine zus\u00e4tzliche Zisterne mit einem Fassungsverm\u00f6gen von ca. 50 m\u00b3. Der Anschluss an das kommunale Stromnetz wurde bereits beantragt. Eine Doppelgarage mit Vorbereitung f\u00fcr eine Ladestation f\u00fcr Elektrofahrzeuge, ein Hauswirtschaftsraum und ein separater Technikraum vervollst\u00e4ndigen das Angebot.<\/p>\n<p>Finca befindet sich in der Gemeinde S\u2019Horta, nur wenige Minuten vom bekannten Golfplatz Vall d\u2019Or entfernt. Der S\u00fcdosten Mallorcas ist f\u00fcr seine wei\u00dfen Sandstr\u00e4nde, spektakul\u00e4ren Buchten mit kristallklarem Wasser und romantischen K\u00fcstenorte bekannt. Der traditionelle Fischerort Portocolom mit seinen Restaurants, Einkaufsm\u00f6glichkeiten, Yachth\u00e4fen und einem der gr\u00f6\u00dften Naturh\u00e4fen Mallorcas ist bequem mit dem Auto erreichbar. Auch Cala d\u2019Or und Santany\u00ed sowie malerische Badebuchten wie Cala Mar\u00e7al, Cala Brafi, Cala Murada liegen nur wenige Kilometer entfernt.<\/p>\n<p>Diese exklusive Finca verbindet authentische mallorquinische Architektur mit zeitgen\u00f6ssischem Wohnkomfort, moderner Haustechnik und einer au\u00dfergew\u00f6hnlichen Lage mit spektakul\u00e4rem Meerblick.<\/p>\n","protected":false},"excerpt":{"rendered":"<p>Exklusive Neubaufinca mit Panoramablick bis zum Meer bei Portocolom~~Diese au\u00dfergew\u00f6hnliche, neu errichtete Finca befindet sich in privilegierter Lage im S\u00fcdosten Mallorcas, nahe dem charmanten K\u00fcstenort Portocolom und dem renommierten Golfplatz Vall d\u2019Or. Auf einer Anh\u00f6he gelegen, er\u00f6ffnet das Anwesen einen beeindruckenden <\/p>\n","protected":false},"author":4,"featured_media":30334945,"parent":0,"menu_order":0,"template":"","property_type":[1315],"property_status":[438],"property_feature":[1198,1905,1916,1204,1240,1904,1902,1913,1901,1201,1918],"property_label":[1258],"property_state":[901],"property_city":[990],"property_area":[1157],"acf":[],"property_meta":{"fave_agent":["45051"],"fave_agents":["45051"],"fave_agent_display_option":["agent_info"],"fave_agency":["3010"],"property_agent":["45051"],"custom_permalink":["inmueble\/venta\/villas\/illes-balears\/felanitx\/17kv050\/"],"goapis_id_inmueble":["6629886541"],"goapis_images_hash":["9760f64f8a29675ec6ce0df8c0557f1c"],"_thumbnail_id":["30334945"],"post_id":["Array"],"original_author":["4"],"_edit_lock":["1604137107:1"],"_edit_last":["1"],"fave_property_map_street_view":["show"],"fave_payment_status":["not_paid"],"fave_single_top_area":["global"],"fave_single_content_area":["global"],"houzez_manual_expire":["0"],"fave_property_size_prefix":["m&sup2;"],"fave_property_map":["1"],"fave_additional_features_enable":["disable"],"fave_floor_plans_enable":["disable"],"fave_multiunit_plans_enable":["disable"],"fave_prop_homeslider":["no"],"fave_featured":["3"],"fave_property_address":["Felanitx,Illes Balears"],"fave_property_zip":["07670"],"houzez_geolocation_lat":["39.413652049541"],"houzez_geolocation_long":["3.2597698051898"],"fave_property_location":["39.413652049541,3.2597698051898"],"fave_property_country":["ES"],"fave_property_map_address":["Felanitx,Illes Balears,Spain"],"referencia":["17kv050"],"fave_property_id":["17kv050"],"fave_property_bedrooms":["5"],"fave_property_bathrooms":["4"],"fave_property_garage":["1"],"fave_property_land":["15883"],"ave_property_land_postfix":["m&sup2;"],"fave_property_size":["306"],"fave_property_year":["2026"],"fave_energy_global_index":["0 kWh\/m&sup2; \/0 Kg CO2\/m&sup2;"],"fave_energy_class":["N"],"estate_attr_energy_class":["N"],"REAL_HOMES_property_emisiones":["0"],"REAL_HOMES_property_consumo":["0"],"REAL_HOMES_property_letra":["N"],"estate_video":[""],"fave_virtual_tour":[""],"vendidoInmueble":[""],"fave_property_price":["3500000"],"fave_property_price_postfix":[""],"fave_property_images":["30334945","30334946","30334947","30334948","30334949","30334950","30334951","30334952","30334953","30334954","30334955","30334956","30334957","30334958","30334959","30334960","30334961","30334962","30334963"],"houzez_total_property_views":["24"],"houzez_views_by_date":["a:13:{s:10:\"08-18-2026\";i:2;s:10:\"08-19-2026\";i:2;s:10:\"08-20-2026\";i:2;s:10:\"08-22-2026\";i:2;s:10:\"08-23-2026\";i:1;s:10:\"08-24-2026\";i:3;s:10:\"08-25-2026\";i:2;s:10:\"08-27-2026\";i:2;s:10:\"08-28-2026\";i:3;s:10:\"08-29-2026\";i:2;s:10:\"08-30-2026\";i:1;s:10:\"08-31-2026\";i:1;s:10:\"09-01-2026\";i:1;}"],"houzez_recently_viewed":["2026-09-01 08:51:50"]},"yoast_head":"<!-- This site is optimized with the Yoast SEO plugin v18.6 - https:\/\/yoast.com\/wordpress\/plugins\/seo\/ -->\n<title>Luxuri\u00f6se Neubaufinca mit Panoramablick auf das Meer bei Portocolom - Gestpropiedad<\/title>\n<meta name=\"robots\" content=\"index, follow, max-snippet:-1, max-image-preview:large, max-video-preview:-1\" \/>\n<link rel=\"canonical\" href=\"https:\/\/gestpropiedad.com\/de\/inmueble\/venta\/villas\/illes-balears\/felanitx\/17kv050\/\" \/>\n<meta property=\"og:locale\" content=\"de_DE\" \/>\n<meta property=\"og:type\" content=\"article\" \/>\n<meta property=\"og:title\" content=\"Luxuri\u00f6se Neubaufinca mit Panoramablick auf das Meer bei Portocolom - Gestpropiedad\" \/>\n<meta property=\"og:description\" content=\"Exklusive Neubaufinca mit Panoramablick bis zum Meer bei Portocolom~~Diese au\u00dfergew\u00f6hnliche, neu errichtete Finca befindet sich in privilegierter Lage im S\u00fcdosten Mallorcas, nahe dem charmanten K\u00fcstenort Portocolom und dem renommierten Golfplatz Vall d\u2019Or. Auf einer Anh\u00f6he gelegen, er\u00f6ffnet das Anwesen einen beeindruckenden\" \/>\n<meta property=\"og:url\" content=\"https:\/\/gestpropiedad.com\/de\/inmueble\/venta\/villas\/illes-balears\/felanitx\/17kv050\/\" \/>\n<meta property=\"og:site_name\" content=\"Gestpropiedad\" \/>\n<meta property=\"article:modified_time\" content=\"2026-08-31T10:45:41+00:00\" \/>\n<meta property=\"og:image\" content=\"https:\/\/fotos15.apinmo.com\/3010\/29886541\/5-1.jpg\" \/>\n\t<meta property=\"og:image:width\" content=\"850\" \/>\n\t<meta property=\"og:image:height\" content=\"426\" \/>\n\t<meta property=\"og:image:type\" content=\"image\/jpeg\" \/>\n<meta name=\"twitter:card\" content=\"summary_large_image\" \/>\n<meta name=\"twitter:label1\" content=\"Gesch\u00e4tzte Lesezeit\" \/>\n\t<meta name=\"twitter:data1\" content=\"3\u00a0Minuten\" \/>\n<script type=\"application\/ld+json\" class=\"yoast-schema-graph\">{\"@context\":\"https:\/\/schema.org\",\"@graph\":[{\"@type\":\"Organization\",\"@id\":\"https:\/\/gestpropiedad.com\/#organization\",\"name\":\"Gestpropiedad\",\"url\":\"https:\/\/gestpropiedad.com\/\",\"sameAs\":[],\"logo\":{\"@type\":\"ImageObject\",\"@id\":\"https:\/\/gestpropiedad.com\/#logo\",\"inLanguage\":\"de\",\"url\":\"https:\/\/gestpropiedad.com\/wp-content\/uploads\/2021\/11\/logogp-b.svg\",\"contentUrl\":\"https:\/\/gestpropiedad.com\/wp-content\/uploads\/2021\/11\/logogp-b.svg\",\"width\":115,\"height\":60,\"caption\":\"Gestpropiedad\"},\"image\":{\"@id\":\"https:\/\/gestpropiedad.com\/#logo\"}},{\"@type\":\"WebSite\",\"@id\":\"https:\/\/gestpropiedad.com\/#website\",\"url\":\"https:\/\/gestpropiedad.com\/\",\"name\":\"Gestpropiedad\",\"description\":\"Inmobiliaria especializada en Mallorca. Islas Baleares\",\"publisher\":{\"@id\":\"https:\/\/gestpropiedad.com\/#organization\"},\"potentialAction\":[{\"@type\":\"SearchAction\",\"target\":{\"@type\":\"EntryPoint\",\"urlTemplate\":\"https:\/\/gestpropiedad.com\/?s={search_term_string}\"},\"query-input\":\"required name=search_term_string\"}],\"inLanguage\":\"de\"},{\"@type\":\"ImageObject\",\"@id\":\"https:\/\/gestpropiedad.com\/de\/inmueble\/venta\/villas\/illes-balears\/felanitx\/17kv050\/#primaryimage\",\"inLanguage\":\"de\",\"url\":\"https:\/\/fotos15.apinmo.com\/3010\/29886541\/5-1.jpg\",\"contentUrl\":\"https:\/\/fotos15.apinmo.com\/3010\/29886541\/5-1.jpg\",\"width\":850,\"height\":426,\"caption\":\"Lujosa finca de nueva construcci\u00f3n con vistas panor\u00e1micas al mar cerca de portocolom - imagenInmueble0\"},{\"@type\":[\"WebPage\",\"RealEstateListing\"],\"@id\":\"https:\/\/gestpropiedad.com\/de\/inmueble\/venta\/villas\/illes-balears\/felanitx\/17kv050\/#webpage\",\"url\":\"https:\/\/gestpropiedad.com\/de\/inmueble\/venta\/villas\/illes-balears\/felanitx\/17kv050\/\",\"name\":\"Luxuri\u00f6se Neubaufinca mit Panoramablick auf das Meer bei Portocolom - Gestpropiedad\",\"isPartOf\":{\"@id\":\"https:\/\/gestpropiedad.com\/#website\"},\"primaryImageOfPage\":{\"@id\":\"https:\/\/gestpropiedad.com\/de\/inmueble\/venta\/villas\/illes-balears\/felanitx\/17kv050\/#primaryimage\"},\"datePublished\":\"2026-09-01T05:03:16+00:00\",\"dateModified\":\"2026-08-31T10:45:41+00:00\",\"breadcrumb\":{\"@id\":\"https:\/\/gestpropiedad.com\/de\/inmueble\/venta\/villas\/illes-balears\/felanitx\/17kv050\/#breadcrumb\"},\"inLanguage\":\"de\",\"potentialAction\":[{\"@type\":\"ReadAction\",\"target\":[\"https:\/\/gestpropiedad.com\/de\/inmueble\/venta\/villas\/illes-balears\/felanitx\/17kv050\/\"]}]},{\"@type\":\"BreadcrumbList\",\"@id\":\"https:\/\/gestpropiedad.com\/de\/inmueble\/venta\/villas\/illes-balears\/felanitx\/17kv050\/#breadcrumb\",\"itemListElement\":[{\"@type\":\"ListItem\",\"position\":1,\"name\":\"Portada\",\"item\":\"https:\/\/gestpropiedad.com\/\"},{\"@type\":\"ListItem\",\"position\":2,\"name\":\"Eigenschaften\",\"item\":\"https:\/\/gestpropiedad.com\/de\/inmueble\/\"},{\"@type\":\"ListItem\",\"position\":3,\"name\":\"Luxuri\u00f6se Neubaufinca mit Panoramablick auf das Meer bei Portocolom\"}]}]}<\/script>\n<!-- \/ Yoast SEO plugin. -->","yoast_head_json":{"title":"Luxuri\u00f6se Neubaufinca mit Panoramablick auf das Meer bei Portocolom - Gestpropiedad","robots":{"index":"index","follow":"follow","max-snippet":"max-snippet:-1","max-image-preview":"max-image-preview:large","max-video-preview":"max-video-preview:-1"},"canonical":"https:\/\/gestpropiedad.com\/de\/inmueble\/venta\/villas\/illes-balears\/felanitx\/17kv050\/","og_locale":"de_DE","og_type":"article","og_title":"Luxuri\u00f6se Neubaufinca mit Panoramablick auf das Meer bei Portocolom - Gestpropiedad","og_description":"Exklusive Neubaufinca mit Panoramablick bis zum Meer bei Portocolom~~Diese au\u00dfergew\u00f6hnliche, neu errichtete Finca befindet sich in privilegierter Lage im S\u00fcdosten Mallorcas, nahe dem charmanten K\u00fcstenort Portocolom und dem renommierten Golfplatz Vall d\u2019Or. Auf einer Anh\u00f6he gelegen, er\u00f6ffnet das Anwesen einen beeindruckenden","og_url":"https:\/\/gestpropiedad.com\/de\/inmueble\/venta\/villas\/illes-balears\/felanitx\/17kv050\/","og_site_name":"Gestpropiedad","article_modified_time":"2026-08-31T10:45:41+00:00","og_image":[{"width":850,"height":426,"url":"https:\/\/fotos15.apinmo.com\/3010\/29886541\/5-1.jpg","type":"image\/jpeg"}],"twitter_card":"summary_large_image","twitter_misc":{"Gesch\u00e4tzte Lesezeit":"3\u00a0Minuten"},"schema":{"@context":"https:\/\/schema.org","@graph":[{"@type":"Organization","@id":"https:\/\/gestpropiedad.com\/#organization","name":"Gestpropiedad","url":"https:\/\/gestpropiedad.com\/","sameAs":[],"logo":{"@type":"ImageObject","@id":"https:\/\/gestpropiedad.com\/#logo","inLanguage":"de","url":"https:\/\/gestpropiedad.com\/wp-content\/uploads\/2021\/11\/logogp-b.svg","contentUrl":"https:\/\/gestpropiedad.com\/wp-content\/uploads\/2021\/11\/logogp-b.svg","width":115,"height":60,"caption":"Gestpropiedad"},"image":{"@id":"https:\/\/gestpropiedad.com\/#logo"}},{"@type":"WebSite","@id":"https:\/\/gestpropiedad.com\/#website","url":"https:\/\/gestpropiedad.com\/","name":"Gestpropiedad","description":"Inmobiliaria especializada en Mallorca. Islas Baleares","publisher":{"@id":"https:\/\/gestpropiedad.com\/#organization"},"potentialAction":[{"@type":"SearchAction","target":{"@type":"EntryPoint","urlTemplate":"https:\/\/gestpropiedad.com\/?s={search_term_string}"},"query-input":"required name=search_term_string"}],"inLanguage":"de"},{"@type":"ImageObject","@id":"https:\/\/gestpropiedad.com\/de\/inmueble\/venta\/villas\/illes-balears\/felanitx\/17kv050\/#primaryimage","inLanguage":"de","url":"https:\/\/fotos15.apinmo.com\/3010\/29886541\/5-1.jpg","contentUrl":"https:\/\/fotos15.apinmo.com\/3010\/29886541\/5-1.jpg","width":850,"height":426,"caption":"Lujosa finca de nueva construcci\u00f3n con vistas panor\u00e1micas al mar cerca de portocolom - imagenInmueble0"},{"@type":["WebPage","RealEstateListing"],"@id":"https:\/\/gestpropiedad.com\/de\/inmueble\/venta\/villas\/illes-balears\/felanitx\/17kv050\/#webpage","url":"https:\/\/gestpropiedad.com\/de\/inmueble\/venta\/villas\/illes-balears\/felanitx\/17kv050\/","name":"Luxuri\u00f6se Neubaufinca mit Panoramablick auf das Meer bei Portocolom - Gestpropiedad","isPartOf":{"@id":"https:\/\/gestpropiedad.com\/#website"},"primaryImageOfPage":{"@id":"https:\/\/gestpropiedad.com\/de\/inmueble\/venta\/villas\/illes-balears\/felanitx\/17kv050\/#primaryimage"},"datePublished":"2026-09-01T05:03:16+00:00","dateModified":"2026-08-31T10:45:41+00:00","breadcrumb":{"@id":"https:\/\/gestpropiedad.com\/de\/inmueble\/venta\/villas\/illes-balears\/felanitx\/17kv050\/#breadcrumb"},"inLanguage":"de","potentialAction":[{"@type":"ReadAction","target":["https:\/\/gestpropiedad.com\/de\/inmueble\/venta\/villas\/illes-balears\/felanitx\/17kv050\/"]}]},{"@type":"BreadcrumbList","@id":"https:\/\/gestpropiedad.com\/de\/inmueble\/venta\/villas\/illes-balears\/felanitx\/17kv050\/#breadcrumb","itemListElement":[{"@type":"ListItem","position":1,"name":"Portada","item":"https:\/\/gestpropiedad.com\/"},{"@type":"ListItem","position":2,"name":"Eigenschaften","item":"https:\/\/gestpropiedad.com\/de\/inmueble\/"},{"@type":"ListItem","position":3,"name":"Luxuri\u00f6se Neubaufinca mit Panoramablick auf das Meer bei Portocolom"}]}]}},"_links":{"self":[{"href":"https:\/\/gestpropiedad.com\/de\/wp-json\/wp\/v2\/properties\/30334944"}],"collection":[{"href":"https:\/\/gestpropiedad.com\/de\/wp-json\/wp\/v2\/properties"}],"about":[{"href":"https:\/\/gestpropiedad.com\/de\/wp-json\/wp\/v2\/types\/property"}],"author":[{"embeddable":true,"href":"https:\/\/gestpropiedad.com\/de\/wp-json\/wp\/v2\/users\/4"}],"version-history":[{"count":0,"href":"https:\/\/gestpropiedad.com\/de\/wp-json\/wp\/v2\/properties\/30334944\/revisions"}],"wp:featuredmedia":[{"embeddable":true,"href":"https:\/\/gestpropiedad.com\/de\/wp-json\/wp\/v2\/media\/30334945"}],"wp:attachment":[{"href":"https:\/\/gestpropiedad.com\/de\/wp-json\/wp\/v2\/media?parent=30334944"}],"wp:term":[{"taxonomy":"property_type","embeddable":true,"href":"https:\/\/gestpropiedad.com\/de\/wp-json\/wp\/v2\/property_type?post=30334944"},{"taxonomy":"property_status","embeddable":true,"href":"https:\/\/gestpropiedad.com\/de\/wp-json\/wp\/v2\/property_status?post=30334944"},{"taxonomy":"property_feature","embeddable":true,"href":"https:\/\/gestpropiedad.com\/de\/wp-json\/wp\/v2\/property_feature?post=30334944"},{"taxonomy":"property_label","embeddable":true,"href":"https:\/\/gestpropiedad.com\/de\/wp-json\/wp\/v2\/property_label?post=30334944"},{"taxonomy":"property_state","embeddable":true,"href":"https:\/\/gestpropiedad.com\/de\/wp-json\/wp\/v2\/property_state?post=30334944"},{"taxonomy":"property_city","embeddable":true,"href":"https:\/\/gestpropiedad.com\/de\/wp-json\/wp\/v2\/property_city?post=30334944"},{"taxonomy":"property_area","embeddable":true,"href":"https:\/\/gestpropiedad.com\/de\/wp-json\/wp\/v2\/property_area?post=30334944"}],"curies":[{"name":"wp","href":"https:\/\/api.w.org\/{rel}","templated":true}]}}