{"id":30334626,"date":"2026-09-01T05:03:28","date_gmt":"2026-09-01T05:03:28","guid":{"rendered":"https:\/\/www.gestpropiedad.com\/inmueble\/venta\/local-comercial\/illes-balears\/calvia\/16lgmn002\/"},"modified":"2026-08-10T11:48:36","modified_gmt":"2026-08-10T11:48:36","slug":"ubergabe-eines-legendaren-lokals-in-magalluf-mallorca-16lgmn002","status":"publish","type":"property","link":"https:\/\/gestpropiedad.com\/de\/inmueble\/venta\/local-comercial\/illes-balears\/calvia\/16lgmn002\/","title":{"rendered":"\u00fcbergabe eines legend\u00e4ren Lokals in Magalluf (mallorca)"},"content":{"rendered":"<p>Ein voll funktionsf\u00e4higes Restaurant in einer der belebtesten Touristengegenden von Magaluf (Calvi\u00e0, Mallorca) steht zur \u00dcbernahme bereit und bietet hervorragende Gewinn- und Wachstumsaussichten.<\/p>\n<p>Hauptmerkmale<br \/>&#8211; F\u00fcnf zusammenh\u00e4ngende Einheiten<br \/>&#8211; 338 m\u00b2 Innenfl\u00e4che<br \/>&#8211; 240 m\u00b2 Terrasse<br \/>&#8211; Zugelassene Kapazit\u00e4t f\u00fcr 260 Personen (120 im Innenbereich + 140 auf der Terrasse)<br \/>&#8211; Schanklizenz<br \/>&#8211; Tanzsaallizenz<br \/>&#8211; Au\u00dfer-Haus-Lizenz<br \/>&#8211; Voll ausgestattet und sofort betriebsbereit<br \/>&#8211; Klimaanlage<br \/>&#8211; 15-Jahres-Mietvertrag<br \/>&#8211; Monatsmiete: 8.000 &euro;<\/p>\n<p>Ein Unternehmen mit gro\u00dfem Potenzial<br \/>Das Restaurant befindet sich in einer der dynamischsten Gesch\u00e4fts- und Touristengegenden Mallorcas, umgeben von Hotels, Ferienwohnungen und einem hohen Aufkommen nationaler und internationaler Besucher w\u00e4hrend eines Gro\u00dfteils des Jahres. Die Kombination aus gro\u00dfz\u00fcgigen R\u00e4umlichkeiten, einer weitl\u00e4ufigen Terrasse und den entsprechenden Gewerbelizenzen erm\u00f6glicht die Entwicklung vielf\u00e4ltiger Gastronomie-, Freizeit- und Veranstaltungskonzepte und maximiert so die Gesch\u00e4ftsm\u00f6glichkeiten.<\/p>\n<p>Registrierte Immobilienmakler in ROAIIBE \u2013 GOIBE65280\/2024.<\/p>\n","protected":false},"excerpt":{"rendered":"<p>Ein voll funktionsf\u00e4higes Restaurant in einer der belebtesten Touristengegenden von Magaluf (Calvi\u00e0, Mallorca) steht zur \u00dcbernahme bereit und bietet hervorragende Gewinn- und Wachstumsaussichten.~~Hauptmerkmale~- F\u00fcnf zusammenh\u00e4ngende Einheiten~- 338 m\u00b2 Innenfl\u00e4che~- 240 m\u00b2 Terrasse~- Zugelassene Kapazit\u00e4t f\u00fcr 260 Personen (120 im <\/p>\n","protected":false},"author":4,"featured_media":30334627,"parent":0,"menu_order":0,"template":"","property_type":[1920],"property_status":[1968],"property_feature":[1905,1902,1913,1719,1201],"property_label":[],"property_state":[901],"property_city":[931],"property_area":[1007],"acf":[],"property_meta":{"fave_agent":["28980432"],"fave_agents":["28980432"],"fave_agent_display_option":["agent_info"],"fave_agency":["3010"],"property_agent":["28980432"],"custom_permalink":["inmueble\/venta\/local-comercial\/illes-balears\/calvia\/16lgmn002\/"],"goapis_id_inmueble":["6629846548"],"goapis_images_hash":["162fc66f59c3e0cc59a66f675611959e"],"_thumbnail_id":["30334627"],"post_id":["Array"],"original_author":["4"],"_edit_lock":["1604137107:1"],"_edit_last":["1"],"fave_property_map_street_view":["show"],"fave_payment_status":["not_paid"],"fave_single_top_area":["global"],"fave_single_content_area":["global"],"houzez_manual_expire":["0"],"fave_property_size_prefix":["m&sup2;"],"fave_property_map":["1"],"fave_additional_features_enable":["disable"],"fave_floor_plans_enable":["disable"],"fave_multiunit_plans_enable":["disable"],"fave_prop_homeslider":["no"],"fave_featured":["3"],"fave_property_address":["Calvi\u00e0,Illes Balears"],"fave_property_zip":["07181"],"houzez_geolocation_lat":["39.510265523"],"houzez_geolocation_long":["2.532593331"],"fave_property_location":["39.510265523,2.532593331"],"fave_property_country":["ES"],"fave_property_map_address":["Calvi\u00e0,Illes Balears,Spain"],"referencia":["16lgmn002"],"fave_property_id":["16lgmn002"],"fave_property_bedrooms":["0"],"fave_property_bathrooms":["1"],"fave_property_garage":["0"],"fave_property_land":["0"],"ave_property_land_postfix":["m&sup2;"],"fave_property_size":["340"],"fave_property_year":["1980"],"fave_energy_global_index":["0 kWh\/m&sup2; \/0 Kg CO2\/m&sup2;"],"fave_energy_class":["N"],"estate_attr_energy_class":["N"],"REAL_HOMES_property_emisiones":["0"],"REAL_HOMES_property_consumo":["0"],"REAL_HOMES_property_letra":["N"],"estate_video":[""],"fave_virtual_tour":[""],"vendidoInmueble":[""],"fave_property_price":["Consultar"],"fave_property_price_postfix":[""],"fave_property_images":["30334627","30334628","30334629","30334630","30334631","30334632","30334633","30334634","30334635","30334636","30334637","30334638","30334639","30334640","30334641","30334642","30334643","30334644","30334645","30334646","30334647","30334648","30334649","30334650","30334651","30334652","30334653","30334654","30334655","30334656","30334657","30334658","30334659","30334660","30334661","30334662"],"houzez_total_property_views":["37"],"houzez_views_by_date":["a:16:{s:10:\"08-17-2026\";i:2;s:10:\"08-18-2026\";i:3;s:10:\"08-19-2026\";i:3;s:10:\"08-20-2026\";i:2;s:10:\"08-21-2026\";i:2;s:10:\"08-22-2026\";i:2;s:10:\"08-23-2026\";i:1;s:10:\"08-24-2026\";i:3;s:10:\"08-25-2026\";i:2;s:10:\"08-26-2026\";i:3;s:10:\"08-27-2026\";i:3;s:10:\"08-28-2026\";i:2;s:10:\"08-29-2026\";i:2;s:10:\"08-30-2026\";i:3;s:10:\"08-31-2026\";i:3;s:10:\"09-01-2026\";i:1;}"],"houzez_recently_viewed":["2026-09-01 07:18:55"]},"yoast_head":"<!-- This site is optimized with the Yoast SEO plugin v18.6 - https:\/\/yoast.com\/wordpress\/plugins\/seo\/ -->\n<title>\u00fcbergabe eines legend\u00e4ren Lokals in Magalluf (mallorca) - Gestpropiedad<\/title>\n<meta name=\"robots\" content=\"index, follow, max-snippet:-1, max-image-preview:large, max-video-preview:-1\" \/>\n<link rel=\"canonical\" href=\"https:\/\/gestpropiedad.com\/de\/inmueble\/venta\/local-comercial\/illes-balears\/calvia\/16lgmn002\/\" \/>\n<meta property=\"og:locale\" content=\"de_DE\" \/>\n<meta property=\"og:type\" content=\"article\" \/>\n<meta property=\"og:title\" content=\"\u00fcbergabe eines legend\u00e4ren Lokals in Magalluf (mallorca) - Gestpropiedad\" \/>\n<meta property=\"og:description\" content=\"Ein voll funktionsf\u00e4higes Restaurant in einer der belebtesten Touristengegenden von Magaluf (Calvi\u00e0, Mallorca) steht zur \u00dcbernahme bereit und bietet hervorragende Gewinn- und Wachstumsaussichten.~~Hauptmerkmale~- F\u00fcnf zusammenh\u00e4ngende Einheiten~- 338 m\u00b2 Innenfl\u00e4che~- 240 m\u00b2 Terrasse~- Zugelassene Kapazit\u00e4t f\u00fcr 260 Personen (120 im\" \/>\n<meta property=\"og:url\" content=\"https:\/\/gestpropiedad.com\/de\/inmueble\/venta\/local-comercial\/illes-balears\/calvia\/16lgmn002\/\" \/>\n<meta property=\"og:site_name\" content=\"Gestpropiedad\" \/>\n<meta property=\"article:modified_time\" content=\"2026-08-10T11:48:36+00:00\" \/>\n<meta property=\"og:image\" content=\"https:\/\/fotos15.apinmo.com\/10961\/29846548\/2-1.jpg\" \/>\n\t<meta property=\"og:image:width\" content=\"850\" \/>\n\t<meta property=\"og:image:height\" content=\"426\" \/>\n\t<meta property=\"og:image:type\" content=\"image\/jpeg\" \/>\n<meta name=\"twitter:card\" content=\"summary_large_image\" \/>\n<meta name=\"twitter:label1\" content=\"Gesch\u00e4tzte Lesezeit\" \/>\n\t<meta name=\"twitter:data1\" content=\"1\u00a0Minute\" \/>\n<script type=\"application\/ld+json\" class=\"yoast-schema-graph\">{\"@context\":\"https:\/\/schema.org\",\"@graph\":[{\"@type\":\"Organization\",\"@id\":\"https:\/\/gestpropiedad.com\/#organization\",\"name\":\"Gestpropiedad\",\"url\":\"https:\/\/gestpropiedad.com\/\",\"sameAs\":[],\"logo\":{\"@type\":\"ImageObject\",\"@id\":\"https:\/\/gestpropiedad.com\/#logo\",\"inLanguage\":\"de\",\"url\":\"https:\/\/gestpropiedad.com\/wp-content\/uploads\/2021\/11\/logogp-b.svg\",\"contentUrl\":\"https:\/\/gestpropiedad.com\/wp-content\/uploads\/2021\/11\/logogp-b.svg\",\"width\":115,\"height\":60,\"caption\":\"Gestpropiedad\"},\"image\":{\"@id\":\"https:\/\/gestpropiedad.com\/#logo\"}},{\"@type\":\"WebSite\",\"@id\":\"https:\/\/gestpropiedad.com\/#website\",\"url\":\"https:\/\/gestpropiedad.com\/\",\"name\":\"Gestpropiedad\",\"description\":\"Inmobiliaria especializada en Mallorca. Islas Baleares\",\"publisher\":{\"@id\":\"https:\/\/gestpropiedad.com\/#organization\"},\"potentialAction\":[{\"@type\":\"SearchAction\",\"target\":{\"@type\":\"EntryPoint\",\"urlTemplate\":\"https:\/\/gestpropiedad.com\/?s={search_term_string}\"},\"query-input\":\"required name=search_term_string\"}],\"inLanguage\":\"de\"},{\"@type\":\"ImageObject\",\"@id\":\"https:\/\/gestpropiedad.com\/de\/inmueble\/venta\/local-comercial\/illes-balears\/calvia\/16lgmn002\/#primaryimage\",\"inLanguage\":\"de\",\"url\":\"https:\/\/fotos15.apinmo.com\/10961\/29846548\/2-1.jpg\",\"contentUrl\":\"https:\/\/fotos15.apinmo.com\/10961\/29846548\/2-1.jpg\",\"width\":850,\"height\":426,\"caption\":\"Traspaso de local emblem\u00e1tico en la mejor zona de magalluf. - imagenInmueble0\"},{\"@type\":[\"WebPage\",\"RealEstateListing\"],\"@id\":\"https:\/\/gestpropiedad.com\/de\/inmueble\/venta\/local-comercial\/illes-balears\/calvia\/16lgmn002\/#webpage\",\"url\":\"https:\/\/gestpropiedad.com\/de\/inmueble\/venta\/local-comercial\/illes-balears\/calvia\/16lgmn002\/\",\"name\":\"\u00fcbergabe eines legend\u00e4ren Lokals in Magalluf (mallorca) - Gestpropiedad\",\"isPartOf\":{\"@id\":\"https:\/\/gestpropiedad.com\/#website\"},\"primaryImageOfPage\":{\"@id\":\"https:\/\/gestpropiedad.com\/de\/inmueble\/venta\/local-comercial\/illes-balears\/calvia\/16lgmn002\/#primaryimage\"},\"datePublished\":\"2026-09-01T05:03:28+00:00\",\"dateModified\":\"2026-08-10T11:48:36+00:00\",\"breadcrumb\":{\"@id\":\"https:\/\/gestpropiedad.com\/de\/inmueble\/venta\/local-comercial\/illes-balears\/calvia\/16lgmn002\/#breadcrumb\"},\"inLanguage\":\"de\",\"potentialAction\":[{\"@type\":\"ReadAction\",\"target\":[\"https:\/\/gestpropiedad.com\/de\/inmueble\/venta\/local-comercial\/illes-balears\/calvia\/16lgmn002\/\"]}]},{\"@type\":\"BreadcrumbList\",\"@id\":\"https:\/\/gestpropiedad.com\/de\/inmueble\/venta\/local-comercial\/illes-balears\/calvia\/16lgmn002\/#breadcrumb\",\"itemListElement\":[{\"@type\":\"ListItem\",\"position\":1,\"name\":\"Portada\",\"item\":\"https:\/\/gestpropiedad.com\/\"},{\"@type\":\"ListItem\",\"position\":2,\"name\":\"Eigenschaften\",\"item\":\"https:\/\/gestpropiedad.com\/de\/inmueble\/\"},{\"@type\":\"ListItem\",\"position\":3,\"name\":\"\u00fcbergabe eines legend\u00e4ren Lokals in Magalluf (mallorca)\"}]}]}<\/script>\n<!-- \/ Yoast SEO plugin. -->","yoast_head_json":{"title":"\u00fcbergabe eines legend\u00e4ren Lokals in Magalluf (mallorca) - Gestpropiedad","robots":{"index":"index","follow":"follow","max-snippet":"max-snippet:-1","max-image-preview":"max-image-preview:large","max-video-preview":"max-video-preview:-1"},"canonical":"https:\/\/gestpropiedad.com\/de\/inmueble\/venta\/local-comercial\/illes-balears\/calvia\/16lgmn002\/","og_locale":"de_DE","og_type":"article","og_title":"\u00fcbergabe eines legend\u00e4ren Lokals in Magalluf (mallorca) - Gestpropiedad","og_description":"Ein voll funktionsf\u00e4higes Restaurant in einer der belebtesten Touristengegenden von Magaluf (Calvi\u00e0, Mallorca) steht zur \u00dcbernahme bereit und bietet hervorragende Gewinn- und Wachstumsaussichten.~~Hauptmerkmale~- F\u00fcnf zusammenh\u00e4ngende Einheiten~- 338 m\u00b2 Innenfl\u00e4che~- 240 m\u00b2 Terrasse~- Zugelassene Kapazit\u00e4t f\u00fcr 260 Personen (120 im","og_url":"https:\/\/gestpropiedad.com\/de\/inmueble\/venta\/local-comercial\/illes-balears\/calvia\/16lgmn002\/","og_site_name":"Gestpropiedad","article_modified_time":"2026-08-10T11:48:36+00:00","og_image":[{"width":850,"height":426,"url":"https:\/\/fotos15.apinmo.com\/10961\/29846548\/2-1.jpg","type":"image\/jpeg"}],"twitter_card":"summary_large_image","twitter_misc":{"Gesch\u00e4tzte Lesezeit":"1\u00a0Minute"},"schema":{"@context":"https:\/\/schema.org","@graph":[{"@type":"Organization","@id":"https:\/\/gestpropiedad.com\/#organization","name":"Gestpropiedad","url":"https:\/\/gestpropiedad.com\/","sameAs":[],"logo":{"@type":"ImageObject","@id":"https:\/\/gestpropiedad.com\/#logo","inLanguage":"de","url":"https:\/\/gestpropiedad.com\/wp-content\/uploads\/2021\/11\/logogp-b.svg","contentUrl":"https:\/\/gestpropiedad.com\/wp-content\/uploads\/2021\/11\/logogp-b.svg","width":115,"height":60,"caption":"Gestpropiedad"},"image":{"@id":"https:\/\/gestpropiedad.com\/#logo"}},{"@type":"WebSite","@id":"https:\/\/gestpropiedad.com\/#website","url":"https:\/\/gestpropiedad.com\/","name":"Gestpropiedad","description":"Inmobiliaria especializada en Mallorca. Islas Baleares","publisher":{"@id":"https:\/\/gestpropiedad.com\/#organization"},"potentialAction":[{"@type":"SearchAction","target":{"@type":"EntryPoint","urlTemplate":"https:\/\/gestpropiedad.com\/?s={search_term_string}"},"query-input":"required name=search_term_string"}],"inLanguage":"de"},{"@type":"ImageObject","@id":"https:\/\/gestpropiedad.com\/de\/inmueble\/venta\/local-comercial\/illes-balears\/calvia\/16lgmn002\/#primaryimage","inLanguage":"de","url":"https:\/\/fotos15.apinmo.com\/10961\/29846548\/2-1.jpg","contentUrl":"https:\/\/fotos15.apinmo.com\/10961\/29846548\/2-1.jpg","width":850,"height":426,"caption":"Traspaso de local emblem\u00e1tico en la mejor zona de magalluf. - imagenInmueble0"},{"@type":["WebPage","RealEstateListing"],"@id":"https:\/\/gestpropiedad.com\/de\/inmueble\/venta\/local-comercial\/illes-balears\/calvia\/16lgmn002\/#webpage","url":"https:\/\/gestpropiedad.com\/de\/inmueble\/venta\/local-comercial\/illes-balears\/calvia\/16lgmn002\/","name":"\u00fcbergabe eines legend\u00e4ren Lokals in Magalluf (mallorca) - Gestpropiedad","isPartOf":{"@id":"https:\/\/gestpropiedad.com\/#website"},"primaryImageOfPage":{"@id":"https:\/\/gestpropiedad.com\/de\/inmueble\/venta\/local-comercial\/illes-balears\/calvia\/16lgmn002\/#primaryimage"},"datePublished":"2026-09-01T05:03:28+00:00","dateModified":"2026-08-10T11:48:36+00:00","breadcrumb":{"@id":"https:\/\/gestpropiedad.com\/de\/inmueble\/venta\/local-comercial\/illes-balears\/calvia\/16lgmn002\/#breadcrumb"},"inLanguage":"de","potentialAction":[{"@type":"ReadAction","target":["https:\/\/gestpropiedad.com\/de\/inmueble\/venta\/local-comercial\/illes-balears\/calvia\/16lgmn002\/"]}]},{"@type":"BreadcrumbList","@id":"https:\/\/gestpropiedad.com\/de\/inmueble\/venta\/local-comercial\/illes-balears\/calvia\/16lgmn002\/#breadcrumb","itemListElement":[{"@type":"ListItem","position":1,"name":"Portada","item":"https:\/\/gestpropiedad.com\/"},{"@type":"ListItem","position":2,"name":"Eigenschaften","item":"https:\/\/gestpropiedad.com\/de\/inmueble\/"},{"@type":"ListItem","position":3,"name":"\u00fcbergabe eines legend\u00e4ren Lokals in Magalluf (mallorca)"}]}]}},"_links":{"self":[{"href":"https:\/\/gestpropiedad.com\/de\/wp-json\/wp\/v2\/properties\/30334626"}],"collection":[{"href":"https:\/\/gestpropiedad.com\/de\/wp-json\/wp\/v2\/properties"}],"about":[{"href":"https:\/\/gestpropiedad.com\/de\/wp-json\/wp\/v2\/types\/property"}],"author":[{"embeddable":true,"href":"https:\/\/gestpropiedad.com\/de\/wp-json\/wp\/v2\/users\/4"}],"version-history":[{"count":0,"href":"https:\/\/gestpropiedad.com\/de\/wp-json\/wp\/v2\/properties\/30334626\/revisions"}],"wp:featuredmedia":[{"embeddable":true,"href":"https:\/\/gestpropiedad.com\/de\/wp-json\/wp\/v2\/media\/30334627"}],"wp:attachment":[{"href":"https:\/\/gestpropiedad.com\/de\/wp-json\/wp\/v2\/media?parent=30334626"}],"wp:term":[{"taxonomy":"property_type","embeddable":true,"href":"https:\/\/gestpropiedad.com\/de\/wp-json\/wp\/v2\/property_type?post=30334626"},{"taxonomy":"property_status","embeddable":true,"href":"https:\/\/gestpropiedad.com\/de\/wp-json\/wp\/v2\/property_status?post=30334626"},{"taxonomy":"property_feature","embeddable":true,"href":"https:\/\/gestpropiedad.com\/de\/wp-json\/wp\/v2\/property_feature?post=30334626"},{"taxonomy":"property_label","embeddable":true,"href":"https:\/\/gestpropiedad.com\/de\/wp-json\/wp\/v2\/property_label?post=30334626"},{"taxonomy":"property_state","embeddable":true,"href":"https:\/\/gestpropiedad.com\/de\/wp-json\/wp\/v2\/property_state?post=30334626"},{"taxonomy":"property_city","embeddable":true,"href":"https:\/\/gestpropiedad.com\/de\/wp-json\/wp\/v2\/property_city?post=30334626"},{"taxonomy":"property_area","embeddable":true,"href":"https:\/\/gestpropiedad.com\/de\/wp-json\/wp\/v2\/property_area?post=30334626"}],"curies":[{"name":"wp","href":"https:\/\/api.w.org\/{rel}","templated":true}]}}