{"id":30332293,"date":"2026-09-01T05:03:30","date_gmt":"2026-09-01T05:03:30","guid":{"rendered":"https:\/\/www.gestpropiedad.com\/inmueble\/venta\/finca\/illes-balears\/campos\/05lf044\/"},"modified":"2026-07-22T13:12:38","modified_gmt":"2026-07-22T13:12:38","slug":"legale-finca-mit-22-000-m-grundstuck-in-campos-05lf044","status":"publish","type":"property","link":"https:\/\/gestpropiedad.com\/de\/inmueble\/venta\/finca\/illes-balears\/campos\/05lf044\/","title":{"rendered":"Legale Finca mit 22.000 m\u00b2 Grundst\u00fcck in Campos"},"content":{"rendered":"<p>**Legale Finca mit 22.000 m\u00b2 Grundst\u00fcck in Campos**<\/p>\n<p>Wundersch\u00f6ne Finca, nur wenige Minuten vom Ort Campos entfernt, in einer ruhigen und privaten Lage. Das Anwesen umfasst ein 22.000 m\u00b2 gro\u00dfes Grundst\u00fcck und bietet alle Voraussetzungen f\u00fcr ein komfortables Leben auf dem Land.<\/p>\n<p>Das Haupthaus verf\u00fcgt \u00fcber:<\/p>\n<p>* 2 Doppelzimmer<br \/>* 2 Einzelzimmer<br \/>* 3 komplette Badezimmer<br \/>* Gro\u00dfz\u00fcgige, helle und funktionale Wohnr\u00e4ume<\/p>\n<p>Im Au\u00dfenbereich befindet sich ein Salzwasserpool, umgeben von gepflegten Gartenanlagen sowie mehreren Terrassen und Au\u00dfenbereichen, die zum Entspannen und Genie\u00dfen der nat\u00fcrlichen Umgebung einladen.<\/p>\n<p>Dar\u00fcber hinaus verf\u00fcgt die Finca \u00fcber ein vielseitig nutzbares Nebengeb\u00e4ude, das derzeit als Spielzimmer, Werkstatt und Lagerraum mit einem kompletten Badezimmer genutzt wird. Es bietet zahlreiche M\u00f6glichkeiten zur individuellen Nutzung und Anpassung an die Bed\u00fcrfnisse des neuen Eigent\u00fcmers.<\/p>\n<p>Weitere Ausstattungsmerkmale:<\/p>\n<p>* Garage f\u00fcr 2 Fahrzeuge<br \/>* Eigener Wasserbrunnen<br \/>* Komplett eingez\u00e4untes Grundst\u00fcck<br \/>* 39 Olivenb\u00e4ume<br \/>* Glasfaseranschluss<br \/>* Automatisches Einfahrtstor<br \/>* Solaranlage<\/p>\n<p>Eine hervorragende Gelegenheit f\u00fcr alle, die Ruhe, Privatsph\u00e4re und viel Platz in privilegierter Lage, nur wenige Minuten vom Ortszentrum von Campos entfernt, suchen. Verkauf durch GestPropiedad.<\/p>\n","protected":false},"excerpt":{"rendered":"<p>**Legale Finca mit 22.000 m\u00b2 Grundst\u00fcck in Campos**~~Wundersch\u00f6ne Finca, nur wenige Minuten vom Ort Campos entfernt, in einer ruhigen und privaten Lage. Das Anwesen umfasst ein 22.000 m\u00b2 gro\u00dfes Grundst\u00fcck und bietet alle Voraussetzungen f\u00fcr ein komfortables Leben auf dem Land.~~Das Haupthaus verf\u00fcgt \u00fcber:~~* 2 Doppelzimmer~* 2 <\/p>\n","protected":false},"author":4,"featured_media":30332294,"parent":0,"menu_order":0,"template":"","property_type":[1908],"property_status":[438],"property_feature":[1198,1207,1905,1204,1712,1240,1913,1901,1719,1917,1201,1918,1717],"property_label":[],"property_state":[901],"property_city":[1014],"property_area":[1015],"acf":[],"property_meta":{"fave_agent":["21514817"],"fave_agents":["21514817"],"fave_agent_display_option":["agent_info"],"fave_agency":["22941544"],"property_agent":["21514817"],"custom_permalink":["inmueble\/venta\/finca\/illes-balears\/campos\/05lf044\/"],"goapis_id_inmueble":["6629542168"],"goapis_images_hash":["5637c7975df781239f267e47723a7500"],"_thumbnail_id":["30332294"],"post_id":["Array"],"original_author":["4"],"_edit_lock":["1604137107:1"],"_edit_last":["1"],"fave_property_map_street_view":["show"],"fave_payment_status":["not_paid"],"fave_single_top_area":["global"],"fave_single_content_area":["global"],"houzez_manual_expire":["0"],"fave_property_size_prefix":["m&sup2;"],"fave_property_map":["1"],"fave_additional_features_enable":["disable"],"fave_floor_plans_enable":["disable"],"fave_multiunit_plans_enable":["disable"],"fave_prop_homeslider":["no"],"fave_featured":["0"],"fave_property_address":["Campos,Illes Balears"],"fave_property_zip":["07630"],"houzez_geolocation_lat":["39.427243631"],"houzez_geolocation_long":["3.021842784"],"fave_property_location":["39.427243631,3.021842784"],"fave_property_country":["ES"],"fave_property_map_address":["Campos,Illes Balears,Spain"],"referencia":["05lf044"],"fave_property_id":["05lf044"],"fave_property_bedrooms":["4"],"fave_property_bathrooms":["4"],"fave_property_garage":["1"],"fave_property_land":["22000"],"ave_property_land_postfix":["m&sup2;"],"fave_property_size":["607"],"fave_property_year":["1997"],"fave_energy_global_index":["0 kWh\/m&sup2; \/0 Kg CO2\/m&sup2;"],"fave_energy_class":["B"],"estate_attr_energy_class":["B"],"REAL_HOMES_property_emisiones":["0"],"REAL_HOMES_property_consumo":["0"],"REAL_HOMES_property_letra":["B"],"estate_video":[""],"fave_virtual_tour":["<iframe src=\"https:\/\/crm.inmovilla.com\/fotosvr\/tour.php?cod=29542168.3010\" width=\"820\" height=\"500\" frameborder=\"0\" style=\"border:0\"><\/iframe><div class=\"enlacetour\"><a class=\"enlacetour2\" title=\"Ver tour virtual\" href=\"https:\/\/crm.inmovilla.com\/fotosvr\/tour.php?cod=29542168.3010\" target=\"_blank\">FULL SCREEN<\/a><\/div>"],"vendidoInmueble":[""],"fave_property_price":["949000"],"fave_property_price_postfix":[""],"fave_property_images":["30332294","30332295","30332296","30332297","30332298","30332299","30332300","30332301","30332302","30332303","30332304","30332305","30332306","30332307","30332308","30332309","30332310","30332311","30332312","30332313","30332314","30332315","30332316","30332317","30332318","30332319","30332320","30332321","30332322","30332323","30332324","30332325","30332326","30332327","30332328","30332329","30332330","30332331","30332332","30332333"],"houzez_total_property_views":["47"],"houzez_views_by_date":["a:16:{s:10:\"08-17-2026\";i:2;s:10:\"08-18-2026\";i:3;s:10:\"08-19-2026\";i:3;s:10:\"08-20-2026\";i:2;s:10:\"08-21-2026\";i:3;s:10:\"08-22-2026\";i:4;s:10:\"08-23-2026\";i:3;s:10:\"08-24-2026\";i:3;s:10:\"08-25-2026\";i:3;s:10:\"08-26-2026\";i:3;s:10:\"08-27-2026\";i:3;s:10:\"08-28-2026\";i:4;s:10:\"08-29-2026\";i:3;s:10:\"08-30-2026\";i:3;s:10:\"08-31-2026\";i:4;s:10:\"09-01-2026\";i:1;}"],"houzez_recently_viewed":["2026-09-01 06:56:54"]},"yoast_head":"<!-- This site is optimized with the Yoast SEO plugin v18.6 - https:\/\/yoast.com\/wordpress\/plugins\/seo\/ -->\n<title>Legale Finca mit 22.000 m\u00b2 Grundst\u00fcck in Campos - Gestpropiedad<\/title>\n<meta name=\"robots\" content=\"index, follow, max-snippet:-1, max-image-preview:large, max-video-preview:-1\" \/>\n<link rel=\"canonical\" href=\"https:\/\/gestpropiedad.com\/de\/inmueble\/venta\/finca\/illes-balears\/campos\/05lf044\/\" \/>\n<meta property=\"og:locale\" content=\"de_DE\" \/>\n<meta property=\"og:type\" content=\"article\" \/>\n<meta property=\"og:title\" content=\"Legale Finca mit 22.000 m\u00b2 Grundst\u00fcck in Campos - Gestpropiedad\" \/>\n<meta property=\"og:description\" content=\"**Legale Finca mit 22.000 m\u00b2 Grundst\u00fcck in Campos**~~Wundersch\u00f6ne Finca, nur wenige Minuten vom Ort Campos entfernt, in einer ruhigen und privaten Lage. Das Anwesen umfasst ein 22.000 m\u00b2 gro\u00dfes Grundst\u00fcck und bietet alle Voraussetzungen f\u00fcr ein komfortables Leben auf dem Land.~~Das Haupthaus verf\u00fcgt \u00fcber:~~* 2 Doppelzimmer~* 2\" \/>\n<meta property=\"og:url\" content=\"https:\/\/gestpropiedad.com\/de\/inmueble\/venta\/finca\/illes-balears\/campos\/05lf044\/\" \/>\n<meta property=\"og:site_name\" content=\"Gestpropiedad\" \/>\n<meta property=\"article:modified_time\" content=\"2026-07-22T13:12:38+00:00\" \/>\n<meta property=\"og:image\" content=\"https:\/\/fotos15.apinmo.com\/3010\/29542168\/39-1.jpg\" \/>\n\t<meta property=\"og:image:width\" content=\"850\" \/>\n\t<meta property=\"og:image:height\" content=\"426\" \/>\n\t<meta property=\"og:image:type\" content=\"image\/jpeg\" \/>\n<meta name=\"twitter:card\" content=\"summary_large_image\" \/>\n<meta name=\"twitter:label1\" content=\"Gesch\u00e4tzte Lesezeit\" \/>\n\t<meta name=\"twitter:data1\" content=\"1\u00a0Minute\" \/>\n<script type=\"application\/ld+json\" class=\"yoast-schema-graph\">{\"@context\":\"https:\/\/schema.org\",\"@graph\":[{\"@type\":\"Organization\",\"@id\":\"https:\/\/gestpropiedad.com\/#organization\",\"name\":\"Gestpropiedad\",\"url\":\"https:\/\/gestpropiedad.com\/\",\"sameAs\":[],\"logo\":{\"@type\":\"ImageObject\",\"@id\":\"https:\/\/gestpropiedad.com\/#logo\",\"inLanguage\":\"de\",\"url\":\"https:\/\/gestpropiedad.com\/wp-content\/uploads\/2021\/11\/logogp-b.svg\",\"contentUrl\":\"https:\/\/gestpropiedad.com\/wp-content\/uploads\/2021\/11\/logogp-b.svg\",\"width\":115,\"height\":60,\"caption\":\"Gestpropiedad\"},\"image\":{\"@id\":\"https:\/\/gestpropiedad.com\/#logo\"}},{\"@type\":\"WebSite\",\"@id\":\"https:\/\/gestpropiedad.com\/#website\",\"url\":\"https:\/\/gestpropiedad.com\/\",\"name\":\"Gestpropiedad\",\"description\":\"Inmobiliaria especializada en Mallorca. Islas Baleares\",\"publisher\":{\"@id\":\"https:\/\/gestpropiedad.com\/#organization\"},\"potentialAction\":[{\"@type\":\"SearchAction\",\"target\":{\"@type\":\"EntryPoint\",\"urlTemplate\":\"https:\/\/gestpropiedad.com\/?s={search_term_string}\"},\"query-input\":\"required name=search_term_string\"}],\"inLanguage\":\"de\"},{\"@type\":\"ImageObject\",\"@id\":\"https:\/\/gestpropiedad.com\/de\/inmueble\/venta\/finca\/illes-balears\/campos\/05lf044\/#primaryimage\",\"inLanguage\":\"de\",\"url\":\"https:\/\/fotos15.apinmo.com\/3010\/29542168\/39-1.jpg\",\"contentUrl\":\"https:\/\/fotos15.apinmo.com\/3010\/29542168\/39-1.jpg\",\"width\":850,\"height\":426,\"caption\":\"Finca r\u00fastica legal con 22.000 m\u00b2 en campos - imagenInmueble0\"},{\"@type\":[\"WebPage\",\"RealEstateListing\"],\"@id\":\"https:\/\/gestpropiedad.com\/de\/inmueble\/venta\/finca\/illes-balears\/campos\/05lf044\/#webpage\",\"url\":\"https:\/\/gestpropiedad.com\/de\/inmueble\/venta\/finca\/illes-balears\/campos\/05lf044\/\",\"name\":\"Legale Finca mit 22.000 m\u00b2 Grundst\u00fcck in Campos - Gestpropiedad\",\"isPartOf\":{\"@id\":\"https:\/\/gestpropiedad.com\/#website\"},\"primaryImageOfPage\":{\"@id\":\"https:\/\/gestpropiedad.com\/de\/inmueble\/venta\/finca\/illes-balears\/campos\/05lf044\/#primaryimage\"},\"datePublished\":\"2026-09-01T05:03:30+00:00\",\"dateModified\":\"2026-07-22T13:12:38+00:00\",\"breadcrumb\":{\"@id\":\"https:\/\/gestpropiedad.com\/de\/inmueble\/venta\/finca\/illes-balears\/campos\/05lf044\/#breadcrumb\"},\"inLanguage\":\"de\",\"potentialAction\":[{\"@type\":\"ReadAction\",\"target\":[\"https:\/\/gestpropiedad.com\/de\/inmueble\/venta\/finca\/illes-balears\/campos\/05lf044\/\"]}]},{\"@type\":\"BreadcrumbList\",\"@id\":\"https:\/\/gestpropiedad.com\/de\/inmueble\/venta\/finca\/illes-balears\/campos\/05lf044\/#breadcrumb\",\"itemListElement\":[{\"@type\":\"ListItem\",\"position\":1,\"name\":\"Portada\",\"item\":\"https:\/\/gestpropiedad.com\/\"},{\"@type\":\"ListItem\",\"position\":2,\"name\":\"Eigenschaften\",\"item\":\"https:\/\/gestpropiedad.com\/de\/inmueble\/\"},{\"@type\":\"ListItem\",\"position\":3,\"name\":\"Legale Finca mit 22.000 m\u00b2 Grundst\u00fcck in Campos\"}]}]}<\/script>\n<!-- \/ Yoast SEO plugin. -->","yoast_head_json":{"title":"Legale Finca mit 22.000 m\u00b2 Grundst\u00fcck in Campos - Gestpropiedad","robots":{"index":"index","follow":"follow","max-snippet":"max-snippet:-1","max-image-preview":"max-image-preview:large","max-video-preview":"max-video-preview:-1"},"canonical":"https:\/\/gestpropiedad.com\/de\/inmueble\/venta\/finca\/illes-balears\/campos\/05lf044\/","og_locale":"de_DE","og_type":"article","og_title":"Legale Finca mit 22.000 m\u00b2 Grundst\u00fcck in Campos - Gestpropiedad","og_description":"**Legale Finca mit 22.000 m\u00b2 Grundst\u00fcck in Campos**~~Wundersch\u00f6ne Finca, nur wenige Minuten vom Ort Campos entfernt, in einer ruhigen und privaten Lage. Das Anwesen umfasst ein 22.000 m\u00b2 gro\u00dfes Grundst\u00fcck und bietet alle Voraussetzungen f\u00fcr ein komfortables Leben auf dem Land.~~Das Haupthaus verf\u00fcgt \u00fcber:~~* 2 Doppelzimmer~* 2","og_url":"https:\/\/gestpropiedad.com\/de\/inmueble\/venta\/finca\/illes-balears\/campos\/05lf044\/","og_site_name":"Gestpropiedad","article_modified_time":"2026-07-22T13:12:38+00:00","og_image":[{"width":850,"height":426,"url":"https:\/\/fotos15.apinmo.com\/3010\/29542168\/39-1.jpg","type":"image\/jpeg"}],"twitter_card":"summary_large_image","twitter_misc":{"Gesch\u00e4tzte Lesezeit":"1\u00a0Minute"},"schema":{"@context":"https:\/\/schema.org","@graph":[{"@type":"Organization","@id":"https:\/\/gestpropiedad.com\/#organization","name":"Gestpropiedad","url":"https:\/\/gestpropiedad.com\/","sameAs":[],"logo":{"@type":"ImageObject","@id":"https:\/\/gestpropiedad.com\/#logo","inLanguage":"de","url":"https:\/\/gestpropiedad.com\/wp-content\/uploads\/2021\/11\/logogp-b.svg","contentUrl":"https:\/\/gestpropiedad.com\/wp-content\/uploads\/2021\/11\/logogp-b.svg","width":115,"height":60,"caption":"Gestpropiedad"},"image":{"@id":"https:\/\/gestpropiedad.com\/#logo"}},{"@type":"WebSite","@id":"https:\/\/gestpropiedad.com\/#website","url":"https:\/\/gestpropiedad.com\/","name":"Gestpropiedad","description":"Inmobiliaria especializada en Mallorca. Islas Baleares","publisher":{"@id":"https:\/\/gestpropiedad.com\/#organization"},"potentialAction":[{"@type":"SearchAction","target":{"@type":"EntryPoint","urlTemplate":"https:\/\/gestpropiedad.com\/?s={search_term_string}"},"query-input":"required name=search_term_string"}],"inLanguage":"de"},{"@type":"ImageObject","@id":"https:\/\/gestpropiedad.com\/de\/inmueble\/venta\/finca\/illes-balears\/campos\/05lf044\/#primaryimage","inLanguage":"de","url":"https:\/\/fotos15.apinmo.com\/3010\/29542168\/39-1.jpg","contentUrl":"https:\/\/fotos15.apinmo.com\/3010\/29542168\/39-1.jpg","width":850,"height":426,"caption":"Finca r\u00fastica legal con 22.000 m\u00b2 en campos - imagenInmueble0"},{"@type":["WebPage","RealEstateListing"],"@id":"https:\/\/gestpropiedad.com\/de\/inmueble\/venta\/finca\/illes-balears\/campos\/05lf044\/#webpage","url":"https:\/\/gestpropiedad.com\/de\/inmueble\/venta\/finca\/illes-balears\/campos\/05lf044\/","name":"Legale Finca mit 22.000 m\u00b2 Grundst\u00fcck in Campos - Gestpropiedad","isPartOf":{"@id":"https:\/\/gestpropiedad.com\/#website"},"primaryImageOfPage":{"@id":"https:\/\/gestpropiedad.com\/de\/inmueble\/venta\/finca\/illes-balears\/campos\/05lf044\/#primaryimage"},"datePublished":"2026-09-01T05:03:30+00:00","dateModified":"2026-07-22T13:12:38+00:00","breadcrumb":{"@id":"https:\/\/gestpropiedad.com\/de\/inmueble\/venta\/finca\/illes-balears\/campos\/05lf044\/#breadcrumb"},"inLanguage":"de","potentialAction":[{"@type":"ReadAction","target":["https:\/\/gestpropiedad.com\/de\/inmueble\/venta\/finca\/illes-balears\/campos\/05lf044\/"]}]},{"@type":"BreadcrumbList","@id":"https:\/\/gestpropiedad.com\/de\/inmueble\/venta\/finca\/illes-balears\/campos\/05lf044\/#breadcrumb","itemListElement":[{"@type":"ListItem","position":1,"name":"Portada","item":"https:\/\/gestpropiedad.com\/"},{"@type":"ListItem","position":2,"name":"Eigenschaften","item":"https:\/\/gestpropiedad.com\/de\/inmueble\/"},{"@type":"ListItem","position":3,"name":"Legale Finca mit 22.000 m\u00b2 Grundst\u00fcck in Campos"}]}]}},"_links":{"self":[{"href":"https:\/\/gestpropiedad.com\/de\/wp-json\/wp\/v2\/properties\/30332293"}],"collection":[{"href":"https:\/\/gestpropiedad.com\/de\/wp-json\/wp\/v2\/properties"}],"about":[{"href":"https:\/\/gestpropiedad.com\/de\/wp-json\/wp\/v2\/types\/property"}],"author":[{"embeddable":true,"href":"https:\/\/gestpropiedad.com\/de\/wp-json\/wp\/v2\/users\/4"}],"version-history":[{"count":0,"href":"https:\/\/gestpropiedad.com\/de\/wp-json\/wp\/v2\/properties\/30332293\/revisions"}],"wp:featuredmedia":[{"embeddable":true,"href":"https:\/\/gestpropiedad.com\/de\/wp-json\/wp\/v2\/media\/30332294"}],"wp:attachment":[{"href":"https:\/\/gestpropiedad.com\/de\/wp-json\/wp\/v2\/media?parent=30332293"}],"wp:term":[{"taxonomy":"property_type","embeddable":true,"href":"https:\/\/gestpropiedad.com\/de\/wp-json\/wp\/v2\/property_type?post=30332293"},{"taxonomy":"property_status","embeddable":true,"href":"https:\/\/gestpropiedad.com\/de\/wp-json\/wp\/v2\/property_status?post=30332293"},{"taxonomy":"property_feature","embeddable":true,"href":"https:\/\/gestpropiedad.com\/de\/wp-json\/wp\/v2\/property_feature?post=30332293"},{"taxonomy":"property_label","embeddable":true,"href":"https:\/\/gestpropiedad.com\/de\/wp-json\/wp\/v2\/property_label?post=30332293"},{"taxonomy":"property_state","embeddable":true,"href":"https:\/\/gestpropiedad.com\/de\/wp-json\/wp\/v2\/property_state?post=30332293"},{"taxonomy":"property_city","embeddable":true,"href":"https:\/\/gestpropiedad.com\/de\/wp-json\/wp\/v2\/property_city?post=30332293"},{"taxonomy":"property_area","embeddable":true,"href":"https:\/\/gestpropiedad.com\/de\/wp-json\/wp\/v2\/property_area?post=30332293"}],"curies":[{"name":"wp","href":"https:\/\/api.w.org\/{rel}","templated":true}]}}