{"id":30331614,"date":"2026-09-05T05:03:17","date_gmt":"2026-09-05T05:03:17","guid":{"rendered":"https:\/\/www.gestpropiedad.com\/inmueble\/venta\/terreno-urbano\/illes-balears\/llucmajor\/16ammn003\/"},"modified":"2026-09-03T16:55:22","modified_gmt":"2026-09-03T16:55:22","slug":"baugrundstuck-in-las-palmeras-16ammn003","status":"publish","type":"property","link":"https:\/\/gestpropiedad.com\/de\/inmueble\/venta\/terreno-urbano\/illes-balears\/llucmajor\/16ammn003\/","title":{"rendered":"BAUGRUNDST\u00dcCK IN LAS PALMERAS"},"content":{"rendered":"<p>Exklusiv zu verkaufen: hervorragendes bebaubares Stadtgrundst\u00fcck in der Wohnsiedlung Las Palmeras \u2013 Llucmajor, Mallorca<\/p>\n<p>Einmalige Gelegenheit, Ihr Traumhaus in einer der ruhigsten und begehrtesten Wohngegenden von Llucmajor zu errichten.<\/p>\n<p>Die Eigenschaften des Grundst\u00fccks sind:<\/p>\n<p>Fl\u00e4che: 620 m\u00b2<br \/>Bebaubares Stadtgrundst\u00fcck<br \/>Maximale Grundfl\u00e4che: 150 m\u00b2<br \/>Bebaubare Fl\u00e4che: 225 m\u00b2<br \/>M\u00f6glichkeit zum Bau eines zweist\u00f6ckigen Einfamilienhauses mit Swimmingpool<br \/>Bauplan und Baugenehmigung sind enthalten, sodass der Bau ohne beh\u00f6rdliche Verz\u00f6gerungen begonnen werden kann.<br \/>Der aktuelle Entwurf sieht ein einst\u00f6ckiges Einfamilienhaus mit 150 m\u00b2 vor.<br \/>Versorgungsanschl\u00fcsse:<\/p>\n<p>Trinkwasser<br \/>Strom<br \/>Kanalisation<br \/>Stra\u00dfenbeleuchtung<\/p>\n<p>Einer der gro\u00dfen Reize dieses Grundst\u00fccks besteht darin, dass man vom Obergeschoss des zuk\u00fcnftigen Hauses aus einen herrlichen Blick auf das Meer und die Berge genie\u00dfen kann \u2013 eine privilegierte Umgebung, in der sich Ruhe, Natur und Lebensqualit\u00e4t vereinen.<\/p>\n<p>Eine ausgezeichnete Investition sowohl als Hauptwohnsitz als auch als Zweitwohnsitz auf Mallorca.<br \/>F\u00fcr weitere Informationen oder zur Vereinbarung eines Besichtigungstermins z\u00f6gern Sie bitte nicht, Kontakt aufzunehmen.<\/p>\n<p>Bei der ROAIIB registrierte Immobilienmakler \u2013 GOIBE65280\/2024.<\/p>\n<p><\/p>\n","protected":false},"excerpt":{"rendered":"<p>Exklusiv zu verkaufen: hervorragendes bebaubares Stadtgrundst\u00fcck in der Wohnsiedlung Las Palmeras \u2013 Llucmajor, Mallorca~~Einmalige Gelegenheit, Ihr Traumhaus in einer der ruhigsten und begehrtesten Wohngegenden von Llucmajor zu errichten.~~Die Eigenschaften des Grundst\u00fccks sind:~~Fl\u00e4che: 620 m\u00b2~Bebaubares Stadtgrundst\u00fcck~Maximale <\/p>\n","protected":false},"author":4,"featured_media":30331615,"parent":0,"menu_order":0,"template":"","property_type":[1915],"property_status":[438],"property_feature":[1907],"property_label":[],"property_state":[901],"property_city":[913],"property_area":[1766],"acf":[],"property_meta":{"fave_agent":["10014863"],"fave_agents":["10014863"],"fave_agent_display_option":["agent_info"],"fave_agency":["3010"],"property_agent":["10014863"],"custom_permalink":["inmueble\/venta\/terreno-urbano\/illes-balears\/llucmajor\/16ammn003\/"],"goapis_id_inmueble":["6629449777"],"goapis_images_hash":["e0cc4554989ad6b4754fb51c033dba46"],"_thumbnail_id":["30331615"],"post_id":["Array"],"original_author":["4"],"_edit_lock":["1604137107:1"],"_edit_last":["1"],"fave_property_map_street_view":["show"],"fave_payment_status":["not_paid"],"fave_single_top_area":["global"],"fave_single_content_area":["global"],"houzez_manual_expire":["0"],"fave_property_size_prefix":["m&sup2;"],"fave_property_map":["1"],"fave_additional_features_enable":["disable"],"fave_floor_plans_enable":["disable"],"fave_multiunit_plans_enable":["disable"],"fave_prop_homeslider":["no"],"fave_featured":["3"],"fave_property_address":["Llucmajor,Illes Balears"],"fave_property_zip":["07609"],"houzez_geolocation_lat":["39.469212662"],"houzez_geolocation_long":["2.748997483"],"fave_property_location":["39.469212662,2.748997483"],"fave_property_country":["ES"],"fave_property_map_address":["Llucmajor,Illes Balears,Spain"],"referencia":["16ammn003"],"fave_property_id":["16ammn003"],"fave_property_bedrooms":["0"],"fave_property_bathrooms":["0"],"fave_property_garage":["0"],"fave_property_land":["620"],"ave_property_land_postfix":["m&sup2;"],"fave_property_size":["0"],"fave_property_year":["0"],"fave_energy_global_index":["0 kWh\/m&sup2; \/0 Kg CO2\/m&sup2;"],"fave_energy_class":["N"],"estate_attr_energy_class":["N"],"REAL_HOMES_property_emisiones":["0"],"REAL_HOMES_property_consumo":["0"],"REAL_HOMES_property_letra":["N"],"estate_video":[""],"fave_virtual_tour":[""],"vendidoInmueble":[""],"fave_property_price":["329000"],"fave_property_price_postfix":[""],"fave_property_images":["30331615","30331616","30331617","30331618","30331619","30331620","30331621","30331622","30331623","30331624","30331625","30331626","30331627","30331628","30331629","30331630","30331631","30331632","30331633","30331634","30331635"],"houzez_total_property_views":["31"],"houzez_views_by_date":["a:19:{s:10:\"08-18-2026\";i:2;s:10:\"08-19-2026\";i:1;s:10:\"08-20-2026\";i:1;s:10:\"08-21-2026\";i:1;s:10:\"08-22-2026\";i:1;s:10:\"08-23-2026\";i:1;s:10:\"08-24-2026\";i:1;s:10:\"08-25-2026\";i:2;s:10:\"08-26-2026\";i:1;s:10:\"08-27-2026\";i:1;s:10:\"08-28-2026\";i:2;s:10:\"08-29-2026\";i:3;s:10:\"08-30-2026\";i:3;s:10:\"08-31-2026\";i:3;s:10:\"09-01-2026\";i:1;s:10:\"09-02-2026\";i:1;s:10:\"09-03-2026\";i:2;s:10:\"09-04-2026\";i:3;s:10:\"09-05-2026\";i:1;}"],"houzez_recently_viewed":["2026-09-05 08:29:16"]},"yoast_head":"<!-- This site is optimized with the Yoast SEO plugin v18.6 - https:\/\/yoast.com\/wordpress\/plugins\/seo\/ -->\n<title>BAUGRUNDST\u00dcCK IN LAS PALMERAS - Gestpropiedad<\/title>\n<meta name=\"robots\" content=\"index, follow, max-snippet:-1, max-image-preview:large, max-video-preview:-1\" \/>\n<link rel=\"canonical\" href=\"https:\/\/gestpropiedad.com\/de\/inmueble\/venta\/terreno-urbano\/illes-balears\/llucmajor\/16ammn003\/\" \/>\n<meta property=\"og:locale\" content=\"de_DE\" \/>\n<meta property=\"og:type\" content=\"article\" \/>\n<meta property=\"og:title\" content=\"BAUGRUNDST\u00dcCK IN LAS PALMERAS - Gestpropiedad\" \/>\n<meta property=\"og:description\" content=\"Exklusiv zu verkaufen: hervorragendes bebaubares Stadtgrundst\u00fcck in der Wohnsiedlung Las Palmeras \u2013 Llucmajor, Mallorca~~Einmalige Gelegenheit, Ihr Traumhaus in einer der ruhigsten und begehrtesten Wohngegenden von Llucmajor zu errichten.~~Die Eigenschaften des Grundst\u00fccks sind:~~Fl\u00e4che: 620 m\u00b2~Bebaubares Stadtgrundst\u00fcck~Maximale\" \/>\n<meta property=\"og:url\" content=\"https:\/\/gestpropiedad.com\/de\/inmueble\/venta\/terreno-urbano\/illes-balears\/llucmajor\/16ammn003\/\" \/>\n<meta property=\"og:site_name\" content=\"Gestpropiedad\" \/>\n<meta property=\"article:modified_time\" content=\"2026-09-03T16:55:22+00:00\" \/>\n<meta property=\"og:image\" content=\"https:\/\/fotos15.apinmo.com\/10961\/29449777\/13-1.jpg\" \/>\n\t<meta property=\"og:image:width\" content=\"850\" \/>\n\t<meta property=\"og:image:height\" content=\"426\" \/>\n\t<meta property=\"og:image:type\" content=\"image\/jpeg\" \/>\n<meta name=\"twitter:card\" content=\"summary_large_image\" \/>\n<meta name=\"twitter:label1\" content=\"Gesch\u00e4tzte Lesezeit\" \/>\n\t<meta name=\"twitter:data1\" content=\"1\u00a0Minute\" \/>\n<script type=\"application\/ld+json\" class=\"yoast-schema-graph\">{\"@context\":\"https:\/\/schema.org\",\"@graph\":[{\"@type\":\"Organization\",\"@id\":\"https:\/\/gestpropiedad.com\/#organization\",\"name\":\"Gestpropiedad\",\"url\":\"https:\/\/gestpropiedad.com\/\",\"sameAs\":[],\"logo\":{\"@type\":\"ImageObject\",\"@id\":\"https:\/\/gestpropiedad.com\/#logo\",\"inLanguage\":\"de\",\"url\":\"https:\/\/gestpropiedad.com\/wp-content\/uploads\/2021\/11\/logogp-b.svg\",\"contentUrl\":\"https:\/\/gestpropiedad.com\/wp-content\/uploads\/2021\/11\/logogp-b.svg\",\"width\":115,\"height\":60,\"caption\":\"Gestpropiedad\"},\"image\":{\"@id\":\"https:\/\/gestpropiedad.com\/#logo\"}},{\"@type\":\"WebSite\",\"@id\":\"https:\/\/gestpropiedad.com\/#website\",\"url\":\"https:\/\/gestpropiedad.com\/\",\"name\":\"Gestpropiedad\",\"description\":\"Inmobiliaria especializada en Mallorca. Islas Baleares\",\"publisher\":{\"@id\":\"https:\/\/gestpropiedad.com\/#organization\"},\"potentialAction\":[{\"@type\":\"SearchAction\",\"target\":{\"@type\":\"EntryPoint\",\"urlTemplate\":\"https:\/\/gestpropiedad.com\/?s={search_term_string}\"},\"query-input\":\"required name=search_term_string\"}],\"inLanguage\":\"de\"},{\"@type\":\"ImageObject\",\"@id\":\"https:\/\/gestpropiedad.com\/de\/inmueble\/venta\/terreno-urbano\/illes-balears\/llucmajor\/16ammn003\/#primaryimage\",\"inLanguage\":\"de\",\"url\":\"https:\/\/fotos15.apinmo.com\/10961\/29449777\/13-1.jpg\",\"contentUrl\":\"https:\/\/fotos15.apinmo.com\/10961\/29449777\/13-1.jpg\",\"width\":850,\"height\":426,\"caption\":\"Parcela edificable en las palmeras - imagenInmueble0\"},{\"@type\":[\"WebPage\",\"RealEstateListing\"],\"@id\":\"https:\/\/gestpropiedad.com\/de\/inmueble\/venta\/terreno-urbano\/illes-balears\/llucmajor\/16ammn003\/#webpage\",\"url\":\"https:\/\/gestpropiedad.com\/de\/inmueble\/venta\/terreno-urbano\/illes-balears\/llucmajor\/16ammn003\/\",\"name\":\"BAUGRUNDST\u00dcCK IN LAS PALMERAS - Gestpropiedad\",\"isPartOf\":{\"@id\":\"https:\/\/gestpropiedad.com\/#website\"},\"primaryImageOfPage\":{\"@id\":\"https:\/\/gestpropiedad.com\/de\/inmueble\/venta\/terreno-urbano\/illes-balears\/llucmajor\/16ammn003\/#primaryimage\"},\"datePublished\":\"2026-09-05T05:03:17+00:00\",\"dateModified\":\"2026-09-03T16:55:22+00:00\",\"breadcrumb\":{\"@id\":\"https:\/\/gestpropiedad.com\/de\/inmueble\/venta\/terreno-urbano\/illes-balears\/llucmajor\/16ammn003\/#breadcrumb\"},\"inLanguage\":\"de\",\"potentialAction\":[{\"@type\":\"ReadAction\",\"target\":[\"https:\/\/gestpropiedad.com\/de\/inmueble\/venta\/terreno-urbano\/illes-balears\/llucmajor\/16ammn003\/\"]}]},{\"@type\":\"BreadcrumbList\",\"@id\":\"https:\/\/gestpropiedad.com\/de\/inmueble\/venta\/terreno-urbano\/illes-balears\/llucmajor\/16ammn003\/#breadcrumb\",\"itemListElement\":[{\"@type\":\"ListItem\",\"position\":1,\"name\":\"Portada\",\"item\":\"https:\/\/gestpropiedad.com\/\"},{\"@type\":\"ListItem\",\"position\":2,\"name\":\"Eigenschaften\",\"item\":\"https:\/\/gestpropiedad.com\/de\/inmueble\/\"},{\"@type\":\"ListItem\",\"position\":3,\"name\":\"PARCELA EDIFICABLE EN LAS PALMERAS\"}]}]}<\/script>\n<!-- \/ Yoast SEO plugin. -->","yoast_head_json":{"title":"BAUGRUNDST\u00dcCK IN LAS PALMERAS - Gestpropiedad","robots":{"index":"index","follow":"follow","max-snippet":"max-snippet:-1","max-image-preview":"max-image-preview:large","max-video-preview":"max-video-preview:-1"},"canonical":"https:\/\/gestpropiedad.com\/de\/inmueble\/venta\/terreno-urbano\/illes-balears\/llucmajor\/16ammn003\/","og_locale":"de_DE","og_type":"article","og_title":"BAUGRUNDST\u00dcCK IN LAS PALMERAS - Gestpropiedad","og_description":"Exklusiv zu verkaufen: hervorragendes bebaubares Stadtgrundst\u00fcck in der Wohnsiedlung Las Palmeras \u2013 Llucmajor, Mallorca~~Einmalige Gelegenheit, Ihr Traumhaus in einer der ruhigsten und begehrtesten Wohngegenden von Llucmajor zu errichten.~~Die Eigenschaften des Grundst\u00fccks sind:~~Fl\u00e4che: 620 m\u00b2~Bebaubares Stadtgrundst\u00fcck~Maximale","og_url":"https:\/\/gestpropiedad.com\/de\/inmueble\/venta\/terreno-urbano\/illes-balears\/llucmajor\/16ammn003\/","og_site_name":"Gestpropiedad","article_modified_time":"2026-09-03T16:55:22+00:00","og_image":[{"width":850,"height":426,"url":"https:\/\/fotos15.apinmo.com\/10961\/29449777\/13-1.jpg","type":"image\/jpeg"}],"twitter_card":"summary_large_image","twitter_misc":{"Gesch\u00e4tzte Lesezeit":"1\u00a0Minute"},"schema":{"@context":"https:\/\/schema.org","@graph":[{"@type":"Organization","@id":"https:\/\/gestpropiedad.com\/#organization","name":"Gestpropiedad","url":"https:\/\/gestpropiedad.com\/","sameAs":[],"logo":{"@type":"ImageObject","@id":"https:\/\/gestpropiedad.com\/#logo","inLanguage":"de","url":"https:\/\/gestpropiedad.com\/wp-content\/uploads\/2021\/11\/logogp-b.svg","contentUrl":"https:\/\/gestpropiedad.com\/wp-content\/uploads\/2021\/11\/logogp-b.svg","width":115,"height":60,"caption":"Gestpropiedad"},"image":{"@id":"https:\/\/gestpropiedad.com\/#logo"}},{"@type":"WebSite","@id":"https:\/\/gestpropiedad.com\/#website","url":"https:\/\/gestpropiedad.com\/","name":"Gestpropiedad","description":"Inmobiliaria especializada en Mallorca. Islas Baleares","publisher":{"@id":"https:\/\/gestpropiedad.com\/#organization"},"potentialAction":[{"@type":"SearchAction","target":{"@type":"EntryPoint","urlTemplate":"https:\/\/gestpropiedad.com\/?s={search_term_string}"},"query-input":"required name=search_term_string"}],"inLanguage":"de"},{"@type":"ImageObject","@id":"https:\/\/gestpropiedad.com\/de\/inmueble\/venta\/terreno-urbano\/illes-balears\/llucmajor\/16ammn003\/#primaryimage","inLanguage":"de","url":"https:\/\/fotos15.apinmo.com\/10961\/29449777\/13-1.jpg","contentUrl":"https:\/\/fotos15.apinmo.com\/10961\/29449777\/13-1.jpg","width":850,"height":426,"caption":"Parcela edificable en las palmeras - imagenInmueble0"},{"@type":["WebPage","RealEstateListing"],"@id":"https:\/\/gestpropiedad.com\/de\/inmueble\/venta\/terreno-urbano\/illes-balears\/llucmajor\/16ammn003\/#webpage","url":"https:\/\/gestpropiedad.com\/de\/inmueble\/venta\/terreno-urbano\/illes-balears\/llucmajor\/16ammn003\/","name":"BAUGRUNDST\u00dcCK IN LAS PALMERAS - Gestpropiedad","isPartOf":{"@id":"https:\/\/gestpropiedad.com\/#website"},"primaryImageOfPage":{"@id":"https:\/\/gestpropiedad.com\/de\/inmueble\/venta\/terreno-urbano\/illes-balears\/llucmajor\/16ammn003\/#primaryimage"},"datePublished":"2026-09-05T05:03:17+00:00","dateModified":"2026-09-03T16:55:22+00:00","breadcrumb":{"@id":"https:\/\/gestpropiedad.com\/de\/inmueble\/venta\/terreno-urbano\/illes-balears\/llucmajor\/16ammn003\/#breadcrumb"},"inLanguage":"de","potentialAction":[{"@type":"ReadAction","target":["https:\/\/gestpropiedad.com\/de\/inmueble\/venta\/terreno-urbano\/illes-balears\/llucmajor\/16ammn003\/"]}]},{"@type":"BreadcrumbList","@id":"https:\/\/gestpropiedad.com\/de\/inmueble\/venta\/terreno-urbano\/illes-balears\/llucmajor\/16ammn003\/#breadcrumb","itemListElement":[{"@type":"ListItem","position":1,"name":"Portada","item":"https:\/\/gestpropiedad.com\/"},{"@type":"ListItem","position":2,"name":"Eigenschaften","item":"https:\/\/gestpropiedad.com\/de\/inmueble\/"},{"@type":"ListItem","position":3,"name":"PARCELA EDIFICABLE EN LAS PALMERAS"}]}]}},"_links":{"self":[{"href":"https:\/\/gestpropiedad.com\/de\/wp-json\/wp\/v2\/properties\/30331614"}],"collection":[{"href":"https:\/\/gestpropiedad.com\/de\/wp-json\/wp\/v2\/properties"}],"about":[{"href":"https:\/\/gestpropiedad.com\/de\/wp-json\/wp\/v2\/types\/property"}],"author":[{"embeddable":true,"href":"https:\/\/gestpropiedad.com\/de\/wp-json\/wp\/v2\/users\/4"}],"version-history":[{"count":0,"href":"https:\/\/gestpropiedad.com\/de\/wp-json\/wp\/v2\/properties\/30331614\/revisions"}],"wp:featuredmedia":[{"embeddable":true,"href":"https:\/\/gestpropiedad.com\/de\/wp-json\/wp\/v2\/media\/30331615"}],"wp:attachment":[{"href":"https:\/\/gestpropiedad.com\/de\/wp-json\/wp\/v2\/media?parent=30331614"}],"wp:term":[{"taxonomy":"property_type","embeddable":true,"href":"https:\/\/gestpropiedad.com\/de\/wp-json\/wp\/v2\/property_type?post=30331614"},{"taxonomy":"property_status","embeddable":true,"href":"https:\/\/gestpropiedad.com\/de\/wp-json\/wp\/v2\/property_status?post=30331614"},{"taxonomy":"property_feature","embeddable":true,"href":"https:\/\/gestpropiedad.com\/de\/wp-json\/wp\/v2\/property_feature?post=30331614"},{"taxonomy":"property_label","embeddable":true,"href":"https:\/\/gestpropiedad.com\/de\/wp-json\/wp\/v2\/property_label?post=30331614"},{"taxonomy":"property_state","embeddable":true,"href":"https:\/\/gestpropiedad.com\/de\/wp-json\/wp\/v2\/property_state?post=30331614"},{"taxonomy":"property_city","embeddable":true,"href":"https:\/\/gestpropiedad.com\/de\/wp-json\/wp\/v2\/property_city?post=30331614"},{"taxonomy":"property_area","embeddable":true,"href":"https:\/\/gestpropiedad.com\/de\/wp-json\/wp\/v2\/property_area?post=30331614"}],"curies":[{"name":"wp","href":"https:\/\/api.w.org\/{rel}","templated":true}]}}