

{"id":28496765,"date":"2026-04-29T12:32:28","date_gmt":"2026-04-29T12:32:28","guid":{"rendered":"https:\/\/www.gestpropiedad.com\/inmueble\/venta\/piso\/illes-balears\/palma\/05jrp193sclf\/"},"modified":"2026-04-29T12:32:28","modified_gmt":"2026-04-29T12:32:28","slug":"investitionsmoglichkeit-in-palma-wohnung-05jrp193sclf","status":"publish","type":"property","link":"https:\/\/gestpropiedad.com\/de\/inmueble\/venta\/piso\/illes-balears\/palma\/05jrp193sclf\/","title":{"rendered":"Investitionsm\u00f6glichkeit in Palma \u2013 WOHNUNG"},"content":{"rendered":"<p>Investitionsm\u00f6glichkeit in Palma \u2013 Stadtteil Son Forteza mit einer Miete von 1.500 &euro; pro Monat<br \/>Es wird eine ger\u00e4umige Wohnung mit Aufzug verkauft, die derzeit vermietet ist und sich ideal f\u00fcr Investoren eignet, die eine sofortige und gesicherte Rendite suchen.<br \/>Die Wohnung verf\u00fcgt \u00fcber einen festen und zahlungsf\u00e4higen Mieter, der nachweislich p\u00fcnktlich zahlt, was von Anfang an Einnahmen garantiert, ohne dass nach Mietern gesucht werden muss.<br \/>Die Immobilie verf\u00fcgt \u00fcber ein helles, gro\u00dfz\u00fcgiges Wohnzimmer mit Zugang zum Balkon, eine separate K\u00fcche mit Speisekammer, 4 Schlafzimmer mit Einbauschr\u00e4nken (3 Doppel- und 1 Einzelzimmer) sowie 2 komplett ausgestattete Badezimmer \u2013 Eigenschaften, die eine hohe Mietnachfrage gew\u00e4hrleisten.<br \/>Die Immobilie befindet sich in einem Geb\u00e4ude mit Aufzug und verf\u00fcgt \u00fcber einen Abstellraum im Untergeschoss, was den Wert der Immobilie steigert und ihre Attraktivit\u00e4t auf dem Mietmarkt erh\u00f6ht.<br \/>Sichere Investition in einer etablierten Gegend mit guter Nachfrage und garantierter Rentabilit\u00e4t.<br \/>Verkauf durch GestPropiedad Manacor.<br \/>F\u00fcr weitere Informationen oder Details zur Rentabilit\u00e4t z\u00f6gern Sie bitte nicht, uns zu kontaktieren.<\/p>\n","protected":false},"excerpt":{"rendered":"<p>Investitionsm\u00f6glichkeit in Palma \u2013 Stadtteil Son Forteza mit einer Miete von 1.500 &euro; pro Monat~Es wird eine ger\u00e4umige Wohnung mit Aufzug verkauft, die derzeit vermietet ist und sich ideal f\u00fcr Investoren eignet, die eine sofortige und gesicherte Rendite suchen.~Die Wohnung verf\u00fcgt \u00fcber einen festen und zahlungsf\u00e4higen Mieter, <\/p>\n","protected":false},"author":4,"featured_media":28496766,"parent":0,"menu_order":0,"template":"","property_type":[1929],"property_status":[438],"property_feature":[1198,1207,1905,1913,1911],"property_label":[],"property_state":[901],"property_city":[902],"property_area":[1103],"acf":[],"property_meta":{"fave_agent":["21514817"],"fave_agents":["21514817"],"fave_agent_display_option":["agent_info"],"fave_agency":["22941544"],"property_agent":["21514817"],"custom_permalink":["inmueble\/venta\/piso\/illes-balears\/palma\/05jrp193sclf\/"],"_thumbnail_id":["28496766"],"post_id":["Array"],"original_author":["4"],"_edit_lock":["1604137107:1"],"_edit_last":["1"],"fave_property_map_street_view":["show"],"fave_payment_status":["not_paid"],"fave_single_top_area":["global"],"fave_single_content_area":["global"],"houzez_manual_expire":["0"],"fave_property_size_prefix":["m&sup2;"],"fave_property_map":["1"],"fave_additional_features_enable":["disable"],"fave_floor_plans_enable":["disable"],"fave_multiunit_plans_enable":["disable"],"fave_prop_homeslider":["no"],"fave_featured":["0"],"fave_property_address":["Palma,Illes Balears"],"fave_property_zip":["07004"],"houzez_geolocation_lat":["39.579591952"],"houzez_geolocation_long":["2.659615112"],"fave_property_location":["39.579591952,2.659615112"],"fave_property_country":["ES"],"fave_property_map_address":["Palma,Illes Balears,Spain"],"referencia":["05jrp193sclf"],"fave_property_id":["05jrp193sclf"],"fave_property_bedrooms":["4"],"fave_property_bathrooms":["2"],"fave_property_garage":["0"],"fave_property_land":["0"],"ave_property_land_postfix":["m&sup2;"],"fave_property_size":["130"],"fave_property_year":["2010"],"fave_energy_global_index":["0 kWh\/m&sup2; \/1234.99 Kg CO2\/m&sup2;"],"fave_energy_class":["G"],"estate_attr_energy_class":["G"],"REAL_HOMES_property_emisiones":["1234.99"],"REAL_HOMES_property_consumo":["0"],"REAL_HOMES_property_letra":["G"],"estate_video":[""],"fave_virtual_tour":["<iframe src=\"https:\/\/crm.inmovilla.com\/fotosvr\/tour.php?cod=28974088.3010\" width=\"820\" height=\"500\" frameborder=\"0\" style=\"border:0\"><\/iframe><div class=\"enlacetour\"><a class=\"enlacetour2\" title=\"Ver tour virtual\" href=\"https:\/\/crm.inmovilla.com\/fotosvr\/tour.php?cod=28974088.3010\" target=\"_blank\">FULL SCREEN<\/a><\/div>"],"vendidoInmueble":[""],"fave_property_price":["339000"],"fave_property_price_postfix":[""],"fave_property_images":["28496766","28496767","28496768","28496769","28496770","28496771","28496772","28496773","28496774","28496775","28496776","28496777","28496778","28496779","28496780","28496781","28496782","28496783","28496784","28496785","28496786"],"houzez_total_property_views":["1"],"houzez_views_by_date":["a:1:{s:10:\"05-02-2026\";i:1;}"],"houzez_recently_viewed":["2026-05-02 10:32:45"]},"yoast_head":"<!-- This site is optimized with the Yoast SEO plugin v18.6 - https:\/\/yoast.com\/wordpress\/plugins\/seo\/ -->\n<title>Investitionsm\u00f6glichkeit in Palma \u2013 WOHNUNG - Gestpropiedad<\/title>\n<meta name=\"robots\" content=\"index, follow, max-snippet:-1, max-image-preview:large, max-video-preview:-1\" \/>\n<link rel=\"canonical\" href=\"https:\/\/gestpropiedad.com\/de\/inmueble\/venta\/piso\/illes-balears\/palma\/05jrp193sclf\/\" \/>\n<meta property=\"og:locale\" content=\"de_DE\" \/>\n<meta property=\"og:type\" content=\"article\" \/>\n<meta property=\"og:title\" content=\"Investitionsm\u00f6glichkeit in Palma \u2013 WOHNUNG - Gestpropiedad\" \/>\n<meta property=\"og:description\" content=\"Investitionsm\u00f6glichkeit in Palma \u2013 Stadtteil Son Forteza mit einer Miete von 1.500 &euro; pro Monat~Es wird eine ger\u00e4umige Wohnung mit Aufzug verkauft, die derzeit vermietet ist und sich ideal f\u00fcr Investoren eignet, die eine sofortige und gesicherte Rendite suchen.~Die Wohnung verf\u00fcgt \u00fcber einen festen und zahlungsf\u00e4higen Mieter,\" \/>\n<meta property=\"og:url\" content=\"https:\/\/gestpropiedad.com\/de\/inmueble\/venta\/piso\/illes-balears\/palma\/05jrp193sclf\/\" \/>\n<meta property=\"og:site_name\" content=\"Gestpropiedad\" \/>\n<meta property=\"og:image\" content=\"https:\/\/fotos15.apinmo.com\/3010\/28974088\/1-1.jpg\" \/>\n\t<meta property=\"og:image:width\" content=\"850\" \/>\n\t<meta property=\"og:image:height\" content=\"426\" \/>\n\t<meta property=\"og:image:type\" content=\"image\/jpeg\" \/>\n<meta name=\"twitter:card\" content=\"summary_large_image\" \/>\n<meta name=\"twitter:label1\" content=\"Gesch\u00e4tzte Lesezeit\" \/>\n\t<meta name=\"twitter:data1\" content=\"1\u00a0Minute\" \/>\n<script type=\"application\/ld+json\" class=\"yoast-schema-graph\">{\"@context\":\"https:\/\/schema.org\",\"@graph\":[{\"@type\":\"Organization\",\"@id\":\"https:\/\/gestpropiedad.com\/#organization\",\"name\":\"Gestpropiedad\",\"url\":\"https:\/\/gestpropiedad.com\/\",\"sameAs\":[],\"logo\":{\"@type\":\"ImageObject\",\"@id\":\"https:\/\/gestpropiedad.com\/#logo\",\"inLanguage\":\"de\",\"url\":\"https:\/\/gestpropiedad.com\/wp-content\/uploads\/2021\/11\/logogp-b.svg\",\"contentUrl\":\"https:\/\/gestpropiedad.com\/wp-content\/uploads\/2021\/11\/logogp-b.svg\",\"width\":115,\"height\":60,\"caption\":\"Gestpropiedad\"},\"image\":{\"@id\":\"https:\/\/gestpropiedad.com\/#logo\"}},{\"@type\":\"WebSite\",\"@id\":\"https:\/\/gestpropiedad.com\/#website\",\"url\":\"https:\/\/gestpropiedad.com\/\",\"name\":\"Gestpropiedad\",\"description\":\"Inmobiliaria especializada en Mallorca. Islas Baleares\",\"publisher\":{\"@id\":\"https:\/\/gestpropiedad.com\/#organization\"},\"potentialAction\":[{\"@type\":\"SearchAction\",\"target\":{\"@type\":\"EntryPoint\",\"urlTemplate\":\"https:\/\/gestpropiedad.com\/?s={search_term_string}\"},\"query-input\":\"required name=search_term_string\"}],\"inLanguage\":\"de\"},{\"@type\":\"ImageObject\",\"@id\":\"https:\/\/gestpropiedad.com\/de\/inmueble\/venta\/piso\/illes-balears\/palma\/05jrp193sclf\/#primaryimage\",\"inLanguage\":\"de\",\"url\":\"https:\/\/fotos15.apinmo.com\/3010\/28974088\/1-1.jpg\",\"contentUrl\":\"https:\/\/fotos15.apinmo.com\/3010\/28974088\/1-1.jpg\",\"width\":850,\"height\":426,\"caption\":\"Oportunidad para inversores en palma - piso - imagenInmueble0\"},{\"@type\":[\"WebPage\",\"RealEstateListing\"],\"@id\":\"https:\/\/gestpropiedad.com\/de\/inmueble\/venta\/piso\/illes-balears\/palma\/05jrp193sclf\/#webpage\",\"url\":\"https:\/\/gestpropiedad.com\/de\/inmueble\/venta\/piso\/illes-balears\/palma\/05jrp193sclf\/\",\"name\":\"Investitionsm\u00f6glichkeit in Palma \u2013 WOHNUNG - Gestpropiedad\",\"isPartOf\":{\"@id\":\"https:\/\/gestpropiedad.com\/#website\"},\"primaryImageOfPage\":{\"@id\":\"https:\/\/gestpropiedad.com\/de\/inmueble\/venta\/piso\/illes-balears\/palma\/05jrp193sclf\/#primaryimage\"},\"datePublished\":\"2026-04-29T12:32:28+00:00\",\"dateModified\":\"2026-04-29T12:32:28+00:00\",\"breadcrumb\":{\"@id\":\"https:\/\/gestpropiedad.com\/de\/inmueble\/venta\/piso\/illes-balears\/palma\/05jrp193sclf\/#breadcrumb\"},\"inLanguage\":\"de\",\"potentialAction\":[{\"@type\":\"ReadAction\",\"target\":[\"https:\/\/gestpropiedad.com\/de\/inmueble\/venta\/piso\/illes-balears\/palma\/05jrp193sclf\/\"]}]},{\"@type\":\"BreadcrumbList\",\"@id\":\"https:\/\/gestpropiedad.com\/de\/inmueble\/venta\/piso\/illes-balears\/palma\/05jrp193sclf\/#breadcrumb\",\"itemListElement\":[{\"@type\":\"ListItem\",\"position\":1,\"name\":\"Portada\",\"item\":\"https:\/\/gestpropiedad.com\/\"},{\"@type\":\"ListItem\",\"position\":2,\"name\":\"Eigenschaften\",\"item\":\"https:\/\/gestpropiedad.com\/de\/inmueble\/\"},{\"@type\":\"ListItem\",\"position\":3,\"name\":\"Investitionsm\u00f6glichkeit in Palma \u2013 WOHNUNG\"}]}]}<\/script>\n<!-- \/ Yoast SEO plugin. -->","yoast_head_json":{"title":"Investitionsm\u00f6glichkeit in Palma \u2013 WOHNUNG - Gestpropiedad","robots":{"index":"index","follow":"follow","max-snippet":"max-snippet:-1","max-image-preview":"max-image-preview:large","max-video-preview":"max-video-preview:-1"},"canonical":"https:\/\/gestpropiedad.com\/de\/inmueble\/venta\/piso\/illes-balears\/palma\/05jrp193sclf\/","og_locale":"de_DE","og_type":"article","og_title":"Investitionsm\u00f6glichkeit in Palma \u2013 WOHNUNG - Gestpropiedad","og_description":"Investitionsm\u00f6glichkeit in Palma \u2013 Stadtteil Son Forteza mit einer Miete von 1.500 &euro; pro Monat~Es wird eine ger\u00e4umige Wohnung mit Aufzug verkauft, die derzeit vermietet ist und sich ideal f\u00fcr Investoren eignet, die eine sofortige und gesicherte Rendite suchen.~Die Wohnung verf\u00fcgt \u00fcber einen festen und zahlungsf\u00e4higen Mieter,","og_url":"https:\/\/gestpropiedad.com\/de\/inmueble\/venta\/piso\/illes-balears\/palma\/05jrp193sclf\/","og_site_name":"Gestpropiedad","og_image":[{"width":850,"height":426,"url":"https:\/\/fotos15.apinmo.com\/3010\/28974088\/1-1.jpg","type":"image\/jpeg"}],"twitter_card":"summary_large_image","twitter_misc":{"Gesch\u00e4tzte Lesezeit":"1\u00a0Minute"},"schema":{"@context":"https:\/\/schema.org","@graph":[{"@type":"Organization","@id":"https:\/\/gestpropiedad.com\/#organization","name":"Gestpropiedad","url":"https:\/\/gestpropiedad.com\/","sameAs":[],"logo":{"@type":"ImageObject","@id":"https:\/\/gestpropiedad.com\/#logo","inLanguage":"de","url":"https:\/\/gestpropiedad.com\/wp-content\/uploads\/2021\/11\/logogp-b.svg","contentUrl":"https:\/\/gestpropiedad.com\/wp-content\/uploads\/2021\/11\/logogp-b.svg","width":115,"height":60,"caption":"Gestpropiedad"},"image":{"@id":"https:\/\/gestpropiedad.com\/#logo"}},{"@type":"WebSite","@id":"https:\/\/gestpropiedad.com\/#website","url":"https:\/\/gestpropiedad.com\/","name":"Gestpropiedad","description":"Inmobiliaria especializada en Mallorca. Islas Baleares","publisher":{"@id":"https:\/\/gestpropiedad.com\/#organization"},"potentialAction":[{"@type":"SearchAction","target":{"@type":"EntryPoint","urlTemplate":"https:\/\/gestpropiedad.com\/?s={search_term_string}"},"query-input":"required name=search_term_string"}],"inLanguage":"de"},{"@type":"ImageObject","@id":"https:\/\/gestpropiedad.com\/de\/inmueble\/venta\/piso\/illes-balears\/palma\/05jrp193sclf\/#primaryimage","inLanguage":"de","url":"https:\/\/fotos15.apinmo.com\/3010\/28974088\/1-1.jpg","contentUrl":"https:\/\/fotos15.apinmo.com\/3010\/28974088\/1-1.jpg","width":850,"height":426,"caption":"Oportunidad para inversores en palma - piso - imagenInmueble0"},{"@type":["WebPage","RealEstateListing"],"@id":"https:\/\/gestpropiedad.com\/de\/inmueble\/venta\/piso\/illes-balears\/palma\/05jrp193sclf\/#webpage","url":"https:\/\/gestpropiedad.com\/de\/inmueble\/venta\/piso\/illes-balears\/palma\/05jrp193sclf\/","name":"Investitionsm\u00f6glichkeit in Palma \u2013 WOHNUNG - Gestpropiedad","isPartOf":{"@id":"https:\/\/gestpropiedad.com\/#website"},"primaryImageOfPage":{"@id":"https:\/\/gestpropiedad.com\/de\/inmueble\/venta\/piso\/illes-balears\/palma\/05jrp193sclf\/#primaryimage"},"datePublished":"2026-04-29T12:32:28+00:00","dateModified":"2026-04-29T12:32:28+00:00","breadcrumb":{"@id":"https:\/\/gestpropiedad.com\/de\/inmueble\/venta\/piso\/illes-balears\/palma\/05jrp193sclf\/#breadcrumb"},"inLanguage":"de","potentialAction":[{"@type":"ReadAction","target":["https:\/\/gestpropiedad.com\/de\/inmueble\/venta\/piso\/illes-balears\/palma\/05jrp193sclf\/"]}]},{"@type":"BreadcrumbList","@id":"https:\/\/gestpropiedad.com\/de\/inmueble\/venta\/piso\/illes-balears\/palma\/05jrp193sclf\/#breadcrumb","itemListElement":[{"@type":"ListItem","position":1,"name":"Portada","item":"https:\/\/gestpropiedad.com\/"},{"@type":"ListItem","position":2,"name":"Eigenschaften","item":"https:\/\/gestpropiedad.com\/de\/inmueble\/"},{"@type":"ListItem","position":3,"name":"Investitionsm\u00f6glichkeit in Palma \u2013 WOHNUNG"}]}]}},"_links":{"self":[{"href":"https:\/\/gestpropiedad.com\/de\/wp-json\/wp\/v2\/properties\/28496765"}],"collection":[{"href":"https:\/\/gestpropiedad.com\/de\/wp-json\/wp\/v2\/properties"}],"about":[{"href":"https:\/\/gestpropiedad.com\/de\/wp-json\/wp\/v2\/types\/property"}],"author":[{"embeddable":true,"href":"https:\/\/gestpropiedad.com\/de\/wp-json\/wp\/v2\/users\/4"}],"version-history":[{"count":0,"href":"https:\/\/gestpropiedad.com\/de\/wp-json\/wp\/v2\/properties\/28496765\/revisions"}],"wp:featuredmedia":[{"embeddable":true,"href":"https:\/\/gestpropiedad.com\/de\/wp-json\/wp\/v2\/media\/28496766"}],"wp:attachment":[{"href":"https:\/\/gestpropiedad.com\/de\/wp-json\/wp\/v2\/media?parent=28496765"}],"wp:term":[{"taxonomy":"property_type","embeddable":true,"href":"https:\/\/gestpropiedad.com\/de\/wp-json\/wp\/v2\/property_type?post=28496765"},{"taxonomy":"property_status","embeddable":true,"href":"https:\/\/gestpropiedad.com\/de\/wp-json\/wp\/v2\/property_status?post=28496765"},{"taxonomy":"property_feature","embeddable":true,"href":"https:\/\/gestpropiedad.com\/de\/wp-json\/wp\/v2\/property_feature?post=28496765"},{"taxonomy":"property_label","embeddable":true,"href":"https:\/\/gestpropiedad.com\/de\/wp-json\/wp\/v2\/property_label?post=28496765"},{"taxonomy":"property_state","embeddable":true,"href":"https:\/\/gestpropiedad.com\/de\/wp-json\/wp\/v2\/property_state?post=28496765"},{"taxonomy":"property_city","embeddable":true,"href":"https:\/\/gestpropiedad.com\/de\/wp-json\/wp\/v2\/property_city?post=28496765"},{"taxonomy":"property_area","embeddable":true,"href":"https:\/\/gestpropiedad.com\/de\/wp-json\/wp\/v2\/property_area?post=28496765"}],"curies":[{"name":"wp","href":"https:\/\/api.w.org\/{rel}","templated":true}]}}