

{"id":28493854,"date":"2026-03-24T12:00:37","date_gmt":"2026-03-24T12:00:37","guid":{"rendered":"https:\/\/www.gestpropiedad.com\/inmueble\/venta\/piso\/illes-balears\/campos\/04nhdl009\/"},"modified":"2026-03-24T12:00:37","modified_gmt":"2026-03-24T12:00:37","slug":"fertiggestellte-neubau-wohnanlage-in-sa-rapita-neben-es-trenc-04nhdl009","status":"publish","type":"property","link":"https:\/\/gestpropiedad.com\/de\/inmueble\/venta\/piso\/illes-balears\/campos\/04nhdl009\/","title":{"rendered":"Fertiggestellte Neubau-Wohnanlage in Sa R\u00e0pita, neben Es Trenc"},"content":{"rendered":"<p>Entdecken Sie diese exklusive Wohnanlage mit schl\u00fcsselfertigen Neubauwohnungen in Sa R\u00e0pita im S\u00fcden Mallorcas, nur wenige Minuten vom spektakul\u00e4ren Strand Es Trenc entfernt. Bereits \u00fcber 45 % der Einheiten sind verkauft, was das gro\u00dfe Interesse an dieser Wohnanlage in privilegierter Lage best\u00e4tigt, wo Ruhe, Natur und mediterraner Lebensstil perfekt miteinander verschmelzen.<\/p>\n<p>Die Wohnungen mit 2 und 3 Schlafzimmern bieten Wohnfl\u00e4chen zwischen 94 und 115 m\u00b2 und wurden so konzipiert, dass sie Gro\u00dfz\u00fcgigkeit, Komfort und Funktionalit\u00e4t vereinen. Erdgeschosswohnungen verf\u00fcgen \u00fcber Terrasse und privaten Garten, w\u00e4hrend die Penth\u00e4user mit \u00fcberdachten Terrassen und gro\u00dfz\u00fcgigen Dachterrassen von bis zu 115 m\u00b2 \u00fcberzeugen \u2013 ideal, um das Inselklima zu genie\u00dfen.<\/p>\n<p>Zu jeder Wohnung geh\u00f6ren ein \u00fcberdachter Parkplatz mit Vorinstallation f\u00fcr eine Ladestation f\u00fcr Elektrofahrzeuge sowie ein Abstellraum.<\/p>\n<p>Die Wohnanlage bietet umfassende Gemeinschaftsbereiche f\u00fcr Ihr Wohlbefinden: gepflegte G\u00e4rten, einen Salzwasserpool und ein vollst\u00e4ndig ausgestattetes Fitnessstudio.<\/p>\n<p>Ausstattung und Qualit\u00e4t:<\/p>\n<p>Elektrische Fu\u00dfbodenheizung in den B\u00e4dern<\/p>\n<p>Klimaanlage mit W\u00e4rmepumpe und Inverter-Technologie<\/p>\n<p>Gro\u00dfformatige Feinsteinzeugb\u00f6den<\/p>\n<p>Aluminiumfenster mit Doppelverglasung<\/p>\n<p>Aluminiumrolll\u00e4den in den Schlafzimmern<\/p>\n<p>Sicherheitseingangst\u00fcr<\/p>\n<p>Einbauschr\u00e4nke<\/p>\n<p>Voll ausgestattete K\u00fcche mit Elektroger\u00e4ten (Bosch oder \u00e4hnlich), Induktionskochfeld, Backofen und Dunstabzugshaube<\/p>\n<p>Badezimmer mit Armaturen von Hansgrohe und Designer-Sanit\u00e4ranlagen (Duravit im Hauptbad)<\/p>\n<p>Bel\u00fcftungssystem f\u00fcr optimale Innenraumluftqualit\u00e4t<\/p>\n<p>TV-TDT-SAT-Anschluss im Wohnzimmer und in den Schlafzimmern<\/p>\n<p>Lage:<br \/>In der Gegend von Sa Vinyola gelegen, befindet sich diese Wohnanlage nur 40 Minuten von Palma und 30 Minuten vom Flughafen entfernt. Die Umgebung bietet eine unvergleichliche Naturlandschaft mit Zugang zu einigen der sch\u00f6nsten Str\u00e4nde Mallorcas, wie Es Trenc, Ses Covetes und Sa R\u00e0pita.<\/p>\n<p>Bezugsfertig!<\/p>\n<p>Eine einzigartige Gelegenheit, in einer der gefragtesten Regionen Mallorcas zu wohnen oder zu investieren.<\/p>\n<p>Fordern Sie weitere Informationen an und entdecken Sie Ihr neues Zuhause am Meer.<\/p>\n","protected":false},"excerpt":{"rendered":"<p>Entdecken Sie diese exklusive Wohnanlage mit schl\u00fcsselfertigen Neubauwohnungen in Sa R\u00e0pita im S\u00fcden Mallorcas, nur wenige Minuten vom spektakul\u00e4ren Strand Es Trenc entfernt. Bereits \u00fcber 45 % der Einheiten sind verkauft, was das gro\u00dfe Interesse an dieser Wohnanlage in privilegierter Lage best\u00e4tigt, wo Ruhe, Natur und mediterraner <\/p>\n","protected":false},"author":4,"featured_media":28493855,"parent":0,"menu_order":0,"template":"","property_type":[1929],"property_status":[438],"property_feature":[1204,1913],"property_label":[1258],"property_state":[901],"property_city":[1014],"property_area":[1015],"acf":[],"property_meta":{"fave_agent":["25347643"],"fave_agents":["25347643"],"fave_agent_display_option":["agent_info"],"fave_agency":["22941546"],"property_agent":["25347643"],"custom_permalink":["inmueble\/venta\/piso\/illes-balears\/campos\/04nhdl009\/"],"_thumbnail_id":["28493855"],"post_id":["Array"],"original_author":["4"],"_edit_lock":["1604137107:1"],"_edit_last":["1"],"fave_property_map_street_view":["show"],"fave_payment_status":["not_paid"],"fave_single_top_area":["global"],"fave_single_content_area":["global"],"houzez_manual_expire":["0"],"fave_property_size_prefix":["m&sup2;"],"fave_property_map":["1"],"fave_additional_features_enable":["disable"],"fave_floor_plans_enable":["disable"],"fave_multiunit_plans_enable":["disable"],"fave_prop_homeslider":["no"],"fave_featured":["0"],"fave_property_address":["Campos,Illes Balears"],"fave_property_zip":["07639"],"houzez_geolocation_lat":["39.429563528"],"houzez_geolocation_long":["3.013174042"],"fave_property_location":["39.429563528,3.013174042"],"fave_property_country":["ES"],"fave_property_map_address":["Campos,Illes Balears,Spain"],"referencia":["04nhdl009"],"fave_property_id":["04nhdl009"],"fave_property_bedrooms":["2"],"fave_property_bathrooms":["2"],"fave_property_garage":["0"],"fave_property_land":["0"],"ave_property_land_postfix":["m&sup2;"],"fave_property_size":["94"],"fave_property_year":["0"],"fave_energy_global_index":["0 kWh\/m&sup2; \/1234.99 Kg CO2\/m&sup2;"],"fave_energy_class":["G"],"estate_attr_energy_class":["G"],"REAL_HOMES_property_emisiones":["1234.99"],"REAL_HOMES_property_consumo":["0"],"REAL_HOMES_property_letra":["G"],"estate_video":[""],"fave_virtual_tour":["<iframe src=\"https:\/\/crm.inmovilla.com\/fotosvr\/tour.php?cod=28536339.3010\" width=\"820\" height=\"500\" frameborder=\"0\" style=\"border:0\"><\/iframe><div class=\"enlacetour\"><a class=\"enlacetour2\" title=\"Ver tour virtual\" href=\"https:\/\/crm.inmovilla.com\/fotosvr\/tour.php?cod=28536339.3010\" target=\"_blank\">FULL SCREEN<\/a><\/div>"],"vendidoInmueble":[""],"fave_property_price":["748000"],"fave_property_price_postfix":[""],"fave_property_images":["28493855","28493856","28493857","28493858","28493859","28493860","28493861","28493862","28493863","28493864","28493865","28493866","28493867","28493868","28493869","28493870","28493871","28493872","28493873","28493874","28493875","28493876","28493877","28493878","28493879","28493880","28493881","28493882","28493883","28493884","28493885","28493886","28493887","28493888","28493889","28493890","28493891","28493892"],"houzez_total_property_views":["1"],"houzez_views_by_date":["a:1:{s:10:\"05-02-2026\";i:1;}"],"houzez_recently_viewed":["2026-05-02 13:52:48"]},"yoast_head":"<!-- This site is optimized with the Yoast SEO plugin v18.6 - https:\/\/yoast.com\/wordpress\/plugins\/seo\/ -->\n<title>Fertiggestellte Neubau-Wohnanlage in Sa R\u00e0pita, neben Es Trenc - Gestpropiedad<\/title>\n<meta name=\"robots\" content=\"index, follow, max-snippet:-1, max-image-preview:large, max-video-preview:-1\" \/>\n<link rel=\"canonical\" href=\"https:\/\/gestpropiedad.com\/de\/inmueble\/venta\/piso\/illes-balears\/campos\/04nhdl009\/\" \/>\n<meta property=\"og:locale\" content=\"de_DE\" \/>\n<meta property=\"og:type\" content=\"article\" \/>\n<meta property=\"og:title\" content=\"Fertiggestellte Neubau-Wohnanlage in Sa R\u00e0pita, neben Es Trenc - Gestpropiedad\" \/>\n<meta property=\"og:description\" content=\"Entdecken Sie diese exklusive Wohnanlage mit schl\u00fcsselfertigen Neubauwohnungen in Sa R\u00e0pita im S\u00fcden Mallorcas, nur wenige Minuten vom spektakul\u00e4ren Strand Es Trenc entfernt. Bereits \u00fcber 45 % der Einheiten sind verkauft, was das gro\u00dfe Interesse an dieser Wohnanlage in privilegierter Lage best\u00e4tigt, wo Ruhe, Natur und mediterraner\" \/>\n<meta property=\"og:url\" content=\"https:\/\/gestpropiedad.com\/de\/inmueble\/venta\/piso\/illes-balears\/campos\/04nhdl009\/\" \/>\n<meta property=\"og:site_name\" content=\"Gestpropiedad\" \/>\n<meta property=\"og:image\" content=\"https:\/\/fotos15.apinmo.com\/3010\/28536339\/2-1.jpg\" \/>\n\t<meta property=\"og:image:width\" content=\"850\" \/>\n\t<meta property=\"og:image:height\" content=\"426\" \/>\n\t<meta property=\"og:image:type\" content=\"image\/jpeg\" \/>\n<meta name=\"twitter:card\" content=\"summary_large_image\" \/>\n<meta name=\"twitter:label1\" content=\"Gesch\u00e4tzte Lesezeit\" \/>\n\t<meta name=\"twitter:data1\" content=\"1\u00a0Minute\" \/>\n<script type=\"application\/ld+json\" class=\"yoast-schema-graph\">{\"@context\":\"https:\/\/schema.org\",\"@graph\":[{\"@type\":\"Organization\",\"@id\":\"https:\/\/gestpropiedad.com\/#organization\",\"name\":\"Gestpropiedad\",\"url\":\"https:\/\/gestpropiedad.com\/\",\"sameAs\":[],\"logo\":{\"@type\":\"ImageObject\",\"@id\":\"https:\/\/gestpropiedad.com\/#logo\",\"inLanguage\":\"de\",\"url\":\"https:\/\/gestpropiedad.com\/wp-content\/uploads\/2021\/11\/logogp-b.svg\",\"contentUrl\":\"https:\/\/gestpropiedad.com\/wp-content\/uploads\/2021\/11\/logogp-b.svg\",\"width\":115,\"height\":60,\"caption\":\"Gestpropiedad\"},\"image\":{\"@id\":\"https:\/\/gestpropiedad.com\/#logo\"}},{\"@type\":\"WebSite\",\"@id\":\"https:\/\/gestpropiedad.com\/#website\",\"url\":\"https:\/\/gestpropiedad.com\/\",\"name\":\"Gestpropiedad\",\"description\":\"Inmobiliaria especializada en Mallorca. Islas Baleares\",\"publisher\":{\"@id\":\"https:\/\/gestpropiedad.com\/#organization\"},\"potentialAction\":[{\"@type\":\"SearchAction\",\"target\":{\"@type\":\"EntryPoint\",\"urlTemplate\":\"https:\/\/gestpropiedad.com\/?s={search_term_string}\"},\"query-input\":\"required name=search_term_string\"}],\"inLanguage\":\"de\"},{\"@type\":\"ImageObject\",\"@id\":\"https:\/\/gestpropiedad.com\/de\/inmueble\/venta\/piso\/illes-balears\/campos\/04nhdl009\/#primaryimage\",\"inLanguage\":\"de\",\"url\":\"https:\/\/fotos15.apinmo.com\/3010\/28536339\/2-1.jpg\",\"contentUrl\":\"https:\/\/fotos15.apinmo.com\/3010\/28536339\/2-1.jpg\",\"width\":850,\"height\":426,\"caption\":\"Urbanizaci\u00f3n de obra nueva terminada en sa r\u00e0pita, junto a es trenc - imagenInmueble0\"},{\"@type\":[\"WebPage\",\"RealEstateListing\"],\"@id\":\"https:\/\/gestpropiedad.com\/de\/inmueble\/venta\/piso\/illes-balears\/campos\/04nhdl009\/#webpage\",\"url\":\"https:\/\/gestpropiedad.com\/de\/inmueble\/venta\/piso\/illes-balears\/campos\/04nhdl009\/\",\"name\":\"Fertiggestellte Neubau-Wohnanlage in Sa R\u00e0pita, neben Es Trenc - Gestpropiedad\",\"isPartOf\":{\"@id\":\"https:\/\/gestpropiedad.com\/#website\"},\"primaryImageOfPage\":{\"@id\":\"https:\/\/gestpropiedad.com\/de\/inmueble\/venta\/piso\/illes-balears\/campos\/04nhdl009\/#primaryimage\"},\"datePublished\":\"2026-03-24T12:00:37+00:00\",\"dateModified\":\"2026-03-24T12:00:37+00:00\",\"breadcrumb\":{\"@id\":\"https:\/\/gestpropiedad.com\/de\/inmueble\/venta\/piso\/illes-balears\/campos\/04nhdl009\/#breadcrumb\"},\"inLanguage\":\"de\",\"potentialAction\":[{\"@type\":\"ReadAction\",\"target\":[\"https:\/\/gestpropiedad.com\/de\/inmueble\/venta\/piso\/illes-balears\/campos\/04nhdl009\/\"]}]},{\"@type\":\"BreadcrumbList\",\"@id\":\"https:\/\/gestpropiedad.com\/de\/inmueble\/venta\/piso\/illes-balears\/campos\/04nhdl009\/#breadcrumb\",\"itemListElement\":[{\"@type\":\"ListItem\",\"position\":1,\"name\":\"Portada\",\"item\":\"https:\/\/gestpropiedad.com\/\"},{\"@type\":\"ListItem\",\"position\":2,\"name\":\"Eigenschaften\",\"item\":\"https:\/\/gestpropiedad.com\/de\/inmueble\/\"},{\"@type\":\"ListItem\",\"position\":3,\"name\":\"Fertiggestellte Neubau-Wohnanlage in Sa R\u00e0pita, neben Es Trenc\"}]}]}<\/script>\n<!-- \/ Yoast SEO plugin. -->","yoast_head_json":{"title":"Fertiggestellte Neubau-Wohnanlage in Sa R\u00e0pita, neben Es Trenc - Gestpropiedad","robots":{"index":"index","follow":"follow","max-snippet":"max-snippet:-1","max-image-preview":"max-image-preview:large","max-video-preview":"max-video-preview:-1"},"canonical":"https:\/\/gestpropiedad.com\/de\/inmueble\/venta\/piso\/illes-balears\/campos\/04nhdl009\/","og_locale":"de_DE","og_type":"article","og_title":"Fertiggestellte Neubau-Wohnanlage in Sa R\u00e0pita, neben Es Trenc - Gestpropiedad","og_description":"Entdecken Sie diese exklusive Wohnanlage mit schl\u00fcsselfertigen Neubauwohnungen in Sa R\u00e0pita im S\u00fcden Mallorcas, nur wenige Minuten vom spektakul\u00e4ren Strand Es Trenc entfernt. Bereits \u00fcber 45 % der Einheiten sind verkauft, was das gro\u00dfe Interesse an dieser Wohnanlage in privilegierter Lage best\u00e4tigt, wo Ruhe, Natur und mediterraner","og_url":"https:\/\/gestpropiedad.com\/de\/inmueble\/venta\/piso\/illes-balears\/campos\/04nhdl009\/","og_site_name":"Gestpropiedad","og_image":[{"width":850,"height":426,"url":"https:\/\/fotos15.apinmo.com\/3010\/28536339\/2-1.jpg","type":"image\/jpeg"}],"twitter_card":"summary_large_image","twitter_misc":{"Gesch\u00e4tzte Lesezeit":"1\u00a0Minute"},"schema":{"@context":"https:\/\/schema.org","@graph":[{"@type":"Organization","@id":"https:\/\/gestpropiedad.com\/#organization","name":"Gestpropiedad","url":"https:\/\/gestpropiedad.com\/","sameAs":[],"logo":{"@type":"ImageObject","@id":"https:\/\/gestpropiedad.com\/#logo","inLanguage":"de","url":"https:\/\/gestpropiedad.com\/wp-content\/uploads\/2021\/11\/logogp-b.svg","contentUrl":"https:\/\/gestpropiedad.com\/wp-content\/uploads\/2021\/11\/logogp-b.svg","width":115,"height":60,"caption":"Gestpropiedad"},"image":{"@id":"https:\/\/gestpropiedad.com\/#logo"}},{"@type":"WebSite","@id":"https:\/\/gestpropiedad.com\/#website","url":"https:\/\/gestpropiedad.com\/","name":"Gestpropiedad","description":"Inmobiliaria especializada en Mallorca. Islas Baleares","publisher":{"@id":"https:\/\/gestpropiedad.com\/#organization"},"potentialAction":[{"@type":"SearchAction","target":{"@type":"EntryPoint","urlTemplate":"https:\/\/gestpropiedad.com\/?s={search_term_string}"},"query-input":"required name=search_term_string"}],"inLanguage":"de"},{"@type":"ImageObject","@id":"https:\/\/gestpropiedad.com\/de\/inmueble\/venta\/piso\/illes-balears\/campos\/04nhdl009\/#primaryimage","inLanguage":"de","url":"https:\/\/fotos15.apinmo.com\/3010\/28536339\/2-1.jpg","contentUrl":"https:\/\/fotos15.apinmo.com\/3010\/28536339\/2-1.jpg","width":850,"height":426,"caption":"Urbanizaci\u00f3n de obra nueva terminada en sa r\u00e0pita, junto a es trenc - imagenInmueble0"},{"@type":["WebPage","RealEstateListing"],"@id":"https:\/\/gestpropiedad.com\/de\/inmueble\/venta\/piso\/illes-balears\/campos\/04nhdl009\/#webpage","url":"https:\/\/gestpropiedad.com\/de\/inmueble\/venta\/piso\/illes-balears\/campos\/04nhdl009\/","name":"Fertiggestellte Neubau-Wohnanlage in Sa R\u00e0pita, neben Es Trenc - Gestpropiedad","isPartOf":{"@id":"https:\/\/gestpropiedad.com\/#website"},"primaryImageOfPage":{"@id":"https:\/\/gestpropiedad.com\/de\/inmueble\/venta\/piso\/illes-balears\/campos\/04nhdl009\/#primaryimage"},"datePublished":"2026-03-24T12:00:37+00:00","dateModified":"2026-03-24T12:00:37+00:00","breadcrumb":{"@id":"https:\/\/gestpropiedad.com\/de\/inmueble\/venta\/piso\/illes-balears\/campos\/04nhdl009\/#breadcrumb"},"inLanguage":"de","potentialAction":[{"@type":"ReadAction","target":["https:\/\/gestpropiedad.com\/de\/inmueble\/venta\/piso\/illes-balears\/campos\/04nhdl009\/"]}]},{"@type":"BreadcrumbList","@id":"https:\/\/gestpropiedad.com\/de\/inmueble\/venta\/piso\/illes-balears\/campos\/04nhdl009\/#breadcrumb","itemListElement":[{"@type":"ListItem","position":1,"name":"Portada","item":"https:\/\/gestpropiedad.com\/"},{"@type":"ListItem","position":2,"name":"Eigenschaften","item":"https:\/\/gestpropiedad.com\/de\/inmueble\/"},{"@type":"ListItem","position":3,"name":"Fertiggestellte Neubau-Wohnanlage in Sa R\u00e0pita, neben Es Trenc"}]}]}},"_links":{"self":[{"href":"https:\/\/gestpropiedad.com\/de\/wp-json\/wp\/v2\/properties\/28493854"}],"collection":[{"href":"https:\/\/gestpropiedad.com\/de\/wp-json\/wp\/v2\/properties"}],"about":[{"href":"https:\/\/gestpropiedad.com\/de\/wp-json\/wp\/v2\/types\/property"}],"author":[{"embeddable":true,"href":"https:\/\/gestpropiedad.com\/de\/wp-json\/wp\/v2\/users\/4"}],"version-history":[{"count":0,"href":"https:\/\/gestpropiedad.com\/de\/wp-json\/wp\/v2\/properties\/28493854\/revisions"}],"wp:featuredmedia":[{"embeddable":true,"href":"https:\/\/gestpropiedad.com\/de\/wp-json\/wp\/v2\/media\/28493855"}],"wp:attachment":[{"href":"https:\/\/gestpropiedad.com\/de\/wp-json\/wp\/v2\/media?parent=28493854"}],"wp:term":[{"taxonomy":"property_type","embeddable":true,"href":"https:\/\/gestpropiedad.com\/de\/wp-json\/wp\/v2\/property_type?post=28493854"},{"taxonomy":"property_status","embeddable":true,"href":"https:\/\/gestpropiedad.com\/de\/wp-json\/wp\/v2\/property_status?post=28493854"},{"taxonomy":"property_feature","embeddable":true,"href":"https:\/\/gestpropiedad.com\/de\/wp-json\/wp\/v2\/property_feature?post=28493854"},{"taxonomy":"property_label","embeddable":true,"href":"https:\/\/gestpropiedad.com\/de\/wp-json\/wp\/v2\/property_label?post=28493854"},{"taxonomy":"property_state","embeddable":true,"href":"https:\/\/gestpropiedad.com\/de\/wp-json\/wp\/v2\/property_state?post=28493854"},{"taxonomy":"property_city","embeddable":true,"href":"https:\/\/gestpropiedad.com\/de\/wp-json\/wp\/v2\/property_city?post=28493854"},{"taxonomy":"property_area","embeddable":true,"href":"https:\/\/gestpropiedad.com\/de\/wp-json\/wp\/v2\/property_area?post=28493854"}],"curies":[{"name":"wp","href":"https:\/\/api.w.org\/{rel}","templated":true}]}}