

{"id":28493135,"date":"2026-04-12T20:27:39","date_gmt":"2026-04-12T20:27:39","guid":{"rendered":"https:\/\/www.gestpropiedad.com\/inmueble\/venta\/finca\/illes-balears\/palma\/02aldd038\/"},"modified":"2026-04-12T20:27:39","modified_gmt":"2026-04-12T20:27:39","slug":"authentische-rustikale-stein-finca-in-son-ametler-02aldd038","status":"publish","type":"property","link":"https:\/\/gestpropiedad.com\/de\/inmueble\/venta\/finca\/illes-balears\/palma\/02aldd038\/","title":{"rendered":"Authentische rustikale Stein-Finca in Son Ametler"},"content":{"rendered":"<p>Charmante rustikale Finca in der ruhigen Gegend von Son Ametler, nur 20 Minuten vom Zentrum von Palma entfernt. Erbaut im Jahr 2008 aus Naturstein und mit hochwertigen Materialien, bietet sie den authentischen mallorquinischen Stil mit hohen Decken, sichtbaren Holzbalken und warmen Naturstein- und Holzakzenten.<br \/>Die Immobilie verf\u00fcgt \u00fcber 266 m\u00b2 bebauter Fl\u00e4che auf 3 Ebenen, zuz\u00fcglich 64 m\u00b2 Terrassen, eingebettet in ein gro\u00dfz\u00fcgiges Grundst\u00fcck mit Gartenfl\u00e4chen, Steinofen, Wasserdepot und eigenem Brunnenwasser.<\/p>\n<p>Erdgeschoss<\/p>\n<p>Ein heller Eingangsbereich f\u00fchrt in eine gem\u00fctliche, voll ausgestattete Landhausk\u00fcche mit Massivholzm\u00f6beln, Steinplatte und direktem Zugang zu einer der Hauptterrassen.<br \/>Auf dieser Etage befinden sich au\u00dferdem zwei Doppel-Schlafzimmer, beide mit Einbauschr\u00e4nken und viel Tageslicht, sowie ein komplettes Badezimmer mit traditionellen Materialien.<\/p>\n<p>Obergeschoss<\/p>\n<p>Eine private, gro\u00dfz\u00fcgige Etage, haupts\u00e4chlich als Master-Suite konzipiert, die durch ihre Gr\u00f6\u00dfe, hohen Decken und Helligkeit \u00fcberzeugt.<br \/>Sie verf\u00fcgt \u00fcber ein eigenes Badezimmer sowie direkten Zugang zu einer gro\u00dfen Terrasse mit freiem Blick auf Berge und Landschaft \u2013 ideal zum Entspannen und Genie\u00dfen der Ruhe.<\/p>\n<p>Untergeschoss<\/p>\n<p>Eine \u00e4u\u00dferst vielseitige Ebene, ideal f\u00fcr Treffen, G\u00e4ste oder sogar als unabh\u00e4ngige Wohneinheit.<br \/>Hier gibt es ein gro\u00dfes, offenes Wohnzimmer, sehr gem\u00fctlich, verbunden mit einer zweiten voll ausgestatteten K\u00fcche mit traditionellem Holzofen \u2013 perfekt zum Kochen oder f\u00fcr Familienfeiern.<br \/>Dar\u00fcber hinaus verf\u00fcgt diese Etage \u00fcber drei weitere Schlafzimmer, zwei komplette Badezimmer (eines en suite), eine gro\u00dfe Speisekammer sowie einen praktischen Wasch- und Fitnessbereich.<\/p>\n<p>Au\u00dfenbereich<\/p>\n<p>Die Finca bietet zahlreiche Au\u00dfenfl\u00e4chen:<\/p>\n<p>-zwei sehr gro\u00dfe Terrassen, ideal f\u00fcr Essen im Freien oder Veranstaltungen<br \/>-Gartenbereiche mit Obstb\u00e4umen wie Oliven, Johannisbrot, Orangen, Weinreben, Zitronen usw.<br \/>-gro\u00dfz\u00fcgige Parkfl\u00e4chen<br \/>-Steinbackofen<br \/>-weitl\u00e4ufige Natur- und Gr\u00fcnbereiche mit viel Privatsph\u00e4re<\/p>\n<p>Ideal f\u00fcr K\u00e4ufer, die Ruhe, Raum und Authentizit\u00e4t suchen, ohne auf eine gute Anbindung nach Palma zu verzichten.<\/p>\n<p>Immobilienagentur eingetragen im offiziellen Register der Immobilienmakler der Balearen (ROAIIB), Eintragungsnummer GOIBE740280\/2024.<\/p>\n","protected":false},"excerpt":{"rendered":"<p>Charmante rustikale Finca in der ruhigen Gegend von Son Ametler, nur 20 Minuten vom Zentrum von Palma entfernt. Erbaut im Jahr 2008 aus Naturstein und mit hochwertigen Materialien, bietet sie den authentischen mallorquinischen Stil mit hohen Decken, sichtbaren Holzbalken und warmen Naturstein- und Holzakzenten.~Die Immobilie verf\u00fcgt \u00fcber <\/p>\n","protected":false},"author":4,"featured_media":28493136,"parent":0,"menu_order":0,"template":"","property_type":[1908],"property_status":[438],"property_feature":[1198,1905,1720,1204,1240,1904,1913,1921,1201,1918,1717,1907],"property_label":[],"property_state":[901],"property_city":[902],"property_area":[988],"acf":[],"property_meta":{"fave_agent":["14413941"],"fave_agents":["14413941"],"fave_agent_display_option":["agent_info"],"fave_agency":["22941548"],"property_agent":["14413941"],"custom_permalink":["inmueble\/venta\/finca\/illes-balears\/palma\/02aldd038\/"],"_thumbnail_id":["28493136"],"post_id":["Array"],"original_author":["4"],"_edit_lock":["1604137107:1"],"_edit_last":["1"],"fave_property_map_street_view":["show"],"fave_payment_status":["not_paid"],"fave_single_top_area":["global"],"fave_single_content_area":["global"],"houzez_manual_expire":["0"],"fave_property_size_prefix":["m&sup2;"],"fave_property_map":["1"],"fave_additional_features_enable":["disable"],"fave_floor_plans_enable":["disable"],"fave_multiunit_plans_enable":["disable"],"fave_prop_homeslider":["no"],"fave_featured":["3"],"fave_property_address":["Palma,Illes Balears"],"fave_property_zip":["07198"],"houzez_geolocation_lat":["39.598225535253"],"houzez_geolocation_long":["2.7367075196014"],"fave_property_location":["39.598225535253,2.7367075196014"],"fave_property_country":["ES"],"fave_property_map_address":["Palma,Illes Balears,Spain"],"referencia":["02aldd038"],"fave_property_id":["02aldd038"],"fave_property_bedrooms":["6"],"fave_property_bathrooms":["4"],"fave_property_garage":["1"],"fave_property_land":["8000"],"ave_property_land_postfix":["m&sup2;"],"fave_property_size":["266"],"fave_property_year":["2008"],"fave_energy_global_index":["0 kWh\/m&sup2; \/1234.99 Kg CO2\/m&sup2;"],"fave_energy_class":["N"],"estate_attr_energy_class":["N"],"REAL_HOMES_property_emisiones":["1234.99"],"REAL_HOMES_property_consumo":["0"],"REAL_HOMES_property_letra":["N"],"estate_video":[""],"fave_virtual_tour":["<iframe src=\"https:\/\/crm.inmovilla.com\/fotosvr\/tour.php?cod=28397113.10578\" width=\"820\" height=\"500\" frameborder=\"0\" style=\"border:0\"><\/iframe><div class=\"enlacetour\"><a class=\"enlacetour2\" title=\"Ver tour virtual\" href=\"https:\/\/crm.inmovilla.com\/fotosvr\/tour.php?cod=28397113.10578\" target=\"_blank\">FULL SCREEN<\/a><\/div>"],"vendidoInmueble":[""],"fave_property_price":["839000"],"fave_property_price_postfix":[""],"fave_property_images":["28493136","28493137","28493138","28493139","28493140","28493141","28493142","28493143","28493144","28493145","28493146","28493147","28493148","28493149","28493150","28493151","28493152","28493153","28493154","28493155","28493156","28493157","28493158","28493159","28493160","28493161","28493162","28493163","28493164","28493165","28493166","28493167","28493168","28493169","28493170","28493171","28493172","28493173","28493174","28493175","28493176","28493177","28493178","28493179","28493180"],"houzez_total_property_views":["1"],"houzez_views_by_date":["a:1:{s:10:\"05-02-2026\";i:1;}"],"houzez_recently_viewed":["2026-05-02 11:05:05"]},"yoast_head":"<!-- This site is optimized with the Yoast SEO plugin v18.6 - https:\/\/yoast.com\/wordpress\/plugins\/seo\/ -->\n<title>Authentische rustikale Stein-Finca in Son Ametler - Gestpropiedad<\/title>\n<meta name=\"robots\" content=\"index, follow, max-snippet:-1, max-image-preview:large, max-video-preview:-1\" \/>\n<link rel=\"canonical\" href=\"https:\/\/gestpropiedad.com\/de\/inmueble\/venta\/finca\/illes-balears\/palma\/02aldd038\/\" \/>\n<meta property=\"og:locale\" content=\"de_DE\" \/>\n<meta property=\"og:type\" content=\"article\" \/>\n<meta property=\"og:title\" content=\"Authentische rustikale Stein-Finca in Son Ametler - Gestpropiedad\" \/>\n<meta property=\"og:description\" content=\"Charmante rustikale Finca in der ruhigen Gegend von Son Ametler, nur 20 Minuten vom Zentrum von Palma entfernt. Erbaut im Jahr 2008 aus Naturstein und mit hochwertigen Materialien, bietet sie den authentischen mallorquinischen Stil mit hohen Decken, sichtbaren Holzbalken und warmen Naturstein- und Holzakzenten.~Die Immobilie verf\u00fcgt \u00fcber\" \/>\n<meta property=\"og:url\" content=\"https:\/\/gestpropiedad.com\/de\/inmueble\/venta\/finca\/illes-balears\/palma\/02aldd038\/\" \/>\n<meta property=\"og:site_name\" content=\"Gestpropiedad\" \/>\n<meta property=\"og:image\" content=\"https:\/\/fotos15.apinmo.com\/10578\/28397113\/31-1.jpg\" \/>\n\t<meta property=\"og:image:width\" content=\"850\" \/>\n\t<meta property=\"og:image:height\" content=\"426\" \/>\n\t<meta property=\"og:image:type\" content=\"image\/jpeg\" \/>\n<meta name=\"twitter:card\" content=\"summary_large_image\" \/>\n<meta name=\"twitter:label1\" content=\"Gesch\u00e4tzte Lesezeit\" \/>\n\t<meta name=\"twitter:data1\" content=\"2\u00a0Minuten\" \/>\n<script type=\"application\/ld+json\" class=\"yoast-schema-graph\">{\"@context\":\"https:\/\/schema.org\",\"@graph\":[{\"@type\":\"Organization\",\"@id\":\"https:\/\/gestpropiedad.com\/#organization\",\"name\":\"Gestpropiedad\",\"url\":\"https:\/\/gestpropiedad.com\/\",\"sameAs\":[],\"logo\":{\"@type\":\"ImageObject\",\"@id\":\"https:\/\/gestpropiedad.com\/#logo\",\"inLanguage\":\"de\",\"url\":\"https:\/\/gestpropiedad.com\/wp-content\/uploads\/2021\/11\/logogp-b.svg\",\"contentUrl\":\"https:\/\/gestpropiedad.com\/wp-content\/uploads\/2021\/11\/logogp-b.svg\",\"width\":115,\"height\":60,\"caption\":\"Gestpropiedad\"},\"image\":{\"@id\":\"https:\/\/gestpropiedad.com\/#logo\"}},{\"@type\":\"WebSite\",\"@id\":\"https:\/\/gestpropiedad.com\/#website\",\"url\":\"https:\/\/gestpropiedad.com\/\",\"name\":\"Gestpropiedad\",\"description\":\"Inmobiliaria especializada en Mallorca. Islas Baleares\",\"publisher\":{\"@id\":\"https:\/\/gestpropiedad.com\/#organization\"},\"potentialAction\":[{\"@type\":\"SearchAction\",\"target\":{\"@type\":\"EntryPoint\",\"urlTemplate\":\"https:\/\/gestpropiedad.com\/?s={search_term_string}\"},\"query-input\":\"required name=search_term_string\"}],\"inLanguage\":\"de\"},{\"@type\":\"ImageObject\",\"@id\":\"https:\/\/gestpropiedad.com\/de\/inmueble\/venta\/finca\/illes-balears\/palma\/02aldd038\/#primaryimage\",\"inLanguage\":\"de\",\"url\":\"https:\/\/fotos15.apinmo.com\/10578\/28397113\/31-1.jpg\",\"contentUrl\":\"https:\/\/fotos15.apinmo.com\/10578\/28397113\/31-1.jpg\",\"width\":850,\"height\":426,\"caption\":\"Aut\u00e9ntica finca r\u00fastica de piedra en son ametler - imagenInmueble0\"},{\"@type\":[\"WebPage\",\"RealEstateListing\"],\"@id\":\"https:\/\/gestpropiedad.com\/de\/inmueble\/venta\/finca\/illes-balears\/palma\/02aldd038\/#webpage\",\"url\":\"https:\/\/gestpropiedad.com\/de\/inmueble\/venta\/finca\/illes-balears\/palma\/02aldd038\/\",\"name\":\"Authentische rustikale Stein-Finca in Son Ametler - Gestpropiedad\",\"isPartOf\":{\"@id\":\"https:\/\/gestpropiedad.com\/#website\"},\"primaryImageOfPage\":{\"@id\":\"https:\/\/gestpropiedad.com\/de\/inmueble\/venta\/finca\/illes-balears\/palma\/02aldd038\/#primaryimage\"},\"datePublished\":\"2026-04-12T20:27:39+00:00\",\"dateModified\":\"2026-04-12T20:27:39+00:00\",\"breadcrumb\":{\"@id\":\"https:\/\/gestpropiedad.com\/de\/inmueble\/venta\/finca\/illes-balears\/palma\/02aldd038\/#breadcrumb\"},\"inLanguage\":\"de\",\"potentialAction\":[{\"@type\":\"ReadAction\",\"target\":[\"https:\/\/gestpropiedad.com\/de\/inmueble\/venta\/finca\/illes-balears\/palma\/02aldd038\/\"]}]},{\"@type\":\"BreadcrumbList\",\"@id\":\"https:\/\/gestpropiedad.com\/de\/inmueble\/venta\/finca\/illes-balears\/palma\/02aldd038\/#breadcrumb\",\"itemListElement\":[{\"@type\":\"ListItem\",\"position\":1,\"name\":\"Portada\",\"item\":\"https:\/\/gestpropiedad.com\/\"},{\"@type\":\"ListItem\",\"position\":2,\"name\":\"Eigenschaften\",\"item\":\"https:\/\/gestpropiedad.com\/de\/inmueble\/\"},{\"@type\":\"ListItem\",\"position\":3,\"name\":\"Authentische rustikale Stein-Finca in Son Ametler\"}]}]}<\/script>\n<!-- \/ Yoast SEO plugin. -->","yoast_head_json":{"title":"Authentische rustikale Stein-Finca in Son Ametler - Gestpropiedad","robots":{"index":"index","follow":"follow","max-snippet":"max-snippet:-1","max-image-preview":"max-image-preview:large","max-video-preview":"max-video-preview:-1"},"canonical":"https:\/\/gestpropiedad.com\/de\/inmueble\/venta\/finca\/illes-balears\/palma\/02aldd038\/","og_locale":"de_DE","og_type":"article","og_title":"Authentische rustikale Stein-Finca in Son Ametler - Gestpropiedad","og_description":"Charmante rustikale Finca in der ruhigen Gegend von Son Ametler, nur 20 Minuten vom Zentrum von Palma entfernt. Erbaut im Jahr 2008 aus Naturstein und mit hochwertigen Materialien, bietet sie den authentischen mallorquinischen Stil mit hohen Decken, sichtbaren Holzbalken und warmen Naturstein- und Holzakzenten.~Die Immobilie verf\u00fcgt \u00fcber","og_url":"https:\/\/gestpropiedad.com\/de\/inmueble\/venta\/finca\/illes-balears\/palma\/02aldd038\/","og_site_name":"Gestpropiedad","og_image":[{"width":850,"height":426,"url":"https:\/\/fotos15.apinmo.com\/10578\/28397113\/31-1.jpg","type":"image\/jpeg"}],"twitter_card":"summary_large_image","twitter_misc":{"Gesch\u00e4tzte Lesezeit":"2\u00a0Minuten"},"schema":{"@context":"https:\/\/schema.org","@graph":[{"@type":"Organization","@id":"https:\/\/gestpropiedad.com\/#organization","name":"Gestpropiedad","url":"https:\/\/gestpropiedad.com\/","sameAs":[],"logo":{"@type":"ImageObject","@id":"https:\/\/gestpropiedad.com\/#logo","inLanguage":"de","url":"https:\/\/gestpropiedad.com\/wp-content\/uploads\/2021\/11\/logogp-b.svg","contentUrl":"https:\/\/gestpropiedad.com\/wp-content\/uploads\/2021\/11\/logogp-b.svg","width":115,"height":60,"caption":"Gestpropiedad"},"image":{"@id":"https:\/\/gestpropiedad.com\/#logo"}},{"@type":"WebSite","@id":"https:\/\/gestpropiedad.com\/#website","url":"https:\/\/gestpropiedad.com\/","name":"Gestpropiedad","description":"Inmobiliaria especializada en Mallorca. Islas Baleares","publisher":{"@id":"https:\/\/gestpropiedad.com\/#organization"},"potentialAction":[{"@type":"SearchAction","target":{"@type":"EntryPoint","urlTemplate":"https:\/\/gestpropiedad.com\/?s={search_term_string}"},"query-input":"required name=search_term_string"}],"inLanguage":"de"},{"@type":"ImageObject","@id":"https:\/\/gestpropiedad.com\/de\/inmueble\/venta\/finca\/illes-balears\/palma\/02aldd038\/#primaryimage","inLanguage":"de","url":"https:\/\/fotos15.apinmo.com\/10578\/28397113\/31-1.jpg","contentUrl":"https:\/\/fotos15.apinmo.com\/10578\/28397113\/31-1.jpg","width":850,"height":426,"caption":"Aut\u00e9ntica finca r\u00fastica de piedra en son ametler - imagenInmueble0"},{"@type":["WebPage","RealEstateListing"],"@id":"https:\/\/gestpropiedad.com\/de\/inmueble\/venta\/finca\/illes-balears\/palma\/02aldd038\/#webpage","url":"https:\/\/gestpropiedad.com\/de\/inmueble\/venta\/finca\/illes-balears\/palma\/02aldd038\/","name":"Authentische rustikale Stein-Finca in Son Ametler - Gestpropiedad","isPartOf":{"@id":"https:\/\/gestpropiedad.com\/#website"},"primaryImageOfPage":{"@id":"https:\/\/gestpropiedad.com\/de\/inmueble\/venta\/finca\/illes-balears\/palma\/02aldd038\/#primaryimage"},"datePublished":"2026-04-12T20:27:39+00:00","dateModified":"2026-04-12T20:27:39+00:00","breadcrumb":{"@id":"https:\/\/gestpropiedad.com\/de\/inmueble\/venta\/finca\/illes-balears\/palma\/02aldd038\/#breadcrumb"},"inLanguage":"de","potentialAction":[{"@type":"ReadAction","target":["https:\/\/gestpropiedad.com\/de\/inmueble\/venta\/finca\/illes-balears\/palma\/02aldd038\/"]}]},{"@type":"BreadcrumbList","@id":"https:\/\/gestpropiedad.com\/de\/inmueble\/venta\/finca\/illes-balears\/palma\/02aldd038\/#breadcrumb","itemListElement":[{"@type":"ListItem","position":1,"name":"Portada","item":"https:\/\/gestpropiedad.com\/"},{"@type":"ListItem","position":2,"name":"Eigenschaften","item":"https:\/\/gestpropiedad.com\/de\/inmueble\/"},{"@type":"ListItem","position":3,"name":"Authentische rustikale Stein-Finca in Son Ametler"}]}]}},"_links":{"self":[{"href":"https:\/\/gestpropiedad.com\/de\/wp-json\/wp\/v2\/properties\/28493135"}],"collection":[{"href":"https:\/\/gestpropiedad.com\/de\/wp-json\/wp\/v2\/properties"}],"about":[{"href":"https:\/\/gestpropiedad.com\/de\/wp-json\/wp\/v2\/types\/property"}],"author":[{"embeddable":true,"href":"https:\/\/gestpropiedad.com\/de\/wp-json\/wp\/v2\/users\/4"}],"version-history":[{"count":0,"href":"https:\/\/gestpropiedad.com\/de\/wp-json\/wp\/v2\/properties\/28493135\/revisions"}],"wp:featuredmedia":[{"embeddable":true,"href":"https:\/\/gestpropiedad.com\/de\/wp-json\/wp\/v2\/media\/28493136"}],"wp:attachment":[{"href":"https:\/\/gestpropiedad.com\/de\/wp-json\/wp\/v2\/media?parent=28493135"}],"wp:term":[{"taxonomy":"property_type","embeddable":true,"href":"https:\/\/gestpropiedad.com\/de\/wp-json\/wp\/v2\/property_type?post=28493135"},{"taxonomy":"property_status","embeddable":true,"href":"https:\/\/gestpropiedad.com\/de\/wp-json\/wp\/v2\/property_status?post=28493135"},{"taxonomy":"property_feature","embeddable":true,"href":"https:\/\/gestpropiedad.com\/de\/wp-json\/wp\/v2\/property_feature?post=28493135"},{"taxonomy":"property_label","embeddable":true,"href":"https:\/\/gestpropiedad.com\/de\/wp-json\/wp\/v2\/property_label?post=28493135"},{"taxonomy":"property_state","embeddable":true,"href":"https:\/\/gestpropiedad.com\/de\/wp-json\/wp\/v2\/property_state?post=28493135"},{"taxonomy":"property_city","embeddable":true,"href":"https:\/\/gestpropiedad.com\/de\/wp-json\/wp\/v2\/property_city?post=28493135"},{"taxonomy":"property_area","embeddable":true,"href":"https:\/\/gestpropiedad.com\/de\/wp-json\/wp\/v2\/property_area?post=28493135"}],"curies":[{"name":"wp","href":"https:\/\/api.w.org\/{rel}","templated":true}]}}