

{"id":28487290,"date":"2026-03-27T11:20:39","date_gmt":"2026-03-27T11:20:39","guid":{"rendered":"https:\/\/www.gestpropiedad.com\/inmueble\/venta\/piso\/illes-balears\/llucmajor\/16gr008\/"},"modified":"2026-03-27T11:20:39","modified_gmt":"2026-03-27T11:20:39","slug":"spektakular-renovierte-wohnung-im-herzen-von-el-arenal-4-schlafzimmer-4-badezimmer-16gr008","status":"publish","type":"property","link":"https:\/\/gestpropiedad.com\/de\/inmueble\/venta\/piso\/illes-balears\/llucmajor\/16gr008\/","title":{"rendered":"Spektakul\u00e4r renovierte Wohnung im Herzen von El Arenal \u2013 4 Schlafzimmer, 4 Badezimmer"},"content":{"rendered":"<p>Einzigartige Investitionsm\u00f6glichkeit \u2013 4. Etage ohne Aufzug<\/p>\n<p>Entdecken Sie diese helle und gro\u00dfz\u00fcgige Wohnung mit 145 m\u00b2 (laut Grundbuch), gelegen in einer privilegierten Lage von El Arenal, an der Pla\u00e7a Major, neben dem Parc Municipal Joan Ferr\u00e9 und gegen\u00fcber dem Rathaus von Llucmajor.<br \/>Eine unschlagbare Lage mit allen Annehmlichkeiten in unmittelbarer N\u00e4he \u2013 Bibliothek, Gesch\u00e4fte, \u00f6ffentliche Verkehrsmittel und nur 7 Gehminuten vom Strand S\u2019Arenal entfernt.<\/p>\n<p>Das Geb\u00e4ude wurde 2001 erbaut und 2025 vollst\u00e4ndig mit hochwertigen Materialien renoviert. Die Wohnung bietet:<\/p>\n<p>4 gro\u00dfe Doppelschlafzimmer, jedes mit eigenem Badezimmer, Balkon und zwei separaten Wohnbereichen.<\/p>\n<p>Helle und gut aufgeteilte R\u00e4ume. Die Immobilie wird komplett ausgestattet verkauft, mit allen M\u00f6beln, wie auf den Fotos zu sehen.<\/p>\n<p>Zugang zu einer gro\u00dfen Gemeinschaftsterrasse mit freiem Blick.<\/p>\n<p>Das Wohnhaus befindet sich in ausgezeichnetem Zustand und hat eine ruhige Eigent\u00fcmergemeinschaft mit sehr niedrigen monatlichen Kosten von nur 30 &euro;.<\/p>\n<p>Eine au\u00dfergew\u00f6hnliche Gelegenheit f\u00fcr alle, die Rendite, Komfort und eine strategische Lage in einer der gefragtesten Gegenden Mallorcas suchen.<\/p>\n<p>Eingetragene Immobilienmakler in ROAIIBE GOIBE65280\/2024<\/p>\n","protected":false},"excerpt":{"rendered":"<p>Einzigartige Investitionsm\u00f6glichkeit \u2013 4. Etage ohne Aufzug~~Entdecken Sie diese helle und gro\u00dfz\u00fcgige Wohnung mit 145 m\u00b2 (laut Grundbuch), gelegen in einer privilegierten Lage von El Arenal, an der Pla\u00e7a Major, neben dem Parc Municipal Joan Ferr\u00e9 und gegen\u00fcber dem Rathaus von Llucmajor.~Eine unschlagbare Lage mit allen <\/p>\n","protected":false},"author":4,"featured_media":28487291,"parent":0,"menu_order":0,"template":"","property_type":[1929],"property_status":[438],"property_feature":[1905,1913,1911,1921,1201],"property_label":[],"property_state":[901],"property_city":[913],"property_area":[1588],"acf":[],"property_meta":{"fave_agent":["16433306"],"fave_agents":["16433306"],"fave_agent_display_option":["agent_info"],"fave_agency":["13003314"],"property_agent":["16433306"],"custom_permalink":["inmueble\/venta\/piso\/illes-balears\/llucmajor\/16gr008\/"],"_thumbnail_id":["28487291"],"post_id":["Array"],"original_author":["4"],"_edit_lock":["1604137107:1"],"_edit_last":["1"],"fave_property_map_street_view":["show"],"fave_payment_status":["not_paid"],"fave_single_top_area":["global"],"fave_single_content_area":["global"],"houzez_manual_expire":["0"],"fave_property_size_prefix":["m&sup2;"],"fave_property_map":["1"],"fave_additional_features_enable":["disable"],"fave_floor_plans_enable":["disable"],"fave_multiunit_plans_enable":["disable"],"fave_prop_homeslider":["no"],"fave_featured":["3"],"fave_property_address":["Llucmajor,Illes Balears"],"fave_property_zip":["07600"],"houzez_geolocation_lat":["39.500609845378"],"houzez_geolocation_long":["2.7565283681202"],"fave_property_location":["39.500609845378,2.7565283681202"],"fave_property_country":["ES"],"fave_property_map_address":["Llucmajor,Illes Balears,Spain"],"referencia":["16gr008"],"fave_property_id":["16gr008"],"fave_property_bedrooms":["4"],"fave_property_bathrooms":["4"],"fave_property_garage":["0"],"fave_property_land":["0"],"ave_property_land_postfix":["m&sup2;"],"fave_property_size":["145"],"fave_property_year":["2001"],"fave_energy_global_index":["0 kWh\/m&sup2; \/68.9 Kg CO2\/m&sup2;"],"fave_energy_class":["G"],"estate_attr_energy_class":["G"],"REAL_HOMES_property_emisiones":["68.9"],"REAL_HOMES_property_consumo":["0"],"REAL_HOMES_property_letra":["G"],"estate_video":[""],"fave_virtual_tour":["<iframe src=\"https:\/\/crm.inmovilla.com\/fotosvr\/tour.php?cod=27054050.10961\" width=\"820\" height=\"500\" frameborder=\"0\" style=\"border:0\"><\/iframe><div class=\"enlacetour\"><a class=\"enlacetour2\" title=\"Ver tour virtual\" href=\"https:\/\/crm.inmovilla.com\/fotosvr\/tour.php?cod=27054050.10961\" target=\"_blank\">FULL SCREEN<\/a><\/div>"],"vendidoInmueble":[""],"fave_property_price":["549000"],"fave_property_price_postfix":[""],"fave_property_images":["28487291","28487292","28487293","28487294","28487295","28487296","28487297","28487298","28487299","28487300","28487301","28487302","28487303","28487304","28487305","28487306","28487307","28487308","28487309","28487310","28487311","28487312","28487313","28487314","28487315","28487316","28487317","28487318","28487319","28487320","28487321","28487322","28487323","28487324","28487325","28487326","28487327"],"houzez_total_property_views":["1"],"houzez_views_by_date":["a:1:{s:10:\"05-02-2026\";i:1;}"],"houzez_recently_viewed":["2026-05-02 12:35:15"]},"yoast_head":"<!-- This site is optimized with the Yoast SEO plugin v18.6 - https:\/\/yoast.com\/wordpress\/plugins\/seo\/ -->\n<title>Spektakul\u00e4r renovierte Wohnung im Herzen von El Arenal \u2013 4 Schlafzimmer, 4 Badezimmer - Gestpropiedad<\/title>\n<meta name=\"robots\" content=\"index, follow, max-snippet:-1, max-image-preview:large, max-video-preview:-1\" \/>\n<link rel=\"canonical\" href=\"https:\/\/gestpropiedad.com\/de\/inmueble\/venta\/piso\/illes-balears\/llucmajor\/16gr008\/\" \/>\n<meta property=\"og:locale\" content=\"de_DE\" \/>\n<meta property=\"og:type\" content=\"article\" \/>\n<meta property=\"og:title\" content=\"Spektakul\u00e4r renovierte Wohnung im Herzen von El Arenal \u2013 4 Schlafzimmer, 4 Badezimmer - Gestpropiedad\" \/>\n<meta property=\"og:description\" content=\"Einzigartige Investitionsm\u00f6glichkeit \u2013 4. Etage ohne Aufzug~~Entdecken Sie diese helle und gro\u00dfz\u00fcgige Wohnung mit 145 m\u00b2 (laut Grundbuch), gelegen in einer privilegierten Lage von El Arenal, an der Pla\u00e7a Major, neben dem Parc Municipal Joan Ferr\u00e9 und gegen\u00fcber dem Rathaus von Llucmajor.~Eine unschlagbare Lage mit allen\" \/>\n<meta property=\"og:url\" content=\"https:\/\/gestpropiedad.com\/de\/inmueble\/venta\/piso\/illes-balears\/llucmajor\/16gr008\/\" \/>\n<meta property=\"og:site_name\" content=\"Gestpropiedad\" \/>\n<meta property=\"og:image\" content=\"https:\/\/fotos15.apinmo.com\/10961\/27054050\/6-1.jpg\" \/>\n\t<meta property=\"og:image:width\" content=\"850\" \/>\n\t<meta property=\"og:image:height\" content=\"426\" \/>\n\t<meta property=\"og:image:type\" content=\"image\/jpeg\" \/>\n<meta name=\"twitter:card\" content=\"summary_large_image\" \/>\n<meta name=\"twitter:label1\" content=\"Gesch\u00e4tzte Lesezeit\" \/>\n\t<meta name=\"twitter:data1\" content=\"1\u00a0Minute\" \/>\n<script type=\"application\/ld+json\" class=\"yoast-schema-graph\">{\"@context\":\"https:\/\/schema.org\",\"@graph\":[{\"@type\":\"Organization\",\"@id\":\"https:\/\/gestpropiedad.com\/#organization\",\"name\":\"Gestpropiedad\",\"url\":\"https:\/\/gestpropiedad.com\/\",\"sameAs\":[],\"logo\":{\"@type\":\"ImageObject\",\"@id\":\"https:\/\/gestpropiedad.com\/#logo\",\"inLanguage\":\"de\",\"url\":\"https:\/\/gestpropiedad.com\/wp-content\/uploads\/2021\/11\/logogp-b.svg\",\"contentUrl\":\"https:\/\/gestpropiedad.com\/wp-content\/uploads\/2021\/11\/logogp-b.svg\",\"width\":115,\"height\":60,\"caption\":\"Gestpropiedad\"},\"image\":{\"@id\":\"https:\/\/gestpropiedad.com\/#logo\"}},{\"@type\":\"WebSite\",\"@id\":\"https:\/\/gestpropiedad.com\/#website\",\"url\":\"https:\/\/gestpropiedad.com\/\",\"name\":\"Gestpropiedad\",\"description\":\"Inmobiliaria especializada en Mallorca. Islas Baleares\",\"publisher\":{\"@id\":\"https:\/\/gestpropiedad.com\/#organization\"},\"potentialAction\":[{\"@type\":\"SearchAction\",\"target\":{\"@type\":\"EntryPoint\",\"urlTemplate\":\"https:\/\/gestpropiedad.com\/?s={search_term_string}\"},\"query-input\":\"required name=search_term_string\"}],\"inLanguage\":\"de\"},{\"@type\":\"ImageObject\",\"@id\":\"https:\/\/gestpropiedad.com\/de\/inmueble\/venta\/piso\/illes-balears\/llucmajor\/16gr008\/#primaryimage\",\"inLanguage\":\"de\",\"url\":\"https:\/\/fotos15.apinmo.com\/10961\/27054050\/6-1.jpg\",\"contentUrl\":\"https:\/\/fotos15.apinmo.com\/10961\/27054050\/6-1.jpg\",\"width\":850,\"height\":426,\"caption\":\"Espectacular piso reformado en el coraz\u00f3n de el arenal - 4 habitaciones, 4 ba\u00f1os completos - imagenInmueble0\"},{\"@type\":[\"WebPage\",\"RealEstateListing\"],\"@id\":\"https:\/\/gestpropiedad.com\/de\/inmueble\/venta\/piso\/illes-balears\/llucmajor\/16gr008\/#webpage\",\"url\":\"https:\/\/gestpropiedad.com\/de\/inmueble\/venta\/piso\/illes-balears\/llucmajor\/16gr008\/\",\"name\":\"Spektakul\u00e4r renovierte Wohnung im Herzen von El Arenal \u2013 4 Schlafzimmer, 4 Badezimmer - Gestpropiedad\",\"isPartOf\":{\"@id\":\"https:\/\/gestpropiedad.com\/#website\"},\"primaryImageOfPage\":{\"@id\":\"https:\/\/gestpropiedad.com\/de\/inmueble\/venta\/piso\/illes-balears\/llucmajor\/16gr008\/#primaryimage\"},\"datePublished\":\"2026-03-27T11:20:39+00:00\",\"dateModified\":\"2026-03-27T11:20:39+00:00\",\"breadcrumb\":{\"@id\":\"https:\/\/gestpropiedad.com\/de\/inmueble\/venta\/piso\/illes-balears\/llucmajor\/16gr008\/#breadcrumb\"},\"inLanguage\":\"de\",\"potentialAction\":[{\"@type\":\"ReadAction\",\"target\":[\"https:\/\/gestpropiedad.com\/de\/inmueble\/venta\/piso\/illes-balears\/llucmajor\/16gr008\/\"]}]},{\"@type\":\"BreadcrumbList\",\"@id\":\"https:\/\/gestpropiedad.com\/de\/inmueble\/venta\/piso\/illes-balears\/llucmajor\/16gr008\/#breadcrumb\",\"itemListElement\":[{\"@type\":\"ListItem\",\"position\":1,\"name\":\"Portada\",\"item\":\"https:\/\/gestpropiedad.com\/\"},{\"@type\":\"ListItem\",\"position\":2,\"name\":\"Eigenschaften\",\"item\":\"https:\/\/gestpropiedad.com\/de\/inmueble\/\"},{\"@type\":\"ListItem\",\"position\":3,\"name\":\"Spektakul\u00e4r renovierte Wohnung im Herzen von El Arenal \u2013 4 Schlafzimmer, 4 Badezimmer\"}]}]}<\/script>\n<!-- \/ Yoast SEO plugin. -->","yoast_head_json":{"title":"Spektakul\u00e4r renovierte Wohnung im Herzen von El Arenal \u2013 4 Schlafzimmer, 4 Badezimmer - Gestpropiedad","robots":{"index":"index","follow":"follow","max-snippet":"max-snippet:-1","max-image-preview":"max-image-preview:large","max-video-preview":"max-video-preview:-1"},"canonical":"https:\/\/gestpropiedad.com\/de\/inmueble\/venta\/piso\/illes-balears\/llucmajor\/16gr008\/","og_locale":"de_DE","og_type":"article","og_title":"Spektakul\u00e4r renovierte Wohnung im Herzen von El Arenal \u2013 4 Schlafzimmer, 4 Badezimmer - Gestpropiedad","og_description":"Einzigartige Investitionsm\u00f6glichkeit \u2013 4. Etage ohne Aufzug~~Entdecken Sie diese helle und gro\u00dfz\u00fcgige Wohnung mit 145 m\u00b2 (laut Grundbuch), gelegen in einer privilegierten Lage von El Arenal, an der Pla\u00e7a Major, neben dem Parc Municipal Joan Ferr\u00e9 und gegen\u00fcber dem Rathaus von Llucmajor.~Eine unschlagbare Lage mit allen","og_url":"https:\/\/gestpropiedad.com\/de\/inmueble\/venta\/piso\/illes-balears\/llucmajor\/16gr008\/","og_site_name":"Gestpropiedad","og_image":[{"width":850,"height":426,"url":"https:\/\/fotos15.apinmo.com\/10961\/27054050\/6-1.jpg","type":"image\/jpeg"}],"twitter_card":"summary_large_image","twitter_misc":{"Gesch\u00e4tzte Lesezeit":"1\u00a0Minute"},"schema":{"@context":"https:\/\/schema.org","@graph":[{"@type":"Organization","@id":"https:\/\/gestpropiedad.com\/#organization","name":"Gestpropiedad","url":"https:\/\/gestpropiedad.com\/","sameAs":[],"logo":{"@type":"ImageObject","@id":"https:\/\/gestpropiedad.com\/#logo","inLanguage":"de","url":"https:\/\/gestpropiedad.com\/wp-content\/uploads\/2021\/11\/logogp-b.svg","contentUrl":"https:\/\/gestpropiedad.com\/wp-content\/uploads\/2021\/11\/logogp-b.svg","width":115,"height":60,"caption":"Gestpropiedad"},"image":{"@id":"https:\/\/gestpropiedad.com\/#logo"}},{"@type":"WebSite","@id":"https:\/\/gestpropiedad.com\/#website","url":"https:\/\/gestpropiedad.com\/","name":"Gestpropiedad","description":"Inmobiliaria especializada en Mallorca. Islas Baleares","publisher":{"@id":"https:\/\/gestpropiedad.com\/#organization"},"potentialAction":[{"@type":"SearchAction","target":{"@type":"EntryPoint","urlTemplate":"https:\/\/gestpropiedad.com\/?s={search_term_string}"},"query-input":"required name=search_term_string"}],"inLanguage":"de"},{"@type":"ImageObject","@id":"https:\/\/gestpropiedad.com\/de\/inmueble\/venta\/piso\/illes-balears\/llucmajor\/16gr008\/#primaryimage","inLanguage":"de","url":"https:\/\/fotos15.apinmo.com\/10961\/27054050\/6-1.jpg","contentUrl":"https:\/\/fotos15.apinmo.com\/10961\/27054050\/6-1.jpg","width":850,"height":426,"caption":"Espectacular piso reformado en el coraz\u00f3n de el arenal - 4 habitaciones, 4 ba\u00f1os completos - imagenInmueble0"},{"@type":["WebPage","RealEstateListing"],"@id":"https:\/\/gestpropiedad.com\/de\/inmueble\/venta\/piso\/illes-balears\/llucmajor\/16gr008\/#webpage","url":"https:\/\/gestpropiedad.com\/de\/inmueble\/venta\/piso\/illes-balears\/llucmajor\/16gr008\/","name":"Spektakul\u00e4r renovierte Wohnung im Herzen von El Arenal \u2013 4 Schlafzimmer, 4 Badezimmer - Gestpropiedad","isPartOf":{"@id":"https:\/\/gestpropiedad.com\/#website"},"primaryImageOfPage":{"@id":"https:\/\/gestpropiedad.com\/de\/inmueble\/venta\/piso\/illes-balears\/llucmajor\/16gr008\/#primaryimage"},"datePublished":"2026-03-27T11:20:39+00:00","dateModified":"2026-03-27T11:20:39+00:00","breadcrumb":{"@id":"https:\/\/gestpropiedad.com\/de\/inmueble\/venta\/piso\/illes-balears\/llucmajor\/16gr008\/#breadcrumb"},"inLanguage":"de","potentialAction":[{"@type":"ReadAction","target":["https:\/\/gestpropiedad.com\/de\/inmueble\/venta\/piso\/illes-balears\/llucmajor\/16gr008\/"]}]},{"@type":"BreadcrumbList","@id":"https:\/\/gestpropiedad.com\/de\/inmueble\/venta\/piso\/illes-balears\/llucmajor\/16gr008\/#breadcrumb","itemListElement":[{"@type":"ListItem","position":1,"name":"Portada","item":"https:\/\/gestpropiedad.com\/"},{"@type":"ListItem","position":2,"name":"Eigenschaften","item":"https:\/\/gestpropiedad.com\/de\/inmueble\/"},{"@type":"ListItem","position":3,"name":"Spektakul\u00e4r renovierte Wohnung im Herzen von El Arenal \u2013 4 Schlafzimmer, 4 Badezimmer"}]}]}},"_links":{"self":[{"href":"https:\/\/gestpropiedad.com\/de\/wp-json\/wp\/v2\/properties\/28487290"}],"collection":[{"href":"https:\/\/gestpropiedad.com\/de\/wp-json\/wp\/v2\/properties"}],"about":[{"href":"https:\/\/gestpropiedad.com\/de\/wp-json\/wp\/v2\/types\/property"}],"author":[{"embeddable":true,"href":"https:\/\/gestpropiedad.com\/de\/wp-json\/wp\/v2\/users\/4"}],"version-history":[{"count":0,"href":"https:\/\/gestpropiedad.com\/de\/wp-json\/wp\/v2\/properties\/28487290\/revisions"}],"wp:featuredmedia":[{"embeddable":true,"href":"https:\/\/gestpropiedad.com\/de\/wp-json\/wp\/v2\/media\/28487291"}],"wp:attachment":[{"href":"https:\/\/gestpropiedad.com\/de\/wp-json\/wp\/v2\/media?parent=28487290"}],"wp:term":[{"taxonomy":"property_type","embeddable":true,"href":"https:\/\/gestpropiedad.com\/de\/wp-json\/wp\/v2\/property_type?post=28487290"},{"taxonomy":"property_status","embeddable":true,"href":"https:\/\/gestpropiedad.com\/de\/wp-json\/wp\/v2\/property_status?post=28487290"},{"taxonomy":"property_feature","embeddable":true,"href":"https:\/\/gestpropiedad.com\/de\/wp-json\/wp\/v2\/property_feature?post=28487290"},{"taxonomy":"property_label","embeddable":true,"href":"https:\/\/gestpropiedad.com\/de\/wp-json\/wp\/v2\/property_label?post=28487290"},{"taxonomy":"property_state","embeddable":true,"href":"https:\/\/gestpropiedad.com\/de\/wp-json\/wp\/v2\/property_state?post=28487290"},{"taxonomy":"property_city","embeddable":true,"href":"https:\/\/gestpropiedad.com\/de\/wp-json\/wp\/v2\/property_city?post=28487290"},{"taxonomy":"property_area","embeddable":true,"href":"https:\/\/gestpropiedad.com\/de\/wp-json\/wp\/v2\/property_area?post=28487290"}],"curies":[{"name":"wp","href":"https:\/\/api.w.org\/{rel}","templated":true}]}}