

{"id":28482794,"date":"2024-05-07T12:45:30","date_gmt":"2024-05-07T12:45:30","guid":{"rendered":"https:\/\/www.gestpropiedad.com\/inmueble\/venta\/casa\/illes-balears\/andratx\/01cprm010\/"},"modified":"2024-05-07T12:45:30","modified_gmt":"2024-05-07T12:45:30","slug":"finca-mit-grundstuck-am-strand-von-san-telmo-01cprm010","status":"publish","type":"property","link":"https:\/\/gestpropiedad.com\/de\/inmueble\/venta\/casa\/illes-balears\/andratx\/01cprm010\/","title":{"rendered":"Finca mit Grundst\u00fcck am Strand von San Telmo"},"content":{"rendered":"<p>Rustikale Finca mit Grundst\u00fcck am Strand von San Telmo<\/p>\n<p>Wir pr\u00e4sentieren Ihnen diese rustikale Finca von 3.600 Quadratmetern nur wenige Meter vom Strand entfernt und mit Blick auf die Berge.<\/p>\n<p>Das Anwesen verf\u00fcgt \u00fcber 2 Etagen mit unabh\u00e4ngigen Eing\u00e4ngen und einer bebauten Fl\u00e4che von 241 Quadratmetern, die sich wie folgt aufteilen:<\/p>\n<p>ERDGESCHOSS:<br \/>Das Hauptgeschoss von 90 Quadratmetern hat ein ger\u00e4umiges Wohnzimmer mit Holzofen. Es hat auch drei Schlafzimmer (Doppel) zwei von ihnen mit direktem Zugang nach au\u00dfen, durch Glast\u00fcren, die eine gro\u00dfe Helligkeit in den Raum und ein Badezimmer bieten.<br \/>Der Zugang zum Haus gibt uns Zugriff auf die Veranda von 6 m2 au\u00dferhalb.<\/p>\n<p>FLOOR FLOOR:<br \/>Das Erdgeschoss von 90 Quadratmetern gebaut wird durch eine Au\u00dfentreppe zugegriffen, das Erreichen einer gro\u00dfen \u00fcberdachten Veranda ideal f\u00fcr den Genuss der besten Momente. Das Anwesen ist in einem ger\u00e4umigen Wohnzimmer mit Kamin und direktem Ausgang zu einer privilegierten Terrasse von 6 Quadratmetern verteilt, wo die besten Sonnenunterg\u00e4nge der Insel, unabh\u00e4ngige K\u00fcche mit Speisekammer, drei Schlafzimmer (eines davon derzeit als Ankleidezimmer genutzt) und ein komplettes Bad zu genie\u00dfen.<\/p>\n<p>GARAGE\/ABSTELLRAUM:<br \/>Es hat auch einen Abstellraum von 42 Quadratmetern f\u00fcr mehr Komfort.<\/p>\n<p>Das Anwesen ist von einem gro\u00dfen Grundst\u00fcck umgeben, auf dem sich verschiedene Obstb\u00e4ume, ein sch\u00f6ner Gem\u00fcsegarten und ein Brunnen zur Bew\u00e4sserung befinden.<\/p>\n<p>Das Haus ist dank seiner S\u00fcdwestausrichtung und seiner ungehinderten Aussicht sehr hell und es ist nicht m\u00f6glich, ein anderes Grundst\u00fcck darum herum zu bauen.<\/p>\n<p>San Telmo ist eine der exklusivsten Gemeinden Mallorcas, wenn man die Lage bedenkt, umgeben vom Tramuntanagebirge und einem bemerkenswerten Strand mit direktem Blick auf die Insel Dragonera.<\/p>\n<p>Wenn Sie auf der Suche nach dem perfekten Gleichgewicht zwischen Exklusivit\u00e4t und Natur sind, ist diese Finca eine Gelegenheit, die Sie sich nicht entgehen lassen sollten.<\/p>\n<p>Kontaktieren Sie uns und besichtigen Sie dieses wunderbare Anwesen!<\/p>\n","protected":false},"excerpt":{"rendered":"<p>Rustikale Finca mit Grundst\u00fcck am Strand von San Telmo~~Wir pr\u00e4sentieren Ihnen diese rustikale Finca von 3.600 Quadratmetern nur wenige Meter vom Strand entfernt und mit Blick auf die Berge.~~Das Anwesen verf\u00fcgt \u00fcber 2 Etagen mit unabh\u00e4ngigen Eing\u00e4ngen und einer bebauten Fl\u00e4che von 241 Quadratmetern, die sich wie folgt <\/p>\n","protected":false},"author":4,"featured_media":28482795,"parent":0,"menu_order":0,"template":"","property_type":[1914],"property_status":[438],"property_feature":[1905,1240,1904,1902,1913,1911,1201],"property_label":[],"property_state":[901],"property_city":[1032],"property_area":[1724],"acf":[],"property_meta":{"fave_agent":["5090184"],"fave_agents":["5090184"],"fave_agent_display_option":["agent_info"],"fave_agency":["3010"],"property_agent":["5090184"],"custom_permalink":["inmueble\/venta\/casa\/illes-balears\/andratx\/01cprm010\/"],"_thumbnail_id":["28482795"],"post_id":["Array"],"original_author":["4"],"_edit_lock":["1604137107:1"],"_edit_last":["1"],"fave_property_map_street_view":["show"],"fave_payment_status":["not_paid"],"fave_single_top_area":["global"],"fave_single_content_area":["global"],"houzez_manual_expire":["0"],"fave_property_size_prefix":["m&sup2;"],"fave_property_map":["1"],"fave_additional_features_enable":["disable"],"fave_floor_plans_enable":["disable"],"fave_multiunit_plans_enable":["disable"],"fave_prop_homeslider":["no"],"fave_featured":["0"],"fave_property_address":["Andratx,Illes Balears"],"fave_property_zip":["07159"],"houzez_geolocation_lat":["39.57692793457093"],"houzez_geolocation_long":["2.393293856608267"],"fave_property_location":["39.57692793457093,2.393293856608267"],"fave_property_country":["ES"],"fave_property_map_address":["Andratx,Illes Balears,Spain"],"referencia":["01cprm010"],"fave_property_id":["01cprm010"],"fave_property_bedrooms":["6"],"fave_property_bathrooms":["2"],"fave_property_garage":["0"],"fave_property_land":["3603"],"ave_property_land_postfix":["m&sup2;"],"fave_property_size":["241"],"fave_property_year":["1997"],"fave_energy_global_index":["196 kWh\/m&sup2; \/56 Kg CO2\/m&sup2;"],"fave_energy_class":["G"],"estate_attr_energy_class":["G"],"REAL_HOMES_property_emisiones":["56"],"REAL_HOMES_property_consumo":["196"],"REAL_HOMES_property_letra":["G"],"estate_video":[""],"fave_virtual_tour":["<iframe src=\"https:\/\/crm.inmovilla.com\/fotosvr\/tour.php?cod=20756727.3010\" width=\"820\" height=\"500\" frameborder=\"0\" style=\"border:0\"><\/iframe><div class=\"enlacetour\"><a class=\"enlacetour2\" title=\"Ver tour virtual\" href=\"https:\/\/crm.inmovilla.com\/fotosvr\/tour.php?cod=20756727.3010\" target=\"_blank\">FULL SCREEN<\/a><\/div>"],"vendidoInmueble":[""],"fave_property_price":["1490000"],"fave_property_price_postfix":[""],"fave_property_images":["28482795","28482796","28482797","28482798","28482799","28482800","28482801","28482802","28482803","28482804","28482805","28482806","28482807","28482808","28482809","28482810","28482811","28482812","28482813","28482814","28482815","28482816","28482817","28482818","28482819","28482820","28482821","28482822","28482823","28482824","28482825","28482826","28482827","28482828"],"houzez_total_property_views":["1"],"houzez_views_by_date":["a:1:{s:10:\"05-02-2026\";i:1;}"],"houzez_recently_viewed":["2026-05-02 12:09:42"]},"yoast_head":"<!-- This site is optimized with the Yoast SEO plugin v18.6 - https:\/\/yoast.com\/wordpress\/plugins\/seo\/ -->\n<title>Finca mit Grundst\u00fcck am Strand von San Telmo - Gestpropiedad<\/title>\n<meta name=\"robots\" content=\"index, follow, max-snippet:-1, max-image-preview:large, max-video-preview:-1\" \/>\n<link rel=\"canonical\" href=\"https:\/\/gestpropiedad.com\/de\/inmueble\/venta\/casa\/illes-balears\/andratx\/01cprm010\/\" \/>\n<meta property=\"og:locale\" content=\"de_DE\" \/>\n<meta property=\"og:type\" content=\"article\" \/>\n<meta property=\"og:title\" content=\"Finca mit Grundst\u00fcck am Strand von San Telmo - Gestpropiedad\" \/>\n<meta property=\"og:description\" content=\"Rustikale Finca mit Grundst\u00fcck am Strand von San Telmo~~Wir pr\u00e4sentieren Ihnen diese rustikale Finca von 3.600 Quadratmetern nur wenige Meter vom Strand entfernt und mit Blick auf die Berge.~~Das Anwesen verf\u00fcgt \u00fcber 2 Etagen mit unabh\u00e4ngigen Eing\u00e4ngen und einer bebauten Fl\u00e4che von 241 Quadratmetern, die sich wie folgt\" \/>\n<meta property=\"og:url\" content=\"https:\/\/gestpropiedad.com\/de\/inmueble\/venta\/casa\/illes-balears\/andratx\/01cprm010\/\" \/>\n<meta property=\"og:site_name\" content=\"Gestpropiedad\" \/>\n<meta property=\"og:image\" content=\"https:\/\/fotos15.apinmo.com\/3010\/20756727\/15-1.jpg\" \/>\n\t<meta property=\"og:image:width\" content=\"850\" \/>\n\t<meta property=\"og:image:height\" content=\"426\" \/>\n\t<meta property=\"og:image:type\" content=\"image\/jpeg\" \/>\n<meta name=\"twitter:card\" content=\"summary_large_image\" \/>\n<meta name=\"twitter:label1\" content=\"Gesch\u00e4tzte Lesezeit\" \/>\n\t<meta name=\"twitter:data1\" content=\"2\u00a0Minuten\" \/>\n<script type=\"application\/ld+json\" class=\"yoast-schema-graph\">{\"@context\":\"https:\/\/schema.org\",\"@graph\":[{\"@type\":\"Organization\",\"@id\":\"https:\/\/gestpropiedad.com\/#organization\",\"name\":\"Gestpropiedad\",\"url\":\"https:\/\/gestpropiedad.com\/\",\"sameAs\":[],\"logo\":{\"@type\":\"ImageObject\",\"@id\":\"https:\/\/gestpropiedad.com\/#logo\",\"inLanguage\":\"de\",\"url\":\"https:\/\/gestpropiedad.com\/wp-content\/uploads\/2021\/11\/logogp-b.svg\",\"contentUrl\":\"https:\/\/gestpropiedad.com\/wp-content\/uploads\/2021\/11\/logogp-b.svg\",\"width\":115,\"height\":60,\"caption\":\"Gestpropiedad\"},\"image\":{\"@id\":\"https:\/\/gestpropiedad.com\/#logo\"}},{\"@type\":\"WebSite\",\"@id\":\"https:\/\/gestpropiedad.com\/#website\",\"url\":\"https:\/\/gestpropiedad.com\/\",\"name\":\"Gestpropiedad\",\"description\":\"Inmobiliaria especializada en Mallorca. Islas Baleares\",\"publisher\":{\"@id\":\"https:\/\/gestpropiedad.com\/#organization\"},\"potentialAction\":[{\"@type\":\"SearchAction\",\"target\":{\"@type\":\"EntryPoint\",\"urlTemplate\":\"https:\/\/gestpropiedad.com\/?s={search_term_string}\"},\"query-input\":\"required name=search_term_string\"}],\"inLanguage\":\"de\"},{\"@type\":\"ImageObject\",\"@id\":\"https:\/\/gestpropiedad.com\/de\/inmueble\/venta\/casa\/illes-balears\/andratx\/01cprm010\/#primaryimage\",\"inLanguage\":\"de\",\"url\":\"https:\/\/fotos15.apinmo.com\/3010\/20756727\/15-1.jpg\",\"contentUrl\":\"https:\/\/fotos15.apinmo.com\/3010\/20756727\/15-1.jpg\",\"width\":850,\"height\":426,\"caption\":\"Finca r\u00fastica con terreno en la playa de san telmo - imagenInmueble0\"},{\"@type\":[\"WebPage\",\"RealEstateListing\"],\"@id\":\"https:\/\/gestpropiedad.com\/de\/inmueble\/venta\/casa\/illes-balears\/andratx\/01cprm010\/#webpage\",\"url\":\"https:\/\/gestpropiedad.com\/de\/inmueble\/venta\/casa\/illes-balears\/andratx\/01cprm010\/\",\"name\":\"Finca mit Grundst\u00fcck am Strand von San Telmo - Gestpropiedad\",\"isPartOf\":{\"@id\":\"https:\/\/gestpropiedad.com\/#website\"},\"primaryImageOfPage\":{\"@id\":\"https:\/\/gestpropiedad.com\/de\/inmueble\/venta\/casa\/illes-balears\/andratx\/01cprm010\/#primaryimage\"},\"datePublished\":\"2024-05-07T12:45:30+00:00\",\"dateModified\":\"2024-05-07T12:45:30+00:00\",\"breadcrumb\":{\"@id\":\"https:\/\/gestpropiedad.com\/de\/inmueble\/venta\/casa\/illes-balears\/andratx\/01cprm010\/#breadcrumb\"},\"inLanguage\":\"de\",\"potentialAction\":[{\"@type\":\"ReadAction\",\"target\":[\"https:\/\/gestpropiedad.com\/de\/inmueble\/venta\/casa\/illes-balears\/andratx\/01cprm010\/\"]}]},{\"@type\":\"BreadcrumbList\",\"@id\":\"https:\/\/gestpropiedad.com\/de\/inmueble\/venta\/casa\/illes-balears\/andratx\/01cprm010\/#breadcrumb\",\"itemListElement\":[{\"@type\":\"ListItem\",\"position\":1,\"name\":\"Portada\",\"item\":\"https:\/\/gestpropiedad.com\/\"},{\"@type\":\"ListItem\",\"position\":2,\"name\":\"Eigenschaften\",\"item\":\"https:\/\/gestpropiedad.com\/de\/inmueble\/\"},{\"@type\":\"ListItem\",\"position\":3,\"name\":\"Finca mit Grundst\u00fcck am Strand von San Telmo\"}]}]}<\/script>\n<!-- \/ Yoast SEO plugin. -->","yoast_head_json":{"title":"Finca mit Grundst\u00fcck am Strand von San Telmo - Gestpropiedad","robots":{"index":"index","follow":"follow","max-snippet":"max-snippet:-1","max-image-preview":"max-image-preview:large","max-video-preview":"max-video-preview:-1"},"canonical":"https:\/\/gestpropiedad.com\/de\/inmueble\/venta\/casa\/illes-balears\/andratx\/01cprm010\/","og_locale":"de_DE","og_type":"article","og_title":"Finca mit Grundst\u00fcck am Strand von San Telmo - Gestpropiedad","og_description":"Rustikale Finca mit Grundst\u00fcck am Strand von San Telmo~~Wir pr\u00e4sentieren Ihnen diese rustikale Finca von 3.600 Quadratmetern nur wenige Meter vom Strand entfernt und mit Blick auf die Berge.~~Das Anwesen verf\u00fcgt \u00fcber 2 Etagen mit unabh\u00e4ngigen Eing\u00e4ngen und einer bebauten Fl\u00e4che von 241 Quadratmetern, die sich wie folgt","og_url":"https:\/\/gestpropiedad.com\/de\/inmueble\/venta\/casa\/illes-balears\/andratx\/01cprm010\/","og_site_name":"Gestpropiedad","og_image":[{"width":850,"height":426,"url":"https:\/\/fotos15.apinmo.com\/3010\/20756727\/15-1.jpg","type":"image\/jpeg"}],"twitter_card":"summary_large_image","twitter_misc":{"Gesch\u00e4tzte Lesezeit":"2\u00a0Minuten"},"schema":{"@context":"https:\/\/schema.org","@graph":[{"@type":"Organization","@id":"https:\/\/gestpropiedad.com\/#organization","name":"Gestpropiedad","url":"https:\/\/gestpropiedad.com\/","sameAs":[],"logo":{"@type":"ImageObject","@id":"https:\/\/gestpropiedad.com\/#logo","inLanguage":"de","url":"https:\/\/gestpropiedad.com\/wp-content\/uploads\/2021\/11\/logogp-b.svg","contentUrl":"https:\/\/gestpropiedad.com\/wp-content\/uploads\/2021\/11\/logogp-b.svg","width":115,"height":60,"caption":"Gestpropiedad"},"image":{"@id":"https:\/\/gestpropiedad.com\/#logo"}},{"@type":"WebSite","@id":"https:\/\/gestpropiedad.com\/#website","url":"https:\/\/gestpropiedad.com\/","name":"Gestpropiedad","description":"Inmobiliaria especializada en Mallorca. Islas Baleares","publisher":{"@id":"https:\/\/gestpropiedad.com\/#organization"},"potentialAction":[{"@type":"SearchAction","target":{"@type":"EntryPoint","urlTemplate":"https:\/\/gestpropiedad.com\/?s={search_term_string}"},"query-input":"required name=search_term_string"}],"inLanguage":"de"},{"@type":"ImageObject","@id":"https:\/\/gestpropiedad.com\/de\/inmueble\/venta\/casa\/illes-balears\/andratx\/01cprm010\/#primaryimage","inLanguage":"de","url":"https:\/\/fotos15.apinmo.com\/3010\/20756727\/15-1.jpg","contentUrl":"https:\/\/fotos15.apinmo.com\/3010\/20756727\/15-1.jpg","width":850,"height":426,"caption":"Finca r\u00fastica con terreno en la playa de san telmo - imagenInmueble0"},{"@type":["WebPage","RealEstateListing"],"@id":"https:\/\/gestpropiedad.com\/de\/inmueble\/venta\/casa\/illes-balears\/andratx\/01cprm010\/#webpage","url":"https:\/\/gestpropiedad.com\/de\/inmueble\/venta\/casa\/illes-balears\/andratx\/01cprm010\/","name":"Finca mit Grundst\u00fcck am Strand von San Telmo - Gestpropiedad","isPartOf":{"@id":"https:\/\/gestpropiedad.com\/#website"},"primaryImageOfPage":{"@id":"https:\/\/gestpropiedad.com\/de\/inmueble\/venta\/casa\/illes-balears\/andratx\/01cprm010\/#primaryimage"},"datePublished":"2024-05-07T12:45:30+00:00","dateModified":"2024-05-07T12:45:30+00:00","breadcrumb":{"@id":"https:\/\/gestpropiedad.com\/de\/inmueble\/venta\/casa\/illes-balears\/andratx\/01cprm010\/#breadcrumb"},"inLanguage":"de","potentialAction":[{"@type":"ReadAction","target":["https:\/\/gestpropiedad.com\/de\/inmueble\/venta\/casa\/illes-balears\/andratx\/01cprm010\/"]}]},{"@type":"BreadcrumbList","@id":"https:\/\/gestpropiedad.com\/de\/inmueble\/venta\/casa\/illes-balears\/andratx\/01cprm010\/#breadcrumb","itemListElement":[{"@type":"ListItem","position":1,"name":"Portada","item":"https:\/\/gestpropiedad.com\/"},{"@type":"ListItem","position":2,"name":"Eigenschaften","item":"https:\/\/gestpropiedad.com\/de\/inmueble\/"},{"@type":"ListItem","position":3,"name":"Finca mit Grundst\u00fcck am Strand von San Telmo"}]}]}},"_links":{"self":[{"href":"https:\/\/gestpropiedad.com\/de\/wp-json\/wp\/v2\/properties\/28482794"}],"collection":[{"href":"https:\/\/gestpropiedad.com\/de\/wp-json\/wp\/v2\/properties"}],"about":[{"href":"https:\/\/gestpropiedad.com\/de\/wp-json\/wp\/v2\/types\/property"}],"author":[{"embeddable":true,"href":"https:\/\/gestpropiedad.com\/de\/wp-json\/wp\/v2\/users\/4"}],"version-history":[{"count":0,"href":"https:\/\/gestpropiedad.com\/de\/wp-json\/wp\/v2\/properties\/28482794\/revisions"}],"wp:featuredmedia":[{"embeddable":true,"href":"https:\/\/gestpropiedad.com\/de\/wp-json\/wp\/v2\/media\/28482795"}],"wp:attachment":[{"href":"https:\/\/gestpropiedad.com\/de\/wp-json\/wp\/v2\/media?parent=28482794"}],"wp:term":[{"taxonomy":"property_type","embeddable":true,"href":"https:\/\/gestpropiedad.com\/de\/wp-json\/wp\/v2\/property_type?post=28482794"},{"taxonomy":"property_status","embeddable":true,"href":"https:\/\/gestpropiedad.com\/de\/wp-json\/wp\/v2\/property_status?post=28482794"},{"taxonomy":"property_feature","embeddable":true,"href":"https:\/\/gestpropiedad.com\/de\/wp-json\/wp\/v2\/property_feature?post=28482794"},{"taxonomy":"property_label","embeddable":true,"href":"https:\/\/gestpropiedad.com\/de\/wp-json\/wp\/v2\/property_label?post=28482794"},{"taxonomy":"property_state","embeddable":true,"href":"https:\/\/gestpropiedad.com\/de\/wp-json\/wp\/v2\/property_state?post=28482794"},{"taxonomy":"property_city","embeddable":true,"href":"https:\/\/gestpropiedad.com\/de\/wp-json\/wp\/v2\/property_city?post=28482794"},{"taxonomy":"property_area","embeddable":true,"href":"https:\/\/gestpropiedad.com\/de\/wp-json\/wp\/v2\/property_area?post=28482794"}],"curies":[{"name":"wp","href":"https:\/\/api.w.org\/{rel}","templated":true}]}}