

{"id":28481971,"date":"2026-04-30T20:11:32","date_gmt":"2026-04-30T20:11:32","guid":{"rendered":"https:\/\/www.gestpropiedad.com\/inmueble\/venta\/casa\/illes-balears\/capdepera\/15rkic015\/"},"modified":"2026-04-30T20:11:32","modified_gmt":"2026-04-30T20:11:32","slug":"haus-in-capdepera-neben-der-burg-15rkic015","status":"publish","type":"property","link":"https:\/\/gestpropiedad.com\/de\/inmueble\/venta\/casa\/illes-balears\/capdepera\/15rkic015\/","title":{"rendered":"Haus in Capdepera neben der Burg"},"content":{"rendered":"<p>Gestpropiedad pr\u00e4sentiert auf Mallorca dieses Haus in Capdepera, eine Immobiliengelegenheit nur wenige Meter von der Burg entfernt. Das Anwesen besticht durch seinen traditionellen Charme, seinen mallorquinischen Charakter und eine flexible Raumaufteilung mit privatem Innenhof \u2013 ideal f\u00fcr alle, die Geschichte und Komfort an einem symboltr\u00e4chtigen Standort suchen.<\/p>\n<p>Das im Jahr 1800 erbaute und gut erhaltene Anwesen verf\u00fcgt \u00fcber 100 m\u00b2 Nutzfl\u00e4che, die funktional genutzt werden. Derzeit verf\u00fcgt es \u00fcber zwei Schlafzimmer, zwei Badezimmer und drei Wohnzimmer, die f\u00fcr Ger\u00e4umigkeit und vielf\u00e4ltige Nutzungsm\u00f6glichkeiten im Alltag sorgen. Einer dieser R\u00e4ume l\u00e4sst sich leicht in ein zus\u00e4tzliches Schlafzimmer, ein Arbeitszimmer oder einen G\u00e4stebereich umwandeln und passt sich so den Bed\u00fcrfnissen jedes K\u00e4ufers an. Die Innenaufteilung bewahrt den Charme historischer H\u00e4user und verbindet traditionelle Elemente mit praktischen R\u00e4umen f\u00fcr das moderne Leben.<\/p>\n<p>Im Au\u00dfenbereich bietet der Innenhof einen gem\u00fctlichen R\u00fcckzugsort, an dem Sie das mediterrane Klima genie\u00dfen, eine Ruhezone schaffen oder gesellige Momente im Freien verbringen k\u00f6nnen. Dank der Lage sind das Zentrum von Capdepera, Gesch\u00e4fte, Dienstleistungen und die historische Umgebung der Burg, einer der bekanntesten Orte der Gegend, bequem zu Fu\u00df erreichbar. Diese Immobilie ist eine hervorragende Wahl als Hauptwohnsitz, Zweitwohnsitz oder als Investition mit ganz eigenem Charakter. Kontaktieren Sie uns, um weitere Informationen zu erhalten oder einen Besichtigungstermin zu vereinbaren.<\/p>\n","protected":false},"excerpt":{"rendered":"<p>Gestpropiedad pr\u00e4sentiert auf Mallorca dieses Haus in Capdepera, eine Immobiliengelegenheit nur wenige Meter von der Burg entfernt. Das Anwesen besticht durch seinen traditionellen Charme, seinen mallorquinischen Charakter und eine flexible Raumaufteilung mit privatem Innenhof \u2013 ideal f\u00fcr alle, die Geschichte und Komfort an einem <\/p>\n","protected":false},"author":4,"featured_media":28481972,"parent":0,"menu_order":0,"template":"","property_type":[1914],"property_status":[438],"property_feature":[1912,1904,1913,1713,1201,1918],"property_label":[],"property_state":[901],"property_city":[1487],"property_area":[1524],"acf":[],"property_meta":{"fave_agent":["5701070"],"fave_agents":["5701070"],"fave_agent_display_option":["agent_info"],"fave_agency":["22941544"],"property_agent":["5701070"],"custom_permalink":["inmueble\/venta\/casa\/illes-balears\/capdepera\/15rkic015\/"],"_thumbnail_id":["28481972"],"post_id":["Array"],"original_author":["4"],"_edit_lock":["1604137107:1"],"_edit_last":["1"],"fave_property_map_street_view":["show"],"fave_payment_status":["not_paid"],"fave_single_top_area":["global"],"fave_single_content_area":["global"],"houzez_manual_expire":["0"],"fave_property_size_prefix":["m&sup2;"],"fave_property_map":["1"],"fave_additional_features_enable":["disable"],"fave_floor_plans_enable":["disable"],"fave_multiunit_plans_enable":["disable"],"fave_prop_homeslider":["no"],"fave_featured":["0"],"fave_property_address":["Capdepera,Illes Balears"],"fave_property_zip":["07580"],"houzez_geolocation_lat":["39.703791376"],"houzez_geolocation_long":["3.432893892"],"fave_property_location":["39.703791376,3.432893892"],"fave_property_country":["ES"],"fave_property_map_address":["Capdepera,Illes Balears,Spain"],"referencia":["15rkic015"],"fave_property_id":["15rkic015"],"fave_property_bedrooms":["3"],"fave_property_bathrooms":["2"],"fave_property_garage":["0"],"fave_property_land":["93"],"ave_property_land_postfix":["m&sup2;"],"fave_property_size":["134"],"fave_property_year":["1800"],"fave_energy_global_index":["0 kWh\/m&sup2; \/1234.99 Kg CO2\/m&sup2;"],"fave_energy_class":["C"],"estate_attr_energy_class":["C"],"REAL_HOMES_property_emisiones":["1234.99"],"REAL_HOMES_property_consumo":["0"],"REAL_HOMES_property_letra":["C"],"estate_video":[""],"fave_virtual_tour":["<iframe src=\"https:\/\/crm.inmovilla.com\/fotosvr\/tour.php?cod=28979429.3010\" width=\"820\" height=\"500\" frameborder=\"0\" style=\"border:0\"><\/iframe><div class=\"enlacetour\"><a class=\"enlacetour2\" title=\"Ver tour virtual\" href=\"https:\/\/crm.inmovilla.com\/fotosvr\/tour.php?cod=28979429.3010\" target=\"_blank\">FULL SCREEN<\/a><\/div>"],"vendidoInmueble":[""],"fave_property_price":["480000"],"fave_property_price_postfix":[""],"fave_property_images":["28481972","28481973","28481974","28481975","28481976","28481977","28481978","28481979","28481980","28481981","28481982","28481983","28481984","28481985","28481986","28481987","28481988","28481989","28481990","28481991","28481992","28481993","28481994","28481995","28481996","28481997","28481998"],"houzez_total_property_views":["2"],"houzez_views_by_date":["a:1:{s:10:\"05-01-2026\";i:2;}"],"houzez_recently_viewed":["2026-05-01 13:12:07"]},"yoast_head":"<!-- This site is optimized with the Yoast SEO plugin v18.6 - https:\/\/yoast.com\/wordpress\/plugins\/seo\/ -->\n<title>Haus in Capdepera neben der Burg - Gestpropiedad<\/title>\n<meta name=\"robots\" content=\"index, follow, max-snippet:-1, max-image-preview:large, max-video-preview:-1\" \/>\n<link rel=\"canonical\" href=\"https:\/\/gestpropiedad.com\/de\/inmueble\/venta\/casa\/illes-balears\/capdepera\/15rkic015\/\" \/>\n<meta property=\"og:locale\" content=\"de_DE\" \/>\n<meta property=\"og:type\" content=\"article\" \/>\n<meta property=\"og:title\" content=\"Haus in Capdepera neben der Burg - Gestpropiedad\" \/>\n<meta property=\"og:description\" content=\"Gestpropiedad pr\u00e4sentiert auf Mallorca dieses Haus in Capdepera, eine Immobiliengelegenheit nur wenige Meter von der Burg entfernt. Das Anwesen besticht durch seinen traditionellen Charme, seinen mallorquinischen Charakter und eine flexible Raumaufteilung mit privatem Innenhof \u2013 ideal f\u00fcr alle, die Geschichte und Komfort an einem\" \/>\n<meta property=\"og:url\" content=\"https:\/\/gestpropiedad.com\/de\/inmueble\/venta\/casa\/illes-balears\/capdepera\/15rkic015\/\" \/>\n<meta property=\"og:site_name\" content=\"Gestpropiedad\" \/>\n<meta property=\"og:image\" content=\"https:\/\/fotos15.apinmo.com\/3010\/28979429\/2-1.jpg\" \/>\n\t<meta property=\"og:image:width\" content=\"850\" \/>\n\t<meta property=\"og:image:height\" content=\"426\" \/>\n\t<meta property=\"og:image:type\" content=\"image\/jpeg\" \/>\n<meta name=\"twitter:card\" content=\"summary_large_image\" \/>\n<meta name=\"twitter:label1\" content=\"Gesch\u00e4tzte Lesezeit\" \/>\n\t<meta name=\"twitter:data1\" content=\"1\u00a0Minute\" \/>\n<script type=\"application\/ld+json\" class=\"yoast-schema-graph\">{\"@context\":\"https:\/\/schema.org\",\"@graph\":[{\"@type\":\"Organization\",\"@id\":\"https:\/\/gestpropiedad.com\/#organization\",\"name\":\"Gestpropiedad\",\"url\":\"https:\/\/gestpropiedad.com\/\",\"sameAs\":[],\"logo\":{\"@type\":\"ImageObject\",\"@id\":\"https:\/\/gestpropiedad.com\/#logo\",\"inLanguage\":\"de\",\"url\":\"https:\/\/gestpropiedad.com\/wp-content\/uploads\/2021\/11\/logogp-b.svg\",\"contentUrl\":\"https:\/\/gestpropiedad.com\/wp-content\/uploads\/2021\/11\/logogp-b.svg\",\"width\":115,\"height\":60,\"caption\":\"Gestpropiedad\"},\"image\":{\"@id\":\"https:\/\/gestpropiedad.com\/#logo\"}},{\"@type\":\"WebSite\",\"@id\":\"https:\/\/gestpropiedad.com\/#website\",\"url\":\"https:\/\/gestpropiedad.com\/\",\"name\":\"Gestpropiedad\",\"description\":\"Inmobiliaria especializada en Mallorca. Islas Baleares\",\"publisher\":{\"@id\":\"https:\/\/gestpropiedad.com\/#organization\"},\"potentialAction\":[{\"@type\":\"SearchAction\",\"target\":{\"@type\":\"EntryPoint\",\"urlTemplate\":\"https:\/\/gestpropiedad.com\/?s={search_term_string}\"},\"query-input\":\"required name=search_term_string\"}],\"inLanguage\":\"de\"},{\"@type\":\"ImageObject\",\"@id\":\"https:\/\/gestpropiedad.com\/de\/inmueble\/venta\/casa\/illes-balears\/capdepera\/15rkic015\/#primaryimage\",\"inLanguage\":\"de\",\"url\":\"https:\/\/fotos15.apinmo.com\/3010\/28979429\/2-1.jpg\",\"contentUrl\":\"https:\/\/fotos15.apinmo.com\/3010\/28979429\/2-1.jpg\",\"width\":850,\"height\":426,\"caption\":\"Casa en capdepera junto al castillo - imagenInmueble0\"},{\"@type\":[\"WebPage\",\"RealEstateListing\"],\"@id\":\"https:\/\/gestpropiedad.com\/de\/inmueble\/venta\/casa\/illes-balears\/capdepera\/15rkic015\/#webpage\",\"url\":\"https:\/\/gestpropiedad.com\/de\/inmueble\/venta\/casa\/illes-balears\/capdepera\/15rkic015\/\",\"name\":\"Haus in Capdepera neben der Burg - Gestpropiedad\",\"isPartOf\":{\"@id\":\"https:\/\/gestpropiedad.com\/#website\"},\"primaryImageOfPage\":{\"@id\":\"https:\/\/gestpropiedad.com\/de\/inmueble\/venta\/casa\/illes-balears\/capdepera\/15rkic015\/#primaryimage\"},\"datePublished\":\"2026-04-30T20:11:32+00:00\",\"dateModified\":\"2026-04-30T20:11:32+00:00\",\"breadcrumb\":{\"@id\":\"https:\/\/gestpropiedad.com\/de\/inmueble\/venta\/casa\/illes-balears\/capdepera\/15rkic015\/#breadcrumb\"},\"inLanguage\":\"de\",\"potentialAction\":[{\"@type\":\"ReadAction\",\"target\":[\"https:\/\/gestpropiedad.com\/de\/inmueble\/venta\/casa\/illes-balears\/capdepera\/15rkic015\/\"]}]},{\"@type\":\"BreadcrumbList\",\"@id\":\"https:\/\/gestpropiedad.com\/de\/inmueble\/venta\/casa\/illes-balears\/capdepera\/15rkic015\/#breadcrumb\",\"itemListElement\":[{\"@type\":\"ListItem\",\"position\":1,\"name\":\"Portada\",\"item\":\"https:\/\/gestpropiedad.com\/\"},{\"@type\":\"ListItem\",\"position\":2,\"name\":\"Eigenschaften\",\"item\":\"https:\/\/gestpropiedad.com\/de\/inmueble\/\"},{\"@type\":\"ListItem\",\"position\":3,\"name\":\"Haus in Capdepera neben der Burg\"}]}]}<\/script>\n<!-- \/ Yoast SEO plugin. -->","yoast_head_json":{"title":"Haus in Capdepera neben der Burg - Gestpropiedad","robots":{"index":"index","follow":"follow","max-snippet":"max-snippet:-1","max-image-preview":"max-image-preview:large","max-video-preview":"max-video-preview:-1"},"canonical":"https:\/\/gestpropiedad.com\/de\/inmueble\/venta\/casa\/illes-balears\/capdepera\/15rkic015\/","og_locale":"de_DE","og_type":"article","og_title":"Haus in Capdepera neben der Burg - Gestpropiedad","og_description":"Gestpropiedad pr\u00e4sentiert auf Mallorca dieses Haus in Capdepera, eine Immobiliengelegenheit nur wenige Meter von der Burg entfernt. Das Anwesen besticht durch seinen traditionellen Charme, seinen mallorquinischen Charakter und eine flexible Raumaufteilung mit privatem Innenhof \u2013 ideal f\u00fcr alle, die Geschichte und Komfort an einem","og_url":"https:\/\/gestpropiedad.com\/de\/inmueble\/venta\/casa\/illes-balears\/capdepera\/15rkic015\/","og_site_name":"Gestpropiedad","og_image":[{"width":850,"height":426,"url":"https:\/\/fotos15.apinmo.com\/3010\/28979429\/2-1.jpg","type":"image\/jpeg"}],"twitter_card":"summary_large_image","twitter_misc":{"Gesch\u00e4tzte Lesezeit":"1\u00a0Minute"},"schema":{"@context":"https:\/\/schema.org","@graph":[{"@type":"Organization","@id":"https:\/\/gestpropiedad.com\/#organization","name":"Gestpropiedad","url":"https:\/\/gestpropiedad.com\/","sameAs":[],"logo":{"@type":"ImageObject","@id":"https:\/\/gestpropiedad.com\/#logo","inLanguage":"de","url":"https:\/\/gestpropiedad.com\/wp-content\/uploads\/2021\/11\/logogp-b.svg","contentUrl":"https:\/\/gestpropiedad.com\/wp-content\/uploads\/2021\/11\/logogp-b.svg","width":115,"height":60,"caption":"Gestpropiedad"},"image":{"@id":"https:\/\/gestpropiedad.com\/#logo"}},{"@type":"WebSite","@id":"https:\/\/gestpropiedad.com\/#website","url":"https:\/\/gestpropiedad.com\/","name":"Gestpropiedad","description":"Inmobiliaria especializada en Mallorca. Islas Baleares","publisher":{"@id":"https:\/\/gestpropiedad.com\/#organization"},"potentialAction":[{"@type":"SearchAction","target":{"@type":"EntryPoint","urlTemplate":"https:\/\/gestpropiedad.com\/?s={search_term_string}"},"query-input":"required name=search_term_string"}],"inLanguage":"de"},{"@type":"ImageObject","@id":"https:\/\/gestpropiedad.com\/de\/inmueble\/venta\/casa\/illes-balears\/capdepera\/15rkic015\/#primaryimage","inLanguage":"de","url":"https:\/\/fotos15.apinmo.com\/3010\/28979429\/2-1.jpg","contentUrl":"https:\/\/fotos15.apinmo.com\/3010\/28979429\/2-1.jpg","width":850,"height":426,"caption":"Casa en capdepera junto al castillo - imagenInmueble0"},{"@type":["WebPage","RealEstateListing"],"@id":"https:\/\/gestpropiedad.com\/de\/inmueble\/venta\/casa\/illes-balears\/capdepera\/15rkic015\/#webpage","url":"https:\/\/gestpropiedad.com\/de\/inmueble\/venta\/casa\/illes-balears\/capdepera\/15rkic015\/","name":"Haus in Capdepera neben der Burg - Gestpropiedad","isPartOf":{"@id":"https:\/\/gestpropiedad.com\/#website"},"primaryImageOfPage":{"@id":"https:\/\/gestpropiedad.com\/de\/inmueble\/venta\/casa\/illes-balears\/capdepera\/15rkic015\/#primaryimage"},"datePublished":"2026-04-30T20:11:32+00:00","dateModified":"2026-04-30T20:11:32+00:00","breadcrumb":{"@id":"https:\/\/gestpropiedad.com\/de\/inmueble\/venta\/casa\/illes-balears\/capdepera\/15rkic015\/#breadcrumb"},"inLanguage":"de","potentialAction":[{"@type":"ReadAction","target":["https:\/\/gestpropiedad.com\/de\/inmueble\/venta\/casa\/illes-balears\/capdepera\/15rkic015\/"]}]},{"@type":"BreadcrumbList","@id":"https:\/\/gestpropiedad.com\/de\/inmueble\/venta\/casa\/illes-balears\/capdepera\/15rkic015\/#breadcrumb","itemListElement":[{"@type":"ListItem","position":1,"name":"Portada","item":"https:\/\/gestpropiedad.com\/"},{"@type":"ListItem","position":2,"name":"Eigenschaften","item":"https:\/\/gestpropiedad.com\/de\/inmueble\/"},{"@type":"ListItem","position":3,"name":"Haus in Capdepera neben der Burg"}]}]}},"_links":{"self":[{"href":"https:\/\/gestpropiedad.com\/de\/wp-json\/wp\/v2\/properties\/28481971"}],"collection":[{"href":"https:\/\/gestpropiedad.com\/de\/wp-json\/wp\/v2\/properties"}],"about":[{"href":"https:\/\/gestpropiedad.com\/de\/wp-json\/wp\/v2\/types\/property"}],"author":[{"embeddable":true,"href":"https:\/\/gestpropiedad.com\/de\/wp-json\/wp\/v2\/users\/4"}],"version-history":[{"count":0,"href":"https:\/\/gestpropiedad.com\/de\/wp-json\/wp\/v2\/properties\/28481971\/revisions"}],"wp:featuredmedia":[{"embeddable":true,"href":"https:\/\/gestpropiedad.com\/de\/wp-json\/wp\/v2\/media\/28481972"}],"wp:attachment":[{"href":"https:\/\/gestpropiedad.com\/de\/wp-json\/wp\/v2\/media?parent=28481971"}],"wp:term":[{"taxonomy":"property_type","embeddable":true,"href":"https:\/\/gestpropiedad.com\/de\/wp-json\/wp\/v2\/property_type?post=28481971"},{"taxonomy":"property_status","embeddable":true,"href":"https:\/\/gestpropiedad.com\/de\/wp-json\/wp\/v2\/property_status?post=28481971"},{"taxonomy":"property_feature","embeddable":true,"href":"https:\/\/gestpropiedad.com\/de\/wp-json\/wp\/v2\/property_feature?post=28481971"},{"taxonomy":"property_label","embeddable":true,"href":"https:\/\/gestpropiedad.com\/de\/wp-json\/wp\/v2\/property_label?post=28481971"},{"taxonomy":"property_state","embeddable":true,"href":"https:\/\/gestpropiedad.com\/de\/wp-json\/wp\/v2\/property_state?post=28481971"},{"taxonomy":"property_city","embeddable":true,"href":"https:\/\/gestpropiedad.com\/de\/wp-json\/wp\/v2\/property_city?post=28481971"},{"taxonomy":"property_area","embeddable":true,"href":"https:\/\/gestpropiedad.com\/de\/wp-json\/wp\/v2\/property_area?post=28481971"}],"curies":[{"name":"wp","href":"https:\/\/api.w.org\/{rel}","templated":true}]}}