

{"id":28481770,"date":"2026-04-30T16:35:57","date_gmt":"2026-04-30T16:35:57","guid":{"rendered":"https:\/\/www.gestpropiedad.com\/inmueble\/venta\/chalet\/illes-balears\/felanitx\/11nian010\/"},"modified":"2026-04-30T16:35:57","modified_gmt":"2026-04-30T16:35:57","slug":"charmante-und-autarke-finca-in-felanitx-11nian010","status":"publish","type":"property","link":"https:\/\/gestpropiedad.com\/de\/inmueble\/venta\/chalet\/illes-balears\/felanitx\/11nian010\/","title":{"rendered":"Charmante und autarke Finca in Felanitx"},"content":{"rendered":"<p>Charmantes Landhaus in Felanitx: Natur, Privatsph\u00e4re und Autonomie in einzigartiger Umgebung<\/p>\n<p>In einer Landschaft, in der sich die Natur in voller Sch\u00f6nheit zeigt und die Zeit langsamer zu vergehen scheint, liegt dieses bezaubernde Anwesen in Felanitx. Umgeben von liebevoll gepflegten G\u00e4rten, duftenden Obstb\u00e4umen und dekorativer Bepflanzung l\u00e4dt jeder Winkel des Grundst\u00fccks zu Ruhe und Entspannung ein.<\/p>\n<p>Das Haus verf\u00fcgt \u00fcber 342 m\u00b2 bebauter Fl\u00e4che und 227,35 m\u00b2 Wohnfl\u00e4che, verteilt auf zwei helle und gro\u00dfz\u00fcgige Etagen, die mit viel Geschmack eingerichtet wurden. Mit vier ger\u00e4umigen Schlafzimmern und zwei vollst\u00e4ndigen Badezimmern bietet das Innere eine warme, harmonische Atmosph\u00e4re \u2013 ideal f\u00fcr den Alltag oder f\u00fcr G\u00e4ste.<\/p>\n<p>Das 14.578 m\u00b2 gro\u00dfe Grundst\u00fcck vermittelt ein Gef\u00fchl von absoluter Freiheit. Zierb\u00e4ume, Obstb\u00e4ume und gepflegte Gartenbereiche schaffen eine nat\u00fcrliche Oase voller Farben und D\u00fcfte. Zudem verf\u00fcgt die Finca \u00fcber einen eigenen Brunnen und Solaranlagen, die Autonomie, Effizienz und einen nachhaltigeren Lebensstil erm\u00f6glichen.<\/p>\n<p>Im Au\u00dfenbereich f\u00fcgt sich der 33,5 m\u00b2 gro\u00dfe Pool harmonisch in die Umgebung ein \u2013 perfekt zum Entspannen, Erfrischen oder f\u00fcr unvergessliche Momente unter der mallorquinischen Sonne. Die Bergblicke runden das idyllische Bild ab und schenken zu jeder Tageszeit besondere Stimmungen.<\/p>\n<p>Ein Ort voller Ruhe, Privatsph\u00e4re und Authentizit\u00e4t. Eine Finca f\u00fcr Menschen, die Natur, Raum und ein Zuhause mit Seele suchen.<\/p>\n","protected":false},"excerpt":{"rendered":"<p>Charmantes Landhaus in Felanitx: Natur, Privatsph\u00e4re und Autonomie in einzigartiger Umgebung~~In einer Landschaft, in der sich die Natur in voller Sch\u00f6nheit zeigt und die Zeit langsamer zu vergehen scheint, liegt dieses bezaubernde Anwesen in Felanitx. Umgeben von liebevoll gepflegten G\u00e4rten, duftenden Obstb\u00e4umen und dekorativer <\/p>\n","protected":false},"author":4,"featured_media":28481771,"parent":0,"menu_order":0,"template":"","property_type":[1900],"property_status":[438],"property_feature":[1198,1207,1905,1204,1912,1904,1902,1913,1911,1901,1719,1713,1201,1718,1918,1717],"property_label":[],"property_state":[901],"property_city":[990],"property_area":[1152],"acf":[],"property_meta":{"fave_agent":["21721571"],"fave_agents":["21721571"],"fave_agent_display_option":["agent_info"],"fave_agency":["23659022"],"property_agent":["21721571"],"custom_permalink":["inmueble\/venta\/chalet\/illes-balears\/felanitx\/11nian010\/"],"_thumbnail_id":["28481771"],"post_id":["Array"],"original_author":["4"],"_edit_lock":["1604137107:1"],"_edit_last":["1"],"fave_property_map_street_view":["show"],"fave_payment_status":["not_paid"],"fave_single_top_area":["global"],"fave_single_content_area":["global"],"houzez_manual_expire":["0"],"fave_property_size_prefix":["m&sup2;"],"fave_property_map":["1"],"fave_additional_features_enable":["disable"],"fave_floor_plans_enable":["disable"],"fave_multiunit_plans_enable":["disable"],"fave_prop_homeslider":["no"],"fave_featured":["0"],"fave_property_address":["Felanitx,Illes Balears"],"fave_property_zip":["07200"],"houzez_geolocation_lat":["39.468753133"],"houzez_geolocation_long":["3.148020149"],"fave_property_location":["39.468753133,3.148020149"],"fave_property_country":["ES"],"fave_property_map_address":["Felanitx,Illes Balears,Spain"],"referencia":["11nian010"],"fave_property_id":["11nian010"],"fave_property_bedrooms":["4"],"fave_property_bathrooms":["1"],"fave_property_garage":["1"],"fave_property_land":["14578"],"ave_property_land_postfix":["m&sup2;"],"fave_property_size":["342"],"fave_property_year":["1999"],"fave_energy_global_index":["0 kWh\/m&sup2; \/1234.99 Kg CO2\/m&sup2;"],"fave_energy_class":["D"],"estate_attr_energy_class":["D"],"REAL_HOMES_property_emisiones":["1234.99"],"REAL_HOMES_property_consumo":["0"],"REAL_HOMES_property_letra":["D"],"estate_video":[""],"fave_virtual_tour":["<iframe src=\"https:\/\/crm.inmovilla.com\/fotosvr\/tour.php?cod=28900971.12912\" width=\"820\" height=\"500\" frameborder=\"0\" style=\"border:0\"><\/iframe><div class=\"enlacetour\"><a class=\"enlacetour2\" title=\"Ver tour virtual\" href=\"https:\/\/crm.inmovilla.com\/fotosvr\/tour.php?cod=28900971.12912\" target=\"_blank\">FULL SCREEN<\/a><\/div>"],"vendidoInmueble":[""],"fave_property_price":["1250000"],"fave_property_price_postfix":[""],"fave_property_images":["28481771","28481772","28481773","28481774","28481775","28481776","28481777","28481778","28481779","28481780","28481781","28481782","28481783","28481784","28481785","28481786","28481787","28481788","28481789","28481790","28481791","28481792","28481793","28481794","28481795","28481796","28481797","28481798","28481799","28481800","28481801","28481802","28481803","28481804","28481805","28481806","28481807","28481808","28481809","28481810","28481811","28481812","28481813","28481814","28481815","28481816","28481817","28481818","28481819","28481820","28481821","28481822","28481823","28481824","28481825","28481826","28481827","28481828","28481829","28481830","28481831","28481832","28481833","28481834","28481835","28481836","28481837","28481838","28481839","28481840","28481841","28481842","28481843","28481844","28481845","28481846","28481847","28481848","28481849","28481850","28481851","28481852","28481853","28481854","28481855","28481856"],"houzez_total_property_views":["2"],"houzez_views_by_date":["a:1:{s:10:\"05-01-2026\";i:2;}"],"houzez_recently_viewed":["2026-05-01 14:00:31"]},"yoast_head":"<!-- This site is optimized with the Yoast SEO plugin v18.6 - https:\/\/yoast.com\/wordpress\/plugins\/seo\/ -->\n<title>Charmante und autarke Finca in Felanitx - Gestpropiedad<\/title>\n<meta name=\"robots\" content=\"index, follow, max-snippet:-1, max-image-preview:large, max-video-preview:-1\" \/>\n<link rel=\"canonical\" href=\"https:\/\/gestpropiedad.com\/de\/inmueble\/venta\/chalet\/illes-balears\/felanitx\/11nian010\/\" \/>\n<meta property=\"og:locale\" content=\"de_DE\" \/>\n<meta property=\"og:type\" content=\"article\" \/>\n<meta property=\"og:title\" content=\"Charmante und autarke Finca in Felanitx - Gestpropiedad\" \/>\n<meta property=\"og:description\" content=\"Charmantes Landhaus in Felanitx: Natur, Privatsph\u00e4re und Autonomie in einzigartiger Umgebung~~In einer Landschaft, in der sich die Natur in voller Sch\u00f6nheit zeigt und die Zeit langsamer zu vergehen scheint, liegt dieses bezaubernde Anwesen in Felanitx. Umgeben von liebevoll gepflegten G\u00e4rten, duftenden Obstb\u00e4umen und dekorativer\" \/>\n<meta property=\"og:url\" content=\"https:\/\/gestpropiedad.com\/de\/inmueble\/venta\/chalet\/illes-balears\/felanitx\/11nian010\/\" \/>\n<meta property=\"og:site_name\" content=\"Gestpropiedad\" \/>\n<meta property=\"og:image\" content=\"https:\/\/fotos15.apinmo.com\/12912\/28900971\/5-1.jpg\" \/>\n\t<meta property=\"og:image:width\" content=\"850\" \/>\n\t<meta property=\"og:image:height\" content=\"426\" \/>\n\t<meta property=\"og:image:type\" content=\"image\/jpeg\" \/>\n<meta name=\"twitter:card\" content=\"summary_large_image\" \/>\n<meta name=\"twitter:label1\" content=\"Gesch\u00e4tzte Lesezeit\" \/>\n\t<meta name=\"twitter:data1\" content=\"1\u00a0Minute\" \/>\n<script type=\"application\/ld+json\" class=\"yoast-schema-graph\">{\"@context\":\"https:\/\/schema.org\",\"@graph\":[{\"@type\":\"Organization\",\"@id\":\"https:\/\/gestpropiedad.com\/#organization\",\"name\":\"Gestpropiedad\",\"url\":\"https:\/\/gestpropiedad.com\/\",\"sameAs\":[],\"logo\":{\"@type\":\"ImageObject\",\"@id\":\"https:\/\/gestpropiedad.com\/#logo\",\"inLanguage\":\"de\",\"url\":\"https:\/\/gestpropiedad.com\/wp-content\/uploads\/2021\/11\/logogp-b.svg\",\"contentUrl\":\"https:\/\/gestpropiedad.com\/wp-content\/uploads\/2021\/11\/logogp-b.svg\",\"width\":115,\"height\":60,\"caption\":\"Gestpropiedad\"},\"image\":{\"@id\":\"https:\/\/gestpropiedad.com\/#logo\"}},{\"@type\":\"WebSite\",\"@id\":\"https:\/\/gestpropiedad.com\/#website\",\"url\":\"https:\/\/gestpropiedad.com\/\",\"name\":\"Gestpropiedad\",\"description\":\"Inmobiliaria especializada en Mallorca. Islas Baleares\",\"publisher\":{\"@id\":\"https:\/\/gestpropiedad.com\/#organization\"},\"potentialAction\":[{\"@type\":\"SearchAction\",\"target\":{\"@type\":\"EntryPoint\",\"urlTemplate\":\"https:\/\/gestpropiedad.com\/?s={search_term_string}\"},\"query-input\":\"required name=search_term_string\"}],\"inLanguage\":\"de\"},{\"@type\":\"ImageObject\",\"@id\":\"https:\/\/gestpropiedad.com\/de\/inmueble\/venta\/chalet\/illes-balears\/felanitx\/11nian010\/#primaryimage\",\"inLanguage\":\"de\",\"url\":\"https:\/\/fotos15.apinmo.com\/12912\/28900971\/5-1.jpg\",\"contentUrl\":\"https:\/\/fotos15.apinmo.com\/12912\/28900971\/5-1.jpg\",\"width\":850,\"height\":426,\"caption\":\"Finca con encanto y autonom\u00eda en felanitx - imagenInmueble0\"},{\"@type\":[\"WebPage\",\"RealEstateListing\"],\"@id\":\"https:\/\/gestpropiedad.com\/de\/inmueble\/venta\/chalet\/illes-balears\/felanitx\/11nian010\/#webpage\",\"url\":\"https:\/\/gestpropiedad.com\/de\/inmueble\/venta\/chalet\/illes-balears\/felanitx\/11nian010\/\",\"name\":\"Charmante und autarke Finca in Felanitx - Gestpropiedad\",\"isPartOf\":{\"@id\":\"https:\/\/gestpropiedad.com\/#website\"},\"primaryImageOfPage\":{\"@id\":\"https:\/\/gestpropiedad.com\/de\/inmueble\/venta\/chalet\/illes-balears\/felanitx\/11nian010\/#primaryimage\"},\"datePublished\":\"2026-04-30T16:35:57+00:00\",\"dateModified\":\"2026-04-30T16:35:57+00:00\",\"breadcrumb\":{\"@id\":\"https:\/\/gestpropiedad.com\/de\/inmueble\/venta\/chalet\/illes-balears\/felanitx\/11nian010\/#breadcrumb\"},\"inLanguage\":\"de\",\"potentialAction\":[{\"@type\":\"ReadAction\",\"target\":[\"https:\/\/gestpropiedad.com\/de\/inmueble\/venta\/chalet\/illes-balears\/felanitx\/11nian010\/\"]}]},{\"@type\":\"BreadcrumbList\",\"@id\":\"https:\/\/gestpropiedad.com\/de\/inmueble\/venta\/chalet\/illes-balears\/felanitx\/11nian010\/#breadcrumb\",\"itemListElement\":[{\"@type\":\"ListItem\",\"position\":1,\"name\":\"Portada\",\"item\":\"https:\/\/gestpropiedad.com\/\"},{\"@type\":\"ListItem\",\"position\":2,\"name\":\"Eigenschaften\",\"item\":\"https:\/\/gestpropiedad.com\/de\/inmueble\/\"},{\"@type\":\"ListItem\",\"position\":3,\"name\":\"Charmante und autarke Finca in Felanitx\"}]}]}<\/script>\n<!-- \/ Yoast SEO plugin. -->","yoast_head_json":{"title":"Charmante und autarke Finca in Felanitx - Gestpropiedad","robots":{"index":"index","follow":"follow","max-snippet":"max-snippet:-1","max-image-preview":"max-image-preview:large","max-video-preview":"max-video-preview:-1"},"canonical":"https:\/\/gestpropiedad.com\/de\/inmueble\/venta\/chalet\/illes-balears\/felanitx\/11nian010\/","og_locale":"de_DE","og_type":"article","og_title":"Charmante und autarke Finca in Felanitx - Gestpropiedad","og_description":"Charmantes Landhaus in Felanitx: Natur, Privatsph\u00e4re und Autonomie in einzigartiger Umgebung~~In einer Landschaft, in der sich die Natur in voller Sch\u00f6nheit zeigt und die Zeit langsamer zu vergehen scheint, liegt dieses bezaubernde Anwesen in Felanitx. Umgeben von liebevoll gepflegten G\u00e4rten, duftenden Obstb\u00e4umen und dekorativer","og_url":"https:\/\/gestpropiedad.com\/de\/inmueble\/venta\/chalet\/illes-balears\/felanitx\/11nian010\/","og_site_name":"Gestpropiedad","og_image":[{"width":850,"height":426,"url":"https:\/\/fotos15.apinmo.com\/12912\/28900971\/5-1.jpg","type":"image\/jpeg"}],"twitter_card":"summary_large_image","twitter_misc":{"Gesch\u00e4tzte Lesezeit":"1\u00a0Minute"},"schema":{"@context":"https:\/\/schema.org","@graph":[{"@type":"Organization","@id":"https:\/\/gestpropiedad.com\/#organization","name":"Gestpropiedad","url":"https:\/\/gestpropiedad.com\/","sameAs":[],"logo":{"@type":"ImageObject","@id":"https:\/\/gestpropiedad.com\/#logo","inLanguage":"de","url":"https:\/\/gestpropiedad.com\/wp-content\/uploads\/2021\/11\/logogp-b.svg","contentUrl":"https:\/\/gestpropiedad.com\/wp-content\/uploads\/2021\/11\/logogp-b.svg","width":115,"height":60,"caption":"Gestpropiedad"},"image":{"@id":"https:\/\/gestpropiedad.com\/#logo"}},{"@type":"WebSite","@id":"https:\/\/gestpropiedad.com\/#website","url":"https:\/\/gestpropiedad.com\/","name":"Gestpropiedad","description":"Inmobiliaria especializada en Mallorca. Islas Baleares","publisher":{"@id":"https:\/\/gestpropiedad.com\/#organization"},"potentialAction":[{"@type":"SearchAction","target":{"@type":"EntryPoint","urlTemplate":"https:\/\/gestpropiedad.com\/?s={search_term_string}"},"query-input":"required name=search_term_string"}],"inLanguage":"de"},{"@type":"ImageObject","@id":"https:\/\/gestpropiedad.com\/de\/inmueble\/venta\/chalet\/illes-balears\/felanitx\/11nian010\/#primaryimage","inLanguage":"de","url":"https:\/\/fotos15.apinmo.com\/12912\/28900971\/5-1.jpg","contentUrl":"https:\/\/fotos15.apinmo.com\/12912\/28900971\/5-1.jpg","width":850,"height":426,"caption":"Finca con encanto y autonom\u00eda en felanitx - imagenInmueble0"},{"@type":["WebPage","RealEstateListing"],"@id":"https:\/\/gestpropiedad.com\/de\/inmueble\/venta\/chalet\/illes-balears\/felanitx\/11nian010\/#webpage","url":"https:\/\/gestpropiedad.com\/de\/inmueble\/venta\/chalet\/illes-balears\/felanitx\/11nian010\/","name":"Charmante und autarke Finca in Felanitx - Gestpropiedad","isPartOf":{"@id":"https:\/\/gestpropiedad.com\/#website"},"primaryImageOfPage":{"@id":"https:\/\/gestpropiedad.com\/de\/inmueble\/venta\/chalet\/illes-balears\/felanitx\/11nian010\/#primaryimage"},"datePublished":"2026-04-30T16:35:57+00:00","dateModified":"2026-04-30T16:35:57+00:00","breadcrumb":{"@id":"https:\/\/gestpropiedad.com\/de\/inmueble\/venta\/chalet\/illes-balears\/felanitx\/11nian010\/#breadcrumb"},"inLanguage":"de","potentialAction":[{"@type":"ReadAction","target":["https:\/\/gestpropiedad.com\/de\/inmueble\/venta\/chalet\/illes-balears\/felanitx\/11nian010\/"]}]},{"@type":"BreadcrumbList","@id":"https:\/\/gestpropiedad.com\/de\/inmueble\/venta\/chalet\/illes-balears\/felanitx\/11nian010\/#breadcrumb","itemListElement":[{"@type":"ListItem","position":1,"name":"Portada","item":"https:\/\/gestpropiedad.com\/"},{"@type":"ListItem","position":2,"name":"Eigenschaften","item":"https:\/\/gestpropiedad.com\/de\/inmueble\/"},{"@type":"ListItem","position":3,"name":"Charmante und autarke Finca in Felanitx"}]}]}},"_links":{"self":[{"href":"https:\/\/gestpropiedad.com\/de\/wp-json\/wp\/v2\/properties\/28481770"}],"collection":[{"href":"https:\/\/gestpropiedad.com\/de\/wp-json\/wp\/v2\/properties"}],"about":[{"href":"https:\/\/gestpropiedad.com\/de\/wp-json\/wp\/v2\/types\/property"}],"author":[{"embeddable":true,"href":"https:\/\/gestpropiedad.com\/de\/wp-json\/wp\/v2\/users\/4"}],"version-history":[{"count":0,"href":"https:\/\/gestpropiedad.com\/de\/wp-json\/wp\/v2\/properties\/28481770\/revisions"}],"wp:featuredmedia":[{"embeddable":true,"href":"https:\/\/gestpropiedad.com\/de\/wp-json\/wp\/v2\/media\/28481771"}],"wp:attachment":[{"href":"https:\/\/gestpropiedad.com\/de\/wp-json\/wp\/v2\/media?parent=28481770"}],"wp:term":[{"taxonomy":"property_type","embeddable":true,"href":"https:\/\/gestpropiedad.com\/de\/wp-json\/wp\/v2\/property_type?post=28481770"},{"taxonomy":"property_status","embeddable":true,"href":"https:\/\/gestpropiedad.com\/de\/wp-json\/wp\/v2\/property_status?post=28481770"},{"taxonomy":"property_feature","embeddable":true,"href":"https:\/\/gestpropiedad.com\/de\/wp-json\/wp\/v2\/property_feature?post=28481770"},{"taxonomy":"property_label","embeddable":true,"href":"https:\/\/gestpropiedad.com\/de\/wp-json\/wp\/v2\/property_label?post=28481770"},{"taxonomy":"property_state","embeddable":true,"href":"https:\/\/gestpropiedad.com\/de\/wp-json\/wp\/v2\/property_state?post=28481770"},{"taxonomy":"property_city","embeddable":true,"href":"https:\/\/gestpropiedad.com\/de\/wp-json\/wp\/v2\/property_city?post=28481770"},{"taxonomy":"property_area","embeddable":true,"href":"https:\/\/gestpropiedad.com\/de\/wp-json\/wp\/v2\/property_area?post=28481770"}],"curies":[{"name":"wp","href":"https:\/\/api.w.org\/{rel}","templated":true}]}}