

{"id":28481258,"date":"2026-04-30T17:43:16","date_gmt":"2026-04-30T17:43:16","guid":{"rendered":"https:\/\/www.gestpropiedad.com\/inmueble\/venta\/terreno-urbano\/illes-balears\/porreres\/05lc069vt\/"},"modified":"2026-04-30T17:43:16","modified_gmt":"2026-04-30T17:43:16","slug":"landhaus-mit-bauprojekt-05lc069vt","status":"publish","type":"property","link":"https:\/\/gestpropiedad.com\/de\/inmueble\/venta\/terreno-urbano\/illes-balears\/porreres\/05lc069vt\/","title":{"rendered":"Landhaus mit Bauprojekt"},"content":{"rendered":"<p>Zu verkaufen: 29.976 m\u00b2 gro\u00dfes Grundst\u00fcck in der ruhigen und begehrten Gegend von Son Artigues, Porreres. Fast 3 Hektar Natur und absolute Privatsph\u00e4re.<\/p>\n<p>F\u00fcr das Grundst\u00fcck liegt ein im M\u00e4rz 2024 bei der Gemeinde eingereichter Bauantrag vor, wodurch die Bauzeiten verk\u00fcrzt und administrative Verz\u00f6gerungen vermieden werden k\u00f6nnen. Zudem liegt eine Genehmigung f\u00fcr einen Grundwasserbrunnen vor. Es besteht kein Stromanschluss von Gesa.<\/p>\n<p>Wohnprojekt:<br \/>Bebaute Fl\u00e4che: 178,50 m\u00b2<br \/>Wohn-Esszimmer mit offener K\u00fcche<br \/>3 Schlafzimmer<br \/>3 Badezimmer en suite + 1 G\u00e4ste-WC<br \/>Zus\u00e4tzlicher Raum f\u00fcr B\u00fcro oder Freizeitbereich<\/p>\n<p>Au\u00dfenbereich:<br \/>Privater Pool von 32 m\u00b2<br \/>Separate Garage von 61 m\u00b2<\/p>\n<p>Wichtige Informationen:<br \/>\u00c4nderungsf\u00e4higes Projekt<br \/>L\u00e4ndliche Gegend mit steigender Nachfrage<br \/>Ruhige Lage mit guter Anbindung an andere Teile der Insel<\/p>\n<p>Ideale Immobilie f\u00fcr alle, die ein ma\u00dfgeschneidertes Haus bauen m\u00f6chten, wobei ein Teil der st\u00e4dtebaulichen Genehmigungsverfahren bereits eingeleitet wurde.<\/p>\n<p>Exklusiver Verkauf bei GestPropiedad Manacor.<br \/>Z\u00f6gern Sie nicht, uns f\u00fcr weitere Informationen oder zur Vereinbarung eines Besichtigungstermins zu kontaktieren! <\/p>\n","protected":false},"excerpt":{"rendered":"<p>Zu verkaufen: 29.976 m\u00b2 gro\u00dfes Grundst\u00fcck in der ruhigen und begehrten Gegend von Son Artigues, Porreres. Fast 3 Hektar Natur und absolute Privatsph\u00e4re.~~F\u00fcr das Grundst\u00fcck liegt ein im M\u00e4rz 2024 bei der Gemeinde eingereichter Bauantrag vor, wodurch die Bauzeiten verk\u00fcrzt und administrative Verz\u00f6gerungen vermieden werden k\u00f6nnen. <\/p>\n","protected":false},"author":4,"featured_media":28481259,"parent":0,"menu_order":0,"template":"","property_type":[1915],"property_status":[438],"property_feature":[],"property_label":[],"property_state":[901],"property_city":[923],"property_area":[924],"acf":[],"property_meta":{"fave_agent":["45051"],"fave_agents":["45051"],"fave_agent_display_option":["agent_info"],"fave_agency":["22941544"],"property_agent":["45051"],"custom_permalink":["inmueble\/venta\/terreno-urbano\/illes-balears\/porreres\/05lc069vt\/"],"_thumbnail_id":["28481259"],"post_id":["Array"],"original_author":["4"],"_edit_lock":["1604137107:1"],"_edit_last":["1"],"fave_property_map_street_view":["show"],"fave_payment_status":["not_paid"],"fave_single_top_area":["global"],"fave_single_content_area":["global"],"houzez_manual_expire":["0"],"fave_property_size_prefix":["m&sup2;"],"fave_property_map":["1"],"fave_additional_features_enable":["disable"],"fave_floor_plans_enable":["disable"],"fave_multiunit_plans_enable":["disable"],"fave_prop_homeslider":["no"],"fave_featured":["0"],"fave_property_address":["Porreres,Illes Balears"],"fave_property_zip":["07260"],"houzez_geolocation_lat":["39.526538424444"],"houzez_geolocation_long":["3.0384375120671"],"fave_property_location":["39.526538424444,3.0384375120671"],"fave_property_country":["ES"],"fave_property_map_address":["Porreres,Illes Balears,Spain"],"referencia":["05lc069vt"],"fave_property_id":["05lc069vt"],"fave_property_bedrooms":["0"],"fave_property_bathrooms":["0"],"fave_property_garage":["0"],"fave_property_land":["29976"],"ave_property_land_postfix":["m&sup2;"],"fave_property_size":["0"],"fave_property_year":["0"],"fave_energy_global_index":["0 kWh\/m&sup2; \/0 Kg CO2\/m&sup2;"],"fave_energy_class":["N"],"estate_attr_energy_class":["N"],"REAL_HOMES_property_emisiones":["0"],"REAL_HOMES_property_consumo":["0"],"REAL_HOMES_property_letra":["N"],"estate_video":[""],"fave_virtual_tour":[""],"vendidoInmueble":[""],"fave_property_price":["295000"],"fave_property_price_postfix":[""],"fave_property_images":["28481259","28481260","28481261","28481262","28481263","28481264","28481265","28481266","28481267","28481268","28481269","28481270","28481271","28481272","28481273","28481274","28481275","28481276","28481277","28481278"],"houzez_total_property_views":["2"],"houzez_views_by_date":["a:1:{s:10:\"05-01-2026\";i:2;}"],"houzez_recently_viewed":["2026-05-01 13:12:09"]},"yoast_head":"<!-- This site is optimized with the Yoast SEO plugin v18.6 - https:\/\/yoast.com\/wordpress\/plugins\/seo\/ -->\n<title>Landhaus mit Bauprojekt - Gestpropiedad<\/title>\n<meta name=\"robots\" content=\"index, follow, max-snippet:-1, max-image-preview:large, max-video-preview:-1\" \/>\n<link rel=\"canonical\" href=\"https:\/\/gestpropiedad.com\/de\/inmueble\/venta\/terreno-urbano\/illes-balears\/porreres\/05lc069vt\/\" \/>\n<meta property=\"og:locale\" content=\"de_DE\" \/>\n<meta property=\"og:type\" content=\"article\" \/>\n<meta property=\"og:title\" content=\"Landhaus mit Bauprojekt - Gestpropiedad\" \/>\n<meta property=\"og:description\" content=\"Zu verkaufen: 29.976 m\u00b2 gro\u00dfes Grundst\u00fcck in der ruhigen und begehrten Gegend von Son Artigues, Porreres. Fast 3 Hektar Natur und absolute Privatsph\u00e4re.~~F\u00fcr das Grundst\u00fcck liegt ein im M\u00e4rz 2024 bei der Gemeinde eingereichter Bauantrag vor, wodurch die Bauzeiten verk\u00fcrzt und administrative Verz\u00f6gerungen vermieden werden k\u00f6nnen.\" \/>\n<meta property=\"og:url\" content=\"https:\/\/gestpropiedad.com\/de\/inmueble\/venta\/terreno-urbano\/illes-balears\/porreres\/05lc069vt\/\" \/>\n<meta property=\"og:site_name\" content=\"Gestpropiedad\" \/>\n<meta property=\"og:image\" content=\"https:\/\/fotos15.apinmo.com\/3010\/28842346\/9-1.jpg\" \/>\n\t<meta property=\"og:image:width\" content=\"850\" \/>\n\t<meta property=\"og:image:height\" content=\"426\" \/>\n\t<meta property=\"og:image:type\" content=\"image\/jpeg\" \/>\n<meta name=\"twitter:card\" content=\"summary_large_image\" \/>\n<meta name=\"twitter:label1\" content=\"Gesch\u00e4tzte Lesezeit\" \/>\n\t<meta name=\"twitter:data1\" content=\"1\u00a0Minute\" \/>\n<script type=\"application\/ld+json\" class=\"yoast-schema-graph\">{\"@context\":\"https:\/\/schema.org\",\"@graph\":[{\"@type\":\"Organization\",\"@id\":\"https:\/\/gestpropiedad.com\/#organization\",\"name\":\"Gestpropiedad\",\"url\":\"https:\/\/gestpropiedad.com\/\",\"sameAs\":[],\"logo\":{\"@type\":\"ImageObject\",\"@id\":\"https:\/\/gestpropiedad.com\/#logo\",\"inLanguage\":\"de\",\"url\":\"https:\/\/gestpropiedad.com\/wp-content\/uploads\/2021\/11\/logogp-b.svg\",\"contentUrl\":\"https:\/\/gestpropiedad.com\/wp-content\/uploads\/2021\/11\/logogp-b.svg\",\"width\":115,\"height\":60,\"caption\":\"Gestpropiedad\"},\"image\":{\"@id\":\"https:\/\/gestpropiedad.com\/#logo\"}},{\"@type\":\"WebSite\",\"@id\":\"https:\/\/gestpropiedad.com\/#website\",\"url\":\"https:\/\/gestpropiedad.com\/\",\"name\":\"Gestpropiedad\",\"description\":\"Inmobiliaria especializada en Mallorca. Islas Baleares\",\"publisher\":{\"@id\":\"https:\/\/gestpropiedad.com\/#organization\"},\"potentialAction\":[{\"@type\":\"SearchAction\",\"target\":{\"@type\":\"EntryPoint\",\"urlTemplate\":\"https:\/\/gestpropiedad.com\/?s={search_term_string}\"},\"query-input\":\"required name=search_term_string\"}],\"inLanguage\":\"de\"},{\"@type\":\"ImageObject\",\"@id\":\"https:\/\/gestpropiedad.com\/de\/inmueble\/venta\/terreno-urbano\/illes-balears\/porreres\/05lc069vt\/#primaryimage\",\"inLanguage\":\"de\",\"url\":\"https:\/\/fotos15.apinmo.com\/3010\/28842346\/9-1.jpg\",\"contentUrl\":\"https:\/\/fotos15.apinmo.com\/3010\/28842346\/9-1.jpg\",\"width\":850,\"height\":426,\"caption\":\"Finca r\u00dastica con proyecto - imagenInmueble0\"},{\"@type\":[\"WebPage\",\"RealEstateListing\"],\"@id\":\"https:\/\/gestpropiedad.com\/de\/inmueble\/venta\/terreno-urbano\/illes-balears\/porreres\/05lc069vt\/#webpage\",\"url\":\"https:\/\/gestpropiedad.com\/de\/inmueble\/venta\/terreno-urbano\/illes-balears\/porreres\/05lc069vt\/\",\"name\":\"Landhaus mit Bauprojekt - Gestpropiedad\",\"isPartOf\":{\"@id\":\"https:\/\/gestpropiedad.com\/#website\"},\"primaryImageOfPage\":{\"@id\":\"https:\/\/gestpropiedad.com\/de\/inmueble\/venta\/terreno-urbano\/illes-balears\/porreres\/05lc069vt\/#primaryimage\"},\"datePublished\":\"2026-04-30T17:43:16+00:00\",\"dateModified\":\"2026-04-30T17:43:16+00:00\",\"breadcrumb\":{\"@id\":\"https:\/\/gestpropiedad.com\/de\/inmueble\/venta\/terreno-urbano\/illes-balears\/porreres\/05lc069vt\/#breadcrumb\"},\"inLanguage\":\"de\",\"potentialAction\":[{\"@type\":\"ReadAction\",\"target\":[\"https:\/\/gestpropiedad.com\/de\/inmueble\/venta\/terreno-urbano\/illes-balears\/porreres\/05lc069vt\/\"]}]},{\"@type\":\"BreadcrumbList\",\"@id\":\"https:\/\/gestpropiedad.com\/de\/inmueble\/venta\/terreno-urbano\/illes-balears\/porreres\/05lc069vt\/#breadcrumb\",\"itemListElement\":[{\"@type\":\"ListItem\",\"position\":1,\"name\":\"Portada\",\"item\":\"https:\/\/gestpropiedad.com\/\"},{\"@type\":\"ListItem\",\"position\":2,\"name\":\"Eigenschaften\",\"item\":\"https:\/\/gestpropiedad.com\/de\/inmueble\/\"},{\"@type\":\"ListItem\",\"position\":3,\"name\":\"Landhaus mit Bauprojekt\"}]}]}<\/script>\n<!-- \/ Yoast SEO plugin. -->","yoast_head_json":{"title":"Landhaus mit Bauprojekt - Gestpropiedad","robots":{"index":"index","follow":"follow","max-snippet":"max-snippet:-1","max-image-preview":"max-image-preview:large","max-video-preview":"max-video-preview:-1"},"canonical":"https:\/\/gestpropiedad.com\/de\/inmueble\/venta\/terreno-urbano\/illes-balears\/porreres\/05lc069vt\/","og_locale":"de_DE","og_type":"article","og_title":"Landhaus mit Bauprojekt - Gestpropiedad","og_description":"Zu verkaufen: 29.976 m\u00b2 gro\u00dfes Grundst\u00fcck in der ruhigen und begehrten Gegend von Son Artigues, Porreres. Fast 3 Hektar Natur und absolute Privatsph\u00e4re.~~F\u00fcr das Grundst\u00fcck liegt ein im M\u00e4rz 2024 bei der Gemeinde eingereichter Bauantrag vor, wodurch die Bauzeiten verk\u00fcrzt und administrative Verz\u00f6gerungen vermieden werden k\u00f6nnen.","og_url":"https:\/\/gestpropiedad.com\/de\/inmueble\/venta\/terreno-urbano\/illes-balears\/porreres\/05lc069vt\/","og_site_name":"Gestpropiedad","og_image":[{"width":850,"height":426,"url":"https:\/\/fotos15.apinmo.com\/3010\/28842346\/9-1.jpg","type":"image\/jpeg"}],"twitter_card":"summary_large_image","twitter_misc":{"Gesch\u00e4tzte Lesezeit":"1\u00a0Minute"},"schema":{"@context":"https:\/\/schema.org","@graph":[{"@type":"Organization","@id":"https:\/\/gestpropiedad.com\/#organization","name":"Gestpropiedad","url":"https:\/\/gestpropiedad.com\/","sameAs":[],"logo":{"@type":"ImageObject","@id":"https:\/\/gestpropiedad.com\/#logo","inLanguage":"de","url":"https:\/\/gestpropiedad.com\/wp-content\/uploads\/2021\/11\/logogp-b.svg","contentUrl":"https:\/\/gestpropiedad.com\/wp-content\/uploads\/2021\/11\/logogp-b.svg","width":115,"height":60,"caption":"Gestpropiedad"},"image":{"@id":"https:\/\/gestpropiedad.com\/#logo"}},{"@type":"WebSite","@id":"https:\/\/gestpropiedad.com\/#website","url":"https:\/\/gestpropiedad.com\/","name":"Gestpropiedad","description":"Inmobiliaria especializada en Mallorca. Islas Baleares","publisher":{"@id":"https:\/\/gestpropiedad.com\/#organization"},"potentialAction":[{"@type":"SearchAction","target":{"@type":"EntryPoint","urlTemplate":"https:\/\/gestpropiedad.com\/?s={search_term_string}"},"query-input":"required name=search_term_string"}],"inLanguage":"de"},{"@type":"ImageObject","@id":"https:\/\/gestpropiedad.com\/de\/inmueble\/venta\/terreno-urbano\/illes-balears\/porreres\/05lc069vt\/#primaryimage","inLanguage":"de","url":"https:\/\/fotos15.apinmo.com\/3010\/28842346\/9-1.jpg","contentUrl":"https:\/\/fotos15.apinmo.com\/3010\/28842346\/9-1.jpg","width":850,"height":426,"caption":"Finca r\u00dastica con proyecto - imagenInmueble0"},{"@type":["WebPage","RealEstateListing"],"@id":"https:\/\/gestpropiedad.com\/de\/inmueble\/venta\/terreno-urbano\/illes-balears\/porreres\/05lc069vt\/#webpage","url":"https:\/\/gestpropiedad.com\/de\/inmueble\/venta\/terreno-urbano\/illes-balears\/porreres\/05lc069vt\/","name":"Landhaus mit Bauprojekt - Gestpropiedad","isPartOf":{"@id":"https:\/\/gestpropiedad.com\/#website"},"primaryImageOfPage":{"@id":"https:\/\/gestpropiedad.com\/de\/inmueble\/venta\/terreno-urbano\/illes-balears\/porreres\/05lc069vt\/#primaryimage"},"datePublished":"2026-04-30T17:43:16+00:00","dateModified":"2026-04-30T17:43:16+00:00","breadcrumb":{"@id":"https:\/\/gestpropiedad.com\/de\/inmueble\/venta\/terreno-urbano\/illes-balears\/porreres\/05lc069vt\/#breadcrumb"},"inLanguage":"de","potentialAction":[{"@type":"ReadAction","target":["https:\/\/gestpropiedad.com\/de\/inmueble\/venta\/terreno-urbano\/illes-balears\/porreres\/05lc069vt\/"]}]},{"@type":"BreadcrumbList","@id":"https:\/\/gestpropiedad.com\/de\/inmueble\/venta\/terreno-urbano\/illes-balears\/porreres\/05lc069vt\/#breadcrumb","itemListElement":[{"@type":"ListItem","position":1,"name":"Portada","item":"https:\/\/gestpropiedad.com\/"},{"@type":"ListItem","position":2,"name":"Eigenschaften","item":"https:\/\/gestpropiedad.com\/de\/inmueble\/"},{"@type":"ListItem","position":3,"name":"Landhaus mit Bauprojekt"}]}]}},"_links":{"self":[{"href":"https:\/\/gestpropiedad.com\/de\/wp-json\/wp\/v2\/properties\/28481258"}],"collection":[{"href":"https:\/\/gestpropiedad.com\/de\/wp-json\/wp\/v2\/properties"}],"about":[{"href":"https:\/\/gestpropiedad.com\/de\/wp-json\/wp\/v2\/types\/property"}],"author":[{"embeddable":true,"href":"https:\/\/gestpropiedad.com\/de\/wp-json\/wp\/v2\/users\/4"}],"version-history":[{"count":0,"href":"https:\/\/gestpropiedad.com\/de\/wp-json\/wp\/v2\/properties\/28481258\/revisions"}],"wp:featuredmedia":[{"embeddable":true,"href":"https:\/\/gestpropiedad.com\/de\/wp-json\/wp\/v2\/media\/28481259"}],"wp:attachment":[{"href":"https:\/\/gestpropiedad.com\/de\/wp-json\/wp\/v2\/media?parent=28481258"}],"wp:term":[{"taxonomy":"property_type","embeddable":true,"href":"https:\/\/gestpropiedad.com\/de\/wp-json\/wp\/v2\/property_type?post=28481258"},{"taxonomy":"property_status","embeddable":true,"href":"https:\/\/gestpropiedad.com\/de\/wp-json\/wp\/v2\/property_status?post=28481258"},{"taxonomy":"property_feature","embeddable":true,"href":"https:\/\/gestpropiedad.com\/de\/wp-json\/wp\/v2\/property_feature?post=28481258"},{"taxonomy":"property_label","embeddable":true,"href":"https:\/\/gestpropiedad.com\/de\/wp-json\/wp\/v2\/property_label?post=28481258"},{"taxonomy":"property_state","embeddable":true,"href":"https:\/\/gestpropiedad.com\/de\/wp-json\/wp\/v2\/property_state?post=28481258"},{"taxonomy":"property_city","embeddable":true,"href":"https:\/\/gestpropiedad.com\/de\/wp-json\/wp\/v2\/property_city?post=28481258"},{"taxonomy":"property_area","embeddable":true,"href":"https:\/\/gestpropiedad.com\/de\/wp-json\/wp\/v2\/property_area?post=28481258"}],"curies":[{"name":"wp","href":"https:\/\/api.w.org\/{rel}","templated":true}]}}