

{"id":28477321,"date":"2026-04-30T14:02:22","date_gmt":"2026-04-30T14:02:22","guid":{"rendered":"https:\/\/www.gestpropiedad.com\/inmueble\/venta\/piso\/illes-balears\/alcudia\/11cr070\/"},"modified":"2026-04-30T14:02:22","modified_gmt":"2026-04-30T14:02:22","slug":"erdgeschosswohnung-mit-groser-terrasse-in-port-d-alcudia-11cr070","status":"publish","type":"property","link":"https:\/\/gestpropiedad.com\/de\/inmueble\/venta\/piso\/illes-balears\/alcudia\/11cr070\/","title":{"rendered":"Erdgeschosswohnung mit gro\u00dfer Terrasse in Port d&#8217;Alc\u00fadia."},"content":{"rendered":"<p>Entdecken Sie diese wundersch\u00f6ne Erdgeschosswohnung in Port d&#8217;Alc\u00fadia \u2013 eine einmalige Gelegenheit f\u00fcr alle, die Au\u00dfenfl\u00e4chen, Privatsph\u00e4re und die N\u00e4he zum Meer suchen.<\/p>\n<p>Die Immobilie besticht vor allem durch ihre spektakul\u00e4re private Terrasse von 150 m\u00b2, die vollst\u00e4ndig eingez\u00e4unt ist und das Eckgrundst\u00fcck umgibt. Dieser gro\u00dfz\u00fcgige Au\u00dfenbereich eignet sich perfekt, um das mediterrane Klima das ganze Jahr \u00fcber zu genie\u00dfen: Mahlzeiten im Freien, Chill-out-Bereich, Spielbereich f\u00fcr Kinder oder sogar die M\u00f6glichkeit, einen Pool zu installieren. Ohne Zweifel ein echter Luxus, der in dieser Gegend nur schwer zu finden ist.<\/p>\n<p>Die Immobilie verf\u00fcgt \u00fcber drei unabh\u00e4ngige Zug\u00e4nge: einen vom Geb\u00e4udeinneren und zwei direkte Eing\u00e4nge vom Garten aus, was Komfort, Funktionalit\u00e4t und mehr Privatsph\u00e4re bietet.<\/p>\n<p>Im Inneren befindet sich eine sehr praktische und helle Raumaufteilung, bei der alle Zimmer zum Garten ausgerichtet sind:<\/p>\n<p>2 Doppelzimmer<\/p>\n<p>1 Einzelzimmer<\/p>\n<p>1 komplettes Badezimmer<\/p>\n<p>1 G\u00e4ste-WC<\/p>\n<p>Separate K\u00fcche mit Zugang zum Hauswirtschaftsraum und direktem Ausgang in den Garten<\/p>\n<p>Nur 300 Meter vom Strand entfernt gelegen, erreichen Sie das Meer in wenigen Gehminuten. Die Umgebung bietet alle notwendigen Dienstleistungen f\u00fcr den Alltag: Superm\u00e4rkte, Restaurants, Schulen, Apotheken, \u00f6ffentliche Verkehrsmittel und Freizeitm\u00f6glichkeiten. Damit ist die Immobilie sowohl als Hauptwohnsitz als auch als Zweitwohnsitz ideal.<\/p>\n<p>Diese Immobilie ist besonders geeignet f\u00fcr K\u00e4ufer, die Wert auf Au\u00dfenbereiche, Ruhe und Meeresn\u00e4he legen \u2013 sei es zum Wohnen mit der Familie, f\u00fcr Homeoffice in privilegierter Lage oder als Investition in eine gefragte Gegend.<\/p>\n<p>Rufen Sie uns an und vereinbaren Sie einen Besichtigungstermin.<\/p>\n<p>Registrierte Immobilienmakler bei ROAIIBE GOIBE740280\/2024.<\/p>\n","protected":false},"excerpt":{"rendered":"<p>Entdecken Sie diese wundersch\u00f6ne Erdgeschosswohnung in Port d&#8217;Alc\u00fadia \u2013 eine einmalige Gelegenheit f\u00fcr alle, die Au\u00dfenfl\u00e4chen, Privatsph\u00e4re und die N\u00e4he zum Meer suchen.~~Die Immobilie besticht vor allem durch ihre spektakul\u00e4re private Terrasse von 150 m\u00b2, die vollst\u00e4ndig eingez\u00e4unt ist und das Eckgrundst\u00fcck umgibt. Dieser <\/p>\n","protected":false},"author":4,"featured_media":28477322,"parent":0,"menu_order":0,"template":"","property_type":[1929],"property_status":[438],"property_feature":[1198,1905,1916,1204,1902,1913,1910,1201,1918],"property_label":[],"property_state":[901],"property_city":[1001],"property_area":[1880],"acf":[],"property_meta":{"fave_agent":["13274651"],"fave_agents":["13274651"],"fave_agent_display_option":["agent_info"],"fave_agency":["23659022"],"property_agent":["13274651"],"custom_permalink":["inmueble\/venta\/piso\/illes-balears\/alcudia\/11cr070\/"],"_thumbnail_id":["28477322"],"post_id":["Array"],"original_author":["4"],"_edit_lock":["1604137107:1"],"_edit_last":["1"],"fave_property_map_street_view":["show"],"fave_payment_status":["not_paid"],"fave_single_top_area":["global"],"fave_single_content_area":["global"],"houzez_manual_expire":["0"],"fave_property_size_prefix":["m&sup2;"],"fave_property_map":["1"],"fave_additional_features_enable":["disable"],"fave_floor_plans_enable":["disable"],"fave_multiunit_plans_enable":["disable"],"fave_prop_homeslider":["no"],"fave_featured":["0"],"fave_property_address":["Alc\u00fadia,Illes Balears"],"fave_property_zip":["07400"],"houzez_geolocation_lat":["39.841319648869"],"houzez_geolocation_long":["3.1220883234104"],"fave_property_location":["39.841319648869,3.1220883234104"],"fave_property_country":["ES"],"fave_property_map_address":["Alc\u00fadia,Illes Balears,Spain"],"referencia":["11cr070"],"fave_property_id":["11cr070"],"fave_property_bedrooms":["3"],"fave_property_bathrooms":["2"],"fave_property_garage":["0"],"fave_property_land":["0"],"ave_property_land_postfix":["m&sup2;"],"fave_property_size":["237"],"fave_property_year":["1985"],"fave_energy_global_index":["0 kWh\/m&sup2; \/0 Kg CO2\/m&sup2;"],"fave_energy_class":["E"],"estate_attr_energy_class":["E"],"REAL_HOMES_property_emisiones":["0"],"REAL_HOMES_property_consumo":["0"],"REAL_HOMES_property_letra":["E"],"estate_video":[""],"fave_virtual_tour":["<iframe src=\"https:\/\/crm.inmovilla.com\/fotosvr\/tour.php?cod=28196394.12912\" width=\"820\" height=\"500\" frameborder=\"0\" style=\"border:0\"><\/iframe><div class=\"enlacetour\"><a class=\"enlacetour2\" title=\"Ver tour virtual\" href=\"https:\/\/crm.inmovilla.com\/fotosvr\/tour.php?cod=28196394.12912\" target=\"_blank\">FULL SCREEN<\/a><\/div>"],"vendidoInmueble":[""],"fave_property_price":["370000"],"fave_property_price_postfix":[""],"fave_property_images":["28477322","28477323","28477324","28477325","28477326","28477327","28477328","28477329","28477330","28477331","28477332","28477333","28477334","28477335","28477336","28477337","28477338","28477339","28477340","28477341","28477342","28477343","28477344","28477345","28477346","28477347","28477348","28477349","28477350","28477351","28477352","28477353","28477354","28477355","28477356","28477357","28477358","28477359","28477360","28477361","28477362","28477363","28477364","28477365","28477366"],"houzez_total_property_views":["2"],"houzez_views_by_date":["a:1:{s:10:\"05-01-2026\";i:2;}"],"houzez_recently_viewed":["2026-05-01 16:16:38"]},"yoast_head":"<!-- This site is optimized with the Yoast SEO plugin v18.6 - https:\/\/yoast.com\/wordpress\/plugins\/seo\/ -->\n<title>Erdgeschosswohnung mit gro\u00dfer Terrasse in Port d&#039;Alc\u00fadia. - Gestpropiedad<\/title>\n<meta name=\"robots\" content=\"index, follow, max-snippet:-1, max-image-preview:large, max-video-preview:-1\" \/>\n<link rel=\"canonical\" href=\"https:\/\/gestpropiedad.com\/de\/inmueble\/venta\/piso\/illes-balears\/alcudia\/11cr070\/\" \/>\n<meta property=\"og:locale\" content=\"de_DE\" \/>\n<meta property=\"og:type\" content=\"article\" \/>\n<meta property=\"og:title\" content=\"Erdgeschosswohnung mit gro\u00dfer Terrasse in Port d&#039;Alc\u00fadia. - Gestpropiedad\" \/>\n<meta property=\"og:description\" content=\"Entdecken Sie diese wundersch\u00f6ne Erdgeschosswohnung in Port d&#039;Alc\u00fadia \u2013 eine einmalige Gelegenheit f\u00fcr alle, die Au\u00dfenfl\u00e4chen, Privatsph\u00e4re und die N\u00e4he zum Meer suchen.~~Die Immobilie besticht vor allem durch ihre spektakul\u00e4re private Terrasse von 150 m\u00b2, die vollst\u00e4ndig eingez\u00e4unt ist und das Eckgrundst\u00fcck umgibt. Dieser\" \/>\n<meta property=\"og:url\" content=\"https:\/\/gestpropiedad.com\/de\/inmueble\/venta\/piso\/illes-balears\/alcudia\/11cr070\/\" \/>\n<meta property=\"og:site_name\" content=\"Gestpropiedad\" \/>\n<meta property=\"og:image\" content=\"https:\/\/fotos15.apinmo.com\/12912\/28196394\/21-1.jpg\" \/>\n\t<meta property=\"og:image:width\" content=\"850\" \/>\n\t<meta property=\"og:image:height\" content=\"426\" \/>\n\t<meta property=\"og:image:type\" content=\"image\/jpeg\" \/>\n<meta name=\"twitter:card\" content=\"summary_large_image\" \/>\n<meta name=\"twitter:label1\" content=\"Gesch\u00e4tzte Lesezeit\" \/>\n\t<meta name=\"twitter:data1\" content=\"1\u00a0Minute\" \/>\n<script type=\"application\/ld+json\" class=\"yoast-schema-graph\">{\"@context\":\"https:\/\/schema.org\",\"@graph\":[{\"@type\":\"Organization\",\"@id\":\"https:\/\/gestpropiedad.com\/#organization\",\"name\":\"Gestpropiedad\",\"url\":\"https:\/\/gestpropiedad.com\/\",\"sameAs\":[],\"logo\":{\"@type\":\"ImageObject\",\"@id\":\"https:\/\/gestpropiedad.com\/#logo\",\"inLanguage\":\"de\",\"url\":\"https:\/\/gestpropiedad.com\/wp-content\/uploads\/2021\/11\/logogp-b.svg\",\"contentUrl\":\"https:\/\/gestpropiedad.com\/wp-content\/uploads\/2021\/11\/logogp-b.svg\",\"width\":115,\"height\":60,\"caption\":\"Gestpropiedad\"},\"image\":{\"@id\":\"https:\/\/gestpropiedad.com\/#logo\"}},{\"@type\":\"WebSite\",\"@id\":\"https:\/\/gestpropiedad.com\/#website\",\"url\":\"https:\/\/gestpropiedad.com\/\",\"name\":\"Gestpropiedad\",\"description\":\"Inmobiliaria especializada en Mallorca. Islas Baleares\",\"publisher\":{\"@id\":\"https:\/\/gestpropiedad.com\/#organization\"},\"potentialAction\":[{\"@type\":\"SearchAction\",\"target\":{\"@type\":\"EntryPoint\",\"urlTemplate\":\"https:\/\/gestpropiedad.com\/?s={search_term_string}\"},\"query-input\":\"required name=search_term_string\"}],\"inLanguage\":\"de\"},{\"@type\":\"ImageObject\",\"@id\":\"https:\/\/gestpropiedad.com\/de\/inmueble\/venta\/piso\/illes-balears\/alcudia\/11cr070\/#primaryimage\",\"inLanguage\":\"de\",\"url\":\"https:\/\/fotos15.apinmo.com\/12912\/28196394\/21-1.jpg\",\"contentUrl\":\"https:\/\/fotos15.apinmo.com\/12912\/28196394\/21-1.jpg\",\"width\":850,\"height\":426},{\"@type\":[\"WebPage\",\"RealEstateListing\"],\"@id\":\"https:\/\/gestpropiedad.com\/de\/inmueble\/venta\/piso\/illes-balears\/alcudia\/11cr070\/#webpage\",\"url\":\"https:\/\/gestpropiedad.com\/de\/inmueble\/venta\/piso\/illes-balears\/alcudia\/11cr070\/\",\"name\":\"Erdgeschosswohnung mit gro\u00dfer Terrasse in Port d'Alc\u00fadia. - Gestpropiedad\",\"isPartOf\":{\"@id\":\"https:\/\/gestpropiedad.com\/#website\"},\"primaryImageOfPage\":{\"@id\":\"https:\/\/gestpropiedad.com\/de\/inmueble\/venta\/piso\/illes-balears\/alcudia\/11cr070\/#primaryimage\"},\"datePublished\":\"2026-04-30T14:02:22+00:00\",\"dateModified\":\"2026-04-30T14:02:22+00:00\",\"breadcrumb\":{\"@id\":\"https:\/\/gestpropiedad.com\/de\/inmueble\/venta\/piso\/illes-balears\/alcudia\/11cr070\/#breadcrumb\"},\"inLanguage\":\"de\",\"potentialAction\":[{\"@type\":\"ReadAction\",\"target\":[\"https:\/\/gestpropiedad.com\/de\/inmueble\/venta\/piso\/illes-balears\/alcudia\/11cr070\/\"]}]},{\"@type\":\"BreadcrumbList\",\"@id\":\"https:\/\/gestpropiedad.com\/de\/inmueble\/venta\/piso\/illes-balears\/alcudia\/11cr070\/#breadcrumb\",\"itemListElement\":[{\"@type\":\"ListItem\",\"position\":1,\"name\":\"Portada\",\"item\":\"https:\/\/gestpropiedad.com\/\"},{\"@type\":\"ListItem\",\"position\":2,\"name\":\"Eigenschaften\",\"item\":\"https:\/\/gestpropiedad.com\/de\/inmueble\/\"},{\"@type\":\"ListItem\",\"position\":3,\"name\":\"Erdgeschosswohnung mit gro\u00dfer Terrasse in Port d&#8217;Alc\u00fadia.\"}]}]}<\/script>\n<!-- \/ Yoast SEO plugin. -->","yoast_head_json":{"title":"Erdgeschosswohnung mit gro\u00dfer Terrasse in Port d'Alc\u00fadia. - Gestpropiedad","robots":{"index":"index","follow":"follow","max-snippet":"max-snippet:-1","max-image-preview":"max-image-preview:large","max-video-preview":"max-video-preview:-1"},"canonical":"https:\/\/gestpropiedad.com\/de\/inmueble\/venta\/piso\/illes-balears\/alcudia\/11cr070\/","og_locale":"de_DE","og_type":"article","og_title":"Erdgeschosswohnung mit gro\u00dfer Terrasse in Port d'Alc\u00fadia. - Gestpropiedad","og_description":"Entdecken Sie diese wundersch\u00f6ne Erdgeschosswohnung in Port d'Alc\u00fadia \u2013 eine einmalige Gelegenheit f\u00fcr alle, die Au\u00dfenfl\u00e4chen, Privatsph\u00e4re und die N\u00e4he zum Meer suchen.~~Die Immobilie besticht vor allem durch ihre spektakul\u00e4re private Terrasse von 150 m\u00b2, die vollst\u00e4ndig eingez\u00e4unt ist und das Eckgrundst\u00fcck umgibt. Dieser","og_url":"https:\/\/gestpropiedad.com\/de\/inmueble\/venta\/piso\/illes-balears\/alcudia\/11cr070\/","og_site_name":"Gestpropiedad","og_image":[{"width":850,"height":426,"url":"https:\/\/fotos15.apinmo.com\/12912\/28196394\/21-1.jpg","type":"image\/jpeg"}],"twitter_card":"summary_large_image","twitter_misc":{"Gesch\u00e4tzte Lesezeit":"1\u00a0Minute"},"schema":{"@context":"https:\/\/schema.org","@graph":[{"@type":"Organization","@id":"https:\/\/gestpropiedad.com\/#organization","name":"Gestpropiedad","url":"https:\/\/gestpropiedad.com\/","sameAs":[],"logo":{"@type":"ImageObject","@id":"https:\/\/gestpropiedad.com\/#logo","inLanguage":"de","url":"https:\/\/gestpropiedad.com\/wp-content\/uploads\/2021\/11\/logogp-b.svg","contentUrl":"https:\/\/gestpropiedad.com\/wp-content\/uploads\/2021\/11\/logogp-b.svg","width":115,"height":60,"caption":"Gestpropiedad"},"image":{"@id":"https:\/\/gestpropiedad.com\/#logo"}},{"@type":"WebSite","@id":"https:\/\/gestpropiedad.com\/#website","url":"https:\/\/gestpropiedad.com\/","name":"Gestpropiedad","description":"Inmobiliaria especializada en Mallorca. Islas Baleares","publisher":{"@id":"https:\/\/gestpropiedad.com\/#organization"},"potentialAction":[{"@type":"SearchAction","target":{"@type":"EntryPoint","urlTemplate":"https:\/\/gestpropiedad.com\/?s={search_term_string}"},"query-input":"required name=search_term_string"}],"inLanguage":"de"},{"@type":"ImageObject","@id":"https:\/\/gestpropiedad.com\/de\/inmueble\/venta\/piso\/illes-balears\/alcudia\/11cr070\/#primaryimage","inLanguage":"de","url":"https:\/\/fotos15.apinmo.com\/12912\/28196394\/21-1.jpg","contentUrl":"https:\/\/fotos15.apinmo.com\/12912\/28196394\/21-1.jpg","width":850,"height":426},{"@type":["WebPage","RealEstateListing"],"@id":"https:\/\/gestpropiedad.com\/de\/inmueble\/venta\/piso\/illes-balears\/alcudia\/11cr070\/#webpage","url":"https:\/\/gestpropiedad.com\/de\/inmueble\/venta\/piso\/illes-balears\/alcudia\/11cr070\/","name":"Erdgeschosswohnung mit gro\u00dfer Terrasse in Port d'Alc\u00fadia. - Gestpropiedad","isPartOf":{"@id":"https:\/\/gestpropiedad.com\/#website"},"primaryImageOfPage":{"@id":"https:\/\/gestpropiedad.com\/de\/inmueble\/venta\/piso\/illes-balears\/alcudia\/11cr070\/#primaryimage"},"datePublished":"2026-04-30T14:02:22+00:00","dateModified":"2026-04-30T14:02:22+00:00","breadcrumb":{"@id":"https:\/\/gestpropiedad.com\/de\/inmueble\/venta\/piso\/illes-balears\/alcudia\/11cr070\/#breadcrumb"},"inLanguage":"de","potentialAction":[{"@type":"ReadAction","target":["https:\/\/gestpropiedad.com\/de\/inmueble\/venta\/piso\/illes-balears\/alcudia\/11cr070\/"]}]},{"@type":"BreadcrumbList","@id":"https:\/\/gestpropiedad.com\/de\/inmueble\/venta\/piso\/illes-balears\/alcudia\/11cr070\/#breadcrumb","itemListElement":[{"@type":"ListItem","position":1,"name":"Portada","item":"https:\/\/gestpropiedad.com\/"},{"@type":"ListItem","position":2,"name":"Eigenschaften","item":"https:\/\/gestpropiedad.com\/de\/inmueble\/"},{"@type":"ListItem","position":3,"name":"Erdgeschosswohnung mit gro\u00dfer Terrasse in Port d&#8217;Alc\u00fadia."}]}]}},"_links":{"self":[{"href":"https:\/\/gestpropiedad.com\/de\/wp-json\/wp\/v2\/properties\/28477321"}],"collection":[{"href":"https:\/\/gestpropiedad.com\/de\/wp-json\/wp\/v2\/properties"}],"about":[{"href":"https:\/\/gestpropiedad.com\/de\/wp-json\/wp\/v2\/types\/property"}],"author":[{"embeddable":true,"href":"https:\/\/gestpropiedad.com\/de\/wp-json\/wp\/v2\/users\/4"}],"version-history":[{"count":0,"href":"https:\/\/gestpropiedad.com\/de\/wp-json\/wp\/v2\/properties\/28477321\/revisions"}],"wp:featuredmedia":[{"embeddable":true,"href":"https:\/\/gestpropiedad.com\/de\/wp-json\/wp\/v2\/media\/28477322"}],"wp:attachment":[{"href":"https:\/\/gestpropiedad.com\/de\/wp-json\/wp\/v2\/media?parent=28477321"}],"wp:term":[{"taxonomy":"property_type","embeddable":true,"href":"https:\/\/gestpropiedad.com\/de\/wp-json\/wp\/v2\/property_type?post=28477321"},{"taxonomy":"property_status","embeddable":true,"href":"https:\/\/gestpropiedad.com\/de\/wp-json\/wp\/v2\/property_status?post=28477321"},{"taxonomy":"property_feature","embeddable":true,"href":"https:\/\/gestpropiedad.com\/de\/wp-json\/wp\/v2\/property_feature?post=28477321"},{"taxonomy":"property_label","embeddable":true,"href":"https:\/\/gestpropiedad.com\/de\/wp-json\/wp\/v2\/property_label?post=28477321"},{"taxonomy":"property_state","embeddable":true,"href":"https:\/\/gestpropiedad.com\/de\/wp-json\/wp\/v2\/property_state?post=28477321"},{"taxonomy":"property_city","embeddable":true,"href":"https:\/\/gestpropiedad.com\/de\/wp-json\/wp\/v2\/property_city?post=28477321"},{"taxonomy":"property_area","embeddable":true,"href":"https:\/\/gestpropiedad.com\/de\/wp-json\/wp\/v2\/property_area?post=28477321"}],"curies":[{"name":"wp","href":"https:\/\/api.w.org\/{rel}","templated":true}]}}