

{"id":28476393,"date":"2026-04-30T17:05:28","date_gmt":"2026-04-30T17:05:28","guid":{"rendered":"https:\/\/www.gestpropiedad.com\/inmueble\/venta\/piso\/illes-balears\/palma\/08jt046\/"},"modified":"2026-04-30T17:05:28","modified_gmt":"2026-04-30T17:05:28","slug":"erdgeschoss-mit-terrasse-parkplatz-abstellraum-und-aufzug-in-s-indioteria-08jt046","status":"publish","type":"property","link":"https:\/\/gestpropiedad.com\/de\/inmueble\/venta\/piso\/illes-balears\/palma\/08jt046\/","title":{"rendered":"ERDGESCHOSS MIT TERRASSE, PARKPLATZ, ABSTELLRAUM UND AUFZUG IN S\u00b4INDIOTERIA."},"content":{"rendered":"<p>EINMALIGE GELEGENHEIT!<br \/>In der N\u00e4he des Zentrums von Palma, Erdgeschoss mit Terrasse, Parkplatz, Abstellraum und Aufzug, BEZUGSFERTIG.<\/p>\n<p>Wir pr\u00e4sentieren Ihnen exklusiv dieses helle Erdgeschoss, das Ihnen ein unvergleichliches Wohnerlebnis in einer der ruhigsten Gegenden mit hervorragender Anbindung an alle Dienstleistungen des angrenzenden Gewerbegebiets Son Castell\u00f3 bietet.<br \/>Die Bauweise des Geb\u00e4udes erinnert an typisch mallorquinische H\u00e4user mit einem Innenhof, der f\u00fcr eine optimale Belichtung aller R\u00e4ume sorgt.<br \/>Dieses Haus verbindet traditionellen Charme mit grundlegendem Komfort.<\/p>\n<p>Fl\u00e4che:<br \/>Wohnfl\u00e4che: 104,76 m\u00b2, + Parkplatz und Abstellraum von 16,07 m\u00b2 (laut Grundbuchauszug).<br \/>Bebaute Fl\u00e4che: 145 m\u00b2 (laut Kataster).<br \/>Der Erhaltungszustand wird als gut bewertet, bezugsfertig.<\/p>\n<p>Allgemeine Merkmale:<br \/>Baujahr: 2002.<br \/>Durchgef\u00fchrte Renovierungen: Fu\u00dfb\u00f6den der Wohnung und der beiden Badezimmer im Jahr 2015.<\/p>\n<p>Aufteilung:<br \/>3 Schlafzimmer, 2 Doppelzimmer, 1 Einzelzimmer, 15,60, 10 und 6,55 m\u00b2, alle 3 mit Einbauschr\u00e4nken, + ein Einbauschrank im Flur, eines mit funktionierendem Deckenventilator.<br \/>2 Badezimmer mit 4,60 und 3,38 m\u00b2, eines davon en suite mit Badewanne und Bidet, das andere mit Dusche und Design-Duschwand.<br \/>Separate K\u00fcche mit 9 m\u00b2, mit Induktionskochfeld, wird m\u00f6bliert und mit allen Elektroger\u00e4ten ausgestattet \u00fcbergeben, mit Ausnahme von Waschmaschine und Trockner.<br \/>2,59 m\u00b2 gro\u00dfe Speisekammer mit Sp\u00fcle, Warm- und Kaltwasserh\u00e4hnen und Elektroboiler.<br \/>25,36 m\u00b2 gro\u00dfes Esszimmer mit Zugang zur Terrasse.<br \/>14,72 m\u00b2 gro\u00dfe Terrasse.<\/p>\n<p>Ausstattung und Einrichtung:<br \/>Au\u00dfenausstattung: Gr\u00fcne Holzfensterl\u00e4den, ausziehbare Fensterl\u00e4den aus wei\u00dfem Eisen auf der Terrasse, Rolll\u00e4den an den Fenstern der Innenr\u00e4ume und wei\u00dfe Aluminiumfenster mit Climalit-Doppelverglasung.<br \/>Innenausstattung: Behandeltes und lackiertes Massivholz aus dem Norden.<br \/>B\u00f6den: Synthetisches Parkett im gesamten Haus, au\u00dfer in den Badezimmern, der K\u00fcche und der Galerie, die mit Fliesen ausgelegt sind.<br \/>Beleuchtung: Hervorragende nat\u00fcrliche Beleuchtung den ganzen Tag \u00fcber in allen R\u00e4umen, besonders hervorzuheben sind die indirekten Leuchten im Esszimmer und im Eingangsbereich.<br \/>TV-, TL- und Glasfaseranschl\u00fcsse.<\/p>\n<p>Heizung:<br \/>Die Wohnung verf\u00fcgt \u00fcber eine Gasinstallation, die derzeit nicht genutzt wird.<br \/>2 aktive Split-Klimaanlagen.<\/p>\n<p>Anmerkungen:<br \/>Die Wohnung wird unm\u00f6bliert \u00fcbergeben.<br \/>Der private Parkplatz und der Abstellraum befinden sich im Untergeschoss des Geb\u00e4udes, das \u00fcber eine Metallt\u00fcr, einen Elektromotor und eine Fernbedienung zum \u00d6ffnen verf\u00fcgt.<\/p>\n<p>Lage und Dienstleistungen in der N\u00e4he:<br \/>\u00d6ffentliche Verkehrsmittel: Buslinie, TIP, EMT, U-Bahn und Zug.<br \/>Plaza Espa\u00f1a und Parque de las Estaciones.<br \/>\u00c4rzte: PAC de salud de S, Indioteria, Cl\u00ednica Rotger, Juaneda, Palma planas, Hospital Son Espases.<br \/>Superm\u00e4rkte: Erosky, Mercadona, Carrefour expr\u00e9s.<br \/>Schulen: CEIP S, Indioteria, Centro Concertado Nuestra Se\u00f1ora de la Consolaci\u00f3n.<br \/>Pfarrkirche San Jos\u00e9 del Terme.<br \/>Sehensw\u00fcrdigkeiten: Rathaus von Palma, Stadtpolizei und Nationalpolizei, Kathedrale von Palma, Parque del Mar, Strandpromenade von Palma mit Radweg, um mit Blick auf das Mittelmeer Outdoor-Sport zu treiben, El Corte Ingl\u00e9s, Gesch\u00e4fte bekannter Marken im gesamten Stadtzentrum, Palacio Municipal de Deportes de Son Moix, Polideportivo municipal Germans Escalas, Piscinas Municipales de Son Hugo, und nur 10 Autominuten vom Hafen und Flughafen Son San Juan entfernt.<\/p>\n<p>Nur 5 Minuten vom Herzen der Hauptstadt Palma de Mallorca entfernt, ist dieses Haus ein Juwel, das das Beste des modernen Lebens in einer ruhigen und g\u00fcnstigen Umgebung bietet.<\/p>\n<p>Kontaktieren Sie uns jetzt f\u00fcr weitere Informationen und um einen Besichtigungstermin zu vereinbaren. <br \/>Ihr zuk\u00fcnftiges Zuhause wartet auf Sie!<\/p>\n<p>Bei ROAIIBE GOIBE657280\/2024 registrierte Immobilienmakler<\/p>\n","protected":false},"excerpt":{"rendered":"<p>EINMALIGE GELEGENHEIT!~In der N\u00e4he des Zentrums von Palma, Erdgeschoss mit Terrasse, Parkplatz, Abstellraum und Aufzug, BEZUGSFERTIG.~~Wir pr\u00e4sentieren Ihnen exklusiv dieses helle Erdgeschoss, das Ihnen ein unvergleichliches Wohnerlebnis in einer der ruhigsten Gegenden mit hervorragender Anbindung an alle Dienstleistungen des angrenzenden <\/p>\n","protected":false},"author":4,"featured_media":28476394,"parent":0,"menu_order":0,"template":"","property_type":[1929],"property_status":[438],"property_feature":[1198,1207,1905,1916,1240,1912,1902,1913,1713,1910,1201],"property_label":[],"property_state":[901],"property_city":[902],"property_area":[1970],"acf":[],"property_meta":{"fave_agent":["10014858"],"fave_agents":["10014858"],"fave_agent_display_option":["agent_info"],"fave_agency":["13003314"],"property_agent":["10014858"],"custom_permalink":["inmueble\/venta\/piso\/illes-balears\/palma\/08jt046\/"],"_thumbnail_id":["28476394"],"post_id":["Array"],"original_author":["4"],"_edit_lock":["1604137107:1"],"_edit_last":["1"],"fave_property_map_street_view":["show"],"fave_payment_status":["not_paid"],"fave_single_top_area":["global"],"fave_single_content_area":["global"],"houzez_manual_expire":["0"],"fave_property_size_prefix":["m&sup2;"],"fave_property_map":["1"],"fave_additional_features_enable":["disable"],"fave_floor_plans_enable":["disable"],"fave_multiunit_plans_enable":["disable"],"fave_prop_homeslider":["no"],"fave_featured":["3"],"fave_property_address":["Palma,Illes Balears"],"fave_property_zip":["07009"],"houzez_geolocation_lat":["39.604159544928"],"houzez_geolocation_long":["2.6792388373883"],"fave_property_location":["39.604159544928,2.6792388373883"],"fave_property_country":["ES"],"fave_property_map_address":["Palma,Illes Balears,Spain"],"referencia":["08jt046"],"fave_property_id":["08jt046"],"fave_property_bedrooms":["3"],"fave_property_bathrooms":["2"],"fave_property_garage":["1"],"fave_property_land":["0"],"ave_property_land_postfix":["m&sup2;"],"fave_property_size":["105"],"fave_property_year":["2002"],"fave_energy_global_index":["225.2 kWh\/m&sup2; \/63.7 Kg CO2\/m&sup2;"],"fave_energy_class":["G"],"estate_attr_energy_class":["G"],"REAL_HOMES_property_emisiones":["63.7"],"REAL_HOMES_property_consumo":["225.2"],"REAL_HOMES_property_letra":["G"],"estate_video":[""],"fave_virtual_tour":["<iframe src=\"https:\/\/crm.inmovilla.com\/fotosvr\/tour.php?cod=28034613.10961\" width=\"820\" height=\"500\" frameborder=\"0\" style=\"border:0\"><\/iframe><div class=\"enlacetour\"><a class=\"enlacetour2\" title=\"Ver tour virtual\" href=\"https:\/\/crm.inmovilla.com\/fotosvr\/tour.php?cod=28034613.10961\" target=\"_blank\">FULL SCREEN<\/a><\/div>"],"vendidoInmueble":[""],"fave_property_price":["405000"],"fave_property_price_postfix":[""],"fave_property_images":["28476394","28476395","28476396","28476397","28476398","28476399","28476400","28476401","28476402","28476403","28476404","28476405","28476406","28476407","28476408","28476409","28476410","28476411","28476412","28476413","28476414","28476415","28476416","28476417","28476418","28476419","28476420","28476421","28476422","28476423"],"houzez_total_property_views":["1"],"houzez_views_by_date":["a:1:{s:10:\"05-01-2026\";i:1;}"],"houzez_recently_viewed":["2026-05-01 13:12:04"]},"yoast_head":"<!-- This site is optimized with the Yoast SEO plugin v18.6 - https:\/\/yoast.com\/wordpress\/plugins\/seo\/ -->\n<title>ERDGESCHOSS MIT TERRASSE, PARKPLATZ, ABSTELLRAUM UND AUFZUG IN S\u00b4INDIOTERIA. - Gestpropiedad<\/title>\n<meta name=\"robots\" content=\"index, follow, max-snippet:-1, max-image-preview:large, max-video-preview:-1\" \/>\n<link rel=\"canonical\" href=\"https:\/\/gestpropiedad.com\/de\/inmueble\/venta\/piso\/illes-balears\/palma\/08jt046\/\" \/>\n<meta property=\"og:locale\" content=\"de_DE\" \/>\n<meta property=\"og:type\" content=\"article\" \/>\n<meta property=\"og:title\" content=\"ERDGESCHOSS MIT TERRASSE, PARKPLATZ, ABSTELLRAUM UND AUFZUG IN S\u00b4INDIOTERIA. - Gestpropiedad\" \/>\n<meta property=\"og:description\" content=\"EINMALIGE GELEGENHEIT!~In der N\u00e4he des Zentrums von Palma, Erdgeschoss mit Terrasse, Parkplatz, Abstellraum und Aufzug, BEZUGSFERTIG.~~Wir pr\u00e4sentieren Ihnen exklusiv dieses helle Erdgeschoss, das Ihnen ein unvergleichliches Wohnerlebnis in einer der ruhigsten Gegenden mit hervorragender Anbindung an alle Dienstleistungen des angrenzenden\" \/>\n<meta property=\"og:url\" content=\"https:\/\/gestpropiedad.com\/de\/inmueble\/venta\/piso\/illes-balears\/palma\/08jt046\/\" \/>\n<meta property=\"og:site_name\" content=\"Gestpropiedad\" \/>\n<meta property=\"og:image\" content=\"https:\/\/fotos15.apinmo.com\/10961\/28034613\/10-1.jpg\" \/>\n\t<meta property=\"og:image:width\" content=\"850\" \/>\n\t<meta property=\"og:image:height\" content=\"426\" \/>\n\t<meta property=\"og:image:type\" content=\"image\/jpeg\" \/>\n<meta name=\"twitter:card\" content=\"summary_large_image\" \/>\n<meta name=\"twitter:label1\" content=\"Gesch\u00e4tzte Lesezeit\" \/>\n\t<meta name=\"twitter:data1\" content=\"3\u00a0Minuten\" \/>\n<script type=\"application\/ld+json\" class=\"yoast-schema-graph\">{\"@context\":\"https:\/\/schema.org\",\"@graph\":[{\"@type\":\"Organization\",\"@id\":\"https:\/\/gestpropiedad.com\/#organization\",\"name\":\"Gestpropiedad\",\"url\":\"https:\/\/gestpropiedad.com\/\",\"sameAs\":[],\"logo\":{\"@type\":\"ImageObject\",\"@id\":\"https:\/\/gestpropiedad.com\/#logo\",\"inLanguage\":\"de\",\"url\":\"https:\/\/gestpropiedad.com\/wp-content\/uploads\/2021\/11\/logogp-b.svg\",\"contentUrl\":\"https:\/\/gestpropiedad.com\/wp-content\/uploads\/2021\/11\/logogp-b.svg\",\"width\":115,\"height\":60,\"caption\":\"Gestpropiedad\"},\"image\":{\"@id\":\"https:\/\/gestpropiedad.com\/#logo\"}},{\"@type\":\"WebSite\",\"@id\":\"https:\/\/gestpropiedad.com\/#website\",\"url\":\"https:\/\/gestpropiedad.com\/\",\"name\":\"Gestpropiedad\",\"description\":\"Inmobiliaria especializada en Mallorca. Islas Baleares\",\"publisher\":{\"@id\":\"https:\/\/gestpropiedad.com\/#organization\"},\"potentialAction\":[{\"@type\":\"SearchAction\",\"target\":{\"@type\":\"EntryPoint\",\"urlTemplate\":\"https:\/\/gestpropiedad.com\/?s={search_term_string}\"},\"query-input\":\"required name=search_term_string\"}],\"inLanguage\":\"de\"},{\"@type\":\"ImageObject\",\"@id\":\"https:\/\/gestpropiedad.com\/de\/inmueble\/venta\/piso\/illes-balears\/palma\/08jt046\/#primaryimage\",\"inLanguage\":\"de\",\"url\":\"https:\/\/fotos15.apinmo.com\/10961\/28034613\/10-1.jpg\",\"contentUrl\":\"https:\/\/fotos15.apinmo.com\/10961\/28034613\/10-1.jpg\",\"width\":850,\"height\":426,\"caption\":\"Planta baja con terraza, parking, trastero y ascensor, en s\u00b4indioteria. - imagenInmueble0\"},{\"@type\":[\"WebPage\",\"RealEstateListing\"],\"@id\":\"https:\/\/gestpropiedad.com\/de\/inmueble\/venta\/piso\/illes-balears\/palma\/08jt046\/#webpage\",\"url\":\"https:\/\/gestpropiedad.com\/de\/inmueble\/venta\/piso\/illes-balears\/palma\/08jt046\/\",\"name\":\"ERDGESCHOSS MIT TERRASSE, PARKPLATZ, ABSTELLRAUM UND AUFZUG IN S\u00b4INDIOTERIA. - Gestpropiedad\",\"isPartOf\":{\"@id\":\"https:\/\/gestpropiedad.com\/#website\"},\"primaryImageOfPage\":{\"@id\":\"https:\/\/gestpropiedad.com\/de\/inmueble\/venta\/piso\/illes-balears\/palma\/08jt046\/#primaryimage\"},\"datePublished\":\"2026-04-30T17:05:28+00:00\",\"dateModified\":\"2026-04-30T17:05:28+00:00\",\"breadcrumb\":{\"@id\":\"https:\/\/gestpropiedad.com\/de\/inmueble\/venta\/piso\/illes-balears\/palma\/08jt046\/#breadcrumb\"},\"inLanguage\":\"de\",\"potentialAction\":[{\"@type\":\"ReadAction\",\"target\":[\"https:\/\/gestpropiedad.com\/de\/inmueble\/venta\/piso\/illes-balears\/palma\/08jt046\/\"]}]},{\"@type\":\"BreadcrumbList\",\"@id\":\"https:\/\/gestpropiedad.com\/de\/inmueble\/venta\/piso\/illes-balears\/palma\/08jt046\/#breadcrumb\",\"itemListElement\":[{\"@type\":\"ListItem\",\"position\":1,\"name\":\"Portada\",\"item\":\"https:\/\/gestpropiedad.com\/\"},{\"@type\":\"ListItem\",\"position\":2,\"name\":\"Eigenschaften\",\"item\":\"https:\/\/gestpropiedad.com\/de\/inmueble\/\"},{\"@type\":\"ListItem\",\"position\":3,\"name\":\"ERDGESCHOSS MIT TERRASSE, PARKPLATZ, ABSTELLRAUM UND AUFZUG IN S\u00b4INDIOTERIA.\"}]}]}<\/script>\n<!-- \/ Yoast SEO plugin. -->","yoast_head_json":{"title":"ERDGESCHOSS MIT TERRASSE, PARKPLATZ, ABSTELLRAUM UND AUFZUG IN S\u00b4INDIOTERIA. - Gestpropiedad","robots":{"index":"index","follow":"follow","max-snippet":"max-snippet:-1","max-image-preview":"max-image-preview:large","max-video-preview":"max-video-preview:-1"},"canonical":"https:\/\/gestpropiedad.com\/de\/inmueble\/venta\/piso\/illes-balears\/palma\/08jt046\/","og_locale":"de_DE","og_type":"article","og_title":"ERDGESCHOSS MIT TERRASSE, PARKPLATZ, ABSTELLRAUM UND AUFZUG IN S\u00b4INDIOTERIA. - Gestpropiedad","og_description":"EINMALIGE GELEGENHEIT!~In der N\u00e4he des Zentrums von Palma, Erdgeschoss mit Terrasse, Parkplatz, Abstellraum und Aufzug, BEZUGSFERTIG.~~Wir pr\u00e4sentieren Ihnen exklusiv dieses helle Erdgeschoss, das Ihnen ein unvergleichliches Wohnerlebnis in einer der ruhigsten Gegenden mit hervorragender Anbindung an alle Dienstleistungen des angrenzenden","og_url":"https:\/\/gestpropiedad.com\/de\/inmueble\/venta\/piso\/illes-balears\/palma\/08jt046\/","og_site_name":"Gestpropiedad","og_image":[{"width":850,"height":426,"url":"https:\/\/fotos15.apinmo.com\/10961\/28034613\/10-1.jpg","type":"image\/jpeg"}],"twitter_card":"summary_large_image","twitter_misc":{"Gesch\u00e4tzte Lesezeit":"3\u00a0Minuten"},"schema":{"@context":"https:\/\/schema.org","@graph":[{"@type":"Organization","@id":"https:\/\/gestpropiedad.com\/#organization","name":"Gestpropiedad","url":"https:\/\/gestpropiedad.com\/","sameAs":[],"logo":{"@type":"ImageObject","@id":"https:\/\/gestpropiedad.com\/#logo","inLanguage":"de","url":"https:\/\/gestpropiedad.com\/wp-content\/uploads\/2021\/11\/logogp-b.svg","contentUrl":"https:\/\/gestpropiedad.com\/wp-content\/uploads\/2021\/11\/logogp-b.svg","width":115,"height":60,"caption":"Gestpropiedad"},"image":{"@id":"https:\/\/gestpropiedad.com\/#logo"}},{"@type":"WebSite","@id":"https:\/\/gestpropiedad.com\/#website","url":"https:\/\/gestpropiedad.com\/","name":"Gestpropiedad","description":"Inmobiliaria especializada en Mallorca. Islas Baleares","publisher":{"@id":"https:\/\/gestpropiedad.com\/#organization"},"potentialAction":[{"@type":"SearchAction","target":{"@type":"EntryPoint","urlTemplate":"https:\/\/gestpropiedad.com\/?s={search_term_string}"},"query-input":"required name=search_term_string"}],"inLanguage":"de"},{"@type":"ImageObject","@id":"https:\/\/gestpropiedad.com\/de\/inmueble\/venta\/piso\/illes-balears\/palma\/08jt046\/#primaryimage","inLanguage":"de","url":"https:\/\/fotos15.apinmo.com\/10961\/28034613\/10-1.jpg","contentUrl":"https:\/\/fotos15.apinmo.com\/10961\/28034613\/10-1.jpg","width":850,"height":426,"caption":"Planta baja con terraza, parking, trastero y ascensor, en s\u00b4indioteria. - imagenInmueble0"},{"@type":["WebPage","RealEstateListing"],"@id":"https:\/\/gestpropiedad.com\/de\/inmueble\/venta\/piso\/illes-balears\/palma\/08jt046\/#webpage","url":"https:\/\/gestpropiedad.com\/de\/inmueble\/venta\/piso\/illes-balears\/palma\/08jt046\/","name":"ERDGESCHOSS MIT TERRASSE, PARKPLATZ, ABSTELLRAUM UND AUFZUG IN S\u00b4INDIOTERIA. - Gestpropiedad","isPartOf":{"@id":"https:\/\/gestpropiedad.com\/#website"},"primaryImageOfPage":{"@id":"https:\/\/gestpropiedad.com\/de\/inmueble\/venta\/piso\/illes-balears\/palma\/08jt046\/#primaryimage"},"datePublished":"2026-04-30T17:05:28+00:00","dateModified":"2026-04-30T17:05:28+00:00","breadcrumb":{"@id":"https:\/\/gestpropiedad.com\/de\/inmueble\/venta\/piso\/illes-balears\/palma\/08jt046\/#breadcrumb"},"inLanguage":"de","potentialAction":[{"@type":"ReadAction","target":["https:\/\/gestpropiedad.com\/de\/inmueble\/venta\/piso\/illes-balears\/palma\/08jt046\/"]}]},{"@type":"BreadcrumbList","@id":"https:\/\/gestpropiedad.com\/de\/inmueble\/venta\/piso\/illes-balears\/palma\/08jt046\/#breadcrumb","itemListElement":[{"@type":"ListItem","position":1,"name":"Portada","item":"https:\/\/gestpropiedad.com\/"},{"@type":"ListItem","position":2,"name":"Eigenschaften","item":"https:\/\/gestpropiedad.com\/de\/inmueble\/"},{"@type":"ListItem","position":3,"name":"ERDGESCHOSS MIT TERRASSE, PARKPLATZ, ABSTELLRAUM UND AUFZUG IN S\u00b4INDIOTERIA."}]}]}},"_links":{"self":[{"href":"https:\/\/gestpropiedad.com\/de\/wp-json\/wp\/v2\/properties\/28476393"}],"collection":[{"href":"https:\/\/gestpropiedad.com\/de\/wp-json\/wp\/v2\/properties"}],"about":[{"href":"https:\/\/gestpropiedad.com\/de\/wp-json\/wp\/v2\/types\/property"}],"author":[{"embeddable":true,"href":"https:\/\/gestpropiedad.com\/de\/wp-json\/wp\/v2\/users\/4"}],"version-history":[{"count":0,"href":"https:\/\/gestpropiedad.com\/de\/wp-json\/wp\/v2\/properties\/28476393\/revisions"}],"wp:featuredmedia":[{"embeddable":true,"href":"https:\/\/gestpropiedad.com\/de\/wp-json\/wp\/v2\/media\/28476394"}],"wp:attachment":[{"href":"https:\/\/gestpropiedad.com\/de\/wp-json\/wp\/v2\/media?parent=28476393"}],"wp:term":[{"taxonomy":"property_type","embeddable":true,"href":"https:\/\/gestpropiedad.com\/de\/wp-json\/wp\/v2\/property_type?post=28476393"},{"taxonomy":"property_status","embeddable":true,"href":"https:\/\/gestpropiedad.com\/de\/wp-json\/wp\/v2\/property_status?post=28476393"},{"taxonomy":"property_feature","embeddable":true,"href":"https:\/\/gestpropiedad.com\/de\/wp-json\/wp\/v2\/property_feature?post=28476393"},{"taxonomy":"property_label","embeddable":true,"href":"https:\/\/gestpropiedad.com\/de\/wp-json\/wp\/v2\/property_label?post=28476393"},{"taxonomy":"property_state","embeddable":true,"href":"https:\/\/gestpropiedad.com\/de\/wp-json\/wp\/v2\/property_state?post=28476393"},{"taxonomy":"property_city","embeddable":true,"href":"https:\/\/gestpropiedad.com\/de\/wp-json\/wp\/v2\/property_city?post=28476393"},{"taxonomy":"property_area","embeddable":true,"href":"https:\/\/gestpropiedad.com\/de\/wp-json\/wp\/v2\/property_area?post=28476393"}],"curies":[{"name":"wp","href":"https:\/\/api.w.org\/{rel}","templated":true}]}}