

{"id":28464998,"date":"2026-04-27T13:04:14","date_gmt":"2026-04-27T13:04:14","guid":{"rendered":"https:\/\/www.gestpropiedad.com\/inmueble\/venta\/piso\/illes-balears\/palma\/08nt013\/"},"modified":"2026-04-27T13:04:14","modified_gmt":"2026-04-27T13:04:14","slug":"exklusive-gelegenheit-in-meeresnahe-in-palma-08nt013","status":"publish","type":"property","link":"https:\/\/gestpropiedad.com\/de\/inmueble\/venta\/piso\/illes-balears\/palma\/08nt013\/","title":{"rendered":"Exklusive Gelegenheit in Meeresn\u00e4he in Palma"},"content":{"rendered":"<p>Exklusive Gelegenheit in Meeresn\u00e4he in Palma \u2013 Genie\u00dfen Sie t\u00e4glich die mediterrane Brise ????<\/p>\n<p>Wir pr\u00e4sentieren Ihnen diese elegante Immobilie in zweiter Meereslinie in der begehrten Gegend von El Arenal, einer Lage, die Ruhe, N\u00e4he zum Meer und eine hervorragende Anbindung an das Stadtzentrum ideal vereint.<\/p>\n<p>Nur etwa 200 Meter vom Strand entfernt, bietet diese Wohnung ein besonderes Lebensgef\u00fchl: Treten Sie auf den Balkon, genie\u00dfen Sie den seitlichen Meerblick und lassen Sie sich t\u00e4glich von der mediterranen Brise begleiten.<\/p>\n<p>Die Immobilie verf\u00fcgt \u00fcber drei Schlafzimmer, davon zwei Doppelzimmer, ideal sowohl f\u00fcr Familien als auch f\u00fcr G\u00e4ste. Erg\u00e4nzt wird dies durch ein voll ausgestattetes Badezimmer sowie ein G\u00e4ste-WC. Der gro\u00dfz\u00fcgige und helle Wohn- und Essbereich mit direktem Zugang zum Balkon schafft eine angenehme Wohnatmosph\u00e4re. Die separate K\u00fcche f\u00fchrt in eine ger\u00e4umige, lichtdurchflutete Galerie.<\/p>\n<p>F\u00fcr zus\u00e4tzlichen Komfort sorgen Klimaanlagen im Wohnbereich sowie im Hauptschlafzimmer, die ganzj\u00e4hriges Wohlbefinden garantieren. Dar\u00fcber hinaus sind alle Fenster und Au\u00dfenzug\u00e4nge mit ausziehbaren Sicherheitsgittern aus Eisen ausgestattet, was insbesondere in Abwesenheitszeiten ein hohes Ma\u00df an Sicherheit bietet.<\/p>\n<p>Zum Geb\u00e4ude geh\u00f6ren au\u00dferdem ein gemeinschaftlicher Abstellraum sowie eine Dachterrasse zur gemeinschaftlichen Nutzung.<\/p>\n<p>Die Immobilie befindet sich in einer besonders ruhigen Stra\u00dfe und bietet gleichzeitig eine hervorragende Infrastruktur mit Superm\u00e4rkten, Gesch\u00e4ften, Restaurants, Caf\u00e9s, \u00f6ffentlichen Verkehrsmitteln mit direkter Anbindung an das Zentrum von Palma, medizinischen Einrichtungen, Apotheken, Freizeitm\u00f6glichkeiten, der Strandpromenade sowie einer kurzen Distanz zum Flughafen.<\/p>\n<p>Eine Immobilie mit gro\u00dfem Potenzial \u2013 ideal sowohl als Hauptwohnsitz am Meer als auch als attraktive Investition in einer der gefragtesten Lagen der Insel.<\/p>\n<p>Registrierte Immobilienmakler im ROAIIB GOIBE65280\/2024.<\/p>\n","protected":false},"excerpt":{"rendered":"<p>Exklusive Gelegenheit in Meeresn\u00e4he in Palma \u2013 Genie\u00dfen Sie t\u00e4glich die mediterrane Brise ????~~Wir pr\u00e4sentieren Ihnen diese elegante Immobilie in zweiter Meereslinie in der begehrten Gegend von El Arenal, einer Lage, die Ruhe, N\u00e4he zum Meer und eine hervorragende Anbindung an das Stadtzentrum ideal vereint.~~Nur etwa 200 Meter vom <\/p>\n","protected":false},"author":4,"featured_media":28464999,"parent":0,"menu_order":0,"template":"","property_type":[1929],"property_status":[438],"property_feature":[1207,1916,1902,1913,1910],"property_label":[],"property_state":[901],"property_city":[902],"property_area":[965],"acf":[],"property_meta":{"fave_agent":["21455845"],"fave_agents":["21455845"],"fave_agent_display_option":["agent_info"],"fave_agency":["13003314"],"property_agent":["21455845"],"custom_permalink":["inmueble\/venta\/piso\/illes-balears\/palma\/08nt013\/"],"_thumbnail_id":["28464999"],"post_id":["Array"],"original_author":["4"],"_edit_lock":["1604137107:1"],"_edit_last":["1"],"fave_property_map_street_view":["show"],"fave_payment_status":["not_paid"],"fave_single_top_area":["global"],"fave_single_content_area":["global"],"houzez_manual_expire":["0"],"fave_property_size_prefix":["m&sup2;"],"fave_property_map":["1"],"fave_additional_features_enable":["disable"],"fave_floor_plans_enable":["disable"],"fave_multiunit_plans_enable":["disable"],"fave_prop_homeslider":["no"],"fave_featured":["3"],"fave_property_address":["Palma,Illes Balears"],"fave_property_zip":["07600"],"houzez_geolocation_lat":["39.505714579"],"houzez_geolocation_long":["2.753039902"],"fave_property_location":["39.505714579,2.753039902"],"fave_property_country":["ES"],"fave_property_map_address":["Palma,Illes Balears,Spain"],"referencia":["08nt013"],"fave_property_id":["08nt013"],"fave_property_bedrooms":["3"],"fave_property_bathrooms":["1"],"fave_property_garage":["0"],"fave_property_land":["0"],"ave_property_land_postfix":["m&sup2;"],"fave_property_size":["94"],"fave_property_year":["1988"],"fave_energy_global_index":["0 kWh\/m&sup2; \/1234.99 Kg CO2\/m&sup2;"],"fave_energy_class":["E"],"estate_attr_energy_class":["E"],"REAL_HOMES_property_emisiones":["1234.99"],"REAL_HOMES_property_consumo":["0"],"REAL_HOMES_property_letra":["E"],"estate_video":[""],"fave_virtual_tour":["<iframe src=\"https:\/\/crm.inmovilla.com\/fotosvr\/tour.php?cod=28568878.10961\" width=\"820\" height=\"500\" frameborder=\"0\" style=\"border:0\"><\/iframe><div class=\"enlacetour\"><a class=\"enlacetour2\" title=\"Ver tour virtual\" href=\"https:\/\/crm.inmovilla.com\/fotosvr\/tour.php?cod=28568878.10961\" target=\"_blank\">FULL SCREEN<\/a><\/div>"],"vendidoInmueble":[""],"fave_property_price":["349900"],"fave_property_price_postfix":[""],"fave_property_images":["28464999","28465000","28465001","28465002","28465003","28465004","28465005","28465006","28465007","28465008","28465009","28465010","28465011","28465012","28465013","28465014","28465015","28465016","28465017","28465018","28465019","28465020","28465021","28465022","28465023"],"houzez_total_property_views":["1"],"houzez_views_by_date":["a:1:{s:10:\"04-30-2026\";i:1;}"],"houzez_recently_viewed":["2026-04-30 14:57:59"]},"yoast_head":"<!-- This site is optimized with the Yoast SEO plugin v18.6 - https:\/\/yoast.com\/wordpress\/plugins\/seo\/ -->\n<title>Exklusive Gelegenheit in Meeresn\u00e4he in Palma - Gestpropiedad<\/title>\n<meta name=\"robots\" content=\"index, follow, max-snippet:-1, max-image-preview:large, max-video-preview:-1\" \/>\n<link rel=\"canonical\" href=\"https:\/\/gestpropiedad.com\/de\/inmueble\/venta\/piso\/illes-balears\/palma\/08nt013\/\" \/>\n<meta property=\"og:locale\" content=\"de_DE\" \/>\n<meta property=\"og:type\" content=\"article\" \/>\n<meta property=\"og:title\" content=\"Exklusive Gelegenheit in Meeresn\u00e4he in Palma - Gestpropiedad\" \/>\n<meta property=\"og:description\" content=\"Exklusive Gelegenheit in Meeresn\u00e4he in Palma \u2013 Genie\u00dfen Sie t\u00e4glich die mediterrane Brise ????~~Wir pr\u00e4sentieren Ihnen diese elegante Immobilie in zweiter Meereslinie in der begehrten Gegend von El Arenal, einer Lage, die Ruhe, N\u00e4he zum Meer und eine hervorragende Anbindung an das Stadtzentrum ideal vereint.~~Nur etwa 200 Meter vom\" \/>\n<meta property=\"og:url\" content=\"https:\/\/gestpropiedad.com\/de\/inmueble\/venta\/piso\/illes-balears\/palma\/08nt013\/\" \/>\n<meta property=\"og:site_name\" content=\"Gestpropiedad\" \/>\n<meta property=\"og:image\" content=\"https:\/\/fotos15.apinmo.com\/10961\/28568878\/7-1.jpg\" \/>\n\t<meta property=\"og:image:width\" content=\"850\" \/>\n\t<meta property=\"og:image:height\" content=\"426\" \/>\n\t<meta property=\"og:image:type\" content=\"image\/jpeg\" \/>\n<meta name=\"twitter:card\" content=\"summary_large_image\" \/>\n<meta name=\"twitter:label1\" content=\"Gesch\u00e4tzte Lesezeit\" \/>\n\t<meta name=\"twitter:data1\" content=\"1\u00a0Minute\" \/>\n<script type=\"application\/ld+json\" class=\"yoast-schema-graph\">{\"@context\":\"https:\/\/schema.org\",\"@graph\":[{\"@type\":\"Organization\",\"@id\":\"https:\/\/gestpropiedad.com\/#organization\",\"name\":\"Gestpropiedad\",\"url\":\"https:\/\/gestpropiedad.com\/\",\"sameAs\":[],\"logo\":{\"@type\":\"ImageObject\",\"@id\":\"https:\/\/gestpropiedad.com\/#logo\",\"inLanguage\":\"de\",\"url\":\"https:\/\/gestpropiedad.com\/wp-content\/uploads\/2021\/11\/logogp-b.svg\",\"contentUrl\":\"https:\/\/gestpropiedad.com\/wp-content\/uploads\/2021\/11\/logogp-b.svg\",\"width\":115,\"height\":60,\"caption\":\"Gestpropiedad\"},\"image\":{\"@id\":\"https:\/\/gestpropiedad.com\/#logo\"}},{\"@type\":\"WebSite\",\"@id\":\"https:\/\/gestpropiedad.com\/#website\",\"url\":\"https:\/\/gestpropiedad.com\/\",\"name\":\"Gestpropiedad\",\"description\":\"Inmobiliaria especializada en Mallorca. Islas Baleares\",\"publisher\":{\"@id\":\"https:\/\/gestpropiedad.com\/#organization\"},\"potentialAction\":[{\"@type\":\"SearchAction\",\"target\":{\"@type\":\"EntryPoint\",\"urlTemplate\":\"https:\/\/gestpropiedad.com\/?s={search_term_string}\"},\"query-input\":\"required name=search_term_string\"}],\"inLanguage\":\"de\"},{\"@type\":\"ImageObject\",\"@id\":\"https:\/\/gestpropiedad.com\/de\/inmueble\/venta\/piso\/illes-balears\/palma\/08nt013\/#primaryimage\",\"inLanguage\":\"de\",\"url\":\"https:\/\/fotos15.apinmo.com\/10961\/28568878\/7-1.jpg\",\"contentUrl\":\"https:\/\/fotos15.apinmo.com\/10961\/28568878\/7-1.jpg\",\"width\":850,\"height\":426,\"caption\":\"Exclusiva oportunidad junto al mar en palma - imagenInmueble0\"},{\"@type\":[\"WebPage\",\"RealEstateListing\"],\"@id\":\"https:\/\/gestpropiedad.com\/de\/inmueble\/venta\/piso\/illes-balears\/palma\/08nt013\/#webpage\",\"url\":\"https:\/\/gestpropiedad.com\/de\/inmueble\/venta\/piso\/illes-balears\/palma\/08nt013\/\",\"name\":\"Exklusive Gelegenheit in Meeresn\u00e4he in Palma - Gestpropiedad\",\"isPartOf\":{\"@id\":\"https:\/\/gestpropiedad.com\/#website\"},\"primaryImageOfPage\":{\"@id\":\"https:\/\/gestpropiedad.com\/de\/inmueble\/venta\/piso\/illes-balears\/palma\/08nt013\/#primaryimage\"},\"datePublished\":\"2026-04-27T13:04:14+00:00\",\"dateModified\":\"2026-04-27T13:04:14+00:00\",\"breadcrumb\":{\"@id\":\"https:\/\/gestpropiedad.com\/de\/inmueble\/venta\/piso\/illes-balears\/palma\/08nt013\/#breadcrumb\"},\"inLanguage\":\"de\",\"potentialAction\":[{\"@type\":\"ReadAction\",\"target\":[\"https:\/\/gestpropiedad.com\/de\/inmueble\/venta\/piso\/illes-balears\/palma\/08nt013\/\"]}]},{\"@type\":\"BreadcrumbList\",\"@id\":\"https:\/\/gestpropiedad.com\/de\/inmueble\/venta\/piso\/illes-balears\/palma\/08nt013\/#breadcrumb\",\"itemListElement\":[{\"@type\":\"ListItem\",\"position\":1,\"name\":\"Portada\",\"item\":\"https:\/\/gestpropiedad.com\/\"},{\"@type\":\"ListItem\",\"position\":2,\"name\":\"Eigenschaften\",\"item\":\"https:\/\/gestpropiedad.com\/de\/inmueble\/\"},{\"@type\":\"ListItem\",\"position\":3,\"name\":\"Exklusive Gelegenheit in Meeresn\u00e4he in Palma\"}]}]}<\/script>\n<!-- \/ Yoast SEO plugin. -->","yoast_head_json":{"title":"Exklusive Gelegenheit in Meeresn\u00e4he in Palma - Gestpropiedad","robots":{"index":"index","follow":"follow","max-snippet":"max-snippet:-1","max-image-preview":"max-image-preview:large","max-video-preview":"max-video-preview:-1"},"canonical":"https:\/\/gestpropiedad.com\/de\/inmueble\/venta\/piso\/illes-balears\/palma\/08nt013\/","og_locale":"de_DE","og_type":"article","og_title":"Exklusive Gelegenheit in Meeresn\u00e4he in Palma - Gestpropiedad","og_description":"Exklusive Gelegenheit in Meeresn\u00e4he in Palma \u2013 Genie\u00dfen Sie t\u00e4glich die mediterrane Brise ????~~Wir pr\u00e4sentieren Ihnen diese elegante Immobilie in zweiter Meereslinie in der begehrten Gegend von El Arenal, einer Lage, die Ruhe, N\u00e4he zum Meer und eine hervorragende Anbindung an das Stadtzentrum ideal vereint.~~Nur etwa 200 Meter vom","og_url":"https:\/\/gestpropiedad.com\/de\/inmueble\/venta\/piso\/illes-balears\/palma\/08nt013\/","og_site_name":"Gestpropiedad","og_image":[{"width":850,"height":426,"url":"https:\/\/fotos15.apinmo.com\/10961\/28568878\/7-1.jpg","type":"image\/jpeg"}],"twitter_card":"summary_large_image","twitter_misc":{"Gesch\u00e4tzte Lesezeit":"1\u00a0Minute"},"schema":{"@context":"https:\/\/schema.org","@graph":[{"@type":"Organization","@id":"https:\/\/gestpropiedad.com\/#organization","name":"Gestpropiedad","url":"https:\/\/gestpropiedad.com\/","sameAs":[],"logo":{"@type":"ImageObject","@id":"https:\/\/gestpropiedad.com\/#logo","inLanguage":"de","url":"https:\/\/gestpropiedad.com\/wp-content\/uploads\/2021\/11\/logogp-b.svg","contentUrl":"https:\/\/gestpropiedad.com\/wp-content\/uploads\/2021\/11\/logogp-b.svg","width":115,"height":60,"caption":"Gestpropiedad"},"image":{"@id":"https:\/\/gestpropiedad.com\/#logo"}},{"@type":"WebSite","@id":"https:\/\/gestpropiedad.com\/#website","url":"https:\/\/gestpropiedad.com\/","name":"Gestpropiedad","description":"Inmobiliaria especializada en Mallorca. Islas Baleares","publisher":{"@id":"https:\/\/gestpropiedad.com\/#organization"},"potentialAction":[{"@type":"SearchAction","target":{"@type":"EntryPoint","urlTemplate":"https:\/\/gestpropiedad.com\/?s={search_term_string}"},"query-input":"required name=search_term_string"}],"inLanguage":"de"},{"@type":"ImageObject","@id":"https:\/\/gestpropiedad.com\/de\/inmueble\/venta\/piso\/illes-balears\/palma\/08nt013\/#primaryimage","inLanguage":"de","url":"https:\/\/fotos15.apinmo.com\/10961\/28568878\/7-1.jpg","contentUrl":"https:\/\/fotos15.apinmo.com\/10961\/28568878\/7-1.jpg","width":850,"height":426,"caption":"Exclusiva oportunidad junto al mar en palma - imagenInmueble0"},{"@type":["WebPage","RealEstateListing"],"@id":"https:\/\/gestpropiedad.com\/de\/inmueble\/venta\/piso\/illes-balears\/palma\/08nt013\/#webpage","url":"https:\/\/gestpropiedad.com\/de\/inmueble\/venta\/piso\/illes-balears\/palma\/08nt013\/","name":"Exklusive Gelegenheit in Meeresn\u00e4he in Palma - Gestpropiedad","isPartOf":{"@id":"https:\/\/gestpropiedad.com\/#website"},"primaryImageOfPage":{"@id":"https:\/\/gestpropiedad.com\/de\/inmueble\/venta\/piso\/illes-balears\/palma\/08nt013\/#primaryimage"},"datePublished":"2026-04-27T13:04:14+00:00","dateModified":"2026-04-27T13:04:14+00:00","breadcrumb":{"@id":"https:\/\/gestpropiedad.com\/de\/inmueble\/venta\/piso\/illes-balears\/palma\/08nt013\/#breadcrumb"},"inLanguage":"de","potentialAction":[{"@type":"ReadAction","target":["https:\/\/gestpropiedad.com\/de\/inmueble\/venta\/piso\/illes-balears\/palma\/08nt013\/"]}]},{"@type":"BreadcrumbList","@id":"https:\/\/gestpropiedad.com\/de\/inmueble\/venta\/piso\/illes-balears\/palma\/08nt013\/#breadcrumb","itemListElement":[{"@type":"ListItem","position":1,"name":"Portada","item":"https:\/\/gestpropiedad.com\/"},{"@type":"ListItem","position":2,"name":"Eigenschaften","item":"https:\/\/gestpropiedad.com\/de\/inmueble\/"},{"@type":"ListItem","position":3,"name":"Exklusive Gelegenheit in Meeresn\u00e4he in Palma"}]}]}},"_links":{"self":[{"href":"https:\/\/gestpropiedad.com\/de\/wp-json\/wp\/v2\/properties\/28464998"}],"collection":[{"href":"https:\/\/gestpropiedad.com\/de\/wp-json\/wp\/v2\/properties"}],"about":[{"href":"https:\/\/gestpropiedad.com\/de\/wp-json\/wp\/v2\/types\/property"}],"author":[{"embeddable":true,"href":"https:\/\/gestpropiedad.com\/de\/wp-json\/wp\/v2\/users\/4"}],"version-history":[{"count":0,"href":"https:\/\/gestpropiedad.com\/de\/wp-json\/wp\/v2\/properties\/28464998\/revisions"}],"wp:featuredmedia":[{"embeddable":true,"href":"https:\/\/gestpropiedad.com\/de\/wp-json\/wp\/v2\/media\/28464999"}],"wp:attachment":[{"href":"https:\/\/gestpropiedad.com\/de\/wp-json\/wp\/v2\/media?parent=28464998"}],"wp:term":[{"taxonomy":"property_type","embeddable":true,"href":"https:\/\/gestpropiedad.com\/de\/wp-json\/wp\/v2\/property_type?post=28464998"},{"taxonomy":"property_status","embeddable":true,"href":"https:\/\/gestpropiedad.com\/de\/wp-json\/wp\/v2\/property_status?post=28464998"},{"taxonomy":"property_feature","embeddable":true,"href":"https:\/\/gestpropiedad.com\/de\/wp-json\/wp\/v2\/property_feature?post=28464998"},{"taxonomy":"property_label","embeddable":true,"href":"https:\/\/gestpropiedad.com\/de\/wp-json\/wp\/v2\/property_label?post=28464998"},{"taxonomy":"property_state","embeddable":true,"href":"https:\/\/gestpropiedad.com\/de\/wp-json\/wp\/v2\/property_state?post=28464998"},{"taxonomy":"property_city","embeddable":true,"href":"https:\/\/gestpropiedad.com\/de\/wp-json\/wp\/v2\/property_city?post=28464998"},{"taxonomy":"property_area","embeddable":true,"href":"https:\/\/gestpropiedad.com\/de\/wp-json\/wp\/v2\/property_area?post=28464998"}],"curies":[{"name":"wp","href":"https:\/\/api.w.org\/{rel}","templated":true}]}}