

{"id":28437497,"date":"2026-04-27T17:12:23","date_gmt":"2026-04-27T17:12:23","guid":{"rendered":"https:\/\/www.gestpropiedad.com\/inmueble\/venta\/piso\/illes-balears\/calvia\/02vg022\/"},"modified":"2026-04-27T17:12:23","modified_gmt":"2026-04-27T17:12:23","slug":"helle-penthouse-wohnung-mit-golfblick-und-groser-privater-dachterrasse-in-son-ferrer-02vg022","status":"publish","type":"property","link":"https:\/\/gestpropiedad.com\/de\/inmueble\/venta\/piso\/illes-balears\/calvia\/02vg022\/","title":{"rendered":"Helle Penthouse-Wohnung mit Golfblick und gro\u00dfer privater Dachterrasse in Son Ferrer"},"content":{"rendered":"<p>Penthouse im dritten Stock (OHNE AUFZUG) in Son Ferrer, sehr hell und mit freiem Blick auf den Golfplatz sowie einer gro\u00dfz\u00fcgigen privaten Dachterrasse. Die Immobilie besticht durch ihr reichliches Tageslicht und mehrere Au\u00dfenbereiche, die den Wohnraum deutlich erweitern.<\/p>\n<p>Die Wohnung verf\u00fcgt \u00fcber zwei Schlafzimmer, ein Badezimmer, ein Wohn-Esszimmer und eine separate K\u00fcche. Sie wurde renoviert und ist bezugsfertig. Dank ihrer Ausrichtung und Lage bietet sie den ganzen Tag \u00fcber viel Helligkeit.<\/p>\n<p>Ein besonderes Highlight ist die K\u00fcche mit v\u00f6llig freiem Blick auf den Golfplatz, was ein seltenes Gef\u00fchl von Weite und Ruhe vermittelt. Von hier aus gelangt man auf eine angenehme Terrasse auf derselben Ebene, ideal f\u00fcr den Alltag, mit ausreichend Platz f\u00fcr Tisch, St\u00fchle und sogar einen Grillbereich.<\/p>\n<p>Das absolute Highlight dieser Immobilie ist jedoch die private Dachterrasse von ca. 56 m\u00b2. Ein einzigartiger, gro\u00dfz\u00fcgiger Bereich mit Panoramablick, perfekt zur Gestaltung verschiedener Zonen: Chill-out-Bereich, Essplatz im Freien, Ruhebereich oder ganz nach Ihren W\u00fcnschen.<\/p>\n<p>Zus\u00e4tzlich geh\u00f6rt ein Parkplatz zur Immobilie, was den Alltag deutlich erleichtert.<\/p>\n<p>Eine ideale Immobilie, besonders f\u00fcr diejenigen, die Au\u00dfenfl\u00e4chen und freie Ausblicke sch\u00e4tzen.<\/p>\n<p>Immobilienagentur eingetragen im offiziellen Register der Immobilienmakler der Balearen (ROAIIB), Nummer GOIBE740280\/2024.<\/p>\n","protected":false},"excerpt":{"rendered":"<p>Penthouse im dritten Stock (OHNE AUFZUG) in Son Ferrer, sehr hell und mit freiem Blick auf den Golfplatz sowie einer gro\u00dfz\u00fcgigen privaten Dachterrasse. Die Immobilie besticht durch ihr reichliches Tageslicht und mehrere Au\u00dfenbereiche, die den Wohnraum deutlich erweitern.~~Die Wohnung verf\u00fcgt \u00fcber zwei Schlafzimmer, ein Badezimmer, ein <\/p>\n","protected":false},"author":4,"featured_media":28437498,"parent":0,"menu_order":0,"template":"","property_type":[1929],"property_status":[438],"property_feature":[1198,1207,1905,1916,1240,1904,1902,1913,1713,1201],"property_label":[],"property_state":[901],"property_city":[931],"property_area":[1557],"acf":[],"property_meta":{"fave_agent":["19245161"],"fave_agents":["19245161"],"fave_agent_display_option":["agent_info"],"fave_agency":["22941548"],"property_agent":["19245161"],"custom_permalink":["inmueble\/venta\/piso\/illes-balears\/calvia\/02vg022\/"],"_thumbnail_id":["28437498"],"post_id":["Array"],"original_author":["4"],"_edit_lock":["1604137107:1"],"_edit_last":["1"],"fave_property_map_street_view":["show"],"fave_payment_status":["not_paid"],"fave_single_top_area":["global"],"fave_single_content_area":["global"],"houzez_manual_expire":["0"],"fave_property_size_prefix":["m&sup2;"],"fave_property_map":["1"],"fave_additional_features_enable":["disable"],"fave_floor_plans_enable":["disable"],"fave_multiunit_plans_enable":["disable"],"fave_prop_homeslider":["no"],"fave_featured":["0"],"fave_property_address":["Calvi\u00e0,Illes Balears"],"fave_property_zip":["07181"],"houzez_geolocation_lat":["39.496782274867"],"houzez_geolocation_long":["2.5067628532031"],"fave_property_location":["39.496782274867,2.5067628532031"],"fave_property_country":["ES"],"fave_property_map_address":["Calvi\u00e0,Illes Balears,Spain"],"referencia":["02vg022"],"fave_property_id":["02vg022"],"fave_property_bedrooms":["2"],"fave_property_bathrooms":["1"],"fave_property_garage":["1"],"fave_property_land":["0"],"ave_property_land_postfix":["m&sup2;"],"fave_property_size":["65"],"fave_property_year":["1994"],"fave_energy_global_index":["0 kWh\/m&sup2; \/1234.99 Kg CO2\/m&sup2;"],"fave_energy_class":["G"],"estate_attr_energy_class":["G"],"REAL_HOMES_property_emisiones":["1234.99"],"REAL_HOMES_property_consumo":["0"],"REAL_HOMES_property_letra":["G"],"estate_video":[""],"fave_virtual_tour":["<iframe src=\"https:\/\/crm.inmovilla.com\/fotosvr\/tour.php?cod=28898989.10578\" width=\"820\" height=\"500\" frameborder=\"0\" style=\"border:0\"><\/iframe><div class=\"enlacetour\"><a class=\"enlacetour2\" title=\"Ver tour virtual\" href=\"https:\/\/crm.inmovilla.com\/fotosvr\/tour.php?cod=28898989.10578\" target=\"_blank\">FULL SCREEN<\/a><\/div>"],"vendidoInmueble":[""],"fave_property_price":["320000"],"fave_property_price_postfix":[""],"fave_property_images":["28437498","28437499","28437500","28437501","28437502","28437503","28437504","28437505","28437506","28437507","28437508","28437509","28437510","28437511","28437512","28437513","28437514","28437515","28437516","28437517","28437518","28437519"],"houzez_total_property_views":["1"],"houzez_views_by_date":["a:1:{s:10:\"04-28-2026\";i:1;}"],"houzez_recently_viewed":["2026-04-28 05:23:09"]},"yoast_head":"<!-- This site is optimized with the Yoast SEO plugin v18.6 - https:\/\/yoast.com\/wordpress\/plugins\/seo\/ -->\n<title>Helle Penthouse-Wohnung mit Golfblick und gro\u00dfer privater Dachterrasse in Son Ferrer - Gestpropiedad<\/title>\n<meta name=\"robots\" content=\"index, follow, max-snippet:-1, max-image-preview:large, max-video-preview:-1\" \/>\n<link rel=\"canonical\" href=\"https:\/\/gestpropiedad.com\/de\/inmueble\/venta\/piso\/illes-balears\/calvia\/02vg022\/\" \/>\n<meta property=\"og:locale\" content=\"de_DE\" \/>\n<meta property=\"og:type\" content=\"article\" \/>\n<meta property=\"og:title\" content=\"Helle Penthouse-Wohnung mit Golfblick und gro\u00dfer privater Dachterrasse in Son Ferrer - Gestpropiedad\" \/>\n<meta property=\"og:description\" content=\"Penthouse im dritten Stock (OHNE AUFZUG) in Son Ferrer, sehr hell und mit freiem Blick auf den Golfplatz sowie einer gro\u00dfz\u00fcgigen privaten Dachterrasse. Die Immobilie besticht durch ihr reichliches Tageslicht und mehrere Au\u00dfenbereiche, die den Wohnraum deutlich erweitern.~~Die Wohnung verf\u00fcgt \u00fcber zwei Schlafzimmer, ein Badezimmer, ein\" \/>\n<meta property=\"og:url\" content=\"https:\/\/gestpropiedad.com\/de\/inmueble\/venta\/piso\/illes-balears\/calvia\/02vg022\/\" \/>\n<meta property=\"og:site_name\" content=\"Gestpropiedad\" \/>\n<meta property=\"og:image\" content=\"https:\/\/fotos15.apinmo.com\/10578\/28898989\/1-1.jpg\" \/>\n\t<meta property=\"og:image:width\" content=\"850\" \/>\n\t<meta property=\"og:image:height\" content=\"426\" \/>\n\t<meta property=\"og:image:type\" content=\"image\/jpeg\" \/>\n<meta name=\"twitter:card\" content=\"summary_large_image\" \/>\n<meta name=\"twitter:label1\" content=\"Gesch\u00e4tzte Lesezeit\" \/>\n\t<meta name=\"twitter:data1\" content=\"1\u00a0Minute\" \/>\n<script type=\"application\/ld+json\" class=\"yoast-schema-graph\">{\"@context\":\"https:\/\/schema.org\",\"@graph\":[{\"@type\":\"Organization\",\"@id\":\"https:\/\/gestpropiedad.com\/#organization\",\"name\":\"Gestpropiedad\",\"url\":\"https:\/\/gestpropiedad.com\/\",\"sameAs\":[],\"logo\":{\"@type\":\"ImageObject\",\"@id\":\"https:\/\/gestpropiedad.com\/#logo\",\"inLanguage\":\"de\",\"url\":\"https:\/\/gestpropiedad.com\/wp-content\/uploads\/2021\/11\/logogp-b.svg\",\"contentUrl\":\"https:\/\/gestpropiedad.com\/wp-content\/uploads\/2021\/11\/logogp-b.svg\",\"width\":115,\"height\":60,\"caption\":\"Gestpropiedad\"},\"image\":{\"@id\":\"https:\/\/gestpropiedad.com\/#logo\"}},{\"@type\":\"WebSite\",\"@id\":\"https:\/\/gestpropiedad.com\/#website\",\"url\":\"https:\/\/gestpropiedad.com\/\",\"name\":\"Gestpropiedad\",\"description\":\"Inmobiliaria especializada en Mallorca. Islas Baleares\",\"publisher\":{\"@id\":\"https:\/\/gestpropiedad.com\/#organization\"},\"potentialAction\":[{\"@type\":\"SearchAction\",\"target\":{\"@type\":\"EntryPoint\",\"urlTemplate\":\"https:\/\/gestpropiedad.com\/?s={search_term_string}\"},\"query-input\":\"required name=search_term_string\"}],\"inLanguage\":\"de\"},{\"@type\":\"ImageObject\",\"@id\":\"https:\/\/gestpropiedad.com\/de\/inmueble\/venta\/piso\/illes-balears\/calvia\/02vg022\/#primaryimage\",\"inLanguage\":\"de\",\"url\":\"https:\/\/fotos15.apinmo.com\/10578\/28898989\/1-1.jpg\",\"contentUrl\":\"https:\/\/fotos15.apinmo.com\/10578\/28898989\/1-1.jpg\",\"width\":850,\"height\":426,\"caption\":\"\u00c1tico luminoso con vistas al golf y gran terraza sol\u00e1rium en son ferrer - imagenInmueble0\"},{\"@type\":[\"WebPage\",\"RealEstateListing\"],\"@id\":\"https:\/\/gestpropiedad.com\/de\/inmueble\/venta\/piso\/illes-balears\/calvia\/02vg022\/#webpage\",\"url\":\"https:\/\/gestpropiedad.com\/de\/inmueble\/venta\/piso\/illes-balears\/calvia\/02vg022\/\",\"name\":\"Helle Penthouse-Wohnung mit Golfblick und gro\u00dfer privater Dachterrasse in Son Ferrer - Gestpropiedad\",\"isPartOf\":{\"@id\":\"https:\/\/gestpropiedad.com\/#website\"},\"primaryImageOfPage\":{\"@id\":\"https:\/\/gestpropiedad.com\/de\/inmueble\/venta\/piso\/illes-balears\/calvia\/02vg022\/#primaryimage\"},\"datePublished\":\"2026-04-27T17:12:23+00:00\",\"dateModified\":\"2026-04-27T17:12:23+00:00\",\"breadcrumb\":{\"@id\":\"https:\/\/gestpropiedad.com\/de\/inmueble\/venta\/piso\/illes-balears\/calvia\/02vg022\/#breadcrumb\"},\"inLanguage\":\"de\",\"potentialAction\":[{\"@type\":\"ReadAction\",\"target\":[\"https:\/\/gestpropiedad.com\/de\/inmueble\/venta\/piso\/illes-balears\/calvia\/02vg022\/\"]}]},{\"@type\":\"BreadcrumbList\",\"@id\":\"https:\/\/gestpropiedad.com\/de\/inmueble\/venta\/piso\/illes-balears\/calvia\/02vg022\/#breadcrumb\",\"itemListElement\":[{\"@type\":\"ListItem\",\"position\":1,\"name\":\"Portada\",\"item\":\"https:\/\/gestpropiedad.com\/\"},{\"@type\":\"ListItem\",\"position\":2,\"name\":\"Eigenschaften\",\"item\":\"https:\/\/gestpropiedad.com\/de\/inmueble\/\"},{\"@type\":\"ListItem\",\"position\":3,\"name\":\"Helle Penthouse-Wohnung mit Golfblick und gro\u00dfer privater Dachterrasse in Son Ferrer\"}]}]}<\/script>\n<!-- \/ Yoast SEO plugin. -->","yoast_head_json":{"title":"Helle Penthouse-Wohnung mit Golfblick und gro\u00dfer privater Dachterrasse in Son Ferrer - Gestpropiedad","robots":{"index":"index","follow":"follow","max-snippet":"max-snippet:-1","max-image-preview":"max-image-preview:large","max-video-preview":"max-video-preview:-1"},"canonical":"https:\/\/gestpropiedad.com\/de\/inmueble\/venta\/piso\/illes-balears\/calvia\/02vg022\/","og_locale":"de_DE","og_type":"article","og_title":"Helle Penthouse-Wohnung mit Golfblick und gro\u00dfer privater Dachterrasse in Son Ferrer - Gestpropiedad","og_description":"Penthouse im dritten Stock (OHNE AUFZUG) in Son Ferrer, sehr hell und mit freiem Blick auf den Golfplatz sowie einer gro\u00dfz\u00fcgigen privaten Dachterrasse. Die Immobilie besticht durch ihr reichliches Tageslicht und mehrere Au\u00dfenbereiche, die den Wohnraum deutlich erweitern.~~Die Wohnung verf\u00fcgt \u00fcber zwei Schlafzimmer, ein Badezimmer, ein","og_url":"https:\/\/gestpropiedad.com\/de\/inmueble\/venta\/piso\/illes-balears\/calvia\/02vg022\/","og_site_name":"Gestpropiedad","og_image":[{"width":850,"height":426,"url":"https:\/\/fotos15.apinmo.com\/10578\/28898989\/1-1.jpg","type":"image\/jpeg"}],"twitter_card":"summary_large_image","twitter_misc":{"Gesch\u00e4tzte Lesezeit":"1\u00a0Minute"},"schema":{"@context":"https:\/\/schema.org","@graph":[{"@type":"Organization","@id":"https:\/\/gestpropiedad.com\/#organization","name":"Gestpropiedad","url":"https:\/\/gestpropiedad.com\/","sameAs":[],"logo":{"@type":"ImageObject","@id":"https:\/\/gestpropiedad.com\/#logo","inLanguage":"de","url":"https:\/\/gestpropiedad.com\/wp-content\/uploads\/2021\/11\/logogp-b.svg","contentUrl":"https:\/\/gestpropiedad.com\/wp-content\/uploads\/2021\/11\/logogp-b.svg","width":115,"height":60,"caption":"Gestpropiedad"},"image":{"@id":"https:\/\/gestpropiedad.com\/#logo"}},{"@type":"WebSite","@id":"https:\/\/gestpropiedad.com\/#website","url":"https:\/\/gestpropiedad.com\/","name":"Gestpropiedad","description":"Inmobiliaria especializada en Mallorca. Islas Baleares","publisher":{"@id":"https:\/\/gestpropiedad.com\/#organization"},"potentialAction":[{"@type":"SearchAction","target":{"@type":"EntryPoint","urlTemplate":"https:\/\/gestpropiedad.com\/?s={search_term_string}"},"query-input":"required name=search_term_string"}],"inLanguage":"de"},{"@type":"ImageObject","@id":"https:\/\/gestpropiedad.com\/de\/inmueble\/venta\/piso\/illes-balears\/calvia\/02vg022\/#primaryimage","inLanguage":"de","url":"https:\/\/fotos15.apinmo.com\/10578\/28898989\/1-1.jpg","contentUrl":"https:\/\/fotos15.apinmo.com\/10578\/28898989\/1-1.jpg","width":850,"height":426,"caption":"\u00c1tico luminoso con vistas al golf y gran terraza sol\u00e1rium en son ferrer - imagenInmueble0"},{"@type":["WebPage","RealEstateListing"],"@id":"https:\/\/gestpropiedad.com\/de\/inmueble\/venta\/piso\/illes-balears\/calvia\/02vg022\/#webpage","url":"https:\/\/gestpropiedad.com\/de\/inmueble\/venta\/piso\/illes-balears\/calvia\/02vg022\/","name":"Helle Penthouse-Wohnung mit Golfblick und gro\u00dfer privater Dachterrasse in Son Ferrer - Gestpropiedad","isPartOf":{"@id":"https:\/\/gestpropiedad.com\/#website"},"primaryImageOfPage":{"@id":"https:\/\/gestpropiedad.com\/de\/inmueble\/venta\/piso\/illes-balears\/calvia\/02vg022\/#primaryimage"},"datePublished":"2026-04-27T17:12:23+00:00","dateModified":"2026-04-27T17:12:23+00:00","breadcrumb":{"@id":"https:\/\/gestpropiedad.com\/de\/inmueble\/venta\/piso\/illes-balears\/calvia\/02vg022\/#breadcrumb"},"inLanguage":"de","potentialAction":[{"@type":"ReadAction","target":["https:\/\/gestpropiedad.com\/de\/inmueble\/venta\/piso\/illes-balears\/calvia\/02vg022\/"]}]},{"@type":"BreadcrumbList","@id":"https:\/\/gestpropiedad.com\/de\/inmueble\/venta\/piso\/illes-balears\/calvia\/02vg022\/#breadcrumb","itemListElement":[{"@type":"ListItem","position":1,"name":"Portada","item":"https:\/\/gestpropiedad.com\/"},{"@type":"ListItem","position":2,"name":"Eigenschaften","item":"https:\/\/gestpropiedad.com\/de\/inmueble\/"},{"@type":"ListItem","position":3,"name":"Helle Penthouse-Wohnung mit Golfblick und gro\u00dfer privater Dachterrasse in Son Ferrer"}]}]}},"_links":{"self":[{"href":"https:\/\/gestpropiedad.com\/de\/wp-json\/wp\/v2\/properties\/28437497"}],"collection":[{"href":"https:\/\/gestpropiedad.com\/de\/wp-json\/wp\/v2\/properties"}],"about":[{"href":"https:\/\/gestpropiedad.com\/de\/wp-json\/wp\/v2\/types\/property"}],"author":[{"embeddable":true,"href":"https:\/\/gestpropiedad.com\/de\/wp-json\/wp\/v2\/users\/4"}],"version-history":[{"count":0,"href":"https:\/\/gestpropiedad.com\/de\/wp-json\/wp\/v2\/properties\/28437497\/revisions"}],"wp:featuredmedia":[{"embeddable":true,"href":"https:\/\/gestpropiedad.com\/de\/wp-json\/wp\/v2\/media\/28437498"}],"wp:attachment":[{"href":"https:\/\/gestpropiedad.com\/de\/wp-json\/wp\/v2\/media?parent=28437497"}],"wp:term":[{"taxonomy":"property_type","embeddable":true,"href":"https:\/\/gestpropiedad.com\/de\/wp-json\/wp\/v2\/property_type?post=28437497"},{"taxonomy":"property_status","embeddable":true,"href":"https:\/\/gestpropiedad.com\/de\/wp-json\/wp\/v2\/property_status?post=28437497"},{"taxonomy":"property_feature","embeddable":true,"href":"https:\/\/gestpropiedad.com\/de\/wp-json\/wp\/v2\/property_feature?post=28437497"},{"taxonomy":"property_label","embeddable":true,"href":"https:\/\/gestpropiedad.com\/de\/wp-json\/wp\/v2\/property_label?post=28437497"},{"taxonomy":"property_state","embeddable":true,"href":"https:\/\/gestpropiedad.com\/de\/wp-json\/wp\/v2\/property_state?post=28437497"},{"taxonomy":"property_city","embeddable":true,"href":"https:\/\/gestpropiedad.com\/de\/wp-json\/wp\/v2\/property_city?post=28437497"},{"taxonomy":"property_area","embeddable":true,"href":"https:\/\/gestpropiedad.com\/de\/wp-json\/wp\/v2\/property_area?post=28437497"}],"curies":[{"name":"wp","href":"https:\/\/api.w.org\/{rel}","templated":true}]}}