

{"id":28435184,"date":"2026-04-14T12:55:57","date_gmt":"2026-04-14T12:55:57","guid":{"rendered":"https:\/\/www.gestpropiedad.com\/inmueble\/venta\/solar\/illes-balears\/campos\/04sbap381rj\/"},"modified":"2026-04-14T12:55:57","modified_gmt":"2026-04-14T12:55:57","slug":"300-m-baugrundstuck-in-sa-rapita-04sbap381rj","status":"publish","type":"property","link":"https:\/\/gestpropiedad.com\/de\/inmueble\/venta\/solar\/illes-balears\/campos\/04sbap381rj\/","title":{"rendered":"300 m\u00b2 Baugrundst\u00fcck in Sa R\u00e0pita"},"content":{"rendered":"<p>Ihre Gelegenheit, das Zuhause zu bauen, das Sie sich immer in Sa R\u00e0pita vorgestellt haben!<\/p>\n<p>Ein fantastisches 300 m\u00b2 gro\u00dfes Baugrundst\u00fcck steht zum Verkauf, nur 150 Meter vom Meer entfernt (1 Minute zu Fu\u00df), gelegen in einer ruhigen und charmanten Wohngegend mit bequemer Anbindung und ausgezeichneter Ausrichtung. Ein ideales Grundst\u00fcck, um ein ger\u00e4umiges Einfamilienhaus mit Garten, Terrassen und Pool zu entwickeln, in dem Sie den authentischen mediterranen Lebensstil genie\u00dfen k\u00f6nnen.<\/p>\n<p>Es verf\u00fcgt \u00fcber eine 134 m\u00b2 gro\u00dfe Konstruktion im Erdgeschoss, die an die aktuellen Vorschriften angepasst werden muss, sodass ein Teil der bestehenden Struktur genutzt oder ein neues zweist\u00f6ckiges Projekt gebaut werden k\u00f6nnte, wie auf dem im Foto gezeigten Grundriss dargestellt.<\/p>\n<p>Dieses Grundst\u00fcck bietet zahlreiche Bauoptionen und eignet sich sowohl f\u00fcr ein Familienprojekt als auch als zuk\u00fcnftige Investition in einer der vielversprechendsten Regionen im S\u00fcden Mallorcas.<\/p>\n<p>Die Lage ist unschlagbar: nur wenige Minuten von wei\u00dfen Sandstr\u00e4nden und kristallklarem Wasser entfernt, in der N\u00e4he des Yachthafens und umgeben von allen notwendigen t\u00e4glichen Annehmlichkeiten.<\/p>\n<p>Sa R\u00e0pita ist ein Synonym f\u00fcr Ruhe, Natur und Lebensqualit\u00e4t und eignet sich perfekt sowohl f\u00fcr den Dauerwohnsitz als auch f\u00fcr ein Ferienhaus.<\/p>\n<p>Verpassen Sie nicht diese einzigartige Gelegenheit, in ein hochwertiges Leben am Meer zu investieren.<\/p>\n","protected":false},"excerpt":{"rendered":"<p>Ihre Gelegenheit, das Zuhause zu bauen, das Sie sich immer in Sa R\u00e0pita vorgestellt haben!~~Ein fantastisches 300 m\u00b2 gro\u00dfes Baugrundst\u00fcck steht zum Verkauf, nur 150 Meter vom Meer entfernt (1 Minute zu Fu\u00df), gelegen in einer ruhigen und charmanten Wohngegend mit bequemer Anbindung und ausgezeichneter Ausrichtung. Ein ideales <\/p>\n","protected":false},"author":4,"featured_media":28435185,"parent":0,"menu_order":0,"template":"","property_type":[1926],"property_status":[438],"property_feature":[1905,1204,1912,1913,1921,1201],"property_label":[],"property_state":[901],"property_city":[1014],"property_area":[1146],"acf":[],"property_meta":{"fave_agent":["12209606"],"fave_agents":["12209606"],"fave_agent_display_option":["agent_info"],"fave_agency":["22941546"],"property_agent":["12209606"],"custom_permalink":["inmueble\/venta\/solar\/illes-balears\/campos\/04sbap381rj\/"],"_thumbnail_id":["28435185"],"post_id":["Array"],"original_author":["4"],"_edit_lock":["1604137107:1"],"_edit_last":["1"],"fave_property_map_street_view":["show"],"fave_payment_status":["not_paid"],"fave_single_top_area":["global"],"fave_single_content_area":["global"],"houzez_manual_expire":["0"],"fave_property_size_prefix":["m&sup2;"],"fave_property_map":["1"],"fave_additional_features_enable":["disable"],"fave_floor_plans_enable":["disable"],"fave_multiunit_plans_enable":["disable"],"fave_prop_homeslider":["no"],"fave_featured":["0"],"fave_property_address":["Campos,Illes Balears"],"fave_property_zip":["07639"],"houzez_geolocation_lat":["39.364793159"],"houzez_geolocation_long":["2.943347995"],"fave_property_location":["39.364793159,2.943347995"],"fave_property_country":["ES"],"fave_property_map_address":["Campos,Illes Balears,Spain"],"referencia":["04sbap381rj"],"fave_property_id":["04sbap381rj"],"fave_property_bedrooms":["2"],"fave_property_bathrooms":["1"],"fave_property_garage":["0"],"fave_property_land":["300"],"ave_property_land_postfix":["m&sup2;"],"fave_property_size":["134"],"fave_property_year":["1984"],"fave_energy_global_index":["0 kWh\/m&sup2; \/0 Kg CO2\/m&sup2;"],"fave_energy_class":["N"],"estate_attr_energy_class":["N"],"REAL_HOMES_property_emisiones":["0"],"REAL_HOMES_property_consumo":["0"],"REAL_HOMES_property_letra":["N"],"estate_video":[""],"fave_virtual_tour":[""],"vendidoInmueble":[""],"fave_property_price":["289000"],"fave_property_price_postfix":[""],"fave_property_images":["28435185","28435186","28435187","28435188","28435189","28435190","28435191","28435192","28435193","28435194","28435195","28435196","28435197","28435198","28435199","28435200","28435201","28435202","28435203","28435204","28435205","28435206","28435207","28435208"],"houzez_total_property_views":["2"],"houzez_views_by_date":["a:1:{s:10:\"04-28-2026\";i:2;}"],"houzez_recently_viewed":["2026-04-28 17:16:40"]},"yoast_head":"<!-- This site is optimized with the Yoast SEO plugin v18.6 - https:\/\/yoast.com\/wordpress\/plugins\/seo\/ -->\n<title>300 m\u00b2 Baugrundst\u00fcck in Sa R\u00e0pita - Gestpropiedad<\/title>\n<meta name=\"robots\" content=\"index, follow, max-snippet:-1, max-image-preview:large, max-video-preview:-1\" \/>\n<link rel=\"canonical\" href=\"https:\/\/gestpropiedad.com\/de\/inmueble\/venta\/solar\/illes-balears\/campos\/04sbap381rj\/\" \/>\n<meta property=\"og:locale\" content=\"de_DE\" \/>\n<meta property=\"og:type\" content=\"article\" \/>\n<meta property=\"og:title\" content=\"300 m\u00b2 Baugrundst\u00fcck in Sa R\u00e0pita - Gestpropiedad\" \/>\n<meta property=\"og:description\" content=\"Ihre Gelegenheit, das Zuhause zu bauen, das Sie sich immer in Sa R\u00e0pita vorgestellt haben!~~Ein fantastisches 300 m\u00b2 gro\u00dfes Baugrundst\u00fcck steht zum Verkauf, nur 150 Meter vom Meer entfernt (1 Minute zu Fu\u00df), gelegen in einer ruhigen und charmanten Wohngegend mit bequemer Anbindung und ausgezeichneter Ausrichtung. Ein ideales\" \/>\n<meta property=\"og:url\" content=\"https:\/\/gestpropiedad.com\/de\/inmueble\/venta\/solar\/illes-balears\/campos\/04sbap381rj\/\" \/>\n<meta property=\"og:site_name\" content=\"Gestpropiedad\" \/>\n<meta property=\"og:image\" content=\"https:\/\/fotos15.apinmo.com\/3010\/28545670\/6-1.jpg\" \/>\n\t<meta property=\"og:image:width\" content=\"850\" \/>\n\t<meta property=\"og:image:height\" content=\"426\" \/>\n\t<meta property=\"og:image:type\" content=\"image\/jpeg\" \/>\n<meta name=\"twitter:card\" content=\"summary_large_image\" \/>\n<meta name=\"twitter:label1\" content=\"Gesch\u00e4tzte Lesezeit\" \/>\n\t<meta name=\"twitter:data1\" content=\"1\u00a0Minute\" \/>\n<script type=\"application\/ld+json\" class=\"yoast-schema-graph\">{\"@context\":\"https:\/\/schema.org\",\"@graph\":[{\"@type\":\"Organization\",\"@id\":\"https:\/\/gestpropiedad.com\/#organization\",\"name\":\"Gestpropiedad\",\"url\":\"https:\/\/gestpropiedad.com\/\",\"sameAs\":[],\"logo\":{\"@type\":\"ImageObject\",\"@id\":\"https:\/\/gestpropiedad.com\/#logo\",\"inLanguage\":\"de\",\"url\":\"https:\/\/gestpropiedad.com\/wp-content\/uploads\/2021\/11\/logogp-b.svg\",\"contentUrl\":\"https:\/\/gestpropiedad.com\/wp-content\/uploads\/2021\/11\/logogp-b.svg\",\"width\":115,\"height\":60,\"caption\":\"Gestpropiedad\"},\"image\":{\"@id\":\"https:\/\/gestpropiedad.com\/#logo\"}},{\"@type\":\"WebSite\",\"@id\":\"https:\/\/gestpropiedad.com\/#website\",\"url\":\"https:\/\/gestpropiedad.com\/\",\"name\":\"Gestpropiedad\",\"description\":\"Inmobiliaria especializada en Mallorca. Islas Baleares\",\"publisher\":{\"@id\":\"https:\/\/gestpropiedad.com\/#organization\"},\"potentialAction\":[{\"@type\":\"SearchAction\",\"target\":{\"@type\":\"EntryPoint\",\"urlTemplate\":\"https:\/\/gestpropiedad.com\/?s={search_term_string}\"},\"query-input\":\"required name=search_term_string\"}],\"inLanguage\":\"de\"},{\"@type\":\"ImageObject\",\"@id\":\"https:\/\/gestpropiedad.com\/de\/inmueble\/venta\/solar\/illes-balears\/campos\/04sbap381rj\/#primaryimage\",\"inLanguage\":\"de\",\"url\":\"https:\/\/fotos15.apinmo.com\/3010\/28545670\/6-1.jpg\",\"contentUrl\":\"https:\/\/fotos15.apinmo.com\/3010\/28545670\/6-1.jpg\",\"width\":850,\"height\":426,\"caption\":\"Solar urbano de 300 m\u00b2 en sa r\u00c0pita - imagenInmueble0\"},{\"@type\":[\"WebPage\",\"RealEstateListing\"],\"@id\":\"https:\/\/gestpropiedad.com\/de\/inmueble\/venta\/solar\/illes-balears\/campos\/04sbap381rj\/#webpage\",\"url\":\"https:\/\/gestpropiedad.com\/de\/inmueble\/venta\/solar\/illes-balears\/campos\/04sbap381rj\/\",\"name\":\"300 m\u00b2 Baugrundst\u00fcck in Sa R\u00e0pita - Gestpropiedad\",\"isPartOf\":{\"@id\":\"https:\/\/gestpropiedad.com\/#website\"},\"primaryImageOfPage\":{\"@id\":\"https:\/\/gestpropiedad.com\/de\/inmueble\/venta\/solar\/illes-balears\/campos\/04sbap381rj\/#primaryimage\"},\"datePublished\":\"2026-04-14T12:55:57+00:00\",\"dateModified\":\"2026-04-14T12:55:57+00:00\",\"breadcrumb\":{\"@id\":\"https:\/\/gestpropiedad.com\/de\/inmueble\/venta\/solar\/illes-balears\/campos\/04sbap381rj\/#breadcrumb\"},\"inLanguage\":\"de\",\"potentialAction\":[{\"@type\":\"ReadAction\",\"target\":[\"https:\/\/gestpropiedad.com\/de\/inmueble\/venta\/solar\/illes-balears\/campos\/04sbap381rj\/\"]}]},{\"@type\":\"BreadcrumbList\",\"@id\":\"https:\/\/gestpropiedad.com\/de\/inmueble\/venta\/solar\/illes-balears\/campos\/04sbap381rj\/#breadcrumb\",\"itemListElement\":[{\"@type\":\"ListItem\",\"position\":1,\"name\":\"Portada\",\"item\":\"https:\/\/gestpropiedad.com\/\"},{\"@type\":\"ListItem\",\"position\":2,\"name\":\"Eigenschaften\",\"item\":\"https:\/\/gestpropiedad.com\/de\/inmueble\/\"},{\"@type\":\"ListItem\",\"position\":3,\"name\":\"300 m\u00b2 Baugrundst\u00fcck in Sa R\u00e0pita\"}]}]}<\/script>\n<!-- \/ Yoast SEO plugin. -->","yoast_head_json":{"title":"300 m\u00b2 Baugrundst\u00fcck in Sa R\u00e0pita - Gestpropiedad","robots":{"index":"index","follow":"follow","max-snippet":"max-snippet:-1","max-image-preview":"max-image-preview:large","max-video-preview":"max-video-preview:-1"},"canonical":"https:\/\/gestpropiedad.com\/de\/inmueble\/venta\/solar\/illes-balears\/campos\/04sbap381rj\/","og_locale":"de_DE","og_type":"article","og_title":"300 m\u00b2 Baugrundst\u00fcck in Sa R\u00e0pita - Gestpropiedad","og_description":"Ihre Gelegenheit, das Zuhause zu bauen, das Sie sich immer in Sa R\u00e0pita vorgestellt haben!~~Ein fantastisches 300 m\u00b2 gro\u00dfes Baugrundst\u00fcck steht zum Verkauf, nur 150 Meter vom Meer entfernt (1 Minute zu Fu\u00df), gelegen in einer ruhigen und charmanten Wohngegend mit bequemer Anbindung und ausgezeichneter Ausrichtung. Ein ideales","og_url":"https:\/\/gestpropiedad.com\/de\/inmueble\/venta\/solar\/illes-balears\/campos\/04sbap381rj\/","og_site_name":"Gestpropiedad","og_image":[{"width":850,"height":426,"url":"https:\/\/fotos15.apinmo.com\/3010\/28545670\/6-1.jpg","type":"image\/jpeg"}],"twitter_card":"summary_large_image","twitter_misc":{"Gesch\u00e4tzte Lesezeit":"1\u00a0Minute"},"schema":{"@context":"https:\/\/schema.org","@graph":[{"@type":"Organization","@id":"https:\/\/gestpropiedad.com\/#organization","name":"Gestpropiedad","url":"https:\/\/gestpropiedad.com\/","sameAs":[],"logo":{"@type":"ImageObject","@id":"https:\/\/gestpropiedad.com\/#logo","inLanguage":"de","url":"https:\/\/gestpropiedad.com\/wp-content\/uploads\/2021\/11\/logogp-b.svg","contentUrl":"https:\/\/gestpropiedad.com\/wp-content\/uploads\/2021\/11\/logogp-b.svg","width":115,"height":60,"caption":"Gestpropiedad"},"image":{"@id":"https:\/\/gestpropiedad.com\/#logo"}},{"@type":"WebSite","@id":"https:\/\/gestpropiedad.com\/#website","url":"https:\/\/gestpropiedad.com\/","name":"Gestpropiedad","description":"Inmobiliaria especializada en Mallorca. Islas Baleares","publisher":{"@id":"https:\/\/gestpropiedad.com\/#organization"},"potentialAction":[{"@type":"SearchAction","target":{"@type":"EntryPoint","urlTemplate":"https:\/\/gestpropiedad.com\/?s={search_term_string}"},"query-input":"required name=search_term_string"}],"inLanguage":"de"},{"@type":"ImageObject","@id":"https:\/\/gestpropiedad.com\/de\/inmueble\/venta\/solar\/illes-balears\/campos\/04sbap381rj\/#primaryimage","inLanguage":"de","url":"https:\/\/fotos15.apinmo.com\/3010\/28545670\/6-1.jpg","contentUrl":"https:\/\/fotos15.apinmo.com\/3010\/28545670\/6-1.jpg","width":850,"height":426,"caption":"Solar urbano de 300 m\u00b2 en sa r\u00c0pita - imagenInmueble0"},{"@type":["WebPage","RealEstateListing"],"@id":"https:\/\/gestpropiedad.com\/de\/inmueble\/venta\/solar\/illes-balears\/campos\/04sbap381rj\/#webpage","url":"https:\/\/gestpropiedad.com\/de\/inmueble\/venta\/solar\/illes-balears\/campos\/04sbap381rj\/","name":"300 m\u00b2 Baugrundst\u00fcck in Sa R\u00e0pita - Gestpropiedad","isPartOf":{"@id":"https:\/\/gestpropiedad.com\/#website"},"primaryImageOfPage":{"@id":"https:\/\/gestpropiedad.com\/de\/inmueble\/venta\/solar\/illes-balears\/campos\/04sbap381rj\/#primaryimage"},"datePublished":"2026-04-14T12:55:57+00:00","dateModified":"2026-04-14T12:55:57+00:00","breadcrumb":{"@id":"https:\/\/gestpropiedad.com\/de\/inmueble\/venta\/solar\/illes-balears\/campos\/04sbap381rj\/#breadcrumb"},"inLanguage":"de","potentialAction":[{"@type":"ReadAction","target":["https:\/\/gestpropiedad.com\/de\/inmueble\/venta\/solar\/illes-balears\/campos\/04sbap381rj\/"]}]},{"@type":"BreadcrumbList","@id":"https:\/\/gestpropiedad.com\/de\/inmueble\/venta\/solar\/illes-balears\/campos\/04sbap381rj\/#breadcrumb","itemListElement":[{"@type":"ListItem","position":1,"name":"Portada","item":"https:\/\/gestpropiedad.com\/"},{"@type":"ListItem","position":2,"name":"Eigenschaften","item":"https:\/\/gestpropiedad.com\/de\/inmueble\/"},{"@type":"ListItem","position":3,"name":"300 m\u00b2 Baugrundst\u00fcck in Sa R\u00e0pita"}]}]}},"_links":{"self":[{"href":"https:\/\/gestpropiedad.com\/de\/wp-json\/wp\/v2\/properties\/28435184"}],"collection":[{"href":"https:\/\/gestpropiedad.com\/de\/wp-json\/wp\/v2\/properties"}],"about":[{"href":"https:\/\/gestpropiedad.com\/de\/wp-json\/wp\/v2\/types\/property"}],"author":[{"embeddable":true,"href":"https:\/\/gestpropiedad.com\/de\/wp-json\/wp\/v2\/users\/4"}],"version-history":[{"count":0,"href":"https:\/\/gestpropiedad.com\/de\/wp-json\/wp\/v2\/properties\/28435184\/revisions"}],"wp:featuredmedia":[{"embeddable":true,"href":"https:\/\/gestpropiedad.com\/de\/wp-json\/wp\/v2\/media\/28435185"}],"wp:attachment":[{"href":"https:\/\/gestpropiedad.com\/de\/wp-json\/wp\/v2\/media?parent=28435184"}],"wp:term":[{"taxonomy":"property_type","embeddable":true,"href":"https:\/\/gestpropiedad.com\/de\/wp-json\/wp\/v2\/property_type?post=28435184"},{"taxonomy":"property_status","embeddable":true,"href":"https:\/\/gestpropiedad.com\/de\/wp-json\/wp\/v2\/property_status?post=28435184"},{"taxonomy":"property_feature","embeddable":true,"href":"https:\/\/gestpropiedad.com\/de\/wp-json\/wp\/v2\/property_feature?post=28435184"},{"taxonomy":"property_label","embeddable":true,"href":"https:\/\/gestpropiedad.com\/de\/wp-json\/wp\/v2\/property_label?post=28435184"},{"taxonomy":"property_state","embeddable":true,"href":"https:\/\/gestpropiedad.com\/de\/wp-json\/wp\/v2\/property_state?post=28435184"},{"taxonomy":"property_city","embeddable":true,"href":"https:\/\/gestpropiedad.com\/de\/wp-json\/wp\/v2\/property_city?post=28435184"},{"taxonomy":"property_area","embeddable":true,"href":"https:\/\/gestpropiedad.com\/de\/wp-json\/wp\/v2\/property_area?post=28435184"}],"curies":[{"name":"wp","href":"https:\/\/api.w.org\/{rel}","templated":true}]}}