

{"id":28434597,"date":"2026-04-13T11:48:20","date_gmt":"2026-04-13T11:48:20","guid":{"rendered":"https:\/\/www.gestpropiedad.com\/inmueble\/venta\/piso\/illes-balears\/capdepera\/15tmrk034\/"},"modified":"2026-04-13T11:48:20","modified_gmt":"2026-04-13T11:48:20","slug":"erdgeschoss-mit-separatem-anbau-15tmrk034","status":"publish","type":"property","link":"https:\/\/gestpropiedad.com\/de\/inmueble\/venta\/piso\/illes-balears\/capdepera\/15tmrk034\/","title":{"rendered":"Erdgeschoss mit separatem Anbau"},"content":{"rendered":"<p>Diese Wohnung im ersten Stock in Cala Ratjada auf Mallorca, die von der Immobilienagentur gestpropiedad verwaltet wird, besticht durch ihre praktische Raumaufteilung, einen separaten Anbau und zwei Terrassen in ruhiger Lage.<br \/>Die Hauptwohnung verf\u00fcgt \u00fcber 122 m\u00b2, verteilt auf drei Schlafzimmer, ein Wohn-Esszimmer, eine K\u00fcche und ein Badezimmer. Sie ist mit einer Klimaanlage ausgestattet, die das ganze Jahr \u00fcber f\u00fcr Komfort sorgt. Dar\u00fcber hinaus verf\u00fcgt sie \u00fcber zwei Terrassen, eine an der Vorderseite und eine an der R\u00fcckseite, die unterschiedliche Ausrichtungen und Nutzungsm\u00f6glichkeiten im Au\u00dfenbereich bieten.<br \/>Zur Immobilie geh\u00f6rt ein ausgebauter Abstellraum mit separatem Eingang, der \u00fcber ein Zimmer, einen Ess- und K\u00fcchenbereich sowie ein Badezimmer verf\u00fcgt. Diese Eigenschaft sorgt f\u00fcr Vielseitigkeit und bietet M\u00f6glichkeiten wie zus\u00e4tzliche Unterk\u00fcnfte, Arbeitsr\u00e4ume oder einen separaten Bereich mit Privatsph\u00e4re.<br \/>Fordern Sie weitere Informationen an oder vereinbaren Sie einen Besichtigungstermin, um diese Immobilie kennenzulernen.<\/p>\n","protected":false},"excerpt":{"rendered":"<p>Diese Wohnung im ersten Stock in Cala Ratjada auf Mallorca, die von der Immobilienagentur gestpropiedad verwaltet wird, besticht durch ihre praktische Raumaufteilung, einen separaten Anbau und zwei Terrassen in ruhiger Lage.~Die Hauptwohnung verf\u00fcgt \u00fcber 122 m\u00b2, verteilt auf drei Schlafzimmer, ein Wohn-Esszimmer, eine K\u00fcche und ein <\/p>\n","protected":false},"author":4,"featured_media":28434598,"parent":0,"menu_order":0,"template":"","property_type":[1929],"property_status":[438],"property_feature":[1913],"property_label":[],"property_state":[901],"property_city":[1487],"property_area":[1580],"acf":[],"property_meta":{"fave_agent":["13604823"],"fave_agents":["13604823"],"fave_agent_display_option":["agent_info"],"fave_agency":["22941544"],"property_agent":["13604823"],"custom_permalink":["inmueble\/venta\/piso\/illes-balears\/capdepera\/15tmrk034\/"],"_thumbnail_id":["28434598"],"post_id":["Array"],"original_author":["4"],"_edit_lock":["1604137107:1"],"_edit_last":["1"],"fave_property_map_street_view":["show"],"fave_payment_status":["not_paid"],"fave_single_top_area":["global"],"fave_single_content_area":["global"],"houzez_manual_expire":["0"],"fave_property_size_prefix":["m&sup2;"],"fave_property_map":["1"],"fave_additional_features_enable":["disable"],"fave_floor_plans_enable":["disable"],"fave_multiunit_plans_enable":["disable"],"fave_prop_homeslider":["no"],"fave_featured":["0"],"fave_property_address":["Capdepera,Illes Balears"],"fave_property_zip":["07590"],"houzez_geolocation_lat":["39.71228397"],"houzez_geolocation_long":["3.461280655"],"fave_property_location":["39.71228397,3.461280655"],"fave_property_country":["ES"],"fave_property_map_address":["Capdepera,Illes Balears,Spain"],"referencia":["15tmrk034"],"fave_property_id":["15tmrk034"],"fave_property_bedrooms":["4"],"fave_property_bathrooms":["1"],"fave_property_garage":["0"],"fave_property_land":["0"],"ave_property_land_postfix":["m&sup2;"],"fave_property_size":["122"],"fave_property_year":["1975"],"fave_energy_global_index":["0 kWh\/m&sup2; \/1234.99 Kg CO2\/m&sup2;"],"fave_energy_class":["D"],"estate_attr_energy_class":["D"],"REAL_HOMES_property_emisiones":["1234.99"],"REAL_HOMES_property_consumo":["0"],"REAL_HOMES_property_letra":["D"],"estate_video":[""],"fave_virtual_tour":["<iframe src=\"https:\/\/crm.inmovilla.com\/fotosvr\/tour.php?cod=28493830.3010\" width=\"820\" height=\"500\" frameborder=\"0\" style=\"border:0\"><\/iframe><div class=\"enlacetour\"><a class=\"enlacetour2\" title=\"Ver tour virtual\" href=\"https:\/\/crm.inmovilla.com\/fotosvr\/tour.php?cod=28493830.3010\" target=\"_blank\">FULL SCREEN<\/a><\/div>"],"vendidoInmueble":[""],"fave_property_price":["290000"],"fave_property_price_postfix":[""],"fave_property_images":["28434598","28434599","28434600","28434601","28434602","28434603","28434604","28434605","28434606","28434607","28434608","28434609","28434610","28434611","28434612","28434613","28434614","28434615","28434616","28434617","28434618","28434619","28434620","28434621","28434622","28434623","28434624"],"houzez_total_property_views":["1"],"houzez_views_by_date":["a:1:{s:10:\"04-28-2026\";i:1;}"],"houzez_recently_viewed":["2026-04-28 07:27:03"]},"yoast_head":"<!-- This site is optimized with the Yoast SEO plugin v18.6 - https:\/\/yoast.com\/wordpress\/plugins\/seo\/ -->\n<title>Erdgeschoss mit separatem Anbau - Gestpropiedad<\/title>\n<meta name=\"robots\" content=\"index, follow, max-snippet:-1, max-image-preview:large, max-video-preview:-1\" \/>\n<link rel=\"canonical\" href=\"https:\/\/gestpropiedad.com\/de\/inmueble\/venta\/piso\/illes-balears\/capdepera\/15tmrk034\/\" \/>\n<meta property=\"og:locale\" content=\"de_DE\" \/>\n<meta property=\"og:type\" content=\"article\" \/>\n<meta property=\"og:title\" content=\"Erdgeschoss mit separatem Anbau - Gestpropiedad\" \/>\n<meta property=\"og:description\" content=\"Diese Wohnung im ersten Stock in Cala Ratjada auf Mallorca, die von der Immobilienagentur gestpropiedad verwaltet wird, besticht durch ihre praktische Raumaufteilung, einen separaten Anbau und zwei Terrassen in ruhiger Lage.~Die Hauptwohnung verf\u00fcgt \u00fcber 122 m\u00b2, verteilt auf drei Schlafzimmer, ein Wohn-Esszimmer, eine K\u00fcche und ein\" \/>\n<meta property=\"og:url\" content=\"https:\/\/gestpropiedad.com\/de\/inmueble\/venta\/piso\/illes-balears\/capdepera\/15tmrk034\/\" \/>\n<meta property=\"og:site_name\" content=\"Gestpropiedad\" \/>\n<meta property=\"og:image\" content=\"https:\/\/fotos15.apinmo.com\/3010\/28493830\/6-1.jpg\" \/>\n\t<meta property=\"og:image:width\" content=\"850\" \/>\n\t<meta property=\"og:image:height\" content=\"426\" \/>\n\t<meta property=\"og:image:type\" content=\"image\/jpeg\" \/>\n<meta name=\"twitter:card\" content=\"summary_large_image\" \/>\n<meta name=\"twitter:label1\" content=\"Gesch\u00e4tzte Lesezeit\" \/>\n\t<meta name=\"twitter:data1\" content=\"1\u00a0Minute\" \/>\n<script type=\"application\/ld+json\" class=\"yoast-schema-graph\">{\"@context\":\"https:\/\/schema.org\",\"@graph\":[{\"@type\":\"Organization\",\"@id\":\"https:\/\/gestpropiedad.com\/#organization\",\"name\":\"Gestpropiedad\",\"url\":\"https:\/\/gestpropiedad.com\/\",\"sameAs\":[],\"logo\":{\"@type\":\"ImageObject\",\"@id\":\"https:\/\/gestpropiedad.com\/#logo\",\"inLanguage\":\"de\",\"url\":\"https:\/\/gestpropiedad.com\/wp-content\/uploads\/2021\/11\/logogp-b.svg\",\"contentUrl\":\"https:\/\/gestpropiedad.com\/wp-content\/uploads\/2021\/11\/logogp-b.svg\",\"width\":115,\"height\":60,\"caption\":\"Gestpropiedad\"},\"image\":{\"@id\":\"https:\/\/gestpropiedad.com\/#logo\"}},{\"@type\":\"WebSite\",\"@id\":\"https:\/\/gestpropiedad.com\/#website\",\"url\":\"https:\/\/gestpropiedad.com\/\",\"name\":\"Gestpropiedad\",\"description\":\"Inmobiliaria especializada en Mallorca. Islas Baleares\",\"publisher\":{\"@id\":\"https:\/\/gestpropiedad.com\/#organization\"},\"potentialAction\":[{\"@type\":\"SearchAction\",\"target\":{\"@type\":\"EntryPoint\",\"urlTemplate\":\"https:\/\/gestpropiedad.com\/?s={search_term_string}\"},\"query-input\":\"required name=search_term_string\"}],\"inLanguage\":\"de\"},{\"@type\":\"ImageObject\",\"@id\":\"https:\/\/gestpropiedad.com\/de\/inmueble\/venta\/piso\/illes-balears\/capdepera\/15tmrk034\/#primaryimage\",\"inLanguage\":\"de\",\"url\":\"https:\/\/fotos15.apinmo.com\/3010\/28493830\/6-1.jpg\",\"contentUrl\":\"https:\/\/fotos15.apinmo.com\/3010\/28493830\/6-1.jpg\",\"width\":850,\"height\":426,\"caption\":\"Primer piso con anexo independiente - imagenInmueble0\"},{\"@type\":[\"WebPage\",\"RealEstateListing\"],\"@id\":\"https:\/\/gestpropiedad.com\/de\/inmueble\/venta\/piso\/illes-balears\/capdepera\/15tmrk034\/#webpage\",\"url\":\"https:\/\/gestpropiedad.com\/de\/inmueble\/venta\/piso\/illes-balears\/capdepera\/15tmrk034\/\",\"name\":\"Erdgeschoss mit separatem Anbau - Gestpropiedad\",\"isPartOf\":{\"@id\":\"https:\/\/gestpropiedad.com\/#website\"},\"primaryImageOfPage\":{\"@id\":\"https:\/\/gestpropiedad.com\/de\/inmueble\/venta\/piso\/illes-balears\/capdepera\/15tmrk034\/#primaryimage\"},\"datePublished\":\"2026-04-13T11:48:20+00:00\",\"dateModified\":\"2026-04-13T11:48:20+00:00\",\"breadcrumb\":{\"@id\":\"https:\/\/gestpropiedad.com\/de\/inmueble\/venta\/piso\/illes-balears\/capdepera\/15tmrk034\/#breadcrumb\"},\"inLanguage\":\"de\",\"potentialAction\":[{\"@type\":\"ReadAction\",\"target\":[\"https:\/\/gestpropiedad.com\/de\/inmueble\/venta\/piso\/illes-balears\/capdepera\/15tmrk034\/\"]}]},{\"@type\":\"BreadcrumbList\",\"@id\":\"https:\/\/gestpropiedad.com\/de\/inmueble\/venta\/piso\/illes-balears\/capdepera\/15tmrk034\/#breadcrumb\",\"itemListElement\":[{\"@type\":\"ListItem\",\"position\":1,\"name\":\"Portada\",\"item\":\"https:\/\/gestpropiedad.com\/\"},{\"@type\":\"ListItem\",\"position\":2,\"name\":\"Eigenschaften\",\"item\":\"https:\/\/gestpropiedad.com\/de\/inmueble\/\"},{\"@type\":\"ListItem\",\"position\":3,\"name\":\"Erdgeschoss mit separatem Anbau\"}]}]}<\/script>\n<!-- \/ Yoast SEO plugin. -->","yoast_head_json":{"title":"Erdgeschoss mit separatem Anbau - Gestpropiedad","robots":{"index":"index","follow":"follow","max-snippet":"max-snippet:-1","max-image-preview":"max-image-preview:large","max-video-preview":"max-video-preview:-1"},"canonical":"https:\/\/gestpropiedad.com\/de\/inmueble\/venta\/piso\/illes-balears\/capdepera\/15tmrk034\/","og_locale":"de_DE","og_type":"article","og_title":"Erdgeschoss mit separatem Anbau - Gestpropiedad","og_description":"Diese Wohnung im ersten Stock in Cala Ratjada auf Mallorca, die von der Immobilienagentur gestpropiedad verwaltet wird, besticht durch ihre praktische Raumaufteilung, einen separaten Anbau und zwei Terrassen in ruhiger Lage.~Die Hauptwohnung verf\u00fcgt \u00fcber 122 m\u00b2, verteilt auf drei Schlafzimmer, ein Wohn-Esszimmer, eine K\u00fcche und ein","og_url":"https:\/\/gestpropiedad.com\/de\/inmueble\/venta\/piso\/illes-balears\/capdepera\/15tmrk034\/","og_site_name":"Gestpropiedad","og_image":[{"width":850,"height":426,"url":"https:\/\/fotos15.apinmo.com\/3010\/28493830\/6-1.jpg","type":"image\/jpeg"}],"twitter_card":"summary_large_image","twitter_misc":{"Gesch\u00e4tzte Lesezeit":"1\u00a0Minute"},"schema":{"@context":"https:\/\/schema.org","@graph":[{"@type":"Organization","@id":"https:\/\/gestpropiedad.com\/#organization","name":"Gestpropiedad","url":"https:\/\/gestpropiedad.com\/","sameAs":[],"logo":{"@type":"ImageObject","@id":"https:\/\/gestpropiedad.com\/#logo","inLanguage":"de","url":"https:\/\/gestpropiedad.com\/wp-content\/uploads\/2021\/11\/logogp-b.svg","contentUrl":"https:\/\/gestpropiedad.com\/wp-content\/uploads\/2021\/11\/logogp-b.svg","width":115,"height":60,"caption":"Gestpropiedad"},"image":{"@id":"https:\/\/gestpropiedad.com\/#logo"}},{"@type":"WebSite","@id":"https:\/\/gestpropiedad.com\/#website","url":"https:\/\/gestpropiedad.com\/","name":"Gestpropiedad","description":"Inmobiliaria especializada en Mallorca. Islas Baleares","publisher":{"@id":"https:\/\/gestpropiedad.com\/#organization"},"potentialAction":[{"@type":"SearchAction","target":{"@type":"EntryPoint","urlTemplate":"https:\/\/gestpropiedad.com\/?s={search_term_string}"},"query-input":"required name=search_term_string"}],"inLanguage":"de"},{"@type":"ImageObject","@id":"https:\/\/gestpropiedad.com\/de\/inmueble\/venta\/piso\/illes-balears\/capdepera\/15tmrk034\/#primaryimage","inLanguage":"de","url":"https:\/\/fotos15.apinmo.com\/3010\/28493830\/6-1.jpg","contentUrl":"https:\/\/fotos15.apinmo.com\/3010\/28493830\/6-1.jpg","width":850,"height":426,"caption":"Primer piso con anexo independiente - imagenInmueble0"},{"@type":["WebPage","RealEstateListing"],"@id":"https:\/\/gestpropiedad.com\/de\/inmueble\/venta\/piso\/illes-balears\/capdepera\/15tmrk034\/#webpage","url":"https:\/\/gestpropiedad.com\/de\/inmueble\/venta\/piso\/illes-balears\/capdepera\/15tmrk034\/","name":"Erdgeschoss mit separatem Anbau - Gestpropiedad","isPartOf":{"@id":"https:\/\/gestpropiedad.com\/#website"},"primaryImageOfPage":{"@id":"https:\/\/gestpropiedad.com\/de\/inmueble\/venta\/piso\/illes-balears\/capdepera\/15tmrk034\/#primaryimage"},"datePublished":"2026-04-13T11:48:20+00:00","dateModified":"2026-04-13T11:48:20+00:00","breadcrumb":{"@id":"https:\/\/gestpropiedad.com\/de\/inmueble\/venta\/piso\/illes-balears\/capdepera\/15tmrk034\/#breadcrumb"},"inLanguage":"de","potentialAction":[{"@type":"ReadAction","target":["https:\/\/gestpropiedad.com\/de\/inmueble\/venta\/piso\/illes-balears\/capdepera\/15tmrk034\/"]}]},{"@type":"BreadcrumbList","@id":"https:\/\/gestpropiedad.com\/de\/inmueble\/venta\/piso\/illes-balears\/capdepera\/15tmrk034\/#breadcrumb","itemListElement":[{"@type":"ListItem","position":1,"name":"Portada","item":"https:\/\/gestpropiedad.com\/"},{"@type":"ListItem","position":2,"name":"Eigenschaften","item":"https:\/\/gestpropiedad.com\/de\/inmueble\/"},{"@type":"ListItem","position":3,"name":"Erdgeschoss mit separatem Anbau"}]}]}},"_links":{"self":[{"href":"https:\/\/gestpropiedad.com\/de\/wp-json\/wp\/v2\/properties\/28434597"}],"collection":[{"href":"https:\/\/gestpropiedad.com\/de\/wp-json\/wp\/v2\/properties"}],"about":[{"href":"https:\/\/gestpropiedad.com\/de\/wp-json\/wp\/v2\/types\/property"}],"author":[{"embeddable":true,"href":"https:\/\/gestpropiedad.com\/de\/wp-json\/wp\/v2\/users\/4"}],"version-history":[{"count":0,"href":"https:\/\/gestpropiedad.com\/de\/wp-json\/wp\/v2\/properties\/28434597\/revisions"}],"wp:featuredmedia":[{"embeddable":true,"href":"https:\/\/gestpropiedad.com\/de\/wp-json\/wp\/v2\/media\/28434598"}],"wp:attachment":[{"href":"https:\/\/gestpropiedad.com\/de\/wp-json\/wp\/v2\/media?parent=28434597"}],"wp:term":[{"taxonomy":"property_type","embeddable":true,"href":"https:\/\/gestpropiedad.com\/de\/wp-json\/wp\/v2\/property_type?post=28434597"},{"taxonomy":"property_status","embeddable":true,"href":"https:\/\/gestpropiedad.com\/de\/wp-json\/wp\/v2\/property_status?post=28434597"},{"taxonomy":"property_feature","embeddable":true,"href":"https:\/\/gestpropiedad.com\/de\/wp-json\/wp\/v2\/property_feature?post=28434597"},{"taxonomy":"property_label","embeddable":true,"href":"https:\/\/gestpropiedad.com\/de\/wp-json\/wp\/v2\/property_label?post=28434597"},{"taxonomy":"property_state","embeddable":true,"href":"https:\/\/gestpropiedad.com\/de\/wp-json\/wp\/v2\/property_state?post=28434597"},{"taxonomy":"property_city","embeddable":true,"href":"https:\/\/gestpropiedad.com\/de\/wp-json\/wp\/v2\/property_city?post=28434597"},{"taxonomy":"property_area","embeddable":true,"href":"https:\/\/gestpropiedad.com\/de\/wp-json\/wp\/v2\/property_area?post=28434597"}],"curies":[{"name":"wp","href":"https:\/\/api.w.org\/{rel}","templated":true}]}}