

{"id":28434525,"date":"2026-03-20T17:53:34","date_gmt":"2026-03-20T17:53:34","guid":{"rendered":"https:\/\/www.gestpropiedad.com\/inmueble\/venta\/piso\/illes-balears\/capdepera\/15tmrk033\/"},"modified":"2026-03-20T17:53:34","modified_gmt":"2026-03-20T17:53:34","slug":"erdgeschoss-mit-zwei-nebengebauden-mit-separatem-eingang-15tmrk033","status":"publish","type":"property","link":"https:\/\/gestpropiedad.com\/de\/inmueble\/venta\/piso\/illes-balears\/capdepera\/15tmrk033\/","title":{"rendered":"Erdgeschoss mit zwei Nebengeb\u00e4uden mit separatem Eingang."},"content":{"rendered":"<p>Diese Erdgeschosswohnung in Cala Ratjada auf Mallorca, die von der Immobilienagentur gestpropiedad angeboten wird, besticht durch ihre Aufteilung und die separaten Nebengeb\u00e4ude in ruhiger Lage.<br \/>Die Hauptwohnung verf\u00fcgt \u00fcber 122 m\u00b2 mit drei Schlafzimmern, Wohn-Esszimmer, K\u00fcche und Bad sowie Kamin und Klimaanlage. Die R\u00e4ume sind komfortabel und praktisch aufgeteilt und lassen sich an unterschiedliche Bed\u00fcrfnisse anpassen.<br \/>Dazu geh\u00f6ren zwei ausgestattete Nebengeb\u00e4ude mit separatem Eingang, jeweils mit einem Zimmer, Wohn-Esszimmer und Bad, was vielf\u00e4ltige Nutzungsm\u00f6glichkeiten bietet, von zus\u00e4tzlicher Unterkunft bis hin zu separaten Wohnbereichen.<\/p>\n","protected":false},"excerpt":{"rendered":"<p>Diese Erdgeschosswohnung in Cala Ratjada auf Mallorca, die von der Immobilienagentur gestpropiedad angeboten wird, besticht durch ihre Aufteilung und die separaten Nebengeb\u00e4ude in ruhiger Lage.~Die Hauptwohnung verf\u00fcgt \u00fcber 122 m\u00b2 mit drei Schlafzimmern, Wohn-Esszimmer, K\u00fcche und Bad sowie Kamin und Klimaanlage. Die R\u00e4ume sind <\/p>\n","protected":false},"author":4,"featured_media":28434526,"parent":0,"menu_order":0,"template":"","property_type":[1929],"property_status":[438],"property_feature":[1913],"property_label":[],"property_state":[901],"property_city":[1487],"property_area":[1580],"acf":[],"property_meta":{"fave_agent":["13604823"],"fave_agents":["13604823"],"fave_agent_display_option":["agent_info"],"fave_agency":["22941544"],"property_agent":["13604823"],"custom_permalink":["inmueble\/venta\/piso\/illes-balears\/capdepera\/15tmrk033\/"],"_thumbnail_id":["28434526"],"post_id":["Array"],"original_author":["4"],"_edit_lock":["1604137107:1"],"_edit_last":["1"],"fave_property_map_street_view":["show"],"fave_payment_status":["not_paid"],"fave_single_top_area":["global"],"fave_single_content_area":["global"],"houzez_manual_expire":["0"],"fave_property_size_prefix":["m&sup2;"],"fave_property_map":["1"],"fave_additional_features_enable":["disable"],"fave_floor_plans_enable":["disable"],"fave_multiunit_plans_enable":["disable"],"fave_prop_homeslider":["no"],"fave_featured":["0"],"fave_property_address":["Capdepera,Illes Balears"],"fave_property_zip":["07590"],"houzez_geolocation_lat":["39.71228397"],"houzez_geolocation_long":["3.461280655"],"fave_property_location":["39.71228397,3.461280655"],"fave_property_country":["ES"],"fave_property_map_address":["Capdepera,Illes Balears,Spain"],"referencia":["15tmrk033"],"fave_property_id":["15tmrk033"],"fave_property_bedrooms":["3"],"fave_property_bathrooms":["1"],"fave_property_garage":["0"],"fave_property_land":["0"],"ave_property_land_postfix":["m&sup2;"],"fave_property_size":["122"],"fave_property_year":["1975"],"fave_energy_global_index":["0 kWh\/m&sup2; \/1234.99 Kg CO2\/m&sup2;"],"fave_energy_class":["C"],"estate_attr_energy_class":["C"],"REAL_HOMES_property_emisiones":["1234.99"],"REAL_HOMES_property_consumo":["0"],"REAL_HOMES_property_letra":["C"],"estate_video":[""],"fave_virtual_tour":["<iframe src=\"https:\/\/crm.inmovilla.com\/fotosvr\/tour.php?cod=28492872.3010\" width=\"820\" height=\"500\" frameborder=\"0\" style=\"border:0\"><\/iframe><div class=\"enlacetour\"><a class=\"enlacetour2\" title=\"Ver tour virtual\" href=\"https:\/\/crm.inmovilla.com\/fotosvr\/tour.php?cod=28492872.3010\" target=\"_blank\">FULL SCREEN<\/a><\/div>"],"vendidoInmueble":[""],"fave_property_price":["450000"],"fave_property_price_postfix":[""],"fave_property_images":["28434526","28434527","28434528","28434529","28434530","28434531","28434532","28434533","28434534","28434535","28434536","28434537","28434538","28434539","28434540","28434541","28434542","28434543","28434544","28434545","28434546","28434547","28434548","28434549","28434550","28434551","28434552","28434553","28434554","28434555","28434556","28434557","28434558","28434559","28434560","28434561","28434562","28434563"],"houzez_total_property_views":["1"],"houzez_views_by_date":["a:1:{s:10:\"04-28-2026\";i:1;}"],"houzez_recently_viewed":["2026-04-28 07:27:34"]},"yoast_head":"<!-- This site is optimized with the Yoast SEO plugin v18.6 - https:\/\/yoast.com\/wordpress\/plugins\/seo\/ -->\n<title>Erdgeschoss mit zwei Nebengeb\u00e4uden mit separatem Eingang. - Gestpropiedad<\/title>\n<meta name=\"robots\" content=\"index, follow, max-snippet:-1, max-image-preview:large, max-video-preview:-1\" \/>\n<link rel=\"canonical\" href=\"https:\/\/gestpropiedad.com\/de\/inmueble\/venta\/piso\/illes-balears\/capdepera\/15tmrk033\/\" \/>\n<meta property=\"og:locale\" content=\"de_DE\" \/>\n<meta property=\"og:type\" content=\"article\" \/>\n<meta property=\"og:title\" content=\"Erdgeschoss mit zwei Nebengeb\u00e4uden mit separatem Eingang. - Gestpropiedad\" \/>\n<meta property=\"og:description\" content=\"Diese Erdgeschosswohnung in Cala Ratjada auf Mallorca, die von der Immobilienagentur gestpropiedad angeboten wird, besticht durch ihre Aufteilung und die separaten Nebengeb\u00e4ude in ruhiger Lage.~Die Hauptwohnung verf\u00fcgt \u00fcber 122 m\u00b2 mit drei Schlafzimmern, Wohn-Esszimmer, K\u00fcche und Bad sowie Kamin und Klimaanlage. Die R\u00e4ume sind\" \/>\n<meta property=\"og:url\" content=\"https:\/\/gestpropiedad.com\/de\/inmueble\/venta\/piso\/illes-balears\/capdepera\/15tmrk033\/\" \/>\n<meta property=\"og:site_name\" content=\"Gestpropiedad\" \/>\n<meta property=\"og:image\" content=\"https:\/\/fotos15.apinmo.com\/3010\/28492872\/4-1.jpg\" \/>\n\t<meta property=\"og:image:width\" content=\"850\" \/>\n\t<meta property=\"og:image:height\" content=\"426\" \/>\n\t<meta property=\"og:image:type\" content=\"image\/jpeg\" \/>\n<meta name=\"twitter:card\" content=\"summary_large_image\" \/>\n<script type=\"application\/ld+json\" class=\"yoast-schema-graph\">{\"@context\":\"https:\/\/schema.org\",\"@graph\":[{\"@type\":\"Organization\",\"@id\":\"https:\/\/gestpropiedad.com\/#organization\",\"name\":\"Gestpropiedad\",\"url\":\"https:\/\/gestpropiedad.com\/\",\"sameAs\":[],\"logo\":{\"@type\":\"ImageObject\",\"@id\":\"https:\/\/gestpropiedad.com\/#logo\",\"inLanguage\":\"de\",\"url\":\"https:\/\/gestpropiedad.com\/wp-content\/uploads\/2021\/11\/logogp-b.svg\",\"contentUrl\":\"https:\/\/gestpropiedad.com\/wp-content\/uploads\/2021\/11\/logogp-b.svg\",\"width\":115,\"height\":60,\"caption\":\"Gestpropiedad\"},\"image\":{\"@id\":\"https:\/\/gestpropiedad.com\/#logo\"}},{\"@type\":\"WebSite\",\"@id\":\"https:\/\/gestpropiedad.com\/#website\",\"url\":\"https:\/\/gestpropiedad.com\/\",\"name\":\"Gestpropiedad\",\"description\":\"Inmobiliaria especializada en Mallorca. Islas Baleares\",\"publisher\":{\"@id\":\"https:\/\/gestpropiedad.com\/#organization\"},\"potentialAction\":[{\"@type\":\"SearchAction\",\"target\":{\"@type\":\"EntryPoint\",\"urlTemplate\":\"https:\/\/gestpropiedad.com\/?s={search_term_string}\"},\"query-input\":\"required name=search_term_string\"}],\"inLanguage\":\"de\"},{\"@type\":\"ImageObject\",\"@id\":\"https:\/\/gestpropiedad.com\/de\/inmueble\/venta\/piso\/illes-balears\/capdepera\/15tmrk033\/#primaryimage\",\"inLanguage\":\"de\",\"url\":\"https:\/\/fotos15.apinmo.com\/3010\/28492872\/4-1.jpg\",\"contentUrl\":\"https:\/\/fotos15.apinmo.com\/3010\/28492872\/4-1.jpg\",\"width\":850,\"height\":426,\"caption\":\"Planta baja con dos anexos con entrada independiente. - imagenInmueble0\"},{\"@type\":[\"WebPage\",\"RealEstateListing\"],\"@id\":\"https:\/\/gestpropiedad.com\/de\/inmueble\/venta\/piso\/illes-balears\/capdepera\/15tmrk033\/#webpage\",\"url\":\"https:\/\/gestpropiedad.com\/de\/inmueble\/venta\/piso\/illes-balears\/capdepera\/15tmrk033\/\",\"name\":\"Erdgeschoss mit zwei Nebengeb\u00e4uden mit separatem Eingang. - Gestpropiedad\",\"isPartOf\":{\"@id\":\"https:\/\/gestpropiedad.com\/#website\"},\"primaryImageOfPage\":{\"@id\":\"https:\/\/gestpropiedad.com\/de\/inmueble\/venta\/piso\/illes-balears\/capdepera\/15tmrk033\/#primaryimage\"},\"datePublished\":\"2026-03-20T17:53:34+00:00\",\"dateModified\":\"2026-03-20T17:53:34+00:00\",\"breadcrumb\":{\"@id\":\"https:\/\/gestpropiedad.com\/de\/inmueble\/venta\/piso\/illes-balears\/capdepera\/15tmrk033\/#breadcrumb\"},\"inLanguage\":\"de\",\"potentialAction\":[{\"@type\":\"ReadAction\",\"target\":[\"https:\/\/gestpropiedad.com\/de\/inmueble\/venta\/piso\/illes-balears\/capdepera\/15tmrk033\/\"]}]},{\"@type\":\"BreadcrumbList\",\"@id\":\"https:\/\/gestpropiedad.com\/de\/inmueble\/venta\/piso\/illes-balears\/capdepera\/15tmrk033\/#breadcrumb\",\"itemListElement\":[{\"@type\":\"ListItem\",\"position\":1,\"name\":\"Portada\",\"item\":\"https:\/\/gestpropiedad.com\/\"},{\"@type\":\"ListItem\",\"position\":2,\"name\":\"Eigenschaften\",\"item\":\"https:\/\/gestpropiedad.com\/de\/inmueble\/\"},{\"@type\":\"ListItem\",\"position\":3,\"name\":\"Erdgeschoss mit zwei Nebengeb\u00e4uden mit separatem Eingang.\"}]}]}<\/script>\n<!-- \/ Yoast SEO plugin. -->","yoast_head_json":{"title":"Erdgeschoss mit zwei Nebengeb\u00e4uden mit separatem Eingang. - Gestpropiedad","robots":{"index":"index","follow":"follow","max-snippet":"max-snippet:-1","max-image-preview":"max-image-preview:large","max-video-preview":"max-video-preview:-1"},"canonical":"https:\/\/gestpropiedad.com\/de\/inmueble\/venta\/piso\/illes-balears\/capdepera\/15tmrk033\/","og_locale":"de_DE","og_type":"article","og_title":"Erdgeschoss mit zwei Nebengeb\u00e4uden mit separatem Eingang. - Gestpropiedad","og_description":"Diese Erdgeschosswohnung in Cala Ratjada auf Mallorca, die von der Immobilienagentur gestpropiedad angeboten wird, besticht durch ihre Aufteilung und die separaten Nebengeb\u00e4ude in ruhiger Lage.~Die Hauptwohnung verf\u00fcgt \u00fcber 122 m\u00b2 mit drei Schlafzimmern, Wohn-Esszimmer, K\u00fcche und Bad sowie Kamin und Klimaanlage. Die R\u00e4ume sind","og_url":"https:\/\/gestpropiedad.com\/de\/inmueble\/venta\/piso\/illes-balears\/capdepera\/15tmrk033\/","og_site_name":"Gestpropiedad","og_image":[{"width":850,"height":426,"url":"https:\/\/fotos15.apinmo.com\/3010\/28492872\/4-1.jpg","type":"image\/jpeg"}],"twitter_card":"summary_large_image","schema":{"@context":"https:\/\/schema.org","@graph":[{"@type":"Organization","@id":"https:\/\/gestpropiedad.com\/#organization","name":"Gestpropiedad","url":"https:\/\/gestpropiedad.com\/","sameAs":[],"logo":{"@type":"ImageObject","@id":"https:\/\/gestpropiedad.com\/#logo","inLanguage":"de","url":"https:\/\/gestpropiedad.com\/wp-content\/uploads\/2021\/11\/logogp-b.svg","contentUrl":"https:\/\/gestpropiedad.com\/wp-content\/uploads\/2021\/11\/logogp-b.svg","width":115,"height":60,"caption":"Gestpropiedad"},"image":{"@id":"https:\/\/gestpropiedad.com\/#logo"}},{"@type":"WebSite","@id":"https:\/\/gestpropiedad.com\/#website","url":"https:\/\/gestpropiedad.com\/","name":"Gestpropiedad","description":"Inmobiliaria especializada en Mallorca. Islas Baleares","publisher":{"@id":"https:\/\/gestpropiedad.com\/#organization"},"potentialAction":[{"@type":"SearchAction","target":{"@type":"EntryPoint","urlTemplate":"https:\/\/gestpropiedad.com\/?s={search_term_string}"},"query-input":"required name=search_term_string"}],"inLanguage":"de"},{"@type":"ImageObject","@id":"https:\/\/gestpropiedad.com\/de\/inmueble\/venta\/piso\/illes-balears\/capdepera\/15tmrk033\/#primaryimage","inLanguage":"de","url":"https:\/\/fotos15.apinmo.com\/3010\/28492872\/4-1.jpg","contentUrl":"https:\/\/fotos15.apinmo.com\/3010\/28492872\/4-1.jpg","width":850,"height":426,"caption":"Planta baja con dos anexos con entrada independiente. - imagenInmueble0"},{"@type":["WebPage","RealEstateListing"],"@id":"https:\/\/gestpropiedad.com\/de\/inmueble\/venta\/piso\/illes-balears\/capdepera\/15tmrk033\/#webpage","url":"https:\/\/gestpropiedad.com\/de\/inmueble\/venta\/piso\/illes-balears\/capdepera\/15tmrk033\/","name":"Erdgeschoss mit zwei Nebengeb\u00e4uden mit separatem Eingang. - Gestpropiedad","isPartOf":{"@id":"https:\/\/gestpropiedad.com\/#website"},"primaryImageOfPage":{"@id":"https:\/\/gestpropiedad.com\/de\/inmueble\/venta\/piso\/illes-balears\/capdepera\/15tmrk033\/#primaryimage"},"datePublished":"2026-03-20T17:53:34+00:00","dateModified":"2026-03-20T17:53:34+00:00","breadcrumb":{"@id":"https:\/\/gestpropiedad.com\/de\/inmueble\/venta\/piso\/illes-balears\/capdepera\/15tmrk033\/#breadcrumb"},"inLanguage":"de","potentialAction":[{"@type":"ReadAction","target":["https:\/\/gestpropiedad.com\/de\/inmueble\/venta\/piso\/illes-balears\/capdepera\/15tmrk033\/"]}]},{"@type":"BreadcrumbList","@id":"https:\/\/gestpropiedad.com\/de\/inmueble\/venta\/piso\/illes-balears\/capdepera\/15tmrk033\/#breadcrumb","itemListElement":[{"@type":"ListItem","position":1,"name":"Portada","item":"https:\/\/gestpropiedad.com\/"},{"@type":"ListItem","position":2,"name":"Eigenschaften","item":"https:\/\/gestpropiedad.com\/de\/inmueble\/"},{"@type":"ListItem","position":3,"name":"Erdgeschoss mit zwei Nebengeb\u00e4uden mit separatem Eingang."}]}]}},"_links":{"self":[{"href":"https:\/\/gestpropiedad.com\/de\/wp-json\/wp\/v2\/properties\/28434525"}],"collection":[{"href":"https:\/\/gestpropiedad.com\/de\/wp-json\/wp\/v2\/properties"}],"about":[{"href":"https:\/\/gestpropiedad.com\/de\/wp-json\/wp\/v2\/types\/property"}],"author":[{"embeddable":true,"href":"https:\/\/gestpropiedad.com\/de\/wp-json\/wp\/v2\/users\/4"}],"version-history":[{"count":0,"href":"https:\/\/gestpropiedad.com\/de\/wp-json\/wp\/v2\/properties\/28434525\/revisions"}],"wp:featuredmedia":[{"embeddable":true,"href":"https:\/\/gestpropiedad.com\/de\/wp-json\/wp\/v2\/media\/28434526"}],"wp:attachment":[{"href":"https:\/\/gestpropiedad.com\/de\/wp-json\/wp\/v2\/media?parent=28434525"}],"wp:term":[{"taxonomy":"property_type","embeddable":true,"href":"https:\/\/gestpropiedad.com\/de\/wp-json\/wp\/v2\/property_type?post=28434525"},{"taxonomy":"property_status","embeddable":true,"href":"https:\/\/gestpropiedad.com\/de\/wp-json\/wp\/v2\/property_status?post=28434525"},{"taxonomy":"property_feature","embeddable":true,"href":"https:\/\/gestpropiedad.com\/de\/wp-json\/wp\/v2\/property_feature?post=28434525"},{"taxonomy":"property_label","embeddable":true,"href":"https:\/\/gestpropiedad.com\/de\/wp-json\/wp\/v2\/property_label?post=28434525"},{"taxonomy":"property_state","embeddable":true,"href":"https:\/\/gestpropiedad.com\/de\/wp-json\/wp\/v2\/property_state?post=28434525"},{"taxonomy":"property_city","embeddable":true,"href":"https:\/\/gestpropiedad.com\/de\/wp-json\/wp\/v2\/property_city?post=28434525"},{"taxonomy":"property_area","embeddable":true,"href":"https:\/\/gestpropiedad.com\/de\/wp-json\/wp\/v2\/property_area?post=28434525"}],"curies":[{"name":"wp","href":"https:\/\/api.w.org\/{rel}","templated":true}]}}