

{"id":28434426,"date":"2026-03-16T16:56:08","date_gmt":"2026-03-16T16:56:08","guid":{"rendered":"https:\/\/www.gestpropiedad.com\/inmueble\/venta\/casa\/illes-balears\/palma\/08ja072ac\/"},"modified":"2026-03-16T16:56:08","modified_gmt":"2026-03-16T16:56:08","slug":"chalet-in-erster-meereslinie-in-cala-gamba-08ja072ac","status":"publish","type":"property","link":"https:\/\/gestpropiedad.com\/de\/inmueble\/venta\/casa\/illes-balears\/palma\/08ja072ac\/","title":{"rendered":"Chalet in erster Meereslinie in Cala Gamba"},"content":{"rendered":"<p>Chalet in ERSTER MEERESLINIE in Cala Gamba! Eine einmalige und unwiederholbare Gelegenheit<\/p>\n<p>Diese spektakul\u00e4re Immobilie befindet sich in der exklusiven Gegend von Cala Gamba auf einem 384 m\u00b2 gro\u00dfen Grundst\u00fcck mit 130 m\u00b2 bebauter Fl\u00e4che. Sie bietet eine privilegierte Lage mit atemberaubendem Meerblick und direktem Zugang zum Strand.<\/p>\n<p>Das Haus erstreckt sich vollst\u00e4ndig \u00fcber das Erdgeschoss, ist von einem privaten Garten umgeben und verf\u00fcgt \u00fcber eine gro\u00dfe Terrasse mit direktem Zugang zur Strandpromenade \u2013 ein wahres Juwel f\u00fcr alle, die davon tr\u00e4umen, am Meer zu wohnen, in einer der begehrtesten Gegenden von Palma.<\/p>\n<p>Das Haus ist in zwei separate Wohneinheiten unterteilt. Auf der einen Seite befindet sich ein gem\u00fctliches, unabh\u00e4ngiges Apartment mit K\u00fcche, Wohnzimmer, einem kompletten Badezimmer und zwei Schlafzimmern \u2013 ideal f\u00fcr G\u00e4ste, Familienmitglieder oder als Mietm\u00f6glichkeit.<\/p>\n<p>Aufteilung:<\/p>\n<p>Eingangsbereich<\/p>\n<p>Wohn- und Esszimmer<\/p>\n<p>Zweites Wohnzimmer mit viel Tageslicht und direktem Blick auf das Meer<\/p>\n<p>3 Schlafzimmer<\/p>\n<p>2 voll ausgestattete Badezimmer<\/p>\n<p>Separate K\u00fcche<\/p>\n<p>Hauswirtschaftsraum<\/p>\n<p>Weinkeller \u2013 ideal f\u00fcr Weinliebhaber<\/p>\n<p>Hinterer Grillbereich<\/p>\n<p>Gro\u00dfe Terrasse mit freiem Blick auf das Meer und direktem Zugang zur Promenade und zum Strand<\/p>\n<p>Der umlaufende Garten sorgt f\u00fcr Privatsph\u00e4re und bietet herrliche Au\u00dfenbereiche, um das mediterrane Klima das ganze Jahr \u00fcber zu genie\u00dfen.<\/p>\n<p>Diese Immobilie ist eine echte Rarit\u00e4t \u2013 nur wenige H\u00e4user bieten diese Kombination aus Lage, Ausstattung und direkter Meereslage in Cala Gamba. Wenn Sie jemals davon getr\u00e4umt haben, genau hier zu wohnen\u2026 dann ist jetzt Ihre Chance!<\/p>\n<p>F\u00fcr weitere Informationen oder eine Besichtigung kontaktieren Sie uns gerne!<\/p>\n<p> Eingetragene Immobilienmakler \u2013 ROAIIBE GOIBE65280\/2024<\/p>\n","protected":false},"excerpt":{"rendered":"<p>Chalet in ERSTER MEERESLINIE in Cala Gamba! Eine einmalige und unwiederholbare Gelegenheit~~Diese spektakul\u00e4re Immobilie befindet sich in der exklusiven Gegend von Cala Gamba auf einem 384 m\u00b2 gro\u00dfen Grundst\u00fcck mit 130 m\u00b2 bebauter Fl\u00e4che. Sie bietet eine privilegierte Lage mit atemberaubendem Meerblick und direktem Zugang zum Strand.<\/p>\n","protected":false},"author":4,"featured_media":28434427,"parent":0,"menu_order":0,"template":"","property_type":[1914],"property_status":[438],"property_feature":[1198,1204,1913],"property_label":[],"property_state":[901],"property_city":[902],"property_area":[995],"acf":[],"property_meta":{"fave_agent":["19883836"],"fave_agents":["19883836"],"fave_agent_display_option":["agent_info"],"fave_agency":["13003314"],"property_agent":["19883836"],"custom_permalink":["inmueble\/venta\/casa\/illes-balears\/palma\/08ja072ac\/"],"_thumbnail_id":["28434427"],"post_id":["Array"],"original_author":["4"],"_edit_lock":["1604137107:1"],"_edit_last":["1"],"fave_property_map_street_view":["show"],"fave_payment_status":["not_paid"],"fave_single_top_area":["global"],"fave_single_content_area":["global"],"houzez_manual_expire":["0"],"fave_property_size_prefix":["m&sup2;"],"fave_property_map":["1"],"fave_additional_features_enable":["disable"],"fave_floor_plans_enable":["disable"],"fave_multiunit_plans_enable":["disable"],"fave_prop_homeslider":["no"],"fave_featured":["3"],"fave_property_address":["Palma,Illes Balears"],"fave_property_zip":["07007"],"houzez_geolocation_lat":["39.547914096"],"houzez_geolocation_long":["2.692951592"],"fave_property_location":["39.547914096,2.692951592"],"fave_property_country":["ES"],"fave_property_map_address":["Palma,Illes Balears,Spain"],"referencia":["08ja072ac"],"fave_property_id":["08ja072ac"],"fave_property_bedrooms":["5"],"fave_property_bathrooms":["3"],"fave_property_garage":["1"],"fave_property_land":["384"],"ave_property_land_postfix":["m&sup2;"],"fave_property_size":["254"],"fave_property_year":["1940"],"fave_energy_global_index":["102.5 kWh\/m&sup2; \/1234.99 Kg CO2\/m&sup2;"],"fave_energy_class":["D"],"estate_attr_energy_class":["D"],"REAL_HOMES_property_emisiones":["1234.99"],"REAL_HOMES_property_consumo":["102.5"],"REAL_HOMES_property_letra":["D"],"estate_video":[""],"fave_virtual_tour":["<iframe src=\"https:\/\/crm.inmovilla.com\/fotosvr\/tour.php?cod=28476834.10961\" width=\"820\" height=\"500\" frameborder=\"0\" style=\"border:0\"><\/iframe><div class=\"enlacetour\"><a class=\"enlacetour2\" title=\"Ver tour virtual\" href=\"https:\/\/crm.inmovilla.com\/fotosvr\/tour.php?cod=28476834.10961\" target=\"_blank\">FULL SCREEN<\/a><\/div>"],"vendidoInmueble":[""],"fave_property_price":["1490000"],"fave_property_price_postfix":[""],"fave_property_images":["28434427","28434428","28434429","28434430","28434431","28434432","28434433","28434434","28434435","28434436","28434437","28434438","28434439","28434440","28434441","28434442","28434443","28434444","28434445","28434446","28434447","28434448","28434449","28434450","28434451","28434452","28434453","28434454","28434455","28434456","28434457","28434458","28434459","28434460","28434461","28434462","28434463","28434464","28434465","28434466","28434467","28434468","28434469","28434470","28434471","28434472","28434473","28434474"],"houzez_total_property_views":["1"],"houzez_views_by_date":["a:1:{s:10:\"04-28-2026\";i:1;}"],"houzez_recently_viewed":["2026-04-28 08:42:49"]},"yoast_head":"<!-- This site is optimized with the Yoast SEO plugin v18.6 - https:\/\/yoast.com\/wordpress\/plugins\/seo\/ -->\n<title>Chalet in erster Meereslinie in Cala Gamba - Gestpropiedad<\/title>\n<meta name=\"robots\" content=\"index, follow, max-snippet:-1, max-image-preview:large, max-video-preview:-1\" \/>\n<link rel=\"canonical\" href=\"https:\/\/gestpropiedad.com\/de\/inmueble\/venta\/casa\/illes-balears\/palma\/08ja072ac\/\" \/>\n<meta property=\"og:locale\" content=\"de_DE\" \/>\n<meta property=\"og:type\" content=\"article\" \/>\n<meta property=\"og:title\" content=\"Chalet in erster Meereslinie in Cala Gamba - Gestpropiedad\" \/>\n<meta property=\"og:description\" content=\"Chalet in ERSTER MEERESLINIE in Cala Gamba! Eine einmalige und unwiederholbare Gelegenheit~~Diese spektakul\u00e4re Immobilie befindet sich in der exklusiven Gegend von Cala Gamba auf einem 384 m\u00b2 gro\u00dfen Grundst\u00fcck mit 130 m\u00b2 bebauter Fl\u00e4che. Sie bietet eine privilegierte Lage mit atemberaubendem Meerblick und direktem Zugang zum Strand.\" \/>\n<meta property=\"og:url\" content=\"https:\/\/gestpropiedad.com\/de\/inmueble\/venta\/casa\/illes-balears\/palma\/08ja072ac\/\" \/>\n<meta property=\"og:site_name\" content=\"Gestpropiedad\" \/>\n<meta property=\"og:image\" content=\"https:\/\/fotos15.apinmo.com\/10961\/28476834\/16-1.jpg\" \/>\n\t<meta property=\"og:image:width\" content=\"850\" \/>\n\t<meta property=\"og:image:height\" content=\"426\" \/>\n\t<meta property=\"og:image:type\" content=\"image\/jpeg\" \/>\n<meta name=\"twitter:card\" content=\"summary_large_image\" \/>\n<meta name=\"twitter:label1\" content=\"Gesch\u00e4tzte Lesezeit\" \/>\n\t<meta name=\"twitter:data1\" content=\"1\u00a0Minute\" \/>\n<script type=\"application\/ld+json\" class=\"yoast-schema-graph\">{\"@context\":\"https:\/\/schema.org\",\"@graph\":[{\"@type\":\"Organization\",\"@id\":\"https:\/\/gestpropiedad.com\/#organization\",\"name\":\"Gestpropiedad\",\"url\":\"https:\/\/gestpropiedad.com\/\",\"sameAs\":[],\"logo\":{\"@type\":\"ImageObject\",\"@id\":\"https:\/\/gestpropiedad.com\/#logo\",\"inLanguage\":\"de\",\"url\":\"https:\/\/gestpropiedad.com\/wp-content\/uploads\/2021\/11\/logogp-b.svg\",\"contentUrl\":\"https:\/\/gestpropiedad.com\/wp-content\/uploads\/2021\/11\/logogp-b.svg\",\"width\":115,\"height\":60,\"caption\":\"Gestpropiedad\"},\"image\":{\"@id\":\"https:\/\/gestpropiedad.com\/#logo\"}},{\"@type\":\"WebSite\",\"@id\":\"https:\/\/gestpropiedad.com\/#website\",\"url\":\"https:\/\/gestpropiedad.com\/\",\"name\":\"Gestpropiedad\",\"description\":\"Inmobiliaria especializada en Mallorca. Islas Baleares\",\"publisher\":{\"@id\":\"https:\/\/gestpropiedad.com\/#organization\"},\"potentialAction\":[{\"@type\":\"SearchAction\",\"target\":{\"@type\":\"EntryPoint\",\"urlTemplate\":\"https:\/\/gestpropiedad.com\/?s={search_term_string}\"},\"query-input\":\"required name=search_term_string\"}],\"inLanguage\":\"de\"},{\"@type\":\"ImageObject\",\"@id\":\"https:\/\/gestpropiedad.com\/de\/inmueble\/venta\/casa\/illes-balears\/palma\/08ja072ac\/#primaryimage\",\"inLanguage\":\"de\",\"url\":\"https:\/\/fotos15.apinmo.com\/10961\/28476834\/16-1.jpg\",\"contentUrl\":\"https:\/\/fotos15.apinmo.com\/10961\/28476834\/16-1.jpg\",\"width\":850,\"height\":426,\"caption\":\"Chalet primera linea cala gamba - imagenInmueble0\"},{\"@type\":[\"WebPage\",\"RealEstateListing\"],\"@id\":\"https:\/\/gestpropiedad.com\/de\/inmueble\/venta\/casa\/illes-balears\/palma\/08ja072ac\/#webpage\",\"url\":\"https:\/\/gestpropiedad.com\/de\/inmueble\/venta\/casa\/illes-balears\/palma\/08ja072ac\/\",\"name\":\"Chalet in erster Meereslinie in Cala Gamba - Gestpropiedad\",\"isPartOf\":{\"@id\":\"https:\/\/gestpropiedad.com\/#website\"},\"primaryImageOfPage\":{\"@id\":\"https:\/\/gestpropiedad.com\/de\/inmueble\/venta\/casa\/illes-balears\/palma\/08ja072ac\/#primaryimage\"},\"datePublished\":\"2026-03-16T16:56:08+00:00\",\"dateModified\":\"2026-03-16T16:56:08+00:00\",\"breadcrumb\":{\"@id\":\"https:\/\/gestpropiedad.com\/de\/inmueble\/venta\/casa\/illes-balears\/palma\/08ja072ac\/#breadcrumb\"},\"inLanguage\":\"de\",\"potentialAction\":[{\"@type\":\"ReadAction\",\"target\":[\"https:\/\/gestpropiedad.com\/de\/inmueble\/venta\/casa\/illes-balears\/palma\/08ja072ac\/\"]}]},{\"@type\":\"BreadcrumbList\",\"@id\":\"https:\/\/gestpropiedad.com\/de\/inmueble\/venta\/casa\/illes-balears\/palma\/08ja072ac\/#breadcrumb\",\"itemListElement\":[{\"@type\":\"ListItem\",\"position\":1,\"name\":\"Portada\",\"item\":\"https:\/\/gestpropiedad.com\/\"},{\"@type\":\"ListItem\",\"position\":2,\"name\":\"Eigenschaften\",\"item\":\"https:\/\/gestpropiedad.com\/de\/inmueble\/\"},{\"@type\":\"ListItem\",\"position\":3,\"name\":\"Chalet in erster Meereslinie in Cala Gamba\"}]}]}<\/script>\n<!-- \/ Yoast SEO plugin. -->","yoast_head_json":{"title":"Chalet in erster Meereslinie in Cala Gamba - Gestpropiedad","robots":{"index":"index","follow":"follow","max-snippet":"max-snippet:-1","max-image-preview":"max-image-preview:large","max-video-preview":"max-video-preview:-1"},"canonical":"https:\/\/gestpropiedad.com\/de\/inmueble\/venta\/casa\/illes-balears\/palma\/08ja072ac\/","og_locale":"de_DE","og_type":"article","og_title":"Chalet in erster Meereslinie in Cala Gamba - Gestpropiedad","og_description":"Chalet in ERSTER MEERESLINIE in Cala Gamba! Eine einmalige und unwiederholbare Gelegenheit~~Diese spektakul\u00e4re Immobilie befindet sich in der exklusiven Gegend von Cala Gamba auf einem 384 m\u00b2 gro\u00dfen Grundst\u00fcck mit 130 m\u00b2 bebauter Fl\u00e4che. Sie bietet eine privilegierte Lage mit atemberaubendem Meerblick und direktem Zugang zum Strand.","og_url":"https:\/\/gestpropiedad.com\/de\/inmueble\/venta\/casa\/illes-balears\/palma\/08ja072ac\/","og_site_name":"Gestpropiedad","og_image":[{"width":850,"height":426,"url":"https:\/\/fotos15.apinmo.com\/10961\/28476834\/16-1.jpg","type":"image\/jpeg"}],"twitter_card":"summary_large_image","twitter_misc":{"Gesch\u00e4tzte Lesezeit":"1\u00a0Minute"},"schema":{"@context":"https:\/\/schema.org","@graph":[{"@type":"Organization","@id":"https:\/\/gestpropiedad.com\/#organization","name":"Gestpropiedad","url":"https:\/\/gestpropiedad.com\/","sameAs":[],"logo":{"@type":"ImageObject","@id":"https:\/\/gestpropiedad.com\/#logo","inLanguage":"de","url":"https:\/\/gestpropiedad.com\/wp-content\/uploads\/2021\/11\/logogp-b.svg","contentUrl":"https:\/\/gestpropiedad.com\/wp-content\/uploads\/2021\/11\/logogp-b.svg","width":115,"height":60,"caption":"Gestpropiedad"},"image":{"@id":"https:\/\/gestpropiedad.com\/#logo"}},{"@type":"WebSite","@id":"https:\/\/gestpropiedad.com\/#website","url":"https:\/\/gestpropiedad.com\/","name":"Gestpropiedad","description":"Inmobiliaria especializada en Mallorca. Islas Baleares","publisher":{"@id":"https:\/\/gestpropiedad.com\/#organization"},"potentialAction":[{"@type":"SearchAction","target":{"@type":"EntryPoint","urlTemplate":"https:\/\/gestpropiedad.com\/?s={search_term_string}"},"query-input":"required name=search_term_string"}],"inLanguage":"de"},{"@type":"ImageObject","@id":"https:\/\/gestpropiedad.com\/de\/inmueble\/venta\/casa\/illes-balears\/palma\/08ja072ac\/#primaryimage","inLanguage":"de","url":"https:\/\/fotos15.apinmo.com\/10961\/28476834\/16-1.jpg","contentUrl":"https:\/\/fotos15.apinmo.com\/10961\/28476834\/16-1.jpg","width":850,"height":426,"caption":"Chalet primera linea cala gamba - imagenInmueble0"},{"@type":["WebPage","RealEstateListing"],"@id":"https:\/\/gestpropiedad.com\/de\/inmueble\/venta\/casa\/illes-balears\/palma\/08ja072ac\/#webpage","url":"https:\/\/gestpropiedad.com\/de\/inmueble\/venta\/casa\/illes-balears\/palma\/08ja072ac\/","name":"Chalet in erster Meereslinie in Cala Gamba - Gestpropiedad","isPartOf":{"@id":"https:\/\/gestpropiedad.com\/#website"},"primaryImageOfPage":{"@id":"https:\/\/gestpropiedad.com\/de\/inmueble\/venta\/casa\/illes-balears\/palma\/08ja072ac\/#primaryimage"},"datePublished":"2026-03-16T16:56:08+00:00","dateModified":"2026-03-16T16:56:08+00:00","breadcrumb":{"@id":"https:\/\/gestpropiedad.com\/de\/inmueble\/venta\/casa\/illes-balears\/palma\/08ja072ac\/#breadcrumb"},"inLanguage":"de","potentialAction":[{"@type":"ReadAction","target":["https:\/\/gestpropiedad.com\/de\/inmueble\/venta\/casa\/illes-balears\/palma\/08ja072ac\/"]}]},{"@type":"BreadcrumbList","@id":"https:\/\/gestpropiedad.com\/de\/inmueble\/venta\/casa\/illes-balears\/palma\/08ja072ac\/#breadcrumb","itemListElement":[{"@type":"ListItem","position":1,"name":"Portada","item":"https:\/\/gestpropiedad.com\/"},{"@type":"ListItem","position":2,"name":"Eigenschaften","item":"https:\/\/gestpropiedad.com\/de\/inmueble\/"},{"@type":"ListItem","position":3,"name":"Chalet in erster Meereslinie in Cala Gamba"}]}]}},"_links":{"self":[{"href":"https:\/\/gestpropiedad.com\/de\/wp-json\/wp\/v2\/properties\/28434426"}],"collection":[{"href":"https:\/\/gestpropiedad.com\/de\/wp-json\/wp\/v2\/properties"}],"about":[{"href":"https:\/\/gestpropiedad.com\/de\/wp-json\/wp\/v2\/types\/property"}],"author":[{"embeddable":true,"href":"https:\/\/gestpropiedad.com\/de\/wp-json\/wp\/v2\/users\/4"}],"version-history":[{"count":0,"href":"https:\/\/gestpropiedad.com\/de\/wp-json\/wp\/v2\/properties\/28434426\/revisions"}],"wp:featuredmedia":[{"embeddable":true,"href":"https:\/\/gestpropiedad.com\/de\/wp-json\/wp\/v2\/media\/28434427"}],"wp:attachment":[{"href":"https:\/\/gestpropiedad.com\/de\/wp-json\/wp\/v2\/media?parent=28434426"}],"wp:term":[{"taxonomy":"property_type","embeddable":true,"href":"https:\/\/gestpropiedad.com\/de\/wp-json\/wp\/v2\/property_type?post=28434426"},{"taxonomy":"property_status","embeddable":true,"href":"https:\/\/gestpropiedad.com\/de\/wp-json\/wp\/v2\/property_status?post=28434426"},{"taxonomy":"property_feature","embeddable":true,"href":"https:\/\/gestpropiedad.com\/de\/wp-json\/wp\/v2\/property_feature?post=28434426"},{"taxonomy":"property_label","embeddable":true,"href":"https:\/\/gestpropiedad.com\/de\/wp-json\/wp\/v2\/property_label?post=28434426"},{"taxonomy":"property_state","embeddable":true,"href":"https:\/\/gestpropiedad.com\/de\/wp-json\/wp\/v2\/property_state?post=28434426"},{"taxonomy":"property_city","embeddable":true,"href":"https:\/\/gestpropiedad.com\/de\/wp-json\/wp\/v2\/property_city?post=28434426"},{"taxonomy":"property_area","embeddable":true,"href":"https:\/\/gestpropiedad.com\/de\/wp-json\/wp\/v2\/property_area?post=28434426"}],"curies":[{"name":"wp","href":"https:\/\/api.w.org\/{rel}","templated":true}]}}