

{"id":28427395,"date":"2026-03-31T15:52:37","date_gmt":"2026-03-31T15:52:37","guid":{"rendered":"https:\/\/www.gestpropiedad.com\/inmueble\/venta\/solar\/illes-balears\/llucmajor\/10sp106adt\/"},"modified":"2026-03-31T15:52:37","modified_gmt":"2026-03-31T15:52:37","slug":"stadtisches-grundstuck-in-ses-palmeres-10sp106adt","status":"publish","type":"property","link":"https:\/\/gestpropiedad.com\/de\/inmueble\/venta\/solar\/illes-balears\/llucmajor\/10sp106adt\/","title":{"rendered":"ST\u00c4DTISCHES GRUNDST\u00dcCK IN SES PALMERES"},"content":{"rendered":"<p>Dieses attraktive st\u00e4dtische Grundst\u00fcck stellt eine einzigartige Gelegenheit f\u00fcr Investoren und alle dar, die davon tr\u00e4umen, ihr ideales Zuhause zu bauen. Gelegen in der ruhigen Ortschaft Llucmajor, bietet das Grundst\u00fcck eine sichere Umgebung, umgeben von \u00fcppiger Natur \u2013 ideal f\u00fcr Ruhe und Lebensqualit\u00e4t. Nur 15 Minuten vom malerischen Dorf Llucmajor, 10 Minuten vom beliebten Arenal und 25 Minuten von der pulsierenden Hauptstadt Palma entfernt, genie\u00dfen Sie gleichzeitig die N\u00e4he zu wichtigen Einrichtungen wie Schulen, Parks und Superm\u00e4rkten.<\/p>\n<p>Mit der M\u00f6glichkeit, ein elegantes Doppelhaus mit zwei Etagen zu errichten, das von den oberen Ebenen aus einen Meerblick bieten k\u00f6nnte, ist dieses Grundst\u00fcck die perfekte Leinwand, um Ihre architektonischen Tr\u00e4ume zu verwirklichen.<br \/>Wir bieten au\u00dferdem einen professionellen Rendering-Service an, der Ihnen hilft, Ihr pers\u00f6nliches Projekt zu visualisieren \u2013 werden Sie der Sch\u00f6pfer des Raumes, in dem Sie schon immer leben wollten.<\/p>\n<p>Immobilienagentur eingetragen im Offiziellen Register der Immobilienmakler der Balearischen Inseln (ROAIIB) unter der Nummer GOIBE740280\/2024.<\/p>\n","protected":false},"excerpt":{"rendered":"<p>Dieses attraktive st\u00e4dtische Grundst\u00fcck stellt eine einzigartige Gelegenheit f\u00fcr Investoren und alle dar, die davon tr\u00e4umen, ihr ideales Zuhause zu bauen. Gelegen in der ruhigen Ortschaft Llucmajor, bietet das Grundst\u00fcck eine sichere Umgebung, umgeben von \u00fcppiger Natur \u2013 ideal f\u00fcr Ruhe und Lebensqualit\u00e4t. Nur 15 Minuten vom <\/p>\n","protected":false},"author":4,"featured_media":28427396,"parent":0,"menu_order":0,"template":"","property_type":[1926],"property_status":[438],"property_feature":[],"property_label":[],"property_state":[901],"property_city":[913],"property_area":[1159],"acf":[],"property_meta":{"fave_agent":["28244341"],"fave_agents":["28244341"],"fave_agent_display_option":["agent_info"],"fave_agency":["22941548"],"property_agent":["28244341"],"custom_permalink":["inmueble\/venta\/solar\/illes-balears\/llucmajor\/10sp106adt\/"],"_thumbnail_id":["28427396"],"post_id":["Array"],"original_author":["4"],"_edit_lock":["1604137107:1"],"_edit_last":["1"],"fave_property_map_street_view":["show"],"fave_payment_status":["not_paid"],"fave_single_top_area":["global"],"fave_single_content_area":["global"],"houzez_manual_expire":["0"],"fave_property_size_prefix":["m&sup2;"],"fave_property_map":["1"],"fave_additional_features_enable":["disable"],"fave_floor_plans_enable":["disable"],"fave_multiunit_plans_enable":["disable"],"fave_prop_homeslider":["no"],"fave_featured":["0"],"fave_property_address":["Llucmajor,Illes Balears"],"fave_property_zip":["07609"],"houzez_geolocation_lat":["39.472777392"],"houzez_geolocation_long":["2.75277939"],"fave_property_location":["39.472777392,2.75277939"],"fave_property_country":["ES"],"fave_property_map_address":["Llucmajor,Illes Balears,Spain"],"referencia":["10sp106adt"],"fave_property_id":["10sp106adt"],"fave_property_bedrooms":["0"],"fave_property_bathrooms":["0"],"fave_property_garage":["0"],"fave_property_land":["671"],"ave_property_land_postfix":["m&sup2;"],"fave_property_size":["0"],"fave_property_year":["0"],"fave_energy_global_index":["0 kWh\/m&sup2; \/0 Kg CO2\/m&sup2;"],"fave_energy_class":["N"],"estate_attr_energy_class":["N"],"REAL_HOMES_property_emisiones":["0"],"REAL_HOMES_property_consumo":["0"],"REAL_HOMES_property_letra":["N"],"estate_video":[""],"fave_virtual_tour":[""],"vendidoInmueble":[""],"fave_property_price":["318000"],"fave_property_price_postfix":[""],"fave_property_images":["28427396","28427397","28427398","28427399","28427400","28427401","28427402","28427403","28427404","28427405","28427406","28427407","28427408","28427409","28427410","28427411","28427412","28427413","28427414"],"houzez_total_property_views":["1"],"houzez_views_by_date":["a:1:{s:10:\"04-28-2026\";i:1;}"],"houzez_recently_viewed":["2026-04-28 07:07:22"]},"yoast_head":"<!-- This site is optimized with the Yoast SEO plugin v18.6 - https:\/\/yoast.com\/wordpress\/plugins\/seo\/ -->\n<title>ST\u00c4DTISCHES GRUNDST\u00dcCK IN SES PALMERES - Gestpropiedad<\/title>\n<meta name=\"robots\" content=\"index, follow, max-snippet:-1, max-image-preview:large, max-video-preview:-1\" \/>\n<link rel=\"canonical\" href=\"https:\/\/gestpropiedad.com\/de\/inmueble\/venta\/solar\/illes-balears\/llucmajor\/10sp106adt\/\" \/>\n<meta property=\"og:locale\" content=\"de_DE\" \/>\n<meta property=\"og:type\" content=\"article\" \/>\n<meta property=\"og:title\" content=\"ST\u00c4DTISCHES GRUNDST\u00dcCK IN SES PALMERES - Gestpropiedad\" \/>\n<meta property=\"og:description\" content=\"Dieses attraktive st\u00e4dtische Grundst\u00fcck stellt eine einzigartige Gelegenheit f\u00fcr Investoren und alle dar, die davon tr\u00e4umen, ihr ideales Zuhause zu bauen. Gelegen in der ruhigen Ortschaft Llucmajor, bietet das Grundst\u00fcck eine sichere Umgebung, umgeben von \u00fcppiger Natur \u2013 ideal f\u00fcr Ruhe und Lebensqualit\u00e4t. Nur 15 Minuten vom\" \/>\n<meta property=\"og:url\" content=\"https:\/\/gestpropiedad.com\/de\/inmueble\/venta\/solar\/illes-balears\/llucmajor\/10sp106adt\/\" \/>\n<meta property=\"og:site_name\" content=\"Gestpropiedad\" \/>\n<meta property=\"og:image\" content=\"https:\/\/fotos15.apinmo.com\/10578\/26817308\/5-1.jpg\" \/>\n\t<meta property=\"og:image:width\" content=\"850\" \/>\n\t<meta property=\"og:image:height\" content=\"426\" \/>\n\t<meta property=\"og:image:type\" content=\"image\/jpeg\" \/>\n<meta name=\"twitter:card\" content=\"summary_large_image\" \/>\n<meta name=\"twitter:label1\" content=\"Gesch\u00e4tzte Lesezeit\" \/>\n\t<meta name=\"twitter:data1\" content=\"1\u00a0Minute\" \/>\n<script type=\"application\/ld+json\" class=\"yoast-schema-graph\">{\"@context\":\"https:\/\/schema.org\",\"@graph\":[{\"@type\":\"Organization\",\"@id\":\"https:\/\/gestpropiedad.com\/#organization\",\"name\":\"Gestpropiedad\",\"url\":\"https:\/\/gestpropiedad.com\/\",\"sameAs\":[],\"logo\":{\"@type\":\"ImageObject\",\"@id\":\"https:\/\/gestpropiedad.com\/#logo\",\"inLanguage\":\"de\",\"url\":\"https:\/\/gestpropiedad.com\/wp-content\/uploads\/2021\/11\/logogp-b.svg\",\"contentUrl\":\"https:\/\/gestpropiedad.com\/wp-content\/uploads\/2021\/11\/logogp-b.svg\",\"width\":115,\"height\":60,\"caption\":\"Gestpropiedad\"},\"image\":{\"@id\":\"https:\/\/gestpropiedad.com\/#logo\"}},{\"@type\":\"WebSite\",\"@id\":\"https:\/\/gestpropiedad.com\/#website\",\"url\":\"https:\/\/gestpropiedad.com\/\",\"name\":\"Gestpropiedad\",\"description\":\"Inmobiliaria especializada en Mallorca. Islas Baleares\",\"publisher\":{\"@id\":\"https:\/\/gestpropiedad.com\/#organization\"},\"potentialAction\":[{\"@type\":\"SearchAction\",\"target\":{\"@type\":\"EntryPoint\",\"urlTemplate\":\"https:\/\/gestpropiedad.com\/?s={search_term_string}\"},\"query-input\":\"required name=search_term_string\"}],\"inLanguage\":\"de\"},{\"@type\":\"ImageObject\",\"@id\":\"https:\/\/gestpropiedad.com\/de\/inmueble\/venta\/solar\/illes-balears\/llucmajor\/10sp106adt\/#primaryimage\",\"inLanguage\":\"de\",\"url\":\"https:\/\/fotos15.apinmo.com\/10578\/26817308\/5-1.jpg\",\"contentUrl\":\"https:\/\/fotos15.apinmo.com\/10578\/26817308\/5-1.jpg\",\"width\":850,\"height\":426,\"caption\":\"Solar urbano en ses palmeres - imagenInmueble0\"},{\"@type\":[\"WebPage\",\"RealEstateListing\"],\"@id\":\"https:\/\/gestpropiedad.com\/de\/inmueble\/venta\/solar\/illes-balears\/llucmajor\/10sp106adt\/#webpage\",\"url\":\"https:\/\/gestpropiedad.com\/de\/inmueble\/venta\/solar\/illes-balears\/llucmajor\/10sp106adt\/\",\"name\":\"ST\u00c4DTISCHES GRUNDST\u00dcCK IN SES PALMERES - Gestpropiedad\",\"isPartOf\":{\"@id\":\"https:\/\/gestpropiedad.com\/#website\"},\"primaryImageOfPage\":{\"@id\":\"https:\/\/gestpropiedad.com\/de\/inmueble\/venta\/solar\/illes-balears\/llucmajor\/10sp106adt\/#primaryimage\"},\"datePublished\":\"2026-03-31T15:52:37+00:00\",\"dateModified\":\"2026-03-31T15:52:37+00:00\",\"breadcrumb\":{\"@id\":\"https:\/\/gestpropiedad.com\/de\/inmueble\/venta\/solar\/illes-balears\/llucmajor\/10sp106adt\/#breadcrumb\"},\"inLanguage\":\"de\",\"potentialAction\":[{\"@type\":\"ReadAction\",\"target\":[\"https:\/\/gestpropiedad.com\/de\/inmueble\/venta\/solar\/illes-balears\/llucmajor\/10sp106adt\/\"]}]},{\"@type\":\"BreadcrumbList\",\"@id\":\"https:\/\/gestpropiedad.com\/de\/inmueble\/venta\/solar\/illes-balears\/llucmajor\/10sp106adt\/#breadcrumb\",\"itemListElement\":[{\"@type\":\"ListItem\",\"position\":1,\"name\":\"Portada\",\"item\":\"https:\/\/gestpropiedad.com\/\"},{\"@type\":\"ListItem\",\"position\":2,\"name\":\"Eigenschaften\",\"item\":\"https:\/\/gestpropiedad.com\/de\/inmueble\/\"},{\"@type\":\"ListItem\",\"position\":3,\"name\":\"ST\u00c4DTISCHES GRUNDST\u00dcCK IN SES PALMERES\"}]}]}<\/script>\n<!-- \/ Yoast SEO plugin. -->","yoast_head_json":{"title":"ST\u00c4DTISCHES GRUNDST\u00dcCK IN SES PALMERES - Gestpropiedad","robots":{"index":"index","follow":"follow","max-snippet":"max-snippet:-1","max-image-preview":"max-image-preview:large","max-video-preview":"max-video-preview:-1"},"canonical":"https:\/\/gestpropiedad.com\/de\/inmueble\/venta\/solar\/illes-balears\/llucmajor\/10sp106adt\/","og_locale":"de_DE","og_type":"article","og_title":"ST\u00c4DTISCHES GRUNDST\u00dcCK IN SES PALMERES - Gestpropiedad","og_description":"Dieses attraktive st\u00e4dtische Grundst\u00fcck stellt eine einzigartige Gelegenheit f\u00fcr Investoren und alle dar, die davon tr\u00e4umen, ihr ideales Zuhause zu bauen. Gelegen in der ruhigen Ortschaft Llucmajor, bietet das Grundst\u00fcck eine sichere Umgebung, umgeben von \u00fcppiger Natur \u2013 ideal f\u00fcr Ruhe und Lebensqualit\u00e4t. Nur 15 Minuten vom","og_url":"https:\/\/gestpropiedad.com\/de\/inmueble\/venta\/solar\/illes-balears\/llucmajor\/10sp106adt\/","og_site_name":"Gestpropiedad","og_image":[{"width":850,"height":426,"url":"https:\/\/fotos15.apinmo.com\/10578\/26817308\/5-1.jpg","type":"image\/jpeg"}],"twitter_card":"summary_large_image","twitter_misc":{"Gesch\u00e4tzte Lesezeit":"1\u00a0Minute"},"schema":{"@context":"https:\/\/schema.org","@graph":[{"@type":"Organization","@id":"https:\/\/gestpropiedad.com\/#organization","name":"Gestpropiedad","url":"https:\/\/gestpropiedad.com\/","sameAs":[],"logo":{"@type":"ImageObject","@id":"https:\/\/gestpropiedad.com\/#logo","inLanguage":"de","url":"https:\/\/gestpropiedad.com\/wp-content\/uploads\/2021\/11\/logogp-b.svg","contentUrl":"https:\/\/gestpropiedad.com\/wp-content\/uploads\/2021\/11\/logogp-b.svg","width":115,"height":60,"caption":"Gestpropiedad"},"image":{"@id":"https:\/\/gestpropiedad.com\/#logo"}},{"@type":"WebSite","@id":"https:\/\/gestpropiedad.com\/#website","url":"https:\/\/gestpropiedad.com\/","name":"Gestpropiedad","description":"Inmobiliaria especializada en Mallorca. Islas Baleares","publisher":{"@id":"https:\/\/gestpropiedad.com\/#organization"},"potentialAction":[{"@type":"SearchAction","target":{"@type":"EntryPoint","urlTemplate":"https:\/\/gestpropiedad.com\/?s={search_term_string}"},"query-input":"required name=search_term_string"}],"inLanguage":"de"},{"@type":"ImageObject","@id":"https:\/\/gestpropiedad.com\/de\/inmueble\/venta\/solar\/illes-balears\/llucmajor\/10sp106adt\/#primaryimage","inLanguage":"de","url":"https:\/\/fotos15.apinmo.com\/10578\/26817308\/5-1.jpg","contentUrl":"https:\/\/fotos15.apinmo.com\/10578\/26817308\/5-1.jpg","width":850,"height":426,"caption":"Solar urbano en ses palmeres - imagenInmueble0"},{"@type":["WebPage","RealEstateListing"],"@id":"https:\/\/gestpropiedad.com\/de\/inmueble\/venta\/solar\/illes-balears\/llucmajor\/10sp106adt\/#webpage","url":"https:\/\/gestpropiedad.com\/de\/inmueble\/venta\/solar\/illes-balears\/llucmajor\/10sp106adt\/","name":"ST\u00c4DTISCHES GRUNDST\u00dcCK IN SES PALMERES - Gestpropiedad","isPartOf":{"@id":"https:\/\/gestpropiedad.com\/#website"},"primaryImageOfPage":{"@id":"https:\/\/gestpropiedad.com\/de\/inmueble\/venta\/solar\/illes-balears\/llucmajor\/10sp106adt\/#primaryimage"},"datePublished":"2026-03-31T15:52:37+00:00","dateModified":"2026-03-31T15:52:37+00:00","breadcrumb":{"@id":"https:\/\/gestpropiedad.com\/de\/inmueble\/venta\/solar\/illes-balears\/llucmajor\/10sp106adt\/#breadcrumb"},"inLanguage":"de","potentialAction":[{"@type":"ReadAction","target":["https:\/\/gestpropiedad.com\/de\/inmueble\/venta\/solar\/illes-balears\/llucmajor\/10sp106adt\/"]}]},{"@type":"BreadcrumbList","@id":"https:\/\/gestpropiedad.com\/de\/inmueble\/venta\/solar\/illes-balears\/llucmajor\/10sp106adt\/#breadcrumb","itemListElement":[{"@type":"ListItem","position":1,"name":"Portada","item":"https:\/\/gestpropiedad.com\/"},{"@type":"ListItem","position":2,"name":"Eigenschaften","item":"https:\/\/gestpropiedad.com\/de\/inmueble\/"},{"@type":"ListItem","position":3,"name":"ST\u00c4DTISCHES GRUNDST\u00dcCK IN SES PALMERES"}]}]}},"_links":{"self":[{"href":"https:\/\/gestpropiedad.com\/de\/wp-json\/wp\/v2\/properties\/28427395"}],"collection":[{"href":"https:\/\/gestpropiedad.com\/de\/wp-json\/wp\/v2\/properties"}],"about":[{"href":"https:\/\/gestpropiedad.com\/de\/wp-json\/wp\/v2\/types\/property"}],"author":[{"embeddable":true,"href":"https:\/\/gestpropiedad.com\/de\/wp-json\/wp\/v2\/users\/4"}],"version-history":[{"count":0,"href":"https:\/\/gestpropiedad.com\/de\/wp-json\/wp\/v2\/properties\/28427395\/revisions"}],"wp:featuredmedia":[{"embeddable":true,"href":"https:\/\/gestpropiedad.com\/de\/wp-json\/wp\/v2\/media\/28427396"}],"wp:attachment":[{"href":"https:\/\/gestpropiedad.com\/de\/wp-json\/wp\/v2\/media?parent=28427395"}],"wp:term":[{"taxonomy":"property_type","embeddable":true,"href":"https:\/\/gestpropiedad.com\/de\/wp-json\/wp\/v2\/property_type?post=28427395"},{"taxonomy":"property_status","embeddable":true,"href":"https:\/\/gestpropiedad.com\/de\/wp-json\/wp\/v2\/property_status?post=28427395"},{"taxonomy":"property_feature","embeddable":true,"href":"https:\/\/gestpropiedad.com\/de\/wp-json\/wp\/v2\/property_feature?post=28427395"},{"taxonomy":"property_label","embeddable":true,"href":"https:\/\/gestpropiedad.com\/de\/wp-json\/wp\/v2\/property_label?post=28427395"},{"taxonomy":"property_state","embeddable":true,"href":"https:\/\/gestpropiedad.com\/de\/wp-json\/wp\/v2\/property_state?post=28427395"},{"taxonomy":"property_city","embeddable":true,"href":"https:\/\/gestpropiedad.com\/de\/wp-json\/wp\/v2\/property_city?post=28427395"},{"taxonomy":"property_area","embeddable":true,"href":"https:\/\/gestpropiedad.com\/de\/wp-json\/wp\/v2\/property_area?post=28427395"}],"curies":[{"name":"wp","href":"https:\/\/api.w.org\/{rel}","templated":true}]}}