

{"id":28408187,"date":"2026-04-25T13:44:27","date_gmt":"2026-04-25T13:44:27","guid":{"rendered":"https:\/\/www.gestpropiedad.com\/inmueble\/venta\/piso\/illes-balears\/palma\/11cr074\/"},"modified":"2026-04-25T13:44:27","modified_gmt":"2026-04-25T13:44:27","slug":"geraumige-und-helle-wohnung-in-rafal-nou-11cr074","status":"publish","type":"property","link":"https:\/\/gestpropiedad.com\/de\/inmueble\/venta\/piso\/illes-balears\/palma\/11cr074\/","title":{"rendered":"Ger\u00e4umige und helle Wohnung in Rafal Nou"},"content":{"rendered":"<p>In der Gegend von Rafal Nou, einem der praktischsten und am besten angebundenen Stadtteile von Palma, pr\u00e4sentiert sich diese hervorragende Immobilie mit gro\u00dfem Potenzial. Die Wohnung verf\u00fcgt \u00fcber 90 m\u00b2 bebaute Fl\u00e4che, aufgeteilt in vier Schlafzimmer, ein vollst\u00e4ndiges Badezimmer, ein gro\u00dfz\u00fcgiges Wohn- und Esszimmer mit Zugang zu einer Terrasse sowie eine separate K\u00fcche mit Zugang zu einer Galerie.<\/p>\n<p>Die Immobilie befindet sich im Originalzustand und ist somit ideal f\u00fcr K\u00e4ufer, die ihr Zuhause renovieren und individuell gestalten m\u00f6chten. Als bereits umgesetzte Verbesserung sind Aluminiumfenster mit Doppelverglasung (Climalit) vorhanden, die eine bessere W\u00e4rme- und Schalld\u00e4mmung bieten.<\/p>\n<p>Besonders hervorzuheben ist die hervorragende Helligkeit, die dank der Etage und der Raumaufteilung in allen R\u00e4umen vorhanden ist und ein Gef\u00fchl von Weite und Komfort in der gesamten Wohnung vermittelt.<\/p>\n<p>Rafal Nou ist eine sehr gesch\u00e4tzte Gegend aufgrund ihres Gleichgewichts zwischen Ruhe und Infrastruktur, mit Superm\u00e4rkten, Schulen, medizinischen Zentren und zahlreichen Einkaufsm\u00f6glichkeiten. Zudem bietet sie ausgezeichnete Verbindungen zum Stadtzentrum von Palma sowie zum Rest der Insel, was sie sowohl f\u00fcr Familien als auch als Investition besonders attraktiv macht.<\/p>\n<p>Verpassen Sie diese Gelegenheit nicht: Kontaktieren Sie uns jetzt f\u00fcr weitere Informationen.<\/p>\n<p>Registrierte Immobilienmakler im ROAIIB GOIBE740280\/2024.<\/p>\n","protected":false},"excerpt":{"rendered":"<p>In der Gegend von Rafal Nou, einem der praktischsten und am besten angebundenen Stadtteile von Palma, pr\u00e4sentiert sich diese hervorragende Immobilie mit gro\u00dfem Potenzial. Die Wohnung verf\u00fcgt \u00fcber 90 m\u00b2 bebaute Fl\u00e4che, aufgeteilt in vier Schlafzimmer, ein vollst\u00e4ndiges Badezimmer, ein gro\u00dfz\u00fcgiges Wohn- und Esszimmer mit Zugang zu <\/p>\n","protected":false},"author":4,"featured_media":28408188,"parent":0,"menu_order":0,"template":"","property_type":[1929],"property_status":[438],"property_feature":[1198,1905,1916,1913,1719,1910,1201],"property_label":[],"property_state":[901],"property_city":[902],"property_area":[1951],"acf":[],"property_meta":{"fave_agent":["13274651"],"fave_agents":["13274651"],"fave_agent_display_option":["agent_info"],"fave_agency":["23659022"],"property_agent":["13274651"],"custom_permalink":["inmueble\/venta\/piso\/illes-balears\/palma\/11cr074\/"],"_thumbnail_id":["28408188"],"post_id":["Array"],"original_author":["4"],"_edit_lock":["1604137107:1"],"_edit_last":["1"],"fave_property_map_street_view":["show"],"fave_payment_status":["not_paid"],"fave_single_top_area":["global"],"fave_single_content_area":["global"],"houzez_manual_expire":["0"],"fave_property_size_prefix":["m&sup2;"],"fave_property_map":["1"],"fave_additional_features_enable":["disable"],"fave_floor_plans_enable":["disable"],"fave_multiunit_plans_enable":["disable"],"fave_prop_homeslider":["yes"],"fave_featured":["1"],"fave_property_address":["Palma,Illes Balears"],"fave_property_zip":["07008"],"houzez_geolocation_lat":["39.58417972"],"houzez_geolocation_long":["2.678883975"],"fave_property_location":["39.58417972,2.678883975"],"fave_property_country":["ES"],"fave_property_map_address":["Palma,Illes Balears,Spain"],"referencia":["11cr074"],"fave_property_id":["11cr074"],"fave_property_bedrooms":["4"],"fave_property_bathrooms":["1"],"fave_property_garage":["0"],"fave_property_land":["0"],"ave_property_land_postfix":["m&sup2;"],"fave_property_size":["92"],"fave_property_year":["1974"],"fave_energy_global_index":["0 kWh\/m&sup2; \/0 Kg CO2\/m&sup2;"],"fave_energy_class":["N"],"estate_attr_energy_class":["N"],"REAL_HOMES_property_emisiones":["0"],"REAL_HOMES_property_consumo":["0"],"REAL_HOMES_property_letra":["N"],"estate_video":[""],"fave_virtual_tour":["<iframe src=\"https:\/\/crm.inmovilla.com\/fotosvr\/tour.php?cod=28850247.12912\" width=\"820\" height=\"500\" frameborder=\"0\" style=\"border:0\"><\/iframe><div class=\"enlacetour\"><a class=\"enlacetour2\" title=\"Ver tour virtual\" href=\"https:\/\/crm.inmovilla.com\/fotosvr\/tour.php?cod=28850247.12912\" target=\"_blank\">FULL SCREEN<\/a><\/div>"],"vendidoInmueble":[""],"fave_property_price":["299000"],"fave_property_price_postfix":[""],"fave_property_images":["28408188","28408189","28408190","28408191","28408192","28408193","28408194","28408195","28408196","28408197","28408198","28408199","28408200","28408201","28408202","28408203","28408204","28408205","28408206","28408207","28408208","28408209","28408210","28408211","28408212","28408213","28408214","28408215","28408216","28408217","28408218"],"houzez_total_property_views":["3"],"houzez_views_by_date":["a:1:{s:10:\"04-26-2026\";i:3;}"],"houzez_recently_viewed":["2026-04-26 16:15:42"]},"yoast_head":"<!-- This site is optimized with the Yoast SEO plugin v18.6 - https:\/\/yoast.com\/wordpress\/plugins\/seo\/ -->\n<title>Ger\u00e4umige und helle Wohnung in Rafal Nou - Gestpropiedad<\/title>\n<meta name=\"robots\" content=\"index, follow, max-snippet:-1, max-image-preview:large, max-video-preview:-1\" \/>\n<link rel=\"canonical\" href=\"https:\/\/gestpropiedad.com\/de\/inmueble\/venta\/piso\/illes-balears\/palma\/11cr074\/\" \/>\n<meta property=\"og:locale\" content=\"de_DE\" \/>\n<meta property=\"og:type\" content=\"article\" \/>\n<meta property=\"og:title\" content=\"Ger\u00e4umige und helle Wohnung in Rafal Nou - Gestpropiedad\" \/>\n<meta property=\"og:description\" content=\"In der Gegend von Rafal Nou, einem der praktischsten und am besten angebundenen Stadtteile von Palma, pr\u00e4sentiert sich diese hervorragende Immobilie mit gro\u00dfem Potenzial. Die Wohnung verf\u00fcgt \u00fcber 90 m\u00b2 bebaute Fl\u00e4che, aufgeteilt in vier Schlafzimmer, ein vollst\u00e4ndiges Badezimmer, ein gro\u00dfz\u00fcgiges Wohn- und Esszimmer mit Zugang zu\" \/>\n<meta property=\"og:url\" content=\"https:\/\/gestpropiedad.com\/de\/inmueble\/venta\/piso\/illes-balears\/palma\/11cr074\/\" \/>\n<meta property=\"og:site_name\" content=\"Gestpropiedad\" \/>\n<meta property=\"og:image\" content=\"https:\/\/fotos15.apinmo.com\/12912\/28850247\/5-1.jpg\" \/>\n\t<meta property=\"og:image:width\" content=\"850\" \/>\n\t<meta property=\"og:image:height\" content=\"426\" \/>\n\t<meta property=\"og:image:type\" content=\"image\/jpeg\" \/>\n<meta name=\"twitter:card\" content=\"summary_large_image\" \/>\n<meta name=\"twitter:label1\" content=\"Gesch\u00e4tzte Lesezeit\" \/>\n\t<meta name=\"twitter:data1\" content=\"1\u00a0Minute\" \/>\n<script type=\"application\/ld+json\" class=\"yoast-schema-graph\">{\"@context\":\"https:\/\/schema.org\",\"@graph\":[{\"@type\":\"Organization\",\"@id\":\"https:\/\/gestpropiedad.com\/#organization\",\"name\":\"Gestpropiedad\",\"url\":\"https:\/\/gestpropiedad.com\/\",\"sameAs\":[],\"logo\":{\"@type\":\"ImageObject\",\"@id\":\"https:\/\/gestpropiedad.com\/#logo\",\"inLanguage\":\"de\",\"url\":\"https:\/\/gestpropiedad.com\/wp-content\/uploads\/2021\/11\/logogp-b.svg\",\"contentUrl\":\"https:\/\/gestpropiedad.com\/wp-content\/uploads\/2021\/11\/logogp-b.svg\",\"width\":115,\"height\":60,\"caption\":\"Gestpropiedad\"},\"image\":{\"@id\":\"https:\/\/gestpropiedad.com\/#logo\"}},{\"@type\":\"WebSite\",\"@id\":\"https:\/\/gestpropiedad.com\/#website\",\"url\":\"https:\/\/gestpropiedad.com\/\",\"name\":\"Gestpropiedad\",\"description\":\"Inmobiliaria especializada en Mallorca. Islas Baleares\",\"publisher\":{\"@id\":\"https:\/\/gestpropiedad.com\/#organization\"},\"potentialAction\":[{\"@type\":\"SearchAction\",\"target\":{\"@type\":\"EntryPoint\",\"urlTemplate\":\"https:\/\/gestpropiedad.com\/?s={search_term_string}\"},\"query-input\":\"required name=search_term_string\"}],\"inLanguage\":\"de\"},{\"@type\":\"ImageObject\",\"@id\":\"https:\/\/gestpropiedad.com\/de\/inmueble\/venta\/piso\/illes-balears\/palma\/11cr074\/#primaryimage\",\"inLanguage\":\"de\",\"url\":\"https:\/\/fotos15.apinmo.com\/12912\/28850247\/5-1.jpg\",\"contentUrl\":\"https:\/\/fotos15.apinmo.com\/12912\/28850247\/5-1.jpg\",\"width\":850,\"height\":426,\"caption\":\"Amplio y luminoso piso en rafal nou - imagenInmueble0\"},{\"@type\":[\"WebPage\",\"RealEstateListing\"],\"@id\":\"https:\/\/gestpropiedad.com\/de\/inmueble\/venta\/piso\/illes-balears\/palma\/11cr074\/#webpage\",\"url\":\"https:\/\/gestpropiedad.com\/de\/inmueble\/venta\/piso\/illes-balears\/palma\/11cr074\/\",\"name\":\"Ger\u00e4umige und helle Wohnung in Rafal Nou - Gestpropiedad\",\"isPartOf\":{\"@id\":\"https:\/\/gestpropiedad.com\/#website\"},\"primaryImageOfPage\":{\"@id\":\"https:\/\/gestpropiedad.com\/de\/inmueble\/venta\/piso\/illes-balears\/palma\/11cr074\/#primaryimage\"},\"datePublished\":\"2026-04-25T13:44:27+00:00\",\"dateModified\":\"2026-04-25T13:44:27+00:00\",\"breadcrumb\":{\"@id\":\"https:\/\/gestpropiedad.com\/de\/inmueble\/venta\/piso\/illes-balears\/palma\/11cr074\/#breadcrumb\"},\"inLanguage\":\"de\",\"potentialAction\":[{\"@type\":\"ReadAction\",\"target\":[\"https:\/\/gestpropiedad.com\/de\/inmueble\/venta\/piso\/illes-balears\/palma\/11cr074\/\"]}]},{\"@type\":\"BreadcrumbList\",\"@id\":\"https:\/\/gestpropiedad.com\/de\/inmueble\/venta\/piso\/illes-balears\/palma\/11cr074\/#breadcrumb\",\"itemListElement\":[{\"@type\":\"ListItem\",\"position\":1,\"name\":\"Portada\",\"item\":\"https:\/\/gestpropiedad.com\/\"},{\"@type\":\"ListItem\",\"position\":2,\"name\":\"Eigenschaften\",\"item\":\"https:\/\/gestpropiedad.com\/de\/inmueble\/\"},{\"@type\":\"ListItem\",\"position\":3,\"name\":\"Ger\u00e4umige und helle Wohnung in Rafal Nou\"}]}]}<\/script>\n<!-- \/ Yoast SEO plugin. -->","yoast_head_json":{"title":"Ger\u00e4umige und helle Wohnung in Rafal Nou - Gestpropiedad","robots":{"index":"index","follow":"follow","max-snippet":"max-snippet:-1","max-image-preview":"max-image-preview:large","max-video-preview":"max-video-preview:-1"},"canonical":"https:\/\/gestpropiedad.com\/de\/inmueble\/venta\/piso\/illes-balears\/palma\/11cr074\/","og_locale":"de_DE","og_type":"article","og_title":"Ger\u00e4umige und helle Wohnung in Rafal Nou - Gestpropiedad","og_description":"In der Gegend von Rafal Nou, einem der praktischsten und am besten angebundenen Stadtteile von Palma, pr\u00e4sentiert sich diese hervorragende Immobilie mit gro\u00dfem Potenzial. Die Wohnung verf\u00fcgt \u00fcber 90 m\u00b2 bebaute Fl\u00e4che, aufgeteilt in vier Schlafzimmer, ein vollst\u00e4ndiges Badezimmer, ein gro\u00dfz\u00fcgiges Wohn- und Esszimmer mit Zugang zu","og_url":"https:\/\/gestpropiedad.com\/de\/inmueble\/venta\/piso\/illes-balears\/palma\/11cr074\/","og_site_name":"Gestpropiedad","og_image":[{"width":850,"height":426,"url":"https:\/\/fotos15.apinmo.com\/12912\/28850247\/5-1.jpg","type":"image\/jpeg"}],"twitter_card":"summary_large_image","twitter_misc":{"Gesch\u00e4tzte Lesezeit":"1\u00a0Minute"},"schema":{"@context":"https:\/\/schema.org","@graph":[{"@type":"Organization","@id":"https:\/\/gestpropiedad.com\/#organization","name":"Gestpropiedad","url":"https:\/\/gestpropiedad.com\/","sameAs":[],"logo":{"@type":"ImageObject","@id":"https:\/\/gestpropiedad.com\/#logo","inLanguage":"de","url":"https:\/\/gestpropiedad.com\/wp-content\/uploads\/2021\/11\/logogp-b.svg","contentUrl":"https:\/\/gestpropiedad.com\/wp-content\/uploads\/2021\/11\/logogp-b.svg","width":115,"height":60,"caption":"Gestpropiedad"},"image":{"@id":"https:\/\/gestpropiedad.com\/#logo"}},{"@type":"WebSite","@id":"https:\/\/gestpropiedad.com\/#website","url":"https:\/\/gestpropiedad.com\/","name":"Gestpropiedad","description":"Inmobiliaria especializada en Mallorca. Islas Baleares","publisher":{"@id":"https:\/\/gestpropiedad.com\/#organization"},"potentialAction":[{"@type":"SearchAction","target":{"@type":"EntryPoint","urlTemplate":"https:\/\/gestpropiedad.com\/?s={search_term_string}"},"query-input":"required name=search_term_string"}],"inLanguage":"de"},{"@type":"ImageObject","@id":"https:\/\/gestpropiedad.com\/de\/inmueble\/venta\/piso\/illes-balears\/palma\/11cr074\/#primaryimage","inLanguage":"de","url":"https:\/\/fotos15.apinmo.com\/12912\/28850247\/5-1.jpg","contentUrl":"https:\/\/fotos15.apinmo.com\/12912\/28850247\/5-1.jpg","width":850,"height":426,"caption":"Amplio y luminoso piso en rafal nou - imagenInmueble0"},{"@type":["WebPage","RealEstateListing"],"@id":"https:\/\/gestpropiedad.com\/de\/inmueble\/venta\/piso\/illes-balears\/palma\/11cr074\/#webpage","url":"https:\/\/gestpropiedad.com\/de\/inmueble\/venta\/piso\/illes-balears\/palma\/11cr074\/","name":"Ger\u00e4umige und helle Wohnung in Rafal Nou - Gestpropiedad","isPartOf":{"@id":"https:\/\/gestpropiedad.com\/#website"},"primaryImageOfPage":{"@id":"https:\/\/gestpropiedad.com\/de\/inmueble\/venta\/piso\/illes-balears\/palma\/11cr074\/#primaryimage"},"datePublished":"2026-04-25T13:44:27+00:00","dateModified":"2026-04-25T13:44:27+00:00","breadcrumb":{"@id":"https:\/\/gestpropiedad.com\/de\/inmueble\/venta\/piso\/illes-balears\/palma\/11cr074\/#breadcrumb"},"inLanguage":"de","potentialAction":[{"@type":"ReadAction","target":["https:\/\/gestpropiedad.com\/de\/inmueble\/venta\/piso\/illes-balears\/palma\/11cr074\/"]}]},{"@type":"BreadcrumbList","@id":"https:\/\/gestpropiedad.com\/de\/inmueble\/venta\/piso\/illes-balears\/palma\/11cr074\/#breadcrumb","itemListElement":[{"@type":"ListItem","position":1,"name":"Portada","item":"https:\/\/gestpropiedad.com\/"},{"@type":"ListItem","position":2,"name":"Eigenschaften","item":"https:\/\/gestpropiedad.com\/de\/inmueble\/"},{"@type":"ListItem","position":3,"name":"Ger\u00e4umige und helle Wohnung in Rafal Nou"}]}]}},"_links":{"self":[{"href":"https:\/\/gestpropiedad.com\/de\/wp-json\/wp\/v2\/properties\/28408187"}],"collection":[{"href":"https:\/\/gestpropiedad.com\/de\/wp-json\/wp\/v2\/properties"}],"about":[{"href":"https:\/\/gestpropiedad.com\/de\/wp-json\/wp\/v2\/types\/property"}],"author":[{"embeddable":true,"href":"https:\/\/gestpropiedad.com\/de\/wp-json\/wp\/v2\/users\/4"}],"version-history":[{"count":0,"href":"https:\/\/gestpropiedad.com\/de\/wp-json\/wp\/v2\/properties\/28408187\/revisions"}],"wp:featuredmedia":[{"embeddable":true,"href":"https:\/\/gestpropiedad.com\/de\/wp-json\/wp\/v2\/media\/28408188"}],"wp:attachment":[{"href":"https:\/\/gestpropiedad.com\/de\/wp-json\/wp\/v2\/media?parent=28408187"}],"wp:term":[{"taxonomy":"property_type","embeddable":true,"href":"https:\/\/gestpropiedad.com\/de\/wp-json\/wp\/v2\/property_type?post=28408187"},{"taxonomy":"property_status","embeddable":true,"href":"https:\/\/gestpropiedad.com\/de\/wp-json\/wp\/v2\/property_status?post=28408187"},{"taxonomy":"property_feature","embeddable":true,"href":"https:\/\/gestpropiedad.com\/de\/wp-json\/wp\/v2\/property_feature?post=28408187"},{"taxonomy":"property_label","embeddable":true,"href":"https:\/\/gestpropiedad.com\/de\/wp-json\/wp\/v2\/property_label?post=28408187"},{"taxonomy":"property_state","embeddable":true,"href":"https:\/\/gestpropiedad.com\/de\/wp-json\/wp\/v2\/property_state?post=28408187"},{"taxonomy":"property_city","embeddable":true,"href":"https:\/\/gestpropiedad.com\/de\/wp-json\/wp\/v2\/property_city?post=28408187"},{"taxonomy":"property_area","embeddable":true,"href":"https:\/\/gestpropiedad.com\/de\/wp-json\/wp\/v2\/property_area?post=28408187"}],"curies":[{"name":"wp","href":"https:\/\/api.w.org\/{rel}","templated":true}]}}