

{"id":28393154,"date":"2026-04-24T12:19:16","date_gmt":"2026-04-24T12:19:16","guid":{"rendered":"https:\/\/www.gestpropiedad.com\/inmueble\/alquiler\/piso\/illes-balears\/palma\/16am002\/"},"modified":"2026-04-24T12:19:16","modified_gmt":"2026-04-24T12:19:16","slug":"kurzzeitmiete-am-paseo-maritimo-16am002","status":"publish","type":"property","link":"https:\/\/gestpropiedad.com\/de\/inmueble\/alquiler\/piso\/illes-balears\/palma\/16am002\/","title":{"rendered":"Kurzzeitmiete am Paseo Mar\u00edtimo"},"content":{"rendered":"<p>Gelegen in der prestigetr\u00e4chtigen Avinguda Joan Mir\u00f3, in einer der begehrtesten Wohnlagen von Palma de Mallorca, bietet diese au\u00dfergew\u00f6hnliche Immobilie einen anspruchsvollen mediterranen Lebensstil mit unverbautem, spektakul\u00e4rem Blick auf das Meer und das Mittelmeer.<\/p>\n<p>Die Wohnung wurde k\u00fcrzlich vollst\u00e4ndig und hochwertig renoviert und mit gr\u00f6\u00dfter Sorgfalt und Liebe zum Detail gestaltet. Es wurden ausschlie\u00dflich Materialien von h\u00f6chster Qualit\u00e4t sowie exklusive Ausstattungen verwendet, die Eleganz, Langlebigkeit und ein gehobenes Wohngef\u00fchl in allen Bereichen gew\u00e4hrleisten.<br \/>Mit einer Wohnfl\u00e4che von 180 m\u00b2 gebaut und 140 m\u00b2 Nutzfl\u00e4che profitiert die Immobilie zudem von einer idealen S\u00fcdost-Ausrichtung, die den ganzen Tag \u00fcber f\u00fcr hervorragendes nat\u00fcrliches Licht sorgt.<\/p>\n<p>Der Innenbereich \u00fcberzeugt durch ein gro\u00dfz\u00fcgiges und lichtdurchflutetes Wohnzimmer, das das Herzst\u00fcck der Immobilie bildet und einen harmonischen \u00dcbergang zu den Au\u00dfenbereichen schafft. Die Wohnung verf\u00fcgt \u00fcber drei Schlafzimmer en suite, jeweils mit eigenem privaten Badezimmer, die h\u00f6chsten Komfort und Privatsph\u00e4re bieten.<\/p>\n<p>Ein besonderes Highlight ist die 40 m\u00b2 gro\u00dfe Terrasse, die einen einzigartigen, offenen Meerblick bietet und sowohl zum Entspannen als auch zum stilvollen Empfangen von G\u00e4sten einl\u00e4dt.<\/p>\n<p>Ausstattung und Qualit\u00e4tsmerkmale:<\/p>\n<p>Klimaanlage und Heizungssystem<br \/>Hochwertige Marmorb\u00f6den<br \/>Exklusive Porzellan-Designm\u00f6bel<br \/>Vollst\u00e4ndige Kernsanierung mit Premium-Finish<\/p>\n<p>Besondere Merkmale:<\/p>\n<p>3 Schlafzimmer, davon 2 en suite mit 2 en-suite Badezimmern<br \/>Voll m\u00f6bliert und ausgestattet<br \/>Privater Pool und Au\u00dfenbereich zur Erholung<br \/>Hervorragende Aussicht und hohe Privatsph\u00e4re<\/p>\n<p>Lage:<br \/>15 Minuten vom Flughafen entfernt<br \/>25 Gehminuten ins Zentrum von Palma<br \/>In unmittelbarer N\u00e4he zu Str\u00e4nden, Yachth\u00e4fen und allen wichtigen Dienstleistungen<\/p>\n<p>Mietkonditionen:<\/p>\n<p>Monatliche Miete: 4.000 &euro;<br \/>Mietdauer: 7 Monate<br \/>Nebenkosten (Wasser und Strom): nicht inbegriffen<br \/>Kaution: auf Anfrage<\/p>\n<p>Als zus\u00e4tzlicher Mehrwert besteht die M\u00f6glichkeit, ein Motorboot zu integrieren, das die perfekte Kombination bietet, um sowohl die K\u00fcste der Insel zu genie\u00dfen als auch das Landesinnere mit einem vollst\u00e4ndig versicherten Fahrzeug zu erkunden, zu einem Gesamtpreis von 6.000 &euro; monatlich.<br \/>Technische Daten des Bootes:<\/p>\n<p>L\u00e4nge: 6,20 m<br \/>Breite: 2,44 m<br \/>Motorleistung: 80 PS<\/p>\n<p>Eine einzigartige Immobilie, die modernes Design, erstklassige Qualit\u00e4t und eine privilegierte Lage vereint \u2013 ideal f\u00fcr anspruchsvolle Mieter in einer der exklusivsten Adressen Mallorcas.<\/p>\n<p>Registrierte Immobilienmakler: ROAIIBE GOIBE65280\/2024<\/p>\n","protected":false},"excerpt":{"rendered":"<p>Gelegen in der prestigetr\u00e4chtigen Avinguda Joan Mir\u00f3, in einer der begehrtesten Wohnlagen von Palma de Mallorca, bietet diese au\u00dfergew\u00f6hnliche Immobilie einen anspruchsvollen mediterranen Lebensstil mit unverbautem, spektakul\u00e4rem Blick auf das Meer und das Mittelmeer.~~Die Wohnung wurde k\u00fcrzlich vollst\u00e4ndig und hochwertig renoviert <\/p>\n","protected":false},"author":4,"featured_media":28393155,"parent":0,"menu_order":0,"template":"","property_type":[1929],"property_status":[1922],"property_feature":[1198,1903,1905,1927,1916,1240,1902,1913,1911,1901,1906,1713,1201,1718,1918],"property_label":[],"property_state":[901],"property_city":[902],"property_area":[951],"acf":[],"property_meta":{"fave_agent":["26893864"],"fave_agents":["26893864"],"fave_agent_display_option":["agent_info"],"fave_agency":["13003314"],"property_agent":["26893864"],"custom_permalink":["inmueble\/alquiler\/piso\/illes-balears\/palma\/16am002\/"],"_thumbnail_id":["28393155"],"post_id":["Array"],"original_author":["4"],"_edit_lock":["1604137107:1"],"_edit_last":["1"],"fave_property_map_street_view":["show"],"fave_payment_status":["not_paid"],"fave_single_top_area":["global"],"fave_single_content_area":["global"],"houzez_manual_expire":["0"],"fave_property_size_prefix":["m&sup2;"],"fave_property_map":["1"],"fave_additional_features_enable":["disable"],"fave_floor_plans_enable":["disable"],"fave_multiunit_plans_enable":["disable"],"fave_prop_homeslider":["no"],"fave_featured":["3"],"fave_property_address":["Palma,Illes Balears"],"fave_property_zip":["07015"],"houzez_geolocation_lat":["39.555827973"],"houzez_geolocation_long":["2.623520804"],"fave_property_location":["39.555827973,2.623520804"],"fave_property_country":["ES"],"fave_property_map_address":["Palma,Illes Balears,Spain"],"referencia":["16am002"],"fave_property_id":["16am002"],"fave_property_bedrooms":["3"],"fave_property_bathrooms":["3"],"fave_property_garage":["1"],"fave_property_land":["0"],"ave_property_land_postfix":["m&sup2;"],"fave_property_size":["180"],"fave_property_year":["1989"],"fave_energy_global_index":["0 kWh\/m&sup2; \/1234.99 Kg CO2\/m&sup2;"],"fave_energy_class":["N"],"estate_attr_energy_class":["N"],"REAL_HOMES_property_emisiones":["1234.99"],"REAL_HOMES_property_consumo":["0"],"REAL_HOMES_property_letra":["N"],"estate_video":[""],"fave_virtual_tour":["<iframe src=\"https:\/\/crm.inmovilla.com\/fotosvr\/tour.php?cod=28776409.10961\" width=\"820\" height=\"500\" frameborder=\"0\" style=\"border:0\"><\/iframe><div class=\"enlacetour\"><a class=\"enlacetour2\" title=\"Ver tour virtual\" href=\"https:\/\/crm.inmovilla.com\/fotosvr\/tour.php?cod=28776409.10961\" target=\"_blank\">FULL SCREEN<\/a><\/div>"],"vendidoInmueble":[""],"fave_property_price":["4000"],"fave_property_price_postfix":["mes"],"fave_property_images":["28393155","28393156","28393157","28393158","28393159","28393160","28393161","28393162","28393163","28393164","28393165","28393166","28393167","28393168","28393169","28393170","28393171","28393172","28393173","28393174","28393175","28393176","28393177","28393178","28393179","28393180","28393181","28393182"],"houzez_total_property_views":["1"],"houzez_views_by_date":["a:1:{s:10:\"04-25-2026\";i:1;}"],"houzez_recently_viewed":["2026-04-25 09:04:25"]},"yoast_head":"<!-- This site is optimized with the Yoast SEO plugin v18.6 - https:\/\/yoast.com\/wordpress\/plugins\/seo\/ -->\n<title>Kurzzeitmiete am Paseo Mar\u00edtimo - Gestpropiedad<\/title>\n<meta name=\"robots\" content=\"index, follow, max-snippet:-1, max-image-preview:large, max-video-preview:-1\" \/>\n<link rel=\"canonical\" href=\"https:\/\/gestpropiedad.com\/de\/inmueble\/alquiler\/piso\/illes-balears\/palma\/16am002\/\" \/>\n<meta property=\"og:locale\" content=\"de_DE\" \/>\n<meta property=\"og:type\" content=\"article\" \/>\n<meta property=\"og:title\" content=\"Kurzzeitmiete am Paseo Mar\u00edtimo - Gestpropiedad\" \/>\n<meta property=\"og:description\" content=\"Gelegen in der prestigetr\u00e4chtigen Avinguda Joan Mir\u00f3, in einer der begehrtesten Wohnlagen von Palma de Mallorca, bietet diese au\u00dfergew\u00f6hnliche Immobilie einen anspruchsvollen mediterranen Lebensstil mit unverbautem, spektakul\u00e4rem Blick auf das Meer und das Mittelmeer.~~Die Wohnung wurde k\u00fcrzlich vollst\u00e4ndig und hochwertig renoviert\" \/>\n<meta property=\"og:url\" content=\"https:\/\/gestpropiedad.com\/de\/inmueble\/alquiler\/piso\/illes-balears\/palma\/16am002\/\" \/>\n<meta property=\"og:site_name\" content=\"Gestpropiedad\" \/>\n<meta property=\"og:image\" content=\"https:\/\/fotos15.apinmo.com\/10961\/28776409\/2-1.jpg\" \/>\n\t<meta property=\"og:image:width\" content=\"850\" \/>\n\t<meta property=\"og:image:height\" content=\"426\" \/>\n\t<meta property=\"og:image:type\" content=\"image\/jpeg\" \/>\n<meta name=\"twitter:card\" content=\"summary_large_image\" \/>\n<meta name=\"twitter:label1\" content=\"Gesch\u00e4tzte Lesezeit\" \/>\n\t<meta name=\"twitter:data1\" content=\"2\u00a0Minuten\" \/>\n<script type=\"application\/ld+json\" class=\"yoast-schema-graph\">{\"@context\":\"https:\/\/schema.org\",\"@graph\":[{\"@type\":\"Organization\",\"@id\":\"https:\/\/gestpropiedad.com\/#organization\",\"name\":\"Gestpropiedad\",\"url\":\"https:\/\/gestpropiedad.com\/\",\"sameAs\":[],\"logo\":{\"@type\":\"ImageObject\",\"@id\":\"https:\/\/gestpropiedad.com\/#logo\",\"inLanguage\":\"de\",\"url\":\"https:\/\/gestpropiedad.com\/wp-content\/uploads\/2021\/11\/logogp-b.svg\",\"contentUrl\":\"https:\/\/gestpropiedad.com\/wp-content\/uploads\/2021\/11\/logogp-b.svg\",\"width\":115,\"height\":60,\"caption\":\"Gestpropiedad\"},\"image\":{\"@id\":\"https:\/\/gestpropiedad.com\/#logo\"}},{\"@type\":\"WebSite\",\"@id\":\"https:\/\/gestpropiedad.com\/#website\",\"url\":\"https:\/\/gestpropiedad.com\/\",\"name\":\"Gestpropiedad\",\"description\":\"Inmobiliaria especializada en Mallorca. Islas Baleares\",\"publisher\":{\"@id\":\"https:\/\/gestpropiedad.com\/#organization\"},\"potentialAction\":[{\"@type\":\"SearchAction\",\"target\":{\"@type\":\"EntryPoint\",\"urlTemplate\":\"https:\/\/gestpropiedad.com\/?s={search_term_string}\"},\"query-input\":\"required name=search_term_string\"}],\"inLanguage\":\"de\"},{\"@type\":\"ImageObject\",\"@id\":\"https:\/\/gestpropiedad.com\/de\/inmueble\/alquiler\/piso\/illes-balears\/palma\/16am002\/#primaryimage\",\"inLanguage\":\"de\",\"url\":\"https:\/\/fotos15.apinmo.com\/10961\/28776409\/2-1.jpg\",\"contentUrl\":\"https:\/\/fotos15.apinmo.com\/10961\/28776409\/2-1.jpg\",\"width\":850,\"height\":426,\"caption\":\"Alquiler temporal en paseo maritimo - imagenInmueble0\"},{\"@type\":[\"WebPage\",\"RealEstateListing\"],\"@id\":\"https:\/\/gestpropiedad.com\/de\/inmueble\/alquiler\/piso\/illes-balears\/palma\/16am002\/#webpage\",\"url\":\"https:\/\/gestpropiedad.com\/de\/inmueble\/alquiler\/piso\/illes-balears\/palma\/16am002\/\",\"name\":\"Kurzzeitmiete am Paseo Mar\u00edtimo - Gestpropiedad\",\"isPartOf\":{\"@id\":\"https:\/\/gestpropiedad.com\/#website\"},\"primaryImageOfPage\":{\"@id\":\"https:\/\/gestpropiedad.com\/de\/inmueble\/alquiler\/piso\/illes-balears\/palma\/16am002\/#primaryimage\"},\"datePublished\":\"2026-04-24T12:19:16+00:00\",\"dateModified\":\"2026-04-24T12:19:16+00:00\",\"breadcrumb\":{\"@id\":\"https:\/\/gestpropiedad.com\/de\/inmueble\/alquiler\/piso\/illes-balears\/palma\/16am002\/#breadcrumb\"},\"inLanguage\":\"de\",\"potentialAction\":[{\"@type\":\"ReadAction\",\"target\":[\"https:\/\/gestpropiedad.com\/de\/inmueble\/alquiler\/piso\/illes-balears\/palma\/16am002\/\"]}]},{\"@type\":\"BreadcrumbList\",\"@id\":\"https:\/\/gestpropiedad.com\/de\/inmueble\/alquiler\/piso\/illes-balears\/palma\/16am002\/#breadcrumb\",\"itemListElement\":[{\"@type\":\"ListItem\",\"position\":1,\"name\":\"Portada\",\"item\":\"https:\/\/gestpropiedad.com\/\"},{\"@type\":\"ListItem\",\"position\":2,\"name\":\"Eigenschaften\",\"item\":\"https:\/\/gestpropiedad.com\/de\/inmueble\/\"},{\"@type\":\"ListItem\",\"position\":3,\"name\":\"Kurzzeitmiete am Paseo Mar\u00edtimo\"}]}]}<\/script>\n<!-- \/ Yoast SEO plugin. -->","yoast_head_json":{"title":"Kurzzeitmiete am Paseo Mar\u00edtimo - Gestpropiedad","robots":{"index":"index","follow":"follow","max-snippet":"max-snippet:-1","max-image-preview":"max-image-preview:large","max-video-preview":"max-video-preview:-1"},"canonical":"https:\/\/gestpropiedad.com\/de\/inmueble\/alquiler\/piso\/illes-balears\/palma\/16am002\/","og_locale":"de_DE","og_type":"article","og_title":"Kurzzeitmiete am Paseo Mar\u00edtimo - Gestpropiedad","og_description":"Gelegen in der prestigetr\u00e4chtigen Avinguda Joan Mir\u00f3, in einer der begehrtesten Wohnlagen von Palma de Mallorca, bietet diese au\u00dfergew\u00f6hnliche Immobilie einen anspruchsvollen mediterranen Lebensstil mit unverbautem, spektakul\u00e4rem Blick auf das Meer und das Mittelmeer.~~Die Wohnung wurde k\u00fcrzlich vollst\u00e4ndig und hochwertig renoviert","og_url":"https:\/\/gestpropiedad.com\/de\/inmueble\/alquiler\/piso\/illes-balears\/palma\/16am002\/","og_site_name":"Gestpropiedad","og_image":[{"width":850,"height":426,"url":"https:\/\/fotos15.apinmo.com\/10961\/28776409\/2-1.jpg","type":"image\/jpeg"}],"twitter_card":"summary_large_image","twitter_misc":{"Gesch\u00e4tzte Lesezeit":"2\u00a0Minuten"},"schema":{"@context":"https:\/\/schema.org","@graph":[{"@type":"Organization","@id":"https:\/\/gestpropiedad.com\/#organization","name":"Gestpropiedad","url":"https:\/\/gestpropiedad.com\/","sameAs":[],"logo":{"@type":"ImageObject","@id":"https:\/\/gestpropiedad.com\/#logo","inLanguage":"de","url":"https:\/\/gestpropiedad.com\/wp-content\/uploads\/2021\/11\/logogp-b.svg","contentUrl":"https:\/\/gestpropiedad.com\/wp-content\/uploads\/2021\/11\/logogp-b.svg","width":115,"height":60,"caption":"Gestpropiedad"},"image":{"@id":"https:\/\/gestpropiedad.com\/#logo"}},{"@type":"WebSite","@id":"https:\/\/gestpropiedad.com\/#website","url":"https:\/\/gestpropiedad.com\/","name":"Gestpropiedad","description":"Inmobiliaria especializada en Mallorca. Islas Baleares","publisher":{"@id":"https:\/\/gestpropiedad.com\/#organization"},"potentialAction":[{"@type":"SearchAction","target":{"@type":"EntryPoint","urlTemplate":"https:\/\/gestpropiedad.com\/?s={search_term_string}"},"query-input":"required name=search_term_string"}],"inLanguage":"de"},{"@type":"ImageObject","@id":"https:\/\/gestpropiedad.com\/de\/inmueble\/alquiler\/piso\/illes-balears\/palma\/16am002\/#primaryimage","inLanguage":"de","url":"https:\/\/fotos15.apinmo.com\/10961\/28776409\/2-1.jpg","contentUrl":"https:\/\/fotos15.apinmo.com\/10961\/28776409\/2-1.jpg","width":850,"height":426,"caption":"Alquiler temporal en paseo maritimo - imagenInmueble0"},{"@type":["WebPage","RealEstateListing"],"@id":"https:\/\/gestpropiedad.com\/de\/inmueble\/alquiler\/piso\/illes-balears\/palma\/16am002\/#webpage","url":"https:\/\/gestpropiedad.com\/de\/inmueble\/alquiler\/piso\/illes-balears\/palma\/16am002\/","name":"Kurzzeitmiete am Paseo Mar\u00edtimo - Gestpropiedad","isPartOf":{"@id":"https:\/\/gestpropiedad.com\/#website"},"primaryImageOfPage":{"@id":"https:\/\/gestpropiedad.com\/de\/inmueble\/alquiler\/piso\/illes-balears\/palma\/16am002\/#primaryimage"},"datePublished":"2026-04-24T12:19:16+00:00","dateModified":"2026-04-24T12:19:16+00:00","breadcrumb":{"@id":"https:\/\/gestpropiedad.com\/de\/inmueble\/alquiler\/piso\/illes-balears\/palma\/16am002\/#breadcrumb"},"inLanguage":"de","potentialAction":[{"@type":"ReadAction","target":["https:\/\/gestpropiedad.com\/de\/inmueble\/alquiler\/piso\/illes-balears\/palma\/16am002\/"]}]},{"@type":"BreadcrumbList","@id":"https:\/\/gestpropiedad.com\/de\/inmueble\/alquiler\/piso\/illes-balears\/palma\/16am002\/#breadcrumb","itemListElement":[{"@type":"ListItem","position":1,"name":"Portada","item":"https:\/\/gestpropiedad.com\/"},{"@type":"ListItem","position":2,"name":"Eigenschaften","item":"https:\/\/gestpropiedad.com\/de\/inmueble\/"},{"@type":"ListItem","position":3,"name":"Kurzzeitmiete am Paseo Mar\u00edtimo"}]}]}},"_links":{"self":[{"href":"https:\/\/gestpropiedad.com\/de\/wp-json\/wp\/v2\/properties\/28393154"}],"collection":[{"href":"https:\/\/gestpropiedad.com\/de\/wp-json\/wp\/v2\/properties"}],"about":[{"href":"https:\/\/gestpropiedad.com\/de\/wp-json\/wp\/v2\/types\/property"}],"author":[{"embeddable":true,"href":"https:\/\/gestpropiedad.com\/de\/wp-json\/wp\/v2\/users\/4"}],"version-history":[{"count":0,"href":"https:\/\/gestpropiedad.com\/de\/wp-json\/wp\/v2\/properties\/28393154\/revisions"}],"wp:featuredmedia":[{"embeddable":true,"href":"https:\/\/gestpropiedad.com\/de\/wp-json\/wp\/v2\/media\/28393155"}],"wp:attachment":[{"href":"https:\/\/gestpropiedad.com\/de\/wp-json\/wp\/v2\/media?parent=28393154"}],"wp:term":[{"taxonomy":"property_type","embeddable":true,"href":"https:\/\/gestpropiedad.com\/de\/wp-json\/wp\/v2\/property_type?post=28393154"},{"taxonomy":"property_status","embeddable":true,"href":"https:\/\/gestpropiedad.com\/de\/wp-json\/wp\/v2\/property_status?post=28393154"},{"taxonomy":"property_feature","embeddable":true,"href":"https:\/\/gestpropiedad.com\/de\/wp-json\/wp\/v2\/property_feature?post=28393154"},{"taxonomy":"property_label","embeddable":true,"href":"https:\/\/gestpropiedad.com\/de\/wp-json\/wp\/v2\/property_label?post=28393154"},{"taxonomy":"property_state","embeddable":true,"href":"https:\/\/gestpropiedad.com\/de\/wp-json\/wp\/v2\/property_state?post=28393154"},{"taxonomy":"property_city","embeddable":true,"href":"https:\/\/gestpropiedad.com\/de\/wp-json\/wp\/v2\/property_city?post=28393154"},{"taxonomy":"property_area","embeddable":true,"href":"https:\/\/gestpropiedad.com\/de\/wp-json\/wp\/v2\/property_area?post=28393154"}],"curies":[{"name":"wp","href":"https:\/\/api.w.org\/{rel}","templated":true}]}}