

{"id":28393043,"date":"2026-04-24T16:01:22","date_gmt":"2026-04-24T16:01:22","guid":{"rendered":"https:\/\/www.gestpropiedad.com\/inmueble\/venta\/finca\/illes-balears\/llucmajor\/13dfar041\/"},"modified":"2026-04-24T16:01:22","modified_gmt":"2026-04-24T16:01:22","slug":"rustikales-landgut-in-llucmajor-13dfar041","status":"publish","type":"property","link":"https:\/\/gestpropiedad.com\/de\/inmueble\/venta\/finca\/illes-balears\/llucmajor\/13dfar041\/","title":{"rendered":"Rustikales Landgut in Llucmajor"},"content":{"rendered":"<p>Wir pr\u00e4sentieren Ihnen exklusiv dieses rustikale Grundst\u00fcck mit 6.089 m\u00b2, gelegen zwischen der Stra\u00dfe von Llucmajor und Campos, in einer strategischen Lage, die Ruhe und hervorragende Anbindung kombiniert.<\/p>\n<p>Das Anwesen verf\u00fcgt \u00fcber ein registriertes Haus mit 82 m\u00b2, aufgeteilt in drei Schlafzimmer, ein Badezimmer, ein Wohn-Esszimmer und eine offene amerikanische K\u00fcche. Das Haus befindet sich im Originalzustand und bietet eine hervorragende Gelegenheit zur Renovierung und individuellen Gestaltung nach Ihren Bed\u00fcrfnissen.<\/p>\n<p>Die Immobilie verf\u00fcgt NICHT \u00fcber eine Wohnbarkeitsbescheinigung, jedoch \u00fcber Stromversorgung mittels Solarpanels sowie Wasserversorgung \u00fcber eine Zisterne, was Funktionalit\u00e4t und Effizienz gew\u00e4hrleistet.<\/p>\n<p>Im Au\u00dfenbereich bietet das teilweise eingez\u00e4unte Grundst\u00fcck vielf\u00e4ltige M\u00f6glichkeiten \u2013 ideal, um die Natur zu genie\u00dfen, Gartenbereiche zu gestalten oder einen individuell angepassten Raum in absoluter Ruhe zu schaffen.<\/p>\n<p>Nur wenige Minuten von allen wichtigen Dienstleistungen entfernt, stellt dieses Anwesen sowohl eine perfekte Option als Hauptwohnsitz als auch ein Projekt mit gro\u00dfem Potenzial in einer gut angebundenen Gegend dar.<\/p>\n<p>Verpassen Sie diese Gelegenheit nicht! Kontaktieren Sie uns f\u00fcr weitere Informationen oder zur Vereinbarung eines Besichtigungstermins.<\/p>\n","protected":false},"excerpt":{"rendered":"<p>Wir pr\u00e4sentieren Ihnen exklusiv dieses rustikale Grundst\u00fcck mit 6.089 m\u00b2, gelegen zwischen der Stra\u00dfe von Llucmajor und Campos, in einer strategischen Lage, die Ruhe und hervorragende Anbindung kombiniert.~~Das Anwesen verf\u00fcgt \u00fcber ein registriertes Haus mit 82 m\u00b2, aufgeteilt in drei Schlafzimmer, ein Badezimmer, ein Wohn-Esszimmer <\/p>\n","protected":false},"author":4,"featured_media":28393044,"parent":0,"menu_order":0,"template":"","property_type":[1908],"property_status":[438],"property_feature":[1198,1905,1204,1912,1904,1913,1717],"property_label":[],"property_state":[901],"property_city":[913],"property_area":[969],"acf":[],"property_meta":{"fave_agent":["23370921"],"fave_agents":["23370921"],"fave_agent_display_option":["agent_info"],"fave_agency":["22850346"],"property_agent":["23370921"],"custom_permalink":["inmueble\/venta\/finca\/illes-balears\/llucmajor\/13dfar041\/"],"_thumbnail_id":["28393044"],"post_id":["Array"],"original_author":["4"],"_edit_lock":["1604137107:1"],"_edit_last":["1"],"fave_property_map_street_view":["show"],"fave_payment_status":["not_paid"],"fave_single_top_area":["global"],"fave_single_content_area":["global"],"houzez_manual_expire":["0"],"fave_property_size_prefix":["m&sup2;"],"fave_property_map":["1"],"fave_additional_features_enable":["disable"],"fave_floor_plans_enable":["disable"],"fave_multiunit_plans_enable":["disable"],"fave_prop_homeslider":["no"],"fave_featured":["0"],"fave_property_address":["Llucmajor,Illes Balears"],"fave_property_zip":["07620"],"houzez_geolocation_lat":["39.487570445"],"houzez_geolocation_long":["2.87506705"],"fave_property_location":["39.487570445,2.87506705"],"fave_property_country":["ES"],"fave_property_map_address":["Llucmajor,Illes Balears,Spain"],"referencia":["13dfar041"],"fave_property_id":["13dfar041"],"fave_property_bedrooms":["3"],"fave_property_bathrooms":["1"],"fave_property_garage":["1"],"fave_property_land":["6089"],"ave_property_land_postfix":["m&sup2;"],"fave_property_size":["82"],"fave_property_year":["2008"],"fave_energy_global_index":["0 kWh\/m&sup2; \/1234.99 Kg CO2\/m&sup2;"],"fave_energy_class":["G"],"estate_attr_energy_class":["G"],"REAL_HOMES_property_emisiones":["1234.99"],"REAL_HOMES_property_consumo":["0"],"REAL_HOMES_property_letra":["G"],"estate_video":[""],"fave_virtual_tour":[""],"vendidoInmueble":[""],"fave_property_price":["210000"],"fave_property_price_postfix":[""],"fave_property_images":["28393044","28393045","28393046","28393047","28393048","28393049","28393050","28393051","28393052","28393053","28393054","28393055","28393056","28393057","28393058","28393059","28393060","28393061","28393062","28393063","28393064","28393065","28393066","28393067","28393068","28393069","28393070","28393071"],"houzez_total_property_views":["1"],"houzez_views_by_date":["a:1:{s:10:\"04-25-2026\";i:1;}"],"houzez_recently_viewed":["2026-04-25 07:13:32"]},"yoast_head":"<!-- This site is optimized with the Yoast SEO plugin v18.6 - https:\/\/yoast.com\/wordpress\/plugins\/seo\/ -->\n<title>Rustikales Landgut in Llucmajor - Gestpropiedad<\/title>\n<meta name=\"robots\" content=\"index, follow, max-snippet:-1, max-image-preview:large, max-video-preview:-1\" \/>\n<link rel=\"canonical\" href=\"https:\/\/gestpropiedad.com\/de\/inmueble\/venta\/finca\/illes-balears\/llucmajor\/13dfar041\/\" \/>\n<meta property=\"og:locale\" content=\"de_DE\" \/>\n<meta property=\"og:type\" content=\"article\" \/>\n<meta property=\"og:title\" content=\"Rustikales Landgut in Llucmajor - Gestpropiedad\" \/>\n<meta property=\"og:description\" content=\"Wir pr\u00e4sentieren Ihnen exklusiv dieses rustikale Grundst\u00fcck mit 6.089 m\u00b2, gelegen zwischen der Stra\u00dfe von Llucmajor und Campos, in einer strategischen Lage, die Ruhe und hervorragende Anbindung kombiniert.~~Das Anwesen verf\u00fcgt \u00fcber ein registriertes Haus mit 82 m\u00b2, aufgeteilt in drei Schlafzimmer, ein Badezimmer, ein Wohn-Esszimmer\" \/>\n<meta property=\"og:url\" content=\"https:\/\/gestpropiedad.com\/de\/inmueble\/venta\/finca\/illes-balears\/llucmajor\/13dfar041\/\" \/>\n<meta property=\"og:site_name\" content=\"Gestpropiedad\" \/>\n<meta property=\"og:image\" content=\"https:\/\/fotos15.apinmo.com\/3010\/28765160\/4-1.jpg\" \/>\n\t<meta property=\"og:image:width\" content=\"850\" \/>\n\t<meta property=\"og:image:height\" content=\"426\" \/>\n\t<meta property=\"og:image:type\" content=\"image\/jpeg\" \/>\n<meta name=\"twitter:card\" content=\"summary_large_image\" \/>\n<meta name=\"twitter:label1\" content=\"Gesch\u00e4tzte Lesezeit\" \/>\n\t<meta name=\"twitter:data1\" content=\"1\u00a0Minute\" \/>\n<script type=\"application\/ld+json\" class=\"yoast-schema-graph\">{\"@context\":\"https:\/\/schema.org\",\"@graph\":[{\"@type\":\"Organization\",\"@id\":\"https:\/\/gestpropiedad.com\/#organization\",\"name\":\"Gestpropiedad\",\"url\":\"https:\/\/gestpropiedad.com\/\",\"sameAs\":[],\"logo\":{\"@type\":\"ImageObject\",\"@id\":\"https:\/\/gestpropiedad.com\/#logo\",\"inLanguage\":\"de\",\"url\":\"https:\/\/gestpropiedad.com\/wp-content\/uploads\/2021\/11\/logogp-b.svg\",\"contentUrl\":\"https:\/\/gestpropiedad.com\/wp-content\/uploads\/2021\/11\/logogp-b.svg\",\"width\":115,\"height\":60,\"caption\":\"Gestpropiedad\"},\"image\":{\"@id\":\"https:\/\/gestpropiedad.com\/#logo\"}},{\"@type\":\"WebSite\",\"@id\":\"https:\/\/gestpropiedad.com\/#website\",\"url\":\"https:\/\/gestpropiedad.com\/\",\"name\":\"Gestpropiedad\",\"description\":\"Inmobiliaria especializada en Mallorca. Islas Baleares\",\"publisher\":{\"@id\":\"https:\/\/gestpropiedad.com\/#organization\"},\"potentialAction\":[{\"@type\":\"SearchAction\",\"target\":{\"@type\":\"EntryPoint\",\"urlTemplate\":\"https:\/\/gestpropiedad.com\/?s={search_term_string}\"},\"query-input\":\"required name=search_term_string\"}],\"inLanguage\":\"de\"},{\"@type\":\"ImageObject\",\"@id\":\"https:\/\/gestpropiedad.com\/de\/inmueble\/venta\/finca\/illes-balears\/llucmajor\/13dfar041\/#primaryimage\",\"inLanguage\":\"de\",\"url\":\"https:\/\/fotos15.apinmo.com\/3010\/28765160\/4-1.jpg\",\"contentUrl\":\"https:\/\/fotos15.apinmo.com\/3010\/28765160\/4-1.jpg\",\"width\":850,\"height\":426,\"caption\":\"Finca r\u00fastica en llucmajor - imagenInmueble0\"},{\"@type\":[\"WebPage\",\"RealEstateListing\"],\"@id\":\"https:\/\/gestpropiedad.com\/de\/inmueble\/venta\/finca\/illes-balears\/llucmajor\/13dfar041\/#webpage\",\"url\":\"https:\/\/gestpropiedad.com\/de\/inmueble\/venta\/finca\/illes-balears\/llucmajor\/13dfar041\/\",\"name\":\"Rustikales Landgut in Llucmajor - Gestpropiedad\",\"isPartOf\":{\"@id\":\"https:\/\/gestpropiedad.com\/#website\"},\"primaryImageOfPage\":{\"@id\":\"https:\/\/gestpropiedad.com\/de\/inmueble\/venta\/finca\/illes-balears\/llucmajor\/13dfar041\/#primaryimage\"},\"datePublished\":\"2026-04-24T16:01:22+00:00\",\"dateModified\":\"2026-04-24T16:01:22+00:00\",\"breadcrumb\":{\"@id\":\"https:\/\/gestpropiedad.com\/de\/inmueble\/venta\/finca\/illes-balears\/llucmajor\/13dfar041\/#breadcrumb\"},\"inLanguage\":\"de\",\"potentialAction\":[{\"@type\":\"ReadAction\",\"target\":[\"https:\/\/gestpropiedad.com\/de\/inmueble\/venta\/finca\/illes-balears\/llucmajor\/13dfar041\/\"]}]},{\"@type\":\"BreadcrumbList\",\"@id\":\"https:\/\/gestpropiedad.com\/de\/inmueble\/venta\/finca\/illes-balears\/llucmajor\/13dfar041\/#breadcrumb\",\"itemListElement\":[{\"@type\":\"ListItem\",\"position\":1,\"name\":\"Portada\",\"item\":\"https:\/\/gestpropiedad.com\/\"},{\"@type\":\"ListItem\",\"position\":2,\"name\":\"Eigenschaften\",\"item\":\"https:\/\/gestpropiedad.com\/de\/inmueble\/\"},{\"@type\":\"ListItem\",\"position\":3,\"name\":\"Rustikales Landgut in Llucmajor\"}]}]}<\/script>\n<!-- \/ Yoast SEO plugin. -->","yoast_head_json":{"title":"Rustikales Landgut in Llucmajor - Gestpropiedad","robots":{"index":"index","follow":"follow","max-snippet":"max-snippet:-1","max-image-preview":"max-image-preview:large","max-video-preview":"max-video-preview:-1"},"canonical":"https:\/\/gestpropiedad.com\/de\/inmueble\/venta\/finca\/illes-balears\/llucmajor\/13dfar041\/","og_locale":"de_DE","og_type":"article","og_title":"Rustikales Landgut in Llucmajor - Gestpropiedad","og_description":"Wir pr\u00e4sentieren Ihnen exklusiv dieses rustikale Grundst\u00fcck mit 6.089 m\u00b2, gelegen zwischen der Stra\u00dfe von Llucmajor und Campos, in einer strategischen Lage, die Ruhe und hervorragende Anbindung kombiniert.~~Das Anwesen verf\u00fcgt \u00fcber ein registriertes Haus mit 82 m\u00b2, aufgeteilt in drei Schlafzimmer, ein Badezimmer, ein Wohn-Esszimmer","og_url":"https:\/\/gestpropiedad.com\/de\/inmueble\/venta\/finca\/illes-balears\/llucmajor\/13dfar041\/","og_site_name":"Gestpropiedad","og_image":[{"width":850,"height":426,"url":"https:\/\/fotos15.apinmo.com\/3010\/28765160\/4-1.jpg","type":"image\/jpeg"}],"twitter_card":"summary_large_image","twitter_misc":{"Gesch\u00e4tzte Lesezeit":"1\u00a0Minute"},"schema":{"@context":"https:\/\/schema.org","@graph":[{"@type":"Organization","@id":"https:\/\/gestpropiedad.com\/#organization","name":"Gestpropiedad","url":"https:\/\/gestpropiedad.com\/","sameAs":[],"logo":{"@type":"ImageObject","@id":"https:\/\/gestpropiedad.com\/#logo","inLanguage":"de","url":"https:\/\/gestpropiedad.com\/wp-content\/uploads\/2021\/11\/logogp-b.svg","contentUrl":"https:\/\/gestpropiedad.com\/wp-content\/uploads\/2021\/11\/logogp-b.svg","width":115,"height":60,"caption":"Gestpropiedad"},"image":{"@id":"https:\/\/gestpropiedad.com\/#logo"}},{"@type":"WebSite","@id":"https:\/\/gestpropiedad.com\/#website","url":"https:\/\/gestpropiedad.com\/","name":"Gestpropiedad","description":"Inmobiliaria especializada en Mallorca. Islas Baleares","publisher":{"@id":"https:\/\/gestpropiedad.com\/#organization"},"potentialAction":[{"@type":"SearchAction","target":{"@type":"EntryPoint","urlTemplate":"https:\/\/gestpropiedad.com\/?s={search_term_string}"},"query-input":"required name=search_term_string"}],"inLanguage":"de"},{"@type":"ImageObject","@id":"https:\/\/gestpropiedad.com\/de\/inmueble\/venta\/finca\/illes-balears\/llucmajor\/13dfar041\/#primaryimage","inLanguage":"de","url":"https:\/\/fotos15.apinmo.com\/3010\/28765160\/4-1.jpg","contentUrl":"https:\/\/fotos15.apinmo.com\/3010\/28765160\/4-1.jpg","width":850,"height":426,"caption":"Finca r\u00fastica en llucmajor - imagenInmueble0"},{"@type":["WebPage","RealEstateListing"],"@id":"https:\/\/gestpropiedad.com\/de\/inmueble\/venta\/finca\/illes-balears\/llucmajor\/13dfar041\/#webpage","url":"https:\/\/gestpropiedad.com\/de\/inmueble\/venta\/finca\/illes-balears\/llucmajor\/13dfar041\/","name":"Rustikales Landgut in Llucmajor - Gestpropiedad","isPartOf":{"@id":"https:\/\/gestpropiedad.com\/#website"},"primaryImageOfPage":{"@id":"https:\/\/gestpropiedad.com\/de\/inmueble\/venta\/finca\/illes-balears\/llucmajor\/13dfar041\/#primaryimage"},"datePublished":"2026-04-24T16:01:22+00:00","dateModified":"2026-04-24T16:01:22+00:00","breadcrumb":{"@id":"https:\/\/gestpropiedad.com\/de\/inmueble\/venta\/finca\/illes-balears\/llucmajor\/13dfar041\/#breadcrumb"},"inLanguage":"de","potentialAction":[{"@type":"ReadAction","target":["https:\/\/gestpropiedad.com\/de\/inmueble\/venta\/finca\/illes-balears\/llucmajor\/13dfar041\/"]}]},{"@type":"BreadcrumbList","@id":"https:\/\/gestpropiedad.com\/de\/inmueble\/venta\/finca\/illes-balears\/llucmajor\/13dfar041\/#breadcrumb","itemListElement":[{"@type":"ListItem","position":1,"name":"Portada","item":"https:\/\/gestpropiedad.com\/"},{"@type":"ListItem","position":2,"name":"Eigenschaften","item":"https:\/\/gestpropiedad.com\/de\/inmueble\/"},{"@type":"ListItem","position":3,"name":"Rustikales Landgut in Llucmajor"}]}]}},"_links":{"self":[{"href":"https:\/\/gestpropiedad.com\/de\/wp-json\/wp\/v2\/properties\/28393043"}],"collection":[{"href":"https:\/\/gestpropiedad.com\/de\/wp-json\/wp\/v2\/properties"}],"about":[{"href":"https:\/\/gestpropiedad.com\/de\/wp-json\/wp\/v2\/types\/property"}],"author":[{"embeddable":true,"href":"https:\/\/gestpropiedad.com\/de\/wp-json\/wp\/v2\/users\/4"}],"version-history":[{"count":0,"href":"https:\/\/gestpropiedad.com\/de\/wp-json\/wp\/v2\/properties\/28393043\/revisions"}],"wp:featuredmedia":[{"embeddable":true,"href":"https:\/\/gestpropiedad.com\/de\/wp-json\/wp\/v2\/media\/28393044"}],"wp:attachment":[{"href":"https:\/\/gestpropiedad.com\/de\/wp-json\/wp\/v2\/media?parent=28393043"}],"wp:term":[{"taxonomy":"property_type","embeddable":true,"href":"https:\/\/gestpropiedad.com\/de\/wp-json\/wp\/v2\/property_type?post=28393043"},{"taxonomy":"property_status","embeddable":true,"href":"https:\/\/gestpropiedad.com\/de\/wp-json\/wp\/v2\/property_status?post=28393043"},{"taxonomy":"property_feature","embeddable":true,"href":"https:\/\/gestpropiedad.com\/de\/wp-json\/wp\/v2\/property_feature?post=28393043"},{"taxonomy":"property_label","embeddable":true,"href":"https:\/\/gestpropiedad.com\/de\/wp-json\/wp\/v2\/property_label?post=28393043"},{"taxonomy":"property_state","embeddable":true,"href":"https:\/\/gestpropiedad.com\/de\/wp-json\/wp\/v2\/property_state?post=28393043"},{"taxonomy":"property_city","embeddable":true,"href":"https:\/\/gestpropiedad.com\/de\/wp-json\/wp\/v2\/property_city?post=28393043"},{"taxonomy":"property_area","embeddable":true,"href":"https:\/\/gestpropiedad.com\/de\/wp-json\/wp\/v2\/property_area?post=28393043"}],"curies":[{"name":"wp","href":"https:\/\/api.w.org\/{rel}","templated":true}]}}