

{"id":28384120,"date":"2025-10-17T17:16:56","date_gmt":"2025-10-17T17:16:56","guid":{"rendered":"https:\/\/www.gestpropiedad.com\/inmueble\/venta\/edificio\/illes-balears\/vilafranca-de-bonany\/08mrsn001\/"},"modified":"2025-10-17T17:16:56","modified_gmt":"2025-10-17T17:16:56","slug":"triplex-in-vilafranca-de-bonany-08mrsn001","status":"publish","type":"property","link":"https:\/\/gestpropiedad.com\/de\/inmueble\/venta\/edificio\/illes-balears\/vilafranca-de-bonany\/08mrsn001\/","title":{"rendered":"Triplex in Vilafranca de Bonany"},"content":{"rendered":"<p>Zwei Wohnungen werden zusammen verkauft. Diese Immobilie erstreckt sich \u00fcber drei Etagen und verf\u00fcgt \u00fcber zwei separate Eing\u00e4nge, sodass das Erdgeschoss als eigenst\u00e4ndige Wohnung genutzt oder \u00fcber eine Innent\u00fcr mit dem Rest des Hauses verbunden werden kann.<\/p>\n<p>Das Erdgeschoss wurde 2010 komplett renoviert und verf\u00fcgt \u00fcber einen gem\u00fctlichen Eingangsbereich, ein ger\u00e4umiges Wohnzimmer, ein separates Esszimmer, zwei Doppelzimmer mit Einbauschr\u00e4nken, zwei Badezimmer und eine ausgestattete K\u00fcche mit Zugang zu einem 37 m\u00b2 gro\u00dfen privaten Innenhof, der sich perfekt zum Genie\u00dfen im Freien eignet. Dar\u00fcber hinaus verf\u00fcgt es \u00fcber eine Speisekammer, eine Waschk\u00fcche und eine 20 m\u00b2 gro\u00dfe Garage. Zu den Extras geh\u00f6ren eine Klimaanlage und ein Brunnen (derzeit nicht in Betrieb).<\/p>\n<p>Im ersten Stock befinden sich drei Schlafzimmer (zwei Doppelzimmer und ein Einzelzimmer, alle mit Einbauschr\u00e4nken), ein Wohn-Esszimmer, eine ausgestattete K\u00fcche, ein komplettes Badezimmer und eine 37 m\u00b2 gro\u00dfe Terrasse mit einer Treppe, die zum Obergeschoss f\u00fchrt. Die Nord-S\u00fcd-Ausrichtung sorgt den ganzen Tag \u00fcber f\u00fcr nat\u00fcrliches Licht.<\/p>\n<p>Der zweite Stock ist ein offener und heller Raum mit einem gro\u00dfen Wohn-Esszimmer mit Kamin, einem Doppelzimmer und einem kompletten Badezimmer, ideal als Entspannungsbereich oder separate Wohnung.<\/p>\n<p>Dieses Haus verbindet den Komfort gro\u00dfz\u00fcgiger R\u00e4ume, die Modernit\u00e4t seiner umfassenden Renovierung und die Vielseitigkeit vielf\u00e4ltiger Nutzungsm\u00f6glichkeiten und ist damit eine einzigartige Gelegenheit im Herzen des Dorfes.<\/p>\n<p>WICHTIG: Die tats\u00e4chliche Wohnfl\u00e4che ist gr\u00f6\u00dfer als die derzeit eingetragene Fl\u00e4che. Die entsprechende Berichtigung im Kataster und Grundbuch wird derzeit vorgenommen, um die Quadratmeterzahl an die tats\u00e4chliche Gr\u00f6\u00dfe der Immobilie anzupassen.<\/p>\n<p>Eingetragene Immobilienmakler in ROAIIBE GOIBE65280\/2024<\/p>\n","protected":false},"excerpt":{"rendered":"<p>Zwei Wohnungen werden zusammen verkauft. Diese Immobilie erstreckt sich \u00fcber drei Etagen und verf\u00fcgt \u00fcber zwei separate Eing\u00e4nge, sodass das Erdgeschoss als eigenst\u00e4ndige Wohnung genutzt oder \u00fcber eine Innent\u00fcr mit dem Rest des Hauses verbunden werden kann.~~Das Erdgeschoss wurde 2010 komplett renoviert und verf\u00fcgt \u00fcber einen <\/p>\n","protected":false},"author":4,"featured_media":28384121,"parent":0,"menu_order":0,"template":"","property_type":[1899],"property_status":[438],"property_feature":[1198,1207,1905,1916,1912,1904,1902,1913,1911,1921,1201],"property_label":[],"property_state":[901],"property_city":[1175],"property_area":[1651],"acf":[],"property_meta":{"fave_agent":["10014873"],"fave_agents":["10014873"],"fave_agent_display_option":["agent_info"],"fave_agency":["13003314"],"property_agent":["10014873"],"custom_permalink":["inmueble\/venta\/edificio\/illes-balears\/vilafranca-de-bonany\/08mrsn001\/"],"_thumbnail_id":["28384121"],"post_id":["Array"],"original_author":["4"],"_edit_lock":["1604137107:1"],"_edit_last":["1"],"fave_property_map_street_view":["show"],"fave_payment_status":["not_paid"],"fave_single_top_area":["global"],"fave_single_content_area":["global"],"houzez_manual_expire":["0"],"fave_property_size_prefix":["m&sup2;"],"fave_property_map":["1"],"fave_additional_features_enable":["disable"],"fave_floor_plans_enable":["disable"],"fave_multiunit_plans_enable":["disable"],"fave_prop_homeslider":["no"],"fave_featured":["3"],"fave_property_address":["Vilafranca de Bonany,Illes Balears"],"fave_property_zip":["07250"],"houzez_geolocation_lat":["39.570436353"],"houzez_geolocation_long":["3.087482682"],"fave_property_location":["39.570436353,3.087482682"],"fave_property_country":["ES"],"fave_property_map_address":["Vilafranca de Bonany,Illes Balears,Spain"],"referencia":["08mrsn001"],"fave_property_id":["08mrsn001"],"fave_property_bedrooms":["6"],"fave_property_bathrooms":["4"],"fave_property_garage":["1"],"fave_property_land":["0"],"ave_property_land_postfix":["m&sup2;"],"fave_property_size":["336"],"fave_property_year":["1970"],"fave_energy_global_index":["0 kWh\/m&sup2; \/1234.99 Kg CO2\/m&sup2;"],"fave_energy_class":["N"],"estate_attr_energy_class":["N"],"REAL_HOMES_property_emisiones":["1234.99"],"REAL_HOMES_property_consumo":["0"],"REAL_HOMES_property_letra":["N"],"estate_video":[""],"fave_virtual_tour":["<iframe src=\"https:\/\/crm.inmovilla.com\/fotosvr\/tour.php?cod=26851291.10961\" width=\"820\" height=\"500\" frameborder=\"0\" style=\"border:0\"><\/iframe><div class=\"enlacetour\"><a class=\"enlacetour2\" title=\"Ver tour virtual\" href=\"https:\/\/crm.inmovilla.com\/fotosvr\/tour.php?cod=26851291.10961\" target=\"_blank\">FULL SCREEN<\/a><\/div>"],"vendidoInmueble":[""],"fave_property_price":["749000"],"fave_property_price_postfix":[""],"fave_property_images":["28384121","28384122","28384123","28384124","28384125","28384126","28384127","28384128","28384129","28384130","28384131","28384132","28384133","28384134","28384135","28384136","28384137","28384138","28384139","28384140","28384141","28384142","28384143","28384144","28384145","28384146","28384147","28384148","28384149","28384150","28384151","28384152","28384153","28384154","28384155","28384156","28384157","28384158","28384159","28384160","28384161","28384162"],"houzez_total_property_views":["1"],"houzez_views_by_date":["a:1:{s:10:\"04-25-2026\";i:1;}"],"houzez_recently_viewed":["2026-04-25 06:22:26"]},"yoast_head":"<!-- This site is optimized with the Yoast SEO plugin v18.6 - https:\/\/yoast.com\/wordpress\/plugins\/seo\/ -->\n<title>Triplex in Vilafranca de Bonany - Gestpropiedad<\/title>\n<meta name=\"robots\" content=\"index, follow, max-snippet:-1, max-image-preview:large, max-video-preview:-1\" \/>\n<link rel=\"canonical\" href=\"https:\/\/gestpropiedad.com\/de\/inmueble\/venta\/edificio\/illes-balears\/vilafranca-de-bonany\/08mrsn001\/\" \/>\n<meta property=\"og:locale\" content=\"de_DE\" \/>\n<meta property=\"og:type\" content=\"article\" \/>\n<meta property=\"og:title\" content=\"Triplex in Vilafranca de Bonany - Gestpropiedad\" \/>\n<meta property=\"og:description\" content=\"Zwei Wohnungen werden zusammen verkauft. Diese Immobilie erstreckt sich \u00fcber drei Etagen und verf\u00fcgt \u00fcber zwei separate Eing\u00e4nge, sodass das Erdgeschoss als eigenst\u00e4ndige Wohnung genutzt oder \u00fcber eine Innent\u00fcr mit dem Rest des Hauses verbunden werden kann.~~Das Erdgeschoss wurde 2010 komplett renoviert und verf\u00fcgt \u00fcber einen\" \/>\n<meta property=\"og:url\" content=\"https:\/\/gestpropiedad.com\/de\/inmueble\/venta\/edificio\/illes-balears\/vilafranca-de-bonany\/08mrsn001\/\" \/>\n<meta property=\"og:site_name\" content=\"Gestpropiedad\" \/>\n<meta property=\"og:image\" content=\"https:\/\/fotos15.apinmo.com\/10961\/26851291\/4-1.jpg\" \/>\n\t<meta property=\"og:image:width\" content=\"850\" \/>\n\t<meta property=\"og:image:height\" content=\"426\" \/>\n\t<meta property=\"og:image:type\" content=\"image\/jpeg\" \/>\n<meta name=\"twitter:card\" content=\"summary_large_image\" \/>\n<meta name=\"twitter:label1\" content=\"Gesch\u00e4tzte Lesezeit\" \/>\n\t<meta name=\"twitter:data1\" content=\"1\u00a0Minute\" \/>\n<script type=\"application\/ld+json\" class=\"yoast-schema-graph\">{\"@context\":\"https:\/\/schema.org\",\"@graph\":[{\"@type\":\"Organization\",\"@id\":\"https:\/\/gestpropiedad.com\/#organization\",\"name\":\"Gestpropiedad\",\"url\":\"https:\/\/gestpropiedad.com\/\",\"sameAs\":[],\"logo\":{\"@type\":\"ImageObject\",\"@id\":\"https:\/\/gestpropiedad.com\/#logo\",\"inLanguage\":\"de\",\"url\":\"https:\/\/gestpropiedad.com\/wp-content\/uploads\/2021\/11\/logogp-b.svg\",\"contentUrl\":\"https:\/\/gestpropiedad.com\/wp-content\/uploads\/2021\/11\/logogp-b.svg\",\"width\":115,\"height\":60,\"caption\":\"Gestpropiedad\"},\"image\":{\"@id\":\"https:\/\/gestpropiedad.com\/#logo\"}},{\"@type\":\"WebSite\",\"@id\":\"https:\/\/gestpropiedad.com\/#website\",\"url\":\"https:\/\/gestpropiedad.com\/\",\"name\":\"Gestpropiedad\",\"description\":\"Inmobiliaria especializada en Mallorca. Islas Baleares\",\"publisher\":{\"@id\":\"https:\/\/gestpropiedad.com\/#organization\"},\"potentialAction\":[{\"@type\":\"SearchAction\",\"target\":{\"@type\":\"EntryPoint\",\"urlTemplate\":\"https:\/\/gestpropiedad.com\/?s={search_term_string}\"},\"query-input\":\"required name=search_term_string\"}],\"inLanguage\":\"de\"},{\"@type\":\"ImageObject\",\"@id\":\"https:\/\/gestpropiedad.com\/de\/inmueble\/venta\/edificio\/illes-balears\/vilafranca-de-bonany\/08mrsn001\/#primaryimage\",\"inLanguage\":\"de\",\"url\":\"https:\/\/fotos15.apinmo.com\/10961\/26851291\/4-1.jpg\",\"contentUrl\":\"https:\/\/fotos15.apinmo.com\/10961\/26851291\/4-1.jpg\",\"width\":850,\"height\":426,\"caption\":\"Triplex en vilafranca de bonany - imagenInmueble0\"},{\"@type\":[\"WebPage\",\"RealEstateListing\"],\"@id\":\"https:\/\/gestpropiedad.com\/de\/inmueble\/venta\/edificio\/illes-balears\/vilafranca-de-bonany\/08mrsn001\/#webpage\",\"url\":\"https:\/\/gestpropiedad.com\/de\/inmueble\/venta\/edificio\/illes-balears\/vilafranca-de-bonany\/08mrsn001\/\",\"name\":\"Triplex in Vilafranca de Bonany - Gestpropiedad\",\"isPartOf\":{\"@id\":\"https:\/\/gestpropiedad.com\/#website\"},\"primaryImageOfPage\":{\"@id\":\"https:\/\/gestpropiedad.com\/de\/inmueble\/venta\/edificio\/illes-balears\/vilafranca-de-bonany\/08mrsn001\/#primaryimage\"},\"datePublished\":\"2025-10-17T17:16:56+00:00\",\"dateModified\":\"2025-10-17T17:16:56+00:00\",\"breadcrumb\":{\"@id\":\"https:\/\/gestpropiedad.com\/de\/inmueble\/venta\/edificio\/illes-balears\/vilafranca-de-bonany\/08mrsn001\/#breadcrumb\"},\"inLanguage\":\"de\",\"potentialAction\":[{\"@type\":\"ReadAction\",\"target\":[\"https:\/\/gestpropiedad.com\/de\/inmueble\/venta\/edificio\/illes-balears\/vilafranca-de-bonany\/08mrsn001\/\"]}]},{\"@type\":\"BreadcrumbList\",\"@id\":\"https:\/\/gestpropiedad.com\/de\/inmueble\/venta\/edificio\/illes-balears\/vilafranca-de-bonany\/08mrsn001\/#breadcrumb\",\"itemListElement\":[{\"@type\":\"ListItem\",\"position\":1,\"name\":\"Portada\",\"item\":\"https:\/\/gestpropiedad.com\/\"},{\"@type\":\"ListItem\",\"position\":2,\"name\":\"Eigenschaften\",\"item\":\"https:\/\/gestpropiedad.com\/de\/inmueble\/\"},{\"@type\":\"ListItem\",\"position\":3,\"name\":\"Triplex in Vilafranca de Bonany\"}]}]}<\/script>\n<!-- \/ Yoast SEO plugin. -->","yoast_head_json":{"title":"Triplex in Vilafranca de Bonany - Gestpropiedad","robots":{"index":"index","follow":"follow","max-snippet":"max-snippet:-1","max-image-preview":"max-image-preview:large","max-video-preview":"max-video-preview:-1"},"canonical":"https:\/\/gestpropiedad.com\/de\/inmueble\/venta\/edificio\/illes-balears\/vilafranca-de-bonany\/08mrsn001\/","og_locale":"de_DE","og_type":"article","og_title":"Triplex in Vilafranca de Bonany - Gestpropiedad","og_description":"Zwei Wohnungen werden zusammen verkauft. Diese Immobilie erstreckt sich \u00fcber drei Etagen und verf\u00fcgt \u00fcber zwei separate Eing\u00e4nge, sodass das Erdgeschoss als eigenst\u00e4ndige Wohnung genutzt oder \u00fcber eine Innent\u00fcr mit dem Rest des Hauses verbunden werden kann.~~Das Erdgeschoss wurde 2010 komplett renoviert und verf\u00fcgt \u00fcber einen","og_url":"https:\/\/gestpropiedad.com\/de\/inmueble\/venta\/edificio\/illes-balears\/vilafranca-de-bonany\/08mrsn001\/","og_site_name":"Gestpropiedad","og_image":[{"width":850,"height":426,"url":"https:\/\/fotos15.apinmo.com\/10961\/26851291\/4-1.jpg","type":"image\/jpeg"}],"twitter_card":"summary_large_image","twitter_misc":{"Gesch\u00e4tzte Lesezeit":"1\u00a0Minute"},"schema":{"@context":"https:\/\/schema.org","@graph":[{"@type":"Organization","@id":"https:\/\/gestpropiedad.com\/#organization","name":"Gestpropiedad","url":"https:\/\/gestpropiedad.com\/","sameAs":[],"logo":{"@type":"ImageObject","@id":"https:\/\/gestpropiedad.com\/#logo","inLanguage":"de","url":"https:\/\/gestpropiedad.com\/wp-content\/uploads\/2021\/11\/logogp-b.svg","contentUrl":"https:\/\/gestpropiedad.com\/wp-content\/uploads\/2021\/11\/logogp-b.svg","width":115,"height":60,"caption":"Gestpropiedad"},"image":{"@id":"https:\/\/gestpropiedad.com\/#logo"}},{"@type":"WebSite","@id":"https:\/\/gestpropiedad.com\/#website","url":"https:\/\/gestpropiedad.com\/","name":"Gestpropiedad","description":"Inmobiliaria especializada en Mallorca. Islas Baleares","publisher":{"@id":"https:\/\/gestpropiedad.com\/#organization"},"potentialAction":[{"@type":"SearchAction","target":{"@type":"EntryPoint","urlTemplate":"https:\/\/gestpropiedad.com\/?s={search_term_string}"},"query-input":"required name=search_term_string"}],"inLanguage":"de"},{"@type":"ImageObject","@id":"https:\/\/gestpropiedad.com\/de\/inmueble\/venta\/edificio\/illes-balears\/vilafranca-de-bonany\/08mrsn001\/#primaryimage","inLanguage":"de","url":"https:\/\/fotos15.apinmo.com\/10961\/26851291\/4-1.jpg","contentUrl":"https:\/\/fotos15.apinmo.com\/10961\/26851291\/4-1.jpg","width":850,"height":426,"caption":"Triplex en vilafranca de bonany - imagenInmueble0"},{"@type":["WebPage","RealEstateListing"],"@id":"https:\/\/gestpropiedad.com\/de\/inmueble\/venta\/edificio\/illes-balears\/vilafranca-de-bonany\/08mrsn001\/#webpage","url":"https:\/\/gestpropiedad.com\/de\/inmueble\/venta\/edificio\/illes-balears\/vilafranca-de-bonany\/08mrsn001\/","name":"Triplex in Vilafranca de Bonany - Gestpropiedad","isPartOf":{"@id":"https:\/\/gestpropiedad.com\/#website"},"primaryImageOfPage":{"@id":"https:\/\/gestpropiedad.com\/de\/inmueble\/venta\/edificio\/illes-balears\/vilafranca-de-bonany\/08mrsn001\/#primaryimage"},"datePublished":"2025-10-17T17:16:56+00:00","dateModified":"2025-10-17T17:16:56+00:00","breadcrumb":{"@id":"https:\/\/gestpropiedad.com\/de\/inmueble\/venta\/edificio\/illes-balears\/vilafranca-de-bonany\/08mrsn001\/#breadcrumb"},"inLanguage":"de","potentialAction":[{"@type":"ReadAction","target":["https:\/\/gestpropiedad.com\/de\/inmueble\/venta\/edificio\/illes-balears\/vilafranca-de-bonany\/08mrsn001\/"]}]},{"@type":"BreadcrumbList","@id":"https:\/\/gestpropiedad.com\/de\/inmueble\/venta\/edificio\/illes-balears\/vilafranca-de-bonany\/08mrsn001\/#breadcrumb","itemListElement":[{"@type":"ListItem","position":1,"name":"Portada","item":"https:\/\/gestpropiedad.com\/"},{"@type":"ListItem","position":2,"name":"Eigenschaften","item":"https:\/\/gestpropiedad.com\/de\/inmueble\/"},{"@type":"ListItem","position":3,"name":"Triplex in Vilafranca de Bonany"}]}]}},"_links":{"self":[{"href":"https:\/\/gestpropiedad.com\/de\/wp-json\/wp\/v2\/properties\/28384120"}],"collection":[{"href":"https:\/\/gestpropiedad.com\/de\/wp-json\/wp\/v2\/properties"}],"about":[{"href":"https:\/\/gestpropiedad.com\/de\/wp-json\/wp\/v2\/types\/property"}],"author":[{"embeddable":true,"href":"https:\/\/gestpropiedad.com\/de\/wp-json\/wp\/v2\/users\/4"}],"version-history":[{"count":0,"href":"https:\/\/gestpropiedad.com\/de\/wp-json\/wp\/v2\/properties\/28384120\/revisions"}],"wp:featuredmedia":[{"embeddable":true,"href":"https:\/\/gestpropiedad.com\/de\/wp-json\/wp\/v2\/media\/28384121"}],"wp:attachment":[{"href":"https:\/\/gestpropiedad.com\/de\/wp-json\/wp\/v2\/media?parent=28384120"}],"wp:term":[{"taxonomy":"property_type","embeddable":true,"href":"https:\/\/gestpropiedad.com\/de\/wp-json\/wp\/v2\/property_type?post=28384120"},{"taxonomy":"property_status","embeddable":true,"href":"https:\/\/gestpropiedad.com\/de\/wp-json\/wp\/v2\/property_status?post=28384120"},{"taxonomy":"property_feature","embeddable":true,"href":"https:\/\/gestpropiedad.com\/de\/wp-json\/wp\/v2\/property_feature?post=28384120"},{"taxonomy":"property_label","embeddable":true,"href":"https:\/\/gestpropiedad.com\/de\/wp-json\/wp\/v2\/property_label?post=28384120"},{"taxonomy":"property_state","embeddable":true,"href":"https:\/\/gestpropiedad.com\/de\/wp-json\/wp\/v2\/property_state?post=28384120"},{"taxonomy":"property_city","embeddable":true,"href":"https:\/\/gestpropiedad.com\/de\/wp-json\/wp\/v2\/property_city?post=28384120"},{"taxonomy":"property_area","embeddable":true,"href":"https:\/\/gestpropiedad.com\/de\/wp-json\/wp\/v2\/property_area?post=28384120"}],"curies":[{"name":"wp","href":"https:\/\/api.w.org\/{rel}","templated":true}]}}